{"id":18886,"date":"2021-07-01T16:00:23","date_gmt":"2021-07-01T14:00:23","guid":{"rendered":"https:\/\/www.pierregoursat.com\/temat\/temat-zycie-braterskie\/paroles-de-pierre\/"},"modified":"2022-10-13T15:27:40","modified_gmt":"2022-10-13T13:27:40","slug":"kilka-slow-piotra-o-zyciu-braterskim","status":"publish","type":"page","link":"https:\/\/www.pierregoursat.com\/pl\/temat\/temat-zycie-braterskie\/kilka-slow-piotra-o-zyciu-braterskim\/","title":{"rendered":"S\u0142owa Piotra"},"content":{"rendered":"\t\t<div data-elementor-type=\"wp-page\" data-elementor-id=\"18886\" class=\"elementor elementor-18886\" data-elementor-post-type=\"page\">\n\t\t\t\t\t\t<section class=\"elementor-section elementor-top-section elementor-element elementor-element-18aeb197 elementor-section-full_width elementor-hidden-tablet elementor-hidden-mobile elementor-section-height-default elementor-section-height-default\" data-id=\"18aeb197\" data-element_type=\"section\" data-e-type=\"section\">\n\t\t\t\t\t\t<div class=\"elementor-container elementor-column-gap-default\">\n\t\t\t\t\t<div class=\"elementor-column elementor-col-100 elementor-top-column elementor-element elementor-element-1dd23630 elementor-hidden-tablet elementor-hidden-mobile\" data-id=\"1dd23630\" data-element_type=\"column\" data-e-type=\"column\">\n\t\t\t<div class=\"elementor-widget-wrap elementor-element-populated\">\n\t\t\t\t\t\t<div class=\"elementor-element elementor-element-7f2806cb elementor-fixed elementor-widget elementor-widget-table-of-contents\" data-id=\"7f2806cb\" data-element_type=\"widget\" data-e-type=\"widget\" data-settings=\"{&quot;headings_by_tags&quot;:[&quot;h4&quot;],&quot;exclude_headings_by_selector&quot;:[],&quot;marker_view&quot;:&quot;bullets&quot;,&quot;icon&quot;:{&quot;value&quot;:&quot;&quot;,&quot;library&quot;:&quot;&quot;},&quot;_position&quot;:&quot;fixed&quot;,&quot;no_headings_message&quot;:&quot;No headings were found on this page.&quot;,&quot;min_height&quot;:{&quot;unit&quot;:&quot;px&quot;,&quot;size&quot;:&quot;&quot;,&quot;sizes&quot;:[]},&quot;min_height_tablet&quot;:{&quot;unit&quot;:&quot;px&quot;,&quot;size&quot;:&quot;&quot;,&quot;sizes&quot;:[]},&quot;min_height_mobile&quot;:{&quot;unit&quot;:&quot;px&quot;,&quot;size&quot;:&quot;&quot;,&quot;sizes&quot;:[]}}\" data-widget_type=\"table-of-contents.default\">\n\t\t\t\t<div class=\"elementor-widget-container\">\n\t\t\t\t\t\t\t\t\t<div id=\"elementor-toc__7f2806cb\" class=\"elementor-toc__body\">\n\t\t\t<div class=\"elementor-toc__spinner-container\">\n\t\t\t\t<i class=\"elementor-toc__spinner eicon-animation-spin eicon-loading\" aria-hidden=\"true\"><\/i>\t\t\t<\/div>\n\t\t<\/div>\n\t\t\t\t\t\t<\/div>\n\t\t\t\t<\/div>\n\t\t\t\t\t<\/div>\n\t\t<\/div>\n\t\t\t\t\t<\/div>\n\t\t<\/section>\n\t\t\t\t<section class=\"elementor-section elementor-top-section elementor-element elementor-element-6c36830c elementor-section-full_width elementor-section-stretched head-int elementor-section-height-default elementor-section-height-default\" data-id=\"6c36830c\" data-element_type=\"section\" data-e-type=\"section\" id=\"HEADER\" data-settings=\"{&quot;stretch_section&quot;:&quot;section-stretched&quot;}\">\n\t\t\t\t\t\t<div class=\"elementor-container elementor-column-gap-no\">\n\t\t\t\t\t<div class=\"elementor-column elementor-col-100 elementor-top-column elementor-element elementor-element-2681d244\" data-id=\"2681d244\" data-element_type=\"column\" data-e-type=\"column\">\n\t\t\t<div class=\"elementor-widget-wrap elementor-element-populated\">\n\t\t\t\t\t\t<section class=\"elementor-section elementor-inner-section elementor-element elementor-element-6b1fffd4 elementor-section-full_width elementor-section-height-min-height elementor-hidden-tablet elementor-hidden-mobile elementor-section-height-default\" data-id=\"6b1fffd4\" data-element_type=\"section\" data-e-type=\"section\" data-settings=\"{&quot;background_background&quot;:&quot;classic&quot;}\">\n\t\t\t\t\t\t<div class=\"elementor-container elementor-column-gap-narrow\">\n\t\t\t\t\t<div class=\"elementor-column elementor-col-100 elementor-inner-column elementor-element elementor-element-46eebc59\" data-id=\"46eebc59\" data-element_type=\"column\" data-e-type=\"column\">\n\t\t\t<div class=\"elementor-widget-wrap elementor-element-populated\">\n\t\t\t\t\t\t<div class=\"elementor-element elementor-element-197deb56 elementor-nav-menu__align-center elementor-nav-menu--dropdown-tablet elementor-nav-menu__text-align-aside elementor-nav-menu--toggle elementor-nav-menu--burger elementor-widget elementor-widget-nav-menu\" data-id=\"197deb56\" data-element_type=\"widget\" data-e-type=\"widget\" data-settings=\"{&quot;layout&quot;:&quot;horizontal&quot;,&quot;submenu_icon&quot;:{&quot;value&quot;:&quot;&lt;i class=\\&quot;fas fa-caret-down\\&quot; aria-hidden=\\&quot;true\\&quot;&gt;&lt;\\\/i&gt;&quot;,&quot;library&quot;:&quot;fa-solid&quot;},&quot;toggle&quot;:&quot;burger&quot;}\" data-widget_type=\"nav-menu.default\">\n\t\t\t\t<div class=\"elementor-widget-container\">\n\t\t\t\t\t\t\t\t<nav aria-label=\"Menu\" class=\"elementor-nav-menu--main elementor-nav-menu__container elementor-nav-menu--layout-horizontal e--pointer-none\">\n\t\t\t\t<ul id=\"menu-1-197deb56\" class=\"elementor-nav-menu\"><li class=\"menu-item menu-item-type-post_type menu-item-object-page menu-item-21836\"><a href=\"https:\/\/www.pierregoursat.com\/en\/about\/bio\/\" title=\"Biography of Pierre Goursat\" class=\"elementor-item\">Bio<\/a><\/li>\n<li class=\"menu-item menu-item-type-post_type menu-item-object-page menu-item-10130\"><a href=\"https:\/\/www.pierregoursat.com\/en\/about\/cause-for-canonisation\/\" class=\"elementor-item\">Cause<\/a><\/li>\n<li class=\"menu-item menu-item-type-post_type menu-item-object-page menu-item-12514\"><a href=\"https:\/\/www.pierregoursat.com\/en\/about\/chronology\/\" class=\"elementor-item\">Dates<\/a><\/li>\n<li class=\"menu-item menu-item-type-post_type menu-item-object-page menu-item-10131\"><a href=\"https:\/\/www.pierregoursat.com\/en\/about\/prayer\/\" title=\"Prayer for the beatification of Venerable Pierre Goursat\" class=\"elementor-item\">Prayer<\/a><\/li>\n<li class=\"menu-item menu-item-type-post_type menu-item-object-page menu-item-10129\"><a href=\"https:\/\/www.pierregoursat.com\/en\/about\/visite-en\/\" class=\"elementor-item\">visite<\/a><\/li>\n<li class=\"menu-item menu-item-type-custom menu-item-object-custom menu-item-14999\"><a target=\"_blank\" href=\"https:\/\/don.emmanuel.info\/pierreetsesfreres-eng\" class=\"elementor-item\">donate<\/a><\/li>\n<li class=\"menu-item menu-item-type-post_type menu-item-object-page menu-item-10132\"><a href=\"https:\/\/www.pierregoursat.com\/en\/contactus\/\" class=\"elementor-item\">Contact us<\/a><\/li>\n<li class=\"menu-item wpml-ls-slot-14 wpml-ls-item wpml-ls-item-pl wpml-ls-current-language wpml-ls-menu-item menu-item-type-wpml_ls_menu_item menu-item-object-wpml_ls_menu_item menu-item-has-children menu-item-wpml-ls-14-pl\"><a href=\"https:\/\/www.pierregoursat.com\/pl\/\" aria-current=\"page\" aria-expanded=\"false\" aria-controls=\"wpml-ls-submenu-wpml-ls-14-pl\" class=\"elementor-item\"><span class=\"wpml-ls-native\" lang=\"pl\">Polski<\/span><\/a>\n<ul class=\"sub-menu elementor-nav-menu--dropdown\">\n\t<li class=\"menu-item wpml-ls-slot-14 wpml-ls-item wpml-ls-item-fr wpml-ls-menu-item wpml-ls-first-item menu-item-type-wpml_ls_menu_item menu-item-object-wpml_ls_menu_item menu-item-wpml-ls-14-fr\"><a href=\"https:\/\/www.pierregoursat.com\/\" title=\"Prze\u0142\u0105cz na Fran\u00e7ais\" aria-label=\"Prze\u0142\u0105cz na Fran\u00e7ais\" class=\"elementor-sub-item\"><span class=\"wpml-ls-native\" lang=\"fr\">Fran\u00e7ais<\/span><\/a><\/li>\n\t<li class=\"menu-item wpml-ls-slot-14 wpml-ls-item wpml-ls-item-en wpml-ls-menu-item menu-item-type-wpml_ls_menu_item menu-item-object-wpml_ls_menu_item menu-item-wpml-ls-14-en\"><a href=\"https:\/\/www.pierregoursat.com\/en\/\" title=\"Prze\u0142\u0105cz na English\" aria-label=\"Prze\u0142\u0105cz na English\" class=\"elementor-sub-item\"><span class=\"wpml-ls-native\" lang=\"en\">English<\/span><\/a><\/li>\n\t<li class=\"menu-item wpml-ls-slot-14 wpml-ls-item wpml-ls-item-de wpml-ls-menu-item menu-item-type-wpml_ls_menu_item menu-item-object-wpml_ls_menu_item menu-item-wpml-ls-14-de\"><a href=\"https:\/\/www.pierregoursat.com\/de\/\" title=\"Prze\u0142\u0105cz na Deutsch\" aria-label=\"Prze\u0142\u0105cz na Deutsch\" class=\"elementor-sub-item\"><span class=\"wpml-ls-native\" lang=\"de\">Deutsch<\/span><\/a><\/li>\n\t<li class=\"menu-item wpml-ls-slot-14 wpml-ls-item wpml-ls-item-nl wpml-ls-menu-item menu-item-type-wpml_ls_menu_item menu-item-object-wpml_ls_menu_item menu-item-wpml-ls-14-nl\"><a href=\"https:\/\/www.pierregoursat.com\/nl\/\" title=\"Prze\u0142\u0105cz na Nederlands\" aria-label=\"Prze\u0142\u0105cz na Nederlands\" class=\"elementor-sub-item\"><span class=\"wpml-ls-native\" lang=\"nl\">Nederlands<\/span><\/a><\/li>\n\t<li class=\"menu-item wpml-ls-slot-14 wpml-ls-item wpml-ls-item-es wpml-ls-menu-item menu-item-type-wpml_ls_menu_item menu-item-object-wpml_ls_menu_item menu-item-wpml-ls-14-es\"><a href=\"https:\/\/www.pierregoursat.com\/es\/\" title=\"Prze\u0142\u0105cz na Espa\u00f1ol\" aria-label=\"Prze\u0142\u0105cz na Espa\u00f1ol\" class=\"elementor-sub-item\"><span class=\"wpml-ls-native\" lang=\"es\">Espa\u00f1ol<\/span><\/a><\/li>\n\t<li class=\"menu-item wpml-ls-slot-14 wpml-ls-item wpml-ls-item-it wpml-ls-menu-item wpml-ls-last-item menu-item-type-wpml_ls_menu_item menu-item-object-wpml_ls_menu_item menu-item-wpml-ls-14-it\"><a href=\"https:\/\/www.pierregoursat.com\/it\/\" title=\"Prze\u0142\u0105cz na Italiano\" aria-label=\"Prze\u0142\u0105cz na Italiano\" class=\"elementor-sub-item\"><span class=\"wpml-ls-native\" lang=\"it\">Italiano<\/span><\/a><\/li>\n<\/ul>\n<\/li>\n<\/ul>\t\t\t<\/nav>\n\t\t\t\t\t<div class=\"elementor-menu-toggle\" role=\"button\" tabindex=\"0\" aria-label=\"Menu Toggle\" aria-expanded=\"false\">\n\t\t\t<i aria-hidden=\"true\" role=\"presentation\" class=\"elementor-menu-toggle__icon--open eicon-menu-bar\"><\/i><i aria-hidden=\"true\" role=\"presentation\" class=\"elementor-menu-toggle__icon--close eicon-close\"><\/i>\t\t<\/div>\n\t\t\t\t\t<nav class=\"elementor-nav-menu--dropdown elementor-nav-menu__container\" aria-hidden=\"true\">\n\t\t\t\t<ul id=\"menu-2-197deb56\" class=\"elementor-nav-menu\"><li class=\"menu-item menu-item-type-post_type menu-item-object-page menu-item-21836\"><a href=\"https:\/\/www.pierregoursat.com\/en\/about\/bio\/\" title=\"Biography of Pierre Goursat\" class=\"elementor-item\" tabindex=\"-1\">Bio<\/a><\/li>\n<li class=\"menu-item menu-item-type-post_type menu-item-object-page menu-item-10130\"><a href=\"https:\/\/www.pierregoursat.com\/en\/about\/cause-for-canonisation\/\" class=\"elementor-item\" tabindex=\"-1\">Cause<\/a><\/li>\n<li class=\"menu-item menu-item-type-post_type menu-item-object-page menu-item-12514\"><a href=\"https:\/\/www.pierregoursat.com\/en\/about\/chronology\/\" class=\"elementor-item\" tabindex=\"-1\">Dates<\/a><\/li>\n<li class=\"menu-item menu-item-type-post_type menu-item-object-page menu-item-10131\"><a href=\"https:\/\/www.pierregoursat.com\/en\/about\/prayer\/\" title=\"Prayer for the beatification of Venerable Pierre Goursat\" class=\"elementor-item\" tabindex=\"-1\">Prayer<\/a><\/li>\n<li class=\"menu-item menu-item-type-post_type menu-item-object-page menu-item-10129\"><a href=\"https:\/\/www.pierregoursat.com\/en\/about\/visite-en\/\" class=\"elementor-item\" tabindex=\"-1\">visite<\/a><\/li>\n<li class=\"menu-item menu-item-type-custom menu-item-object-custom menu-item-14999\"><a target=\"_blank\" href=\"https:\/\/don.emmanuel.info\/pierreetsesfreres-eng\" class=\"elementor-item\" tabindex=\"-1\">donate<\/a><\/li>\n<li class=\"menu-item menu-item-type-post_type menu-item-object-page menu-item-10132\"><a href=\"https:\/\/www.pierregoursat.com\/en\/contactus\/\" class=\"elementor-item\" tabindex=\"-1\">Contact us<\/a><\/li>\n<li class=\"menu-item wpml-ls-slot-14 wpml-ls-item wpml-ls-item-pl wpml-ls-current-language wpml-ls-menu-item menu-item-type-wpml_ls_menu_item menu-item-object-wpml_ls_menu_item menu-item-has-children menu-item-wpml-ls-14-pl\"><a href=\"https:\/\/www.pierregoursat.com\/pl\/\" aria-current=\"page\" aria-expanded=\"false\" aria-controls=\"wpml-ls-submenu-wpml-ls-14-pl\" class=\"elementor-item\" tabindex=\"-1\"><span class=\"wpml-ls-native\" lang=\"pl\">Polski<\/span><\/a>\n<ul class=\"sub-menu elementor-nav-menu--dropdown\">\n\t<li class=\"menu-item wpml-ls-slot-14 wpml-ls-item wpml-ls-item-fr wpml-ls-menu-item wpml-ls-first-item menu-item-type-wpml_ls_menu_item menu-item-object-wpml_ls_menu_item menu-item-wpml-ls-14-fr\"><a href=\"https:\/\/www.pierregoursat.com\/\" title=\"Prze\u0142\u0105cz na Fran\u00e7ais\" aria-label=\"Prze\u0142\u0105cz na Fran\u00e7ais\" class=\"elementor-sub-item\" tabindex=\"-1\"><span class=\"wpml-ls-native\" lang=\"fr\">Fran\u00e7ais<\/span><\/a><\/li>\n\t<li class=\"menu-item wpml-ls-slot-14 wpml-ls-item wpml-ls-item-en wpml-ls-menu-item menu-item-type-wpml_ls_menu_item menu-item-object-wpml_ls_menu_item menu-item-wpml-ls-14-en\"><a href=\"https:\/\/www.pierregoursat.com\/en\/\" title=\"Prze\u0142\u0105cz na English\" aria-label=\"Prze\u0142\u0105cz na English\" class=\"elementor-sub-item\" tabindex=\"-1\"><span class=\"wpml-ls-native\" lang=\"en\">English<\/span><\/a><\/li>\n\t<li class=\"menu-item wpml-ls-slot-14 wpml-ls-item wpml-ls-item-de wpml-ls-menu-item menu-item-type-wpml_ls_menu_item menu-item-object-wpml_ls_menu_item menu-item-wpml-ls-14-de\"><a href=\"https:\/\/www.pierregoursat.com\/de\/\" title=\"Prze\u0142\u0105cz na Deutsch\" aria-label=\"Prze\u0142\u0105cz na Deutsch\" class=\"elementor-sub-item\" tabindex=\"-1\"><span class=\"wpml-ls-native\" lang=\"de\">Deutsch<\/span><\/a><\/li>\n\t<li class=\"menu-item wpml-ls-slot-14 wpml-ls-item wpml-ls-item-nl wpml-ls-menu-item menu-item-type-wpml_ls_menu_item menu-item-object-wpml_ls_menu_item menu-item-wpml-ls-14-nl\"><a href=\"https:\/\/www.pierregoursat.com\/nl\/\" title=\"Prze\u0142\u0105cz na Nederlands\" aria-label=\"Prze\u0142\u0105cz na Nederlands\" class=\"elementor-sub-item\" tabindex=\"-1\"><span class=\"wpml-ls-native\" lang=\"nl\">Nederlands<\/span><\/a><\/li>\n\t<li class=\"menu-item wpml-ls-slot-14 wpml-ls-item wpml-ls-item-es wpml-ls-menu-item menu-item-type-wpml_ls_menu_item menu-item-object-wpml_ls_menu_item menu-item-wpml-ls-14-es\"><a href=\"https:\/\/www.pierregoursat.com\/es\/\" title=\"Prze\u0142\u0105cz na Espa\u00f1ol\" aria-label=\"Prze\u0142\u0105cz na Espa\u00f1ol\" class=\"elementor-sub-item\" tabindex=\"-1\"><span class=\"wpml-ls-native\" lang=\"es\">Espa\u00f1ol<\/span><\/a><\/li>\n\t<li class=\"menu-item wpml-ls-slot-14 wpml-ls-item wpml-ls-item-it wpml-ls-menu-item wpml-ls-last-item menu-item-type-wpml_ls_menu_item menu-item-object-wpml_ls_menu_item menu-item-wpml-ls-14-it\"><a href=\"https:\/\/www.pierregoursat.com\/it\/\" title=\"Prze\u0142\u0105cz na Italiano\" aria-label=\"Prze\u0142\u0105cz na Italiano\" class=\"elementor-sub-item\" tabindex=\"-1\"><span class=\"wpml-ls-native\" lang=\"it\">Italiano<\/span><\/a><\/li>\n<\/ul>\n<\/li>\n<\/ul>\t\t\t<\/nav>\n\t\t\t\t\t\t<\/div>\n\t\t\t\t<\/div>\n\t\t\t\t\t<\/div>\n\t\t<\/div>\n\t\t\t\t\t<\/div>\n\t\t<\/section>\n\t\t\t\t<section class=\"elementor-section elementor-inner-section elementor-element elementor-element-7550e772 elementor-section-full_width elementor-section-height-default elementor-section-height-default\" data-id=\"7550e772\" data-element_type=\"section\" data-e-type=\"section\" data-settings=\"{&quot;background_background&quot;:&quot;classic&quot;}\">\n\t\t\t\t\t\t<div class=\"elementor-container elementor-column-gap-default\">\n\t\t\t\t\t<div class=\"elementor-column elementor-col-100 elementor-inner-column elementor-element elementor-element-399ecc23\" data-id=\"399ecc23\" data-element_type=\"column\" data-e-type=\"column\">\n\t\t\t<div class=\"elementor-widget-wrap elementor-element-populated\">\n\t\t\t\t\t\t<div class=\"elementor-element elementor-element-ceb83e9 elementor-widget elementor-widget-html\" data-id=\"ceb83e9\" data-element_type=\"widget\" data-e-type=\"widget\" data-widget_type=\"html.default\">\n\t\t\t\t<div class=\"elementor-widget-container\">\n\t\t\t\t\t<center><a href=\"https:\/\/www.pierregoursat.com\/pl\/\"><img decoding=\"async\" src=\"https:\/\/www.pierregoursat.com\/asset\/logos\/logo-POL-pierre-BLANC.png\" width=\"100%\" alt=\"Pierre Goursat i jego bracia i siostry\n\" ><\/a><\/center>\t\t\t\t<\/div>\n\t\t\t\t<\/div>\n\t\t\t\t\t<\/div>\n\t\t<\/div>\n\t\t\t\t\t<\/div>\n\t\t<\/section>\n\t\t\t\t<section class=\"elementor-section elementor-inner-section elementor-element elementor-element-3fb743f1 elementor-section-full_width elementor-hidden-desktop elementor-section-height-default elementor-section-height-default\" data-id=\"3fb743f1\" data-element_type=\"section\" data-e-type=\"section\" data-settings=\"{&quot;background_background&quot;:&quot;classic&quot;}\">\n\t\t\t\t\t\t<div class=\"elementor-container elementor-column-gap-default\">\n\t\t\t\t\t<div class=\"elementor-column elementor-col-100 elementor-inner-column elementor-element elementor-element-135b70cc\" data-id=\"135b70cc\" data-element_type=\"column\" data-e-type=\"column\">\n\t\t\t<div class=\"elementor-widget-wrap elementor-element-populated\">\n\t\t\t\t\t\t<div class=\"elementor-element elementor-element-469d6a05 elementor-nav-menu__align-justify nav-header-principale elementor-nav-menu--dropdown-tablet elementor-nav-menu__text-align-aside elementor-nav-menu--toggle elementor-nav-menu--burger elementor-widget elementor-widget-nav-menu\" data-id=\"469d6a05\" data-element_type=\"widget\" data-e-type=\"widget\" id=\"navheader\" data-settings=\"{&quot;layout&quot;:&quot;horizontal&quot;,&quot;submenu_icon&quot;:{&quot;value&quot;:&quot;&lt;i class=\\&quot;fas fa-caret-down\\&quot; aria-hidden=\\&quot;true\\&quot;&gt;&lt;\\\/i&gt;&quot;,&quot;library&quot;:&quot;fa-solid&quot;},&quot;toggle&quot;:&quot;burger&quot;}\" menu-principal=\"\" data-widget_type=\"nav-menu.default\">\n\t\t\t\t<div class=\"elementor-widget-container\">\n\t\t\t\t\t\t\t\t<nav aria-label=\"Menu\" class=\"elementor-nav-menu--main elementor-nav-menu__container elementor-nav-menu--layout-horizontal e--pointer-none\">\n\t\t\t\t<ul id=\"menu-1-469d6a05\" class=\"elementor-nav-menu\"><li class=\"menu-item menu-item-type-post_type menu-item-object-page menu-item-2865\"><a href=\"https:\/\/www.pierregoursat.com\/themes\/theme-humilite\/\" class=\"elementor-item\">Pokora<\/a><\/li>\n<li class=\"menu-item menu-item-type-post_type menu-item-object-page menu-item-2860\"><a href=\"https:\/\/www.pierregoursat.com\/themes\/theme-prier\/\" class=\"elementor-item\">\u017bycie w jedno\u015bci z Bogiem<\/a><\/li>\n<li class=\"menu-item menu-item-type-post_type menu-item-object-page menu-item-2861\"><a href=\"https:\/\/www.pierregoursat.com\/themes\/theme-amour-adoration\/\" class=\"elementor-item\">P\u0142on\u0105\u0107 mi\u0142o\u015bci\u0105<\/a><\/li>\n<li class=\"menu-item menu-item-type-post_type menu-item-object-page menu-item-2863\"><a href=\"https:\/\/www.pierregoursat.com\/themes\/theme-compassion\/\" class=\"elementor-item\">Wsp\u00f3\u0142odczuwanie<\/a><\/li>\n<li class=\"menu-item menu-item-type-post_type menu-item-object-page menu-item-2867\"><a href=\"https:\/\/www.pierregoursat.com\/themes\/theme-espritsaint\/\" class=\"elementor-item\">\u017bYCIE W DUCHU \u015aWI\u0118TYM<\/a><\/li>\n<li class=\"menu-item menu-item-type-post_type menu-item-object-page menu-item-2864\"><a href=\"https:\/\/www.pierregoursat.com\/themes\/theme-evangeliser\/\" class=\"elementor-item\">Ewangelizacja<\/a><\/li>\n<li class=\"menu-item menu-item-type-post_type menu-item-object-page menu-item-2866\"><a href=\"https:\/\/www.pierregoursat.com\/themes\/theme-vie-fraternelle\/\" class=\"elementor-item\">\u017bycie braterskie<\/a><\/li>\n<li class=\"menu-item menu-item-type-post_type menu-item-object-page menu-item-2862\"><a href=\"https:\/\/www.pierregoursat.com\/themes\/theme-coeur-jesus-marie\/\" title=\"Th\u00e8me C\u0153ur de J\u00e9sus et de Marie\" class=\"elementor-item\">Serce Jezusa i Maryi<\/a><\/li>\n<li class=\"menu-item menu-item-type-post_type menu-item-object-page menu-item-2857\"><a href=\"https:\/\/www.pierregoursat.com\/reperes\/cause-de-pierre-goursat\/\" title=\"Cause de Canonisation de Pierre Goursat\" class=\"elementor-item\">PROCES BEATYFIKACYJNY<\/a><\/li>\n<li class=\"menu-item menu-item-type-post_type menu-item-object-page menu-item-14071\"><a href=\"https:\/\/www.pierregoursat.com\/reperes\/biographie-pierre-goursat\/\" title=\"Chronologie de la Vie de Pierre Goursat et de la Communaut\u00e9 de l\u2019Emmanuel\" class=\"elementor-item\">\u017bYCIE PIOTRA GOURSAT<\/a><\/li>\n<li class=\"menu-item menu-item-type-post_type menu-item-object-page menu-item-14072\"><a href=\"https:\/\/www.pierregoursat.com\/reperes\/visite360\/\" class=\"elementor-item\">WIZYTA ON-LINE<\/a><\/li>\n<li class=\"menu-item menu-item-type-post_type menu-item-object-page menu-item-2858\"><a href=\"https:\/\/www.pierregoursat.com\/reperes\/priere\/\" title=\"Pri\u00e8re pour la B\u00e9atification du Serviteur de Dieu Pierre Goursat\" class=\"elementor-item\">MODLITWA<\/a><\/li>\n<li class=\"menu-item menu-item-type-custom menu-item-object-custom menu-item-14073\"><a target=\"_blank\" href=\"https:\/\/don.emmanuel.info\/pierreetsesfreres\" class=\"elementor-item\">Faire un don<\/a><\/li>\n<li class=\"menu-item menu-item-type-post_type menu-item-object-page menu-item-2856\"><a href=\"https:\/\/www.pierregoursat.com\/contact\/\" class=\"elementor-item\">kontakt<\/a><\/li>\n<li class=\"menu-item menu-item-type-custom menu-item-object-custom menu-item-17544\"><a href=\"https:\/\/www.pierregoursat.com\/\" class=\"elementor-item\">Fran\u00e7ais<\/a><\/li>\n<li class=\"menu-item menu-item-type-custom menu-item-object-custom menu-item-17541\"><a href=\"https:\/\/www.pierregoursat.com\/en\/\" class=\"elementor-item\">English<\/a><\/li>\n<li class=\"menu-item menu-item-type-custom menu-item-object-custom menu-item-17542\"><a href=\"https:\/\/www.pierregoursat.com\/de\/\" class=\"elementor-item\">DEUTSCH<\/a><\/li>\n<li class=\"menu-item menu-item-type-custom menu-item-object-custom menu-item-17543\"><a href=\"https:\/\/www.pierregoursat.com\/nl\/\" class=\"elementor-item\">NEDERLANDS<\/a><\/li>\n<li class=\"menu-item menu-item-type-custom menu-item-object-custom menu-item-17621\"><a href=\"https:\/\/www.pierregoursat.com\/es\/\" class=\"elementor-item\">ESPA\u00d1OL<\/a><\/li>\n<li class=\"menu-item menu-item-type-custom menu-item-object-custom menu-item-21421\"><a href=\"https:\/\/www.pierregoursat.com\/it\/\" class=\"elementor-item\">ITALIANO<\/a><\/li>\n<\/ul>\t\t\t<\/nav>\n\t\t\t\t\t<div class=\"elementor-menu-toggle\" role=\"button\" tabindex=\"0\" aria-label=\"Menu Toggle\" aria-expanded=\"false\">\n\t\t\t<i aria-hidden=\"true\" role=\"presentation\" class=\"elementor-menu-toggle__icon--open eicon-menu-bar\"><\/i><i aria-hidden=\"true\" role=\"presentation\" class=\"elementor-menu-toggle__icon--close eicon-close\"><\/i>\t\t<\/div>\n\t\t\t\t\t<nav class=\"elementor-nav-menu--dropdown elementor-nav-menu__container\" aria-hidden=\"true\">\n\t\t\t\t<ul id=\"menu-2-469d6a05\" class=\"elementor-nav-menu\"><li class=\"menu-item menu-item-type-post_type menu-item-object-page menu-item-2865\"><a href=\"https:\/\/www.pierregoursat.com\/themes\/theme-humilite\/\" class=\"elementor-item\" tabindex=\"-1\">Pokora<\/a><\/li>\n<li class=\"menu-item menu-item-type-post_type menu-item-object-page menu-item-2860\"><a href=\"https:\/\/www.pierregoursat.com\/themes\/theme-prier\/\" class=\"elementor-item\" tabindex=\"-1\">\u017bycie w jedno\u015bci z Bogiem<\/a><\/li>\n<li class=\"menu-item menu-item-type-post_type menu-item-object-page menu-item-2861\"><a href=\"https:\/\/www.pierregoursat.com\/themes\/theme-amour-adoration\/\" class=\"elementor-item\" tabindex=\"-1\">P\u0142on\u0105\u0107 mi\u0142o\u015bci\u0105<\/a><\/li>\n<li class=\"menu-item menu-item-type-post_type menu-item-object-page menu-item-2863\"><a href=\"https:\/\/www.pierregoursat.com\/themes\/theme-compassion\/\" class=\"elementor-item\" tabindex=\"-1\">Wsp\u00f3\u0142odczuwanie<\/a><\/li>\n<li class=\"menu-item menu-item-type-post_type menu-item-object-page menu-item-2867\"><a href=\"https:\/\/www.pierregoursat.com\/themes\/theme-espritsaint\/\" class=\"elementor-item\" tabindex=\"-1\">\u017bYCIE W DUCHU \u015aWI\u0118TYM<\/a><\/li>\n<li class=\"menu-item menu-item-type-post_type menu-item-object-page menu-item-2864\"><a href=\"https:\/\/www.pierregoursat.com\/themes\/theme-evangeliser\/\" class=\"elementor-item\" tabindex=\"-1\">Ewangelizacja<\/a><\/li>\n<li class=\"menu-item menu-item-type-post_type menu-item-object-page menu-item-2866\"><a href=\"https:\/\/www.pierregoursat.com\/themes\/theme-vie-fraternelle\/\" class=\"elementor-item\" tabindex=\"-1\">\u017bycie braterskie<\/a><\/li>\n<li class=\"menu-item menu-item-type-post_type menu-item-object-page menu-item-2862\"><a href=\"https:\/\/www.pierregoursat.com\/themes\/theme-coeur-jesus-marie\/\" title=\"Th\u00e8me C\u0153ur de J\u00e9sus et de Marie\" class=\"elementor-item\" tabindex=\"-1\">Serce Jezusa i Maryi<\/a><\/li>\n<li class=\"menu-item menu-item-type-post_type menu-item-object-page menu-item-2857\"><a href=\"https:\/\/www.pierregoursat.com\/reperes\/cause-de-pierre-goursat\/\" title=\"Cause de Canonisation de Pierre Goursat\" class=\"elementor-item\" tabindex=\"-1\">PROCES BEATYFIKACYJNY<\/a><\/li>\n<li class=\"menu-item menu-item-type-post_type menu-item-object-page menu-item-14071\"><a href=\"https:\/\/www.pierregoursat.com\/reperes\/biographie-pierre-goursat\/\" title=\"Chronologie de la Vie de Pierre Goursat et de la Communaut\u00e9 de l\u2019Emmanuel\" class=\"elementor-item\" tabindex=\"-1\">\u017bYCIE PIOTRA GOURSAT<\/a><\/li>\n<li class=\"menu-item menu-item-type-post_type menu-item-object-page menu-item-14072\"><a href=\"https:\/\/www.pierregoursat.com\/reperes\/visite360\/\" class=\"elementor-item\" tabindex=\"-1\">WIZYTA ON-LINE<\/a><\/li>\n<li class=\"menu-item menu-item-type-post_type menu-item-object-page menu-item-2858\"><a href=\"https:\/\/www.pierregoursat.com\/reperes\/priere\/\" title=\"Pri\u00e8re pour la B\u00e9atification du Serviteur de Dieu Pierre Goursat\" class=\"elementor-item\" tabindex=\"-1\">MODLITWA<\/a><\/li>\n<li class=\"menu-item menu-item-type-custom menu-item-object-custom menu-item-14073\"><a target=\"_blank\" href=\"https:\/\/don.emmanuel.info\/pierreetsesfreres\" class=\"elementor-item\" tabindex=\"-1\">Faire un don<\/a><\/li>\n<li class=\"menu-item menu-item-type-post_type menu-item-object-page menu-item-2856\"><a href=\"https:\/\/www.pierregoursat.com\/contact\/\" class=\"elementor-item\" tabindex=\"-1\">kontakt<\/a><\/li>\n<li class=\"menu-item menu-item-type-custom menu-item-object-custom menu-item-17544\"><a href=\"https:\/\/www.pierregoursat.com\/\" class=\"elementor-item\" tabindex=\"-1\">Fran\u00e7ais<\/a><\/li>\n<li class=\"menu-item menu-item-type-custom menu-item-object-custom menu-item-17541\"><a href=\"https:\/\/www.pierregoursat.com\/en\/\" class=\"elementor-item\" tabindex=\"-1\">English<\/a><\/li>\n<li class=\"menu-item menu-item-type-custom menu-item-object-custom menu-item-17542\"><a href=\"https:\/\/www.pierregoursat.com\/de\/\" class=\"elementor-item\" tabindex=\"-1\">DEUTSCH<\/a><\/li>\n<li class=\"menu-item menu-item-type-custom menu-item-object-custom menu-item-17543\"><a href=\"https:\/\/www.pierregoursat.com\/nl\/\" class=\"elementor-item\" tabindex=\"-1\">NEDERLANDS<\/a><\/li>\n<li class=\"menu-item menu-item-type-custom menu-item-object-custom menu-item-17621\"><a href=\"https:\/\/www.pierregoursat.com\/es\/\" class=\"elementor-item\" tabindex=\"-1\">ESPA\u00d1OL<\/a><\/li>\n<li class=\"menu-item menu-item-type-custom menu-item-object-custom menu-item-21421\"><a href=\"https:\/\/www.pierregoursat.com\/it\/\" class=\"elementor-item\" tabindex=\"-1\">ITALIANO<\/a><\/li>\n<\/ul>\t\t\t<\/nav>\n\t\t\t\t\t\t<\/div>\n\t\t\t\t<\/div>\n\t\t\t\t\t<\/div>\n\t\t<\/div>\n\t\t\t\t\t<\/div>\n\t\t<\/section>\n\t\t\t\t<section class=\"elementor-section elementor-inner-section elementor-element elementor-element-e426218 elementor-section-full_width elementor-hidden-tablet elementor-hidden-mobile elementor-section-height-default elementor-section-height-default\" data-id=\"e426218\" data-element_type=\"section\" data-e-type=\"section\" data-settings=\"{&quot;background_background&quot;:&quot;classic&quot;}\">\n\t\t\t\t\t\t<div class=\"elementor-container elementor-column-gap-default\">\n\t\t\t\t\t<div class=\"elementor-column elementor-col-100 elementor-inner-column elementor-element elementor-element-490ddc8d\" data-id=\"490ddc8d\" data-element_type=\"column\" data-e-type=\"column\">\n\t\t\t<div class=\"elementor-widget-wrap elementor-element-populated\">\n\t\t\t\t\t\t<div class=\"elementor-element elementor-element-1ae5d933 elementor-nav-menu__align-justify nav-header-principale elementor-nav-menu--dropdown-tablet elementor-nav-menu__text-align-aside elementor-nav-menu--toggle elementor-nav-menu--burger elementor-widget elementor-widget-nav-menu\" data-id=\"1ae5d933\" data-element_type=\"widget\" data-e-type=\"widget\" data-settings=\"{&quot;layout&quot;:&quot;horizontal&quot;,&quot;submenu_icon&quot;:{&quot;value&quot;:&quot;&lt;i class=\\&quot;fas fa-caret-down\\&quot; aria-hidden=\\&quot;true\\&quot;&gt;&lt;\\\/i&gt;&quot;,&quot;library&quot;:&quot;fa-solid&quot;},&quot;toggle&quot;:&quot;burger&quot;}\" menu-principal=\"\" data-widget_type=\"nav-menu.default\">\n\t\t\t\t<div class=\"elementor-widget-container\">\n\t\t\t\t\t\t\t\t<nav aria-label=\"Menu\" class=\"elementor-nav-menu--main elementor-nav-menu__container elementor-nav-menu--layout-horizontal e--pointer-none\">\n\t\t\t\t<ul id=\"menu-1-1ae5d933\" class=\"elementor-nav-menu\"><li class=\"menu-item menu-item-type-post_type menu-item-object-page menu-item-207\"><a href=\"https:\/\/www.pierregoursat.com\/themes\/theme-humilite\/\" title=\"Rechercher l\u2019Humilit\u00e9 et accepter notre pauvret\u00e9\" class=\"elementor-item\">Pokora<\/a><\/li>\n<li class=\"menu-item menu-item-type-post_type menu-item-object-page menu-item-205\"><a href=\"https:\/\/www.pierregoursat.com\/themes\/theme-espritsaint\/\" title=\"S\u2019ouvrir \u00e0 l\u2019Esprit Saint\" class=\"elementor-item\">\u017bYCIE W DUCHU \u015aWI\u0118TYM<\/a><\/li>\n<li class=\"menu-item menu-item-type-post_type menu-item-object-page menu-item-4027\"><a href=\"https:\/\/www.pierregoursat.com\/themes\/theme-compassion\/\" title=\"Exercer la compassion et l\u2019amour des pauvres\" class=\"elementor-item\">Wsp\u00f3\u0142odczuwanie<\/a><\/li>\n<li class=\"menu-item menu-item-type-post_type menu-item-object-page menu-item-4028\"><a href=\"https:\/\/www.pierregoursat.com\/themes\/theme-vie-fraternelle\/\" title=\"Vie fraternelle et communion\" class=\"elementor-item\">\u017bycie braterskie<\/a><\/li>\n<li class=\"menu-item menu-item-type-post_type menu-item-object-page menu-item-202\"><a href=\"https:\/\/www.pierregoursat.com\/themes\/theme-prier\/\" title=\"Prier pour vivre l\u2019union \u00e0 Dieu\" class=\"elementor-item\">\u017bycie w jedno\u015bci z Bogiem<\/a><\/li>\n<li class=\"menu-item menu-item-type-post_type menu-item-object-page menu-item-208\"><a href=\"https:\/\/www.pierregoursat.com\/themes\/theme-amour-adoration\/\" title=\"Adorer pour br\u00fbler d\u2019amour et d\u00e9sirer le salut des \u00e2mes\" class=\"elementor-item\">P\u0142on\u0105\u0107 mi\u0142o\u015bci\u0105<\/a><\/li>\n<li class=\"menu-item menu-item-type-post_type menu-item-object-page menu-item-206\"><a href=\"https:\/\/www.pierregoursat.com\/themes\/theme-evangeliser\/\" title=\"\u00c9vang\u00e9liser et servir l\u2019Eglise\" class=\"elementor-item\">Ewangelizacja<\/a><\/li>\n<li class=\"menu-item menu-item-type-post_type menu-item-object-page menu-item-4077\"><a href=\"https:\/\/www.pierregoursat.com\/themes\/theme-coeur-jesus-marie\/\" title=\"Se mettre \u00e0 l\u2019Ecole du c\u0153ur de J\u00e9sus et de Marie notre m\u00e8re\" class=\"elementor-item\">Serce Jezusa i Maryi<\/a><\/li>\n<\/ul>\t\t\t<\/nav>\n\t\t\t\t\t<div class=\"elementor-menu-toggle\" role=\"button\" tabindex=\"0\" aria-label=\"Menu Toggle\" aria-expanded=\"false\">\n\t\t\t<i aria-hidden=\"true\" role=\"presentation\" class=\"elementor-menu-toggle__icon--open eicon-menu-bar\"><\/i><i aria-hidden=\"true\" role=\"presentation\" class=\"elementor-menu-toggle__icon--close eicon-close\"><\/i>\t\t<\/div>\n\t\t\t\t\t<nav class=\"elementor-nav-menu--dropdown elementor-nav-menu__container\" aria-hidden=\"true\">\n\t\t\t\t<ul id=\"menu-2-1ae5d933\" class=\"elementor-nav-menu\"><li class=\"menu-item menu-item-type-post_type menu-item-object-page menu-item-207\"><a href=\"https:\/\/www.pierregoursat.com\/themes\/theme-humilite\/\" title=\"Rechercher l\u2019Humilit\u00e9 et accepter notre pauvret\u00e9\" class=\"elementor-item\" tabindex=\"-1\">Pokora<\/a><\/li>\n<li class=\"menu-item menu-item-type-post_type menu-item-object-page menu-item-205\"><a href=\"https:\/\/www.pierregoursat.com\/themes\/theme-espritsaint\/\" title=\"S\u2019ouvrir \u00e0 l\u2019Esprit Saint\" class=\"elementor-item\" tabindex=\"-1\">\u017bYCIE W DUCHU \u015aWI\u0118TYM<\/a><\/li>\n<li class=\"menu-item menu-item-type-post_type menu-item-object-page menu-item-4027\"><a href=\"https:\/\/www.pierregoursat.com\/themes\/theme-compassion\/\" title=\"Exercer la compassion et l\u2019amour des pauvres\" class=\"elementor-item\" tabindex=\"-1\">Wsp\u00f3\u0142odczuwanie<\/a><\/li>\n<li class=\"menu-item menu-item-type-post_type menu-item-object-page menu-item-4028\"><a href=\"https:\/\/www.pierregoursat.com\/themes\/theme-vie-fraternelle\/\" title=\"Vie fraternelle et communion\" class=\"elementor-item\" tabindex=\"-1\">\u017bycie braterskie<\/a><\/li>\n<li class=\"menu-item menu-item-type-post_type menu-item-object-page menu-item-202\"><a href=\"https:\/\/www.pierregoursat.com\/themes\/theme-prier\/\" title=\"Prier pour vivre l\u2019union \u00e0 Dieu\" class=\"elementor-item\" tabindex=\"-1\">\u017bycie w jedno\u015bci z Bogiem<\/a><\/li>\n<li class=\"menu-item menu-item-type-post_type menu-item-object-page menu-item-208\"><a href=\"https:\/\/www.pierregoursat.com\/themes\/theme-amour-adoration\/\" title=\"Adorer pour br\u00fbler d\u2019amour et d\u00e9sirer le salut des \u00e2mes\" class=\"elementor-item\" tabindex=\"-1\">P\u0142on\u0105\u0107 mi\u0142o\u015bci\u0105<\/a><\/li>\n<li class=\"menu-item menu-item-type-post_type menu-item-object-page menu-item-206\"><a href=\"https:\/\/www.pierregoursat.com\/themes\/theme-evangeliser\/\" title=\"\u00c9vang\u00e9liser et servir l\u2019Eglise\" class=\"elementor-item\" tabindex=\"-1\">Ewangelizacja<\/a><\/li>\n<li class=\"menu-item menu-item-type-post_type menu-item-object-page menu-item-4077\"><a href=\"https:\/\/www.pierregoursat.com\/themes\/theme-coeur-jesus-marie\/\" title=\"Se mettre \u00e0 l\u2019Ecole du c\u0153ur de J\u00e9sus et de Marie notre m\u00e8re\" class=\"elementor-item\" tabindex=\"-1\">Serce Jezusa i Maryi<\/a><\/li>\n<\/ul>\t\t\t<\/nav>\n\t\t\t\t\t\t<\/div>\n\t\t\t\t<\/div>\n\t\t\t\t\t<\/div>\n\t\t<\/div>\n\t\t\t\t\t<\/div>\n\t\t<\/section>\n\t\t\t\t\t<\/div>\n\t\t<\/div>\n\t\t\t\t\t<\/div>\n\t\t<\/section>\n\t\t\t\t<section class=\"elementor-section elementor-top-section elementor-element elementor-element-220806e7 elementor-section-boxed elementor-section-height-default elementor-section-height-default\" data-id=\"220806e7\" data-element_type=\"section\" data-e-type=\"section\">\n\t\t\t\t\t\t<div class=\"elementor-container elementor-column-gap-default\">\n\t\t\t\t\t<div class=\"elementor-column elementor-col-100 elementor-top-column elementor-element elementor-element-64dc8dcf\" data-id=\"64dc8dcf\" data-element_type=\"column\" data-e-type=\"column\">\n\t\t\t<div class=\"elementor-widget-wrap elementor-element-populated\">\n\t\t\t\t\t\t<div class=\"elementor-element elementor-element-3ee19fed retourtheme elementor-widget elementor-widget-heading\" data-id=\"3ee19fed\" data-element_type=\"widget\" data-e-type=\"widget\" data-widget_type=\"heading.default\">\n\t\t\t\t<div class=\"elementor-widget-container\">\n\t\t\t\t\t<p class=\"elementor-heading-title elementor-size-large\"><a href=\"https:\/\/www.pierregoursat.com\/pl\/temat\/temat-zycie-braterskie\/kilka-slow-piotra-o-zyciu-braterskim\/\">POWR\u00d3T<\/a><\/p>\t\t\t\t<\/div>\n\t\t\t\t<\/div>\n\t\t\t\t<div class=\"elementor-element elementor-element-7c5428b2 elementor-widget elementor-widget-heading\" data-id=\"7c5428b2\" data-element_type=\"widget\" data-e-type=\"widget\" data-widget_type=\"heading.default\">\n\t\t\t\t<div class=\"elementor-widget-container\">\n\t\t\t\t\t<h2 class=\"elementor-heading-title elementor-size-default\">Kilka s\u0142\u00f3w Piotra<br><strong style=\"color:#dda831\"> o \u017cyciu braterskim<\/strong><\/h2>\t\t\t\t<\/div>\n\t\t\t\t<\/div>\n\t\t\t\t\t<\/div>\n\t\t<\/div>\n\t\t\t\t\t<\/div>\n\t\t<\/section>\n\t\t\t\t<section class=\"elementor-section elementor-top-section elementor-element elementor-element-5a67b66 elementor-section-boxed elementor-section-height-default elementor-section-height-default\" data-id=\"5a67b66\" data-element_type=\"section\" data-e-type=\"section\">\n\t\t\t\t\t\t<div class=\"elementor-container elementor-column-gap-default\">\n\t\t\t\t\t<div class=\"elementor-column elementor-col-100 elementor-top-column elementor-element elementor-element-245e92ed\" data-id=\"245e92ed\" data-element_type=\"column\" data-e-type=\"column\">\n\t\t\t<div class=\"elementor-widget-wrap elementor-element-populated\">\n\t\t\t\t\t\t<div class=\"elementor-element elementor-element-5acaf194 elementor-nav-menu__align-justify elementor-nav-menu--dropdown-tablet elementor-nav-menu__text-align-aside elementor-nav-menu--toggle elementor-nav-menu--burger elementor-widget elementor-widget-nav-menu\" data-id=\"5acaf194\" data-element_type=\"widget\" data-e-type=\"widget\" data-settings=\"{&quot;layout&quot;:&quot;horizontal&quot;,&quot;submenu_icon&quot;:{&quot;value&quot;:&quot;&lt;i class=\\&quot;fas fa-caret-down\\&quot; aria-hidden=\\&quot;true\\&quot;&gt;&lt;\\\/i&gt;&quot;,&quot;library&quot;:&quot;fa-solid&quot;},&quot;toggle&quot;:&quot;burger&quot;}\" data-widget_type=\"nav-menu.default\">\n\t\t\t\t<div class=\"elementor-widget-container\">\n\t\t\t\t\t\t\t\t<nav aria-label=\"Menu\" class=\"elementor-nav-menu--main elementor-nav-menu__container elementor-nav-menu--layout-horizontal e--pointer-none\">\n\t\t\t\t<ul id=\"menu-1-5acaf194\" class=\"elementor-nav-menu\"><li class=\"menu-item menu-item-type-post_type menu-item-object-page menu-item-4899\"><a href=\"https:\/\/www.pierregoursat.com\/themes\/theme-vie-fraternelle\/paroles-de-pierre\/\" title=\"Paroles de Pierre sur la Vie Fraternelle\" class=\"elementor-item\">S\u0142owa Piotra<\/a><\/li>\n<li class=\"menu-item menu-item-type-post_type menu-item-object-page menu-item-4898\"><a href=\"https:\/\/www.pierregoursat.com\/themes\/theme-vie-fraternelle\/enseignements-pierre\/\" title=\"Enseignements de Pierre sur la Vie Fraternelle\" class=\"elementor-item\">Nauczanie Piotra<\/a><\/li>\n<li class=\"menu-item menu-item-type-post_type menu-item-object-page menu-item-4897\"><a href=\"https:\/\/www.pierregoursat.com\/themes\/theme-vie-fraternelle\/documents-complementaires\/\" title=\"Documents compl\u00e9mentaires sur la Vie Fraternelle\" class=\"elementor-item\">Nauczanie &#8211; Wsp\u00f3lnota<\/a><\/li>\n<\/ul>\t\t\t<\/nav>\n\t\t\t\t\t<div class=\"elementor-menu-toggle\" role=\"button\" tabindex=\"0\" aria-label=\"Menu Toggle\" aria-expanded=\"false\">\n\t\t\t<i aria-hidden=\"true\" role=\"presentation\" class=\"elementor-menu-toggle__icon--open eicon-menu-bar\"><\/i><i aria-hidden=\"true\" role=\"presentation\" class=\"elementor-menu-toggle__icon--close eicon-close\"><\/i>\t\t<\/div>\n\t\t\t\t\t<nav class=\"elementor-nav-menu--dropdown elementor-nav-menu__container\" aria-hidden=\"true\">\n\t\t\t\t<ul id=\"menu-2-5acaf194\" class=\"elementor-nav-menu\"><li class=\"menu-item menu-item-type-post_type menu-item-object-page menu-item-4899\"><a href=\"https:\/\/www.pierregoursat.com\/themes\/theme-vie-fraternelle\/paroles-de-pierre\/\" title=\"Paroles de Pierre sur la Vie Fraternelle\" class=\"elementor-item\" tabindex=\"-1\">S\u0142owa Piotra<\/a><\/li>\n<li class=\"menu-item menu-item-type-post_type menu-item-object-page menu-item-4898\"><a href=\"https:\/\/www.pierregoursat.com\/themes\/theme-vie-fraternelle\/enseignements-pierre\/\" title=\"Enseignements de Pierre sur la Vie Fraternelle\" class=\"elementor-item\" tabindex=\"-1\">Nauczanie Piotra<\/a><\/li>\n<li class=\"menu-item menu-item-type-post_type menu-item-object-page menu-item-4897\"><a href=\"https:\/\/www.pierregoursat.com\/themes\/theme-vie-fraternelle\/documents-complementaires\/\" title=\"Documents compl\u00e9mentaires sur la Vie Fraternelle\" class=\"elementor-item\" tabindex=\"-1\">Nauczanie &#8211; Wsp\u00f3lnota<\/a><\/li>\n<\/ul>\t\t\t<\/nav>\n\t\t\t\t\t\t<\/div>\n\t\t\t\t<\/div>\n\t\t\t\t\t<\/div>\n\t\t<\/div>\n\t\t\t\t\t<\/div>\n\t\t<\/section>\n\t\t\t\t<section class=\"elementor-section elementor-top-section elementor-element elementor-element-66f56311 elementor-section-boxed elementor-section-height-default elementor-section-height-default\" data-id=\"66f56311\" data-element_type=\"section\" data-e-type=\"section\">\n\t\t\t\t\t\t<div class=\"elementor-container elementor-column-gap-default\">\n\t\t\t\t\t<div class=\"elementor-column elementor-col-100 elementor-top-column elementor-element elementor-element-5e8bd1\" data-id=\"5e8bd1\" data-element_type=\"column\" data-e-type=\"column\">\n\t\t\t<div class=\"elementor-widget-wrap elementor-element-populated\">\n\t\t\t\t\t\t<div class=\"elementor-element elementor-element-25350395 citationserif elementor-widget elementor-widget-heading\" data-id=\"25350395\" data-element_type=\"widget\" data-e-type=\"widget\" data-settings=\"{&quot;_animation&quot;:&quot;none&quot;}\" data-widget_type=\"heading.default\">\n\t\t\t\t<div class=\"elementor-widget-container\">\n\t\t\t\t\t<h4 class=\"elementor-heading-title elementor-size-medium\">Duch \u015awi\u0119ty, Mi\u0142o\u015b\u0107 spoiwem Wsp\u00f3lnoty<\/h4>\t\t\t\t<\/div>\n\t\t\t\t<\/div>\n\t\t\t\t\t<\/div>\n\t\t<\/div>\n\t\t\t\t\t<\/div>\n\t\t<\/section>\n\t\t\t\t<section class=\"elementor-section elementor-top-section elementor-element elementor-element-249aab7b elementor-section-boxed elementor-section-height-default elementor-section-height-default\" data-id=\"249aab7b\" data-element_type=\"section\" data-e-type=\"section\">\n\t\t\t\t\t\t<div class=\"elementor-container elementor-column-gap-default\">\n\t\t\t\t\t<div class=\"elementor-column elementor-col-100 elementor-top-column elementor-element elementor-element-1dbd8c25\" data-id=\"1dbd8c25\" data-element_type=\"column\" data-e-type=\"column\">\n\t\t\t<div class=\"elementor-widget-wrap elementor-element-populated\">\n\t\t\t\t\t\t<div class=\"elementor-element elementor-element-4bcaff0b elementor-widget elementor-widget-text-editor\" data-id=\"4bcaff0b\" data-element_type=\"widget\" data-e-type=\"widget\" data-widget_type=\"text-editor.default\">\n\t\t\t\t<div class=\"elementor-widget-container\">\n\t\t\t\t\t\t\t\t\tKiedy si\u0119 razem modlimy\u2026 stopniowo grupa staje si\u0119 bardziej zjednoczona, g\u0142\u0119bsza. Wzrasta mi\u0119dzy nami mi\u0142o\u015b\u0107. To Duch \u015awi\u0119ty, zobaczycie, to Jego spos\u00f3b dzia\u0142ania.\t\t\t\t\t\t\t\t\t<\/div>\n\t\t\t\t<\/div>\n\t\t\t\t<div class=\"elementor-element elementor-element-243d13e0 sourcecitation elementor-widget elementor-widget-heading\" data-id=\"243d13e0\" data-element_type=\"widget\" data-e-type=\"widget\" data-widget_type=\"heading.default\">\n\t\t\t\t<div class=\"elementor-widget-container\">\n\t\t\t\t\t<p class=\"elementor-heading-title elementor-size-large\">Warsztaty \u00abOd grup modlitewnych do wsp\u00f3lnoty \u00bb, sesje letnie w Paray 06 VII 1979 r.<\/p>\t\t\t\t<\/div>\n\t\t\t\t<\/div>\n\t\t\t\t\t<\/div>\n\t\t<\/div>\n\t\t\t\t\t<\/div>\n\t\t<\/section>\n\t\t\t\t<section class=\"elementor-section elementor-top-section elementor-element elementor-element-4b33929 elementor-section-boxed elementor-section-height-default elementor-section-height-default\" data-id=\"4b33929\" data-element_type=\"section\" data-e-type=\"section\">\n\t\t\t\t\t\t<div class=\"elementor-container elementor-column-gap-default\">\n\t\t\t\t\t<div class=\"elementor-column elementor-col-100 elementor-top-column elementor-element elementor-element-33549b88\" data-id=\"33549b88\" data-element_type=\"column\" data-e-type=\"column\">\n\t\t\t<div class=\"elementor-widget-wrap elementor-element-populated\">\n\t\t\t\t\t\t<div class=\"elementor-element elementor-element-22623ddd elementor-widget elementor-widget-text-editor\" data-id=\"22623ddd\" data-element_type=\"widget\" data-e-type=\"widget\" data-widget_type=\"text-editor.default\">\n\t\t\t\t<div class=\"elementor-widget-container\">\n\t\t\t\t\t\t\t\t\t&#8220;To w\u0142a\u015bnie jest niesamowite &#8211; widzie\u0107, \u017ce Duch \u015awi\u0119ty nas jednoczy. Jeste\u015bmy jak snop [zbo\u017ca], kt\u00f3ry jest zwi\u0105zany, gdyby go rozwi\u0105za\u0107, rozsypa\u0142by si\u0119, ale dzi\u0119ki Duchowi \u015awi\u0119temu, trzyma si\u0119 razem.\nTak wi\u0119c, mamy swoje ma\u0142e grupy, kto\u015b ma du\u017cy nos jak m\u00f3j, kto\u015b inny &#8211; ma\u0142y, r\u00f3\u017cnimy si\u0119 tym czy tamtym&#8230; I czasem chce si\u0119 powiedzie\u0107: \u201eS\u0142uchaj, nie wiem, czy to si\u0119 uda\u201d. Wtedy odpowiadamy: \u201eTak, [uda si\u0119], ale dzi\u0119ki Duchowi \u015awi\u0119temu\u201d. Potem po prostu si\u0119 spotykacie, a po roku stwierdzacie: \u201eTo ciekawe, \u017ce wszyscy byli\u015bmy tak szcz\u0119\u015bliwi, zadowoleni, sk\u0105d si\u0119 to bierze? Dzieje si\u0119 tak, bo Pan jest po\u015br\u00f3d was i Duch \u015awi\u0119ty jest z wami. Tylko uwierzcie w to!&#8221;\t\t\t\t\t\t\t\t\t<\/div>\n\t\t\t\t<\/div>\n\t\t\t\t<div class=\"elementor-element elementor-element-11c141a0 sourcecitation elementor-widget elementor-widget-heading\" data-id=\"11c141a0\" data-element_type=\"widget\" data-e-type=\"widget\" data-widget_type=\"heading.default\">\n\t\t\t\t<div class=\"elementor-widget-container\">\n\t\t\t\t\t<p class=\"elementor-heading-title elementor-size-large\">Rozmowa z 23 V 1976 r.<\/p>\t\t\t\t<\/div>\n\t\t\t\t<\/div>\n\t\t\t\t\t<\/div>\n\t\t<\/div>\n\t\t\t\t\t<\/div>\n\t\t<\/section>\n\t\t\t\t<section class=\"elementor-section elementor-top-section elementor-element elementor-element-3d875a47 animated-slow elementor-section-boxed elementor-section-height-default elementor-section-height-default elementor-invisible\" data-id=\"3d875a47\" data-element_type=\"section\" data-e-type=\"section\" data-settings=\"{&quot;animation&quot;:&quot;fadeIn&quot;}\">\n\t\t\t\t\t\t<div class=\"elementor-container elementor-column-gap-default\">\n\t\t\t\t\t<div class=\"elementor-column elementor-col-100 elementor-top-column elementor-element elementor-element-49d5ca23\" data-id=\"49d5ca23\" data-element_type=\"column\" data-e-type=\"column\">\n\t\t\t<div class=\"elementor-widget-wrap elementor-element-populated\">\n\t\t\t\t\t\t<div class=\"elementor-element elementor-element-7883efac citationserif elementor-invisible elementor-widget elementor-widget-heading\" data-id=\"7883efac\" data-element_type=\"widget\" data-e-type=\"widget\" data-settings=\"{&quot;_animation&quot;:&quot;fadeIn&quot;}\" data-widget_type=\"heading.default\">\n\t\t\t\t<div class=\"elementor-widget-container\">\n\t\t\t\t\t<h3 class=\"elementor-heading-title elementor-size-default\">Je\u015bli Duch \u015awi\u0119ty nie przychodzi z darem jedno\u015bci, wsp\u00f3lnota eksploduje. Wybucha i osza\u0142amia.\t<\/h3>\t\t\t\t<\/div>\n\t\t\t\t<\/div>\n\t\t\t\t<div class=\"elementor-element elementor-element-3b505039 sourcecitation elementor-widget elementor-widget-heading\" data-id=\"3b505039\" data-element_type=\"widget\" data-e-type=\"widget\" data-widget_type=\"heading.default\">\n\t\t\t\t<div class=\"elementor-widget-container\">\n\t\t\t\t\t<p class=\"elementor-heading-title elementor-size-large\">Weekend\nwsp\u00f3lnotowy, 20 IX 1981r.<\/p>\t\t\t\t<\/div>\n\t\t\t\t<\/div>\n\t\t\t\t\t<\/div>\n\t\t<\/div>\n\t\t\t\t\t<\/div>\n\t\t<\/section>\n\t\t\t\t<section class=\"elementor-section elementor-top-section elementor-element elementor-element-4bfe1637 elementor-section-boxed elementor-section-height-default elementor-section-height-default\" data-id=\"4bfe1637\" data-element_type=\"section\" data-e-type=\"section\">\n\t\t\t\t\t\t<div class=\"elementor-container elementor-column-gap-default\">\n\t\t\t\t\t<div class=\"elementor-column elementor-col-100 elementor-top-column elementor-element elementor-element-5851791c\" data-id=\"5851791c\" data-element_type=\"column\" data-e-type=\"column\">\n\t\t\t<div class=\"elementor-widget-wrap elementor-element-populated\">\n\t\t\t\t\t\t<div class=\"elementor-element elementor-element-671eb89f elementor-widget elementor-widget-text-editor\" data-id=\"671eb89f\" data-element_type=\"widget\" data-e-type=\"widget\" data-widget_type=\"text-editor.default\">\n\t\t\t\t<div class=\"elementor-widget-container\">\n\t\t\t\t\t\t\t\t\tJe\u015bli w naszym rozumieniu s\u0142u\u017cba wi\u0105\u017ce si\u0119 ze wsp\u00f3\u0142odczuwaniem, to naprawd\u0119 wchodzimy razem w wielk\u0105 mi\u0142o\u015b\u0107, poniewa\u017c Duch \u015awi\u0119ty nas jednoczy. I st\u0105d bierze si\u0119 nasz niesamowity dynamizm.\t\t\t\t\t\t\t\t\t<\/div>\n\t\t\t\t<\/div>\n\t\t\t\t<div class=\"elementor-element elementor-element-5b81c6e0 sourcecitation elementor-widget elementor-widget-heading\" data-id=\"5b81c6e0\" data-element_type=\"widget\" data-e-type=\"widget\" data-widget_type=\"heading.default\">\n\t\t\t\t<div class=\"elementor-widget-container\">\n\t\t\t\t\t<p class=\"elementor-heading-title elementor-size-large\">Weekend\nwsp\u00f3lnotowy,\n21 VI 1981 r.<\/p>\t\t\t\t<\/div>\n\t\t\t\t<\/div>\n\t\t\t\t\t<\/div>\n\t\t<\/div>\n\t\t\t\t\t<\/div>\n\t\t<\/section>\n\t\t\t\t<section class=\"elementor-section elementor-top-section elementor-element elementor-element-7de82bdf elementor-section-boxed elementor-section-height-default elementor-section-height-default\" data-id=\"7de82bdf\" data-element_type=\"section\" data-e-type=\"section\">\n\t\t\t\t\t\t<div class=\"elementor-container elementor-column-gap-default\">\n\t\t\t\t\t<div class=\"elementor-column elementor-col-100 elementor-top-column elementor-element elementor-element-1f75772e\" data-id=\"1f75772e\" data-element_type=\"column\" data-e-type=\"column\">\n\t\t\t<div class=\"elementor-widget-wrap elementor-element-populated\">\n\t\t\t\t\t\t<div class=\"elementor-element elementor-element-5a9375bc elementor-widget elementor-widget-text-editor\" data-id=\"5a9375bc\" data-element_type=\"widget\" data-e-type=\"widget\" data-widget_type=\"text-editor.default\">\n\t\t\t\t<div class=\"elementor-widget-container\">\n\t\t\t\t\t\t\t\t\tMi\u0142owanie siebie nawzajem tak, jak B\u00f3g nas umi\u0142owa\u0142, nie wydaje si\u0119 \u0142atwe, ale jest to bardzo proste, dzi\u0119ki Mi\u0142o\u015bci, kt\u00f3r\u0105 obdarzy\u0142 nas B\u00f3g. Duch \u015awi\u0119ty nas kocha i nas jednoczy, wi\u0119c jest to proste! I m\u00f3wi\u0119 wam, \u017ce do\u015bwiadczyli\u015bmy tego na pocz\u0105tku, gdy tworzyli\u015bmy ma\u0142\u0105 wsp\u00f3lnot\u0119, nie wiedz\u0105c dobrze, po co jeste\u015bmy razem. By\u0142y takie dni, kiedy&#8230; my\u015bleli\u015bmy sobie: \u201eCo ten czy inny tutaj robi?&#8221;, a potem stwierdzali\u015bmy: \u201eJest z nami Duch \u015awi\u0119ty i to jest fantastyczne!\t\t\t\t\t\t\t\t\t<\/div>\n\t\t\t\t<\/div>\n\t\t\t\t<div class=\"elementor-element elementor-element-61974515 sourcecitation elementor-widget elementor-widget-heading\" data-id=\"61974515\" data-element_type=\"widget\" data-e-type=\"widget\" data-widget_type=\"heading.default\">\n\t\t\t\t<div class=\"elementor-widget-container\">\n\t\t\t\t\t<p class=\"elementor-heading-title elementor-size-large\">Weekend wsp\u00f3lnotowy, 27-28 XI 1976 r.<\/p>\t\t\t\t<\/div>\n\t\t\t\t<\/div>\n\t\t\t\t\t<\/div>\n\t\t<\/div>\n\t\t\t\t\t<\/div>\n\t\t<\/section>\n\t\t\t\t<section class=\"elementor-section elementor-top-section elementor-element elementor-element-104e7a98 elementor-section-boxed elementor-section-height-default elementor-section-height-default\" data-id=\"104e7a98\" data-element_type=\"section\" data-e-type=\"section\">\n\t\t\t\t\t\t<div class=\"elementor-container elementor-column-gap-default\">\n\t\t\t\t\t<div class=\"elementor-column elementor-col-100 elementor-top-column elementor-element elementor-element-5997365d\" data-id=\"5997365d\" data-element_type=\"column\" data-e-type=\"column\">\n\t\t\t<div class=\"elementor-widget-wrap elementor-element-populated\">\n\t\t\t\t\t\t<div class=\"elementor-element elementor-element-41102aa6 elementor-widget elementor-widget-text-editor\" data-id=\"41102aa6\" data-element_type=\"widget\" data-e-type=\"widget\" data-widget_type=\"text-editor.default\">\n\t\t\t\t<div class=\"elementor-widget-container\">\n\t\t\t\t\t\t\t\t\tWsp\u00f3lnota jest przede wszystkim wsp\u00f3lnot\u0105 mi\u0142o\u015bci, duchowej mi\u0142o\u015bci mi\u0119dzy nami. Jest to bardzo wa\u017cne, bo je\u015bli nie mamy mi\u0142o\u015bci do siebie nawzajem, jeste\u015bmy k\u0142amcami. Nie mo\u017cna kocha\u0107 Boga, je\u015bli nie kocha si\u0119 bli\u017aniego. Wszyscy o tym wiecie, nie wolno wam nigdy o tym zapomina\u0107.\t\t\t\t\t\t\t\t\t<\/div>\n\t\t\t\t<\/div>\n\t\t\t\t<div class=\"elementor-element elementor-element-40f87f57 sourcecitation elementor-widget elementor-widget-heading\" data-id=\"40f87f57\" data-element_type=\"widget\" data-e-type=\"widget\" data-widget_type=\"heading.default\">\n\t\t\t\t<div class=\"elementor-widget-container\">\n\t\t\t\t\t<p class=\"elementor-heading-title elementor-size-large\">Weekend wsp\u00f3lnotowy, 1 IV 1979 r.<\/p>\t\t\t\t<\/div>\n\t\t\t\t<\/div>\n\t\t\t\t\t<\/div>\n\t\t<\/div>\n\t\t\t\t\t<\/div>\n\t\t<\/section>\n\t\t\t\t<section class=\"elementor-section elementor-top-section elementor-element elementor-element-cc1431c elementor-section-boxed elementor-section-height-default elementor-section-height-default\" data-id=\"cc1431c\" data-element_type=\"section\" data-e-type=\"section\">\n\t\t\t\t\t\t<div class=\"elementor-container elementor-column-gap-default\">\n\t\t\t\t\t<div class=\"elementor-column elementor-col-100 elementor-top-column elementor-element elementor-element-566f823b\" data-id=\"566f823b\" data-element_type=\"column\" data-e-type=\"column\">\n\t\t\t<div class=\"elementor-widget-wrap elementor-element-populated\">\n\t\t\t\t\t\t<div class=\"elementor-element elementor-element-7da59bf1 elementor-widget elementor-widget-text-editor\" data-id=\"7da59bf1\" data-element_type=\"widget\" data-e-type=\"widget\" data-widget_type=\"text-editor.default\">\n\t\t\t\t<div class=\"elementor-widget-container\">\n\t\t\t\t\t\t\t\t\tPowiecie mi, \u017ce to dziecinne, \u017ce jeste\u015bcie bez wad, \u017ce wszystko wam si\u0119 udaje. Skoro wi\u0119c jest tak dobrze, w grupie nie powinno by\u0107 problem\u00f3w! Ale\u2026 brakuje nam mi\u0142o\u015bci. I na nic jakie\u015b socjotechniki! Je\u015bli nie ma mi\u0142o\u015bci, to tak jak z benzyn\u0105 w samochodzie: mo\u017cesz robi\u0107, co chcesz, ale nie zadzia\u0142a. Je\u015bli idziecie do chorych, a w ci\u0105gu tygodnia razem modlicie si\u0119 za nich, to razem niesiecie ich cierpienia&#8230; Wtedy nie zajmujecie si\u0119 tym, \u017ce kto\u015b ma przekrzywiony kapelusz, czy co\u015b przykrego wam powiedzia\u0142&#8230;\t\t\t\t\t\t\t\t\t<\/div>\n\t\t\t\t<\/div>\n\t\t\t\t<div class=\"elementor-element elementor-element-4e7cd2fb sourcecitation elementor-widget elementor-widget-heading\" data-id=\"4e7cd2fb\" data-element_type=\"widget\" data-e-type=\"widget\" data-widget_type=\"heading.default\">\n\t\t\t\t<div class=\"elementor-widget-container\">\n\t\t\t\t\t<p class=\"elementor-heading-title elementor-size-large\">Warsztaty \u00abOd grup modlitewnych do wsp\u00f3lnoty\u00bb, sesje letnie w Paray-le-Monial 05-09 VII 1979\n5 VII 1979<\/p>\t\t\t\t<\/div>\n\t\t\t\t<\/div>\n\t\t\t\t\t<\/div>\n\t\t<\/div>\n\t\t\t\t\t<\/div>\n\t\t<\/section>\n\t\t\t\t<section class=\"elementor-section elementor-top-section elementor-element elementor-element-4cd6bd21 animated-slow elementor-section-boxed elementor-section-height-default elementor-section-height-default elementor-invisible\" data-id=\"4cd6bd21\" data-element_type=\"section\" data-e-type=\"section\" data-settings=\"{&quot;animation&quot;:&quot;fadeIn&quot;}\">\n\t\t\t\t\t\t<div class=\"elementor-container elementor-column-gap-default\">\n\t\t\t\t\t<div class=\"elementor-column elementor-col-100 elementor-top-column elementor-element elementor-element-6c96232a\" data-id=\"6c96232a\" data-element_type=\"column\" data-e-type=\"column\">\n\t\t\t<div class=\"elementor-widget-wrap elementor-element-populated\">\n\t\t\t\t\t\t<div class=\"elementor-element elementor-element-5224c73d citationserif elementor-invisible elementor-widget elementor-widget-heading\" data-id=\"5224c73d\" data-element_type=\"widget\" data-e-type=\"widget\" data-settings=\"{&quot;_animation&quot;:&quot;fadeIn&quot;}\" data-widget_type=\"heading.default\">\n\t\t\t\t<div class=\"elementor-widget-container\">\n\t\t\t\t\t<h3 class=\"elementor-heading-title elementor-size-default\">Tak tworzy si\u0119 mi\u0119dzy nami tkanka wsp\u00f3\u0142odczuwania.\t<\/h3>\t\t\t\t<\/div>\n\t\t\t\t<\/div>\n\t\t\t\t<div class=\"elementor-element elementor-element-219fd983 sourcecitation elementor-widget elementor-widget-heading\" data-id=\"219fd983\" data-element_type=\"widget\" data-e-type=\"widget\" data-widget_type=\"heading.default\">\n\t\t\t\t<div class=\"elementor-widget-container\">\n\t\t\t\t\t<p class=\"elementor-heading-title elementor-size-large\">Weekend\nwsp\u00f3lnotowy, 24-25 XI 1984 r.<\/p>\t\t\t\t<\/div>\n\t\t\t\t<\/div>\n\t\t\t\t\t<\/div>\n\t\t<\/div>\n\t\t\t\t\t<\/div>\n\t\t<\/section>\n\t\t\t\t<section class=\"elementor-section elementor-top-section elementor-element elementor-element-7815d7b0 elementor-section-boxed elementor-section-height-default elementor-section-height-default\" data-id=\"7815d7b0\" data-element_type=\"section\" data-e-type=\"section\">\n\t\t\t\t\t\t<div class=\"elementor-container elementor-column-gap-default\">\n\t\t\t\t\t<div class=\"elementor-column elementor-col-100 elementor-top-column elementor-element elementor-element-5dedead2\" data-id=\"5dedead2\" data-element_type=\"column\" data-e-type=\"column\">\n\t\t\t<div class=\"elementor-widget-wrap elementor-element-populated\">\n\t\t\t\t\t\t<div class=\"elementor-element elementor-element-79ff48fe elementor-widget elementor-widget-text-editor\" data-id=\"79ff48fe\" data-element_type=\"widget\" data-e-type=\"widget\" data-widget_type=\"text-editor.default\">\n\t\t\t\t<div class=\"elementor-widget-container\">\n\t\t\t\t\t\t\t\t\tWasze grupy modlitewne musz\u0105 by\u0107 naprawd\u0119 pe\u0142ne ciep\u0142a i mi\u0142o\u015bci, by z czasem rodzi\u0142y si\u0119 w nich dusze, kt\u00f3re poczuj\u0105 powo\u0142anie do \u017cycia wsp\u00f3lnotowego. Ale to ju\u017c nale\u017cy do Pana. Nie wolno nam Go wyprzedza\u0107, mo\u017cemy tylko czeka\u0107.\t\t\t\t\t\t\t\t\t<\/div>\n\t\t\t\t<\/div>\n\t\t\t\t<div class=\"elementor-element elementor-element-7b3bec60 sourcecitation elementor-widget elementor-widget-heading\" data-id=\"7b3bec60\" data-element_type=\"widget\" data-e-type=\"widget\" data-widget_type=\"heading.default\">\n\t\t\t\t<div class=\"elementor-widget-container\">\n\t\t\t\t\t<p class=\"elementor-heading-title elementor-size-large\">Warsztaty \u00abOd grup modlitewnych do wsp\u00f3lnoty\u00bb, sesje letnie w Paray-le-Monial 05-09 VII 1979<\/p>\t\t\t\t<\/div>\n\t\t\t\t<\/div>\n\t\t\t\t\t<\/div>\n\t\t<\/div>\n\t\t\t\t\t<\/div>\n\t\t<\/section>\n\t\t\t\t<section class=\"elementor-section elementor-top-section elementor-element elementor-element-35c9fa55 elementor-section-boxed elementor-section-height-default elementor-section-height-default\" data-id=\"35c9fa55\" data-element_type=\"section\" data-e-type=\"section\">\n\t\t\t\t\t\t<div class=\"elementor-container elementor-column-gap-default\">\n\t\t\t\t\t<div class=\"elementor-column elementor-col-100 elementor-top-column elementor-element elementor-element-625e3abb\" data-id=\"625e3abb\" data-element_type=\"column\" data-e-type=\"column\">\n\t\t\t<div class=\"elementor-widget-wrap elementor-element-populated\">\n\t\t\t\t\t\t<div class=\"elementor-element elementor-element-2f7010bf elementor-widget elementor-widget-text-editor\" data-id=\"2f7010bf\" data-element_type=\"widget\" data-e-type=\"widget\" data-widget_type=\"text-editor.default\">\n\t\t\t\t<div class=\"elementor-widget-container\">\n\t\t\t\t\t\t\t\t\tMi\u0142o\u015b\u0107 braterska jest spoiwem ka\u017cdej wsp\u00f3lnoty chrze\u015bcija\u0144skiej: mamy mi\u0142owa\u0107 si\u0119 wzajemnie tak jak B\u00f3g nas umi\u0142owa\u0142. Nie wydaje si\u0119 to \u0142atwe, ale w rzeczywisto\u015bci jest bardzo proste, poniewa\u017c to On da\u0142 nam swoj\u0105 mi\u0142o\u015b\u0107. Duch \u015awi\u0119ty kocha nas i jednoczy. Tak wi\u0119c z Nim nie jest to trudne!\t\t\t\t\t\t\t\t<\/div>\n\t\t\t\t<\/div>\n\t\t\t\t<div class=\"elementor-element elementor-element-1a5cc9a1 sourcecitation elementor-widget elementor-widget-heading\" data-id=\"1a5cc9a1\" data-element_type=\"widget\" data-e-type=\"widget\" data-widget_type=\"heading.default\">\n\t\t\t\t<div class=\"elementor-widget-container\">\n\t\t\t\t\t<p class=\"elementor-heading-title elementor-size-large\">\tWeekend wsp\u00f3lnotowy 27-28 XI 1976 r.<\/p>\t\t\t\t<\/div>\n\t\t\t\t<\/div>\n\t\t\t\t\t<\/div>\n\t\t<\/div>\n\t\t\t\t\t<\/div>\n\t\t<\/section>\n\t\t\t\t<section class=\"elementor-section elementor-top-section elementor-element elementor-element-506e558d elementor-section-boxed elementor-section-height-default elementor-section-height-default\" data-id=\"506e558d\" data-element_type=\"section\" data-e-type=\"section\">\n\t\t\t\t\t\t<div class=\"elementor-container elementor-column-gap-default\">\n\t\t\t\t\t<div class=\"elementor-column elementor-col-100 elementor-top-column elementor-element elementor-element-10cc7b9d\" data-id=\"10cc7b9d\" data-element_type=\"column\" data-e-type=\"column\">\n\t\t\t<div class=\"elementor-widget-wrap elementor-element-populated\">\n\t\t\t\t\t\t<div class=\"elementor-element elementor-element-6ab06fd8 elementor-widget elementor-widget-text-editor\" data-id=\"6ab06fd8\" data-element_type=\"widget\" data-e-type=\"widget\" data-widget_type=\"text-editor.default\">\n\t\t\t\t<div class=\"elementor-widget-container\">\n\t\t\t\t\t\t\t\t\tPocz\u0105wszy od Pi\u0119\u0107dziesi\u0105tnicy, Duch \u015awi\u0119ty zanurza nas we wzajemnej mi\u0142o\u015bci.\t\t\t\t\t\t\t\t\t<\/div>\n\t\t\t\t<\/div>\n\t\t\t\t<div class=\"elementor-element elementor-element-5977b275 sourcecitation elementor-widget elementor-widget-heading\" data-id=\"5977b275\" data-element_type=\"widget\" data-e-type=\"widget\" data-widget_type=\"heading.default\">\n\t\t\t\t<div class=\"elementor-widget-container\">\n\t\t\t\t\t<p class=\"elementor-heading-title elementor-size-large\">Rozmowa z 23 V 1976 r.<\/p>\t\t\t\t<\/div>\n\t\t\t\t<\/div>\n\t\t\t\t\t<\/div>\n\t\t<\/div>\n\t\t\t\t\t<\/div>\n\t\t<\/section>\n\t\t\t\t<section class=\"elementor-section elementor-top-section elementor-element elementor-element-68a0b51 elementor-section-boxed elementor-section-height-default elementor-section-height-default\" data-id=\"68a0b51\" data-element_type=\"section\" data-e-type=\"section\">\n\t\t\t\t\t\t<div class=\"elementor-container elementor-column-gap-default\">\n\t\t\t\t\t<div class=\"elementor-column elementor-col-100 elementor-top-column elementor-element elementor-element-3de99b00\" data-id=\"3de99b00\" data-element_type=\"column\" data-e-type=\"column\">\n\t\t\t<div class=\"elementor-widget-wrap elementor-element-populated\">\n\t\t\t\t\t\t<div class=\"elementor-element elementor-element-18907bbd elementor-widget elementor-widget-text-editor\" data-id=\"18907bbd\" data-element_type=\"widget\" data-e-type=\"widget\" data-widget_type=\"text-editor.default\">\n\t\t\t\t<div class=\"elementor-widget-container\">\n\t\t\t\t\t\t\t\t\tTo mi\u0142o\u015b\u0107 nas jednoczy, szczeg\u00f3lnie z tymi, kt\u00f3rzy s\u0105 daleko.\t\t\t\t\t\t\t\t\t<\/div>\n\t\t\t\t<\/div>\n\t\t\t\t<div class=\"elementor-element elementor-element-10ad7f37 sourcecitation elementor-widget elementor-widget-heading\" data-id=\"10ad7f37\" data-element_type=\"widget\" data-e-type=\"widget\" data-widget_type=\"heading.default\">\n\t\t\t\t<div class=\"elementor-widget-container\">\n\t\t\t\t\t<p class=\"elementor-heading-title elementor-size-large\">Weekend wsp\u00f3lnotowy 14-15 VI 1980 r.<\/p>\t\t\t\t<\/div>\n\t\t\t\t<\/div>\n\t\t\t\t\t<\/div>\n\t\t<\/div>\n\t\t\t\t\t<\/div>\n\t\t<\/section>\n\t\t\t\t<section class=\"elementor-section elementor-top-section elementor-element elementor-element-11d6b703 elementor-section-boxed elementor-section-height-default elementor-section-height-default\" data-id=\"11d6b703\" data-element_type=\"section\" data-e-type=\"section\">\n\t\t\t\t\t\t<div class=\"elementor-container elementor-column-gap-default\">\n\t\t\t\t\t<div class=\"elementor-column elementor-col-100 elementor-top-column elementor-element elementor-element-20e0cd63\" data-id=\"20e0cd63\" data-element_type=\"column\" data-e-type=\"column\">\n\t\t\t<div class=\"elementor-widget-wrap elementor-element-populated\">\n\t\t\t\t\t\t<div class=\"elementor-element elementor-element-1ff42090 elementor-widget elementor-widget-text-editor\" data-id=\"1ff42090\" data-element_type=\"widget\" data-e-type=\"widget\" data-widget_type=\"text-editor.default\">\n\t\t\t\t<div class=\"elementor-widget-container\">\n\t\t\t\t\t\t\t\t\tBy by\u0107 z nami, Pan potrzebuje tego, by\u015bmy my byli razem. M\u00f3wi: \u201eBo gdzie s\u0105 dwaj albo trzej zebrani w imi\u0119 moje&#8221;. Je\u015bli nie b\u0119dzie tych dw\u00f3ch albo trzech, nie otrzymacie tej szczeg\u00f3lnej \u0142aski, kt\u00f3r\u0105 On daje, gdy zgromadzi si\u0119 kilku braci. B\u0142agam was o to. Uwierzcie w to, nawet je\u015bli tego nie do\u015bwiadczacie.\t\t\t\t\t\t\t\t\t<\/div>\n\t\t\t\t<\/div>\n\t\t\t\t<div class=\"elementor-element elementor-element-48f53680 sourcecitation elementor-widget elementor-widget-heading\" data-id=\"48f53680\" data-element_type=\"widget\" data-e-type=\"widget\" data-widget_type=\"heading.default\">\n\t\t\t\t<div class=\"elementor-widget-container\">\n\t\t\t\t\t<p class=\"elementor-heading-title elementor-size-large\">Rozmowa z 23 V 1976 r.<\/p>\t\t\t\t<\/div>\n\t\t\t\t<\/div>\n\t\t\t\t\t<\/div>\n\t\t<\/div>\n\t\t\t\t\t<\/div>\n\t\t<\/section>\n\t\t\t\t<section class=\"elementor-section elementor-top-section elementor-element elementor-element-74b946d7 elementor-section-boxed elementor-section-height-default elementor-section-height-default\" data-id=\"74b946d7\" data-element_type=\"section\" data-e-type=\"section\">\n\t\t\t\t\t\t<div class=\"elementor-container elementor-column-gap-default\">\n\t\t\t\t\t<div class=\"elementor-column elementor-col-100 elementor-top-column elementor-element elementor-element-2dfe5ac5\" data-id=\"2dfe5ac5\" data-element_type=\"column\" data-e-type=\"column\">\n\t\t\t<div class=\"elementor-widget-wrap elementor-element-populated\">\n\t\t\t\t\t\t<div class=\"elementor-element elementor-element-172015c1 elementor-widget elementor-widget-text-editor\" data-id=\"172015c1\" data-element_type=\"widget\" data-e-type=\"widget\" data-widget_type=\"text-editor.default\">\n\t\t\t\t<div class=\"elementor-widget-container\">\n\t\t\t\t\t\t\t\t\tJeste\u015bmy tak szcz\u0119\u015bliwi, \u017ce jeste\u015bmy razem, to naprawd\u0119 ogromna rado\u015b\u0107. [\u2026] Duch \u015awi\u0119ty rzeczywi\u015bcie nas jednoczy. Gdyby nie by\u0142o Ducha \u015awi\u0119tego, nasze drogi by si\u0119 rozesz\u0142y.\t\t\t\t\t\t\t\t\t<\/div>\n\t\t\t\t<\/div>\n\t\t\t\t<div class=\"elementor-element elementor-element-29af30d6 sourcecitation elementor-widget elementor-widget-heading\" data-id=\"29af30d6\" data-element_type=\"widget\" data-e-type=\"widget\" data-widget_type=\"heading.default\">\n\t\t\t\t<div class=\"elementor-widget-container\">\n\t\t\t\t\t<p class=\"elementor-heading-title elementor-size-large\">Rekolekcje Bractwa Jezusowego,\nsierpie\u0144 1978 r. Poranek 10 VIII 1978 r.<\/p>\t\t\t\t<\/div>\n\t\t\t\t<\/div>\n\t\t\t\t\t<\/div>\n\t\t<\/div>\n\t\t\t\t\t<\/div>\n\t\t<\/section>\n\t\t\t\t<section class=\"elementor-section elementor-top-section elementor-element elementor-element-9090efd elementor-section-boxed elementor-section-height-default elementor-section-height-default\" data-id=\"9090efd\" data-element_type=\"section\" data-e-type=\"section\">\n\t\t\t\t\t\t<div class=\"elementor-container elementor-column-gap-default\">\n\t\t\t\t\t<div class=\"elementor-column elementor-col-100 elementor-top-column elementor-element elementor-element-48cbc4fc\" data-id=\"48cbc4fc\" data-element_type=\"column\" data-e-type=\"column\">\n\t\t\t<div class=\"elementor-widget-wrap elementor-element-populated\">\n\t\t\t\t\t\t<div class=\"elementor-element elementor-element-72f83b01 elementor-widget elementor-widget-text-editor\" data-id=\"72f83b01\" data-element_type=\"widget\" data-e-type=\"widget\" data-widget_type=\"text-editor.default\">\n\t\t\t\t<div class=\"elementor-widget-container\">\n\t\t\t\t\t\t\t\t\tJeste\u015bmy wi\u0119c na drodze do \u015bwi\u0119to\u015bci. Na tej drodze \u015bwi\u0119to\u015bci liczymy na siebie nawzajem. Ty liczysz na mnie, inni licz\u0105 na ciebie&#8230; i w ko\u0144cu, wszyscy razem, pr\u00f3bujemy si\u0119 wspina\u0107. To Duch Mi\u0142o\u015bci nas jednoczy. [&#8230;] Je\u015bli nawzajem sobie pomagamy, b\u0119dziemy si\u0119 pi\u0105\u0107 bez trudu!\tTrzytygodniowe rekolekcje IX 1976 r. \t\t\t\t\t\t\t\t<\/div>\n\t\t\t\t<\/div>\n\t\t\t\t<div class=\"elementor-element elementor-element-47877f35 sourcecitation elementor-widget elementor-widget-heading\" data-id=\"47877f35\" data-element_type=\"widget\" data-e-type=\"widget\" data-widget_type=\"heading.default\">\n\t\t\t\t<div class=\"elementor-widget-container\">\n\t\t\t\t\t<p class=\"elementor-heading-title elementor-size-large\">\u015awi\u0119to\u015b\u0107 i sposoby komunikowania si\u0119 15 IX 1976 r.<\/p>\t\t\t\t<\/div>\n\t\t\t\t<\/div>\n\t\t\t\t\t<\/div>\n\t\t<\/div>\n\t\t\t\t\t<\/div>\n\t\t<\/section>\n\t\t\t\t<section class=\"elementor-section elementor-top-section elementor-element elementor-element-15de98d2 elementor-section-boxed elementor-section-height-default elementor-section-height-default\" data-id=\"15de98d2\" data-element_type=\"section\" data-e-type=\"section\">\n\t\t\t\t\t\t<div class=\"elementor-container elementor-column-gap-default\">\n\t\t\t\t\t<div class=\"elementor-column elementor-col-100 elementor-top-column elementor-element elementor-element-b5ca485\" data-id=\"b5ca485\" data-element_type=\"column\" data-e-type=\"column\">\n\t\t\t<div class=\"elementor-widget-wrap elementor-element-populated\">\n\t\t\t\t\t\t<div class=\"elementor-element elementor-element-3b3b3783 elementor-widget elementor-widget-text-editor\" data-id=\"3b3b3783\" data-element_type=\"widget\" data-e-type=\"widget\" data-widget_type=\"text-editor.default\">\n\t\t\t\t<div class=\"elementor-widget-container\">\n\t\t\t\t\t\t\t\t\tNie chodzi o uprawianie mistyki, m\u00f3wi\u0142 Piotr, o skupianie wok\u00f3\u0142 siebie grupy wyznawc\u00f3w. Spotykamy si\u0119 z przyjaci\u00f3\u0142mi, \u017ceby porozmawia\u0107, poplotkowa\u0107, by by\u0142o mi\u0142o. To nie ma \u017cadnego sensu! To czysto ludzka przyjemno\u015b\u0107. Najwa\u017cniejsze jest to, by mie\u0107 naprawd\u0119 mi\u0142o\u015b\u0107 w sercu i modli\u0107 si\u0119 do Pana.\t\t\t\t\t\t\t\t\t<\/div>\n\t\t\t\t<\/div>\n\t\t\t\t<div class=\"elementor-element elementor-element-5c910246 sourcecitation elementor-widget elementor-widget-heading\" data-id=\"5c910246\" data-element_type=\"widget\" data-e-type=\"widget\" data-widget_type=\"heading.default\">\n\t\t\t\t<div class=\"elementor-widget-container\">\n\t\t\t\t\t<p class=\"elementor-heading-title elementor-size-large\">Warsztaty \u00abOd grup modlitewnych do wsp\u00f3lnoty\u00bb, sesje letnie w Paray-le-Monial 05-09 VII 1979 r. 5 VII 1979 r.<\/p>\t\t\t\t<\/div>\n\t\t\t\t<\/div>\n\t\t\t\t\t<\/div>\n\t\t<\/div>\n\t\t\t\t\t<\/div>\n\t\t<\/section>\n\t\t\t\t<section class=\"elementor-section elementor-top-section elementor-element elementor-element-7d80dfbd elementor-section-boxed elementor-section-height-default elementor-section-height-default\" data-id=\"7d80dfbd\" data-element_type=\"section\" data-e-type=\"section\">\n\t\t\t\t\t\t<div class=\"elementor-container elementor-column-gap-default\">\n\t\t\t\t\t<div class=\"elementor-column elementor-col-100 elementor-top-column elementor-element elementor-element-6825bff0\" data-id=\"6825bff0\" data-element_type=\"column\" data-e-type=\"column\">\n\t\t\t<div class=\"elementor-widget-wrap elementor-element-populated\">\n\t\t\t\t\t\t<div class=\"elementor-element elementor-element-fadc83 citationserif elementor-widget elementor-widget-heading\" data-id=\"fadc83\" data-element_type=\"widget\" data-e-type=\"widget\" data-settings=\"{&quot;_animation&quot;:&quot;none&quot;}\" data-widget_type=\"heading.default\">\n\t\t\t\t<div class=\"elementor-widget-container\">\n\t\t\t\t\t<h4 class=\"elementor-heading-title elementor-size-medium\">Braterskie wsparcie<\/h4>\t\t\t\t<\/div>\n\t\t\t\t<\/div>\n\t\t\t\t\t<\/div>\n\t\t<\/div>\n\t\t\t\t\t<\/div>\n\t\t<\/section>\n\t\t\t\t<section class=\"elementor-section elementor-top-section elementor-element elementor-element-51169d12 elementor-section-boxed elementor-section-height-default elementor-section-height-default\" data-id=\"51169d12\" data-element_type=\"section\" data-e-type=\"section\">\n\t\t\t\t\t\t<div class=\"elementor-container elementor-column-gap-default\">\n\t\t\t\t\t<div class=\"elementor-column elementor-col-100 elementor-top-column elementor-element elementor-element-7312a5fa\" data-id=\"7312a5fa\" data-element_type=\"column\" data-e-type=\"column\">\n\t\t\t<div class=\"elementor-widget-wrap elementor-element-populated\">\n\t\t\t\t\t\t<div class=\"elementor-element elementor-element-3cbd0c99 elementor-widget elementor-widget-text-editor\" data-id=\"3cbd0c99\" data-element_type=\"widget\" data-e-type=\"widget\" data-widget_type=\"text-editor.default\">\n\t\t\t\t<div class=\"elementor-widget-container\">\n\t\t\t\t\t\t\t\t\tNie mo\u017cna si\u0119 u\u015bwi\u0119ci\u0107 samemu. Zw\u0142aszcza w \u015bwiecie, w kt\u00f3rym dzi\u015b \u017cyjemy, sami sobie nie poradzimy. Je\u015bli nie b\u0119dziemy razem, to nic z nas nie b\u0119dzie.\t\t\t\t\t\t\t\t\t<\/div>\n\t\t\t\t<\/div>\n\t\t\t\t<div class=\"elementor-element elementor-element-124bcf2f sourcecitation elementor-widget elementor-widget-heading\" data-id=\"124bcf2f\" data-element_type=\"widget\" data-e-type=\"widget\" data-widget_type=\"heading.default\">\n\t\t\t\t<div class=\"elementor-widget-container\">\n\t\t\t\t\t<p class=\"elementor-heading-title elementor-size-large\">Warsztaty \u00abOd grup modlitewnych do wsp\u00f3lnoty\u00bb, sesje letnie w \nParay-le-Monial 09-21 VII<\/p>\t\t\t\t<\/div>\n\t\t\t\t<\/div>\n\t\t\t\t\t<\/div>\n\t\t<\/div>\n\t\t\t\t\t<\/div>\n\t\t<\/section>\n\t\t\t\t<section class=\"elementor-section elementor-top-section elementor-element elementor-element-4e9e8efd elementor-section-boxed elementor-section-height-default elementor-section-height-default\" data-id=\"4e9e8efd\" data-element_type=\"section\" data-e-type=\"section\">\n\t\t\t\t\t\t<div class=\"elementor-container elementor-column-gap-default\">\n\t\t\t\t\t<div class=\"elementor-column elementor-col-100 elementor-top-column elementor-element elementor-element-77323857\" data-id=\"77323857\" data-element_type=\"column\" data-e-type=\"column\">\n\t\t\t<div class=\"elementor-widget-wrap elementor-element-populated\">\n\t\t\t\t\t\t<div class=\"elementor-element elementor-element-461c502 elementor-widget elementor-widget-text-editor\" data-id=\"461c502\" data-element_type=\"widget\" data-e-type=\"widget\" data-widget_type=\"text-editor.default\">\n\t\t\t\t<div class=\"elementor-widget-container\">\n\t\t\t\t\t\t\t\t\tPan chce, aby\u015bmy \u017cyli we wsp\u00f3lnocie, chce, by\u015bmy mieli wsparcie ze strony braci.\t\t\t\t\t\t\t\t\t<\/div>\n\t\t\t\t<\/div>\n\t\t\t\t<div class=\"elementor-element elementor-element-6d46b9cb sourcecitation elementor-widget elementor-widget-heading\" data-id=\"6d46b9cb\" data-element_type=\"widget\" data-e-type=\"widget\" data-widget_type=\"heading.default\">\n\t\t\t\t<div class=\"elementor-widget-container\">\n\t\t\t\t\t<p class=\"elementor-heading-title elementor-size-large\">Weekend wsp\u00f3lnotowy, 18-19 VI 1977 r.<\/p>\t\t\t\t<\/div>\n\t\t\t\t<\/div>\n\t\t\t\t\t<\/div>\n\t\t<\/div>\n\t\t\t\t\t<\/div>\n\t\t<\/section>\n\t\t\t\t<section class=\"elementor-section elementor-top-section elementor-element elementor-element-1096f258 elementor-section-boxed elementor-section-height-default elementor-section-height-default\" data-id=\"1096f258\" data-element_type=\"section\" data-e-type=\"section\">\n\t\t\t\t\t\t<div class=\"elementor-container elementor-column-gap-default\">\n\t\t\t\t\t<div class=\"elementor-column elementor-col-100 elementor-top-column elementor-element elementor-element-51e352f1\" data-id=\"51e352f1\" data-element_type=\"column\" data-e-type=\"column\">\n\t\t\t<div class=\"elementor-widget-wrap elementor-element-populated\">\n\t\t\t\t\t\t<div class=\"elementor-element elementor-element-4fe13a7e elementor-widget elementor-widget-text-editor\" data-id=\"4fe13a7e\" data-element_type=\"widget\" data-e-type=\"widget\" data-widget_type=\"text-editor.default\">\n\t\t\t\t<div class=\"elementor-widget-container\">\n\t\t\t\t\t\t\t\t\tMusimy si\u0119 wzajemnie wspiera\u0107, bo sami nie damy sobie rady, ale razem b\u0119dziemy si\u0119 trzyma\u0107.\t\t\t\t\t\t\t\t\t<\/div>\n\t\t\t\t<\/div>\n\t\t\t\t<div class=\"elementor-element elementor-element-72b35ab6 sourcecitation elementor-widget elementor-widget-heading\" data-id=\"72b35ab6\" data-element_type=\"widget\" data-e-type=\"widget\" data-widget_type=\"heading.default\">\n\t\t\t\t<div class=\"elementor-widget-container\">\n\t\t\t\t\t<p class=\"elementor-heading-title elementor-size-large\">Weekend wsp\u00f3lnotowy 22 IX 1979 r.<\/p>\t\t\t\t<\/div>\n\t\t\t\t<\/div>\n\t\t\t\t\t<\/div>\n\t\t<\/div>\n\t\t\t\t\t<\/div>\n\t\t<\/section>\n\t\t\t\t<section class=\"elementor-section elementor-top-section elementor-element elementor-element-7871f160 animated-slow elementor-section-boxed elementor-section-height-default elementor-section-height-default elementor-invisible\" data-id=\"7871f160\" data-element_type=\"section\" data-e-type=\"section\" data-settings=\"{&quot;animation&quot;:&quot;fadeIn&quot;}\">\n\t\t\t\t\t\t<div class=\"elementor-container elementor-column-gap-default\">\n\t\t\t\t\t<div class=\"elementor-column elementor-col-100 elementor-top-column elementor-element elementor-element-27e1c9b2\" data-id=\"27e1c9b2\" data-element_type=\"column\" data-e-type=\"column\">\n\t\t\t<div class=\"elementor-widget-wrap elementor-element-populated\">\n\t\t\t\t\t\t<div class=\"elementor-element elementor-element-14312817 citationserif elementor-invisible elementor-widget elementor-widget-heading\" data-id=\"14312817\" data-element_type=\"widget\" data-e-type=\"widget\" data-settings=\"{&quot;_animation&quot;:&quot;fadeIn&quot;}\" data-widget_type=\"heading.default\">\n\t\t\t\t<div class=\"elementor-widget-container\">\n\t\t\t\t\t<h3 class=\"elementor-heading-title elementor-size-default\">Musimy i\u015b\u0107 naprz\u00f3d, ale sami nie damy rady, a razem naprawd\u0119 b\u0119dziemy szli naprz\u00f3d.\t<\/h3>\t\t\t\t<\/div>\n\t\t\t\t<\/div>\n\t\t\t\t<div class=\"elementor-element elementor-element-1add542a sourcecitation elementor-widget elementor-widget-heading\" data-id=\"1add542a\" data-element_type=\"widget\" data-e-type=\"widget\" data-widget_type=\"heading.default\">\n\t\t\t\t<div class=\"elementor-widget-container\">\n\t\t\t\t\t<p class=\"elementor-heading-title elementor-size-large\">Trzytygodniowe rekolekcje IX 1976 r.<\/p>\t\t\t\t<\/div>\n\t\t\t\t<\/div>\n\t\t\t\t\t<\/div>\n\t\t<\/div>\n\t\t\t\t\t<\/div>\n\t\t<\/section>\n\t\t\t\t<section class=\"elementor-section elementor-top-section elementor-element elementor-element-55849223 elementor-section-boxed elementor-section-height-default elementor-section-height-default\" data-id=\"55849223\" data-element_type=\"section\" data-e-type=\"section\">\n\t\t\t\t\t\t<div class=\"elementor-container elementor-column-gap-default\">\n\t\t\t\t\t<div class=\"elementor-column elementor-col-100 elementor-top-column elementor-element elementor-element-63d7b0a9\" data-id=\"63d7b0a9\" data-element_type=\"column\" data-e-type=\"column\">\n\t\t\t<div class=\"elementor-widget-wrap elementor-element-populated\">\n\t\t\t\t\t\t<div class=\"elementor-element elementor-element-1d7fdfd9 elementor-widget elementor-widget-text-editor\" data-id=\"1d7fdfd9\" data-element_type=\"widget\" data-e-type=\"widget\" data-widget_type=\"text-editor.default\">\n\t\t\t\t<div class=\"elementor-widget-container\">\n\t\t\t\t\t\t\t\t\tZacznijmy od wylania Ducha \u015awi\u0119tego. Bo od tego wszystko si\u0119 rozpoczyna. Dlaczego wi\u0119c wylanie Ducha \u015awi\u0119tego otrzymujemy we wsp\u00f3lnocie? Duch \u015awi\u0119ty naprawd\u0119 radzi sobie bez nas, to oczywiste. Ilu z nas otrzyma\u0142o wylanie Ducha w taki spos\u00f3b&#8230;, \u017ce nagle mieli do\u015bwiadczenie obecno\u015bci Pana. Je\u015bli wi\u0119c prze\u017cywamy wylanie Ducha we wsp\u00f3lnocie, to dlatego, \u017ce Pan pragnie, by\u015bmy \u017cyli we wsp\u00f3lnocie, On naprawd\u0119 chce, \u017ceby\u015bmy mieli wsparcie braci. To jest najwa\u017cniejsze w wylaniu Ducha.\t\t\t\t\t\t\t\t\t<\/div>\n\t\t\t\t<\/div>\n\t\t\t\t<div class=\"elementor-element elementor-element-55b876c1 sourcecitation elementor-widget elementor-widget-heading\" data-id=\"55b876c1\" data-element_type=\"widget\" data-e-type=\"widget\" data-widget_type=\"heading.default\">\n\t\t\t\t<div class=\"elementor-widget-container\">\n\t\t\t\t\t<p class=\"elementor-heading-title elementor-size-large\">Weekend wsp\u00f3lnotowy 18-19 VI 1977 r.<\/p>\t\t\t\t<\/div>\n\t\t\t\t<\/div>\n\t\t\t\t\t<\/div>\n\t\t<\/div>\n\t\t\t\t\t<\/div>\n\t\t<\/section>\n\t\t\t\t<section class=\"elementor-section elementor-top-section elementor-element elementor-element-52cf9553 elementor-section-boxed elementor-section-height-default elementor-section-height-default\" data-id=\"52cf9553\" data-element_type=\"section\" data-e-type=\"section\">\n\t\t\t\t\t\t<div class=\"elementor-container elementor-column-gap-default\">\n\t\t\t\t\t<div class=\"elementor-column elementor-col-100 elementor-top-column elementor-element elementor-element-20b7f62f\" data-id=\"20b7f62f\" data-element_type=\"column\" data-e-type=\"column\">\n\t\t\t<div class=\"elementor-widget-wrap elementor-element-populated\">\n\t\t\t\t\t\t<div class=\"elementor-element elementor-element-3a0877a4 elementor-widget elementor-widget-text-editor\" data-id=\"3a0877a4\" data-element_type=\"widget\" data-e-type=\"widget\" data-widget_type=\"text-editor.default\">\n\t\t\t\t<div class=\"elementor-widget-container\">\n\t\t\t\t\t\t\t\t\tJe\u015bli si\u0119 nawzajem wspieracie, to jeste\u015bcie jak alpini\u015bci zwi\u0105zani lin\u0105 i dzi\u0119ki temu si\u0119 utrzymujecie, inaczej nie daliby\u015bcie rady. Ci\u0105gle to powtarzam, bo musimy i\u015b\u0107 naprz\u00f3d. Nie jeste\u015bmy tu po to, by g\u0142osi\u0107 kazania, jeste\u015bmy po to, by dzia\u0142a\u0107.\t\t\t\t\t\t\t\t\t<\/div>\n\t\t\t\t<\/div>\n\t\t\t\t<div class=\"elementor-element elementor-element-4210b0e6 sourcecitation elementor-widget elementor-widget-heading\" data-id=\"4210b0e6\" data-element_type=\"widget\" data-e-type=\"widget\" data-widget_type=\"heading.default\">\n\t\t\t\t<div class=\"elementor-widget-container\">\n\t\t\t\t\t<p class=\"elementor-heading-title elementor-size-large\">Spotkanie grup Emmanuela 13 III 1976 r.<\/p>\t\t\t\t<\/div>\n\t\t\t\t<\/div>\n\t\t\t\t\t<\/div>\n\t\t<\/div>\n\t\t\t\t\t<\/div>\n\t\t<\/section>\n\t\t\t\t<section class=\"elementor-section elementor-top-section elementor-element elementor-element-6cda8053 elementor-section-boxed elementor-section-height-default elementor-section-height-default\" data-id=\"6cda8053\" data-element_type=\"section\" data-e-type=\"section\">\n\t\t\t\t\t\t<div class=\"elementor-container elementor-column-gap-default\">\n\t\t\t\t\t<div class=\"elementor-column elementor-col-100 elementor-top-column elementor-element elementor-element-508a534f\" data-id=\"508a534f\" data-element_type=\"column\" data-e-type=\"column\">\n\t\t\t<div class=\"elementor-widget-wrap elementor-element-populated\">\n\t\t\t\t\t\t<div class=\"elementor-element elementor-element-20bee257 elementor-widget elementor-widget-text-editor\" data-id=\"20bee257\" data-element_type=\"widget\" data-e-type=\"widget\" data-widget_type=\"text-editor.default\">\n\t\t\t\t<div class=\"elementor-widget-container\">\n\t\t\t\t\t\t\t\t\tJest to wielka rado\u015b\u0107, poniewa\u017c wiemy, \u017ce Pan stworzy\u0142 wsp\u00f3lnot\u0119, aby nam pom\u00f3c, aby\u015bmy mogli wytrwa\u0107, \u017cy\u0107 w nadziei i rado\u015bci.\t\t\t\t\t\t\t\t\t<\/div>\n\t\t\t\t<\/div>\n\t\t\t\t<div class=\"elementor-element elementor-element-17fcf5e0 sourcecitation elementor-widget elementor-widget-heading\" data-id=\"17fcf5e0\" data-element_type=\"widget\" data-e-type=\"widget\" data-widget_type=\"heading.default\">\n\t\t\t\t<div class=\"elementor-widget-container\">\n\t\t\t\t\t<p class=\"elementor-heading-title elementor-size-large\">Weekend wsp\u00f3lnotowy\n17-18 V 1980 r.<\/p>\t\t\t\t<\/div>\n\t\t\t\t<\/div>\n\t\t\t\t\t<\/div>\n\t\t<\/div>\n\t\t\t\t\t<\/div>\n\t\t<\/section>\n\t\t\t\t<section class=\"elementor-section elementor-top-section elementor-element elementor-element-7403941 animated-slow elementor-section-boxed elementor-section-height-default elementor-section-height-default elementor-invisible\" data-id=\"7403941\" data-element_type=\"section\" data-e-type=\"section\" data-settings=\"{&quot;animation&quot;:&quot;fadeIn&quot;}\">\n\t\t\t\t\t\t<div class=\"elementor-container elementor-column-gap-default\">\n\t\t\t\t\t<div class=\"elementor-column elementor-col-100 elementor-top-column elementor-element elementor-element-4441c5c\" data-id=\"4441c5c\" data-element_type=\"column\" data-e-type=\"column\">\n\t\t\t<div class=\"elementor-widget-wrap elementor-element-populated\">\n\t\t\t\t\t\t<div class=\"elementor-element elementor-element-4d2b48f citationserif elementor-invisible elementor-widget elementor-widget-heading\" data-id=\"4d2b48f\" data-element_type=\"widget\" data-e-type=\"widget\" data-settings=\"{&quot;_animation&quot;:&quot;fadeIn&quot;}\" data-widget_type=\"heading.default\">\n\t\t\t\t<div class=\"elementor-widget-container\">\n\t\t\t\t\t<h3 class=\"elementor-heading-title elementor-size-default\">Potrzebna jest pomoc braci, by m\u00f3c wygospodarowa\u0107 te p\u00f3\u0142 godziny i wytrwa\u0107 w postanowieniu, zw\u0142aszcza gdy prze\u017cywacie osch\u0142o\u015b\u0107 wewn\u0119trzn\u0105.\t<\/h3>\t\t\t\t<\/div>\n\t\t\t\t<\/div>\n\t\t\t\t<div class=\"elementor-element elementor-element-33d5727 sourcecitation elementor-widget elementor-widget-heading\" data-id=\"33d5727\" data-element_type=\"widget\" data-e-type=\"widget\" data-widget_type=\"heading.default\">\n\t\t\t\t<div class=\"elementor-widget-container\">\n\t\t\t\t\t<p class=\"elementor-heading-title elementor-size-large\">Weekend wsp\u00f3lnotowy 18-19 VI 1977 r.<\/p>\t\t\t\t<\/div>\n\t\t\t\t<\/div>\n\t\t\t\t\t<\/div>\n\t\t<\/div>\n\t\t\t\t\t<\/div>\n\t\t<\/section>\n\t\t\t\t<section class=\"elementor-section elementor-top-section elementor-element elementor-element-4fd07e9b elementor-section-boxed elementor-section-height-default elementor-section-height-default\" data-id=\"4fd07e9b\" data-element_type=\"section\" data-e-type=\"section\">\n\t\t\t\t\t\t<div class=\"elementor-container elementor-column-gap-default\">\n\t\t\t\t\t<div class=\"elementor-column elementor-col-100 elementor-top-column elementor-element elementor-element-1d8cba8f\" data-id=\"1d8cba8f\" data-element_type=\"column\" data-e-type=\"column\">\n\t\t\t<div class=\"elementor-widget-wrap elementor-element-populated\">\n\t\t\t\t\t\t<div class=\"elementor-element elementor-element-65e2da82 elementor-widget elementor-widget-text-editor\" data-id=\"65e2da82\" data-element_type=\"widget\" data-e-type=\"widget\" data-widget_type=\"text-editor.default\">\n\t\t\t\t<div class=\"elementor-widget-container\">\n\t\t\t\t\t\t\t\t\tJe\u015bli trudno Wam modli\u0107 si\u0119 w pojedynk\u0119, zbierzcie si\u0119 we troje lub czworo, nie po to, aby wsp\u00f3lnie uwielbia\u0107 Pana, ale by razem modli\u0107 si\u0119 w ciszy. Spr\u00f3bujcie powiedzie\u0107: \u201dPrzychodz\u0119 modli\u0107 si\u0119 z tob\u0105, poniewa\u017c nie jestem w stanie robi\u0107 tego sam. Ja b\u0119d\u0119 z Jezusem, i ty r\u00f3wnie\u017c z Nim b\u0119dziesz\u201d. Kl\u0119kacie blisko siebie, mo\u017cecie nawet widzie\u0107 si\u0119 k\u0105tem oka! A po kwadransie lub po p\u00f3\u0142 godzinie stwierdzicie: &#8220;Jak dobrze jest si\u0119 modli\u0107!&#8221; Osobie, z kt\u00f3r\u0105 si\u0119 modli\u0142e\u015b, powiesz: \u201eAle si\u0119 modli\u0142e\u015b!\u201d A on b\u0119dzie zdziwiony: \u201eJa? Czu\u0142em ogromn\u0105 pustk\u0119!\u201d W ten spos\u00f3b b\u0119dziecie dodawali sobie ducha. I otrzymacie Ducha \u015awi\u0119tego! W przeciwnym razie, staliby\u015bcie si\u0119 zniech\u0119ceni. A wi\u0119c naprawd\u0119 trzeba spr\u00f3bowa\u0107.\t\t\t\t\t\t\t\t\t<\/div>\n\t\t\t\t<\/div>\n\t\t\t\t<div class=\"elementor-element elementor-element-79575e5f sourcecitation elementor-widget elementor-widget-heading\" data-id=\"79575e5f\" data-element_type=\"widget\" data-e-type=\"widget\" data-widget_type=\"heading.default\">\n\t\t\t\t<div class=\"elementor-widget-container\">\n\t\t\t\t\t<p class=\"elementor-heading-title elementor-size-large\">Rozmowa z 23 V 1976 r.<\/p>\t\t\t\t<\/div>\n\t\t\t\t<\/div>\n\t\t\t\t\t<\/div>\n\t\t<\/div>\n\t\t\t\t\t<\/div>\n\t\t<\/section>\n\t\t\t\t<section class=\"elementor-section elementor-top-section elementor-element elementor-element-56270177 elementor-section-boxed elementor-section-height-default elementor-section-height-default\" data-id=\"56270177\" data-element_type=\"section\" data-e-type=\"section\">\n\t\t\t\t\t\t<div class=\"elementor-container elementor-column-gap-default\">\n\t\t\t\t\t<div class=\"elementor-column elementor-col-100 elementor-top-column elementor-element elementor-element-5e4b6df1\" data-id=\"5e4b6df1\" data-element_type=\"column\" data-e-type=\"column\">\n\t\t\t<div class=\"elementor-widget-wrap elementor-element-populated\">\n\t\t\t\t\t\t<div class=\"elementor-element elementor-element-37af1fd3 elementor-widget elementor-widget-text-editor\" data-id=\"37af1fd3\" data-element_type=\"widget\" data-e-type=\"widget\" data-widget_type=\"text-editor.default\">\n\t\t\t\t<div class=\"elementor-widget-container\">\n\t\t\t\t\t\t\t\t\tJest du\u017co os\u00f3b, kt\u00f3re nie trwaj\u0105 w ciszy przed Panem. Dlaczego? Poniewa\u017c w ostatniej chwili czuj\u0105 si\u0119 zm\u0119czeni, zagl\u0105daj\u0105 do czasopisma i tak trac\u0105 czas. Ale je\u015bli masz obok siebie m\u0142odsz\u0105 siostr\u0119, kt\u00f3ra ci powie: \u201eGdzie twoje p\u00f3\u0142 godziny z Panem? Id\u017a si\u0119 modli\u0107!\u201d Wtedy to od razu skutkuje. Wystarczy taka drobna uwaga&#8230;, kt\u00f3re ci\u0119 sk\u0142oni do modlitwy.\t\t\t\t\t\t\t\t\t<\/div>\n\t\t\t\t<\/div>\n\t\t\t\t<div class=\"elementor-element elementor-element-c2527f5 sourcecitation elementor-widget elementor-widget-heading\" data-id=\"c2527f5\" data-element_type=\"widget\" data-e-type=\"widget\" data-widget_type=\"heading.default\">\n\t\t\t\t<div class=\"elementor-widget-container\">\n\t\t\t\t\t<p class=\"elementor-heading-title elementor-size-large\">Sesje letnie w Paray-le-Monial 9-21 VII 1977 r. \u00abOd grup modlitewnych do wsp\u00f3lnoty\u00bb<\/p>\t\t\t\t<\/div>\n\t\t\t\t<\/div>\n\t\t\t\t\t<\/div>\n\t\t<\/div>\n\t\t\t\t\t<\/div>\n\t\t<\/section>\n\t\t\t\t<section class=\"elementor-section elementor-top-section elementor-element elementor-element-695609af elementor-section-boxed elementor-section-height-default elementor-section-height-default\" data-id=\"695609af\" data-element_type=\"section\" data-e-type=\"section\">\n\t\t\t\t\t\t<div class=\"elementor-container elementor-column-gap-default\">\n\t\t\t\t\t<div class=\"elementor-column elementor-col-100 elementor-top-column elementor-element elementor-element-251ea75a\" data-id=\"251ea75a\" data-element_type=\"column\" data-e-type=\"column\">\n\t\t\t<div class=\"elementor-widget-wrap elementor-element-populated\">\n\t\t\t\t\t\t<div class=\"elementor-element elementor-element-1b39aefc elementor-widget elementor-widget-text-editor\" data-id=\"1b39aefc\" data-element_type=\"widget\" data-e-type=\"widget\" data-widget_type=\"text-editor.default\">\n\t\t\t\t<div class=\"elementor-widget-container\">\n\t\t\t\t\t\t\t\t\tEvidemment le Saint Esprit n\u2019a pas besoin de nous pour descendre dans une \u00e2me. \u00c7a, on arrive \u00e0 le comprendre&#8230; Mais pourquoi est-on avec toi pour cette effusion de l\u2019Esprit ? Parce qu\u2019il faut recevoir cette effusion de l\u2019Esprit en communaut\u00e9. Si tu n\u2019es pas port\u00e9 en communaut\u00e9, \u00e7a n\u2019ira pas&#8230;\t\t\t\t\t\t\t\t\t<\/div>\n\t\t\t\t<\/div>\n\t\t\t\t<div class=\"elementor-element elementor-element-73fe7e36 sourcecitation elementor-widget elementor-widget-heading\" data-id=\"73fe7e36\" data-element_type=\"widget\" data-e-type=\"widget\" data-widget_type=\"heading.default\">\n\t\t\t\t<div class=\"elementor-widget-container\">\n\t\t\t\t\t<p class=\"elementor-heading-title elementor-size-large\">Sessions de Paray 09-21\/07\/77 \u00ab Du groupe de pri\u00e8res \u00e0 la communaut\u00e9 \u00bb<\/p>\t\t\t\t<\/div>\n\t\t\t\t<\/div>\n\t\t\t\t\t<\/div>\n\t\t<\/div>\n\t\t\t\t\t<\/div>\n\t\t<\/section>\n\t\t\t\t<section class=\"elementor-section elementor-top-section elementor-element elementor-element-39f6ce5b animated-slow elementor-section-boxed elementor-section-height-default elementor-section-height-default elementor-invisible\" data-id=\"39f6ce5b\" data-element_type=\"section\" data-e-type=\"section\" data-settings=\"{&quot;animation&quot;:&quot;fadeIn&quot;}\">\n\t\t\t\t\t\t<div class=\"elementor-container elementor-column-gap-default\">\n\t\t\t\t\t<div class=\"elementor-column elementor-col-100 elementor-top-column elementor-element elementor-element-233c8a2\" data-id=\"233c8a2\" data-element_type=\"column\" data-e-type=\"column\">\n\t\t\t<div class=\"elementor-widget-wrap elementor-element-populated\">\n\t\t\t\t\t\t<div class=\"elementor-element elementor-element-531f52c0 citationserif elementor-invisible elementor-widget elementor-widget-heading\" data-id=\"531f52c0\" data-element_type=\"widget\" data-e-type=\"widget\" data-settings=\"{&quot;_animation&quot;:&quot;fadeIn&quot;}\" data-widget_type=\"heading.default\">\n\t\t\t\t<div class=\"elementor-widget-container\">\n\t\t\t\t\t<h3 class=\"elementor-heading-title elementor-size-default\">Pan bardzo chce, aby\u015bmy mieli wsparcie ze strony braci. [\u2026] Je\u015bli jeste\u015bmy razem, \u0142atwiej jest nam i\u015b\u0107; \u0142atwiej wytrwa\u0107.\t<\/h3>\t\t\t\t<\/div>\n\t\t\t\t<\/div>\n\t\t\t\t<div class=\"elementor-element elementor-element-30d99736 sourcecitation elementor-widget elementor-widget-heading\" data-id=\"30d99736\" data-element_type=\"widget\" data-e-type=\"widget\" data-widget_type=\"heading.default\">\n\t\t\t\t<div class=\"elementor-widget-container\">\n\t\t\t\t\t<p class=\"elementor-heading-title elementor-size-large\">Weekend wsp\u00f3lnotowy 18-19 VI 1977 r.<\/p>\t\t\t\t<\/div>\n\t\t\t\t<\/div>\n\t\t\t\t\t<\/div>\n\t\t<\/div>\n\t\t\t\t\t<\/div>\n\t\t<\/section>\n\t\t\t\t<section class=\"elementor-section elementor-top-section elementor-element elementor-element-5b25842 elementor-section-boxed elementor-section-height-default elementor-section-height-default\" data-id=\"5b25842\" data-element_type=\"section\" data-e-type=\"section\">\n\t\t\t\t\t\t<div class=\"elementor-container elementor-column-gap-default\">\n\t\t\t\t\t<div class=\"elementor-column elementor-col-100 elementor-top-column elementor-element elementor-element-3bced0d4\" data-id=\"3bced0d4\" data-element_type=\"column\" data-e-type=\"column\">\n\t\t\t<div class=\"elementor-widget-wrap elementor-element-populated\">\n\t\t\t\t\t\t<div class=\"elementor-element elementor-element-12501310 elementor-widget elementor-widget-text-editor\" data-id=\"12501310\" data-element_type=\"widget\" data-e-type=\"widget\" data-widget_type=\"text-editor.default\">\n\t\t\t\t<div class=\"elementor-widget-container\">\n\t\t\t\t\t\t\t\t\tOczywi\u015bcie Duch \u015awi\u0119ty nie potrzebuje nas, by zst\u0105pi\u0107 do czyjej\u015b duszy. To jasne&#8230; Ale dlaczego potrzebuje nas w czasie modlitwy o wylanie Ducha? Poniewa\u017c wylanie Ducha mamy przyj\u0105\u0107 we wsp\u00f3lnocie. Je\u015bli nie masz wsparcia wsp\u00f3lnoty, to nic z tego nie b\u0119dzie&#8230;\t\t\t\t\t\t\t\t\t<\/div>\n\t\t\t\t<\/div>\n\t\t\t\t<div class=\"elementor-element elementor-element-4b7a485d sourcecitation elementor-widget elementor-widget-heading\" data-id=\"4b7a485d\" data-element_type=\"widget\" data-e-type=\"widget\" data-widget_type=\"heading.default\">\n\t\t\t\t<div class=\"elementor-widget-container\">\n\t\t\t\t\t<p class=\"elementor-heading-title elementor-size-large\">Sesje letnie w Paray-le-Monial 9-21 VII 1977 r. \u00abOd grup modlitewnych do wsp\u00f3lnoty\u00bb<\/p>\t\t\t\t<\/div>\n\t\t\t\t<\/div>\n\t\t\t\t\t<\/div>\n\t\t<\/div>\n\t\t\t\t\t<\/div>\n\t\t<\/section>\n\t\t\t\t<section class=\"elementor-section elementor-top-section elementor-element elementor-element-261af07d elementor-section-boxed elementor-section-height-default elementor-section-height-default\" data-id=\"261af07d\" data-element_type=\"section\" data-e-type=\"section\">\n\t\t\t\t\t\t<div class=\"elementor-container elementor-column-gap-default\">\n\t\t\t\t\t<div class=\"elementor-column elementor-col-100 elementor-top-column elementor-element elementor-element-76b0a397\" data-id=\"76b0a397\" data-element_type=\"column\" data-e-type=\"column\">\n\t\t\t<div class=\"elementor-widget-wrap elementor-element-populated\">\n\t\t\t\t\t\t<div class=\"elementor-element elementor-element-3a1919af elementor-widget elementor-widget-text-editor\" data-id=\"3a1919af\" data-element_type=\"widget\" data-e-type=\"widget\" data-widget_type=\"text-editor.default\">\n\t\t\t\t<div class=\"elementor-widget-container\">\n\t\t\t\t\t\t\t\t\tNie jest mo\u017cliwe, aby\u015b by\u0142 sam, je\u015bli jeste\u015b w Odnowie: jaki jest sens bycia w Odnowie, je\u015bli jeste\u015b sam?\t\t\t\t\t\t\t\t\t<\/div>\n\t\t\t\t<\/div>\n\t\t\t\t<div class=\"elementor-element elementor-element-36b6f048 sourcecitation elementor-widget elementor-widget-heading\" data-id=\"36b6f048\" data-element_type=\"widget\" data-e-type=\"widget\" data-widget_type=\"heading.default\">\n\t\t\t\t<div class=\"elementor-widget-container\">\n\t\t\t\t\t<p class=\"elementor-heading-title elementor-size-large\">Warsztaty dot. uwielbienia, weekend og\u00f3lny 5 XII 1976 r.<\/p>\t\t\t\t<\/div>\n\t\t\t\t<\/div>\n\t\t\t\t\t<\/div>\n\t\t<\/div>\n\t\t\t\t\t<\/div>\n\t\t<\/section>\n\t\t\t\t<section class=\"elementor-section elementor-top-section elementor-element elementor-element-49a3fe83 elementor-section-boxed elementor-section-height-default elementor-section-height-default\" data-id=\"49a3fe83\" data-element_type=\"section\" data-e-type=\"section\">\n\t\t\t\t\t\t<div class=\"elementor-container elementor-column-gap-default\">\n\t\t\t\t\t<div class=\"elementor-column elementor-col-100 elementor-top-column elementor-element elementor-element-5b34defe\" data-id=\"5b34defe\" data-element_type=\"column\" data-e-type=\"column\">\n\t\t\t<div class=\"elementor-widget-wrap elementor-element-populated\">\n\t\t\t\t\t\t<div class=\"elementor-element elementor-element-54a9363c elementor-widget elementor-widget-text-editor\" data-id=\"54a9363c\" data-element_type=\"widget\" data-e-type=\"widget\" data-widget_type=\"text-editor.default\">\n\t\t\t\t<div class=\"elementor-widget-container\">\n\t\t\t\t\t\t\t\t\tNie mo\u017cna samemu si\u0119 u\u015bwi\u0119ci\u0107. Zw\u0142aszcza w tym zwariowanym \u015bwiecie, w kt\u00f3rym \u017cyjemy, nie poradzimy sobie sami. Je\u015bli nie jeste\u015bmy razem, upadamy. Jest to wielkie zagro\u017cenie dla dusz, zw\u0142aszcza dla tych, kt\u00f3re s\u0105 silne, modl\u0105 si\u0119, wyr\u00f3\u017cniaj\u0105 si\u0119 w\u015br\u00f3d innych.\t\t\t\t\t\t\t\t\t<\/div>\n\t\t\t\t<\/div>\n\t\t\t\t<div class=\"elementor-element elementor-element-6c0b0cfd sourcecitation elementor-widget elementor-widget-heading\" data-id=\"6c0b0cfd\" data-element_type=\"widget\" data-e-type=\"widget\" data-widget_type=\"heading.default\">\n\t\t\t\t<div class=\"elementor-widget-container\">\n\t\t\t\t\t<p class=\"elementor-heading-title elementor-size-large\">Warsztaty \u00abOd grup modlitewnych do wsp\u00f3lnoty\u00bb, sesje letnie w Paray-le-Monial 9-21 VII 1977 r.<\/p>\t\t\t\t<\/div>\n\t\t\t\t<\/div>\n\t\t\t\t\t<\/div>\n\t\t<\/div>\n\t\t\t\t\t<\/div>\n\t\t<\/section>\n\t\t\t\t<section class=\"elementor-section elementor-top-section elementor-element elementor-element-4fadab37 elementor-section-boxed elementor-section-height-default elementor-section-height-default\" data-id=\"4fadab37\" data-element_type=\"section\" data-e-type=\"section\">\n\t\t\t\t\t\t<div class=\"elementor-container elementor-column-gap-default\">\n\t\t\t\t\t<div class=\"elementor-column elementor-col-100 elementor-top-column elementor-element elementor-element-1b7a2b4b\" data-id=\"1b7a2b4b\" data-element_type=\"column\" data-e-type=\"column\">\n\t\t\t<div class=\"elementor-widget-wrap elementor-element-populated\">\n\t\t\t\t\t\t<div class=\"elementor-element elementor-element-65e3863b elementor-widget elementor-widget-text-editor\" data-id=\"65e3863b\" data-element_type=\"widget\" data-e-type=\"widget\" data-widget_type=\"text-editor.default\">\n\t\t\t\t<div class=\"elementor-widget-container\">\n\t\t\t\t\t\t\t\t\tMusimy i\u015b\u0107 naprz\u00f3d, ale nie mo\u017cemy i\u015b\u0107 sami: w\u00f3wczas kr\u0119cimy si\u0119 tylko w k\u00f3\u0142ko&#8230; Razem mo\u017cemy naprawd\u0119 ruszy\u0107 do przodu&#8230;\t\t\t\t\t\t\t\t\t<\/div>\n\t\t\t\t<\/div>\n\t\t\t\t<div class=\"elementor-element elementor-element-77e0ce48 sourcecitation elementor-widget elementor-widget-heading\" data-id=\"77e0ce48\" data-element_type=\"widget\" data-e-type=\"widget\" data-widget_type=\"heading.default\">\n\t\t\t\t<div class=\"elementor-widget-container\">\n\t\t\t\t\t<p class=\"elementor-heading-title elementor-size-large\">Trzytygodniowe rekolekcje IX 1976 r. \u015awi\u0119to\u015b\u0107 i sposoby komunikowania si\u0119 15 IX 1976 r.<\/p>\t\t\t\t<\/div>\n\t\t\t\t<\/div>\n\t\t\t\t\t<\/div>\n\t\t<\/div>\n\t\t\t\t\t<\/div>\n\t\t<\/section>\n\t\t\t\t<section class=\"elementor-section elementor-top-section elementor-element elementor-element-717d0294 elementor-section-boxed elementor-section-height-default elementor-section-height-default\" data-id=\"717d0294\" data-element_type=\"section\" data-e-type=\"section\">\n\t\t\t\t\t\t<div class=\"elementor-container elementor-column-gap-default\">\n\t\t\t\t\t<div class=\"elementor-column elementor-col-100 elementor-top-column elementor-element elementor-element-65752a05\" data-id=\"65752a05\" data-element_type=\"column\" data-e-type=\"column\">\n\t\t\t<div class=\"elementor-widget-wrap elementor-element-populated\">\n\t\t\t\t\t\t<div class=\"elementor-element elementor-element-72a4491d elementor-widget elementor-widget-text-editor\" data-id=\"72a4491d\" data-element_type=\"widget\" data-e-type=\"widget\" data-widget_type=\"text-editor.default\">\n\t\t\t\t<div class=\"elementor-widget-container\">\n\t\t\t\t\t\t\t\t\tPowinni\u015bcie sobie to m\u00f3wi\u0107, kiedy czujecie si\u0119 samotni: \u201ePanie, nie jestem sam, przecie\u017c Ty jeste\u015b ze mn\u0105, sale \u0105 ze mn\u0105 tak\u017ce bracia\u201d.\t\t\t\t\t\t\t\t\t<\/div>\n\t\t\t\t<\/div>\n\t\t\t\t<div class=\"elementor-element elementor-element-7b90af49 sourcecitation elementor-widget elementor-widget-heading\" data-id=\"7b90af49\" data-element_type=\"widget\" data-e-type=\"widget\" data-widget_type=\"heading.default\">\n\t\t\t\t<div class=\"elementor-widget-container\">\n\t\t\t\t\t<p class=\"elementor-heading-title elementor-size-large\">Rekolekcje Bractwa Jezusowego, VIII 1978 r. Poranek 9 VIII 1978 r.<\/p>\t\t\t\t<\/div>\n\t\t\t\t<\/div>\n\t\t\t\t\t<\/div>\n\t\t<\/div>\n\t\t\t\t\t<\/div>\n\t\t<\/section>\n\t\t\t\t<section class=\"elementor-section elementor-top-section elementor-element elementor-element-6f674ae7 elementor-section-boxed elementor-section-height-default elementor-section-height-default\" data-id=\"6f674ae7\" data-element_type=\"section\" data-e-type=\"section\">\n\t\t\t\t\t\t<div class=\"elementor-container elementor-column-gap-default\">\n\t\t\t\t\t<div class=\"elementor-column elementor-col-100 elementor-top-column elementor-element elementor-element-e86d7cb\" data-id=\"e86d7cb\" data-element_type=\"column\" data-e-type=\"column\">\n\t\t\t<div class=\"elementor-widget-wrap elementor-element-populated\">\n\t\t\t\t\t\t<div class=\"elementor-element elementor-element-4b2f9082 elementor-widget elementor-widget-text-editor\" data-id=\"4b2f9082\" data-element_type=\"widget\" data-e-type=\"widget\" data-widget_type=\"text-editor.default\">\n\t\t\t\t<div class=\"elementor-widget-container\">\n\t\t\t\t\t\t\t\t\tZnajd\u017a trzy lub cztery bratnie dusze, z kt\u00f3rymi b\u0119dziesz m\u00f3g\u0142 modli\u0107 si\u0119 co tydzie\u0144 i z kt\u00f3rymi b\u0119dziecie nawzajem nie\u015b\u0107 swoje brzemiona.\t\t\t\t\t\t\t\t\t<\/div>\n\t\t\t\t<\/div>\n\t\t\t\t<div class=\"elementor-element elementor-element-5ab6e6dd sourcecitation elementor-widget elementor-widget-heading\" data-id=\"5ab6e6dd\" data-element_type=\"widget\" data-e-type=\"widget\" data-widget_type=\"heading.default\">\n\t\t\t\t<div class=\"elementor-widget-container\">\n\t\t\t\t\t<p class=\"elementor-heading-title elementor-size-large\">Spotkanie grup Emmanuela 13 III 1976 r.<\/p>\t\t\t\t<\/div>\n\t\t\t\t<\/div>\n\t\t\t\t\t<\/div>\n\t\t<\/div>\n\t\t\t\t\t<\/div>\n\t\t<\/section>\n\t\t\t\t<section class=\"elementor-section elementor-top-section elementor-element elementor-element-30e37162 elementor-section-boxed elementor-section-height-default elementor-section-height-default\" data-id=\"30e37162\" data-element_type=\"section\" data-e-type=\"section\">\n\t\t\t\t\t\t<div class=\"elementor-container elementor-column-gap-default\">\n\t\t\t\t\t<div class=\"elementor-column elementor-col-100 elementor-top-column elementor-element elementor-element-1f2f4926\" data-id=\"1f2f4926\" data-element_type=\"column\" data-e-type=\"column\">\n\t\t\t<div class=\"elementor-widget-wrap elementor-element-populated\">\n\t\t\t\t\t\t<div class=\"elementor-element elementor-element-5fdbd217 elementor-widget elementor-widget-text-editor\" data-id=\"5fdbd217\" data-element_type=\"widget\" data-e-type=\"widget\" data-widget_type=\"text-editor.default\">\n\t\t\t\t<div class=\"elementor-widget-container\">\n\t\t\t\t\t\t\t\t\tDzielimy si\u0119 S\u0142owem. Ale je\u015bli nie masz daru modlitwy, wtedy wszystko co m\u00f3wisz, pochodzi z twojej g\u0142owy&#8230; to takie &#8220;bla bla bla&#8221;. Je\u015bli naprawd\u0119 masz dar modlitwy, m\u00f3wisz to, co Pan da\u0142 ci poj\u0105\u0107. A poniewa\u017c jest to g\u0142\u0119bokie, duchowe, z modlitwy, porusza to innych&#8230; I, stopniowo, dzi\u0119ki temu, inni czyni\u0105 post\u0119py w modlitwie, jest to zrozumia\u0142e.\t\t\t\t\t\t\t\t\t<\/div>\n\t\t\t\t<\/div>\n\t\t\t\t<div class=\"elementor-element elementor-element-166da4ba sourcecitation elementor-widget elementor-widget-heading\" data-id=\"166da4ba\" data-element_type=\"widget\" data-e-type=\"widget\" data-widget_type=\"heading.default\">\n\t\t\t\t<div class=\"elementor-widget-container\">\n\t\t\t\t\t<p class=\"elementor-heading-title elementor-size-large\">Warsztaty \u00abOd grup modlitewnych do wsp\u00f3lnoty\u00bb, sesje letnie w Paray-le-Monial 5-9 VII 1979 r.\n06 VII 1979 r.<\/p>\t\t\t\t<\/div>\n\t\t\t\t<\/div>\n\t\t\t\t\t<\/div>\n\t\t<\/div>\n\t\t\t\t\t<\/div>\n\t\t<\/section>\n\t\t\t\t<section class=\"elementor-section elementor-top-section elementor-element elementor-element-3032f9d4 elementor-section-boxed elementor-section-height-default elementor-section-height-default\" data-id=\"3032f9d4\" data-element_type=\"section\" data-e-type=\"section\">\n\t\t\t\t\t\t<div class=\"elementor-container elementor-column-gap-default\">\n\t\t\t\t\t<div class=\"elementor-column elementor-col-100 elementor-top-column elementor-element elementor-element-58f612cc\" data-id=\"58f612cc\" data-element_type=\"column\" data-e-type=\"column\">\n\t\t\t<div class=\"elementor-widget-wrap elementor-element-populated\">\n\t\t\t\t\t\t<div class=\"elementor-element elementor-element-5b6fec5a elementor-widget elementor-widget-text-editor\" data-id=\"5b6fec5a\" data-element_type=\"widget\" data-e-type=\"widget\" data-widget_type=\"text-editor.default\">\n\t\t\t\t<div class=\"elementor-widget-container\">\n\t\t\t\t\t\t\t\t\tJe\u015bli jeste\u015bmy zjednoczeni i wierzymy, \u017ce jeste\u015bmy jednym cia\u0142em, kt\u00f3re tworzymy, to jest to dla nas umocnienie. Poprzez komuni\u0119 \u015bwi\u0119tych (&#8230;) mo\u017cemy si\u0119 nawzajem wspiera\u0107. [\u2026] Musicie wierzy\u0107 w moc Cia\u0142a, kt\u00f3re tworzymy, a im bardziej b\u0119dziecie w to wierzy\u0107 i im bardziej b\u0119dziecie si\u0119 o to modli\u0107, tym bardziej cCa\u0142o to b\u0119dzie zjednoczone. I b\u0119dziemy mogli dokonywa\u0107 wielkich rzeczy i rozprzestrzenia\u0107 si\u0119 na ca\u0142y \u015bwiat.\t\t\t\t\t\t\t\t\t<\/div>\n\t\t\t\t<\/div>\n\t\t\t\t<div class=\"elementor-element elementor-element-6019920b sourcecitation elementor-widget elementor-widget-heading\" data-id=\"6019920b\" data-element_type=\"widget\" data-e-type=\"widget\" data-widget_type=\"heading.default\">\n\t\t\t\t<div class=\"elementor-widget-container\">\n\t\t\t\t\t<p class=\"elementor-heading-title elementor-size-large\">Rekolekcje Bractwa Jezusowego,\n31 XII 1979 r.<\/p>\t\t\t\t<\/div>\n\t\t\t\t<\/div>\n\t\t\t\t\t<\/div>\n\t\t<\/div>\n\t\t\t\t\t<\/div>\n\t\t<\/section>\n\t\t\t\t<section class=\"elementor-section elementor-top-section elementor-element elementor-element-61034efe elementor-section-boxed elementor-section-height-default elementor-section-height-default\" data-id=\"61034efe\" data-element_type=\"section\" data-e-type=\"section\">\n\t\t\t\t\t\t<div class=\"elementor-container elementor-column-gap-default\">\n\t\t\t\t\t<div class=\"elementor-column elementor-col-100 elementor-top-column elementor-element elementor-element-bac7244\" data-id=\"bac7244\" data-element_type=\"column\" data-e-type=\"column\">\n\t\t\t<div class=\"elementor-widget-wrap elementor-element-populated\">\n\t\t\t\t\t\t<div class=\"elementor-element elementor-element-58cb8002 elementor-widget elementor-widget-text-editor\" data-id=\"58cb8002\" data-element_type=\"widget\" data-e-type=\"widget\" data-widget_type=\"text-editor.default\">\n\t\t\t\t<div class=\"elementor-widget-container\">\n\t\t\t\t\t\t\t\t\t\u201eZbierzcie m\u00f3j lud&#8221; &#8211; m\u00f3wi Pan nieustannie. Je\u015bli jeste\u015bmy rozproszeni, nie mo\u017cemy nic zrobi\u0107. Z\u0142o jest wszechmocne. Gazety, prasa, radio, telewizja, plakaty, wszystko to jest absolutnie przera\u017caj\u0105ce; i to tak przera\u017caj\u0105ce, \u017ce ju\u017c nawet nie dociera do nas, \u017ce jest to przera\u017caj\u0105ce&#8230;\t\t\t\t\t\t\t\t\t<\/div>\n\t\t\t\t<\/div>\n\t\t\t\t<div class=\"elementor-element elementor-element-4723bfe1 sourcecitation elementor-widget elementor-widget-heading\" data-id=\"4723bfe1\" data-element_type=\"widget\" data-e-type=\"widget\" data-widget_type=\"heading.default\">\n\t\t\t\t<div class=\"elementor-widget-container\">\n\t\t\t\t\t<p class=\"elementor-heading-title elementor-size-large\">Spotkanie grup Emmanuela 13 III 1976 r.<\/p>\t\t\t\t<\/div>\n\t\t\t\t<\/div>\n\t\t\t\t\t<\/div>\n\t\t<\/div>\n\t\t\t\t\t<\/div>\n\t\t<\/section>\n\t\t\t\t<section class=\"elementor-section elementor-top-section elementor-element elementor-element-6cdfefc4 animated-slow elementor-section-boxed elementor-section-height-default elementor-section-height-default elementor-invisible\" data-id=\"6cdfefc4\" data-element_type=\"section\" data-e-type=\"section\" data-settings=\"{&quot;animation&quot;:&quot;fadeIn&quot;}\">\n\t\t\t\t\t\t<div class=\"elementor-container elementor-column-gap-default\">\n\t\t\t\t\t<div class=\"elementor-column elementor-col-100 elementor-top-column elementor-element elementor-element-36a2a838\" data-id=\"36a2a838\" data-element_type=\"column\" data-e-type=\"column\">\n\t\t\t<div class=\"elementor-widget-wrap elementor-element-populated\">\n\t\t\t\t\t\t<div class=\"elementor-element elementor-element-297c42d5 citationserif elementor-invisible elementor-widget elementor-widget-heading\" data-id=\"297c42d5\" data-element_type=\"widget\" data-e-type=\"widget\" data-settings=\"{&quot;_animation&quot;:&quot;fadeIn&quot;}\" data-widget_type=\"heading.default\">\n\t\t\t\t<div class=\"elementor-widget-container\">\n\t\t\t\t\t<h3 class=\"elementor-heading-title elementor-size-default\">Pan wybiera sobie takich g\u0142upc\u00f3w jak ja, dzi\u0119ki czemu nie ma obawy, \u017ce kto\u015b taki m\u00f3g\u0142by poczu\u0107 si\u0119 zbyt wa\u017cny. Na tym polega subtelno\u015b\u0107 Pana, tak wobec mnie, jak i wobec was!<\/h3>\t\t\t\t<\/div>\n\t\t\t\t<\/div>\n\t\t\t\t<div class=\"elementor-element elementor-element-3fc5ff94 sourcecitation elementor-widget elementor-widget-heading\" data-id=\"3fc5ff94\" data-element_type=\"widget\" data-e-type=\"widget\" data-widget_type=\"heading.default\">\n\t\t\t\t<div class=\"elementor-widget-container\">\n\t\t\t\t\t<p class=\"elementor-heading-title elementor-size-large\">\tWeekend wsp\u00f3lnotowy 12 V 1979 r.<\/p>\t\t\t\t<\/div>\n\t\t\t\t<\/div>\n\t\t\t\t\t<\/div>\n\t\t<\/div>\n\t\t\t\t\t<\/div>\n\t\t<\/section>\n\t\t\t\t<section class=\"elementor-section elementor-top-section elementor-element elementor-element-6e93feca elementor-section-boxed elementor-section-height-default elementor-section-height-default\" data-id=\"6e93feca\" data-element_type=\"section\" data-e-type=\"section\">\n\t\t\t\t\t\t<div class=\"elementor-container elementor-column-gap-default\">\n\t\t\t\t\t<div class=\"elementor-column elementor-col-100 elementor-top-column elementor-element elementor-element-30da7e26\" data-id=\"30da7e26\" data-element_type=\"column\" data-e-type=\"column\">\n\t\t\t<div class=\"elementor-widget-wrap elementor-element-populated\">\n\t\t\t\t\t\t<div class=\"elementor-element elementor-element-125e86b9 elementor-widget elementor-widget-text-editor\" data-id=\"125e86b9\" data-element_type=\"widget\" data-e-type=\"widget\" data-widget_type=\"text-editor.default\">\n\t\t\t\t<div class=\"elementor-widget-container\">\n\t\t\t\t\t\t\t\t\t&#8220;Emmanuel, to znaczy B\u00f3g z nami&#8230; B\u00f3g z nami, ale On jest taki ma\u0142y, kruchy. Je\u015bli czujemy si\u0119 wielcy, przy nim wygl\u0105damy \u015bmiesznie, to oczywiste. [&#8230;] Naprawd\u0119 istnieje \u0142aska Emmanuela. Trzeba j\u0105 przyj\u0105\u0107 z wiar\u0105. To \u0142aska Emmanuela, kt\u00f3ry rodzi si\u0119 w \u017c\u0142\u00f3bku, taki bezbronny, pokorny. On bardzo prosi nas o to, by\u015bmy zostawili wszystko, by\u015bmy stan\u0119li w naszej biedzie. Tego w\u0142a\u015bnie od nas oczekuje. Przypomnijcie sobie ofiar\u0119 Abrahama: gdy oddamy wszystko, Pan b\u0119dzie jedynym naszym bogactwem i to nam wystarczy. M\u00f3wili o tym wszyscy wielcy mistycy. Za spraw\u0105 \u0142aski, kt\u00f3r\u0105 daje &#8220;&#8221;Emmanuelowi&#8221;&#8221;, naszej wsp\u00f3lnocie, Pan pozwala nam dzisiaj, teraz, tego do\u015bwiadczy\u0107, je\u015bli tylko b\u0119dziemy wierni. W pojedynk\u0119 jest to niemo\u017cliwe, wobec zagro\u017ce\u0144 tego \u015bwiata, kt\u00f3ry wci\u0105ga nas jak nurt rw\u0105cego potoku. Jeste\u015bmy na ma\u0142ej wysepce, po\u0142o\u017conej w samym \u015brodku tego potoku, i trzymamy si\u0119 razem. To bardzo g\u0142\u0119bokie. [\u2026] \u017badne s\u0142owa tego nie wyja\u015bni\u0105, tylko sam Pan mo\u017ce to uczyni\u0107. [&#8230;] \nNie jest to ruch, ani organizacja, ale co\u015b g\u0142\u0119boko duchowego. To naprawd\u0119 od Ducha \u015awi\u0119tego i to Duch \u015awi\u0119ty utwierdza nas w powo\u0142aniu, wysy\u0142a do braci, do tej czy innej organizacji, gdzie by to nie by\u0142o. Ale trzeba nadawa\u0107 temu pewien porz\u0105dek.&#8221;\t\t\t\t\t\t\t\t\t<\/div>\n\t\t\t\t<\/div>\n\t\t\t\t<div class=\"elementor-element elementor-element-37294366 sourcecitation elementor-widget elementor-widget-heading\" data-id=\"37294366\" data-element_type=\"widget\" data-e-type=\"widget\" data-widget_type=\"heading.default\">\n\t\t\t\t<div class=\"elementor-widget-container\">\n\t\t\t\t\t<p class=\"elementor-heading-title elementor-size-large\">Spotkanie grup Emmanuela 13 III 1976 r.<\/p>\t\t\t\t<\/div>\n\t\t\t\t<\/div>\n\t\t\t\t\t<\/div>\n\t\t<\/div>\n\t\t\t\t\t<\/div>\n\t\t<\/section>\n\t\t\t\t<section class=\"elementor-section elementor-top-section elementor-element elementor-element-217c78b2 elementor-section-boxed elementor-section-height-default elementor-section-height-default\" data-id=\"217c78b2\" data-element_type=\"section\" data-e-type=\"section\">\n\t\t\t\t\t\t<div class=\"elementor-container elementor-column-gap-default\">\n\t\t\t\t\t<div class=\"elementor-column elementor-col-100 elementor-top-column elementor-element elementor-element-137f875c\" data-id=\"137f875c\" data-element_type=\"column\" data-e-type=\"column\">\n\t\t\t<div class=\"elementor-widget-wrap elementor-element-populated\">\n\t\t\t\t\t\t<div class=\"elementor-element elementor-element-6da00aec elementor-widget elementor-widget-text-editor\" data-id=\"6da00aec\" data-element_type=\"widget\" data-e-type=\"widget\" data-widget_type=\"text-editor.default\">\n\t\t\t\t<div class=\"elementor-widget-container\">\n\t\t\t\t\t\t\t\t\t(Poprzez krytyk\u0119) wyr\u00f3\u017cniamy si\u0119, m\u00f3wimy: &#8220;to nie dzia\u0142a&#8221;, mamy postaw\u0119 konsument\u00f3w&#8230;\t\t\t\t\t\t\t\t\t<\/div>\n\t\t\t\t<\/div>\n\t\t\t\t<div class=\"elementor-element elementor-element-e7d99d7 sourcecitation elementor-widget elementor-widget-heading\" data-id=\"e7d99d7\" data-element_type=\"widget\" data-e-type=\"widget\" data-widget_type=\"heading.default\">\n\t\t\t\t<div class=\"elementor-widget-container\">\n\t\t\t\t\t<p class=\"elementor-heading-title elementor-size-large\">Weekend wsp\u00f3lnotowy 27-28 XI 1976 r.<\/p>\t\t\t\t<\/div>\n\t\t\t\t<\/div>\n\t\t\t\t\t<\/div>\n\t\t<\/div>\n\t\t\t\t\t<\/div>\n\t\t<\/section>\n\t\t\t\t<section class=\"elementor-section elementor-top-section elementor-element elementor-element-e840785 elementor-section-boxed elementor-section-height-default elementor-section-height-default\" data-id=\"e840785\" data-element_type=\"section\" data-e-type=\"section\">\n\t\t\t\t\t\t<div class=\"elementor-container elementor-column-gap-default\">\n\t\t\t\t\t<div class=\"elementor-column elementor-col-100 elementor-top-column elementor-element elementor-element-2199765\" data-id=\"2199765\" data-element_type=\"column\" data-e-type=\"column\">\n\t\t\t<div class=\"elementor-widget-wrap elementor-element-populated\">\n\t\t\t\t\t\t<div class=\"elementor-element elementor-element-d7c4763 elementor-widget elementor-widget-text-editor\" data-id=\"d7c4763\" data-element_type=\"widget\" data-e-type=\"widget\" data-widget_type=\"text-editor.default\">\n\t\t\t\t<div class=\"elementor-widget-container\">\n\t\t\t\t\t\t\t\t\tJest to niezwyk\u0142a \u0142aska, kt\u00f3r\u0105 daje nam Pan. A poniewa\u017c najwi\u0119ksze \u0142aski s\u0105 \u0142askami pokornymi, musimy by\u0107 wystarczaj\u0105co pokorni, aby je przyj\u0105\u0107. Istnieje ryzyko, i\u017c zlekcewa\u017cymy je, przejdziemy obok nich&#8230; Ale s\u0105 tak g\u0142\u0119bokie i cenne, \u017ce nale\u017cy przyj\u0105\u0107 je z rado\u015bci\u0105 jak ma\u0142e dziecko. (o Wsp\u00f3lnocie)\t\t\t\t\t\t\t\t\t<\/div>\n\t\t\t\t<\/div>\n\t\t\t\t<div class=\"elementor-element elementor-element-278731a sourcecitation elementor-widget elementor-widget-heading\" data-id=\"278731a\" data-element_type=\"widget\" data-e-type=\"widget\" data-widget_type=\"heading.default\">\n\t\t\t\t<div class=\"elementor-widget-container\">\n\t\t\t\t\t<p class=\"elementor-heading-title elementor-size-large\">Weekend wsp\u00f3lnotowy 27-28 XI 1976 r.<\/p>\t\t\t\t<\/div>\n\t\t\t\t<\/div>\n\t\t\t\t\t<\/div>\n\t\t<\/div>\n\t\t\t\t\t<\/div>\n\t\t<\/section>\n\t\t\t\t<section class=\"elementor-section elementor-top-section elementor-element elementor-element-51dc6916 elementor-section-boxed elementor-section-height-default elementor-section-height-default\" data-id=\"51dc6916\" data-element_type=\"section\" data-e-type=\"section\">\n\t\t\t\t\t\t<div class=\"elementor-container elementor-column-gap-default\">\n\t\t\t\t\t<div class=\"elementor-column elementor-col-100 elementor-top-column elementor-element elementor-element-24fa39ae\" data-id=\"24fa39ae\" data-element_type=\"column\" data-e-type=\"column\">\n\t\t\t<div class=\"elementor-widget-wrap elementor-element-populated\">\n\t\t\t\t\t\t<div class=\"elementor-element elementor-element-7e7dbf1a elementor-widget elementor-widget-text-editor\" data-id=\"7e7dbf1a\" data-element_type=\"widget\" data-e-type=\"widget\" data-widget_type=\"text-editor.default\">\n\t\t\t\t<div class=\"elementor-widget-container\">\n\t\t\t\t\t\t\t\t\tWa\u017cne jest, aby przyjmowa\u0107 drobne pos\u0142ugi, przychodz\u0105ce to z prawej, to z lewej strony, to, o co jeste\u015bmy proszeni, poniewa\u017c w ten spos\u00f3b we wsp\u00f3lnocie rodzi si\u0119 mi\u0142o\u015b\u0107, rado\u015b\u0107, prawdziwe mi\u0142osierdzie.\t\t\t\t\t\t\t\t\t<\/div>\n\t\t\t\t<\/div>\n\t\t\t\t<div class=\"elementor-element elementor-element-6beeab3b sourcecitation elementor-widget elementor-widget-heading\" data-id=\"6beeab3b\" data-element_type=\"widget\" data-e-type=\"widget\" data-widget_type=\"heading.default\">\n\t\t\t\t<div class=\"elementor-widget-container\">\n\t\t\t\t\t<p class=\"elementor-heading-title elementor-size-large\">Rekolekcje Bractwa Jezusowego,\nWielkanoc 1982 r.<\/p>\t\t\t\t<\/div>\n\t\t\t\t<\/div>\n\t\t\t\t\t<\/div>\n\t\t<\/div>\n\t\t\t\t\t<\/div>\n\t\t<\/section>\n\t\t\t\t<section class=\"elementor-section elementor-top-section elementor-element elementor-element-c4c465c elementor-section-boxed elementor-section-height-default elementor-section-height-default\" data-id=\"c4c465c\" data-element_type=\"section\" data-e-type=\"section\">\n\t\t\t\t\t\t<div class=\"elementor-container elementor-column-gap-default\">\n\t\t\t\t\t<div class=\"elementor-column elementor-col-100 elementor-top-column elementor-element elementor-element-36ae0e8e\" data-id=\"36ae0e8e\" data-element_type=\"column\" data-e-type=\"column\">\n\t\t\t<div class=\"elementor-widget-wrap elementor-element-populated\">\n\t\t\t\t\t\t<div class=\"elementor-element elementor-element-2010d91e citationserif elementor-widget elementor-widget-heading\" data-id=\"2010d91e\" data-element_type=\"widget\" data-e-type=\"widget\" data-settings=\"{&quot;_animation&quot;:&quot;none&quot;}\" data-widget_type=\"heading.default\">\n\t\t\t\t<div class=\"elementor-widget-container\">\n\t\t\t\t\t<h4 class=\"elementor-heading-title elementor-size-medium\">Wsp\u00f3lnota by dzia\u0142a\u0107<\/h4>\t\t\t\t<\/div>\n\t\t\t\t<\/div>\n\t\t\t\t\t<\/div>\n\t\t<\/div>\n\t\t\t\t\t<\/div>\n\t\t<\/section>\n\t\t\t\t<section class=\"elementor-section elementor-top-section elementor-element elementor-element-7ec6e3a6 elementor-section-boxed elementor-section-height-default elementor-section-height-default\" data-id=\"7ec6e3a6\" data-element_type=\"section\" data-e-type=\"section\">\n\t\t\t\t\t\t<div class=\"elementor-container elementor-column-gap-default\">\n\t\t\t\t\t<div class=\"elementor-column elementor-col-100 elementor-top-column elementor-element elementor-element-104fb3a5\" data-id=\"104fb3a5\" data-element_type=\"column\" data-e-type=\"column\">\n\t\t\t<div class=\"elementor-widget-wrap elementor-element-populated\">\n\t\t\t\t\t\t<div class=\"elementor-element elementor-element-23539243 elementor-widget elementor-widget-text-editor\" data-id=\"23539243\" data-element_type=\"widget\" data-e-type=\"widget\" data-widget_type=\"text-editor.default\">\n\t\t\t\t<div class=\"elementor-widget-container\">\n\t\t\t\t\t\t\t\t\tJe\u015bli si\u0119 nawzajem wspieracie, to jeste\u015bcie jak alpini\u015bci zwi\u0105zani lin\u0105 i dzi\u0119ki temu si\u0119 utrzymujecie, inaczej nie daliby\u015bcie rady. Ci\u0105gle to powtarzam, bo musimy i\u015b\u0107 naprz\u00f3d. Nie jeste\u015bmy tu po to, by g\u0142osi\u0107 kazania, jeste\u015bmy po to, by dzia\u0142a\u0107.\t\t\t\t\t\t\t\t\t<\/div>\n\t\t\t\t<\/div>\n\t\t\t\t<div class=\"elementor-element elementor-element-26064f3a sourcecitation elementor-widget elementor-widget-heading\" data-id=\"26064f3a\" data-element_type=\"widget\" data-e-type=\"widget\" data-widget_type=\"heading.default\">\n\t\t\t\t<div class=\"elementor-widget-container\">\n\t\t\t\t\t<p class=\"elementor-heading-title elementor-size-large\">Spotkanie grup Emmanuela 13 III 1976 r.<\/p>\t\t\t\t<\/div>\n\t\t\t\t<\/div>\n\t\t\t\t\t<\/div>\n\t\t<\/div>\n\t\t\t\t\t<\/div>\n\t\t<\/section>\n\t\t\t\t<section class=\"elementor-section elementor-top-section elementor-element elementor-element-11c24e0c elementor-section-boxed elementor-section-height-default elementor-section-height-default\" data-id=\"11c24e0c\" data-element_type=\"section\" data-e-type=\"section\">\n\t\t\t\t\t\t<div class=\"elementor-container elementor-column-gap-default\">\n\t\t\t\t\t<div class=\"elementor-column elementor-col-100 elementor-top-column elementor-element elementor-element-1475cfc6\" data-id=\"1475cfc6\" data-element_type=\"column\" data-e-type=\"column\">\n\t\t\t<div class=\"elementor-widget-wrap elementor-element-populated\">\n\t\t\t\t\t\t<div class=\"elementor-element elementor-element-46a8df6d elementor-widget elementor-widget-text-editor\" data-id=\"46a8df6d\" data-element_type=\"widget\" data-e-type=\"widget\" data-widget_type=\"text-editor.default\">\n\t\t\t\t<div class=\"elementor-widget-container\">\n\t\t\t\t\t\t\t\t\t&#8220;W praktyce jeste\u015bmy wsp\u00f3lnot\u0105, kt\u00f3ra s\u0142u\u017cy, a wi\u0119c nie jeste\u015bmy tu po to, by spa\u0107, ale, wr\u0119cz przeciwnie, by si\u0119 obudzi\u0107! Je\u015bli wi\u0119c Pan sprawia, \u017ce nas przybywa, to r\u00f3wnie\u017c dlatego, \u017ce On naprawd\u0119 prosi nas o dzia\u0142anie. Nie ma w\u0105tpliwo\u015bci, \u017ce obecnie Pan oczekuje od nas tego, \u017ceby\u015bmy jeszcze wi\u0119cej s\u0142u\u017cyli&#8230; Dlatego wa\u017cne jest, by by\u0142o nas du\u017co, by naprawd\u0119 s\u0142ucha\u0107 Pana. Musimy nie tylko stawa\u0107 si\u0119 liczniejsi&#8230; ale i coraz g\u0142\u0119bsi. Dlatego trzeba coraz wi\u0119cej si\u0119 modli\u0107, coraz wierniej adorowa\u0107 i naprawd\u0119 prosi\u0107 Pana o to, by m\u00f3c Mu s\u0142u\u017cy\u0107, poniewa\u017c Panu zale\u017cy na czasie. [&#8230;] A czasu na dzia\u0142anie pozostaje niewiele. \nDlatego musimy by\u0107 coraz liczniejsi, coraz bardziej gotowi, by s\u0142u\u017cy\u0107, zjednoczeni w modlitwie i w dzia\u0142aniu.&#8221;\t\t\t\t\t\t\t\t<\/div>\n\t\t\t\t<\/div>\n\t\t\t\t<div class=\"elementor-element elementor-element-2ca22eff sourcecitation elementor-widget elementor-widget-heading\" data-id=\"2ca22eff\" data-element_type=\"widget\" data-e-type=\"widget\" data-widget_type=\"heading.default\">\n\t\t\t\t<div class=\"elementor-widget-container\">\n\t\t\t\t\t<p class=\"elementor-heading-title elementor-size-large\">\"Wprowadzenie do \u015bwiadectwa z pielgrzymki do Ziemi \u015awi\u0119tej \nWeekend\nwsp\u00f3lnotowy 14 X 1979 r.\"<\/p>\t\t\t\t<\/div>\n\t\t\t\t<\/div>\n\t\t\t\t\t<\/div>\n\t\t<\/div>\n\t\t\t\t\t<\/div>\n\t\t<\/section>\n\t\t\t\t<section class=\"elementor-section elementor-top-section elementor-element elementor-element-6d1897f5 animated-slow elementor-section-boxed elementor-section-height-default elementor-section-height-default elementor-invisible\" data-id=\"6d1897f5\" data-element_type=\"section\" data-e-type=\"section\" data-settings=\"{&quot;animation&quot;:&quot;fadeIn&quot;}\">\n\t\t\t\t\t\t<div class=\"elementor-container elementor-column-gap-default\">\n\t\t\t\t\t<div class=\"elementor-column elementor-col-100 elementor-top-column elementor-element elementor-element-11ce0573\" data-id=\"11ce0573\" data-element_type=\"column\" data-e-type=\"column\">\n\t\t\t<div class=\"elementor-widget-wrap elementor-element-populated\">\n\t\t\t\t\t\t<div class=\"elementor-element elementor-element-325107f5 citationserif elementor-invisible elementor-widget elementor-widget-heading\" data-id=\"325107f5\" data-element_type=\"widget\" data-e-type=\"widget\" data-settings=\"{&quot;_animation&quot;:&quot;fadeIn&quot;}\" data-widget_type=\"heading.default\">\n\t\t\t\t<div class=\"elementor-widget-container\">\n\t\t\t\t\t<h3 class=\"elementor-heading-title elementor-size-default\">Teraz, po tak d\u0142ugim czasie oczekiwania, nadszed\u0142 w\u0142a\u015bciwy moment. Pan powiedzia\u0142 do nas: \"Spieszcie si\u0119, czas jest kr\u00f3tki\". Wiecie, \u017ce Pan zwraca si\u0119 do nas po imieniu. Kiedy wi\u0119c m\u00f3wi: \"Spieszcie si\u0119\", to znaczy: wszyscy razem, jako wsp\u00f3lnota.\t<\/h3>\t\t\t\t<\/div>\n\t\t\t\t<\/div>\n\t\t\t\t<div class=\"elementor-element elementor-element-8157c08 sourcecitation elementor-widget elementor-widget-heading\" data-id=\"8157c08\" data-element_type=\"widget\" data-e-type=\"widget\" data-widget_type=\"heading.default\">\n\t\t\t\t<div class=\"elementor-widget-container\">\n\t\t\t\t\t<p class=\"elementor-heading-title elementor-size-large\">Spotkanie grup Emmanuela 13 III 1976 r.<\/p>\t\t\t\t<\/div>\n\t\t\t\t<\/div>\n\t\t\t\t\t<\/div>\n\t\t<\/div>\n\t\t\t\t\t<\/div>\n\t\t<\/section>\n\t\t\t\t<section class=\"elementor-section elementor-top-section elementor-element elementor-element-7aa4818 elementor-section-boxed elementor-section-height-default elementor-section-height-default\" data-id=\"7aa4818\" data-element_type=\"section\" data-e-type=\"section\">\n\t\t\t\t\t\t<div class=\"elementor-container elementor-column-gap-default\">\n\t\t\t\t\t<div class=\"elementor-column elementor-col-100 elementor-top-column elementor-element elementor-element-5aafd7d3\" data-id=\"5aafd7d3\" data-element_type=\"column\" data-e-type=\"column\">\n\t\t\t<div class=\"elementor-widget-wrap elementor-element-populated\">\n\t\t\t\t\t\t<div class=\"elementor-element elementor-element-1b3c1de3 elementor-widget elementor-widget-text-editor\" data-id=\"1b3c1de3\" data-element_type=\"widget\" data-e-type=\"widget\" data-widget_type=\"text-editor.default\">\n\t\t\t\t<div class=\"elementor-widget-container\">\n\t\t\t\t\t\t\t\t\tO co prosi nas Pan, anga\u017cuj\u0105c si\u0119 w &#8220;Emmanuela&#8221;? Dlaczego &#8220;Emmanuel&#8221;? Pan jest praktyczny, skoro przyszed\u0142 na \u015bwiat, to \u0142aska, kt\u00f3ra jest nam dana, nie jest dana na darmo, jest dana po co\u015b, Pan chce czego\u015b w ten spos\u00f3b dokona\u0107. [&#8230;] Trzeba tylko troch\u0119 bystro\u015bci, by zobaczy\u0107, \u017ce sprawy id\u0105 w bardzo z\u0142ym kierunku. [\u2026] Jezus nie mo\u017ce pozostawi\u0107 \u015bwiata, swoich dzieci, w ciemno\u015bci. Dlatego w\u0142a\u015bnie, dzi\u0119ki Jego szczeg\u00f3lnej \u0142asce, a nie za sprawa naszych zas\u0142ug, pojawiaj\u0105 si\u0119 liczne nawr\u00f3cenia, a my dobrze czujemy, \u017ce nie mamy z tym wiele wsp\u00f3lnego. Wierz\u0119, \u017ce ka\u017cdy z nas jest \u015bwiadomy, jak dalece &#8220;Emmanuel&#8221; istnieje tylko dzi\u0119ki \u0142asce Pana. [&#8230;] Wielu m\u0142odych ludzi m\u00f3wi: &#8220;Panie, pos\u0142a\u0142e\u015b nas, aby\u015bmy \u017c\u0119li tam, gdzie nie posiali\u015bmy&#8221;. Inni czekali na to by\u0107 mo\u017ce od pokole\u0144 [&#8230;] i oto zbli\u017caj\u0105 si\u0119 \u017cniwa. Macie \u015bwiadomo\u015b\u0107, \u017ce \u017cniwo jest wielkie, pola bielej\u0105 na \u017cniwo, przypomina nam o tym Pan. I prosi nas: &#8220;M\u00f3dlcie si\u0119, by\u015bcie mogli pos\u0142a\u0107 robotnik\u00f3w\u201d.\t\t\t\t\t\t\t\t\t<\/div>\n\t\t\t\t<\/div>\n\t\t\t\t<div class=\"elementor-element elementor-element-1d22eb62 sourcecitation elementor-widget elementor-widget-heading\" data-id=\"1d22eb62\" data-element_type=\"widget\" data-e-type=\"widget\" data-widget_type=\"heading.default\">\n\t\t\t\t<div class=\"elementor-widget-container\">\n\t\t\t\t\t<p class=\"elementor-heading-title elementor-size-large\">Spotkanie grup Emmanuela 13 III 1976 r.<\/p>\t\t\t\t<\/div>\n\t\t\t\t<\/div>\n\t\t\t\t\t<\/div>\n\t\t<\/div>\n\t\t\t\t\t<\/div>\n\t\t<\/section>\n\t\t\t\t<section class=\"elementor-section elementor-top-section elementor-element elementor-element-3c441fa6 elementor-section-boxed elementor-section-height-default elementor-section-height-default\" data-id=\"3c441fa6\" data-element_type=\"section\" data-e-type=\"section\">\n\t\t\t\t\t\t<div class=\"elementor-container elementor-column-gap-default\">\n\t\t\t\t\t<div class=\"elementor-column elementor-col-100 elementor-top-column elementor-element elementor-element-3b303fd6\" data-id=\"3b303fd6\" data-element_type=\"column\" data-e-type=\"column\">\n\t\t\t<div class=\"elementor-widget-wrap elementor-element-populated\">\n\t\t\t\t\t\t<div class=\"elementor-element elementor-element-2268a96b elementor-widget elementor-widget-text-editor\" data-id=\"2268a96b\" data-element_type=\"widget\" data-e-type=\"widget\" data-widget_type=\"text-editor.default\">\n\t\t\t\t<div class=\"elementor-widget-container\">\n\t\t\t\t\t\t\t\t\t&#8220;Nie mo\u017cemy by\u0107 po prostu jak porz\u0105dni chrze\u015bcijanie pi\u0119\u0107dziesi\u0105t lat temu. Mamy by\u0107 gotowi do walki. Musimy \u017cy\u0107 z Jezusem, ale przepe\u0142nieni mi\u0142o\u015bci\u0105, wielkoduszno\u015bci\u0105 i si\u0142\u0105. Modl\u0105c si\u0119 wsp\u00f3lnie, musimy prosi\u0107, by Pan obdarowa\u0142 nas m\u0119stwem. Pan czeka tylko, by je nam da\u0107&#8230; Musimy gromadzi\u0107 si\u0119 razem, by\u015bmy razem byli silniejsi. \nMusimy naprawd\u0119 p\u00f3j\u015b\u0107 razem pod pr\u0105d. Ryby potrafi\u0105 p\u0142yn\u0105\u0107 pod pr\u0105d. P\u0142yn\u0105 razem. Je\u015bli spr\u00f3bujemy walczy\u0107 razem, mo\u017ce \u015bwiat si\u0119 zmieni. \nWa\u017cne jest, by by\u0107 razem, by wytrwa\u0107, ale r\u00f3wnie\u017c po to, by ewangelizowa\u0107. [&#8230;] Chodzi tu naprawd\u0119 o walk\u0119 duchow\u0105, kt\u00f3ra toczy si\u0119 we wszystkich sferach \u017cycia, w ka\u017cdym \u015brodowisku, wsz\u0119dzie. I to jest jedyne wyj\u015bcie: tworzymy ma\u0142e grupy, trwamy razem i ewangelizujemy. Musimy wi\u0119c stworzy\u0107 solidn\u0105 rodzin\u0119, mie\u0107 pewne przekonania i odwag\u0119, by m\u00f3wi\u0107: &#8220;&#8221;C\u00f3\u017c, musimy i\u015b\u0107 pod pr\u0105d&#8221;&#8221;.&#8221;\t\t\t\t\t\t\t\t\t<\/div>\n\t\t\t\t<\/div>\n\t\t\t\t<div class=\"elementor-element elementor-element-620091ae sourcecitation elementor-widget elementor-widget-heading\" data-id=\"620091ae\" data-element_type=\"widget\" data-e-type=\"widget\" data-widget_type=\"heading.default\">\n\t\t\t\t<div class=\"elementor-widget-container\">\n\t\t\t\t\t<p class=\"elementor-heading-title elementor-size-large\">Weekend\nWsp\u00f3lnotowy, 30-31 V 1981 r.<\/p>\t\t\t\t<\/div>\n\t\t\t\t<\/div>\n\t\t\t\t\t<\/div>\n\t\t<\/div>\n\t\t\t\t\t<\/div>\n\t\t<\/section>\n\t\t\t\t<section class=\"elementor-section elementor-top-section elementor-element elementor-element-28d6c8a6 elementor-section-boxed elementor-section-height-default elementor-section-height-default\" data-id=\"28d6c8a6\" data-element_type=\"section\" data-e-type=\"section\">\n\t\t\t\t\t\t<div class=\"elementor-container elementor-column-gap-default\">\n\t\t\t\t\t<div class=\"elementor-column elementor-col-100 elementor-top-column elementor-element elementor-element-339b1b86\" data-id=\"339b1b86\" data-element_type=\"column\" data-e-type=\"column\">\n\t\t\t<div class=\"elementor-widget-wrap elementor-element-populated\">\n\t\t\t\t\t\t<div class=\"elementor-element elementor-element-57cdd32e citationserif elementor-widget elementor-widget-heading\" data-id=\"57cdd32e\" data-element_type=\"widget\" data-e-type=\"widget\" data-settings=\"{&quot;_animation&quot;:&quot;none&quot;}\" data-widget_type=\"heading.default\">\n\t\t\t\t<div class=\"elementor-widget-container\">\n\t\t\t\t\t<h4 class=\"elementor-heading-title elementor-size-medium\">Wsp\u00f3lnota by zmienia\u0107<\/h4>\t\t\t\t<\/div>\n\t\t\t\t<\/div>\n\t\t\t\t\t<\/div>\n\t\t<\/div>\n\t\t\t\t\t<\/div>\n\t\t<\/section>\n\t\t\t\t<section class=\"elementor-section elementor-top-section elementor-element elementor-element-47bf3370 elementor-section-boxed elementor-section-height-default elementor-section-height-default\" data-id=\"47bf3370\" data-element_type=\"section\" data-e-type=\"section\">\n\t\t\t\t\t\t<div class=\"elementor-container elementor-column-gap-default\">\n\t\t\t\t\t<div class=\"elementor-column elementor-col-100 elementor-top-column elementor-element elementor-element-3099a54c\" data-id=\"3099a54c\" data-element_type=\"column\" data-e-type=\"column\">\n\t\t\t<div class=\"elementor-widget-wrap elementor-element-populated\">\n\t\t\t\t\t\t<div class=\"elementor-element elementor-element-7742bdf1 elementor-widget elementor-widget-text-editor\" data-id=\"7742bdf1\" data-element_type=\"widget\" data-e-type=\"widget\" data-widget_type=\"text-editor.default\">\n\t\t\t\t<div class=\"elementor-widget-container\">\n\t\t\t\t\t\t\t\t\tJe\u015bli mam przy sobie bliskich ludzi, mog\u0119 zacz\u0105\u0107 si\u0119 zmienia\u0107. I widz\u0119, \u017ce Jean-Marc si\u0119 zmienia, i Herv\u00e9-Marie; wszyscy si\u0119 zmieniamy, to wspania\u0142e!\t\t\t\t\t\t\t\t\t<\/div>\n\t\t\t\t<\/div>\n\t\t\t\t<div class=\"elementor-element elementor-element-5e3321de sourcecitation elementor-widget elementor-widget-heading\" data-id=\"5e3321de\" data-element_type=\"widget\" data-e-type=\"widget\" data-widget_type=\"heading.default\">\n\t\t\t\t<div class=\"elementor-widget-container\">\n\t\t\t\t\t<p class=\"elementor-heading-title elementor-size-large\">Trzytygodniowe rekolekcje IX 1976 r. Uzdrowienie (24-25 IX 1976 r. ?)<\/p>\t\t\t\t<\/div>\n\t\t\t\t<\/div>\n\t\t\t\t\t<\/div>\n\t\t<\/div>\n\t\t\t\t\t<\/div>\n\t\t<\/section>\n\t\t\t\t<section class=\"elementor-section elementor-top-section elementor-element elementor-element-14df1e0f elementor-section-boxed elementor-section-height-default elementor-section-height-default\" data-id=\"14df1e0f\" data-element_type=\"section\" data-e-type=\"section\">\n\t\t\t\t\t\t<div class=\"elementor-container elementor-column-gap-default\">\n\t\t\t\t\t<div class=\"elementor-column elementor-col-100 elementor-top-column elementor-element elementor-element-149395ba\" data-id=\"149395ba\" data-element_type=\"column\" data-e-type=\"column\">\n\t\t\t<div class=\"elementor-widget-wrap elementor-element-populated\">\n\t\t\t\t\t\t<div class=\"elementor-element elementor-element-1f278361 elementor-widget elementor-widget-text-editor\" data-id=\"1f278361\" data-element_type=\"widget\" data-e-type=\"widget\" data-widget_type=\"text-editor.default\">\n\t\t\t\t<div class=\"elementor-widget-container\">\n\t\t\t\t\t\t\t\t\tTeraz, kiedy jeste\u015bmy we wsp\u00f3lnocie, naprawd\u0119 zaczynamy si\u0119 rozwija\u0107. Inni wok\u00f3\u0142 mnie robi\u0105 post\u0119py i poci\u0105gaj\u0105 mnie za sob\u0105. A wi\u0119c i ja zaczynam i\u015b\u0107 naprz\u00f3d.\t\t\t\t\t\t\t\t\t<\/div>\n\t\t\t\t<\/div>\n\t\t\t\t<div class=\"elementor-element elementor-element-1dd82614 sourcecitation elementor-widget elementor-widget-heading\" data-id=\"1dd82614\" data-element_type=\"widget\" data-e-type=\"widget\" data-widget_type=\"heading.default\">\n\t\t\t\t<div class=\"elementor-widget-container\">\n\t\t\t\t\t<p class=\"elementor-heading-title elementor-size-large\">Rozmowa z 23 V 1976 r.<\/p>\t\t\t\t<\/div>\n\t\t\t\t<\/div>\n\t\t\t\t\t<\/div>\n\t\t<\/div>\n\t\t\t\t\t<\/div>\n\t\t<\/section>\n\t\t\t\t<section class=\"elementor-section elementor-top-section elementor-element elementor-element-5c3c4c0c elementor-section-boxed elementor-section-height-default elementor-section-height-default\" data-id=\"5c3c4c0c\" data-element_type=\"section\" data-e-type=\"section\">\n\t\t\t\t\t\t<div class=\"elementor-container elementor-column-gap-default\">\n\t\t\t\t\t<div class=\"elementor-column elementor-col-100 elementor-top-column elementor-element elementor-element-1179da99\" data-id=\"1179da99\" data-element_type=\"column\" data-e-type=\"column\">\n\t\t\t<div class=\"elementor-widget-wrap elementor-element-populated\">\n\t\t\t\t\t\t<div class=\"elementor-element elementor-element-1c33b88c elementor-widget elementor-widget-text-editor\" data-id=\"1c33b88c\" data-element_type=\"widget\" data-e-type=\"widget\" data-widget_type=\"text-editor.default\">\n\t\t\t\t<div class=\"elementor-widget-container\">\n\t\t\t\t\t\t\t\t\tJe\u015bli naprawd\u0119 starasz si\u0119 kocha\u0107 innych, Pan otwiera twoje serce na mi\u0142o\u015b\u0107 do innych. Staje si\u0119 ono w\u00f3wczas otwarte na Ducha \u015awi\u0119tego. Zaczynasz go s\u0142ysze\u0107&#8230;\t\t\t\t\t\t\t\t\t<\/div>\n\t\t\t\t<\/div>\n\t\t\t\t<div class=\"elementor-element elementor-element-2c4e5cf1 sourcecitation elementor-widget elementor-widget-heading\" data-id=\"2c4e5cf1\" data-element_type=\"widget\" data-e-type=\"widget\" data-widget_type=\"heading.default\">\n\t\t\t\t<div class=\"elementor-widget-container\">\n\t\t\t\t\t<p class=\"elementor-heading-title elementor-size-large\">Warsztaty \u00abOd grup modlitewnych do wsp\u00f3lnoty\u00bb, sesje letnie w Paray-le-Monial 5-9 VII 1979 r.\n6 VII 1979 r.<\/p>\t\t\t\t<\/div>\n\t\t\t\t<\/div>\n\t\t\t\t\t<\/div>\n\t\t<\/div>\n\t\t\t\t\t<\/div>\n\t\t<\/section>\n\t\t\t\t<section class=\"elementor-section elementor-top-section elementor-element elementor-element-512464fe elementor-section-boxed elementor-section-height-default elementor-section-height-default\" data-id=\"512464fe\" data-element_type=\"section\" data-e-type=\"section\">\n\t\t\t\t\t\t<div class=\"elementor-container elementor-column-gap-default\">\n\t\t\t\t\t<div class=\"elementor-column elementor-col-100 elementor-top-column elementor-element elementor-element-14c64e9b\" data-id=\"14c64e9b\" data-element_type=\"column\" data-e-type=\"column\">\n\t\t\t<div class=\"elementor-widget-wrap elementor-element-populated\">\n\t\t\t\t\t\t<div class=\"elementor-element elementor-element-28cc1d6f elementor-widget elementor-widget-text-editor\" data-id=\"28cc1d6f\" data-element_type=\"widget\" data-e-type=\"widget\" data-widget_type=\"text-editor.default\">\n\t\t\t\t<div class=\"elementor-widget-container\">\n\t\t\t\t\t\t\t\t\tCzasami my\u015blisz sobie: \u201eOni mnie okropnie denerwuj\u0105, ale jak ja musz\u0119 ich denerwowa\u0107!\u201d Wtedy, stopniowo, zaczynasz stawa\u0107 si\u0119 mi\u0142osierny dla innych, dla siebie i dla Jezusa, kt\u00f3ry tak bardzo za nas cierpia\u0142.\t\t\t\t\t\t\t\t\t<\/div>\n\t\t\t\t<\/div>\n\t\t\t\t<div class=\"elementor-element elementor-element-57bf4213 sourcecitation elementor-widget elementor-widget-heading\" data-id=\"57bf4213\" data-element_type=\"widget\" data-e-type=\"widget\" data-widget_type=\"heading.default\">\n\t\t\t\t<div class=\"elementor-widget-container\">\n\t\t\t\t\t<p class=\"elementor-heading-title elementor-size-large\">Warsztaty \u00abOd grup modlitewnych do wsp\u00f3lnoty\u00bb, sesje letnie w Paray-le-Monial 5-9 VII 1979 r.\n6 VII 1979 r.<\/p>\t\t\t\t<\/div>\n\t\t\t\t<\/div>\n\t\t\t\t\t<\/div>\n\t\t<\/div>\n\t\t\t\t\t<\/div>\n\t\t<\/section>\n\t\t\t\t<section class=\"elementor-section elementor-top-section elementor-element elementor-element-13bf9be elementor-section-boxed elementor-section-height-default elementor-section-height-default\" data-id=\"13bf9be\" data-element_type=\"section\" data-e-type=\"section\">\n\t\t\t\t\t\t<div class=\"elementor-container elementor-column-gap-default\">\n\t\t\t\t\t<div class=\"elementor-column elementor-col-100 elementor-top-column elementor-element elementor-element-dbcac17\" data-id=\"dbcac17\" data-element_type=\"column\" data-e-type=\"column\">\n\t\t\t<div class=\"elementor-widget-wrap elementor-element-populated\">\n\t\t\t\t\t\t<div class=\"elementor-element elementor-element-eb4ca04 citationserif elementor-widget elementor-widget-heading\" data-id=\"eb4ca04\" data-element_type=\"widget\" data-e-type=\"widget\" data-settings=\"{&quot;_animation&quot;:&quot;none&quot;}\" data-widget_type=\"heading.default\">\n\t\t\t\t<div class=\"elementor-widget-container\">\n\t\t\t\t\t<h4 class=\"elementor-heading-title elementor-size-medium\">Jak budowa\u0107 Wsp\u00f3lnot\u0119<\/h4>\t\t\t\t<\/div>\n\t\t\t\t<\/div>\n\t\t\t\t\t<\/div>\n\t\t<\/div>\n\t\t\t\t\t<\/div>\n\t\t<\/section>\n\t\t\t\t<section class=\"elementor-section elementor-top-section elementor-element elementor-element-588015b3 elementor-section-boxed elementor-section-height-default elementor-section-height-default\" data-id=\"588015b3\" data-element_type=\"section\" data-e-type=\"section\">\n\t\t\t\t\t\t<div class=\"elementor-container elementor-column-gap-default\">\n\t\t\t\t\t<div class=\"elementor-column elementor-col-100 elementor-top-column elementor-element elementor-element-afc4ac9\" data-id=\"afc4ac9\" data-element_type=\"column\" data-e-type=\"column\">\n\t\t\t<div class=\"elementor-widget-wrap elementor-element-populated\">\n\t\t\t\t\t\t<div class=\"elementor-element elementor-element-275e9aa8 elementor-widget elementor-widget-text-editor\" data-id=\"275e9aa8\" data-element_type=\"widget\" data-e-type=\"widget\" data-widget_type=\"text-editor.default\">\n\t\t\t\t<div class=\"elementor-widget-container\">\n\t\t\t\t\t\t\t\t\t&#8220;Istniej\u0105 dwa sposoby tworzenia wsp\u00f3lnoty. W pierwszym z nich, kto\u015b stwierdza: \u201eto nie by\u0142oby z\u0142e, zbior\u0119 wok\u00f3\u0142 siebie ma\u0142\u0105 grup\u0119 os\u00f3b, zaprosz\u0119 tego, tego i tego\u2026\u201d. Taka wsp\u00f3lnota d\u0142ugo nie przetrwa. Stosuj\u0105c drugi spos\u00f3b, m\u00f3wi\u0119: \u201eNie mo\u017cna i\u015b\u0107 za szybko, popatrz tylko na braci, musisz rozezna\u0107! I ka\u017cdy rozeznaje, opieraj\u0105c si\u0119 na rozeznawaniu rozeznania braci!&#8230; Nale\u017cy rozeznawa\u0107, ale rozeznawa\u0107 sercem. Prosimy Jezusa: \u201ePanie, po\u015blij mi ludzi, aby utworzy\u0107 ten zesp\u00f3\u0142\u201d. A je\u015bli to rzeczywi\u015bcie Jezus ich posy\u0142a, to wszystko samo si\u0119 u\u0142o\u017cy. Ale nie r\u00f3bcie tego po ludzku. Poczekaj mo\u017ce nawet i p\u00f3\u0142 roku, b\u0105d\u017a sam i pro\u015b: \u201ePanie, po\u015blij mnie&#8230;\u201d, m\u00f3dl si\u0119. Je\u015bli b\u0119dziesz si\u0119 modli\u0107, to na pewno rozwi\u0105zanie si\u0119 pojawi. [&#8230;] \nZ czasem Pan wska\u017ce ci drogi, kt\u00f3rymi masz pod\u0105\u017ca\u0107, bez budowania struktur.&#8221;\t\t\t\t\t\t\t\t\t<\/div>\n\t\t\t\t<\/div>\n\t\t\t\t<div class=\"elementor-element elementor-element-1a004c58 sourcecitation elementor-widget elementor-widget-heading\" data-id=\"1a004c58\" data-element_type=\"widget\" data-e-type=\"widget\" data-widget_type=\"heading.default\">\n\t\t\t\t<div class=\"elementor-widget-container\">\n\t\t\t\t\t<p class=\"elementor-heading-title elementor-size-large\">Spotkanie w V\u00e9zelay VII 1974 r.<\/p>\t\t\t\t<\/div>\n\t\t\t\t<\/div>\n\t\t\t\t\t<\/div>\n\t\t<\/div>\n\t\t\t\t\t<\/div>\n\t\t<\/section>\n\t\t\t\t<section class=\"elementor-section elementor-top-section elementor-element elementor-element-62fe4206 animated-slow elementor-section-boxed elementor-section-height-default elementor-section-height-default elementor-invisible\" data-id=\"62fe4206\" data-element_type=\"section\" data-e-type=\"section\" data-settings=\"{&quot;animation&quot;:&quot;fadeIn&quot;}\">\n\t\t\t\t\t\t<div class=\"elementor-container elementor-column-gap-default\">\n\t\t\t\t\t<div class=\"elementor-column elementor-col-100 elementor-top-column elementor-element elementor-element-70ef3d4b\" data-id=\"70ef3d4b\" data-element_type=\"column\" data-e-type=\"column\">\n\t\t\t<div class=\"elementor-widget-wrap elementor-element-populated\">\n\t\t\t\t\t\t<div class=\"elementor-element elementor-element-138eed66 citationserif elementor-invisible elementor-widget elementor-widget-heading\" data-id=\"138eed66\" data-element_type=\"widget\" data-e-type=\"widget\" data-settings=\"{&quot;_animation&quot;:&quot;fadeIn&quot;}\" data-widget_type=\"heading.default\">\n\t\t\t\t<div class=\"elementor-widget-container\">\n\t\t\t\t\t<h3 class=\"elementor-heading-title elementor-size-default\">Do wsp\u00f3lnoty si\u0119 nie wst\u0119puje, ale si\u0119 j\u0105 tworzy.<\/h3>\t\t\t\t<\/div>\n\t\t\t\t<\/div>\n\t\t\t\t<div class=\"elementor-element elementor-element-59c5703e sourcecitation elementor-widget elementor-widget-heading\" data-id=\"59c5703e\" data-element_type=\"widget\" data-e-type=\"widget\" data-widget_type=\"heading.default\">\n\t\t\t\t<div class=\"elementor-widget-container\">\n\t\t\t\t\t<p class=\"elementor-heading-title elementor-size-large\">\tWeekend wsp\u00f3lnotowy 27-28 XI 1976 r.<\/p>\t\t\t\t<\/div>\n\t\t\t\t<\/div>\n\t\t\t\t\t<\/div>\n\t\t<\/div>\n\t\t\t\t\t<\/div>\n\t\t<\/section>\n\t\t\t\t<section class=\"elementor-section elementor-top-section elementor-element elementor-element-76960766 elementor-section-boxed elementor-section-height-default elementor-section-height-default\" data-id=\"76960766\" data-element_type=\"section\" data-e-type=\"section\">\n\t\t\t\t\t\t<div class=\"elementor-container elementor-column-gap-default\">\n\t\t\t\t\t<div class=\"elementor-column elementor-col-100 elementor-top-column elementor-element elementor-element-44bcd5e1\" data-id=\"44bcd5e1\" data-element_type=\"column\" data-e-type=\"column\">\n\t\t\t<div class=\"elementor-widget-wrap elementor-element-populated\">\n\t\t\t\t\t\t<div class=\"elementor-element elementor-element-766d93af elementor-widget elementor-widget-text-editor\" data-id=\"766d93af\" data-element_type=\"widget\" data-e-type=\"widget\" data-widget_type=\"text-editor.default\">\n\t\t\t\t<div class=\"elementor-widget-container\">\n\t\t\t\t\t\t\t\t\t\u0141aska Wsp\u00f3lnoty&#8230; Jak ka\u017cda \u0142aska, jest ona darem Bo\u017cym; trzeba o ni\u0105 prosi\u0107 Pana. [&#8230;] Jest absolutnie konieczne, by\u015bcie \u017cyli \u0142ask\u0105 Wsp\u00f3lnoty&#8230; Tyle mo\u017cemy otrzyma\u0107 dzi\u0119ki niej, \u017ce naprawd\u0119 ogromn\u0105 strat\u0105 by\u0142oby, gdyby\u015bmy si\u0119 na te skarby nie otwierali. Je\u015bli nimi \u017cyjemy, to do\u015bwiadczamy przemiany, kt\u00f3ra dokonuje si\u0119 w rado\u015bci!\t\t\t\t\t\t\t\t\t<\/div>\n\t\t\t\t<\/div>\n\t\t\t\t<div class=\"elementor-element elementor-element-1fe76d27 sourcecitation elementor-widget elementor-widget-heading\" data-id=\"1fe76d27\" data-element_type=\"widget\" data-e-type=\"widget\" data-widget_type=\"heading.default\">\n\t\t\t\t<div class=\"elementor-widget-container\">\n\t\t\t\t\t<p class=\"elementor-heading-title elementor-size-large\">Weekend wsp\u00f3lnotowy, 20 IX 1981 r.<\/p>\t\t\t\t<\/div>\n\t\t\t\t<\/div>\n\t\t\t\t\t<\/div>\n\t\t<\/div>\n\t\t\t\t\t<\/div>\n\t\t<\/section>\n\t\t\t\t<section class=\"elementor-section elementor-top-section elementor-element elementor-element-16bf9d86 elementor-section-boxed elementor-section-height-default elementor-section-height-default\" data-id=\"16bf9d86\" data-element_type=\"section\" data-e-type=\"section\">\n\t\t\t\t\t\t<div class=\"elementor-container elementor-column-gap-default\">\n\t\t\t\t\t<div class=\"elementor-column elementor-col-100 elementor-top-column elementor-element elementor-element-2554eaf8\" data-id=\"2554eaf8\" data-element_type=\"column\" data-e-type=\"column\">\n\t\t\t<div class=\"elementor-widget-wrap elementor-element-populated\">\n\t\t\t\t\t\t<div class=\"elementor-element elementor-element-1181293b elementor-widget elementor-widget-text-editor\" data-id=\"1181293b\" data-element_type=\"widget\" data-e-type=\"widget\" data-widget_type=\"text-editor.default\">\n\t\t\t\t<div class=\"elementor-widget-container\">\n\t\t\t\t\t\t\t\t\tWi\u0119kszo\u015b\u0107 ludzi chcia\u0142aby normalnego \u017cycia [&#8230;], by \u017cycie chrze\u015bcija\u0144skie by\u0142o mo\u017cliwe. [&#8230;] Je\u015bli stworz\u0105 dostatecznie liczn\u0105 grup\u0119, mog\u0105 wtedy proponowa\u0107 inny styl \u017cycia (zw\u0142aszcza w trudnych sytuacjach). Ale gdy b\u0119d\u0105 sami, nie dadz\u0105 rady, zostan\u0105 zmia\u017cd\u017ceni&#8230; Naprawd\u0119 musimy by\u0107 realistami i nie pakowa\u0107 si\u0119 w trudne sytuacje. Mamy wi\u0119c wyb\u00f3r pomi\u0119dzy ca\u0142kowitym odrzuceniem \u015bwiata i ucieczk\u0105 a roztropno\u015bci\u0105. Chodzi o pogodzenie \u201eroztropno\u015bci w\u0119\u017ca z nieskazitelno\u015bci\u0105 go\u0142\u0119bicy\u201d. Miejmy serce proste, ale nie naiwne.\t\t\t\t\t\t\t\t\t<\/div>\n\t\t\t\t<\/div>\n\t\t\t\t<div class=\"elementor-element elementor-element-690ee58a sourcecitation elementor-widget elementor-widget-heading\" data-id=\"690ee58a\" data-element_type=\"widget\" data-e-type=\"widget\" data-widget_type=\"heading.default\">\n\t\t\t\t<div class=\"elementor-widget-container\">\n\t\t\t\t\t<p class=\"elementor-heading-title elementor-size-large\">Sprawozdanie z podr\u00f3\u017cy do USA podczas sesji w Aiguebelle 16 V 1976 r.<\/p>\t\t\t\t<\/div>\n\t\t\t\t<\/div>\n\t\t\t\t\t<\/div>\n\t\t<\/div>\n\t\t\t\t\t<\/div>\n\t\t<\/section>\n\t\t\t\t<section class=\"elementor-section elementor-top-section elementor-element elementor-element-658bca87 elementor-section-boxed elementor-section-height-default elementor-section-height-default\" data-id=\"658bca87\" data-element_type=\"section\" data-e-type=\"section\">\n\t\t\t\t\t\t<div class=\"elementor-container elementor-column-gap-default\">\n\t\t\t\t\t<div class=\"elementor-column elementor-col-100 elementor-top-column elementor-element elementor-element-b45a859\" data-id=\"b45a859\" data-element_type=\"column\" data-e-type=\"column\">\n\t\t\t<div class=\"elementor-widget-wrap elementor-element-populated\">\n\t\t\t\t\t\t<div class=\"elementor-element elementor-element-64a276a5 elementor-widget elementor-widget-text-editor\" data-id=\"64a276a5\" data-element_type=\"widget\" data-e-type=\"widget\" data-widget_type=\"text-editor.default\">\n\t\t\t\t<div class=\"elementor-widget-container\">\n\t\t\t\t\t\t\t\t\tJest to o wiele bardziej praktyczne rozwi\u0105zanie dla nowych wsp\u00f3lnot, zw\u0142aszcza we Francji, gdzie w wielu miejscach wyst\u0119puj\u0105 du\u017ce trudno\u015bci mieszkaniowe. Wsp\u00f3lnota \u017cycia nie rezydencyjna [bez wsp\u00f3lnego zamieszkiwania] jest wsp\u00f3lnot\u0105, w kt\u00f3rej naprawd\u0119 si\u0119 wspieramy, jeste\u015bmy razem, ale nie mieszkamy razem.\t\t\t\t\t\t\t\t\t<\/div>\n\t\t\t\t<\/div>\n\t\t\t\t<div class=\"elementor-element elementor-element-7dfcda85 sourcecitation elementor-widget elementor-widget-heading\" data-id=\"7dfcda85\" data-element_type=\"widget\" data-e-type=\"widget\" data-widget_type=\"heading.default\">\n\t\t\t\t<div class=\"elementor-widget-container\">\n\t\t\t\t\t<p class=\"elementor-heading-title elementor-size-large\">Sprawozdanie z podr\u00f3\u017cy do USA podczas sesji w Aiguebelle 16 V 1976 r.<\/p>\t\t\t\t<\/div>\n\t\t\t\t<\/div>\n\t\t\t\t\t<\/div>\n\t\t<\/div>\n\t\t\t\t\t<\/div>\n\t\t<\/section>\n\t\t\t\t<section class=\"elementor-section elementor-top-section elementor-element elementor-element-a4bdd94 elementor-section-boxed elementor-section-height-default elementor-section-height-default\" data-id=\"a4bdd94\" data-element_type=\"section\" data-e-type=\"section\">\n\t\t\t\t\t\t<div class=\"elementor-container elementor-column-gap-default\">\n\t\t\t\t\t<div class=\"elementor-column elementor-col-100 elementor-top-column elementor-element elementor-element-53c3afd\" data-id=\"53c3afd\" data-element_type=\"column\" data-e-type=\"column\">\n\t\t\t<div class=\"elementor-widget-wrap elementor-element-populated\">\n\t\t\t\t\t\t<div class=\"elementor-element elementor-element-7a3575ba citationserif elementor-widget elementor-widget-heading\" data-id=\"7a3575ba\" data-element_type=\"widget\" data-e-type=\"widget\" data-settings=\"{&quot;_animation&quot;:&quot;none&quot;}\" data-widget_type=\"heading.default\">\n\t\t\t\t<div class=\"elementor-widget-container\">\n\t\t\t\t\t<h4 class=\"elementor-heading-title elementor-size-medium\">Krytyka<\/h4>\t\t\t\t<\/div>\n\t\t\t\t<\/div>\n\t\t\t\t\t<\/div>\n\t\t<\/div>\n\t\t\t\t\t<\/div>\n\t\t<\/section>\n\t\t\t\t<section class=\"elementor-section elementor-top-section elementor-element elementor-element-3bffb066 elementor-section-boxed elementor-section-height-default elementor-section-height-default\" data-id=\"3bffb066\" data-element_type=\"section\" data-e-type=\"section\">\n\t\t\t\t\t\t<div class=\"elementor-container elementor-column-gap-default\">\n\t\t\t\t\t<div class=\"elementor-column elementor-col-100 elementor-top-column elementor-element elementor-element-1454275f\" data-id=\"1454275f\" data-element_type=\"column\" data-e-type=\"column\">\n\t\t\t<div class=\"elementor-widget-wrap elementor-element-populated\">\n\t\t\t\t\t\t<div class=\"elementor-element elementor-element-4c3b763e elementor-widget elementor-widget-text-editor\" data-id=\"4c3b763e\" data-element_type=\"widget\" data-e-type=\"widget\" data-widget_type=\"text-editor.default\">\n\t\t\t\t<div class=\"elementor-widget-container\">\n\t\t\t\t\t\t\t\t\tStale oceniamy i krytykujemy siebie nawzajem. Jak wi\u0119c mamy kocha\u0107 si\u0119 wzajemnie? Je\u015bli jeste\u015bmy mi\u0142osierni, powiemy [zamiast] \u201each, jaka ona jest denerwuj\u0105ca\u201d &#8211; \u201ejest mo\u017ce troch\u0119 m\u0119cz\u0105ca, ale co z tego&#8230;\u201d. I stopniowo stajemy si\u0119 mi\u0142osierni.\t\t\t\t\t\t\t\t\t<\/div>\n\t\t\t\t<\/div>\n\t\t\t\t<div class=\"elementor-element elementor-element-31fe1fe6 sourcecitation elementor-widget elementor-widget-heading\" data-id=\"31fe1fe6\" data-element_type=\"widget\" data-e-type=\"widget\" data-widget_type=\"heading.default\">\n\t\t\t\t<div class=\"elementor-widget-container\">\n\t\t\t\t\t<p class=\"elementor-heading-title elementor-size-large\">Warsztaty \u00abOd grup modlitewnych do wsp\u00f3lnoty\u00bb, sesje letnie w Paray-le-Monial 5-9 VII 1979 r.\n5 VII 1979 r.<\/p>\t\t\t\t<\/div>\n\t\t\t\t<\/div>\n\t\t\t\t\t<\/div>\n\t\t<\/div>\n\t\t\t\t\t<\/div>\n\t\t<\/section>\n\t\t\t\t<section class=\"elementor-section elementor-top-section elementor-element elementor-element-314bb300 elementor-section-boxed elementor-section-height-default elementor-section-height-default\" data-id=\"314bb300\" data-element_type=\"section\" data-e-type=\"section\">\n\t\t\t\t\t\t<div class=\"elementor-container elementor-column-gap-default\">\n\t\t\t\t\t<div class=\"elementor-column elementor-col-100 elementor-top-column elementor-element elementor-element-7fb64b44\" data-id=\"7fb64b44\" data-element_type=\"column\" data-e-type=\"column\">\n\t\t\t<div class=\"elementor-widget-wrap elementor-element-populated\">\n\t\t\t\t\t\t<div class=\"elementor-element elementor-element-14ba786d elementor-widget elementor-widget-text-editor\" data-id=\"14ba786d\" data-element_type=\"widget\" data-e-type=\"widget\" data-widget_type=\"text-editor.default\">\n\t\t\t\t<div class=\"elementor-widget-container\">\n\t\t\t\t\t\t\t\t\t&#8220;Niekt\u00f3rzy m\u00f3wi\u0105: \u201eMam tak krytyczny umys\u0142, \u017ce od razu widz\u0119, co jest nie tak\u201d&#8230; \nOdpowiadam wtedy: \u201eTo doskonale! Spr\u00f3buj spo\u017cytkowa\u0107 t\u0119 umiej\u0119tno\u015b\u0107 wzgl\u0119dem siebie, a b\u0119dzie dobrze&#8230; Skoro jeste\u015b tak spostrzegawczy, mo\u017ce potrafi\u0142by\u015b dostrzec zalety brata. \n&#8211; Nie! Ja widz\u0119 tylko wady!\n&#8211; C\u00f3\u017c, to spr\u00f3buj poszuka\u0107 zalet\u201d.\nJe\u015bli wi\u0119c naprawd\u0119 si\u0119 przyjrzymy, modl\u0105c si\u0119 do Pana i powiemy: \u201ePanie, poka\u017c mi zalety tego biedaka. By\u0107 mo\u017ce nie ma on wielu zalet, ale pom\u00f3\u017c mi znale\u017a\u0107 cho\u0107 jedn\u0105!\u201d Pan poka\u017ce ci ich wiele, a\u017c trudno ci b\u0119dzie w to uwierzy\u0107! A w ko\u0144cu bardzo go pokochasz i zapomnisz o jego drobnych wadach. \nAle&#8230; to prawda! Pan pomo\u017ce ci poczyni\u0107 post\u0119py w tej materii, zw\u0142aszcza, je\u015bli Go o to poprosisz! [&#8230;] A poza tym w ten spos\u00f3b uczysz si\u0119 postawy mi\u0142o\u015bci wobec innych.&#8221;\t\t\t\t\t\t\t\t\t<\/div>\n\t\t\t\t<\/div>\n\t\t\t\t<div class=\"elementor-element elementor-element-5b015e76 sourcecitation elementor-widget elementor-widget-heading\" data-id=\"5b015e76\" data-element_type=\"widget\" data-e-type=\"widget\" data-widget_type=\"heading.default\">\n\t\t\t\t<div class=\"elementor-widget-container\">\n\t\t\t\t\t<p class=\"elementor-heading-title elementor-size-large\">Weekend wsp\u00f3lnotowy 14-15 VI 1980 r.<\/p>\t\t\t\t<\/div>\n\t\t\t\t<\/div>\n\t\t\t\t\t<\/div>\n\t\t<\/div>\n\t\t\t\t\t<\/div>\n\t\t<\/section>\n\t\t\t\t<section class=\"elementor-section elementor-top-section elementor-element elementor-element-aba13ed elementor-section-boxed elementor-section-height-default elementor-section-height-default\" data-id=\"aba13ed\" data-element_type=\"section\" data-e-type=\"section\">\n\t\t\t\t\t\t<div class=\"elementor-container elementor-column-gap-default\">\n\t\t\t\t\t<div class=\"elementor-column elementor-col-100 elementor-top-column elementor-element elementor-element-69cc74f5\" data-id=\"69cc74f5\" data-element_type=\"column\" data-e-type=\"column\">\n\t\t\t<div class=\"elementor-widget-wrap elementor-element-populated\">\n\t\t\t\t\t\t<div class=\"elementor-element elementor-element-5b9f2b02 elementor-widget elementor-widget-text-editor\" data-id=\"5b9f2b02\" data-element_type=\"widget\" data-e-type=\"widget\" data-widget_type=\"text-editor.default\">\n\t\t\t\t<div class=\"elementor-widget-container\">\n\t\t\t\t\t\t\t\t\tM\u00f3wimy do Pana: \u201eMusisz otworzy\u0107 moje serce! &#8230; ta osoba jest denerwuj\u0105ca, denerwuje mnie, nie dam rady si\u0119 z ni\u0105 dogada\u0107\u201d. Stopniowo Pan ukazuje nam Swoje Oblicze w tym cz\u0142owieku i z czasem zmieniamy swoj\u0105 postaw\u0119.\t\t\t\t\t\t\t\t\t<\/div>\n\t\t\t\t<\/div>\n\t\t\t\t<div class=\"elementor-element elementor-element-2e0bb9b sourcecitation elementor-widget elementor-widget-heading\" data-id=\"2e0bb9b\" data-element_type=\"widget\" data-e-type=\"widget\" data-widget_type=\"heading.default\">\n\t\t\t\t<div class=\"elementor-widget-container\">\n\t\t\t\t\t<p class=\"elementor-heading-title elementor-size-large\">Warsztaty \u00abOd grup modlitewnych do wsp\u00f3lnoty\u00bb, sesje letnie w Paray-le-Monial 5-9 VII 1979 r.\n5 VII 1979 r.<\/p>\t\t\t\t<\/div>\n\t\t\t\t<\/div>\n\t\t\t\t\t<\/div>\n\t\t<\/div>\n\t\t\t\t\t<\/div>\n\t\t<\/section>\n\t\t\t\t<section class=\"elementor-section elementor-top-section elementor-element elementor-element-39678a1 animated-slow elementor-section-boxed elementor-section-height-default elementor-section-height-default elementor-invisible\" data-id=\"39678a1\" data-element_type=\"section\" data-e-type=\"section\" data-settings=\"{&quot;animation&quot;:&quot;fadeIn&quot;}\">\n\t\t\t\t\t\t<div class=\"elementor-container elementor-column-gap-default\">\n\t\t\t\t\t<div class=\"elementor-column elementor-col-100 elementor-top-column elementor-element elementor-element-d929776\" data-id=\"d929776\" data-element_type=\"column\" data-e-type=\"column\">\n\t\t\t<div class=\"elementor-widget-wrap elementor-element-populated\">\n\t\t\t\t\t\t<div class=\"elementor-element elementor-element-35217da citationserif elementor-invisible elementor-widget elementor-widget-heading\" data-id=\"35217da\" data-element_type=\"widget\" data-e-type=\"widget\" data-settings=\"{&quot;_animation&quot;:&quot;fadeIn&quot;}\" data-widget_type=\"heading.default\">\n\t\t\t\t<div class=\"elementor-widget-container\">\n\t\t\t\t\t<h3 class=\"elementor-heading-title elementor-size-default\">M\u00f3wimy wi\u0119c troch\u0119 za du\u017co, a kiedy m\u00f3wimy za du\u017co, no c\u00f3\u017c, m\u00f3wimy rzeczy niepotrzebne, kt\u00f3re nam si\u0119 wymykaj\u0105, takie, kt\u00f3re nie zawsze s\u0105 przyjemne dla drugiego!\t<\/h3>\t\t\t\t<\/div>\n\t\t\t\t<\/div>\n\t\t\t\t<div class=\"elementor-element elementor-element-c7c9785 sourcecitation elementor-widget elementor-widget-heading\" data-id=\"c7c9785\" data-element_type=\"widget\" data-e-type=\"widget\" data-widget_type=\"heading.default\">\n\t\t\t\t<div class=\"elementor-widget-container\">\n\t\t\t\t\t<p class=\"elementor-heading-title elementor-size-large\">Weekend wsp\u00f3lnotowy 14-15 VI 1980 r.<\/p>\t\t\t\t<\/div>\n\t\t\t\t<\/div>\n\t\t\t\t\t<\/div>\n\t\t<\/div>\n\t\t\t\t\t<\/div>\n\t\t<\/section>\n\t\t\t\t<section class=\"elementor-section elementor-top-section elementor-element elementor-element-1912dc0 elementor-section-boxed elementor-section-height-default elementor-section-height-default\" data-id=\"1912dc0\" data-element_type=\"section\" data-e-type=\"section\">\n\t\t\t\t\t\t<div class=\"elementor-container elementor-column-gap-default\">\n\t\t\t\t\t<div class=\"elementor-column elementor-col-100 elementor-top-column elementor-element elementor-element-4c9b7eb9\" data-id=\"4c9b7eb9\" data-element_type=\"column\" data-e-type=\"column\">\n\t\t\t<div class=\"elementor-widget-wrap elementor-element-populated\">\n\t\t\t\t\t\t<div class=\"elementor-element elementor-element-3e2457fd elementor-widget elementor-widget-text-editor\" data-id=\"3e2457fd\" data-element_type=\"widget\" data-e-type=\"widget\" data-widget_type=\"text-editor.default\">\n\t\t\t\t<div class=\"elementor-widget-container\">\n\t\t\t\t\t\t\t\t\tPrzede wszystkim nie patrzmy na siebie. Nie patrzmy te\u017c na innych i nie uwa\u017cajmy ich za wyj\u0105tkowych, ale dostrzegajmy w ka\u017cdym Jezusa. Adorujmy Jezusa w drugim cz\u0142owieku. To jest niesamowite. I o to chodzi!\t\t\t\t\t\t\t\t\t<\/div>\n\t\t\t\t<\/div>\n\t\t\t\t<div class=\"elementor-element elementor-element-44658bf0 sourcecitation elementor-widget elementor-widget-heading\" data-id=\"44658bf0\" data-element_type=\"widget\" data-e-type=\"widget\" data-widget_type=\"heading.default\">\n\t\t\t\t<div class=\"elementor-widget-container\">\n\t\t\t\t\t<p class=\"elementor-heading-title elementor-size-large\">Rekolekcje Bractwa Jezusowego,\n30-31 XII 1977 r.<\/p>\t\t\t\t<\/div>\n\t\t\t\t<\/div>\n\t\t\t\t\t<\/div>\n\t\t<\/div>\n\t\t\t\t\t<\/div>\n\t\t<\/section>\n\t\t\t\t<section class=\"elementor-section elementor-top-section elementor-element elementor-element-3d15f00e elementor-section-boxed elementor-section-height-default elementor-section-height-default\" data-id=\"3d15f00e\" data-element_type=\"section\" data-e-type=\"section\">\n\t\t\t\t\t\t<div class=\"elementor-container elementor-column-gap-default\">\n\t\t\t\t\t<div class=\"elementor-column elementor-col-100 elementor-top-column elementor-element elementor-element-2867617\" data-id=\"2867617\" data-element_type=\"column\" data-e-type=\"column\">\n\t\t\t<div class=\"elementor-widget-wrap elementor-element-populated\">\n\t\t\t\t\t\t<div class=\"elementor-element elementor-element-d9b1b7f elementor-widget elementor-widget-text-editor\" data-id=\"d9b1b7f\" data-element_type=\"widget\" data-e-type=\"widget\" data-widget_type=\"text-editor.default\">\n\t\t\t\t<div class=\"elementor-widget-container\">\n\t\t\t\t\t\t\t\t\tWa\u017cne jest, aby mie\u0107 krytyczny umys\u0142. Nie powiedzia\u0142em &#8220;krytykancki&#8221;, ale &#8220;krytyczny&#8221;! Ludzie cz\u0119sto myl\u0105 te poj\u0119cia. Umys\u0142 krytyczny pozwala dostrzec wnikliwie wszystkie uczucia, wra\u017cenia, doznania&#8230; (cho\u0107 tych dozna\u0144 nie powinno by\u0107 zbyt du\u017co!!!), wszystko, co dzieje si\u0119 w duszy&#8230; Wi\u0119c zamiast komentowa\u0107: \u201e Ten nie jest a\u017c taki \u015bwi\u0119ty; tamten powiedzia\u0142 to, a inny tamto\u201d, [&#8230;] m\u00f3wisz o bracie: \u201eAle\u017c on jest nadzwyczajny, mi\u0142osierny, delikatny i same dobre rzeczy; jest nadzwyczajny i widz\u0119 w nim Pana!\u201d Jeste\u015bmy szcz\u0119\u015bliwi, bo (&#8230;) widzimy zawsze Pana we wszystkich naszych braciach&#8230;\t\t\t\t\t\t\t\t\t<\/div>\n\t\t\t\t<\/div>\n\t\t\t\t<div class=\"elementor-element elementor-element-227f2125 sourcecitation elementor-widget elementor-widget-heading\" data-id=\"227f2125\" data-element_type=\"widget\" data-e-type=\"widget\" data-widget_type=\"heading.default\">\n\t\t\t\t<div class=\"elementor-widget-container\">\n\t\t\t\t\t<p class=\"elementor-heading-title elementor-size-large\">Rekolekcje Bractwa Jezusowego, 31 XII 1979 r.<\/p>\t\t\t\t<\/div>\n\t\t\t\t<\/div>\n\t\t\t\t\t<\/div>\n\t\t<\/div>\n\t\t\t\t\t<\/div>\n\t\t<\/section>\n\t\t\t\t<section class=\"elementor-section elementor-top-section elementor-element elementor-element-61364491 elementor-section-boxed elementor-section-height-default elementor-section-height-default\" data-id=\"61364491\" data-element_type=\"section\" data-e-type=\"section\">\n\t\t\t\t\t\t<div class=\"elementor-container elementor-column-gap-default\">\n\t\t\t\t\t<div class=\"elementor-column elementor-col-100 elementor-top-column elementor-element elementor-element-451327a2\" data-id=\"451327a2\" data-element_type=\"column\" data-e-type=\"column\">\n\t\t\t<div class=\"elementor-widget-wrap elementor-element-populated\">\n\t\t\t\t\t\t<div class=\"elementor-element elementor-element-4bf61633 elementor-widget elementor-widget-text-editor\" data-id=\"4bf61633\" data-element_type=\"widget\" data-e-type=\"widget\" data-widget_type=\"text-editor.default\">\n\t\t\t\t<div class=\"elementor-widget-container\">\n\t\t\t\t\t\t\t\t\t&#8220;Kiedy kto\u015b ci\u0119 krytykuje, powiedz: \u201eTo b\u0142ogos\u0142awie\u0144stwo! Doskonale!\u201d, zanotuj sobie wszystkie krytyczne uwagi i powiedz: \u201eTrzeba przyjrze\u0107 si\u0119 wszystkiemu&#8230; i zmieni\u0107 to, to i tamto&#8230;&#8221;&#8221;, a potem wprowadzasz zmiany w \u017cycie. Krytyk\u0119 mog\u0119 wykorzysta\u0107 jako b\u0142ogos\u0142awie\u0144stwo! Dzi\u0119ki Ci, Panie! Postaram si\u0119 zmieni\u0107. To Pan pracuje nade mn\u0105 za po\u015brednictwem braci. \nPanie Jezu, naprawd\u0119 nam pom\u00f3\u017c! Jeste\u015bmy ma\u0142ymi dzie\u0107mi. A Ty jeste\u015b dobrym nauczycielem, jeste\u015b dobry, mi\u0142osierny, jeste\u015b Mi\u0142o\u015bci\u0105 mi\u0142osiern\u0105 i naprawd\u0119 chcesz, by\u015bmy wzrastali w tej Mi\u0142o\u015bci.&#8221;\t\t\t\t\t\t\t\t\t<\/div>\n\t\t\t\t<\/div>\n\t\t\t\t<div class=\"elementor-element elementor-element-534a3b6b sourcecitation elementor-widget elementor-widget-heading\" data-id=\"534a3b6b\" data-element_type=\"widget\" data-e-type=\"widget\" data-widget_type=\"heading.default\">\n\t\t\t\t<div class=\"elementor-widget-container\">\n\t\t\t\t\t<p class=\"elementor-heading-title elementor-size-large\">Rekolekcje Bractwa Jezusowego,\nBo\u017ce Narodzenie 1980 r.\nNauczanie 2<\/p>\t\t\t\t<\/div>\n\t\t\t\t<\/div>\n\t\t\t\t\t<\/div>\n\t\t<\/div>\n\t\t\t\t\t<\/div>\n\t\t<\/section>\n\t\t\t\t<section class=\"elementor-section elementor-top-section elementor-element elementor-element-5b6fa1c7 elementor-section-boxed elementor-section-height-default elementor-section-height-default\" data-id=\"5b6fa1c7\" data-element_type=\"section\" data-e-type=\"section\">\n\t\t\t\t\t\t<div class=\"elementor-container elementor-column-gap-default\">\n\t\t\t\t\t<div class=\"elementor-column elementor-col-100 elementor-top-column elementor-element elementor-element-d24ee3c\" data-id=\"d24ee3c\" data-element_type=\"column\" data-e-type=\"column\">\n\t\t\t<div class=\"elementor-widget-wrap elementor-element-populated\">\n\t\t\t\t\t\t<div class=\"elementor-element elementor-element-7f4f00a5 elementor-widget elementor-widget-text-editor\" data-id=\"7f4f00a5\" data-element_type=\"widget\" data-e-type=\"widget\" data-widget_type=\"text-editor.default\">\n\t\t\t\t<div class=\"elementor-widget-container\">\n\t\t\t\t\t\t\t\t\tBy trwa\u0107 w rado\u015bci, musimy by\u0107 razem z bra\u0107mi, nosi\u0107 brzemiona jedni drugich, w\u00f3wczas \u201ejarzmo b\u0119dzie s\u0142odkie, a brzemi\u0119 lekkie\u201d&#8230; Dlatego zawsze b\u0119d\u0119 powtarza\u0142 wam: \u201eMi\u0142ujcie si\u0119 wzajemnie (stale to samo, jak \u015bwi\u0119ty Jan), kochajcie jedni drugich, a wtedy wszystko b\u0119dzie dobrze&#8221;. \t\t\t\t\t\t\t\t<\/div>\n\t\t\t\t<\/div>\n\t\t\t\t<div class=\"elementor-element elementor-element-5606f474 sourcecitation elementor-widget elementor-widget-heading\" data-id=\"5606f474\" data-element_type=\"widget\" data-e-type=\"widget\" data-widget_type=\"heading.default\">\n\t\t\t\t<div class=\"elementor-widget-container\">\n\t\t\t\t\t<p class=\"elementor-heading-title elementor-size-large\">A wi\u0119c naprawd\u0119 trwajmy w jedno\u015bci!\tSpotkanie grup Emmanuela 13 III 1976 r.<\/p>\t\t\t\t<\/div>\n\t\t\t\t<\/div>\n\t\t\t\t\t<\/div>\n\t\t<\/div>\n\t\t\t\t\t<\/div>\n\t\t<\/section>\n\t\t\t\t<section class=\"elementor-section elementor-top-section elementor-element elementor-element-be1d1bb elementor-section-boxed elementor-section-height-default elementor-section-height-default\" data-id=\"be1d1bb\" data-element_type=\"section\" data-e-type=\"section\">\n\t\t\t\t\t\t<div class=\"elementor-container elementor-column-gap-default\">\n\t\t\t\t\t<div class=\"elementor-column elementor-col-100 elementor-top-column elementor-element elementor-element-3cc18623\" data-id=\"3cc18623\" data-element_type=\"column\" data-e-type=\"column\">\n\t\t\t<div class=\"elementor-widget-wrap elementor-element-populated\">\n\t\t\t\t\t\t<div class=\"elementor-element elementor-element-5db04dbf elementor-widget elementor-widget-text-editor\" data-id=\"5db04dbf\" data-element_type=\"widget\" data-e-type=\"widget\" data-widget_type=\"text-editor.default\">\n\t\t\t\t<div class=\"elementor-widget-container\">\n\t\t\t\t\t\t\t\t\tJe\u015bli kto\u015b wst\u0119puje do [Wsp\u00f3lnoty], a jest nas tu sto trzydzie\u015bcioro, to m\u00f3wi: &#8220;Panie, oddaj\u0119 si\u0119 Tobie&#8221;. W akcie wiary oddajemy si\u0119 Panu, a tak\u017ce braciom&#8230; I codziennie prosimy, by\u015bmy mogli oddawa\u0107 siebie i modli\u0107 si\u0119 razem.\t\t\t\t\t\t\t\t\t<\/div>\n\t\t\t\t<\/div>\n\t\t\t\t<div class=\"elementor-element elementor-element-7edf670d sourcecitation elementor-widget elementor-widget-heading\" data-id=\"7edf670d\" data-element_type=\"widget\" data-e-type=\"widget\" data-widget_type=\"heading.default\">\n\t\t\t\t<div class=\"elementor-widget-container\">\n\t\t\t\t\t<p class=\"elementor-heading-title elementor-size-large\">Weekend wsp\u00f3lnotowy 18-19 VI 1977 r.<\/p>\t\t\t\t<\/div>\n\t\t\t\t<\/div>\n\t\t\t\t\t<\/div>\n\t\t<\/div>\n\t\t\t\t\t<\/div>\n\t\t<\/section>\n\t\t\t\t<section class=\"elementor-section elementor-top-section elementor-element elementor-element-74470af7 elementor-section-boxed elementor-section-height-default elementor-section-height-default\" data-id=\"74470af7\" data-element_type=\"section\" data-e-type=\"section\">\n\t\t\t\t\t\t<div class=\"elementor-container elementor-column-gap-default\">\n\t\t\t\t\t<div class=\"elementor-column elementor-col-100 elementor-top-column elementor-element elementor-element-7333596d\" data-id=\"7333596d\" data-element_type=\"column\" data-e-type=\"column\">\n\t\t\t<div class=\"elementor-widget-wrap elementor-element-populated\">\n\t\t\t\t\t\t<div class=\"elementor-element elementor-element-adb3ea2 elementor-widget elementor-widget-text-editor\" data-id=\"adb3ea2\" data-element_type=\"widget\" data-e-type=\"widget\" data-widget_type=\"text-editor.default\">\n\t\t\t\t<div class=\"elementor-widget-container\">\n\t\t\t\t\t\t\t\t\tWsp\u00f3lnota nie jest instytucj\u0105. Ca\u0142e szcz\u0119\u015bcie! Wsp\u00f3lnota istnieje przede wszystkim dla os\u00f3b, jest wsp\u00f3lnot\u0105 mi\u0142o\u015bci i wi\u0119zi duchowej mi\u0119dzy nami. To jest najwa\u017cniejsze, bo je\u015bli nie mamy mi\u0142o\u015bci do siebie nawzajem, jeste\u015bmy k\u0142amcami. Nie mo\u017cna kocha\u0107 Boga, je\u015bli nie kocha si\u0119 bli\u017aniego. Wszyscy o tym wiecie, ale nie wolno wam nigdy o tym zapomina\u0107.\t\t\t\t\t\t\t\t\t<\/div>\n\t\t\t\t<\/div>\n\t\t\t\t<div class=\"elementor-element elementor-element-3e660e77 sourcecitation elementor-widget elementor-widget-heading\" data-id=\"3e660e77\" data-element_type=\"widget\" data-e-type=\"widget\" data-widget_type=\"heading.default\">\n\t\t\t\t<div class=\"elementor-widget-container\">\n\t\t\t\t\t<p class=\"elementor-heading-title elementor-size-large\">Weekend wsp\u00f3lnotowy 1 IV 1979 r.<\/p>\t\t\t\t<\/div>\n\t\t\t\t<\/div>\n\t\t\t\t\t<\/div>\n\t\t<\/div>\n\t\t\t\t\t<\/div>\n\t\t<\/section>\n\t\t\t\t<section class=\"elementor-section elementor-top-section elementor-element elementor-element-56016ec4 elementor-section-boxed elementor-section-height-default elementor-section-height-default\" data-id=\"56016ec4\" data-element_type=\"section\" data-e-type=\"section\">\n\t\t\t\t\t\t<div class=\"elementor-container elementor-column-gap-default\">\n\t\t\t\t\t<div class=\"elementor-column elementor-col-100 elementor-top-column elementor-element elementor-element-6e1e1946\" data-id=\"6e1e1946\" data-element_type=\"column\" data-e-type=\"column\">\n\t\t\t<div class=\"elementor-widget-wrap elementor-element-populated\">\n\t\t\t\t\t\t<div class=\"elementor-element elementor-element-d9cf3dd elementor-widget elementor-widget-text-editor\" data-id=\"d9cf3dd\" data-element_type=\"widget\" data-e-type=\"widget\" data-widget_type=\"text-editor.default\">\n\t\t\t\t<div class=\"elementor-widget-container\">\n\t\t\t\t\t\t\t\t\tW \u015bwiecie, kt\u00f3ry oszala\u0142, nieustannie si\u0119 potykamy. Ale we Wsp\u00f3lnocie zach\u0119camy si\u0119 wzajemnie: \u201eDzisiaj jeste\u015b zm\u0119czony, ale ja ci\u0119 troch\u0119 wespr\u0119\u201d. A nast\u0119pnego dnia on b\u0119dzie zm\u0119czony, a ty go wspierasz. I krok za krokiem, idziemy razem. Jest to wielka rado\u015b\u0107, poniewa\u017c wiemy, \u017ce Pan stworzy\u0142 wsp\u00f3lnot\u0119, by nam pom\u00f3c, by\u015bmy mogli wytrwa\u0107, \u017cy\u0107 w nadziei i rado\u015bci.\t\t\t\t\t\t\t\t\t<\/div>\n\t\t\t\t<\/div>\n\t\t\t\t<div class=\"elementor-element elementor-element-6b98d183 sourcecitation elementor-widget elementor-widget-heading\" data-id=\"6b98d183\" data-element_type=\"widget\" data-e-type=\"widget\" data-widget_type=\"heading.default\">\n\t\t\t\t<div class=\"elementor-widget-container\">\n\t\t\t\t\t<p class=\"elementor-heading-title elementor-size-large\">Weekend wsp\u00f3lnotowy 17-18 V 1980 r.<\/p>\t\t\t\t<\/div>\n\t\t\t\t<\/div>\n\t\t\t\t\t<\/div>\n\t\t<\/div>\n\t\t\t\t\t<\/div>\n\t\t<\/section>\n\t\t\t\t<section class=\"elementor-section elementor-top-section elementor-element elementor-element-4a2ad031 elementor-section-boxed elementor-section-height-default elementor-section-height-default\" data-id=\"4a2ad031\" data-element_type=\"section\" data-e-type=\"section\">\n\t\t\t\t\t\t<div class=\"elementor-container elementor-column-gap-default\">\n\t\t\t\t\t<div class=\"elementor-column elementor-col-100 elementor-top-column elementor-element elementor-element-595687d7\" data-id=\"595687d7\" data-element_type=\"column\" data-e-type=\"column\">\n\t\t\t<div class=\"elementor-widget-wrap elementor-element-populated\">\n\t\t\t\t\t\t<div class=\"elementor-element elementor-element-271ae76d elementor-widget elementor-widget-text-editor\" data-id=\"271ae76d\" data-element_type=\"widget\" data-e-type=\"widget\" data-widget_type=\"text-editor.default\">\n\t\t\t\t<div class=\"elementor-widget-container\">\n\t\t\t\t\t\t\t\t\tTo, co wa\u017cne\u2026 to &#8220;sakrament braci&#8221;, kt\u00f3rzy wspieraj\u0105 si\u0119 nawzajem&#8230; Jest to r\u00f3wnie\u017c pomoc na drodze do \u015bwi\u0119to\u015bci, poniewa\u017c &#8211; jak powiedzia\u0142 \u015bw. Jan od Krzy\u017ca &#8211; bracia maja by\u0107 razem, by trze\u0107 o siebie jak ma\u0142e kamyczki w morzu, by si\u0119 wzajemnie oszlifowa\u0107. To jest \u0142aska!&#8230;\t\t\t\t\t\t\t\t\t<\/div>\n\t\t\t\t<\/div>\n\t\t\t\t<div class=\"elementor-element elementor-element-1ea6b684 sourcecitation elementor-widget elementor-widget-heading\" data-id=\"1ea6b684\" data-element_type=\"widget\" data-e-type=\"widget\" data-widget_type=\"heading.default\">\n\t\t\t\t<div class=\"elementor-widget-container\">\n\t\t\t\t\t<p class=\"elementor-heading-title elementor-size-large\">Rekolekcje Bractwa Jezusowego,\nBo\u017ce Narodzenie 1980 r.\nNauczanie 1<\/p>\t\t\t\t<\/div>\n\t\t\t\t<\/div>\n\t\t\t\t\t<\/div>\n\t\t<\/div>\n\t\t\t\t\t<\/div>\n\t\t<\/section>\n\t\t\t\t<section class=\"elementor-section elementor-top-section elementor-element elementor-element-7315280 animated-slow elementor-section-boxed elementor-section-height-default elementor-section-height-default elementor-invisible\" data-id=\"7315280\" data-element_type=\"section\" data-e-type=\"section\" data-settings=\"{&quot;animation&quot;:&quot;fadeIn&quot;}\">\n\t\t\t\t\t\t<div class=\"elementor-container elementor-column-gap-default\">\n\t\t\t\t\t<div class=\"elementor-column elementor-col-100 elementor-top-column elementor-element elementor-element-6ea4c19\" data-id=\"6ea4c19\" data-element_type=\"column\" data-e-type=\"column\">\n\t\t\t<div class=\"elementor-widget-wrap elementor-element-populated\">\n\t\t\t\t\t\t<div class=\"elementor-element elementor-element-010dc63 citationserif elementor-invisible elementor-widget elementor-widget-heading\" data-id=\"010dc63\" data-element_type=\"widget\" data-e-type=\"widget\" data-settings=\"{&quot;_animation&quot;:&quot;fadeIn&quot;}\" data-widget_type=\"heading.default\">\n\t\t\t\t<div class=\"elementor-widget-container\">\n\t\t\t\t\t<h3 class=\"elementor-heading-title elementor-size-default\">Naprawd\u0119 musimy si\u0119 nawzajem nie\u015b\u0107 i ufa\u0107 \u0142asce Wsp\u00f3lnoty, bo sami nie damy rady, ale razem wytrwamy: to naprawd\u0119 \"Emmanuel, B\u00f3g z nami\".\t<\/h3>\t\t\t\t<\/div>\n\t\t\t\t<\/div>\n\t\t\t\t<div class=\"elementor-element elementor-element-9bdf1fe sourcecitation elementor-widget elementor-widget-heading\" data-id=\"9bdf1fe\" data-element_type=\"widget\" data-e-type=\"widget\" data-widget_type=\"heading.default\">\n\t\t\t\t<div class=\"elementor-widget-container\">\n\t\t\t\t\t<p class=\"elementor-heading-title elementor-size-large\">Weekend wsp\u00f3lnotowy 22 IX 1979 r.<\/p>\t\t\t\t<\/div>\n\t\t\t\t<\/div>\n\t\t\t\t\t<\/div>\n\t\t<\/div>\n\t\t\t\t\t<\/div>\n\t\t<\/section>\n\t\t\t\t<section class=\"elementor-section elementor-top-section elementor-element elementor-element-654f29e1 elementor-section-boxed elementor-section-height-default elementor-section-height-default\" data-id=\"654f29e1\" data-element_type=\"section\" data-e-type=\"section\">\n\t\t\t\t\t\t<div class=\"elementor-container elementor-column-gap-default\">\n\t\t\t\t\t<div class=\"elementor-column elementor-col-100 elementor-top-column elementor-element elementor-element-6ead87bf\" data-id=\"6ead87bf\" data-element_type=\"column\" data-e-type=\"column\">\n\t\t\t<div class=\"elementor-widget-wrap elementor-element-populated\">\n\t\t\t\t\t\t<div class=\"elementor-element elementor-element-27ea0d3a elementor-widget elementor-widget-text-editor\" data-id=\"27ea0d3a\" data-element_type=\"widget\" data-e-type=\"widget\" data-widget_type=\"text-editor.default\">\n\t\t\t\t<div class=\"elementor-widget-container\">\n\t\t\t\t\t\t\t\t\tPowiesz mi: \u201eTo wszystko jest bardzo mi\u0142e. Ale zaczynam mie\u0107 tego do\u015b\u0107! Jest koniec roku, po\u015bwi\u0119ca\u0142em si\u0119 przez ca\u0142y rok! Nikt tego nie doceni\u0142. I nadal nie jest lepiej. Zaczynam mie\u0107 do\u015b\u0107! Bracia zaczynaj\u0105 mnie wkurza\u0107\u201d. Odpowiem na to: \u201eJe\u015bli dopiero zaczynaj\u0105, to nie jest \u017ale!\u201d [&#8230;] M\u00f3wi\u0119 wam: \u201eBracia s\u0105 nadzwyczajni! Mog\u0105 ci\u0119 strasznie denerwowa\u0107, ale mog\u0105 te\u017c bardzo pom\u00f3c!\u201d \u201eSakrament braci\u201d nie jest jakim\u015b zgrabnym terminem wymy\u015blonym przez teolog\u00f3w. To naprawd\u0119 bardzo wa\u017cne poj\u0119cie. We wsp\u00f3lnocie, gdy opieramy si\u0119 na braciach i gdy pokornie m\u00f3wimy: \u201eNie daj\u0119 sobie rady\u201d, wtedy inni zwracaj\u0105 si\u0119 do nas: &#8220;Och, nie radzisz sobie, m\u00f3j kochany? Ja te\u017c nie\u201d. I ju\u017c obaj si\u0119 lepiej czujemy.\t\t\t\t\t\t\t\t\t<\/div>\n\t\t\t\t<\/div>\n\t\t\t\t<div class=\"elementor-element elementor-element-1a08889b sourcecitation elementor-widget elementor-widget-heading\" data-id=\"1a08889b\" data-element_type=\"widget\" data-e-type=\"widget\" data-widget_type=\"heading.default\">\n\t\t\t\t<div class=\"elementor-widget-container\">\n\t\t\t\t\t<p class=\"elementor-heading-title elementor-size-large\">Weekend wsp\u00f3lnotowy, 14-15 VI 1980 r.<\/p>\t\t\t\t<\/div>\n\t\t\t\t<\/div>\n\t\t\t\t\t<\/div>\n\t\t<\/div>\n\t\t\t\t\t<\/div>\n\t\t<\/section>\n\t\t\t\t<section class=\"elementor-section elementor-top-section elementor-element elementor-element-9559bd4 elementor-section-boxed elementor-section-height-default elementor-section-height-default\" data-id=\"9559bd4\" data-element_type=\"section\" data-e-type=\"section\">\n\t\t\t\t\t\t<div class=\"elementor-container elementor-column-gap-default\">\n\t\t\t\t\t<div class=\"elementor-column elementor-col-100 elementor-top-column elementor-element elementor-element-7605b08e\" data-id=\"7605b08e\" data-element_type=\"column\" data-e-type=\"column\">\n\t\t\t<div class=\"elementor-widget-wrap elementor-element-populated\">\n\t\t\t\t\t\t<div class=\"elementor-element elementor-element-74a77dab elementor-widget elementor-widget-text-editor\" data-id=\"74a77dab\" data-element_type=\"widget\" data-e-type=\"widget\" data-widget_type=\"text-editor.default\">\n\t\t\t\t<div class=\"elementor-widget-container\">\n\t\t\t\t\t\t\t\t\t&#8220;Du\u017ce dzie\u0142a wsp\u00f3\u0142tworzy ca\u0142a Wsp\u00f3lnota. Jest to bardzo wa\u017cne. \nDiabe\u0142 chce, aby\u015bcie robili ma\u0142e rzeczy, ka\u017cdy osobno, by\u015bcie nie podejmowali wielkich. Je\u015bli b\u0119dziemy anga\u017cowa\u0107 si\u0119 razem i je\u015bli naprawd\u0119 b\u0119dziemy modli\u0107 si\u0119 do Pana, mo\u017cemy dokona\u0107 wielkich rzeczy, kt\u00f3re was zadziwi\u0105 i uciesz\u0105.&#8221;\t\t\t\t\t\t\t\t\t<\/div>\n\t\t\t\t<\/div>\n\t\t\t\t<div class=\"elementor-element elementor-element-5bcae101 sourcecitation elementor-widget elementor-widget-heading\" data-id=\"5bcae101\" data-element_type=\"widget\" data-e-type=\"widget\" data-widget_type=\"heading.default\">\n\t\t\t\t<div class=\"elementor-widget-container\">\n\t\t\t\t\t<p class=\"elementor-heading-title elementor-size-large\">Weekend wsp\u00f3lnotowy 27-28 XI 1976 r.<\/p>\t\t\t\t<\/div>\n\t\t\t\t<\/div>\n\t\t\t\t\t<\/div>\n\t\t<\/div>\n\t\t\t\t\t<\/div>\n\t\t<\/section>\n\t\t\t\t<section class=\"elementor-section elementor-top-section elementor-element elementor-element-723ee30 elementor-section-boxed elementor-section-height-default elementor-section-height-default\" data-id=\"723ee30\" data-element_type=\"section\" data-e-type=\"section\">\n\t\t\t\t\t\t<div class=\"elementor-container elementor-column-gap-default\">\n\t\t\t\t\t<div class=\"elementor-column elementor-col-100 elementor-top-column elementor-element elementor-element-162c5349\" data-id=\"162c5349\" data-element_type=\"column\" data-e-type=\"column\">\n\t\t\t<div class=\"elementor-widget-wrap elementor-element-populated\">\n\t\t\t\t\t\t<div class=\"elementor-element elementor-element-3d2c003d elementor-widget elementor-widget-text-editor\" data-id=\"3d2c003d\" data-element_type=\"widget\" data-e-type=\"widget\" data-widget_type=\"text-editor.default\">\n\t\t\t\t<div class=\"elementor-widget-container\">\n\t\t\t\t\t\t\t\t\tMo\u017cemy prze\u017cywa\u0107 pr\u00f3by, k\u0142opoty&#8230; Pan b\u0119dzie chcia\u0142, by\u015bmy wytrwali, cho\u0107 jeste\u015bmy oddzieleni. Powiecie: \u201eJaki jest po\u017cytek z ma\u0142ej grupy braci, odizolowanych od ca\u0142ej reszty?\u201d Ot\u00f3\u017c zobaczycie, \u017ce nie b\u0119dziecie oddzieleni i do\u015bwiadczycie komunii z tymi trzema czy czterema osobami, kt\u00f3re tak\u017ce czuj\u0105 si\u0119 nieszcz\u0119\u015bliwe (&#8230;). Otrzymacie si\u0142\u0119, moc Ducha \u015awi\u0119tego, i zostaniecie przemienieni. [&#8230;] A kiedy zn\u00f3w si\u0119 spotkamy, zobaczycie, \u017ce Pan sprawi\u0142, i\u017c ka\u017cdy poczyni\u0142 post\u0119py, bo dla Niego nie jest przeszkod\u0105 miejsce lub czas, On jest zawsze z nami.\t\t\t\t\t\t\t\t\t<\/div>\n\t\t\t\t<\/div>\n\t\t\t\t<div class=\"elementor-element elementor-element-6363fe79 sourcecitation elementor-widget elementor-widget-heading\" data-id=\"6363fe79\" data-element_type=\"widget\" data-e-type=\"widget\" data-widget_type=\"heading.default\">\n\t\t\t\t<div class=\"elementor-widget-container\">\n\t\t\t\t\t<p class=\"elementor-heading-title elementor-size-large\">Rozmowa z 23 V 1976 r.<\/p>\t\t\t\t<\/div>\n\t\t\t\t<\/div>\n\t\t\t\t\t<\/div>\n\t\t<\/div>\n\t\t\t\t\t<\/div>\n\t\t<\/section>\n\t\t\t\t<section class=\"elementor-section elementor-top-section elementor-element elementor-element-59ffe5f2 elementor-section-boxed elementor-section-height-default elementor-section-height-default\" data-id=\"59ffe5f2\" data-element_type=\"section\" data-e-type=\"section\">\n\t\t\t\t\t\t<div class=\"elementor-container elementor-column-gap-default\">\n\t\t\t\t\t<div class=\"elementor-column elementor-col-100 elementor-top-column elementor-element elementor-element-3b54cc5d\" data-id=\"3b54cc5d\" data-element_type=\"column\" data-e-type=\"column\">\n\t\t\t<div class=\"elementor-widget-wrap elementor-element-populated\">\n\t\t\t\t\t\t<div class=\"elementor-element elementor-element-493cbc36 elementor-widget elementor-widget-text-editor\" data-id=\"493cbc36\" data-element_type=\"widget\" data-e-type=\"widget\" data-widget_type=\"text-editor.default\">\n\t\t\t\t<div class=\"elementor-widget-container\">\n\t\t\t\t\t\t\t\t\tPan uczy nas teraz tego, jak \u017cy\u0107, kiedy b\u0119dziemy oddzieleni od siebie nawzajem. Kiedy ju\u017c b\u0119dziemy rzeczywi\u015bcie oddzieleni od siebie, do\u015bwiadczymy niezwyk\u0142ej jedno\u015bci, poniewa\u017c b\u0119dziemy przyzwyczajeni do trwania w duchowej jedno\u015bci. A Duch \u015awi\u0119ty, kt\u00f3ry nas jednoczy &#8211; bez Ducha \u015awi\u0119tego nie byliby\u015bmy jedno \u2013 dalej b\u0119dzie dzia\u0142a\u0142.\t\t\t\t\t\t\t\t\t<\/div>\n\t\t\t\t<\/div>\n\t\t\t\t<div class=\"elementor-element elementor-element-4ac4e0e7 sourcecitation elementor-widget elementor-widget-heading\" data-id=\"4ac4e0e7\" data-element_type=\"widget\" data-e-type=\"widget\" data-widget_type=\"heading.default\">\n\t\t\t\t<div class=\"elementor-widget-container\">\n\t\t\t\t\t<p class=\"elementor-heading-title elementor-size-large\">Rekolekcje Bractwa Jezusowego,\n VIII 1978 r.\nPoranek 9 VIII 1978 r.<\/p>\t\t\t\t<\/div>\n\t\t\t\t<\/div>\n\t\t\t\t\t<\/div>\n\t\t<\/div>\n\t\t\t\t\t<\/div>\n\t\t<\/section>\n\t\t\t\t<section class=\"elementor-section elementor-top-section elementor-element elementor-element-7d40747b elementor-section-boxed elementor-section-height-default elementor-section-height-default\" data-id=\"7d40747b\" data-element_type=\"section\" data-e-type=\"section\">\n\t\t\t\t\t\t<div class=\"elementor-container elementor-column-gap-default\">\n\t\t\t\t\t<div class=\"elementor-column elementor-col-100 elementor-top-column elementor-element elementor-element-14565457\" data-id=\"14565457\" data-element_type=\"column\" data-e-type=\"column\">\n\t\t\t<div class=\"elementor-widget-wrap elementor-element-populated\">\n\t\t\t\t\t\t<div class=\"elementor-element elementor-element-565e641a elementor-widget elementor-widget-text-editor\" data-id=\"565e641a\" data-element_type=\"widget\" data-e-type=\"widget\" data-widget_type=\"text-editor.default\">\n\t\t\t\t<div class=\"elementor-widget-container\">\n\t\t\t\t\t\t\t\t\t&#8220;\u201eNie mog\u0119 zajmowa\u0107 si\u0119 wszystkim, co chc\u0119 robi\u0107\u201d. To prawda, poniewa\u017c masz tylko 24 godziny na dob\u0119, ograniczony czas i ograniczone si\u0142y. Ale w\u0142a\u015bnie dlatego jeste\u015bmy we wsp\u00f3lnocie! Je\u015bli wi\u0119c jeste\u015bmy we wsp\u00f3lnocie, jeden robi to, drugi tamto, ale wszystko robimy razem! I to w\u0142a\u015bnie musisz sobie powiedzie\u0107. \nPoniewa\u017c w ramach pos\u0142ugi, kto\u015b zajmuje si\u0119 gotowaniem, m\u00f3w do bracii: &#8220;&#8221;S\u0142uchajcie, chcia\u0142bym ewangelizowa\u0107, a zajmuj\u0119 si\u0119 tylko krojeniem marchewki i rzepy. Ewangelizowanie marchewki i rzepy nie jest zbyt ciekawe!\u201d (Piotr wyja\u015bnia, \u017ce je\u015bli obieramy warzywa z mi\u0142o\u015bci\u0105, przekazujemy t\u0119 mi\u0142o\u015b\u0107 innym). \nMa\u0142a Tereska od Dzieci\u0105tka Jezus przebywa\u0142a w Karmelu w Lisieux. Pra\u0142a brudne chusteczki, czy to by\u0142o takie przyjemne? Kto\u015b by powiedzia\u0142: \u201eJaki ma to zwi\u0105zek z misj\u0105?\u201d. A jednak zosta\u0142a patronk\u0105 misji. Poniewa\u017c liczy si\u0119 spos\u00f3b, w jaki co\u015b robimy i wk\u0142adana w to zadanie mi\u0142o\u015b\u0107. Nie chodzi o to, co si\u0119 robi, ale o spos\u00f3b, w jaki si\u0119 to robi, z wielk\u0105 mi\u0142o\u015bci\u0105. Tak wi\u0119c nasza wsp\u00f3lnota to &#8220;&#8221;Emmanuel&#8221;&#8221;: B\u00f3g jest z nami, a my jeste\u015bmy z Nim. I dlatego podejmujemy r\u00f3\u017cne s\u0142u\u017cby i cokolwiek robimy, m\u00f3wimy: \u201ePanie Jezu, ofiaruj\u0119 Ci to za ludzi bardzo chorych, torturowanych, za wszystkich zrozpaczonych\u201d. A wtedy bezmiar mi\u0142o\u015bci rozprzestrzenia si\u0119 w \u015bwiecie.&#8221;\t\t\t\t\t\t\t\t\t<\/div>\n\t\t\t\t<\/div>\n\t\t\t\t<div class=\"elementor-element elementor-element-55212ae sourcecitation elementor-widget elementor-widget-heading\" data-id=\"55212ae\" data-element_type=\"widget\" data-e-type=\"widget\" data-widget_type=\"heading.default\">\n\t\t\t\t<div class=\"elementor-widget-container\">\n\t\t\t\t\t<p class=\"elementor-heading-title elementor-size-large\">Weekend wsp\u00f3lnotowy 21 VI 1981 r.<\/p>\t\t\t\t<\/div>\n\t\t\t\t<\/div>\n\t\t\t\t\t<\/div>\n\t\t<\/div>\n\t\t\t\t\t<\/div>\n\t\t<\/section>\n\t\t\t\t<section class=\"elementor-section elementor-top-section elementor-element elementor-element-5a247a02 elementor-section-boxed elementor-section-height-default elementor-section-height-default\" data-id=\"5a247a02\" data-element_type=\"section\" data-e-type=\"section\">\n\t\t\t\t\t\t<div class=\"elementor-container elementor-column-gap-default\">\n\t\t\t\t\t<div class=\"elementor-column elementor-col-100 elementor-top-column elementor-element elementor-element-4713d9bc\" data-id=\"4713d9bc\" data-element_type=\"column\" data-e-type=\"column\">\n\t\t\t<div class=\"elementor-widget-wrap elementor-element-populated\">\n\t\t\t\t\t\t<div class=\"elementor-element elementor-element-622daa3f elementor-widget elementor-widget-text-editor\" data-id=\"622daa3f\" data-element_type=\"widget\" data-e-type=\"widget\" data-widget_type=\"text-editor.default\">\n\t\t\t\t<div class=\"elementor-widget-container\">\n\t\t\t\t\t\t\t\t\t&#8220;\u201eAch, im to dobrze, maj\u0105 szcz\u0119\u015bcie, podr\u00f3\u017cuj\u0105, a my stale tutaj&#8230;\u201d. Ci\u0105gle ci sami ludzie i te same zadania! M\u00f3wi\u0119 na to: \u201eMoi drodzy! Niekt\u00f3rzy mog\u0105 na\u015bladowa\u0107 \u015bwi\u0119tego Franciszka Ksawerego, a inni \u015bwi\u0119t\u0105 Teres\u0119 od Dzieci\u0105tka Jezus. To bardzo proste: oboje s\u0105 patronami misji! Na\u015bladowanie Ma\u0142ej Tereski te\u017c jest bardzo potrzebne (by modli\u0107 si\u0119 za tych, kt\u00f3rzy wyjechali)\u201d. [&#8230;] \nRozumiecie, wszyscy stanowimy jedno cia\u0142o: czy wyje\u017cd\u017camy na misje, czy zostajemy na miejscu, wszyscy jeste\u015bmy pos\u0142ani. Niesamowite jest to, \u017ce jeste\u015bmy pos\u0142ani, cho\u0107 nigdzie nie wyje\u017cd\u017camy: i ma to swoje zalety!&#8221;\t\t\t\t\t\t\t\t\t<\/div>\n\t\t\t\t<\/div>\n\t\t\t\t<div class=\"elementor-element elementor-element-11cd9e3c sourcecitation elementor-widget elementor-widget-heading\" data-id=\"11cd9e3c\" data-element_type=\"widget\" data-e-type=\"widget\" data-widget_type=\"heading.default\">\n\t\t\t\t<div class=\"elementor-widget-container\">\n\t\t\t\t\t<p class=\"elementor-heading-title elementor-size-large\">Weekend wsp\u00f3lnotowy, wiosna 1979 r.<\/p>\t\t\t\t<\/div>\n\t\t\t\t<\/div>\n\t\t\t\t\t<\/div>\n\t\t<\/div>\n\t\t\t\t\t<\/div>\n\t\t<\/section>\n\t\t\t\t<section class=\"elementor-section elementor-top-section elementor-element elementor-element-6cbb5858 elementor-section-boxed elementor-section-height-default elementor-section-height-default\" data-id=\"6cbb5858\" data-element_type=\"section\" data-e-type=\"section\">\n\t\t\t\t\t\t<div class=\"elementor-container elementor-column-gap-default\">\n\t\t\t\t\t<div class=\"elementor-column elementor-col-100 elementor-top-column elementor-element elementor-element-23696101\" data-id=\"23696101\" data-element_type=\"column\" data-e-type=\"column\">\n\t\t\t<div class=\"elementor-widget-wrap elementor-element-populated\">\n\t\t\t\t\t\t<div class=\"elementor-element elementor-element-4c90bdc9 elementor-widget elementor-widget-text-editor\" data-id=\"4c90bdc9\" data-element_type=\"widget\" data-e-type=\"widget\" data-widget_type=\"text-editor.default\">\n\t\t\t\t<div class=\"elementor-widget-container\">\n\t\t\t\t\t\t\t\t\tJest to bardzo proste, ale w ten spos\u00f3b mo\u017cemy czyni\u0107 post\u0119py, krok po kroku, i pomaga\u0107 sobie nawzajem. W ten spos\u00f3b wzrastamy powoli w mi\u0142o\u015bci, nie zdaj\u0105c sobie z tego sprawy.\t\t\t\t\t\t\t\t\t<\/div>\n\t\t\t\t<\/div>\n\t\t\t\t<div class=\"elementor-element elementor-element-315cf7d0 sourcecitation elementor-widget elementor-widget-heading\" data-id=\"315cf7d0\" data-element_type=\"widget\" data-e-type=\"widget\" data-widget_type=\"heading.default\">\n\t\t\t\t<div class=\"elementor-widget-container\">\n\t\t\t\t\t<p class=\"elementor-heading-title elementor-size-large\">Weekend wsp\u00f3lnotowy 14-15 VI 1980 r.<\/p>\t\t\t\t<\/div>\n\t\t\t\t<\/div>\n\t\t\t\t\t<\/div>\n\t\t<\/div>\n\t\t\t\t\t<\/div>\n\t\t<\/section>\n\t\t\t\t<section class=\"elementor-section elementor-top-section elementor-element elementor-element-2688b9c7 animated-slow elementor-section-boxed elementor-section-height-default elementor-section-height-default elementor-invisible\" data-id=\"2688b9c7\" data-element_type=\"section\" data-e-type=\"section\" data-settings=\"{&quot;animation&quot;:&quot;fadeIn&quot;}\">\n\t\t\t\t\t\t<div class=\"elementor-container elementor-column-gap-default\">\n\t\t\t\t\t<div class=\"elementor-column elementor-col-100 elementor-top-column elementor-element elementor-element-1dfce4a4\" data-id=\"1dfce4a4\" data-element_type=\"column\" data-e-type=\"column\">\n\t\t\t<div class=\"elementor-widget-wrap elementor-element-populated\">\n\t\t\t\t\t\t<div class=\"elementor-element elementor-element-2b8499d7 citationserif elementor-invisible elementor-widget elementor-widget-heading\" data-id=\"2b8499d7\" data-element_type=\"widget\" data-e-type=\"widget\" data-settings=\"{&quot;_animation&quot;:&quot;fadeIn&quot;}\" data-widget_type=\"heading.default\">\n\t\t\t\t<div class=\"elementor-widget-container\">\n\t\t\t\t\t<h3 class=\"elementor-heading-title elementor-size-default\">Z tymi, kt\u00f3rzy s\u0105 daleko, trwamy w jedno\u015bci mi\u0142o\u015bci. To zjednoczenie w mi\u0142o\u015bci jest dzie\u0142em Ducha \u015awi\u0119tego.\t<\/h3>\t\t\t\t<\/div>\n\t\t\t\t<\/div>\n\t\t\t\t<div class=\"elementor-element elementor-element-2aaafb37 sourcecitation elementor-widget elementor-widget-heading\" data-id=\"2aaafb37\" data-element_type=\"widget\" data-e-type=\"widget\" data-widget_type=\"heading.default\">\n\t\t\t\t<div class=\"elementor-widget-container\">\n\t\t\t\t\t<p class=\"elementor-heading-title elementor-size-large\">Rekolekcje Bractwa Jezusowego,\nBo\u017ce Narodzenie 1980 r.\nNauczanie 1<\/p>\t\t\t\t<\/div>\n\t\t\t\t<\/div>\n\t\t\t\t\t<\/div>\n\t\t<\/div>\n\t\t\t\t\t<\/div>\n\t\t<\/section>\n\t\t\t\t<section class=\"elementor-section elementor-top-section elementor-element elementor-element-32593008 elementor-section-boxed elementor-section-height-default elementor-section-height-default\" data-id=\"32593008\" data-element_type=\"section\" data-e-type=\"section\">\n\t\t\t\t\t\t<div class=\"elementor-container elementor-column-gap-default\">\n\t\t\t\t\t<div class=\"elementor-column elementor-col-100 elementor-top-column elementor-element elementor-element-2bcb4c44\" data-id=\"2bcb4c44\" data-element_type=\"column\" data-e-type=\"column\">\n\t\t\t<div class=\"elementor-widget-wrap elementor-element-populated\">\n\t\t\t\t\t\t<div class=\"elementor-element elementor-element-12bc88d3 elementor-widget elementor-widget-text-editor\" data-id=\"12bc88d3\" data-element_type=\"widget\" data-e-type=\"widget\" data-widget_type=\"text-editor.default\">\n\t\t\t\t<div class=\"elementor-widget-container\">\n\t\t\t\t\t\t\t\t\tTak wi\u0119c jedni anga\u017cuj\u0105 si\u0119 bardziej, inni mniej, ale wszyscy razem to niesiemy. A ci, kt\u00f3rzy wydaj\u0105 si\u0119 dzia\u0142a\u0107 mniej, dzia\u0142aj\u0105 bardziej na p\u0142aszczy\u017anie duchowej, po prostu nios\u0105 innych w swoich modlitwach. Jest to bezwzgl\u0119dnie potrzebne.\t\t\t\t\t\t\t\t\t<\/div>\n\t\t\t\t<\/div>\n\t\t\t\t<div class=\"elementor-element elementor-element-46e9b52e sourcecitation elementor-widget elementor-widget-heading\" data-id=\"46e9b52e\" data-element_type=\"widget\" data-e-type=\"widget\" data-widget_type=\"heading.default\">\n\t\t\t\t<div class=\"elementor-widget-container\">\n\t\t\t\t\t<p class=\"elementor-heading-title elementor-size-large\">Rekolekcje Bractwa Jezusowego,\nWielkanoc 1978 r.<\/p>\t\t\t\t<\/div>\n\t\t\t\t<\/div>\n\t\t\t\t\t<\/div>\n\t\t<\/div>\n\t\t\t\t\t<\/div>\n\t\t<\/section>\n\t\t\t\t<section class=\"elementor-section elementor-top-section elementor-element elementor-element-53228b75 elementor-section-boxed elementor-section-height-default elementor-section-height-default\" data-id=\"53228b75\" data-element_type=\"section\" data-e-type=\"section\">\n\t\t\t\t\t\t<div class=\"elementor-container elementor-column-gap-default\">\n\t\t\t\t\t<div class=\"elementor-column elementor-col-100 elementor-top-column elementor-element elementor-element-2e88476f\" data-id=\"2e88476f\" data-element_type=\"column\" data-e-type=\"column\">\n\t\t\t<div class=\"elementor-widget-wrap elementor-element-populated\">\n\t\t\t\t\t\t<div class=\"elementor-element elementor-element-236c6832 elementor-widget elementor-widget-text-editor\" data-id=\"236c6832\" data-element_type=\"widget\" data-e-type=\"widget\" data-widget_type=\"text-editor.default\">\n\t\t\t\t<div class=\"elementor-widget-container\">\n\t\t\t\t\t\t\t\t\t&#8220;S\u0105 ci, kt\u00f3rzy si\u0119 modl\u0105, jak i ci, kt\u00f3rzy ewangelizuj\u0105. I maj\u0105 \u015bwiadomo\u015b\u0107 tego, \u017ce ich cierpienie zostaje natychmiast spo\u017cytkowane. Wykorzystane ze wzgl\u0119du na ewangelizacj\u0119. \nNiesiemy krzy\u017c, ale z rado\u015bci\u0105. Rado\u015b\u0107 mo\u017ce by\u0107 pomieszana z b\u00f3lem, ale jest to rado\u015b\u0107. Jest krzy\u017c i rado\u015b\u0107, a jednocze\u015bnie &#8211; ewangelizacja, kt\u00f3ra odbywa si\u0119 gdzie indziej. M\u00f3wisz: \u201eC\u00f3\u017c, cierpi\u0119, ale wiem po co. Jest to wi\u0119c cenne dla wszystkich!\u201d&#8221;\t\t\t\t\t\t\t\t\t<\/div>\n\t\t\t\t<\/div>\n\t\t\t\t<div class=\"elementor-element elementor-element-6bb1a662 sourcecitation elementor-widget elementor-widget-heading\" data-id=\"6bb1a662\" data-element_type=\"widget\" data-e-type=\"widget\" data-widget_type=\"heading.default\">\n\t\t\t\t<div class=\"elementor-widget-container\">\n\t\t\t\t\t<p class=\"elementor-heading-title elementor-size-large\">Rekolekcje Bractwa Jezusowego,\nWielkanoc 1978 r.<\/p>\t\t\t\t<\/div>\n\t\t\t\t<\/div>\n\t\t\t\t\t<\/div>\n\t\t<\/div>\n\t\t\t\t\t<\/div>\n\t\t<\/section>\n\t\t\t\t<section class=\"elementor-section elementor-top-section elementor-element elementor-element-3fb225e elementor-section-boxed elementor-section-height-default elementor-section-height-default\" data-id=\"3fb225e\" data-element_type=\"section\" data-e-type=\"section\">\n\t\t\t\t\t\t<div class=\"elementor-container elementor-column-gap-default\">\n\t\t\t\t\t<div class=\"elementor-column elementor-col-100 elementor-top-column elementor-element elementor-element-f497d20\" data-id=\"f497d20\" data-element_type=\"column\" data-e-type=\"column\">\n\t\t\t<div class=\"elementor-widget-wrap elementor-element-populated\">\n\t\t\t\t\t\t<div class=\"elementor-element elementor-element-6a536b4 elementor-widget elementor-widget-text-editor\" data-id=\"6a536b4\" data-element_type=\"widget\" data-e-type=\"widget\" data-widget_type=\"text-editor.default\">\n\t\t\t\t<div class=\"elementor-widget-container\">\n\t\t\t\t\t\t\t\t\tMusimy by\u0107 wsp\u00f3\u0142czuj\u0105cy nie tylko wobec chorego, ale tak\u017ce wobec siebie nawzajem: wobec tych, kt\u00f3rzy nas otaczaj\u0105&#8230;, wobec tych, kt\u00f3rzy nie zawsze nam si\u0119 podobaj\u0105. Chodzi o wsp\u00f3\u0142czuj\u0105c\u0105 mi\u0142o\u015b\u0107, prawdziw\u0105 mi\u0142o\u015b\u0107. Nasze serca si\u0119 zmieniaj\u0105.\t\t\t\t\t\t\t\t\t<\/div>\n\t\t\t\t<\/div>\n\t\t\t\t<div class=\"elementor-element elementor-element-730121d sourcecitation elementor-widget elementor-widget-heading\" data-id=\"730121d\" data-element_type=\"widget\" data-e-type=\"widget\" data-widget_type=\"heading.default\">\n\t\t\t\t<div class=\"elementor-widget-container\">\n\t\t\t\t\t<p class=\"elementor-heading-title elementor-size-large\">Rekolekcje Bractwa Jezusowego,\nVIII 1979 r. Pierwsze nauczanie<\/p>\t\t\t\t<\/div>\n\t\t\t\t<\/div>\n\t\t\t\t\t<\/div>\n\t\t<\/div>\n\t\t\t\t\t<\/div>\n\t\t<\/section>\n\t\t\t\t<section class=\"elementor-section elementor-top-section elementor-element elementor-element-2cf4a382 elementor-section-boxed elementor-section-height-default elementor-section-height-default\" data-id=\"2cf4a382\" data-element_type=\"section\" data-e-type=\"section\">\n\t\t\t\t\t\t<div class=\"elementor-container elementor-column-gap-default\">\n\t\t\t\t\t<div class=\"elementor-column elementor-col-100 elementor-top-column elementor-element elementor-element-2688b403\" data-id=\"2688b403\" data-element_type=\"column\" data-e-type=\"column\">\n\t\t\t<div class=\"elementor-widget-wrap elementor-element-populated\">\n\t\t\t\t\t\t<div class=\"elementor-element elementor-element-2228dc00 elementor-widget elementor-widget-text-editor\" data-id=\"2228dc00\" data-element_type=\"widget\" data-e-type=\"widget\" data-widget_type=\"text-editor.default\">\n\t\t\t\t<div class=\"elementor-widget-container\">\n\t\t\t\t\t\t\t\t\tS\u0105 te\u017c tacy, kt\u00f3rzy nas irytuj\u0105, mamy sk\u0142onno\u015b\u0107, by ich os\u0105dza\u0107 i krytykowa\u0107&#8230; Stawajmy si\u0119 coraz bardziej mi\u0142osierni w naszych grupach, przebaczajmy sobie nawzajem.\t\t\t\t\t\t\t\t\t<\/div>\n\t\t\t\t<\/div>\n\t\t\t\t<div class=\"elementor-element elementor-element-f0e7648 sourcecitation elementor-widget elementor-widget-heading\" data-id=\"f0e7648\" data-element_type=\"widget\" data-e-type=\"widget\" data-widget_type=\"heading.default\">\n\t\t\t\t<div class=\"elementor-widget-container\">\n\t\t\t\t\t<p class=\"elementor-heading-title elementor-size-large\">Warsztaty \u00abOd grup modlitewnych do wsp\u00f3lnoty\u00bb, sesje letnie w Paray-le-Monial 5-9 VII 1979 r.\n5 VII 1979 r.<\/p>\t\t\t\t<\/div>\n\t\t\t\t<\/div>\n\t\t\t\t\t<\/div>\n\t\t<\/div>\n\t\t\t\t\t<\/div>\n\t\t<\/section>\n\t\t\t\t<section class=\"elementor-section elementor-top-section elementor-element elementor-element-5c77066 elementor-section-boxed elementor-section-height-default elementor-section-height-default\" data-id=\"5c77066\" data-element_type=\"section\" data-e-type=\"section\">\n\t\t\t\t\t\t<div class=\"elementor-container elementor-column-gap-default\">\n\t\t\t\t\t<div class=\"elementor-column elementor-col-100 elementor-top-column elementor-element elementor-element-622d7f4\" data-id=\"622d7f4\" data-element_type=\"column\" data-e-type=\"column\">\n\t\t\t<div class=\"elementor-widget-wrap elementor-element-populated\">\n\t\t\t\t\t\t<div class=\"elementor-element elementor-element-b758631 elementor-widget elementor-widget-text-editor\" data-id=\"b758631\" data-element_type=\"widget\" data-e-type=\"widget\" data-widget_type=\"text-editor.default\">\n\t\t\t\t<div class=\"elementor-widget-container\">\n\t\t\t\t\t\t\t\t\tNie obawiaj si\u0119 zadzwoni\u0107 &#8211; proponuje Piotr &#8211; uczy\u0144 akt pokory! S\u0105 ludzie, kt\u00f3rzy zawsze chc\u0105 pomaga\u0107 bli\u017anim, ale nie chc\u0105, by im pomagano; chc\u0105 dawa\u0107 podarunki, ale nie lubi\u0105 ich otrzymywa\u0107. Dlatego bardzo wa\u017cne jest, by przyzna\u0107 si\u0119 do swojej biedy i powiedzie\u0107 przyjacielowi: \u201eNie mam si\u0119 dobrze, musisz mi pom\u00f3c\u201d. A kiedy ci\u0119 wesprze, tak\u017ce do\u015bwiadczy umocnienia&#8221;.\t\t\t\t\t\t\t\t\t<\/div>\n\t\t\t\t<\/div>\n\t\t\t\t<div class=\"elementor-element elementor-element-a5fb46e sourcecitation elementor-widget elementor-widget-heading\" data-id=\"a5fb46e\" data-element_type=\"widget\" data-e-type=\"widget\" data-widget_type=\"heading.default\">\n\t\t\t\t<div class=\"elementor-widget-container\">\n\t\t\t\t\t<p class=\"elementor-heading-title elementor-size-large\">Rozmowa z 23 V 1976 r.<\/p>\t\t\t\t<\/div>\n\t\t\t\t<\/div>\n\t\t\t\t\t<\/div>\n\t\t<\/div>\n\t\t\t\t\t<\/div>\n\t\t<\/section>\n\t\t\t\t<section class=\"elementor-section elementor-top-section elementor-element elementor-element-ead93a1 elementor-section-boxed elementor-section-height-default elementor-section-height-default\" data-id=\"ead93a1\" data-element_type=\"section\" data-e-type=\"section\">\n\t\t\t\t\t\t<div class=\"elementor-container elementor-column-gap-default\">\n\t\t\t\t\t<div class=\"elementor-column elementor-col-100 elementor-top-column elementor-element elementor-element-a9de506\" data-id=\"a9de506\" data-element_type=\"column\" data-e-type=\"column\">\n\t\t\t<div class=\"elementor-widget-wrap elementor-element-populated\">\n\t\t\t\t\t\t<div class=\"elementor-element elementor-element-7976847 elementor-widget elementor-widget-text-editor\" data-id=\"7976847\" data-element_type=\"widget\" data-e-type=\"widget\" data-widget_type=\"text-editor.default\">\n\t\t\t\t<div class=\"elementor-widget-container\">\n\t\t\t\t\t\t\t\t\tW naszych czasach&#8230; udaje si\u0119 wytrwa\u0107 tylko wtedy, gdy idziesz za Jezusem. Kiedy masz wiar\u0119 i wiele \u0142ask, o kt\u00f3re prosisz Pana. W czasach trudnych, b\u0119d\u0105cych wielkim wyzwaniem, Pan daje szczeg\u00f3lne \u0142aski opieki i umocnienia. [&#8230;] Musimy prosi\u0107, we wsp\u00f3lnej modlitwie, o dar umocnienia od Pana. A Pan tylko czeka, by nas nim obdarowa\u0107.\t\t\t\t\t\t\t\t\t<\/div>\n\t\t\t\t<\/div>\n\t\t\t\t<div class=\"elementor-element elementor-element-9eb5289 sourcecitation elementor-widget elementor-widget-heading\" data-id=\"9eb5289\" data-element_type=\"widget\" data-e-type=\"widget\" data-widget_type=\"heading.default\">\n\t\t\t\t<div class=\"elementor-widget-container\">\n\t\t\t\t\t<p class=\"elementor-heading-title elementor-size-large\">Weekend wsp\u00f3lnotowy, 30-31 V 1981 r.<\/p>\t\t\t\t<\/div>\n\t\t\t\t<\/div>\n\t\t\t\t\t<\/div>\n\t\t<\/div>\n\t\t\t\t\t<\/div>\n\t\t<\/section>\n\t\t\t\t<section class=\"elementor-section elementor-top-section elementor-element elementor-element-64f739b9 elementor-section-boxed elementor-section-height-default elementor-section-height-default\" data-id=\"64f739b9\" data-element_type=\"section\" data-e-type=\"section\">\n\t\t\t\t\t\t<div class=\"elementor-container elementor-column-gap-default\">\n\t\t\t\t\t<div class=\"elementor-column elementor-col-100 elementor-top-column elementor-element elementor-element-2a64366d\" data-id=\"2a64366d\" data-element_type=\"column\" data-e-type=\"column\">\n\t\t\t<div class=\"elementor-widget-wrap elementor-element-populated\">\n\t\t\t\t\t\t<div class=\"elementor-element elementor-element-3be82e7 elementor-widget elementor-widget-spacer\" data-id=\"3be82e7\" data-element_type=\"widget\" data-e-type=\"widget\" data-widget_type=\"spacer.default\">\n\t\t\t\t<div class=\"elementor-widget-container\">\n\t\t\t\t\t\t\t<div class=\"elementor-spacer\">\n\t\t\t<div class=\"elementor-spacer-inner\"><\/div>\n\t\t<\/div>\n\t\t\t\t\t\t<\/div>\n\t\t\t\t<\/div>\n\t\t\t\t\t<\/div>\n\t\t<\/div>\n\t\t\t\t\t<\/div>\n\t\t<\/section>\n\t\t\t\t<\/div>\n\t\t","protected":false},"excerpt":{"rendered":"<p>POWR\u00d3T Kilka s\u0142\u00f3w Piotra o \u017cyciu braterskim Duch \u015awi\u0119ty, Mi\u0142o\u015b\u0107 spoiwem Wsp\u00f3lnoty Kiedy si\u0119 razem modlimy\u2026 stopniowo grupa staje si\u0119 bardziej zjednoczona, g\u0142\u0119bsza. Wzrasta mi\u0119dzy nami mi\u0142o\u015b\u0107. To Duch \u015awi\u0119ty, zobaczycie, to Jego spos\u00f3b dzia\u0142ania. Warsztaty \u00abOd grup modlitewnych do wsp\u00f3lnoty \u00bb, sesje letnie w Paray 06 VII 1979 r. &#8220;To w\u0142a\u015bnie jest niesamowite &#8211; [&hellip;]<\/p>\n","protected":false},"author":1,"featured_media":0,"parent":4069,"menu_order":0,"comment_status":"closed","ping_status":"closed","template":"","meta":{"_acf_changed":false,"footnotes":""},"class_list":["post-18886","page","type-page","status-publish","hentry"],"acf":[],"yoast_head":"<!-- This site is optimized with the Yoast SEO plugin v27.4 - https:\/\/yoast.com\/product\/yoast-seo-wordpress\/ -->\n<title>Kilka s\u0142\u00f3w Piotra o \u017cyciu braterskim<\/title>\n<meta name=\"robots\" content=\"index, follow, max-snippet:-1, max-image-preview:large, max-video-preview:-1\" \/>\n<link rel=\"canonical\" href=\"https:\/\/www.pierregoursat.com\/pl\/temat\/temat-zycie-braterskie\/kilka-slow-piotra-o-zyciu-braterskim\/\" \/>\n<meta property=\"og:locale\" content=\"pl_PL\" \/>\n<meta property=\"og:type\" content=\"article\" \/>\n<meta property=\"og:title\" content=\"Kilka s\u0142\u00f3w Piotra o \u017cyciu braterskim\" \/>\n<meta property=\"og:description\" content=\"POWR\u00d3T Kilka s\u0142\u00f3w Piotra o \u017cyciu braterskim Duch \u015awi\u0119ty, Mi\u0142o\u015b\u0107 spoiwem Wsp\u00f3lnoty Kiedy si\u0119 razem modlimy\u2026 stopniowo grupa staje si\u0119 bardziej zjednoczona, g\u0142\u0119bsza. Wzrasta mi\u0119dzy nami mi\u0142o\u015b\u0107. To Duch \u015awi\u0119ty, zobaczycie, to Jego spos\u00f3b dzia\u0142ania. Warsztaty \u00abOd grup modlitewnych do wsp\u00f3lnoty \u00bb, sesje letnie w Paray 06 VII 1979 r. &#8220;To w\u0142a\u015bnie jest niesamowite &#8211; [&hellip;]\" \/>\n<meta property=\"og:url\" content=\"https:\/\/www.pierregoursat.com\/pl\/temat\/temat-zycie-braterskie\/kilka-slow-piotra-o-zyciu-braterskim\/\" \/>\n<meta property=\"og:site_name\" content=\"Pierre Goursat et Ses Fr\u00e8res et Soeurs\" \/>\n<meta property=\"article:modified_time\" content=\"2022-10-13T13:27:40+00:00\" \/>\n<meta property=\"og:image\" content=\"https:\/\/www.pierregoursat.com\/asset\/logos\/logo-POL-pierre-BLANC.png\" \/>\n<meta name=\"twitter:card\" content=\"summary_large_image\" \/>\n<meta name=\"twitter:label1\" content=\"Szacowany czas czytania\" \/>\n\t<meta name=\"twitter:data1\" content=\"27 minut\" \/>\n<script type=\"application\/ld+json\" class=\"yoast-schema-graph\">{\"@context\":\"https:\\\/\\\/schema.org\",\"@graph\":[{\"@type\":\"WebPage\",\"@id\":\"https:\\\/\\\/www.pierregoursat.com\\\/pl\\\/temat\\\/temat-zycie-braterskie\\\/kilka-slow-piotra-o-zyciu-braterskim\\\/\",\"url\":\"https:\\\/\\\/www.pierregoursat.com\\\/pl\\\/temat\\\/temat-zycie-braterskie\\\/kilka-slow-piotra-o-zyciu-braterskim\\\/\",\"name\":\"Kilka s\u0142\u00f3w Piotra o \u017cyciu braterskim\",\"isPartOf\":{\"@id\":\"https:\\\/\\\/www.pierregoursat.com\\\/#website\"},\"primaryImageOfPage\":{\"@id\":\"https:\\\/\\\/www.pierregoursat.com\\\/pl\\\/temat\\\/temat-zycie-braterskie\\\/kilka-slow-piotra-o-zyciu-braterskim\\\/#primaryimage\"},\"image\":{\"@id\":\"https:\\\/\\\/www.pierregoursat.com\\\/pl\\\/temat\\\/temat-zycie-braterskie\\\/kilka-slow-piotra-o-zyciu-braterskim\\\/#primaryimage\"},\"thumbnailUrl\":\"https:\\\/\\\/www.pierregoursat.com\\\/asset\\\/logos\\\/logo-POL-pierre-BLANC.png\",\"datePublished\":\"2021-07-01T14:00:23+00:00\",\"dateModified\":\"2022-10-13T13:27:40+00:00\",\"breadcrumb\":{\"@id\":\"https:\\\/\\\/www.pierregoursat.com\\\/pl\\\/temat\\\/temat-zycie-braterskie\\\/kilka-slow-piotra-o-zyciu-braterskim\\\/#breadcrumb\"},\"inLanguage\":\"pl-PL\",\"potentialAction\":[{\"@type\":\"ReadAction\",\"target\":[\"https:\\\/\\\/www.pierregoursat.com\\\/pl\\\/temat\\\/temat-zycie-braterskie\\\/kilka-slow-piotra-o-zyciu-braterskim\\\/\"]}]},{\"@type\":\"ImageObject\",\"inLanguage\":\"pl-PL\",\"@id\":\"https:\\\/\\\/www.pierregoursat.com\\\/pl\\\/temat\\\/temat-zycie-braterskie\\\/kilka-slow-piotra-o-zyciu-braterskim\\\/#primaryimage\",\"url\":\"https:\\\/\\\/www.pierregoursat.com\\\/asset\\\/logos\\\/logo-POL-pierre-BLANC.png\",\"contentUrl\":\"https:\\\/\\\/www.pierregoursat.com\\\/asset\\\/logos\\\/logo-POL-pierre-BLANC.png\"},{\"@type\":\"BreadcrumbList\",\"@id\":\"https:\\\/\\\/www.pierregoursat.com\\\/pl\\\/temat\\\/temat-zycie-braterskie\\\/kilka-slow-piotra-o-zyciu-braterskim\\\/#breadcrumb\",\"itemListElement\":[{\"@type\":\"ListItem\",\"position\":1,\"name\":\"Accueil\",\"item\":\"https:\\\/\\\/www.pierregoursat.com\\\/pl\\\/\"},{\"@type\":\"ListItem\",\"position\":2,\"name\":\"Temat\",\"item\":\"https:\\\/\\\/www.pierregoursat.com\\\/pl\\\/temat\\\/\"},{\"@type\":\"ListItem\",\"position\":3,\"name\":\"\u017bycie braterskie\",\"item\":\"https:\\\/\\\/www.pierregoursat.com\\\/pl\\\/temat\\\/temat-zycie-braterskie\\\/\"},{\"@type\":\"ListItem\",\"position\":4,\"name\":\"S\u0142owa Piotra\"}]},{\"@type\":\"WebSite\",\"@id\":\"https:\\\/\\\/www.pierregoursat.com\\\/#website\",\"url\":\"https:\\\/\\\/www.pierregoursat.com\\\/\",\"name\":\"Pierre Goursat et Ses Fr\u00e8res et Soeurs\",\"description\":\"Laissez vous transformer en plongeant au c\u0153ur de la gr\u00e2ce fondatrice de la communaut\u00e9 de l\u2019Emmanuel\",\"publisher\":{\"@id\":\"https:\\\/\\\/www.pierregoursat.com\\\/#organization\"},\"potentialAction\":[{\"@type\":\"SearchAction\",\"target\":{\"@type\":\"EntryPoint\",\"urlTemplate\":\"https:\\\/\\\/www.pierregoursat.com\\\/?s={search_term_string}\"},\"query-input\":{\"@type\":\"PropertyValueSpecification\",\"valueRequired\":true,\"valueName\":\"search_term_string\"}}],\"inLanguage\":\"pl-PL\"},{\"@type\":\"Organization\",\"@id\":\"https:\\\/\\\/www.pierregoursat.com\\\/#organization\",\"name\":\"Pierre Goursat, ses Fr\u00e8res et ses Soeurs\",\"url\":\"https:\\\/\\\/www.pierregoursat.com\\\/\",\"logo\":{\"@type\":\"ImageObject\",\"inLanguage\":\"pl-PL\",\"@id\":\"https:\\\/\\\/www.pierregoursat.com\\\/#\\\/schema\\\/logo\\\/image\\\/\",\"url\":\"https:\\\/\\\/www.pierregoursat.com\\\/images-pierre-goursatmedias\\\/2022\\\/02\\\/1200x800-Compassion.jpg\",\"contentUrl\":\"https:\\\/\\\/www.pierregoursat.com\\\/images-pierre-goursatmedias\\\/2022\\\/02\\\/1200x800-Compassion.jpg\",\"width\":1200,\"height\":800,\"caption\":\"Pierre Goursat, ses Fr\u00e8res et ses Soeurs\"},\"image\":{\"@id\":\"https:\\\/\\\/www.pierregoursat.com\\\/#\\\/schema\\\/logo\\\/image\\\/\"}}]}<\/script>\n<!-- \/ Yoast SEO plugin. -->","yoast_head_json":{"title":"Kilka s\u0142\u00f3w Piotra o \u017cyciu braterskim","robots":{"index":"index","follow":"follow","max-snippet":"max-snippet:-1","max-image-preview":"max-image-preview:large","max-video-preview":"max-video-preview:-1"},"canonical":"https:\/\/www.pierregoursat.com\/pl\/temat\/temat-zycie-braterskie\/kilka-slow-piotra-o-zyciu-braterskim\/","og_locale":"pl_PL","og_type":"article","og_title":"Kilka s\u0142\u00f3w Piotra o \u017cyciu braterskim","og_description":"POWR\u00d3T Kilka s\u0142\u00f3w Piotra o \u017cyciu braterskim Duch \u015awi\u0119ty, Mi\u0142o\u015b\u0107 spoiwem Wsp\u00f3lnoty Kiedy si\u0119 razem modlimy\u2026 stopniowo grupa staje si\u0119 bardziej zjednoczona, g\u0142\u0119bsza. Wzrasta mi\u0119dzy nami mi\u0142o\u015b\u0107. To Duch \u015awi\u0119ty, zobaczycie, to Jego spos\u00f3b dzia\u0142ania. Warsztaty \u00abOd grup modlitewnych do wsp\u00f3lnoty \u00bb, sesje letnie w Paray 06 VII 1979 r. &#8220;To w\u0142a\u015bnie jest niesamowite &#8211; [&hellip;]","og_url":"https:\/\/www.pierregoursat.com\/pl\/temat\/temat-zycie-braterskie\/kilka-slow-piotra-o-zyciu-braterskim\/","og_site_name":"Pierre Goursat et Ses Fr\u00e8res et Soeurs","article_modified_time":"2022-10-13T13:27:40+00:00","og_image":[{"url":"https:\/\/www.pierregoursat.com\/asset\/logos\/logo-POL-pierre-BLANC.png","type":"","width":"","height":""}],"twitter_card":"summary_large_image","twitter_misc":{"Szacowany czas czytania":"27 minut"},"schema":{"@context":"https:\/\/schema.org","@graph":[{"@type":"WebPage","@id":"https:\/\/www.pierregoursat.com\/pl\/temat\/temat-zycie-braterskie\/kilka-slow-piotra-o-zyciu-braterskim\/","url":"https:\/\/www.pierregoursat.com\/pl\/temat\/temat-zycie-braterskie\/kilka-slow-piotra-o-zyciu-braterskim\/","name":"Kilka s\u0142\u00f3w Piotra o \u017cyciu braterskim","isPartOf":{"@id":"https:\/\/www.pierregoursat.com\/#website"},"primaryImageOfPage":{"@id":"https:\/\/www.pierregoursat.com\/pl\/temat\/temat-zycie-braterskie\/kilka-slow-piotra-o-zyciu-braterskim\/#primaryimage"},"image":{"@id":"https:\/\/www.pierregoursat.com\/pl\/temat\/temat-zycie-braterskie\/kilka-slow-piotra-o-zyciu-braterskim\/#primaryimage"},"thumbnailUrl":"https:\/\/www.pierregoursat.com\/asset\/logos\/logo-POL-pierre-BLANC.png","datePublished":"2021-07-01T14:00:23+00:00","dateModified":"2022-10-13T13:27:40+00:00","breadcrumb":{"@id":"https:\/\/www.pierregoursat.com\/pl\/temat\/temat-zycie-braterskie\/kilka-slow-piotra-o-zyciu-braterskim\/#breadcrumb"},"inLanguage":"pl-PL","potentialAction":[{"@type":"ReadAction","target":["https:\/\/www.pierregoursat.com\/pl\/temat\/temat-zycie-braterskie\/kilka-slow-piotra-o-zyciu-braterskim\/"]}]},{"@type":"ImageObject","inLanguage":"pl-PL","@id":"https:\/\/www.pierregoursat.com\/pl\/temat\/temat-zycie-braterskie\/kilka-slow-piotra-o-zyciu-braterskim\/#primaryimage","url":"https:\/\/www.pierregoursat.com\/asset\/logos\/logo-POL-pierre-BLANC.png","contentUrl":"https:\/\/www.pierregoursat.com\/asset\/logos\/logo-POL-pierre-BLANC.png"},{"@type":"BreadcrumbList","@id":"https:\/\/www.pierregoursat.com\/pl\/temat\/temat-zycie-braterskie\/kilka-slow-piotra-o-zyciu-braterskim\/#breadcrumb","itemListElement":[{"@type":"ListItem","position":1,"name":"Accueil","item":"https:\/\/www.pierregoursat.com\/pl\/"},{"@type":"ListItem","position":2,"name":"Temat","item":"https:\/\/www.pierregoursat.com\/pl\/temat\/"},{"@type":"ListItem","position":3,"name":"\u017bycie braterskie","item":"https:\/\/www.pierregoursat.com\/pl\/temat\/temat-zycie-braterskie\/"},{"@type":"ListItem","position":4,"name":"S\u0142owa Piotra"}]},{"@type":"WebSite","@id":"https:\/\/www.pierregoursat.com\/#website","url":"https:\/\/www.pierregoursat.com\/","name":"Pierre Goursat et Ses Fr\u00e8res et Soeurs","description":"Laissez vous transformer en plongeant au c\u0153ur de la gr\u00e2ce fondatrice de la communaut\u00e9 de l\u2019Emmanuel","publisher":{"@id":"https:\/\/www.pierregoursat.com\/#organization"},"potentialAction":[{"@type":"SearchAction","target":{"@type":"EntryPoint","urlTemplate":"https:\/\/www.pierregoursat.com\/?s={search_term_string}"},"query-input":{"@type":"PropertyValueSpecification","valueRequired":true,"valueName":"search_term_string"}}],"inLanguage":"pl-PL"},{"@type":"Organization","@id":"https:\/\/www.pierregoursat.com\/#organization","name":"Pierre Goursat, ses Fr\u00e8res et ses Soeurs","url":"https:\/\/www.pierregoursat.com\/","logo":{"@type":"ImageObject","inLanguage":"pl-PL","@id":"https:\/\/www.pierregoursat.com\/#\/schema\/logo\/image\/","url":"https:\/\/www.pierregoursat.com\/images-pierre-goursatmedias\/2022\/02\/1200x800-Compassion.jpg","contentUrl":"https:\/\/www.pierregoursat.com\/images-pierre-goursatmedias\/2022\/02\/1200x800-Compassion.jpg","width":1200,"height":800,"caption":"Pierre Goursat, ses Fr\u00e8res et ses Soeurs"},"image":{"@id":"https:\/\/www.pierregoursat.com\/#\/schema\/logo\/image\/"}}]}},"_links":{"self":[{"href":"https:\/\/www.pierregoursat.com\/pl\/wp-json\/wp\/v2\/pages\/18886","targetHints":{"allow":["GET"]}}],"collection":[{"href":"https:\/\/www.pierregoursat.com\/pl\/wp-json\/wp\/v2\/pages"}],"about":[{"href":"https:\/\/www.pierregoursat.com\/pl\/wp-json\/wp\/v2\/types\/page"}],"author":[{"embeddable":true,"href":"https:\/\/www.pierregoursat.com\/pl\/wp-json\/wp\/v2\/users\/1"}],"replies":[{"embeddable":true,"href":"https:\/\/www.pierregoursat.com\/pl\/wp-json\/wp\/v2\/comments?post=18886"}],"version-history":[{"count":0,"href":"https:\/\/www.pierregoursat.com\/pl\/wp-json\/wp\/v2\/pages\/18886\/revisions"}],"up":[{"embeddable":true,"href":"https:\/\/www.pierregoursat.com\/pl\/wp-json\/wp\/v2\/pages\/4069"}],"wp:attachment":[{"href":"https:\/\/www.pierregoursat.com\/pl\/wp-json\/wp\/v2\/media?parent=18886"}],"curies":[{"name":"wp","href":"https:\/\/api.w.org\/{rel}","templated":true}]}}