{"id":18809,"date":"2021-07-01T15:57:10","date_gmt":"2021-07-01T13:57:10","guid":{"rendered":"https:\/\/www.pierregoursat.com\/temat\/temat-modlitwa\/paroles-de-pierre\/"},"modified":"2022-09-29T12:00:41","modified_gmt":"2022-09-29T10:00:41","slug":"kilka-slow-piotra-o-modlitwie","status":"publish","type":"page","link":"https:\/\/www.pierregoursat.com\/pl\/temat\/temat-modlitwa\/kilka-slow-piotra-o-modlitwie\/","title":{"rendered":"S\u0142owa Piotra"},"content":{"rendered":"\t\t<div data-elementor-type=\"wp-page\" data-elementor-id=\"18809\" class=\"elementor elementor-18809\" data-elementor-post-type=\"page\">\n\t\t\t\t\t\t<section class=\"elementor-section elementor-top-section elementor-element elementor-element-7df37f96 elementor-section-full_width elementor-hidden-tablet elementor-hidden-mobile elementor-section-height-default elementor-section-height-default\" data-id=\"7df37f96\" data-element_type=\"section\" data-e-type=\"section\">\n\t\t\t\t\t\t<div class=\"elementor-container elementor-column-gap-default\">\n\t\t\t\t\t<div class=\"elementor-column elementor-col-100 elementor-top-column elementor-element elementor-element-1d5b6d16\" data-id=\"1d5b6d16\" data-element_type=\"column\" data-e-type=\"column\">\n\t\t\t<div class=\"elementor-widget-wrap elementor-element-populated\">\n\t\t\t\t\t\t<div class=\"elementor-element elementor-element-146f2116 elementor-fixed elementor-widget elementor-widget-table-of-contents\" data-id=\"146f2116\" data-element_type=\"widget\" data-e-type=\"widget\" data-settings=\"{&quot;headings_by_tags&quot;:[&quot;h4&quot;],&quot;exclude_headings_by_selector&quot;:[],&quot;marker_view&quot;:&quot;bullets&quot;,&quot;icon&quot;:{&quot;value&quot;:&quot;&quot;,&quot;library&quot;:&quot;&quot;},&quot;_position&quot;:&quot;fixed&quot;,&quot;no_headings_message&quot;:&quot;No headings were found on this page.&quot;,&quot;min_height&quot;:{&quot;unit&quot;:&quot;px&quot;,&quot;size&quot;:&quot;&quot;,&quot;sizes&quot;:[]},&quot;min_height_tablet&quot;:{&quot;unit&quot;:&quot;px&quot;,&quot;size&quot;:&quot;&quot;,&quot;sizes&quot;:[]},&quot;min_height_mobile&quot;:{&quot;unit&quot;:&quot;px&quot;,&quot;size&quot;:&quot;&quot;,&quot;sizes&quot;:[]}}\" data-widget_type=\"table-of-contents.default\">\n\t\t\t\t<div class=\"elementor-widget-container\">\n\t\t\t\t\t\t\t\t\t<div id=\"elementor-toc__146f2116\" class=\"elementor-toc__body\">\n\t\t\t<div class=\"elementor-toc__spinner-container\">\n\t\t\t\t<i class=\"elementor-toc__spinner eicon-animation-spin eicon-loading\" aria-hidden=\"true\"><\/i>\t\t\t<\/div>\n\t\t<\/div>\n\t\t\t\t\t\t<\/div>\n\t\t\t\t<\/div>\n\t\t\t\t\t<\/div>\n\t\t<\/div>\n\t\t\t\t\t<\/div>\n\t\t<\/section>\n\t\t\t\t<section class=\"elementor-section elementor-top-section elementor-element elementor-element-59527767 elementor-section-boxed elementor-section-height-default elementor-section-height-default\" data-id=\"59527767\" data-element_type=\"section\" data-e-type=\"section\">\n\t\t\t\t\t\t<div class=\"elementor-container elementor-column-gap-default\">\n\t\t\t\t\t<div class=\"elementor-column elementor-col-100 elementor-top-column elementor-element elementor-element-37e1c468\" data-id=\"37e1c468\" data-element_type=\"column\" data-e-type=\"column\">\n\t\t\t<div class=\"elementor-widget-wrap elementor-element-populated\">\n\t\t\t\t\t\t<div class=\"elementor-element elementor-element-3576b918 retourtheme elementor-widget elementor-widget-heading\" data-id=\"3576b918\" data-element_type=\"widget\" data-e-type=\"widget\" data-widget_type=\"heading.default\">\n\t\t\t\t<div class=\"elementor-widget-container\">\n\t\t\t\t\t<p class=\"elementor-heading-title elementor-size-large\"><a href=\"https:\/\/www.pierregoursat.com\/pl\/temat\/temat-modlitwa\">p\u0142on\u0105\u0107 mi\u0142o\u015bci\u0105<\/a><\/p>\t\t\t\t<\/div>\n\t\t\t\t<\/div>\n\t\t\t\t<div class=\"elementor-element elementor-element-620aa53 elementor-widget elementor-widget-heading\" data-id=\"620aa53\" data-element_type=\"widget\" data-e-type=\"widget\" data-widget_type=\"heading.default\">\n\t\t\t\t<div class=\"elementor-widget-container\">\n\t\t\t\t\t<h2 class=\"elementor-heading-title elementor-size-default\">Kilka s\u0142\u00f3w Piotra <br><strong style=\"color:#dda831\">o modlitwie <\/strong><\/h2>\t\t\t\t<\/div>\n\t\t\t\t<\/div>\n\t\t\t\t\t<\/div>\n\t\t<\/div>\n\t\t\t\t\t<\/div>\n\t\t<\/section>\n\t\t\t\t<section class=\"elementor-section elementor-top-section elementor-element elementor-element-5448e019 elementor-section-boxed elementor-section-height-default elementor-section-height-default\" data-id=\"5448e019\" data-element_type=\"section\" data-e-type=\"section\">\n\t\t\t\t\t\t<div class=\"elementor-container elementor-column-gap-default\">\n\t\t\t\t\t<div class=\"elementor-column elementor-col-100 elementor-top-column elementor-element elementor-element-513251d7\" data-id=\"513251d7\" data-element_type=\"column\" data-e-type=\"column\">\n\t\t\t<div class=\"elementor-widget-wrap elementor-element-populated\">\n\t\t\t\t\t\t<div class=\"elementor-element elementor-element-314a303b elementor-nav-menu__align-justify elementor-nav-menu--dropdown-tablet elementor-nav-menu__text-align-aside elementor-nav-menu--toggle elementor-nav-menu--burger elementor-widget elementor-widget-nav-menu\" data-id=\"314a303b\" data-element_type=\"widget\" data-e-type=\"widget\" data-settings=\"{&quot;layout&quot;:&quot;horizontal&quot;,&quot;submenu_icon&quot;:{&quot;value&quot;:&quot;&lt;i class=\\&quot;fas fa-caret-down\\&quot; aria-hidden=\\&quot;true\\&quot;&gt;&lt;\\\/i&gt;&quot;,&quot;library&quot;:&quot;fa-solid&quot;},&quot;toggle&quot;:&quot;burger&quot;}\" data-widget_type=\"nav-menu.default\">\n\t\t\t\t<div class=\"elementor-widget-container\">\n\t\t\t\t\t\t\t\t<nav aria-label=\"Menu\" class=\"elementor-nav-menu--main elementor-nav-menu__container elementor-nav-menu--layout-horizontal e--pointer-none\">\n\t\t\t\t<ul id=\"menu-1-314a303b\" class=\"elementor-nav-menu\"><li class=\"menu-item menu-item-type-post_type menu-item-object-page menu-item-4882\"><a href=\"https:\/\/www.pierregoursat.com\/themes\/theme-amour-adoration\/paroles-de-pierre\/\" title=\"Paroles de Pierre sur la Pri\u00e8re\" class=\"elementor-item\">S\u0142owa Piotra<\/a><\/li>\n<li class=\"menu-item menu-item-type-post_type menu-item-object-page menu-item-4881\"><a href=\"https:\/\/www.pierregoursat.com\/themes\/theme-amour-adoration\/enseignements-pierre\/\" title=\"Enseignements de Pierre sur la Pri\u00e8re\" class=\"elementor-item\">Nauczanie Piotra<\/a><\/li>\n<li class=\"menu-item menu-item-type-post_type menu-item-object-page menu-item-4880\"><a href=\"https:\/\/www.pierregoursat.com\/themes\/theme-amour-adoration\/documents-complementaires\/\" title=\"Documents compl\u00e9mentaires sur la Pri\u00e8re\" class=\"elementor-item\">Nauczanie &#8211; Wsp\u00f3lnota<\/a><\/li>\n<\/ul>\t\t\t<\/nav>\n\t\t\t\t\t<div class=\"elementor-menu-toggle\" role=\"button\" tabindex=\"0\" aria-label=\"Menu Toggle\" aria-expanded=\"false\">\n\t\t\t<i aria-hidden=\"true\" role=\"presentation\" class=\"elementor-menu-toggle__icon--open eicon-menu-bar\"><\/i><i aria-hidden=\"true\" role=\"presentation\" class=\"elementor-menu-toggle__icon--close eicon-close\"><\/i>\t\t<\/div>\n\t\t\t\t\t<nav class=\"elementor-nav-menu--dropdown elementor-nav-menu__container\" aria-hidden=\"true\">\n\t\t\t\t<ul id=\"menu-2-314a303b\" class=\"elementor-nav-menu\"><li class=\"menu-item menu-item-type-post_type menu-item-object-page menu-item-4882\"><a href=\"https:\/\/www.pierregoursat.com\/themes\/theme-amour-adoration\/paroles-de-pierre\/\" title=\"Paroles de Pierre sur la Pri\u00e8re\" class=\"elementor-item\" tabindex=\"-1\">S\u0142owa Piotra<\/a><\/li>\n<li class=\"menu-item menu-item-type-post_type menu-item-object-page menu-item-4881\"><a href=\"https:\/\/www.pierregoursat.com\/themes\/theme-amour-adoration\/enseignements-pierre\/\" title=\"Enseignements de Pierre sur la Pri\u00e8re\" class=\"elementor-item\" tabindex=\"-1\">Nauczanie Piotra<\/a><\/li>\n<li class=\"menu-item menu-item-type-post_type menu-item-object-page menu-item-4880\"><a href=\"https:\/\/www.pierregoursat.com\/themes\/theme-amour-adoration\/documents-complementaires\/\" title=\"Documents compl\u00e9mentaires sur la Pri\u00e8re\" class=\"elementor-item\" tabindex=\"-1\">Nauczanie &#8211; Wsp\u00f3lnota<\/a><\/li>\n<\/ul>\t\t\t<\/nav>\n\t\t\t\t\t\t<\/div>\n\t\t\t\t<\/div>\n\t\t\t\t\t<\/div>\n\t\t<\/div>\n\t\t\t\t\t<\/div>\n\t\t<\/section>\n\t\t\t\t<section class=\"elementor-section elementor-top-section elementor-element elementor-element-1e0bd2c elementor-section-boxed elementor-section-height-default elementor-section-height-default\" data-id=\"1e0bd2c\" data-element_type=\"section\" data-e-type=\"section\">\n\t\t\t\t\t\t<div class=\"elementor-container elementor-column-gap-default\">\n\t\t\t\t\t<div class=\"elementor-column elementor-col-100 elementor-top-column elementor-element elementor-element-52a62c8b\" data-id=\"52a62c8b\" data-element_type=\"column\" data-e-type=\"column\">\n\t\t\t<div class=\"elementor-widget-wrap elementor-element-populated\">\n\t\t\t\t\t\t<div class=\"elementor-element elementor-element-6b0f142a citationserif elementor-widget elementor-widget-heading\" data-id=\"6b0f142a\" data-element_type=\"widget\" data-e-type=\"widget\" data-settings=\"{&quot;_animation&quot;:&quot;none&quot;}\" data-widget_type=\"heading.default\">\n\t\t\t\t<div class=\"elementor-widget-container\">\n\t\t\t\t\t<h4 class=\"elementor-heading-title elementor-size-medium\">Ogie\u0144<\/h4>\t\t\t\t<\/div>\n\t\t\t\t<\/div>\n\t\t\t\t\t<\/div>\n\t\t<\/div>\n\t\t\t\t\t<\/div>\n\t\t<\/section>\n\t\t\t\t<section class=\"elementor-section elementor-top-section elementor-element elementor-element-54cda42a elementor-section-boxed elementor-section-height-default elementor-section-height-default\" data-id=\"54cda42a\" data-element_type=\"section\" data-e-type=\"section\">\n\t\t\t\t\t\t<div class=\"elementor-container elementor-column-gap-default\">\n\t\t\t\t\t<div class=\"elementor-column elementor-col-100 elementor-top-column elementor-element elementor-element-46d5a726\" data-id=\"46d5a726\" data-element_type=\"column\" data-e-type=\"column\">\n\t\t\t<div class=\"elementor-widget-wrap elementor-element-populated\">\n\t\t\t\t\t\t<div class=\"elementor-element elementor-element-4bbf3db7 elementor-widget elementor-widget-text-editor\" data-id=\"4bbf3db7\" data-element_type=\"widget\" data-e-type=\"widget\" data-widget_type=\"text-editor.default\">\n\t\t\t\t<div class=\"elementor-widget-container\">\n\t\t\t\t\t\t\t\t\tWystarczy jedno miejsce, gdzie kto\u015b kocha Jezusa, by ludzie natychmiast tam si\u0119 zbiegli [&#8230;]. Serce cz\u0142owieka jest stworzone do tego, by p\u0142on\u0105\u0107. Zapalajcie wsz\u0119dzie ma\u0142e p\u0142omyki, a zobaczycie, jak wielki b\u0119dzie z nich ogie\u0144. Ale trzeba naprawd\u0119 mie\u0107 w sobie t\u0119 mi\u0142o\u015b\u0107. Adorujcie Go, adorujcie, adorujcie.\t\t\t\t\t\t\t\t\t<\/div>\n\t\t\t\t<\/div>\n\t\t\t\t<div class=\"elementor-element elementor-element-32c146a3 sourcecitation elementor-widget elementor-widget-heading\" data-id=\"32c146a3\" data-element_type=\"widget\" data-e-type=\"widget\" data-widget_type=\"heading.default\">\n\t\t\t\t<div class=\"elementor-widget-container\">\n\t\t\t\t\t<p class=\"elementor-heading-title elementor-size-large\">Rekolekcje Bractwa Jezusowego, VIII 1978 r.<\/p>\t\t\t\t<\/div>\n\t\t\t\t<\/div>\n\t\t\t\t\t<\/div>\n\t\t<\/div>\n\t\t\t\t\t<\/div>\n\t\t<\/section>\n\t\t\t\t<section class=\"elementor-section elementor-top-section elementor-element elementor-element-49795199 elementor-section-boxed elementor-section-height-default elementor-section-height-default\" data-id=\"49795199\" data-element_type=\"section\" data-e-type=\"section\">\n\t\t\t\t\t\t<div class=\"elementor-container elementor-column-gap-default\">\n\t\t\t\t\t<div class=\"elementor-column elementor-col-100 elementor-top-column elementor-element elementor-element-9a1172a\" data-id=\"9a1172a\" data-element_type=\"column\" data-e-type=\"column\">\n\t\t\t<div class=\"elementor-widget-wrap elementor-element-populated\">\n\t\t\t\t\t\t<div class=\"elementor-element elementor-element-49d14912 elementor-widget elementor-widget-text-editor\" data-id=\"49d14912\" data-element_type=\"widget\" data-e-type=\"widget\" data-widget_type=\"text-editor.default\">\n\t\t\t\t<div class=\"elementor-widget-container\">\n\t\t\t\t\t\t\t\t\tStajemy si\u0119 krzewami gorej\u0105cymi, kt\u00f3re p\u0142on\u0105, ale nie zostaj\u0105 poch\u0142oni\u0119te przez ogie\u0144. Pan pragnie rozpali\u0107 \u015bwiat, pos\u0142uguj\u0105c si\u0119 naszym n\u0119dznym \u017cyciem, kt\u00f3re razem oddajemy Jemu na s\u0142u\u017cb\u0119, by rozszerza\u0142o si\u0119 Kr\u00f3lestwo Bo\u017cej Mi\u0142o\u015bci.\t\t\t\t\t\t\t\t\t<\/div>\n\t\t\t\t<\/div>\n\t\t\t\t<div class=\"elementor-element elementor-element-9ecb9d2 sourcecitation elementor-widget elementor-widget-heading\" data-id=\"9ecb9d2\" data-element_type=\"widget\" data-e-type=\"widget\" data-widget_type=\"heading.default\">\n\t\t\t\t<div class=\"elementor-widget-container\">\n\t\t\t\t\t<p class=\"elementor-heading-title elementor-size-large\">Notatki przygotowuj\u0105ce do nauczania \n24 VI 1980 r.<\/p>\t\t\t\t<\/div>\n\t\t\t\t<\/div>\n\t\t\t\t\t<\/div>\n\t\t<\/div>\n\t\t\t\t\t<\/div>\n\t\t<\/section>\n\t\t\t\t<section class=\"elementor-section elementor-top-section elementor-element elementor-element-2ba0c1fe animated-slow elementor-section-boxed elementor-section-height-default elementor-section-height-default elementor-invisible\" data-id=\"2ba0c1fe\" data-element_type=\"section\" data-e-type=\"section\" data-settings=\"{&quot;animation&quot;:&quot;fadeIn&quot;}\">\n\t\t\t\t\t\t<div class=\"elementor-container elementor-column-gap-default\">\n\t\t\t\t\t<div class=\"elementor-column elementor-col-100 elementor-top-column elementor-element elementor-element-38bdd18c\" data-id=\"38bdd18c\" data-element_type=\"column\" data-e-type=\"column\">\n\t\t\t<div class=\"elementor-widget-wrap elementor-element-populated\">\n\t\t\t\t\t\t<div class=\"elementor-element elementor-element-6935991f citationserif elementor-invisible elementor-widget elementor-widget-heading\" data-id=\"6935991f\" data-element_type=\"widget\" data-e-type=\"widget\" data-settings=\"{&quot;_animation&quot;:&quot;fadeIn&quot;}\" data-widget_type=\"heading.default\">\n\t\t\t\t<div class=\"elementor-widget-container\">\n\t\t\t\t\t<h3 class=\"elementor-heading-title elementor-size-default\">Kiedy ogarnie nas ogie\u0144 Mi\u0142o\u015bci, wypali nas, wytopi, <br \/>oczy\u015bci, wtedy uka\u017ce si\u0119 prawdziwa osoba.\t<\/h3>\t\t\t\t<\/div>\n\t\t\t\t<\/div>\n\t\t\t\t<div class=\"elementor-element elementor-element-1f427667 sourcecitation elementor-widget elementor-widget-heading\" data-id=\"1f427667\" data-element_type=\"widget\" data-e-type=\"widget\" data-widget_type=\"heading.default\">\n\t\t\t\t<div class=\"elementor-widget-container\">\n\t\t\t\t\t<p class=\"elementor-heading-title elementor-size-large\">Weekend Emmanuela,\n26 X 1975 r.<\/p>\t\t\t\t<\/div>\n\t\t\t\t<\/div>\n\t\t\t\t\t<\/div>\n\t\t<\/div>\n\t\t\t\t\t<\/div>\n\t\t<\/section>\n\t\t\t\t<section class=\"elementor-section elementor-top-section elementor-element elementor-element-5956a5f9 elementor-section-boxed elementor-section-height-default elementor-section-height-default\" data-id=\"5956a5f9\" data-element_type=\"section\" data-e-type=\"section\">\n\t\t\t\t\t\t<div class=\"elementor-container elementor-column-gap-default\">\n\t\t\t\t\t<div class=\"elementor-column elementor-col-100 elementor-top-column elementor-element elementor-element-519f099b\" data-id=\"519f099b\" data-element_type=\"column\" data-e-type=\"column\">\n\t\t\t<div class=\"elementor-widget-wrap elementor-element-populated\">\n\t\t\t\t\t\t<div class=\"elementor-element elementor-element-21342289 elementor-widget elementor-widget-text-editor\" data-id=\"21342289\" data-element_type=\"widget\" data-e-type=\"widget\" data-widget_type=\"text-editor.default\">\n\t\t\t\t<div class=\"elementor-widget-container\">\n\t\t\t\t\t\t\t\t\tTrzeba ch\u0142on\u0105\u0107 ten ogie\u0144, trzeba adorowa\u0107, ogrzewa\u0107 si\u0119 przy ogniu, jaki p\u0142onie na adoracji; je\u015bli rzeczywi\u015bcie j\u0105 podejmiemy, wtedy wszystko przyjdzie w swoim czasie.\t\t\t\t\t\t\t\t\t<\/div>\n\t\t\t\t<\/div>\n\t\t\t\t<div class=\"elementor-element elementor-element-9338962 sourcecitation elementor-widget elementor-widget-heading\" data-id=\"9338962\" data-element_type=\"widget\" data-e-type=\"widget\" data-widget_type=\"heading.default\">\n\t\t\t\t<div class=\"elementor-widget-container\">\n\t\t\t\t\t<p class=\"elementor-heading-title elementor-size-large\">Spotkanie Afryki francuskoj\u0119zycznej, Paray-le-Monial \n12-16 VII 1979 r.<\/p>\t\t\t\t<\/div>\n\t\t\t\t<\/div>\n\t\t\t\t\t<\/div>\n\t\t<\/div>\n\t\t\t\t\t<\/div>\n\t\t<\/section>\n\t\t\t\t<section class=\"elementor-section elementor-top-section elementor-element elementor-element-13e86759 elementor-section-boxed elementor-section-height-default elementor-section-height-default\" data-id=\"13e86759\" data-element_type=\"section\" data-e-type=\"section\">\n\t\t\t\t\t\t<div class=\"elementor-container elementor-column-gap-default\">\n\t\t\t\t\t<div class=\"elementor-column elementor-col-100 elementor-top-column elementor-element elementor-element-23c88bbd\" data-id=\"23c88bbd\" data-element_type=\"column\" data-e-type=\"column\">\n\t\t\t<div class=\"elementor-widget-wrap elementor-element-populated\">\n\t\t\t\t\t\t<div class=\"elementor-element elementor-element-1b9cf33a elementor-widget elementor-widget-text-editor\" data-id=\"1b9cf33a\" data-element_type=\"widget\" data-e-type=\"widget\" data-widget_type=\"text-editor.default\">\n\t\t\t\t<div class=\"elementor-widget-container\">\n\t\t\t\t\t\t\t\t\tWszyscy, kt\u00f3rzy tu jeste\u015bcie, powinni\u015bcie Go adorowa\u0107. Kiedy tylko macie czas, idziecie si\u0119 modli\u0107 i adorowa\u0107 Jezusa.[\u2026] Celem adoracji jest oczywi\u015bcie oddawanie czci Cia\u0142u i Sercu Chrystusa, ale przede wszystkim chodzi o to, by to On rozpali\u0142 w nas mi\u0142o\u015b\u0107, by\u015bmy zap\u0142on\u0119li mi\u0142o\u015bci\u0105 do naszych braci. [\u2026] O Mi\u0142o\u015b\u0107 Serca Jezusowego mamy prosi\u0107 podczas adoracji i ufnej modlitwy. Je\u015bli nawet jeste\u015b jak k\u0142oda drewna, masz trwa\u0107 u st\u00f3p Jezusa i opala\u0107 si\u0119 w s\u0142o\u0144cu Jego Mi\u0142o\u015bci. [\u2026] Prosz\u0119 Was, pro\u015bcie Jezusa jak dzieci o t\u0119 wielk\u0105 \u0142ask\u0119, by wasze serca zap\u0142on\u0119\u0142y mi\u0142o\u015bci\u0105, aby rozpali\u0107 \u015bwiat!\t&#8220;Sesja w Paray\n 09-21 VII 1977 r. \t\t\t\t\t\t\t\t<\/div>\n\t\t\t\t<\/div>\n\t\t\t\t<div class=\"elementor-element elementor-element-6412d9ed sourcecitation elementor-widget elementor-widget-heading\" data-id=\"6412d9ed\" data-element_type=\"widget\" data-e-type=\"widget\" data-widget_type=\"heading.default\">\n\t\t\t\t<div class=\"elementor-widget-container\">\n\t\t\t\t\t<p class=\"elementor-heading-title elementor-size-large\">Wprowadzenie do nauczania bp Gaidon\"<\/p>\t\t\t\t<\/div>\n\t\t\t\t<\/div>\n\t\t\t\t\t<\/div>\n\t\t<\/div>\n\t\t\t\t\t<\/div>\n\t\t<\/section>\n\t\t\t\t<section class=\"elementor-section elementor-top-section elementor-element elementor-element-29f48a57 elementor-section-boxed elementor-section-height-default elementor-section-height-default\" data-id=\"29f48a57\" data-element_type=\"section\" data-e-type=\"section\">\n\t\t\t\t\t\t<div class=\"elementor-container elementor-column-gap-default\">\n\t\t\t\t\t<div class=\"elementor-column elementor-col-100 elementor-top-column elementor-element elementor-element-1cbb4cf8\" data-id=\"1cbb4cf8\" data-element_type=\"column\" data-e-type=\"column\">\n\t\t\t<div class=\"elementor-widget-wrap elementor-element-populated\">\n\t\t\t\t\t\t<div class=\"elementor-element elementor-element-5a5d0e7e elementor-widget elementor-widget-text-editor\" data-id=\"5a5d0e7e\" data-element_type=\"widget\" data-e-type=\"widget\" data-widget_type=\"text-editor.default\">\n\t\t\t\t<div class=\"elementor-widget-container\">\n\t\t\t\t\t\t\t\t\tNie jest to zarezerwowane dla nielicznych uprzywilejowanych, ale dotyczy ka\u017cdego, bo cz\u0142owiek zosta\u0142 stworzony do tego, by p\u0142on\u0105\u0107.\t\t\t\t\t\t\t\t<\/div>\n\t\t\t\t<\/div>\n\t\t\t\t<div class=\"elementor-element elementor-element-bb1cf10 sourcecitation elementor-widget elementor-widget-heading\" data-id=\"bb1cf10\" data-element_type=\"widget\" data-e-type=\"widget\" data-widget_type=\"heading.default\">\n\t\t\t\t<div class=\"elementor-widget-container\">\n\t\t\t\t\t<p class=\"elementor-heading-title elementor-size-large\">Rekolekcje Bractwa Jezusowego, \nVIII 1978, popo\u0142udnie \n9 VIII 1978 r.<\/p>\t\t\t\t<\/div>\n\t\t\t\t<\/div>\n\t\t\t\t\t<\/div>\n\t\t<\/div>\n\t\t\t\t\t<\/div>\n\t\t<\/section>\n\t\t\t\t<section class=\"elementor-section elementor-top-section elementor-element elementor-element-71111de2 elementor-section-boxed elementor-section-height-default elementor-section-height-default\" data-id=\"71111de2\" data-element_type=\"section\" data-e-type=\"section\">\n\t\t\t\t\t\t<div class=\"elementor-container elementor-column-gap-default\">\n\t\t\t\t\t<div class=\"elementor-column elementor-col-100 elementor-top-column elementor-element elementor-element-cbdb9f8\" data-id=\"cbdb9f8\" data-element_type=\"column\" data-e-type=\"column\">\n\t\t\t<div class=\"elementor-widget-wrap elementor-element-populated\">\n\t\t\t\t\t\t<div class=\"elementor-element elementor-element-7765645 elementor-widget elementor-widget-text-editor\" data-id=\"7765645\" data-element_type=\"widget\" data-e-type=\"widget\" data-widget_type=\"text-editor.default\">\n\t\t\t\t<div class=\"elementor-widget-container\">\n\t\t\t\t\t\t\t\t\tNie powinno si\u0119 stale prosi\u0107 Pana: \u201ePanie, zabierz mi ten czy inny grzech\u201d. Pro\u015bcie Go, by rozpali\u0142 wasze serca, by was przemieni\u0142, by wasze dusze wsp\u00f3\u0142odczuwa\u0142y wraz z Maryj\u0105\u201d.\t\t\t\t\t\t\t\t\t<\/div>\n\t\t\t\t<\/div>\n\t\t\t\t<div class=\"elementor-element elementor-element-5cc192d9 sourcecitation elementor-widget elementor-widget-heading\" data-id=\"5cc192d9\" data-element_type=\"widget\" data-e-type=\"widget\" data-widget_type=\"heading.default\">\n\t\t\t\t<div class=\"elementor-widget-container\">\n\t\t\t\t\t<p class=\"elementor-heading-title elementor-size-large\">Rozmowa\n 23 V 1973 r.<\/p>\t\t\t\t<\/div>\n\t\t\t\t<\/div>\n\t\t\t\t\t<\/div>\n\t\t<\/div>\n\t\t\t\t\t<\/div>\n\t\t<\/section>\n\t\t\t\t<section class=\"elementor-section elementor-top-section elementor-element elementor-element-9c3e6d3 animated-slow elementor-section-boxed elementor-section-height-default elementor-section-height-default elementor-invisible\" data-id=\"9c3e6d3\" data-element_type=\"section\" data-e-type=\"section\" data-settings=\"{&quot;animation&quot;:&quot;fadeIn&quot;}\">\n\t\t\t\t\t\t<div class=\"elementor-container elementor-column-gap-default\">\n\t\t\t\t\t<div class=\"elementor-column elementor-col-100 elementor-top-column elementor-element elementor-element-5b37460d\" data-id=\"5b37460d\" data-element_type=\"column\" data-e-type=\"column\">\n\t\t\t<div class=\"elementor-widget-wrap elementor-element-populated\">\n\t\t\t\t\t\t<div class=\"elementor-element elementor-element-6a780b8d citationserif elementor-invisible elementor-widget elementor-widget-heading\" data-id=\"6a780b8d\" data-element_type=\"widget\" data-e-type=\"widget\" data-settings=\"{&quot;_animation&quot;:&quot;fadeIn&quot;}\" data-widget_type=\"heading.default\">\n\t\t\t\t<div class=\"elementor-widget-container\">\n\t\t\t\t\t<h3 class=\"elementor-heading-title elementor-size-default\">Nie powinno si\u0119 stale prosi\u0107 Pana: \u201ePanie, zabierz mi ten czy inny grzech\u201d. Pro\u015bcie Go, by rozpali\u0142 wasze serca, by was przemieni\u0142, by wasze dusze wsp\u00f3\u0142odczuwa\u0142y wraz z Maryj\u0105\u201d.\t<\/h3>\t\t\t\t<\/div>\n\t\t\t\t<\/div>\n\t\t\t\t<div class=\"elementor-element elementor-element-43caafb1 sourcecitation elementor-widget elementor-widget-heading\" data-id=\"43caafb1\" data-element_type=\"widget\" data-e-type=\"widget\" data-widget_type=\"heading.default\">\n\t\t\t\t<div class=\"elementor-widget-container\">\n\t\t\t\t\t<p class=\"elementor-heading-title elementor-size-large\">Rozmowa\n 23 V 1973 r.<\/p>\t\t\t\t<\/div>\n\t\t\t\t<\/div>\n\t\t\t\t\t<\/div>\n\t\t<\/div>\n\t\t\t\t\t<\/div>\n\t\t<\/section>\n\t\t\t\t<section class=\"elementor-section elementor-top-section elementor-element elementor-element-2e9e0629 elementor-section-boxed elementor-section-height-default elementor-section-height-default\" data-id=\"2e9e0629\" data-element_type=\"section\" data-e-type=\"section\">\n\t\t\t\t\t\t<div class=\"elementor-container elementor-column-gap-default\">\n\t\t\t\t\t<div class=\"elementor-column elementor-col-100 elementor-top-column elementor-element elementor-element-21b32415\" data-id=\"21b32415\" data-element_type=\"column\" data-e-type=\"column\">\n\t\t\t<div class=\"elementor-widget-wrap elementor-element-populated\">\n\t\t\t\t\t\t<div class=\"elementor-element elementor-element-44a40deb elementor-widget elementor-widget-text-editor\" data-id=\"44a40deb\" data-element_type=\"widget\" data-e-type=\"widget\" data-widget_type=\"text-editor.default\">\n\t\t\t\t<div class=\"elementor-widget-container\">\n\t\t\t\t\t\t\t\t\tRaczej patrzmy na Boga. [\u2026] Najpro\u015bciej b\u0119dzie prosi\u0107 o Ogie\u0144, Ogie\u0144 z Nieba, by na nas zst\u0105pi\u0142. [\u2026] Dop\u00f3ki nie b\u0119dzie w nas tego ognia, nigdy za daleko nie zajdziemy.\t\t\t\t\t\t\t\t<\/div>\n\t\t\t\t<\/div>\n\t\t\t\t<div class=\"elementor-element elementor-element-126abe58 sourcecitation elementor-widget elementor-widget-heading\" data-id=\"126abe58\" data-element_type=\"widget\" data-e-type=\"widget\" data-widget_type=\"heading.default\">\n\t\t\t\t<div class=\"elementor-widget-container\">\n\t\t\t\t\t<p class=\"elementor-heading-title elementor-size-large\">Weekend Emmanuela 25-26 X 1975 r. \nSobota 25 X 1975 r.<\/p>\t\t\t\t<\/div>\n\t\t\t\t<\/div>\n\t\t\t\t\t<\/div>\n\t\t<\/div>\n\t\t\t\t\t<\/div>\n\t\t<\/section>\n\t\t\t\t<section class=\"elementor-section elementor-top-section elementor-element elementor-element-3a7e6a81 elementor-section-boxed elementor-section-height-default elementor-section-height-default\" data-id=\"3a7e6a81\" data-element_type=\"section\" data-e-type=\"section\">\n\t\t\t\t\t\t<div class=\"elementor-container elementor-column-gap-default\">\n\t\t\t\t\t<div class=\"elementor-column elementor-col-100 elementor-top-column elementor-element elementor-element-24ee87f2\" data-id=\"24ee87f2\" data-element_type=\"column\" data-e-type=\"column\">\n\t\t\t<div class=\"elementor-widget-wrap elementor-element-populated\">\n\t\t\t\t\t\t<div class=\"elementor-element elementor-element-5cb014a0 elementor-widget elementor-widget-text-editor\" data-id=\"5cb014a0\" data-element_type=\"widget\" data-e-type=\"widget\" data-widget_type=\"text-editor.default\">\n\t\t\t\t<div class=\"elementor-widget-container\">\n\t\t\t\t\t\t\t\t\tJe\u015bli poprosimy o ten ogie\u0144 Pana, zostaniemy wypaleni, w ogniu tym sp\u0142on\u0105 nasze grzechy. [\u2026] Naprawd\u0119 musimy prosi\u0107 o to Pana.\t\t\t\t\t\t\t\t\t<\/div>\n\t\t\t\t<\/div>\n\t\t\t\t<div class=\"elementor-element elementor-element-54d4c4b0 sourcecitation elementor-widget elementor-widget-heading\" data-id=\"54d4c4b0\" data-element_type=\"widget\" data-e-type=\"widget\" data-widget_type=\"heading.default\">\n\t\t\t\t<div class=\"elementor-widget-container\">\n\t\t\t\t\t<p class=\"elementor-heading-title elementor-size-large\">Wprowadzenie do nauczania pastora Thomasa Robertsa,\n II sesja w Paray-le-Monial, \n17-22 VII 1976 r.<\/p>\t\t\t\t<\/div>\n\t\t\t\t<\/div>\n\t\t\t\t\t<\/div>\n\t\t<\/div>\n\t\t\t\t\t<\/div>\n\t\t<\/section>\n\t\t\t\t<section class=\"elementor-section elementor-top-section elementor-element elementor-element-7da794c8 elementor-section-boxed elementor-section-height-default elementor-section-height-default\" data-id=\"7da794c8\" data-element_type=\"section\" data-e-type=\"section\">\n\t\t\t\t\t\t<div class=\"elementor-container elementor-column-gap-default\">\n\t\t\t\t\t<div class=\"elementor-column elementor-col-100 elementor-top-column elementor-element elementor-element-92601a1\" data-id=\"92601a1\" data-element_type=\"column\" data-e-type=\"column\">\n\t\t\t<div class=\"elementor-widget-wrap elementor-element-populated\">\n\t\t\t\t\t\t<div class=\"elementor-element elementor-element-3ab7cf01 elementor-widget elementor-widget-text-editor\" data-id=\"3ab7cf01\" data-element_type=\"widget\" data-e-type=\"widget\" data-widget_type=\"text-editor.default\">\n\t\t\t\t<div class=\"elementor-widget-container\">\n\t\t\t\t\t\t\t\t\tB\u00f3g chce da\u0107 nam, zamiast naszych kamiennych serc, swoje Serce p\u0142on\u0105ce Mi\u0142o\u015bci\u0105, swoje \u017carliwe pragnienie zbawienia dusz. Dlatego te\u017c chce poruszy\u0107 nasze serca swoj\u0105 Mi\u0142o\u015bci\u0105, przebi\u0107 je, z\u0142ama\u0107. Kiedy odkryjemy nasz\u0105 bied\u0119, do\u015bwiadczymy Jego Mi\u0142osierdzia. [\u2026] Podczas adoracji, Jezus chce uzdolni\u0107 nas do wsp\u00f3\u0142odczuwania i \u0142agodno\u015bci w\u0142a\u015bciwych Jego Sercu. Kruszy nasz\u0105 pych\u0119, egoizm i zaprasza nas do swojej szko\u0142y: \u201eJezu, cichy i pokorny, uczy\u0144 serce moje podobnym do Twego\u201d.\t\t\t\t\t\t\t\t\t<\/div>\n\t\t\t\t<\/div>\n\t\t\t\t<div class=\"elementor-element elementor-element-4c490c3f sourcecitation elementor-widget elementor-widget-heading\" data-id=\"4c490c3f\" data-element_type=\"widget\" data-e-type=\"widget\" data-widget_type=\"heading.default\">\n\t\t\t\t<div class=\"elementor-widget-container\">\n\t\t\t\t\t<p class=\"elementor-heading-title elementor-size-large\">Notatki przygotowuj\u0105ce do nauczania \n24 VI 1980 r.<\/p>\t\t\t\t<\/div>\n\t\t\t\t<\/div>\n\t\t\t\t\t<\/div>\n\t\t<\/div>\n\t\t\t\t\t<\/div>\n\t\t<\/section>\n\t\t\t\t<section class=\"elementor-section elementor-top-section elementor-element elementor-element-32bfef0 elementor-section-boxed elementor-section-height-default elementor-section-height-default\" data-id=\"32bfef0\" data-element_type=\"section\" data-e-type=\"section\">\n\t\t\t\t\t\t<div class=\"elementor-container elementor-column-gap-default\">\n\t\t\t\t\t<div class=\"elementor-column elementor-col-100 elementor-top-column elementor-element elementor-element-68c8805c\" data-id=\"68c8805c\" data-element_type=\"column\" data-e-type=\"column\">\n\t\t\t<div class=\"elementor-widget-wrap elementor-element-populated\">\n\t\t\t\t\t\t<div class=\"elementor-element elementor-element-62bafcd9 elementor-widget elementor-widget-text-editor\" data-id=\"62bafcd9\" data-element_type=\"widget\" data-e-type=\"widget\" data-widget_type=\"text-editor.default\">\n\t\t\t\t<div class=\"elementor-widget-container\">\n\t\t\t\t\t\t\t\t\t\u0141aska prostoty b\u0119dzie nam dana podczas adoracji. A nasze serce zap\u0142onie, zap\u0142onie mi\u0142o\u015bci\u0105 do Pana i do braci. B\u0119dziemy niczym \u017cywe pochodnie, b\u0119dziemy mogli rozpali\u0107 \u015bwiat, poczynaj\u0105c od Francji.\t\t\t\t\t\t\t\t\t<\/div>\n\t\t\t\t<\/div>\n\t\t\t\t<div class=\"elementor-element elementor-element-5237331e sourcecitation elementor-widget elementor-widget-heading\" data-id=\"5237331e\" data-element_type=\"widget\" data-e-type=\"widget\" data-widget_type=\"heading.default\">\n\t\t\t\t<div class=\"elementor-widget-container\">\n\t\t\t\t\t<p class=\"elementor-heading-title elementor-size-large\">Spotkanie Bractwa Jezusowego,\n25 VI 1977 r.<\/p>\t\t\t\t<\/div>\n\t\t\t\t<\/div>\n\t\t\t\t\t<\/div>\n\t\t<\/div>\n\t\t\t\t\t<\/div>\n\t\t<\/section>\n\t\t\t\t<section class=\"elementor-section elementor-top-section elementor-element elementor-element-d58bb1c elementor-section-boxed elementor-section-height-default elementor-section-height-default\" data-id=\"d58bb1c\" data-element_type=\"section\" data-e-type=\"section\">\n\t\t\t\t\t\t<div class=\"elementor-container elementor-column-gap-default\">\n\t\t\t\t\t<div class=\"elementor-column elementor-col-100 elementor-top-column elementor-element elementor-element-21b67106\" data-id=\"21b67106\" data-element_type=\"column\" data-e-type=\"column\">\n\t\t\t<div class=\"elementor-widget-wrap elementor-element-populated\">\n\t\t\t\t\t\t<div class=\"elementor-element elementor-element-3f537bd3 elementor-widget elementor-widget-text-editor\" data-id=\"3f537bd3\" data-element_type=\"widget\" data-e-type=\"widget\" data-widget_type=\"text-editor.default\">\n\t\t\t\t<div class=\"elementor-widget-container\">\n\t\t\t\t\t\t\t\t\tKiedy zaczynamy adorowa\u0107, czujemy si\u0119 coraz bardziej ubodzy, ale oddajemy si\u0119 ca\u0142kowicie w ramiona Jezusa. Naprawd\u0119 prosimy Go, by otworzy\u0142 nasze serca. I Jego Serce nas rozgrzewa, rozpala. P\u0142oniemy mi\u0142o\u015bci\u0105, a potem promieniujemy. A poniewa\u017c p\u0142oniemy mi\u0142o\u015bci\u0105, to czy jeste\u015bmy na modlitwie, czy u chorych, czy wykonujemy dowoln\u0105 prac\u0119, nieprzerwanie p\u0142oniemy mi\u0142o\u015bci\u0105 i wsz\u0119dzie dostrzegamy Jezusa.\t\t\t\t\t\t\t\t\t<\/div>\n\t\t\t\t<\/div>\n\t\t\t\t<div class=\"elementor-element elementor-element-35560683 sourcecitation elementor-widget elementor-widget-heading\" data-id=\"35560683\" data-element_type=\"widget\" data-e-type=\"widget\" data-widget_type=\"heading.default\">\n\t\t\t\t<div class=\"elementor-widget-container\">\n\t\t\t\t\t<p class=\"elementor-heading-title elementor-size-large\">Spotkanie Bractwa Jezusowego\n 25 VI 1977 r.<\/p>\t\t\t\t<\/div>\n\t\t\t\t<\/div>\n\t\t\t\t\t<\/div>\n\t\t<\/div>\n\t\t\t\t\t<\/div>\n\t\t<\/section>\n\t\t\t\t<section class=\"elementor-section elementor-top-section elementor-element elementor-element-7a64f384 elementor-section-boxed elementor-section-height-default elementor-section-height-default\" data-id=\"7a64f384\" data-element_type=\"section\" data-e-type=\"section\">\n\t\t\t\t\t\t<div class=\"elementor-container elementor-column-gap-default\">\n\t\t\t\t\t<div class=\"elementor-column elementor-col-100 elementor-top-column elementor-element elementor-element-5da3c921\" data-id=\"5da3c921\" data-element_type=\"column\" data-e-type=\"column\">\n\t\t\t<div class=\"elementor-widget-wrap elementor-element-populated\">\n\t\t\t\t\t\t<div class=\"elementor-element elementor-element-15d857ad elementor-widget elementor-widget-text-editor\" data-id=\"15d857ad\" data-element_type=\"widget\" data-e-type=\"widget\" data-widget_type=\"text-editor.default\">\n\t\t\t\t<div class=\"elementor-widget-container\">\n\t\t\t\t\t\t\t\t\tTo co\u015b bardzo g\u0142\u0119bokiego. Musicie naprawd\u0119 szczeg\u00f3lnie modli\u0107 si\u0119 o to s\u0142owami: \u201ePanie, objaw mi si\u0119, uka\u017c, rozpal mnie, wypal, poch\u0142o\u0144 Twoj\u0105 Mi\u0142o\u015bci\u0105, by m\u00f3g\u0142 zap\u0142on\u0105\u0107 na ziemi ogie\u0144\u201d.\t\t\t\t\t\t\t\t\t<\/div>\n\t\t\t\t<\/div>\n\t\t\t\t<div class=\"elementor-element elementor-element-76c0234f sourcecitation elementor-widget elementor-widget-heading\" data-id=\"76c0234f\" data-element_type=\"widget\" data-e-type=\"widget\" data-widget_type=\"heading.default\">\n\t\t\t\t<div class=\"elementor-widget-container\">\n\t\t\t\t\t<p class=\"elementor-heading-title elementor-size-large\">Rekolekcje Bractwa Jezusowego \nBo\u017ce Narodzenie 1982 r.\n30 XII 1982 r.<\/p>\t\t\t\t<\/div>\n\t\t\t\t<\/div>\n\t\t\t\t\t<\/div>\n\t\t<\/div>\n\t\t\t\t\t<\/div>\n\t\t<\/section>\n\t\t\t\t<section class=\"elementor-section elementor-top-section elementor-element elementor-element-14ae7dc2 elementor-section-boxed elementor-section-height-default elementor-section-height-default\" data-id=\"14ae7dc2\" data-element_type=\"section\" data-e-type=\"section\">\n\t\t\t\t\t\t<div class=\"elementor-container elementor-column-gap-default\">\n\t\t\t\t\t<div class=\"elementor-column elementor-col-100 elementor-top-column elementor-element elementor-element-5b71578\" data-id=\"5b71578\" data-element_type=\"column\" data-e-type=\"column\">\n\t\t\t<div class=\"elementor-widget-wrap elementor-element-populated\">\n\t\t\t\t\t\t<div class=\"elementor-element elementor-element-67565b8a elementor-widget elementor-widget-text-editor\" data-id=\"67565b8a\" data-element_type=\"widget\" data-e-type=\"widget\" data-widget_type=\"text-editor.default\">\n\t\t\t\t<div class=\"elementor-widget-container\">\n\t\t\t\t\t\t\t\t\tTo co\u015b bardzo g\u0142\u0119bokiego. Musicie naprawd\u0119 szczeg\u00f3lnie modli\u0107 si\u0119 o to s\u0142owami: \u201ePanie, objaw mi si\u0119, uka\u017c, rozpal mnie, wypal, poch\u0142o\u0144 Twoj\u0105 Mi\u0142o\u015bci\u0105, by m\u00f3g\u0142 zap\u0142on\u0105\u0107 na ziemi ogie\u0144\u201d.\t\t\t\t\t\t\t\t\t<\/div>\n\t\t\t\t<\/div>\n\t\t\t\t<div class=\"elementor-element elementor-element-214832b sourcecitation elementor-widget elementor-widget-heading\" data-id=\"214832b\" data-element_type=\"widget\" data-e-type=\"widget\" data-widget_type=\"heading.default\">\n\t\t\t\t<div class=\"elementor-widget-container\">\n\t\t\t\t\t<p class=\"elementor-heading-title elementor-size-large\">Rekolekcje Bractwa Jezusowego \nBo\u017ce Narodzenie 1982 r.\n30 XII 1982 r.<\/p>\t\t\t\t<\/div>\n\t\t\t\t<\/div>\n\t\t\t\t\t<\/div>\n\t\t<\/div>\n\t\t\t\t\t<\/div>\n\t\t<\/section>\n\t\t\t\t<section class=\"elementor-section elementor-top-section elementor-element elementor-element-6ed7970d elementor-section-boxed elementor-section-height-default elementor-section-height-default\" data-id=\"6ed7970d\" data-element_type=\"section\" data-e-type=\"section\">\n\t\t\t\t\t\t<div class=\"elementor-container elementor-column-gap-default\">\n\t\t\t\t\t<div class=\"elementor-column elementor-col-100 elementor-top-column elementor-element elementor-element-63eaa2e4\" data-id=\"63eaa2e4\" data-element_type=\"column\" data-e-type=\"column\">\n\t\t\t<div class=\"elementor-widget-wrap elementor-element-populated\">\n\t\t\t\t\t\t<div class=\"elementor-element elementor-element-12a359f8 elementor-widget elementor-widget-text-editor\" data-id=\"12a359f8\" data-element_type=\"widget\" data-e-type=\"widget\" data-widget_type=\"text-editor.default\">\n\t\t\t\t<div class=\"elementor-widget-container\">\n\t\t\t\t\t\t\t\t\t&#8220;Powiecie mi: \u201eBy\u0142em na adoracji, dobra chwil\u0119, ale by\u0142em nieco osch\u0142y\u201d. To nie ma znaczenia! Bo jeste\u015b tam poddany promieniowaniu, jak to ultra-fioletowe. M\u00f3wisz: \u201eBy\u0142em i nic si\u0119 nie wydarzy\u0142o\u201d. Odpowiem ci: \n&#8211; \u201eAle\u017c tak! Ty promieniujesz!\u201d \n&#8211; \u201eAle niczego nie odczuwa\u0142em\u201d. \n&#8211; Zgoda, ale to nie ma znaczenia, czy co\u015b odczuwasz. Pan nie musi zapewnia\u0107 ci jakichkolwiek odczu\u0107. By\u0142e\u015b tam z wiar\u0105, przyszed\u0142e\u015b do Niego, Pan ci\u0119 teraz przemienia, daje ci si\u0142\u0119\u201d. To si\u0119 liczy.&#8221;\t\t\t\t\t\t\t\t\t<\/div>\n\t\t\t\t<\/div>\n\t\t\t\t<div class=\"elementor-element elementor-element-2a68ad8 sourcecitation elementor-widget elementor-widget-heading\" data-id=\"2a68ad8\" data-element_type=\"widget\" data-e-type=\"widget\" data-widget_type=\"heading.default\">\n\t\t\t\t<div class=\"elementor-widget-container\">\n\t\t\t\t\t<p class=\"elementor-heading-title elementor-size-large\">Rekolekcje Bractwa Jezusowego Paray,\n latem 1983 roku,\nNauczanie\n 24 VII 1983 r.<\/p>\t\t\t\t<\/div>\n\t\t\t\t<\/div>\n\t\t\t\t\t<\/div>\n\t\t<\/div>\n\t\t\t\t\t<\/div>\n\t\t<\/section>\n\t\t\t\t<section class=\"elementor-section elementor-top-section elementor-element elementor-element-55d3d063 elementor-section-boxed elementor-section-height-default elementor-section-height-default\" data-id=\"55d3d063\" data-element_type=\"section\" data-e-type=\"section\">\n\t\t\t\t\t\t<div class=\"elementor-container elementor-column-gap-default\">\n\t\t\t\t\t<div class=\"elementor-column elementor-col-100 elementor-top-column elementor-element elementor-element-3decc1f2\" data-id=\"3decc1f2\" data-element_type=\"column\" data-e-type=\"column\">\n\t\t\t<div class=\"elementor-widget-wrap elementor-element-populated\">\n\t\t\t\t\t\t<div class=\"elementor-element elementor-element-717da676 elementor-widget elementor-widget-text-editor\" data-id=\"717da676\" data-element_type=\"widget\" data-e-type=\"widget\" data-widget_type=\"text-editor.default\">\n\t\t\t\t<div class=\"elementor-widget-container\">\n\t\t\t\t\t\t\t\t\tMo\u017cna przyjrze\u0107 si\u0119 temu wszystkiemu, co Pan dla nas zrobi\u0142. W jaki spos\u00f3b Go spotkali\u015bmy. Podzi\u0119kujmy Mu za to. I przyjrzyjmy si\u0119, czy nadal p\u0142oniemy Mi\u0142o\u015bci\u0105 wraz z Nim, czy mo\u017ce stali\u015bmy si\u0119 ju\u017c troch\u0119 ch\u0142odniejsi.\t\t\t\t\t\t\t\t<\/div>\n\t\t\t\t<\/div>\n\t\t\t\t<div class=\"elementor-element elementor-element-cd13d2e sourcecitation elementor-widget elementor-widget-heading\" data-id=\"cd13d2e\" data-element_type=\"widget\" data-e-type=\"widget\" data-widget_type=\"heading.default\">\n\t\t\t\t<div class=\"elementor-widget-container\">\n\t\t\t\t\t<p class=\"elementor-heading-title elementor-size-large\">Weekend Emmanuela, 25-26 X 1975 r. \nSobota 25 X 1975 r.<\/p>\t\t\t\t<\/div>\n\t\t\t\t<\/div>\n\t\t\t\t\t<\/div>\n\t\t<\/div>\n\t\t\t\t\t<\/div>\n\t\t<\/section>\n\t\t\t\t<section class=\"elementor-section elementor-top-section elementor-element elementor-element-3301a3ce animated-slow elementor-section-boxed elementor-section-height-default elementor-section-height-default elementor-invisible\" data-id=\"3301a3ce\" data-element_type=\"section\" data-e-type=\"section\" data-settings=\"{&quot;animation&quot;:&quot;fadeIn&quot;}\">\n\t\t\t\t\t\t<div class=\"elementor-container elementor-column-gap-default\">\n\t\t\t\t\t<div class=\"elementor-column elementor-col-100 elementor-top-column elementor-element elementor-element-22560d1f\" data-id=\"22560d1f\" data-element_type=\"column\" data-e-type=\"column\">\n\t\t\t<div class=\"elementor-widget-wrap elementor-element-populated\">\n\t\t\t\t\t\t<div class=\"elementor-element elementor-element-5cb194aa citationserif elementor-invisible elementor-widget elementor-widget-heading\" data-id=\"5cb194aa\" data-element_type=\"widget\" data-e-type=\"widget\" data-settings=\"{&quot;_animation&quot;:&quot;fadeIn&quot;}\" data-widget_type=\"heading.default\">\n\t\t\t\t<div class=\"elementor-widget-container\">\n\t\t\t\t\t<h3 class=\"elementor-heading-title elementor-size-default\">Pro\u015bmy Pana ka\u017cdego dnia, aby da\u0142 nam to gor\u0105ce pragnienie nawr\u00f3cenia braci grzesznik\u00f3w. [...].Wiecie, \u017ce \u015bwi\u0119ty Dominik sp\u0119dza\u0142 ca\u0142e noce, pytaj\u0105c Boga na modlitwie: \u201ePanie, co si\u0119 stanie z grzesznikami?\u201d. Nieustannie wyprasza\u0142 \u0142ask\u0119 dla nich u Boga. Dzi\u0119ki temu twoja modlitwa b\u0119dzie \u0142atwiejsza, bo gdy masz stale przed oczami to, \u017ce ludzie cierpi\u0105, zamiast zasypia\u0107 lub trwa\u0107 w osch\u0142o\u015bci, prosisz: \u201ePanie, Panie, zmi\u0142uj si\u0119, zmi\u0142uj si\u0119, prosz\u0119 Ci\u0119, naucz mnie, jak cierpie\u0107 za nich\u201d. I osch\u0142o\u015b\u0107 znika.\t<\/h3>\t\t\t\t<\/div>\n\t\t\t\t<\/div>\n\t\t\t\t<div class=\"elementor-element elementor-element-4655765 sourcecitation elementor-widget elementor-widget-heading\" data-id=\"4655765\" data-element_type=\"widget\" data-e-type=\"widget\" data-widget_type=\"heading.default\">\n\t\t\t\t<div class=\"elementor-widget-container\">\n\t\t\t\t\t<p class=\"elementor-heading-title elementor-size-large\">Weekend wsp\u00f3lnotowy, 25 I 1981 r.<\/p>\t\t\t\t<\/div>\n\t\t\t\t<\/div>\n\t\t\t\t\t<\/div>\n\t\t<\/div>\n\t\t\t\t\t<\/div>\n\t\t<\/section>\n\t\t\t\t<section class=\"elementor-section elementor-top-section elementor-element elementor-element-54800cc5 elementor-section-boxed elementor-section-height-default elementor-section-height-default\" data-id=\"54800cc5\" data-element_type=\"section\" data-e-type=\"section\">\n\t\t\t\t\t\t<div class=\"elementor-container elementor-column-gap-default\">\n\t\t\t\t\t<div class=\"elementor-column elementor-col-100 elementor-top-column elementor-element elementor-element-25dcc027\" data-id=\"25dcc027\" data-element_type=\"column\" data-e-type=\"column\">\n\t\t\t<div class=\"elementor-widget-wrap elementor-element-populated\">\n\t\t\t\t\t\t<div class=\"elementor-element elementor-element-39863fc4 elementor-widget elementor-widget-text-editor\" data-id=\"39863fc4\" data-element_type=\"widget\" data-e-type=\"widget\" data-widget_type=\"text-editor.default\">\n\t\t\t\t<div class=\"elementor-widget-container\">\n\t\t\t\t\t\t\t\t\tJezus cierpia\u0142 na krzy\u017cu, ale du\u017co bardziej bola\u0142o go to, \u017ce tak wiele dusz mo\u017ce ulec zatraceniu. By\u0142 szcz\u0119\u015bliwy, \u017ce cierpi, bo Jego cierpienia s\u0142u\u017cy\u0142y zbawieniu dusz. Id\u0105c za przyk\u0142adem Pana, r\u00f3wnie\u017c Teresa od Dzieci\u0105tka Jezus by\u0142a szcz\u0119\u015bliwa, \u017ce ratuje dusze, kiedy prze\u017cywa\u0142a wielkie cierpienie. Mia\u0142a w sobie naprawd\u0119 ogie\u0144 Mi\u0142o\u015bci. Trzeba prosi\u0107 o taki ogie\u0144 Mi\u0142o\u015bci, kt\u00f3ry niesko\u0144czenie przewy\u017csza cierpienia.\t\t\t\t\t\t\t\t\t<\/div>\n\t\t\t\t<\/div>\n\t\t\t\t<div class=\"elementor-element elementor-element-32aef9f6 sourcecitation elementor-widget elementor-widget-heading\" data-id=\"32aef9f6\" data-element_type=\"widget\" data-e-type=\"widget\" data-widget_type=\"heading.default\">\n\t\t\t\t<div class=\"elementor-widget-container\">\n\t\t\t\t\t<p class=\"elementor-heading-title elementor-size-large\">Rekolekcje Bractwa Jezusowego, \nBo\u017ce Narodzenie 1980 r.\nNauczanie 3<\/p>\t\t\t\t<\/div>\n\t\t\t\t<\/div>\n\t\t\t\t\t<\/div>\n\t\t<\/div>\n\t\t\t\t\t<\/div>\n\t\t<\/section>\n\t\t\t\t<section class=\"elementor-section elementor-top-section elementor-element elementor-element-6f9fb1b6 elementor-section-boxed elementor-section-height-default elementor-section-height-default\" data-id=\"6f9fb1b6\" data-element_type=\"section\" data-e-type=\"section\">\n\t\t\t\t\t\t<div class=\"elementor-container elementor-column-gap-default\">\n\t\t\t\t\t<div class=\"elementor-column elementor-col-100 elementor-top-column elementor-element elementor-element-6dd7987b\" data-id=\"6dd7987b\" data-element_type=\"column\" data-e-type=\"column\">\n\t\t\t<div class=\"elementor-widget-wrap elementor-element-populated\">\n\t\t\t\t\t\t<div class=\"elementor-element elementor-element-1f9d89bf elementor-widget elementor-widget-text-editor\" data-id=\"1f9d89bf\" data-element_type=\"widget\" data-e-type=\"widget\" data-widget_type=\"text-editor.default\">\n\t\t\t\t<div class=\"elementor-widget-container\">\n\t\t\t\t\t\t\t\t\tTa m\u0142oda, ale niezwykle bystra dziewczyna, to Teresa od Dzieci\u0105tka Jezus. Ju\u017c w wieku dwudziestu czterech lat, a wi\u0119c bardzo wcze\u015bnie, ca\u0142a p\u0142on\u0119\u0142a mi\u0142o\u015bci\u0105, by\u0142a wypalona wewn\u0119trznie. Mo\u017cemy uczy\u0107 si\u0119 od niej tej drogi \u2013 a nie ma innych dr\u00f3g \u2013 to bardzo prosta droga dla ludzi pokornych i s\u0142abych jak my.\t\t\t\t\t\t\t\t\t<\/div>\n\t\t\t\t<\/div>\n\t\t\t\t<div class=\"elementor-element elementor-element-109b4816 sourcecitation elementor-widget elementor-widget-heading\" data-id=\"109b4816\" data-element_type=\"widget\" data-e-type=\"widget\" data-widget_type=\"heading.default\">\n\t\t\t\t<div class=\"elementor-widget-container\">\n\t\t\t\t\t<p class=\"elementor-heading-title elementor-size-large\">Weekend Emmanuela 25-26 X 1975 r. \nsobota 25 X 1975 r.<\/p>\t\t\t\t<\/div>\n\t\t\t\t<\/div>\n\t\t\t\t\t<\/div>\n\t\t<\/div>\n\t\t\t\t\t<\/div>\n\t\t<\/section>\n\t\t\t\t<section class=\"elementor-section elementor-top-section elementor-element elementor-element-6c980a0b elementor-section-boxed elementor-section-height-default elementor-section-height-default\" data-id=\"6c980a0b\" data-element_type=\"section\" data-e-type=\"section\">\n\t\t\t\t\t\t<div class=\"elementor-container elementor-column-gap-default\">\n\t\t\t\t\t<div class=\"elementor-column elementor-col-100 elementor-top-column elementor-element elementor-element-448b3343\" data-id=\"448b3343\" data-element_type=\"column\" data-e-type=\"column\">\n\t\t\t<div class=\"elementor-widget-wrap elementor-element-populated\">\n\t\t\t\t\t\t<div class=\"elementor-element elementor-element-36643569 elementor-widget elementor-widget-text-editor\" data-id=\"36643569\" data-element_type=\"widget\" data-e-type=\"widget\" data-widget_type=\"text-editor.default\">\n\t\t\t\t<div class=\"elementor-widget-container\">\n\t\t\t\t\t\t\t\t\tKiedy m\u00f3wimy o Panu, zaczynamy p\u0142on\u0105\u0107 i zostajemy oczyszczeni z grzech\u00f3w. Je\u015bli mi\u0142o\u015b\u0107 zakrywa grzech, to mi\u0142o\u015b\u0107 Pana musi przyczynia\u0107 si\u0119 do tego w spos\u00f3b zupe\u0142nie wyj\u0105tkowy! Ach, gdyby\u015bmy tak zechcieli mi\u0142owa\u0107!\t\t\t\t\t\t\t\t\t<\/div>\n\t\t\t\t<\/div>\n\t\t\t\t<div class=\"elementor-element elementor-element-304fa0d4 sourcecitation elementor-widget elementor-widget-heading\" data-id=\"304fa0d4\" data-element_type=\"widget\" data-e-type=\"widget\" data-widget_type=\"heading.default\">\n\t\t\t\t<div class=\"elementor-widget-container\">\n\t\t\t\t\t<p class=\"elementor-heading-title elementor-size-large\">Notatka odr\u0119czna<\/p>\t\t\t\t<\/div>\n\t\t\t\t<\/div>\n\t\t\t\t\t<\/div>\n\t\t<\/div>\n\t\t\t\t\t<\/div>\n\t\t<\/section>\n\t\t\t\t<section class=\"elementor-section elementor-top-section elementor-element elementor-element-63e1d60d elementor-section-boxed elementor-section-height-default elementor-section-height-default\" data-id=\"63e1d60d\" data-element_type=\"section\" data-e-type=\"section\">\n\t\t\t\t\t\t<div class=\"elementor-container elementor-column-gap-default\">\n\t\t\t\t\t<div class=\"elementor-column elementor-col-100 elementor-top-column elementor-element elementor-element-7ede868e\" data-id=\"7ede868e\" data-element_type=\"column\" data-e-type=\"column\">\n\t\t\t<div class=\"elementor-widget-wrap elementor-element-populated\">\n\t\t\t\t\t\t<div class=\"elementor-element elementor-element-651e930c elementor-widget elementor-widget-text-editor\" data-id=\"651e930c\" data-element_type=\"widget\" data-e-type=\"widget\" data-widget_type=\"text-editor.default\">\n\t\t\t\t<div class=\"elementor-widget-container\">\n\t\t\t\t\t\t\t\t\tB\u00f3g chce da\u0107 nam, zamiast naszych kamiennych serc, Serce p\u0142on\u0105ce Mi\u0142o\u015bci\u0105, swoje \u017carliwe pragnienie zbawienia dusz. Chce ocali\u0107 je od ateizmu, materializmu i hedonizmu. Dlatego chce poruszy\u0107 nasze serca swoj\u0105 Mi\u0142o\u015bci\u0105, przebi\u0107 je, z\u0142ama\u0107. [\u2026] Adoracja, kt\u00f3ra stanowi \u017ar\u00f3d\u0142o wsp\u00f3\u0142odczuwania, prowadzi nas do ewangelizacji. Jezus, kt\u00f3ry objawia nam cierpienie swojego Serca, zranionego z powodu grzechu i oboj\u0119tno\u015bci ludzi, prosi nas, by\u015bmy g\u0142osili wszystkim, na wszystkie mo\u017cliwe sposoby, \u017ce to On daje nam do\u015bwiadczy\u0107 \u0142agodno\u015bci i czu\u0142o\u015bci swojego Serca. On pragnie, by ka\u017cdy z ludzi powr\u00f3ci\u0142 do Niego, porzuci\u0142 pych\u0119, by pozwoli\u0107 m\u00f3wi\u0107 i o\u017cy\u0107 swojemu sercu. Stajemy si\u0119 krzewami gorej\u0105cymi, kt\u00f3re p\u0142on\u0105, ale si\u0119 nie spalaj\u0105 Pan pragnie rozpali\u0107 \u015bwiat, pos\u0142uguj\u0105c si\u0119 naszym n\u0119dznym \u017cyciem, kt\u00f3re razem oddajemy Jemu na s\u0142u\u017cb\u0119, by rozszerza\u0142o si\u0119 Kr\u00f3lestwo Bo\u017cej Mi\u0142o\u015bci.\t\t\t\t\t\t\t\t<\/div>\n\t\t\t\t<\/div>\n\t\t\t\t<div class=\"elementor-element elementor-element-7fd98844 sourcecitation elementor-widget elementor-widget-heading\" data-id=\"7fd98844\" data-element_type=\"widget\" data-e-type=\"widget\" data-widget_type=\"heading.default\">\n\t\t\t\t<div class=\"elementor-widget-container\">\n\t\t\t\t\t<p class=\"elementor-heading-title elementor-size-large\">Notatki przygotowuj\u0105ce do nauczania \n24 VI 1980 r.<\/p>\t\t\t\t<\/div>\n\t\t\t\t<\/div>\n\t\t\t\t\t<\/div>\n\t\t<\/div>\n\t\t\t\t\t<\/div>\n\t\t<\/section>\n\t\t\t\t<section class=\"elementor-section elementor-top-section elementor-element elementor-element-416a51b elementor-section-boxed elementor-section-height-default elementor-section-height-default\" data-id=\"416a51b\" data-element_type=\"section\" data-e-type=\"section\">\n\t\t\t\t\t\t<div class=\"elementor-container elementor-column-gap-default\">\n\t\t\t\t\t<div class=\"elementor-column elementor-col-100 elementor-top-column elementor-element elementor-element-dcb7286\" data-id=\"dcb7286\" data-element_type=\"column\" data-e-type=\"column\">\n\t\t\t<div class=\"elementor-widget-wrap elementor-element-populated\">\n\t\t\t\t\t\t<div class=\"elementor-element elementor-element-c8e652a elementor-widget elementor-widget-text-editor\" data-id=\"c8e652a\" data-element_type=\"widget\" data-e-type=\"widget\" data-widget_type=\"text-editor.default\">\n\t\t\t\t<div class=\"elementor-widget-container\">\n\t\t\t\t\t\t\t\t\tKsi\u0119\u017ca z parafii przyszli adorowa\u0107 Jezusa razem z nami. To mo\u017ce okaza\u0107 si\u0119 zara\u017aliwe: ogie\u0144 b\u0119dzie obejmowa\u0142 kolejne parafie, a\u017c wreszcie ca\u0142y Pary\u017c zacznie trwa\u0107 noc\u0105 na adoracji, a w ci\u0105gu dnia pracowa\u0107! Zapro\u015bcie wi\u0119c swoich proboszcz\u00f3w i wszystkich parafian, by przyszli si\u0119 modli\u0107. Zobaczycie, to bardzo zara\u017aliwe!\t\t\t\t\t\t\t\t\t<\/div>\n\t\t\t\t<\/div>\n\t\t\t\t<div class=\"elementor-element elementor-element-919c730 sourcecitation elementor-widget elementor-widget-heading\" data-id=\"919c730\" data-element_type=\"widget\" data-e-type=\"widget\" data-widget_type=\"heading.default\">\n\t\t\t\t<div class=\"elementor-widget-container\">\n\t\t\t\t\t<p class=\"elementor-heading-title elementor-size-large\">Weekend wsp\u00f3lnotowy, \n 04-05 IV 1981 r.<\/p>\t\t\t\t<\/div>\n\t\t\t\t<\/div>\n\t\t\t\t\t<\/div>\n\t\t<\/div>\n\t\t\t\t\t<\/div>\n\t\t<\/section>\n\t\t\t\t<section class=\"elementor-section elementor-top-section elementor-element elementor-element-99c426a elementor-section-boxed elementor-section-height-default elementor-section-height-default\" data-id=\"99c426a\" data-element_type=\"section\" data-e-type=\"section\">\n\t\t\t\t\t\t<div class=\"elementor-container elementor-column-gap-default\">\n\t\t\t\t\t<div class=\"elementor-column elementor-col-100 elementor-top-column elementor-element elementor-element-669a0761\" data-id=\"669a0761\" data-element_type=\"column\" data-e-type=\"column\">\n\t\t\t<div class=\"elementor-widget-wrap elementor-element-populated\">\n\t\t\t\t\t\t<div class=\"elementor-element elementor-element-9445fc1 elementor-widget elementor-widget-text-editor\" data-id=\"9445fc1\" data-element_type=\"widget\" data-e-type=\"widget\" data-widget_type=\"text-editor.default\">\n\t\t\t\t<div class=\"elementor-widget-container\">\n\t\t\t\t\t\t\t\t\tTo co\u015b bardzo g\u0142\u0119bokiego. Musicie naprawd\u0119 szczeg\u00f3lnie modli\u0107 si\u0119 o to s\u0142owami: \u201ePanie, objaw mi si\u0119, uka\u017c, rozpal mnie, wypal, poch\u0142o\u0144 Twoj\u0105 Mi\u0142o\u015bci\u0105, by m\u00f3g\u0142 zap\u0142on\u0105\u0107 na ziemi ogie\u0144\u201d.\t\t\t\t\t\t\t\t\t<\/div>\n\t\t\t\t<\/div>\n\t\t\t\t<div class=\"elementor-element elementor-element-1aa55c04 sourcecitation elementor-widget elementor-widget-heading\" data-id=\"1aa55c04\" data-element_type=\"widget\" data-e-type=\"widget\" data-widget_type=\"heading.default\">\n\t\t\t\t<div class=\"elementor-widget-container\">\n\t\t\t\t\t<p class=\"elementor-heading-title elementor-size-large\">Rekolekcje Bractwa Jezusowego, \nBo\u017ce Narodzenie 1982 30 XII 1982 r.<\/p>\t\t\t\t<\/div>\n\t\t\t\t<\/div>\n\t\t\t\t\t<\/div>\n\t\t<\/div>\n\t\t\t\t\t<\/div>\n\t\t<\/section>\n\t\t\t\t<section class=\"elementor-section elementor-top-section elementor-element elementor-element-8ef2a21 elementor-section-boxed elementor-section-height-default elementor-section-height-default\" data-id=\"8ef2a21\" data-element_type=\"section\" data-e-type=\"section\">\n\t\t\t\t\t\t<div class=\"elementor-container elementor-column-gap-default\">\n\t\t\t\t\t<div class=\"elementor-column elementor-col-100 elementor-top-column elementor-element elementor-element-4a61cd3\" data-id=\"4a61cd3\" data-element_type=\"column\" data-e-type=\"column\">\n\t\t\t<div class=\"elementor-widget-wrap elementor-element-populated\">\n\t\t\t\t\t\t<div class=\"elementor-element elementor-element-ef9da65 elementor-widget elementor-widget-text-editor\" data-id=\"ef9da65\" data-element_type=\"widget\" data-e-type=\"widget\" data-widget_type=\"text-editor.default\">\n\t\t\t\t<div class=\"elementor-widget-container\">\n\t\t\t\t\t\t\t\t\tKto\u015b m\u00f3wi czasem o tym, \u017ce prze\u017cywa osch\u0142o\u015b\u0107. [\u2026] Ale kiedy trwamy z Jezusem, kt\u00f3ry cierpi, cierpimy wraz z Nim. I nie odczuwamy ju\u017c tak bardzo tej osch\u0142o\u015bci. Zdarza si\u0119 te\u017c osch\u0142o\u015b\u0107 duchowa, naprawd\u0119 dana przez Boga. W takim razie, do\u015bwiadczamy jej \u2026 staraj\u0105c si\u0119 przylgn\u0105\u0107 do Pana.\t\t\t\t\t\t\t\t\t<\/div>\n\t\t\t\t<\/div>\n\t\t\t\t<div class=\"elementor-element elementor-element-f5319ca sourcecitation elementor-widget elementor-widget-heading\" data-id=\"f5319ca\" data-element_type=\"widget\" data-e-type=\"widget\" data-widget_type=\"heading.default\">\n\t\t\t\t<div class=\"elementor-widget-container\">\n\t\t\t\t\t<p class=\"elementor-heading-title elementor-size-large\">Rekolekcje Bractwa Jezusowego, \nSierpie\u0144 1978 r. Poranek \n09 VIII 1978 r.<\/p>\t\t\t\t<\/div>\n\t\t\t\t<\/div>\n\t\t\t\t\t<\/div>\n\t\t<\/div>\n\t\t\t\t\t<\/div>\n\t\t<\/section>\n\t\t\t\t<section class=\"elementor-section elementor-top-section elementor-element elementor-element-0494622 elementor-section-boxed elementor-section-height-default elementor-section-height-default\" data-id=\"0494622\" data-element_type=\"section\" data-e-type=\"section\">\n\t\t\t\t\t\t<div class=\"elementor-container elementor-column-gap-default\">\n\t\t\t\t\t<div class=\"elementor-column elementor-col-100 elementor-top-column elementor-element elementor-element-c7436db\" data-id=\"c7436db\" data-element_type=\"column\" data-e-type=\"column\">\n\t\t\t<div class=\"elementor-widget-wrap elementor-element-populated\">\n\t\t\t\t\t\t<div class=\"elementor-element elementor-element-4fa4671 citationserif elementor-widget elementor-widget-heading\" data-id=\"4fa4671\" data-element_type=\"widget\" data-e-type=\"widget\" data-settings=\"{&quot;_animation&quot;:&quot;none&quot;}\" data-widget_type=\"heading.default\">\n\t\t\t\t<div class=\"elementor-widget-container\">\n\t\t\t\t\t<h4 class=\"elementor-heading-title elementor-size-medium\">Nieustanna adoracja<\/h4>\t\t\t\t<\/div>\n\t\t\t\t<\/div>\n\t\t\t\t\t<\/div>\n\t\t<\/div>\n\t\t\t\t\t<\/div>\n\t\t<\/section>\n\t\t\t\t<section class=\"elementor-section elementor-top-section elementor-element elementor-element-6d360abf elementor-section-boxed elementor-section-height-default elementor-section-height-default\" data-id=\"6d360abf\" data-element_type=\"section\" data-e-type=\"section\">\n\t\t\t\t\t\t<div class=\"elementor-container elementor-column-gap-default\">\n\t\t\t\t\t<div class=\"elementor-column elementor-col-100 elementor-top-column elementor-element elementor-element-6288832c\" data-id=\"6288832c\" data-element_type=\"column\" data-e-type=\"column\">\n\t\t\t<div class=\"elementor-widget-wrap elementor-element-populated\">\n\t\t\t\t\t\t<div class=\"elementor-element elementor-element-8354d62 elementor-widget elementor-widget-text-editor\" data-id=\"8354d62\" data-element_type=\"widget\" data-e-type=\"widget\" data-widget_type=\"text-editor.default\">\n\t\t\t\t<div class=\"elementor-widget-container\">\n\t\t\t\t\t\t\t\t\tTrwamy na adoracji, a potem nie przerywamy adoracji ze wzgl\u0119du na braci, ale dalej adorujemy Jezusa w braciach.\t\t\t\t\t\t\t\t\t<\/div>\n\t\t\t\t<\/div>\n\t\t\t\t<div class=\"elementor-element elementor-element-5ade514b sourcecitation elementor-widget elementor-widget-heading\" data-id=\"5ade514b\" data-element_type=\"widget\" data-e-type=\"widget\" data-widget_type=\"heading.default\">\n\t\t\t\t<div class=\"elementor-widget-container\">\n\t\t\t\t\t<p class=\"elementor-heading-title elementor-size-large\">Rekolekcje Bractwa Jezusowego, \nBoze Narodzenie 1980 r.<\/p>\t\t\t\t<\/div>\n\t\t\t\t<\/div>\n\t\t\t\t\t<\/div>\n\t\t<\/div>\n\t\t\t\t\t<\/div>\n\t\t<\/section>\n\t\t\t\t<section class=\"elementor-section elementor-top-section elementor-element elementor-element-3c8208e7 elementor-section-boxed elementor-section-height-default elementor-section-height-default\" data-id=\"3c8208e7\" data-element_type=\"section\" data-e-type=\"section\">\n\t\t\t\t\t\t<div class=\"elementor-container elementor-column-gap-default\">\n\t\t\t\t\t<div class=\"elementor-column elementor-col-100 elementor-top-column elementor-element elementor-element-40265772\" data-id=\"40265772\" data-element_type=\"column\" data-e-type=\"column\">\n\t\t\t<div class=\"elementor-widget-wrap elementor-element-populated\">\n\t\t\t\t\t\t<div class=\"elementor-element elementor-element-1707feed elementor-widget elementor-widget-text-editor\" data-id=\"1707feed\" data-element_type=\"widget\" data-e-type=\"widget\" data-widget_type=\"text-editor.default\">\n\t\t\t\t<div class=\"elementor-widget-container\">\n\t\t\t\t\t\t\t\t\tPrzychodzimy karmi\u0107 si\u0119 adoracj\u0105, a potem mamy nieustannie trwa\u0107 w Mi\u0142o\u015bci. Tak wi\u0119c, kiedy spotykamy braci, trwamy w Mi\u0142o\u015bci i przyjmujemy ich z Mi\u0142o\u015bci\u0105.\t\t\t\t\t\t\t\t\t<\/div>\n\t\t\t\t<\/div>\n\t\t\t\t<div class=\"elementor-element elementor-element-323c23b1 sourcecitation elementor-widget elementor-widget-heading\" data-id=\"323c23b1\" data-element_type=\"widget\" data-e-type=\"widget\" data-widget_type=\"heading.default\">\n\t\t\t\t<div class=\"elementor-widget-container\">\n\t\t\t\t\t<p class=\"elementor-heading-title elementor-size-large\">Rekolekcje Bractwa Jezusowego, 31 XII 1979 r.<\/p>\t\t\t\t<\/div>\n\t\t\t\t<\/div>\n\t\t\t\t\t<\/div>\n\t\t<\/div>\n\t\t\t\t\t<\/div>\n\t\t<\/section>\n\t\t\t\t<section class=\"elementor-section elementor-top-section elementor-element elementor-element-3034d7bc elementor-section-boxed elementor-section-height-default elementor-section-height-default\" data-id=\"3034d7bc\" data-element_type=\"section\" data-e-type=\"section\">\n\t\t\t\t\t\t<div class=\"elementor-container elementor-column-gap-default\">\n\t\t\t\t\t<div class=\"elementor-column elementor-col-100 elementor-top-column elementor-element elementor-element-21a64eab\" data-id=\"21a64eab\" data-element_type=\"column\" data-e-type=\"column\">\n\t\t\t<div class=\"elementor-widget-wrap elementor-element-populated\">\n\t\t\t\t\t\t<div class=\"elementor-element elementor-element-27b87ad7 elementor-widget elementor-widget-text-editor\" data-id=\"27b87ad7\" data-element_type=\"widget\" data-e-type=\"widget\" data-widget_type=\"text-editor.default\">\n\t\t\t\t<div class=\"elementor-widget-container\">\n\t\t\t\t\t\t\t\t\t&#8220;Bardzo lubi\u0119 to: \u201eBeze mnie nic nie mo\u017cecie uczyni\u0107\u201d. Bo jest to wspania\u0142e, radykalne, [bez niego] naprawd\u0119 nie mo\u017cemy nic zrobi\u0107. Tote\u017c nie ma si\u0119 co niepokoi\u0107. M\u00f3wimy, \u017ce nic nie mo\u017cemy zrobi\u0107 i o wszystko prosimy Pana.\nKiedy adorujemy Pana, trwamy w Jego mi\u0142o\u015bci, prosimy o \u0142ask\u0119 trwania w Jego Mi\u0142o\u015bci. Ale trwa\u0107 w Jego Mi\u0142o\u015bci, to nie tylko by\u0107 na adoracji. Przychodzimy karmi\u0107 si\u0119 adoracj\u0105, a potem mamy i\u015b\u0107 dalej z Jego Mi\u0142o\u015bci\u0105, trwa\u0107 w Jego Mi\u0142o\u015bci. Tak wi\u0119c, kiedy spotykamy braci, trwamy w Mi\u0142o\u015bci i przyjmujemy ich z Mi\u0142o\u015bci\u0105.\nTo jest teoria, ale w praktyce ta Mi\u0142o\u015b\u0107 stale w nas ro\u015bnie, je\u015bli o Ni\u0105 codziennie prosimy Pana, bo bez Niego nic nie mo\u017cemy uczyni\u0107.&#8221;\t\t\t\t\t\t\t\t\t<\/div>\n\t\t\t\t<\/div>\n\t\t\t\t<div class=\"elementor-element elementor-element-773058f sourcecitation elementor-widget elementor-widget-heading\" data-id=\"773058f\" data-element_type=\"widget\" data-e-type=\"widget\" data-widget_type=\"heading.default\">\n\t\t\t\t<div class=\"elementor-widget-container\">\n\t\t\t\t\t<p class=\"elementor-heading-title elementor-size-large\">Rekolekcje Bractwa Jezusowego, 31 XII 1979 r.<\/p>\t\t\t\t<\/div>\n\t\t\t\t<\/div>\n\t\t\t\t\t<\/div>\n\t\t<\/div>\n\t\t\t\t\t<\/div>\n\t\t<\/section>\n\t\t\t\t<section class=\"elementor-section elementor-top-section elementor-element elementor-element-6ebf6ad5 elementor-section-boxed elementor-section-height-default elementor-section-height-default\" data-id=\"6ebf6ad5\" data-element_type=\"section\" data-e-type=\"section\">\n\t\t\t\t\t\t<div class=\"elementor-container elementor-column-gap-default\">\n\t\t\t\t\t<div class=\"elementor-column elementor-col-100 elementor-top-column elementor-element elementor-element-4f0b8b13\" data-id=\"4f0b8b13\" data-element_type=\"column\" data-e-type=\"column\">\n\t\t\t<div class=\"elementor-widget-wrap elementor-element-populated\">\n\t\t\t\t\t\t<div class=\"elementor-element elementor-element-68f0d54e citationserif elementor-widget elementor-widget-heading\" data-id=\"68f0d54e\" data-element_type=\"widget\" data-e-type=\"widget\" data-settings=\"{&quot;_animation&quot;:&quot;none&quot;}\" data-widget_type=\"heading.default\">\n\t\t\t\t<div class=\"elementor-widget-container\">\n\t\t\t\t\t<h4 class=\"elementor-heading-title elementor-size-medium\">Rzeczywista Obecno\u015b\u0107<\/h4>\t\t\t\t<\/div>\n\t\t\t\t<\/div>\n\t\t\t\t\t<\/div>\n\t\t<\/div>\n\t\t\t\t\t<\/div>\n\t\t<\/section>\n\t\t\t\t<section class=\"elementor-section elementor-top-section elementor-element elementor-element-fb8f87b elementor-section-boxed elementor-section-height-default elementor-section-height-default\" data-id=\"fb8f87b\" data-element_type=\"section\" data-e-type=\"section\">\n\t\t\t\t\t\t<div class=\"elementor-container elementor-column-gap-default\">\n\t\t\t\t\t<div class=\"elementor-column elementor-col-100 elementor-top-column elementor-element elementor-element-5c44a8fd\" data-id=\"5c44a8fd\" data-element_type=\"column\" data-e-type=\"column\">\n\t\t\t<div class=\"elementor-widget-wrap elementor-element-populated\">\n\t\t\t\t\t\t<div class=\"elementor-element elementor-element-f45e97e elementor-widget elementor-widget-text-editor\" data-id=\"f45e97e\" data-element_type=\"widget\" data-e-type=\"widget\" data-widget_type=\"text-editor.default\">\n\t\t\t\t<div class=\"elementor-widget-container\">\n\t\t\t\t\t\t\t\t\tAdorujemy Jezusa obecnego w Naj\u015bwi\u0119tszym Sakramencie. Trzeba naprawd\u0119 uwierzy\u0107 w Jego Rzeczywist\u0105 Obecno\u015b\u0107. Jest to obecno\u015b\u0107 bardzo realna i konkretna, bo Pan sta\u0142 si\u0119 cz\u0142owiekiem i chcia\u0142 zosta\u0107 z nami. Chce by\u0107 z nami. To wielka rado\u015b\u0107 dla nas, wiedzie\u0107, \u017ce On jest z nami.\t\t\t\t\t\t\t\t\t<\/div>\n\t\t\t\t<\/div>\n\t\t\t\t<div class=\"elementor-element elementor-element-612e59bd sourcecitation elementor-widget elementor-widget-heading\" data-id=\"612e59bd\" data-element_type=\"widget\" data-e-type=\"widget\" data-widget_type=\"heading.default\">\n\t\t\t\t<div class=\"elementor-widget-container\">\n\t\t\t\t\t<p class=\"elementor-heading-title elementor-size-large\">Weekend wsp\u00f3lnotowy, 21 VI 1981 r.<\/p>\t\t\t\t<\/div>\n\t\t\t\t<\/div>\n\t\t\t\t\t<\/div>\n\t\t<\/div>\n\t\t\t\t\t<\/div>\n\t\t<\/section>\n\t\t\t\t<section class=\"elementor-section elementor-top-section elementor-element elementor-element-3698032c elementor-section-boxed elementor-section-height-default elementor-section-height-default\" data-id=\"3698032c\" data-element_type=\"section\" data-e-type=\"section\">\n\t\t\t\t\t\t<div class=\"elementor-container elementor-column-gap-default\">\n\t\t\t\t\t<div class=\"elementor-column elementor-col-100 elementor-top-column elementor-element elementor-element-74d65c2c\" data-id=\"74d65c2c\" data-element_type=\"column\" data-e-type=\"column\">\n\t\t\t<div class=\"elementor-widget-wrap elementor-element-populated\">\n\t\t\t\t\t\t<div class=\"elementor-element elementor-element-19e56a11 elementor-widget elementor-widget-text-editor\" data-id=\"19e56a11\" data-element_type=\"widget\" data-e-type=\"widget\" data-widget_type=\"text-editor.default\">\n\t\t\t\t<div class=\"elementor-widget-container\">\n\t\t\t\t\t\t\t\t\t<p>Prosz\u0119, uwierzcie, \u017ce Pan jest tutaj, bardzo blisko nas, coraz bardziej przybli\u017cajcie do Niego.<\/p>\t\t\t\t\t\t\t\t<\/div>\n\t\t\t\t<\/div>\n\t\t\t\t\t<\/div>\n\t\t<\/div>\n\t\t\t\t\t<\/div>\n\t\t<\/section>\n\t\t\t\t<section class=\"elementor-section elementor-top-section elementor-element elementor-element-2ce21a35 elementor-section-boxed elementor-section-height-default elementor-section-height-default\" data-id=\"2ce21a35\" data-element_type=\"section\" data-e-type=\"section\">\n\t\t\t\t\t\t<div class=\"elementor-container elementor-column-gap-default\">\n\t\t\t\t\t<div class=\"elementor-column elementor-col-100 elementor-top-column elementor-element elementor-element-3fa8663b\" data-id=\"3fa8663b\" data-element_type=\"column\" data-e-type=\"column\">\n\t\t\t<div class=\"elementor-widget-wrap elementor-element-populated\">\n\t\t\t\t\t\t<div class=\"elementor-element elementor-element-46df5c5c elementor-widget elementor-widget-text-editor\" data-id=\"46df5c5c\" data-element_type=\"widget\" data-e-type=\"widget\" data-widget_type=\"text-editor.default\">\n\t\t\t\t<div class=\"elementor-widget-container\">\n\t\t\t\t\t\t\t\t\tTrzeba strzec si\u0119 poczucia winy: zawsze my\u015blimy, \u017ce zrobili\u015bmy co\u015b \u017ale, \u017ce nie wysz\u0142o itd. Ale je\u015bli naprawd\u0119 jeste\u015bmy z Panem, \u201edoskona\u0142a mi\u0142o\u015b\u0107 usuwa l\u0119k\u201d. Nie niepokoimy si\u0119, bo wiemy, \u017ce On jest z nami. Je\u015bli mamy rozproszenia, m\u00f3wimy Panu: \u201emam rozproszenia, jestem nieborakiem\u201d. Jak powiedzia\u0142a Teresa z Avila: \u201eoto owoce z mojego ogrodu\u201d. Mo\u017cemy powt\u00f3rzy\u0107 za ni\u0105,: \u201ePanie, to owoce z mojego ogrodu\u201d. Z pomoc\u0105 dobrej woli, trwamy dalej w skupieniu na modlitwie. Nawet je\u015bli pojawi\u0142a si\u0119 irytacja, powoli powinni\u015bmy odnale\u017a\u0107 pok\u00f3j. Bo czujemy si\u0119 szcz\u0119\u015bliwi, kiedy Pan jest blisko nas. [\u2026] Bardzo wa\u017cne jest, by\u015bmy trwali w pokoju i czuli si\u0119 kochani. Mo\u017cemy czasem tego nie czu\u0107, ale o tym wiemy. Dzi\u0119ki wierze. Wiemy, \u017ce B\u00f3g nas kocha, \u017ce jest w tym niezmienny, Jego uczucia si\u0119 nie zmieniaj\u0105. Kocha nas z naszymi niedoskona\u0142o\u015bciami, nawet w\u00f3wczas, gdy za\u017cartujemy. Widzicie sami, \u017ce to ca\u0142kiem proste. Trzeba si\u0119 rozlu\u017ani\u0107 i powiedzie\u0107 sobie: \u201eUda\u0142o si\u0119 albo nie uda\u0142o, ale tak czy inaczej, ciesz\u0119 si\u0119, bo jestem z Tob\u0105. Jestem z Tob\u0105!\u201d\t\t\t\t\t\t\t\t\t<\/div>\n\t\t\t\t<\/div>\n\t\t\t\t<div class=\"elementor-element elementor-element-71457877 sourcecitation elementor-widget elementor-widget-heading\" data-id=\"71457877\" data-element_type=\"widget\" data-e-type=\"widget\" data-widget_type=\"heading.default\">\n\t\t\t\t<div class=\"elementor-widget-container\">\n\t\t\t\t\t<p class=\"elementor-heading-title elementor-size-large\">Weekend wsp\u00f3lnotowy, 01 IV 1979 r.<\/p>\t\t\t\t<\/div>\n\t\t\t\t<\/div>\n\t\t\t\t\t<\/div>\n\t\t<\/div>\n\t\t\t\t\t<\/div>\n\t\t<\/section>\n\t\t\t\t<section class=\"elementor-section elementor-top-section elementor-element elementor-element-4060ca66 elementor-section-boxed elementor-section-height-default elementor-section-height-default\" data-id=\"4060ca66\" data-element_type=\"section\" data-e-type=\"section\">\n\t\t\t\t\t\t<div class=\"elementor-container elementor-column-gap-default\">\n\t\t\t\t\t<div class=\"elementor-column elementor-col-100 elementor-top-column elementor-element elementor-element-1ab7881b\" data-id=\"1ab7881b\" data-element_type=\"column\" data-e-type=\"column\">\n\t\t\t<div class=\"elementor-widget-wrap elementor-element-populated\">\n\t\t\t\t\t\t<div class=\"elementor-element elementor-element-6bf3fb77 citationserif elementor-widget elementor-widget-heading\" data-id=\"6bf3fb77\" data-element_type=\"widget\" data-e-type=\"widget\" data-settings=\"{&quot;_animation&quot;:&quot;none&quot;}\" data-widget_type=\"heading.default\">\n\t\t\t\t<div class=\"elementor-widget-container\">\n\t\t\t\t\t<h4 class=\"elementor-heading-title elementor-size-medium\">Mi\u0142o\u015b\u0107 Chrystusa<\/h4>\t\t\t\t<\/div>\n\t\t\t\t<\/div>\n\t\t\t\t\t<\/div>\n\t\t<\/div>\n\t\t\t\t\t<\/div>\n\t\t<\/section>\n\t\t\t\t<section class=\"elementor-section elementor-top-section elementor-element elementor-element-12ab91af elementor-section-boxed elementor-section-height-default elementor-section-height-default\" data-id=\"12ab91af\" data-element_type=\"section\" data-e-type=\"section\">\n\t\t\t\t\t\t<div class=\"elementor-container elementor-column-gap-default\">\n\t\t\t\t\t<div class=\"elementor-column elementor-col-100 elementor-top-column elementor-element elementor-element-54a2c2c1\" data-id=\"54a2c2c1\" data-element_type=\"column\" data-e-type=\"column\">\n\t\t\t<div class=\"elementor-widget-wrap elementor-element-populated\">\n\t\t\t\t\t\t<div class=\"elementor-element elementor-element-34fe4476 elementor-widget elementor-widget-text-editor\" data-id=\"34fe4476\" data-element_type=\"widget\" data-e-type=\"widget\" data-widget_type=\"text-editor.default\">\n\t\t\t\t<div class=\"elementor-widget-container\">\n\t\t\t\t\t\t\t\t\tZda\u0142em sobie spraw\u0119 z tego, \u017ce moje serce sta\u0142o si\u0119 osch\u0142e. Upad\u0142em na kolana przy moim \u0142\u00f3\u017cku i wydarzy\u0142o si\u0119 co\u015b niezwyk\u0142ego: Mi\u0142o\u015b\u0107 Pana nape\u0142ni\u0142a moje serce, poczu\u0142em, \u017ce mam by\u0107 \u0142agodny i dobry. Otrzyma\u0142em \u0142ask\u0119 od Pana i zrozumia\u0142em sens ofiary Chrystusa.\t\t\t\t\t\t\t\t\t<\/div>\n\t\t\t\t<\/div>\n\t\t\t\t<div class=\"elementor-element elementor-element-6c63665f sourcecitation elementor-widget elementor-widget-heading\" data-id=\"6c63665f\" data-element_type=\"widget\" data-e-type=\"widget\" data-widget_type=\"heading.default\">\n\t\t\t\t<div class=\"elementor-widget-container\">\n\t\t\t\t\t<p class=\"elementor-heading-title elementor-size-large\">Wywiad (przeprowadzili Jean-Marc i Fran\u00e7ou Morin w Saint-Maurice)\n5-8 VIII 1988 r.<\/p>\t\t\t\t<\/div>\n\t\t\t\t<\/div>\n\t\t\t\t\t<\/div>\n\t\t<\/div>\n\t\t\t\t\t<\/div>\n\t\t<\/section>\n\t\t\t\t<section class=\"elementor-section elementor-top-section elementor-element elementor-element-13414f34 elementor-section-boxed elementor-section-height-default elementor-section-height-default\" data-id=\"13414f34\" data-element_type=\"section\" data-e-type=\"section\">\n\t\t\t\t\t\t<div class=\"elementor-container elementor-column-gap-default\">\n\t\t\t\t\t<div class=\"elementor-column elementor-col-100 elementor-top-column elementor-element elementor-element-13dc07a1\" data-id=\"13dc07a1\" data-element_type=\"column\" data-e-type=\"column\">\n\t\t\t<div class=\"elementor-widget-wrap elementor-element-populated\">\n\t\t\t\t\t\t<div class=\"elementor-element elementor-element-574b5de6 elementor-widget elementor-widget-text-editor\" data-id=\"574b5de6\" data-element_type=\"widget\" data-e-type=\"widget\" data-widget_type=\"text-editor.default\">\n\t\t\t\t<div class=\"elementor-widget-container\">\n\t\t\t\t\t\t\t\t\tNajwa\u017cniejszy jest Pan, \u017cycie wewn\u0119trzne, adoracja, modlitwa. Je\u015bli nie \u017cyjemy modlitw\u0105, adoracj\u0105, w pokorze i \u0142agodno\u015bci Serca Pana, na nic si\u0119 nie zda wszystko to, co robimy.\t\t\t\t\t\t\t\t\t<\/div>\n\t\t\t\t<\/div>\n\t\t\t\t<div class=\"elementor-element elementor-element-343d800e sourcecitation elementor-widget elementor-widget-heading\" data-id=\"343d800e\" data-element_type=\"widget\" data-e-type=\"widget\" data-widget_type=\"heading.default\">\n\t\t\t\t<div class=\"elementor-widget-container\">\n\t\t\t\t\t<p class=\"elementor-heading-title elementor-size-large\">Rekolekcje Bractwa Jezusowego, \nVIII 1979 r. drugie nauczanie<\/p>\t\t\t\t<\/div>\n\t\t\t\t<\/div>\n\t\t\t\t\t<\/div>\n\t\t<\/div>\n\t\t\t\t\t<\/div>\n\t\t<\/section>\n\t\t\t\t<section class=\"elementor-section elementor-top-section elementor-element elementor-element-42e31362 animated-slow elementor-section-boxed elementor-section-height-default elementor-section-height-default elementor-invisible\" data-id=\"42e31362\" data-element_type=\"section\" data-e-type=\"section\" data-settings=\"{&quot;animation&quot;:&quot;fadeIn&quot;}\">\n\t\t\t\t\t\t<div class=\"elementor-container elementor-column-gap-default\">\n\t\t\t\t\t<div class=\"elementor-column elementor-col-100 elementor-top-column elementor-element elementor-element-1b834dc1\" data-id=\"1b834dc1\" data-element_type=\"column\" data-e-type=\"column\">\n\t\t\t<div class=\"elementor-widget-wrap elementor-element-populated\">\n\t\t\t\t\t\t<div class=\"elementor-element elementor-element-7c3c602c citationserif elementor-invisible elementor-widget elementor-widget-heading\" data-id=\"7c3c602c\" data-element_type=\"widget\" data-e-type=\"widget\" data-settings=\"{&quot;_animation&quot;:&quot;fadeIn&quot;}\" data-widget_type=\"heading.default\">\n\t\t\t\t<div class=\"elementor-widget-container\">\n\t\t\t\t\t<h3 class=\"elementor-heading-title elementor-size-default\">Jedyny spos\u00f3b na o\u017cywienie w Ko\u015bciele to mi\u0142o\u015b\u0107 Chrystusa.\t<\/h3>\t\t\t\t<\/div>\n\t\t\t\t<\/div>\n\t\t\t\t<div class=\"elementor-element elementor-element-6f0d02a3 sourcecitation elementor-widget elementor-widget-heading\" data-id=\"6f0d02a3\" data-element_type=\"widget\" data-e-type=\"widget\" data-widget_type=\"heading.default\">\n\t\t\t\t<div class=\"elementor-widget-container\">\n\t\t\t\t\t<p class=\"elementor-heading-title elementor-size-large\">Sesja w Paray \n09-21 VII 1977 Wprowadzenie do nauczania bp Gaidon<\/p>\t\t\t\t<\/div>\n\t\t\t\t<\/div>\n\t\t\t\t\t<\/div>\n\t\t<\/div>\n\t\t\t\t\t<\/div>\n\t\t<\/section>\n\t\t\t\t<section class=\"elementor-section elementor-top-section elementor-element elementor-element-6687277f elementor-section-boxed elementor-section-height-default elementor-section-height-default\" data-id=\"6687277f\" data-element_type=\"section\" data-e-type=\"section\">\n\t\t\t\t\t\t<div class=\"elementor-container elementor-column-gap-default\">\n\t\t\t\t\t<div class=\"elementor-column elementor-col-100 elementor-top-column elementor-element elementor-element-51f72f35\" data-id=\"51f72f35\" data-element_type=\"column\" data-e-type=\"column\">\n\t\t\t<div class=\"elementor-widget-wrap elementor-element-populated\">\n\t\t\t\t\t\t<div class=\"elementor-element elementor-element-4b9c28ad elementor-widget elementor-widget-text-editor\" data-id=\"4b9c28ad\" data-element_type=\"widget\" data-e-type=\"widget\" data-widget_type=\"text-editor.default\">\n\t\t\t\t<div class=\"elementor-widget-container\">\n\t\t\t\t\t\t\t\t\tJezus prowadzi nas podczas adoracji swego Eucharystycznego Serca. Zaprasza nas do trwania w Jego Mi\u0142o\u015bci poprzez d\u0142ugie przebywanie (dniem i noc\u0105) na adoracji Jego Cia\u0142a, by On m\u00f3g\u0142 nas nape\u0142ni\u0107 tchnieniem swej Mi\u0142o\u015bci.\t\t\t\t\t\t\t\t\t<\/div>\n\t\t\t\t<\/div>\n\t\t\t\t<div class=\"elementor-element elementor-element-24f505df sourcecitation elementor-widget elementor-widget-heading\" data-id=\"24f505df\" data-element_type=\"widget\" data-e-type=\"widget\" data-widget_type=\"heading.default\">\n\t\t\t\t<div class=\"elementor-widget-container\">\n\t\t\t\t\t<p class=\"elementor-heading-title elementor-size-large\">Notatki przygotowuj\u0105ce do nauczania \n24 VI 1980 r.<\/p>\t\t\t\t<\/div>\n\t\t\t\t<\/div>\n\t\t\t\t\t<\/div>\n\t\t<\/div>\n\t\t\t\t\t<\/div>\n\t\t<\/section>\n\t\t\t\t<section class=\"elementor-section elementor-top-section elementor-element elementor-element-313ec42a elementor-section-boxed elementor-section-height-default elementor-section-height-default\" data-id=\"313ec42a\" data-element_type=\"section\" data-e-type=\"section\">\n\t\t\t\t\t\t<div class=\"elementor-container elementor-column-gap-default\">\n\t\t\t\t\t<div class=\"elementor-column elementor-col-100 elementor-top-column elementor-element elementor-element-257b10e0\" data-id=\"257b10e0\" data-element_type=\"column\" data-e-type=\"column\">\n\t\t\t<div class=\"elementor-widget-wrap elementor-element-populated\">\n\t\t\t\t\t\t<div class=\"elementor-element elementor-element-749307f elementor-widget elementor-widget-text-editor\" data-id=\"749307f\" data-element_type=\"widget\" data-e-type=\"widget\" data-widget_type=\"text-editor.default\">\n\t\t\t\t<div class=\"elementor-widget-container\">\n\t\t\t\t\t\t\t\t\tKiedy wyjdziesz z adoracji po up\u0142ywie godziny, powiesz mo\u017ce: \u201eAch, jak si\u0119 nudzi\u0142em, ile\u017c mia\u0142em rozprosze\u0144!\u201d A inni zauwa\u017c\u0105: \u201eTo ciekawe, ty promieniejesz!\u201d Nie b\u0119dziesz tego czu\u0142, ale inni to zauwa\u017c\u0105. I b\u0119dziesz \u017cy\u0107 mi\u0142o\u015bci\u0105!\t\t\t\t\t\t\t\t\t<\/div>\n\t\t\t\t<\/div>\n\t\t\t\t<div class=\"elementor-element elementor-element-7f07d70 sourcecitation elementor-widget elementor-widget-heading\" data-id=\"7f07d70\" data-element_type=\"widget\" data-e-type=\"widget\" data-widget_type=\"heading.default\">\n\t\t\t\t<div class=\"elementor-widget-container\">\n\t\t\t\t\t<p class=\"elementor-heading-title elementor-size-large\">Sesja w Paray\n 09-21 VII 1977 r. Wprowadzenie do nauczania bp Gaidon<\/p>\t\t\t\t<\/div>\n\t\t\t\t<\/div>\n\t\t\t\t\t<\/div>\n\t\t<\/div>\n\t\t\t\t\t<\/div>\n\t\t<\/section>\n\t\t\t\t<section class=\"elementor-section elementor-top-section elementor-element elementor-element-31df55f9 elementor-section-boxed elementor-section-height-default elementor-section-height-default\" data-id=\"31df55f9\" data-element_type=\"section\" data-e-type=\"section\">\n\t\t\t\t\t\t<div class=\"elementor-container elementor-column-gap-default\">\n\t\t\t\t\t<div class=\"elementor-column elementor-col-100 elementor-top-column elementor-element elementor-element-22f90682\" data-id=\"22f90682\" data-element_type=\"column\" data-e-type=\"column\">\n\t\t\t<div class=\"elementor-widget-wrap elementor-element-populated\">\n\t\t\t\t\t\t<div class=\"elementor-element elementor-element-5de5f79b elementor-widget elementor-widget-text-editor\" data-id=\"5de5f79b\" data-element_type=\"widget\" data-e-type=\"widget\" data-widget_type=\"text-editor.default\">\n\t\t\t\t<div class=\"elementor-widget-container\">\n\t\t\t\t\t\t\t\t\tKa\u017cdy otrzymuje szczeg\u00f3ln\u0105 \u0142ask\u0119 mi\u0142o\u015bci i dlatego trzeba prosi\u0107 Pana o \u0142ask\u0119 dla siebie, a nie t\u0119, kt\u00f3ra jest dla innych. On ma dla nas t\u0119 \u0142ask\u0119. Wtedy Pan zaczyna przemienia\u0107 nasze serca, ale trzeba na to czasu. Tylko naprawd\u0119 pro\u015bmy z nadziej\u0105: \u201ePanie, pukam, wiem, \u017ce mi otworzysz, jestem ca\u0142kowicie niegodny, polegam w zupe\u0142no\u015bci, nie na swoich zas\u0142ugach, ale na Twojej mi\u0142o\u015bci\u201d. To jest najwa\u017cniejsze ze wszystkiego.\t\t\t\t\t\t\t\t<\/div>\n\t\t\t\t<\/div>\n\t\t\t\t<div class=\"elementor-element elementor-element-261f400b sourcecitation elementor-widget elementor-widget-heading\" data-id=\"261f400b\" data-element_type=\"widget\" data-e-type=\"widget\" data-widget_type=\"heading.default\">\n\t\t\t\t<div class=\"elementor-widget-container\">\n\t\t\t\t\t<p class=\"elementor-heading-title elementor-size-large\">Weekend wsp\u00f3lnotowy, \n17-18 V 1980 r.<\/p>\t\t\t\t<\/div>\n\t\t\t\t<\/div>\n\t\t\t\t\t<\/div>\n\t\t<\/div>\n\t\t\t\t\t<\/div>\n\t\t<\/section>\n\t\t\t\t<section class=\"elementor-section elementor-top-section elementor-element elementor-element-4079b9c1 elementor-section-boxed elementor-section-height-default elementor-section-height-default\" data-id=\"4079b9c1\" data-element_type=\"section\" data-e-type=\"section\">\n\t\t\t\t\t\t<div class=\"elementor-container elementor-column-gap-default\">\n\t\t\t\t\t<div class=\"elementor-column elementor-col-100 elementor-top-column elementor-element elementor-element-7064c5f5\" data-id=\"7064c5f5\" data-element_type=\"column\" data-e-type=\"column\">\n\t\t\t<div class=\"elementor-widget-wrap elementor-element-populated\">\n\t\t\t\t\t\t<div class=\"elementor-element elementor-element-689834e8 elementor-widget elementor-widget-text-editor\" data-id=\"689834e8\" data-element_type=\"widget\" data-e-type=\"widget\" data-widget_type=\"text-editor.default\">\n\t\t\t\t<div class=\"elementor-widget-container\">\n\t\t\t\t\t\t\t\t\tTo Duch \u015awi\u0119ty otwiera nam Pismo \u015awi\u0119te i przypomina wszystko, co powiedzia\u0142 Pan. Czysta egzegeza jest wa\u017cna i potrzebna, ale nie stanowi istoty rzeczy. Poniewa\u017c jeste\u015bmy lud\u017ami, musimy korzysta\u0107 z naszego rozumu, ale rozum musi najpierw znale\u017a\u0107 si\u0119 w sercu. Nie powinien si\u0119 w nim \u2018utopi\u0107\u2019, ale zanurzy\u0107 w mi\u0142o\u015bci!\t\t\t\t\t\t\t\t\t<\/div>\n\t\t\t\t<\/div>\n\t\t\t\t<div class=\"elementor-element elementor-element-2e9a8b22 sourcecitation elementor-widget elementor-widget-heading\" data-id=\"2e9a8b22\" data-element_type=\"widget\" data-e-type=\"widget\" data-widget_type=\"heading.default\">\n\t\t\t\t<div class=\"elementor-widget-container\">\n\t\t\t\t\t<p class=\"elementor-heading-title elementor-size-large\">Warsztaty \u00ab Od grupy modlitewnej do wsp\u00f3lnoty \u00bb\nSesje w Paray 06 VII 1979 r.<\/p>\t\t\t\t<\/div>\n\t\t\t\t<\/div>\n\t\t\t\t\t<\/div>\n\t\t<\/div>\n\t\t\t\t\t<\/div>\n\t\t<\/section>\n\t\t\t\t<section class=\"elementor-section elementor-top-section elementor-element elementor-element-1adf277 animated-slow elementor-section-boxed elementor-section-height-default elementor-section-height-default elementor-invisible\" data-id=\"1adf277\" data-element_type=\"section\" data-e-type=\"section\" data-settings=\"{&quot;animation&quot;:&quot;fadeIn&quot;}\">\n\t\t\t\t\t\t<div class=\"elementor-container elementor-column-gap-default\">\n\t\t\t\t\t<div class=\"elementor-column elementor-col-100 elementor-top-column elementor-element elementor-element-65acbc8e\" data-id=\"65acbc8e\" data-element_type=\"column\" data-e-type=\"column\">\n\t\t\t<div class=\"elementor-widget-wrap elementor-element-populated\">\n\t\t\t\t\t\t<div class=\"elementor-element elementor-element-a9fd4a3 citationserif elementor-invisible elementor-widget elementor-widget-heading\" data-id=\"a9fd4a3\" data-element_type=\"widget\" data-e-type=\"widget\" data-settings=\"{&quot;_animation&quot;:&quot;fadeIn&quot;}\" data-widget_type=\"heading.default\">\n\t\t\t\t<div class=\"elementor-widget-container\">\n\t\t\t\t\t<h3 class=\"elementor-heading-title elementor-size-default\">Trzeba przede wszystkim tego, by\u015bmy zacz\u0119li kocha\u0107 Pana, <br \/>by On przemienia\u0142 nasze serca.<\/h3>\t\t\t\t<\/div>\n\t\t\t\t<\/div>\n\t\t\t\t<div class=\"elementor-element elementor-element-32d49ffa sourcecitation elementor-widget elementor-widget-heading\" data-id=\"32d49ffa\" data-element_type=\"widget\" data-e-type=\"widget\" data-widget_type=\"heading.default\">\n\t\t\t\t<div class=\"elementor-widget-container\">\n\t\t\t\t\t<p class=\"elementor-heading-title elementor-size-large\">\tDzie\u0144 Emmanuela 13 III 1976 r.<\/p>\t\t\t\t<\/div>\n\t\t\t\t<\/div>\n\t\t\t\t\t<\/div>\n\t\t<\/div>\n\t\t\t\t\t<\/div>\n\t\t<\/section>\n\t\t\t\t<section class=\"elementor-section elementor-top-section elementor-element elementor-element-317826ab elementor-section-boxed elementor-section-height-default elementor-section-height-default\" data-id=\"317826ab\" data-element_type=\"section\" data-e-type=\"section\">\n\t\t\t\t\t\t<div class=\"elementor-container elementor-column-gap-default\">\n\t\t\t\t\t<div class=\"elementor-column elementor-col-100 elementor-top-column elementor-element elementor-element-6014ab\" data-id=\"6014ab\" data-element_type=\"column\" data-e-type=\"column\">\n\t\t\t<div class=\"elementor-widget-wrap elementor-element-populated\">\n\t\t\t\t\t\t<div class=\"elementor-element elementor-element-7cfb7d69 elementor-widget elementor-widget-text-editor\" data-id=\"7cfb7d69\" data-element_type=\"widget\" data-e-type=\"widget\" data-widget_type=\"text-editor.default\">\n\t\t\t\t<div class=\"elementor-widget-container\">\n\t\t\t\t\t\t\t\t\tPoza tym, je\u015bli nie zgromadzicie w sobie dostatecznych zapas\u00f3w mi\u0142osierdzia, mi\u0142o\u015bci i modlitwy, wasze dzia\u0142ania oka\u017c\u0105 si\u0119 czystym aktywizmem.\t\t\t\t\t\t\t\t<\/div>\n\t\t\t\t<\/div>\n\t\t\t\t<div class=\"elementor-element elementor-element-68b93010 sourcecitation elementor-widget elementor-widget-heading\" data-id=\"68b93010\" data-element_type=\"widget\" data-e-type=\"widget\" data-widget_type=\"heading.default\">\n\t\t\t\t<div class=\"elementor-widget-container\">\n\t\t\t\t\t<p class=\"elementor-heading-title elementor-size-large\">Rekolekcje Bractwa Jezusowego, \n31 XII 1979 r.<\/p>\t\t\t\t<\/div>\n\t\t\t\t<\/div>\n\t\t\t\t\t<\/div>\n\t\t<\/div>\n\t\t\t\t\t<\/div>\n\t\t<\/section>\n\t\t\t\t<section class=\"elementor-section elementor-top-section elementor-element elementor-element-204f91a7 elementor-section-boxed elementor-section-height-default elementor-section-height-default\" data-id=\"204f91a7\" data-element_type=\"section\" data-e-type=\"section\">\n\t\t\t\t\t\t<div class=\"elementor-container elementor-column-gap-default\">\n\t\t\t\t\t<div class=\"elementor-column elementor-col-100 elementor-top-column elementor-element elementor-element-5836144\" data-id=\"5836144\" data-element_type=\"column\" data-e-type=\"column\">\n\t\t\t<div class=\"elementor-widget-wrap elementor-element-populated\">\n\t\t\t\t\t\t<div class=\"elementor-element elementor-element-1bd311e5 elementor-widget elementor-widget-text-editor\" data-id=\"1bd311e5\" data-element_type=\"widget\" data-e-type=\"widget\" data-widget_type=\"text-editor.default\">\n\t\t\t\t<div class=\"elementor-widget-container\">\n\t\t\t\t\t\t\t\t\tNaprawd\u0119 wszystko jest nam dane. Tajemnica polega na tym, by trwa\u0107 w Jego Mi\u0142o\u015bci. Jezus prosi nas: \u201eTrwajcie\u201d. To rozkaz, rada, polecenie. Jest to tak proste, \u017ce stwierdzamy: \u201eTo zbyt proste\u201d. Ale nie! To jest najwa\u017cniejsze!\t\t\t\t\t\t\t\t<\/div>\n\t\t\t\t<\/div>\n\t\t\t\t<div class=\"elementor-element elementor-element-232617fb sourcecitation elementor-widget elementor-widget-heading\" data-id=\"232617fb\" data-element_type=\"widget\" data-e-type=\"widget\" data-widget_type=\"heading.default\">\n\t\t\t\t<div class=\"elementor-widget-container\">\n\t\t\t\t\t<p class=\"elementor-heading-title elementor-size-large\">Rekolekcje Bractwa Jezusowego, \nSierpie\u0144 1978 r. \nPopo\u0142udnie, 9 VIII 1978 r.<\/p>\t\t\t\t<\/div>\n\t\t\t\t<\/div>\n\t\t\t\t\t<\/div>\n\t\t<\/div>\n\t\t\t\t\t<\/div>\n\t\t<\/section>\n\t\t\t\t<section class=\"elementor-section elementor-top-section elementor-element elementor-element-24bc7519 elementor-section-boxed elementor-section-height-default elementor-section-height-default\" data-id=\"24bc7519\" data-element_type=\"section\" data-e-type=\"section\">\n\t\t\t\t\t\t<div class=\"elementor-container elementor-column-gap-default\">\n\t\t\t\t\t<div class=\"elementor-column elementor-col-100 elementor-top-column elementor-element elementor-element-6abb6538\" data-id=\"6abb6538\" data-element_type=\"column\" data-e-type=\"column\">\n\t\t\t<div class=\"elementor-widget-wrap elementor-element-populated\">\n\t\t\t\t\t\t<div class=\"elementor-element elementor-element-11e0e8f1 elementor-widget elementor-widget-text-editor\" data-id=\"11e0e8f1\" data-element_type=\"widget\" data-e-type=\"widget\" data-widget_type=\"text-editor.default\">\n\t\t\t\t<div class=\"elementor-widget-container\">\n\t\t\t\t\t\t\t\t\tJak m\u00f3wi Teresa od Dzieci\u0105tka Jezus, wszystko, co robisz z mi\u0142o\u015bci, staje si\u0119 mi\u0142o\u015bci\u0105. W Sercu Pana maj\u0105 swe miejsce nie &#8211; same pos\u0142ugi, kt\u00f3re podejmujemy, ale mi\u0142o\u015b\u0107, z kt\u00f3r\u0105 si\u0119 w nie anga\u017cujemy.\t\t\t\t\t\t\t\t\t<\/div>\n\t\t\t\t<\/div>\n\t\t\t\t<div class=\"elementor-element elementor-element-452bb9d9 sourcecitation elementor-widget elementor-widget-heading\" data-id=\"452bb9d9\" data-element_type=\"widget\" data-e-type=\"widget\" data-widget_type=\"heading.default\">\n\t\t\t\t<div class=\"elementor-widget-container\">\n\t\t\t\t\t<p class=\"elementor-heading-title elementor-size-large\">Weekend wsp\u00f3lnotowy, 20 IX 1981 r.<\/p>\t\t\t\t<\/div>\n\t\t\t\t<\/div>\n\t\t\t\t\t<\/div>\n\t\t<\/div>\n\t\t\t\t\t<\/div>\n\t\t<\/section>\n\t\t\t\t<section class=\"elementor-section elementor-top-section elementor-element elementor-element-5afc6674 elementor-section-boxed elementor-section-height-default elementor-section-height-default\" data-id=\"5afc6674\" data-element_type=\"section\" data-e-type=\"section\">\n\t\t\t\t\t\t<div class=\"elementor-container elementor-column-gap-default\">\n\t\t\t\t\t<div class=\"elementor-column elementor-col-100 elementor-top-column elementor-element elementor-element-72b9ab2d\" data-id=\"72b9ab2d\" data-element_type=\"column\" data-e-type=\"column\">\n\t\t\t<div class=\"elementor-widget-wrap elementor-element-populated\">\n\t\t\t\t\t\t<div class=\"elementor-element elementor-element-63c48e10 elementor-widget elementor-widget-text-editor\" data-id=\"63c48e10\" data-element_type=\"widget\" data-e-type=\"widget\" data-widget_type=\"text-editor.default\">\n\t\t\t\t<div class=\"elementor-widget-container\">\n\t\t\t\t\t\t\t\t\tKa\u017cda chwila (naszego czasu) ma znaczenie. Ca\u0142y nasz dzie\u0144 powinien by\u0107 zaplanowany ze wzgl\u0119du na mi\u0142o\u015b\u0107 do Pana.\t\t\t\t\t\t\t\t<\/div>\n\t\t\t\t<\/div>\n\t\t\t\t<div class=\"elementor-element elementor-element-7c86c99e sourcecitation elementor-widget elementor-widget-heading\" data-id=\"7c86c99e\" data-element_type=\"widget\" data-e-type=\"widget\" data-widget_type=\"heading.default\">\n\t\t\t\t<div class=\"elementor-widget-container\">\n\t\t\t\t\t<p class=\"elementor-heading-title elementor-size-large\">\tWeekend wsp\u00f3lnotowy, 1 IV 1979 r.<\/p>\t\t\t\t<\/div>\n\t\t\t\t<\/div>\n\t\t\t\t\t<\/div>\n\t\t<\/div>\n\t\t\t\t\t<\/div>\n\t\t<\/section>\n\t\t\t\t<section class=\"elementor-section elementor-top-section elementor-element elementor-element-31dca909 elementor-section-boxed elementor-section-height-default elementor-section-height-default\" data-id=\"31dca909\" data-element_type=\"section\" data-e-type=\"section\">\n\t\t\t\t\t\t<div class=\"elementor-container elementor-column-gap-default\">\n\t\t\t\t\t<div class=\"elementor-column elementor-col-100 elementor-top-column elementor-element elementor-element-1be64a78\" data-id=\"1be64a78\" data-element_type=\"column\" data-e-type=\"column\">\n\t\t\t<div class=\"elementor-widget-wrap elementor-element-populated\">\n\t\t\t\t\t\t<div class=\"elementor-element elementor-element-397b0c0e elementor-widget elementor-widget-text-editor\" data-id=\"397b0c0e\" data-element_type=\"widget\" data-e-type=\"widget\" data-widget_type=\"text-editor.default\">\n\t\t\t\t<div class=\"elementor-widget-container\">\n\t\t\t\t\t\t\t\t\tKiedy nasze serce jest jak piec rozpalony mi\u0142o\u015bci\u0105 i mi\u0142osierdziem, wtedy dopiero mo\u017cemy promieniowa\u0107! I zapala\u0107 innych! Mo\u017cemy w\u00f3wczas rozgrzewa\u0107 wszystkie serca!\t\t\t\t\t\t\t\t\t<\/div>\n\t\t\t\t<\/div>\n\t\t\t\t<div class=\"elementor-element elementor-element-7bfd1758 sourcecitation elementor-widget elementor-widget-heading\" data-id=\"7bfd1758\" data-element_type=\"widget\" data-e-type=\"widget\" data-widget_type=\"heading.default\">\n\t\t\t\t<div class=\"elementor-widget-container\">\n\t\t\t\t\t<p class=\"elementor-heading-title elementor-size-large\">Rekolekcje Bractwa Jezusowego, \n30-31 XII 1977 r.<\/p>\t\t\t\t<\/div>\n\t\t\t\t<\/div>\n\t\t\t\t\t<\/div>\n\t\t<\/div>\n\t\t\t\t\t<\/div>\n\t\t<\/section>\n\t\t\t\t<section class=\"elementor-section elementor-top-section elementor-element elementor-element-3c883d59 elementor-section-boxed elementor-section-height-default elementor-section-height-default\" data-id=\"3c883d59\" data-element_type=\"section\" data-e-type=\"section\">\n\t\t\t\t\t\t<div class=\"elementor-container elementor-column-gap-default\">\n\t\t\t\t\t<div class=\"elementor-column elementor-col-100 elementor-top-column elementor-element elementor-element-7d3e1038\" data-id=\"7d3e1038\" data-element_type=\"column\" data-e-type=\"column\">\n\t\t\t<div class=\"elementor-widget-wrap elementor-element-populated\">\n\t\t\t\t\t\t<div class=\"elementor-element elementor-element-788d7224 elementor-widget elementor-widget-text-editor\" data-id=\"788d7224\" data-element_type=\"widget\" data-e-type=\"widget\" data-widget_type=\"text-editor.default\">\n\t\t\t\t<div class=\"elementor-widget-container\">\n\t\t\t\t\t\t\t\t\tJeste\u015bmy misyjni. Wi\u0119c je\u015bli tylko mo\u017cecie, to dzia\u0142acie, w innym razie &#8211; anga\u017cujecie si\u0119 duchowo, jak \u015bwi\u0119ta Teresa od Dzieci\u0105tka Jezus (jej si\u0119 to uda\u0142o!). Ma\u0142a Tereska, patronk\u0105 misji! Ta m\u0142oda dziewczyna z karmelu zosta\u0142a patronk\u0105 misji! Co takiego robi\u0142a? W klasztorze nie by\u0142o lekko&#8230; A ona chodzi\u0142a [wzd\u0142u\u017c kru\u017cgank\u00f3w] w intencji pewnego misjonarza. [&#8230;] Kiedy robisz co\u015b, co by to nie by\u0142o, to Mi\u0142o\u015b\u0107 przemienia.\t\t\t\t\t\t\t\t\t<\/div>\n\t\t\t\t<\/div>\n\t\t\t\t<div class=\"elementor-element elementor-element-737c2a58 sourcecitation elementor-widget elementor-widget-heading\" data-id=\"737c2a58\" data-element_type=\"widget\" data-e-type=\"widget\" data-widget_type=\"heading.default\">\n\t\t\t\t<div class=\"elementor-widget-container\">\n\t\t\t\t\t<p class=\"elementor-heading-title elementor-size-large\">Rekolekcje Bractwa Jezusowego \n30-31 XII 1977 r.<\/p>\t\t\t\t<\/div>\n\t\t\t\t<\/div>\n\t\t\t\t\t<\/div>\n\t\t<\/div>\n\t\t\t\t\t<\/div>\n\t\t<\/section>\n\t\t\t\t<section class=\"elementor-section elementor-top-section elementor-element elementor-element-14241ee6 animated-slow elementor-section-boxed elementor-section-height-default elementor-section-height-default elementor-invisible\" data-id=\"14241ee6\" data-element_type=\"section\" data-e-type=\"section\" data-settings=\"{&quot;animation&quot;:&quot;fadeIn&quot;}\">\n\t\t\t\t\t\t<div class=\"elementor-container elementor-column-gap-default\">\n\t\t\t\t\t<div class=\"elementor-column elementor-col-100 elementor-top-column elementor-element elementor-element-403a41d7\" data-id=\"403a41d7\" data-element_type=\"column\" data-e-type=\"column\">\n\t\t\t<div class=\"elementor-widget-wrap elementor-element-populated\">\n\t\t\t\t\t\t<div class=\"elementor-element elementor-element-147a4220 citationserif elementor-invisible elementor-widget elementor-widget-heading\" data-id=\"147a4220\" data-element_type=\"widget\" data-e-type=\"widget\" data-settings=\"{&quot;_animation&quot;:&quot;fadeIn&quot;}\" data-widget_type=\"heading.default\">\n\t\t\t\t<div class=\"elementor-widget-container\">\n\t\t\t\t\t<h3 class=\"elementor-heading-title elementor-size-default\">Dzi\u0119ki mi\u0142o\u015bci, kt\u00f3r\u0105 mamy w naszych sercach, przyczyniamy si\u0119 do przemiany naszych przyjaci\u00f3\u0142, koleg\u00f3w, bliskich i, stopniowo, krok po kroku, powstaje wielki po\u017car! To w\u0142a\u015bnie zapowiada\u0142 Jezus. Powiedzia\u0142: \u201ePrzyszed\u0142em rzuci\u0107 ogie\u0144 na ziemi\u0119 i jak\u017ce bardzo pragn\u0119, \u017ceby on ju\u017c zap\u0142on\u0105\u0142\u201d. I o to chodzi .. W tej chwili ca\u0142y \u015bwiat jest zzi\u0119bni\u0119ty... To dlatego, \u017ce brakuje tam mi\u0142o\u015bci. Mamy wszystkie najnowocze\u015bniejsze gad\u017cety, mamy wszystko, czego pragniemy, ale nie mamy tego, co najwa\u017cniejsze, nie czujemy si\u0119 kochani i nie kochamy.\t<\/h3>\t\t\t\t<\/div>\n\t\t\t\t<\/div>\n\t\t\t\t<div class=\"elementor-element elementor-element-55ccb639 sourcecitation elementor-widget elementor-widget-heading\" data-id=\"55ccb639\" data-element_type=\"widget\" data-e-type=\"widget\" data-widget_type=\"heading.default\">\n\t\t\t\t<div class=\"elementor-widget-container\">\n\t\t\t\t\t<p class=\"elementor-heading-title elementor-size-large\">Cykl weekend\u00f3w m\u0142odych 1981<\/p>\t\t\t\t<\/div>\n\t\t\t\t<\/div>\n\t\t\t\t\t<\/div>\n\t\t<\/div>\n\t\t\t\t\t<\/div>\n\t\t<\/section>\n\t\t\t\t<section class=\"elementor-section elementor-top-section elementor-element elementor-element-26400a6 elementor-section-boxed elementor-section-height-default elementor-section-height-default\" data-id=\"26400a6\" data-element_type=\"section\" data-e-type=\"section\">\n\t\t\t\t\t\t<div class=\"elementor-container elementor-column-gap-default\">\n\t\t\t\t\t<div class=\"elementor-column elementor-col-100 elementor-top-column elementor-element elementor-element-5ff7f602\" data-id=\"5ff7f602\" data-element_type=\"column\" data-e-type=\"column\">\n\t\t\t<div class=\"elementor-widget-wrap elementor-element-populated\">\n\t\t\t\t\t\t<div class=\"elementor-element elementor-element-4620ca2a elementor-widget elementor-widget-text-editor\" data-id=\"4620ca2a\" data-element_type=\"widget\" data-e-type=\"widget\" data-widget_type=\"text-editor.default\">\n\t\t\t\t<div class=\"elementor-widget-container\">\n\t\t\t\t\t\t\t\t\tJe\u015bli wszystko zamieniasz w mi\u0142o\u015b\u0107, wtedy wszystko staje si\u0119 mi\u0142o\u015bci\u0105. To w\u0142a\u015bnie jest niezwyk\u0142e. Nie wierzymy w to, bo nie mamy wystarczaj\u0105cej wiary. I dlatego nasze serca s\u0105 czasem troch\u0119 podzielone. W przeciwnym razie nasze serca by\u0142yby zawsze radosne, poniewa\u017c wszystko, co nas spotyka, to, co przyjemne i nieprzyjemne, wszystko to mo\u017cemy ofiarowa\u0107 Jezusowi.\t\t\t\t\t\t\t\t\t<\/div>\n\t\t\t\t<\/div>\n\t\t\t\t<div class=\"elementor-element elementor-element-74588a20 sourcecitation elementor-widget elementor-widget-heading\" data-id=\"74588a20\" data-element_type=\"widget\" data-e-type=\"widget\" data-widget_type=\"heading.default\">\n\t\t\t\t<div class=\"elementor-widget-container\">\n\t\t\t\t\t<p class=\"elementor-heading-title elementor-size-large\">Weekend wsp\u00f3lnotowy, 17 IV 1982 r.<\/p>\t\t\t\t<\/div>\n\t\t\t\t<\/div>\n\t\t\t\t\t<\/div>\n\t\t<\/div>\n\t\t\t\t\t<\/div>\n\t\t<\/section>\n\t\t\t\t<section class=\"elementor-section elementor-top-section elementor-element elementor-element-438c6f1f elementor-section-boxed elementor-section-height-default elementor-section-height-default\" data-id=\"438c6f1f\" data-element_type=\"section\" data-e-type=\"section\">\n\t\t\t\t\t\t<div class=\"elementor-container elementor-column-gap-default\">\n\t\t\t\t\t<div class=\"elementor-column elementor-col-100 elementor-top-column elementor-element elementor-element-1c3af558\" data-id=\"1c3af558\" data-element_type=\"column\" data-e-type=\"column\">\n\t\t\t<div class=\"elementor-widget-wrap elementor-element-populated\">\n\t\t\t\t\t\t<div class=\"elementor-element elementor-element-7b39ad25 elementor-widget elementor-widget-text-editor\" data-id=\"7b39ad25\" data-element_type=\"widget\" data-e-type=\"widget\" data-widget_type=\"text-editor.default\">\n\t\t\t\t<div class=\"elementor-widget-container\">\n\t\t\t\t\t\t\t\t\tTeresa ofiarowa\u0142a si\u0119 Mi\u0142o\u015bci mi\u0142osiernej. S\u0142owo &#8220;ofiara&#8221; przyprawia wszystkich o dreszcze. To jasne, \u017ce nie chodzi jej o ofiarowanie si\u0119 Sprawiedliwo\u015bci Bo\u017cej (kiedy\u015b ludzie sk\u0142adali siebie w ofierze Bo\u017cej sprawiedliwo\u015bci jako zado\u015b\u0107uczynienie za grzechy i wszelkie z\u0142o na \u015bwiecie). Ona m\u00f3wi: &#8220;Jestem na to za ma\u0142a. Ofiaruj\u0119 si\u0119 Mi\u0142o\u015bci Mi\u0142osiernej\u201d. Mi\u0142o\u015b\u0107 mi\u0142osierna nie jest gro\u017ana, nie trzeba si\u0119 jej ba\u0107! Wszystko, co mo\u017ce z nami uczyni\u0107, to rozpali\u0107 w nas mi\u0142o\u015b\u0107, tak intensywn\u0105, \u017ce b\u0119dziemy p\u0142on\u0105\u0107 z Jezusem, a\u017c zostaniemy oczyszczeni. Zjednoczeni z cierpieniami Jezusa, przyczynimy si\u0119 te\u017c do oczyszczenia \u015bwiata z grzech\u00f3w. W takim kierunku powinni\u015bmy zmierza\u0107. Naprawd\u0119 mo\u017cemy i\u015b\u0107 z ufno\u015bci\u0105&#8230; i Maryja r\u00f3wnie\u017c nas tego uczy.\t\t\t\t\t\t\t\t<\/div>\n\t\t\t\t<\/div>\n\t\t\t\t<div class=\"elementor-element elementor-element-5902e74a sourcecitation elementor-widget elementor-widget-heading\" data-id=\"5902e74a\" data-element_type=\"widget\" data-e-type=\"widget\" data-widget_type=\"heading.default\">\n\t\t\t\t<div class=\"elementor-widget-container\">\n\t\t\t\t\t<p class=\"elementor-heading-title elementor-size-large\">Rekolekcje Bractwa Jezusowego, \nVIII 1979 r. Pierwsze nauczanie<\/p>\t\t\t\t<\/div>\n\t\t\t\t<\/div>\n\t\t\t\t\t<\/div>\n\t\t<\/div>\n\t\t\t\t\t<\/div>\n\t\t<\/section>\n\t\t\t\t<section class=\"elementor-section elementor-top-section elementor-element elementor-element-6bb1a267 elementor-section-boxed elementor-section-height-default elementor-section-height-default\" data-id=\"6bb1a267\" data-element_type=\"section\" data-e-type=\"section\">\n\t\t\t\t\t\t<div class=\"elementor-container elementor-column-gap-default\">\n\t\t\t\t\t<div class=\"elementor-column elementor-col-100 elementor-top-column elementor-element elementor-element-66f2aea6\" data-id=\"66f2aea6\" data-element_type=\"column\" data-e-type=\"column\">\n\t\t\t<div class=\"elementor-widget-wrap elementor-element-populated\">\n\t\t\t\t\t\t<div class=\"elementor-element elementor-element-414fdd3b elementor-widget elementor-widget-text-editor\" data-id=\"414fdd3b\" data-element_type=\"widget\" data-e-type=\"widget\" data-widget_type=\"text-editor.default\">\n\t\t\t\t<div class=\"elementor-widget-container\">\n\t\t\t\t\t\t\t\t\tPanie, naucz nas stawa\u0107 si\u0119 pokornymi, cichymi i pokornego serca. \u201eSerce Jezusa, \u0142agodne i pokorne, uczy\u0144 nasze serca podobnymi do Twego\u201d. To jest nasze powo\u0142anie! Naprawd\u0119 musimy to zrozumie\u0107 do g\u0142\u0119bi. A wszystko to dokonuje si\u0119 dzi\u0119ki \u0142askom otrzymywanym na adoracji.\t\t\t\t\t\t\t\t\t<\/div>\n\t\t\t\t<\/div>\n\t\t\t\t<div class=\"elementor-element elementor-element-28226c16 sourcecitation elementor-widget elementor-widget-heading\" data-id=\"28226c16\" data-element_type=\"widget\" data-e-type=\"widget\" data-widget_type=\"heading.default\">\n\t\t\t\t<div class=\"elementor-widget-container\">\n\t\t\t\t\t<p class=\"elementor-heading-title elementor-size-large\">Rekolekcje Bractwa Jezusowego, Bo\u017ce Narodzenie 1982 r. \n30 XII 1982 r.<\/p>\t\t\t\t<\/div>\n\t\t\t\t<\/div>\n\t\t\t\t\t<\/div>\n\t\t<\/div>\n\t\t\t\t\t<\/div>\n\t\t<\/section>\n\t\t\t\t<section class=\"elementor-section elementor-top-section elementor-element elementor-element-4dfe88fe elementor-section-boxed elementor-section-height-default elementor-section-height-default\" data-id=\"4dfe88fe\" data-element_type=\"section\" data-e-type=\"section\">\n\t\t\t\t\t\t<div class=\"elementor-container elementor-column-gap-default\">\n\t\t\t\t\t<div class=\"elementor-column elementor-col-100 elementor-top-column elementor-element elementor-element-1e4c6667\" data-id=\"1e4c6667\" data-element_type=\"column\" data-e-type=\"column\">\n\t\t\t<div class=\"elementor-widget-wrap elementor-element-populated\">\n\t\t\t\t\t\t<div class=\"elementor-element elementor-element-ca9ec69 elementor-widget elementor-widget-text-editor\" data-id=\"ca9ec69\" data-element_type=\"widget\" data-e-type=\"widget\" data-widget_type=\"text-editor.default\">\n\t\t\t\t<div class=\"elementor-widget-container\">\n\t\t\t\t\t\t\t\t\tNadzieja nie jest b\u0142ogim optymizmem &#8211; m\u00f3wi Piotr. Dobrze wiemy, \u017ce od czasu grzechu pierworodnego sprawy przybieraj\u0105 z\u0142y obr\u00f3t&#8230; i b\u0119dzie tak a\u017c do ko\u0144ca czas\u00f3w. Pan pyta: \u201eCzy jednak Syn Cz\u0142owieczy znajdzie wiar\u0119 na ziemi, gdy przyjdzie?\u201d M\u00f3wi te\u017c, \u017ce \u201emi\u0142o\u015b\u0107 wielu ozi\u0119bnie\u201d. Nie jest wi\u0119c dobrze. \u017byjemy jednak w nadziei, poniewa\u017c wiemy, \u017ce Pan zmartwychwsta\u0142, \u017ce jest w naszych sercach, \u017ce jest z nami ka\u017cdego dnia. \u017byjemy wi\u0119c t\u0105 nadziej\u0105. Jest to r\u00f3wnie\u017c cnota teologiczna: obietnice Boga spe\u0142niaj\u0105 si\u0119 pomimo z\u0142a i grzechu&#8230; Najwa\u017cniejsze jest, by wierzy\u0107, \u017ce B\u00f3g istnieje i \u017ce mamy na Nim polega\u0107. Je\u015bli wi\u0119c musimy na Nim polega\u0107, to powinni\u015bmy umie\u0107 Go kocha\u0107&#8230; Ale to nie my sami z siebie Go pokochamy, to On sprawi, \u017ce b\u0119dziemy Go mi\u0142owa\u0107.\t\t\t\t\t\t\t\t<\/div>\n\t\t\t\t<\/div>\n\t\t\t\t<div class=\"elementor-element elementor-element-4010fd59 sourcecitation elementor-widget elementor-widget-heading\" data-id=\"4010fd59\" data-element_type=\"widget\" data-e-type=\"widget\" data-widget_type=\"heading.default\">\n\t\t\t\t<div class=\"elementor-widget-container\">\n\t\t\t\t\t<p class=\"elementor-heading-title elementor-size-large\">Weekend \nEmmanuela,\n 25-26 X 1975 r.<\/p>\t\t\t\t<\/div>\n\t\t\t\t<\/div>\n\t\t\t\t\t<\/div>\n\t\t<\/div>\n\t\t\t\t\t<\/div>\n\t\t<\/section>\n\t\t\t\t<section class=\"elementor-section elementor-top-section elementor-element elementor-element-5b150fdc elementor-section-boxed elementor-section-height-default elementor-section-height-default\" data-id=\"5b150fdc\" data-element_type=\"section\" data-e-type=\"section\">\n\t\t\t\t\t\t<div class=\"elementor-container elementor-column-gap-default\">\n\t\t\t\t\t<div class=\"elementor-column elementor-col-100 elementor-top-column elementor-element elementor-element-23e049ee\" data-id=\"23e049ee\" data-element_type=\"column\" data-e-type=\"column\">\n\t\t\t<div class=\"elementor-widget-wrap elementor-element-populated\">\n\t\t\t\t\t\t<div class=\"elementor-element elementor-element-58a65872 citationserif elementor-widget elementor-widget-heading\" data-id=\"58a65872\" data-element_type=\"widget\" data-e-type=\"widget\" data-settings=\"{&quot;_animation&quot;:&quot;none&quot;}\" data-widget_type=\"heading.default\">\n\t\t\t\t<div class=\"elementor-widget-container\">\n\t\t\t\t\t<h4 class=\"elementor-heading-title elementor-size-medium\">Adoracja i wsp\u00f3\u0142odczuwanie<\/h4>\t\t\t\t<\/div>\n\t\t\t\t<\/div>\n\t\t\t\t\t<\/div>\n\t\t<\/div>\n\t\t\t\t\t<\/div>\n\t\t<\/section>\n\t\t\t\t<section class=\"elementor-section elementor-top-section elementor-element elementor-element-773a6bdf elementor-section-boxed elementor-section-height-default elementor-section-height-default\" data-id=\"773a6bdf\" data-element_type=\"section\" data-e-type=\"section\">\n\t\t\t\t\t\t<div class=\"elementor-container elementor-column-gap-default\">\n\t\t\t\t\t<div class=\"elementor-column elementor-col-100 elementor-top-column elementor-element elementor-element-206f54a0\" data-id=\"206f54a0\" data-element_type=\"column\" data-e-type=\"column\">\n\t\t\t<div class=\"elementor-widget-wrap elementor-element-populated\">\n\t\t\t\t\t\t<div class=\"elementor-element elementor-element-1dc8808f elementor-widget elementor-widget-text-editor\" data-id=\"1dc8808f\" data-element_type=\"widget\" data-e-type=\"widget\" data-widget_type=\"text-editor.default\">\n\t\t\t\t<div class=\"elementor-widget-container\">\n\t\t\t\t\t\t\t\t\tTrwanie na adoracji przed Panem sprawia, \u017ce wsp\u00f3\u0142odczuwamy ze wszystkimi cierpieniami \u015bwiata, wsp\u00f3\u0142czujemy ze wszystkimi cierpi\u0105cymi fizycznie, ale tak\u017ce czujemy si\u0119 wezwani do modlitwy o nawr\u00f3cenie grzesznik\u00f3w.\t\t\t\t\t\t\t\t\t<\/div>\n\t\t\t\t<\/div>\n\t\t\t\t<div class=\"elementor-element elementor-element-2f78372d sourcecitation elementor-widget elementor-widget-heading\" data-id=\"2f78372d\" data-element_type=\"widget\" data-e-type=\"widget\" data-widget_type=\"heading.default\">\n\t\t\t\t<div class=\"elementor-widget-container\">\n\t\t\t\t\t<p class=\"elementor-heading-title elementor-size-large\">Weekend wsp\u00f3lnotowy w Turenii 19 XI 1988 r.<\/p>\t\t\t\t<\/div>\n\t\t\t\t<\/div>\n\t\t\t\t\t<\/div>\n\t\t<\/div>\n\t\t\t\t\t<\/div>\n\t\t<\/section>\n\t\t\t\t<section class=\"elementor-section elementor-top-section elementor-element elementor-element-244727dd elementor-section-boxed elementor-section-height-default elementor-section-height-default\" data-id=\"244727dd\" data-element_type=\"section\" data-e-type=\"section\">\n\t\t\t\t\t\t<div class=\"elementor-container elementor-column-gap-default\">\n\t\t\t\t\t<div class=\"elementor-column elementor-col-100 elementor-top-column elementor-element elementor-element-2e225f03\" data-id=\"2e225f03\" data-element_type=\"column\" data-e-type=\"column\">\n\t\t\t<div class=\"elementor-widget-wrap elementor-element-populated\">\n\t\t\t\t\t\t<div class=\"elementor-element elementor-element-34a78d16 elementor-widget elementor-widget-text-editor\" data-id=\"34a78d16\" data-element_type=\"widget\" data-e-type=\"widget\" data-widget_type=\"text-editor.default\">\n\t\t\t\t<div class=\"elementor-widget-container\">\n\t\t\t\t\t\t\t\t\tPodczas modlitwy i adoracji zostajemy rzeczywi\u015bcie przyobleczeni w moc Pana, ale powinno to prowadzi\u0107 tak\u017ce do s\u0142u\u017cby braciom i siostrom.\t\t\t\t\t\t\t\t\t<\/div>\n\t\t\t\t<\/div>\n\t\t\t\t<div class=\"elementor-element elementor-element-622e5abe sourcecitation elementor-widget elementor-widget-heading\" data-id=\"622e5abe\" data-element_type=\"widget\" data-e-type=\"widget\" data-widget_type=\"heading.default\">\n\t\t\t\t<div class=\"elementor-widget-container\">\n\t\t\t\t\t<p class=\"elementor-heading-title elementor-size-large\">Spotkanie Bractwa Jezusowego,\n 25 VI 1977 r.<\/p>\t\t\t\t<\/div>\n\t\t\t\t<\/div>\n\t\t\t\t\t<\/div>\n\t\t<\/div>\n\t\t\t\t\t<\/div>\n\t\t<\/section>\n\t\t\t\t<section class=\"elementor-section elementor-top-section elementor-element elementor-element-676e0d57 animated-slow elementor-section-boxed elementor-section-height-default elementor-section-height-default elementor-invisible\" data-id=\"676e0d57\" data-element_type=\"section\" data-e-type=\"section\" data-settings=\"{&quot;animation&quot;:&quot;fadeIn&quot;}\">\n\t\t\t\t\t\t<div class=\"elementor-container elementor-column-gap-default\">\n\t\t\t\t\t<div class=\"elementor-column elementor-col-100 elementor-top-column elementor-element elementor-element-38f3e1c0\" data-id=\"38f3e1c0\" data-element_type=\"column\" data-e-type=\"column\">\n\t\t\t<div class=\"elementor-widget-wrap elementor-element-populated\">\n\t\t\t\t\t\t<div class=\"elementor-element elementor-element-30d2f234 citationserif elementor-invisible elementor-widget elementor-widget-heading\" data-id=\"30d2f234\" data-element_type=\"widget\" data-e-type=\"widget\" data-settings=\"{&quot;_animation&quot;:&quot;fadeIn&quot;}\" data-widget_type=\"heading.default\">\n\t\t\t\t<div class=\"elementor-widget-container\">\n\t\t\t\t\t<h3 class=\"elementor-heading-title elementor-size-default\">Podczas adoracji Jezus chce uzdolni\u0107 nasze serca do wsp\u00f3\u0142czucia, <br \/>chce da\u0107 nam \u0142agodno\u015b\u0107 swojego Serca.\t<\/h3>\t\t\t\t<\/div>\n\t\t\t\t<\/div>\n\t\t\t\t<div class=\"elementor-element elementor-element-3611982d sourcecitation elementor-widget elementor-widget-heading\" data-id=\"3611982d\" data-element_type=\"widget\" data-e-type=\"widget\" data-widget_type=\"heading.default\">\n\t\t\t\t<div class=\"elementor-widget-container\">\n\t\t\t\t\t<p class=\"elementor-heading-title elementor-size-large\">Notatki przygotowuj\u0105ce do nauczania\n 24 VI 1980 r.<\/p>\t\t\t\t<\/div>\n\t\t\t\t<\/div>\n\t\t\t\t\t<\/div>\n\t\t<\/div>\n\t\t\t\t\t<\/div>\n\t\t<\/section>\n\t\t\t\t<section class=\"elementor-section elementor-top-section elementor-element elementor-element-9c9344c elementor-section-boxed elementor-section-height-default elementor-section-height-default\" data-id=\"9c9344c\" data-element_type=\"section\" data-e-type=\"section\">\n\t\t\t\t\t\t<div class=\"elementor-container elementor-column-gap-default\">\n\t\t\t\t\t<div class=\"elementor-column elementor-col-100 elementor-top-column elementor-element elementor-element-5b106df1\" data-id=\"5b106df1\" data-element_type=\"column\" data-e-type=\"column\">\n\t\t\t<div class=\"elementor-widget-wrap elementor-element-populated\">\n\t\t\t\t\t\t<div class=\"elementor-element elementor-element-29ccf3e9 elementor-widget elementor-widget-text-editor\" data-id=\"29ccf3e9\" data-element_type=\"widget\" data-e-type=\"widget\" data-widget_type=\"text-editor.default\">\n\t\t\t\t<div class=\"elementor-widget-container\">\n\t\t\t\t\t\t\t\t\tPe\u0142ni wsp\u00f3\u0142czucia, podczas adoracji, powinni\u015bmy zwraca\u0107 si\u0119 do Pana: \u201eProsimy Ci\u0119 za tych, kt\u00f3rzy si\u0119 do Ciebie nie modl\u0105 lub nie wiedz\u0105, jak si\u0119 modli\u0107\u201d.\t\t\t\t\t\t\t\t\t<\/div>\n\t\t\t\t<\/div>\n\t\t\t\t<div class=\"elementor-element elementor-element-7021eca7 sourcecitation elementor-widget elementor-widget-heading\" data-id=\"7021eca7\" data-element_type=\"widget\" data-e-type=\"widget\" data-widget_type=\"heading.default\">\n\t\t\t\t<div class=\"elementor-widget-container\">\n\t\t\t\t\t<p class=\"elementor-heading-title elementor-size-large\">Weekend wsp\u00f3lnotowy,\n21 VI 1981 r.<\/p>\t\t\t\t<\/div>\n\t\t\t\t<\/div>\n\t\t\t\t\t<\/div>\n\t\t<\/div>\n\t\t\t\t\t<\/div>\n\t\t<\/section>\n\t\t\t\t<section class=\"elementor-section elementor-top-section elementor-element elementor-element-300d1fc8 elementor-section-boxed elementor-section-height-default elementor-section-height-default\" data-id=\"300d1fc8\" data-element_type=\"section\" data-e-type=\"section\">\n\t\t\t\t\t\t<div class=\"elementor-container elementor-column-gap-default\">\n\t\t\t\t\t<div class=\"elementor-column elementor-col-100 elementor-top-column elementor-element elementor-element-af77c07\" data-id=\"af77c07\" data-element_type=\"column\" data-e-type=\"column\">\n\t\t\t<div class=\"elementor-widget-wrap elementor-element-populated\">\n\t\t\t\t\t\t<div class=\"elementor-element elementor-element-659ff63f elementor-widget elementor-widget-text-editor\" data-id=\"659ff63f\" data-element_type=\"widget\" data-e-type=\"widget\" data-widget_type=\"text-editor.default\">\n\t\t\t\t<div class=\"elementor-widget-container\">\n\t\t\t\t\t\t\t\t\tPrze\u017cywamy osch\u0142o\u015b\u0107. Powiedzmy wi\u0119c sobie: &#8220;Jezus cierpi. Prze\u017cywa ciemno\u015bci. [&#8230;] Milczy, jest tak zm\u0119czony, nie mo\u017ce m\u00f3wi\u0107, umiera\u201d. Trwamy przed Nim, jeste\u015bmy blisko. Nudzimy si\u0119, ale nie powinni\u015bmy, przecie\u017c On cierpi. Wreszcie ogarnia nas wsp\u00f3\u0142czucie. M\u00f3wimy do Niego: \u201ePanie, nie dopu\u015b\u0107, by moje serce pozosta\u0142o z kamienia, spraw, by sta\u0142o si\u0119 cho\u0107 troch\u0119 wsp\u00f3\u0142czuj\u0105ce\u201d. Pozw\u00f3l mi \u017cy\u0107 z Tob\u0105, mi\u0142owa\u0107 Ci\u0119!\u201d.\t\t\t\t\t\t\t\t\t<\/div>\n\t\t\t\t<\/div>\n\t\t\t\t<div class=\"elementor-element elementor-element-284cb71 sourcecitation elementor-widget elementor-widget-heading\" data-id=\"284cb71\" data-element_type=\"widget\" data-e-type=\"widget\" data-widget_type=\"heading.default\">\n\t\t\t\t<div class=\"elementor-widget-container\">\n\t\t\t\t\t<p class=\"elementor-heading-title elementor-size-large\">Weekend wsp\u00f3lnotowy,\n1 IV 1979 r.<\/p>\t\t\t\t<\/div>\n\t\t\t\t<\/div>\n\t\t\t\t\t<\/div>\n\t\t<\/div>\n\t\t\t\t\t<\/div>\n\t\t<\/section>\n\t\t\t\t<section class=\"elementor-section elementor-top-section elementor-element elementor-element-1411eba9 elementor-section-boxed elementor-section-height-default elementor-section-height-default\" data-id=\"1411eba9\" data-element_type=\"section\" data-e-type=\"section\">\n\t\t\t\t\t\t<div class=\"elementor-container elementor-column-gap-default\">\n\t\t\t\t\t<div class=\"elementor-column elementor-col-100 elementor-top-column elementor-element elementor-element-44fdbcbc\" data-id=\"44fdbcbc\" data-element_type=\"column\" data-e-type=\"column\">\n\t\t\t<div class=\"elementor-widget-wrap elementor-element-populated\">\n\t\t\t\t\t\t<div class=\"elementor-element elementor-element-10032307 elementor-widget elementor-widget-text-editor\" data-id=\"10032307\" data-element_type=\"widget\" data-e-type=\"widget\" data-widget_type=\"text-editor.default\">\n\t\t\t\t<div class=\"elementor-widget-container\">\n\t\t\t\t\t\t\t\t\tPro\u015bmy Pana ka\u017cdego dnia, aby da\u0142 nam t\u0119 gor\u0105c\u0105 mi\u0142o\u015b\u0107 ze wzgl\u0119du na naszych braci grzesznik\u00f3w. Wiecie, \u017ce \u015bwi\u0119ty Dominik sp\u0119dza\u0142 ca\u0142e noce, pytaj\u0105c Boga na modlitwie: \u201ePanie, co si\u0119 stanie z grzesznikami?\u201d. Nieustannie wyprasza\u0142 \u0142ask\u0119 dla nich u Boga. Dzi\u0119ki temu twoja modlitwa b\u0119dzie \u0142atwiejsza, bo gdy masz stale przed oczami to, \u017ce ludzie cierpi\u0105, zamiast zasypia\u0107 lub trwa\u0107 w osch\u0142o\u015bci, prosisz: \u201ePanie, Panie, zmi\u0142uj si\u0119, zmi\u0142uj si\u0119, prosz\u0119 Ci\u0119, naucz mnie, jak cierpie\u0107 za nich\u201d.\t\t\t\t\t\t\t\t<\/div>\n\t\t\t\t<\/div>\n\t\t\t\t<div class=\"elementor-element elementor-element-57d0495b sourcecitation elementor-widget elementor-widget-heading\" data-id=\"57d0495b\" data-element_type=\"widget\" data-e-type=\"widget\" data-widget_type=\"heading.default\">\n\t\t\t\t<div class=\"elementor-widget-container\">\n\t\t\t\t\t<p class=\"elementor-heading-title elementor-size-large\">Weekend wsp\u00f3lnotowy,\n25 I 1981 r.<\/p>\t\t\t\t<\/div>\n\t\t\t\t<\/div>\n\t\t\t\t\t<\/div>\n\t\t<\/div>\n\t\t\t\t\t<\/div>\n\t\t<\/section>\n\t\t\t\t<section class=\"elementor-section elementor-top-section elementor-element elementor-element-42892eb8 elementor-section-boxed elementor-section-height-default elementor-section-height-default\" data-id=\"42892eb8\" data-element_type=\"section\" data-e-type=\"section\">\n\t\t\t\t\t\t<div class=\"elementor-container elementor-column-gap-default\">\n\t\t\t\t\t<div class=\"elementor-column elementor-col-100 elementor-top-column elementor-element elementor-element-33a8893e\" data-id=\"33a8893e\" data-element_type=\"column\" data-e-type=\"column\">\n\t\t\t<div class=\"elementor-widget-wrap elementor-element-populated\">\n\t\t\t\t\t\t<div class=\"elementor-element elementor-element-4df5b365 elementor-widget elementor-widget-text-editor\" data-id=\"4df5b365\" data-element_type=\"widget\" data-e-type=\"widget\" data-widget_type=\"text-editor.default\">\n\t\t\t\t<div class=\"elementor-widget-container\">\n\t\t\t\t\t\t\t\t\tTrzeba mi\u0142owa\u0107 mi\u0142o\u015bci\u0105 mi\u0142osiern\u0105. Dlatego pro\u015bcie o ni\u0105 Pana, a otrzymacie. Nape\u0142niamy si\u0119 ni\u0105, do\u015bwiadczamy jej na adoracji. Je\u015bli nie pomodlisz si\u0119 przed wa\u017cnym spotkaniem [&#8230;], zrobisz potem jakie\u015b g\u0142upstwo i (powiesz) dok\u0142adnie to, czego nie powiniene\u015b m\u00f3wi\u0107. Je\u015bli jednak naprawd\u0119 si\u0119 modli\u0142e\u015b, Pan b\u0119dzie m\u00f3wi\u0142 przez ciebie, cho\u0107 nie b\u0119dziesz o tym wiedzia\u0142.\t\t\t\t\t\t\t\t\t<\/div>\n\t\t\t\t<\/div>\n\t\t\t\t<div class=\"elementor-element elementor-element-2c0c4801 sourcecitation elementor-widget elementor-widget-heading\" data-id=\"2c0c4801\" data-element_type=\"widget\" data-e-type=\"widget\" data-widget_type=\"heading.default\">\n\t\t\t\t<div class=\"elementor-widget-container\">\n\t\t\t\t\t<p class=\"elementor-heading-title elementor-size-large\">Sesja w Paray \n09-21 VII 1977 r. \n \u00ab Od grupy modlitewnej do wsp\u00f3lnoty \u00bb<\/p>\t\t\t\t<\/div>\n\t\t\t\t<\/div>\n\t\t\t\t\t<\/div>\n\t\t<\/div>\n\t\t\t\t\t<\/div>\n\t\t<\/section>\n\t\t\t\t<section class=\"elementor-section elementor-top-section elementor-element elementor-element-c0e0c48 elementor-section-boxed elementor-section-height-default elementor-section-height-default\" data-id=\"c0e0c48\" data-element_type=\"section\" data-e-type=\"section\">\n\t\t\t\t\t\t<div class=\"elementor-container elementor-column-gap-default\">\n\t\t\t\t\t<div class=\"elementor-column elementor-col-100 elementor-top-column elementor-element elementor-element-efb120d\" data-id=\"efb120d\" data-element_type=\"column\" data-e-type=\"column\">\n\t\t\t<div class=\"elementor-widget-wrap elementor-element-populated\">\n\t\t\t\t\t\t<div class=\"elementor-element elementor-element-4ec7254 citationserif elementor-widget elementor-widget-heading\" data-id=\"4ec7254\" data-element_type=\"widget\" data-e-type=\"widget\" data-settings=\"{&quot;_animation&quot;:&quot;none&quot;}\" data-widget_type=\"heading.default\">\n\t\t\t\t<div class=\"elementor-widget-container\">\n\t\t\t\t\t<h4 class=\"elementor-heading-title elementor-size-medium\">Gniazda oporu<\/h4>\t\t\t\t<\/div>\n\t\t\t\t<\/div>\n\t\t\t\t\t<\/div>\n\t\t<\/div>\n\t\t\t\t\t<\/div>\n\t\t<\/section>\n\t\t\t\t<section class=\"elementor-section elementor-top-section elementor-element elementor-element-375c4b19 elementor-section-boxed elementor-section-height-default elementor-section-height-default\" data-id=\"375c4b19\" data-element_type=\"section\" data-e-type=\"section\">\n\t\t\t\t\t\t<div class=\"elementor-container elementor-column-gap-default\">\n\t\t\t\t\t<div class=\"elementor-column elementor-col-100 elementor-top-column elementor-element elementor-element-5b03668e\" data-id=\"5b03668e\" data-element_type=\"column\" data-e-type=\"column\">\n\t\t\t<div class=\"elementor-widget-wrap elementor-element-populated\">\n\t\t\t\t\t\t<div class=\"elementor-element elementor-element-13cfcc98 elementor-widget elementor-widget-text-editor\" data-id=\"13cfcc98\" data-element_type=\"widget\" data-e-type=\"widget\" data-widget_type=\"text-editor.default\">\n\t\t\t\t<div class=\"elementor-widget-container\">\n\t\t\t\t\t\t\t\t\tDiabe\u0142 zdo\u0142a\u0142 opanowa\u0107 miasto i pozosta\u0142y w nim tylko gniazda oporu. S\u0105 to miejsca adoracji Naj\u015bwi\u0119tszego Sakramentu.\t\t\t\t\t\t\t\t\t<\/div>\n\t\t\t\t<\/div>\n\t\t\t\t<div class=\"elementor-element elementor-element-40f7bd43 sourcecitation elementor-widget elementor-widget-heading\" data-id=\"40f7bd43\" data-element_type=\"widget\" data-e-type=\"widget\" data-widget_type=\"heading.default\">\n\t\t\t\t<div class=\"elementor-widget-container\">\n\t\t\t\t\t<p class=\"elementor-heading-title elementor-size-large\">Weekend wsp\u00f3lnotowy,\n30-31 V 1981 r.<\/p>\t\t\t\t<\/div>\n\t\t\t\t<\/div>\n\t\t\t\t\t<\/div>\n\t\t<\/div>\n\t\t\t\t\t<\/div>\n\t\t<\/section>\n\t\t\t\t<section class=\"elementor-section elementor-top-section elementor-element elementor-element-2ac26001 elementor-section-boxed elementor-section-height-default elementor-section-height-default\" data-id=\"2ac26001\" data-element_type=\"section\" data-e-type=\"section\">\n\t\t\t\t\t\t<div class=\"elementor-container elementor-column-gap-default\">\n\t\t\t\t\t<div class=\"elementor-column elementor-col-100 elementor-top-column elementor-element elementor-element-695ca1e3\" data-id=\"695ca1e3\" data-element_type=\"column\" data-e-type=\"column\">\n\t\t\t<div class=\"elementor-widget-wrap elementor-element-populated\">\n\t\t\t\t\t\t<div class=\"elementor-element elementor-element-3b4c8d96 elementor-widget elementor-widget-text-editor\" data-id=\"3b4c8d96\" data-element_type=\"widget\" data-e-type=\"widget\" data-widget_type=\"text-editor.default\">\n\t\t\t\t<div class=\"elementor-widget-container\">\n\t\t\t\t\t\t\t\t\tW sytuacji dramatycznego zagro\u017cenia \u015bwiata, Piotr Goursat wierzy\u0142, \u017ce grupy zjednoczone w Duchu \u015awi\u0119tym b\u0119d\u0105 stanowi\u0142y &#8220;gniazda oporu&#8221;. Gniazdami oporu s\u0105 miejsca adoracji Naj\u015bwi\u0119tszego Sakramentu. Skupieni tam ludzie przenikaj\u0105 potem do miasta, s\u0105 jak &#8220;granaty mi\u0142o\u015bci&#8221;, kt\u00f3re wybuchaj\u0105 we w\u0142a\u015bciwych miejscach! To rewolucja mi\u0142o\u015bci. I, jak m\u00f3wi\u0142 Piotr, \u201ejeste\u015bmy wsz\u0119dzie: jeste\u015bmy tam z Jezusem\u201d.\t\t\t\t\t\t\t\t\t<\/div>\n\t\t\t\t<\/div>\n\t\t\t\t<div class=\"elementor-element elementor-element-4a46ad2b sourcecitation elementor-widget elementor-widget-heading\" data-id=\"4a46ad2b\" data-element_type=\"widget\" data-e-type=\"widget\" data-widget_type=\"heading.default\">\n\t\t\t\t<div class=\"elementor-widget-container\">\n\t\t\t\t\t<p class=\"elementor-heading-title elementor-size-large\">Rekolekcje Bractwa Jezusowego,\n 30-31 XII 1977 r.<\/p>\t\t\t\t<\/div>\n\t\t\t\t<\/div>\n\t\t\t\t\t<\/div>\n\t\t<\/div>\n\t\t\t\t\t<\/div>\n\t\t<\/section>\n\t\t\t\t<section class=\"elementor-section elementor-top-section elementor-element elementor-element-336c9a85 elementor-section-boxed elementor-section-height-default elementor-section-height-default\" data-id=\"336c9a85\" data-element_type=\"section\" data-e-type=\"section\">\n\t\t\t\t\t\t<div class=\"elementor-container elementor-column-gap-default\">\n\t\t\t\t\t<div class=\"elementor-column elementor-col-100 elementor-top-column elementor-element elementor-element-3aab32ba\" data-id=\"3aab32ba\" data-element_type=\"column\" data-e-type=\"column\">\n\t\t\t<div class=\"elementor-widget-wrap elementor-element-populated\">\n\t\t\t\t\t\t<div class=\"elementor-element elementor-element-188109f citationserif elementor-widget elementor-widget-heading\" data-id=\"188109f\" data-element_type=\"widget\" data-e-type=\"widget\" data-settings=\"{&quot;_animation&quot;:&quot;none&quot;}\" data-widget_type=\"heading.default\">\n\t\t\t\t<div class=\"elementor-widget-container\">\n\t\t\t\t\t<h4 class=\"elementor-heading-title elementor-size-medium\">Si\u0142a\/ Oddanie siebie<\/h4>\t\t\t\t<\/div>\n\t\t\t\t<\/div>\n\t\t\t\t\t<\/div>\n\t\t<\/div>\n\t\t\t\t\t<\/div>\n\t\t<\/section>\n\t\t\t\t<section class=\"elementor-section elementor-top-section elementor-element elementor-element-2334d89b elementor-section-boxed elementor-section-height-default elementor-section-height-default\" data-id=\"2334d89b\" data-element_type=\"section\" data-e-type=\"section\">\n\t\t\t\t\t\t<div class=\"elementor-container elementor-column-gap-default\">\n\t\t\t\t\t<div class=\"elementor-column elementor-col-100 elementor-top-column elementor-element elementor-element-6077b678\" data-id=\"6077b678\" data-element_type=\"column\" data-e-type=\"column\">\n\t\t\t<div class=\"elementor-widget-wrap elementor-element-populated\">\n\t\t\t\t\t\t<div class=\"elementor-element elementor-element-3006a1d elementor-widget elementor-widget-text-editor\" data-id=\"3006a1d\" data-element_type=\"widget\" data-e-type=\"widget\" data-widget_type=\"text-editor.default\">\n\t\t\t\t<div class=\"elementor-widget-container\">\n\t\t\t\t\t\t\t\t\tNa adoracji Eucharystycznej naprawd\u0119 odnajdujemy rado\u015b\u0107, st\u0105d bierze si\u0119 nasza si\u0142a. I to nas wyr\u00f3\u017cnia, po tym nas rozpoznaj\u0105; [to tam] trwamy naprawd\u0119 w Sercu Pana.\t\t\t\t\t\t\t\t\t<\/div>\n\t\t\t\t<\/div>\n\t\t\t\t<div class=\"elementor-element elementor-element-57c77f81 sourcecitation elementor-widget elementor-widget-heading\" data-id=\"57c77f81\" data-element_type=\"widget\" data-e-type=\"widget\" data-widget_type=\"heading.default\">\n\t\t\t\t<div class=\"elementor-widget-container\">\n\t\t\t\t\t<p class=\"elementor-heading-title elementor-size-large\">Rekolekcje Bractwa Jezusowego VIII 1979 r. Pierwsze nauczanie<\/p>\t\t\t\t<\/div>\n\t\t\t\t<\/div>\n\t\t\t\t\t<\/div>\n\t\t<\/div>\n\t\t\t\t\t<\/div>\n\t\t<\/section>\n\t\t\t\t<section class=\"elementor-section elementor-top-section elementor-element elementor-element-7f6bf3f1 elementor-section-boxed elementor-section-height-default elementor-section-height-default\" data-id=\"7f6bf3f1\" data-element_type=\"section\" data-e-type=\"section\">\n\t\t\t\t\t\t<div class=\"elementor-container elementor-column-gap-default\">\n\t\t\t\t\t<div class=\"elementor-column elementor-col-100 elementor-top-column elementor-element elementor-element-15ceab6\" data-id=\"15ceab6\" data-element_type=\"column\" data-e-type=\"column\">\n\t\t\t<div class=\"elementor-widget-wrap elementor-element-populated\">\n\t\t\t\t\t\t<div class=\"elementor-element elementor-element-6e9d0538 elementor-widget elementor-widget-text-editor\" data-id=\"6e9d0538\" data-element_type=\"widget\" data-e-type=\"widget\" data-widget_type=\"text-editor.default\">\n\t\t\t\t<div class=\"elementor-widget-container\">\n\t\t\t\t\t\t\t\t\tJeste\u015bmy tu razem i m\u00f3wimy: \u201ePanie, tracimy te p\u00f3\u0142 godziny, by by\u0107 z Tob\u0105 wszyscy razem, poniewa\u017c wierzymy, \u017ce jeste\u015b Bogiem pe\u0142nym chwa\u0142y, Bogiem mi\u0142o\u015bci. I chcemy Ci\u0119 wys\u0142awia\u0107, cho\u0107 \u015bwiat si\u0119 do Ciebie nie zwraca w modlitwie, pozostaje ca\u0142kowicie pogr\u0105\u017cony w ciemno\u015bciach. Dlatego si\u0119 modlimy\u201d. I to ma ogromn\u0105 moc.\t\t\t\t\t\t\t\t\t<\/div>\n\t\t\t\t<\/div>\n\t\t\t\t<div class=\"elementor-element elementor-element-46ef4bac sourcecitation elementor-widget elementor-widget-heading\" data-id=\"46ef4bac\" data-element_type=\"widget\" data-e-type=\"widget\" data-widget_type=\"heading.default\">\n\t\t\t\t<div class=\"elementor-widget-container\">\n\t\t\t\t\t<p class=\"elementor-heading-title elementor-size-large\">Weekend wsp\u00f3lnotowy,\n21 VI 1981 r.<\/p>\t\t\t\t<\/div>\n\t\t\t\t<\/div>\n\t\t\t\t\t<\/div>\n\t\t<\/div>\n\t\t\t\t\t<\/div>\n\t\t<\/section>\n\t\t\t\t<section class=\"elementor-section elementor-top-section elementor-element elementor-element-c639b57 animated-slow elementor-section-boxed elementor-section-height-default elementor-section-height-default elementor-invisible\" data-id=\"c639b57\" data-element_type=\"section\" data-e-type=\"section\" data-settings=\"{&quot;animation&quot;:&quot;fadeIn&quot;}\">\n\t\t\t\t\t\t<div class=\"elementor-container elementor-column-gap-default\">\n\t\t\t\t\t<div class=\"elementor-column elementor-col-100 elementor-top-column elementor-element elementor-element-68416ef\" data-id=\"68416ef\" data-element_type=\"column\" data-e-type=\"column\">\n\t\t\t<div class=\"elementor-widget-wrap elementor-element-populated\">\n\t\t\t\t\t\t<div class=\"elementor-element elementor-element-550c65f citationserif elementor-invisible elementor-widget elementor-widget-heading\" data-id=\"550c65f\" data-element_type=\"widget\" data-e-type=\"widget\" data-settings=\"{&quot;_animation&quot;:&quot;fadeIn&quot;}\" data-widget_type=\"heading.default\">\n\t\t\t\t<div class=\"elementor-widget-container\">\n\t\t\t\t\t<h3 class=\"elementor-heading-title elementor-size-default\">\u017by\u0142em adoracj\u0105 i kontemplowa\u0142em Pana i Jego Naj\u015bwi\u0119tsze <br \/>Serce podczas adoracji eucharystycznej.\t<\/h3>\t\t\t\t<\/div>\n\t\t\t\t<\/div>\n\t\t\t\t<div class=\"elementor-element elementor-element-25df0e3 sourcecitation elementor-widget elementor-widget-heading\" data-id=\"25df0e3\" data-element_type=\"widget\" data-e-type=\"widget\" data-widget_type=\"heading.default\">\n\t\t\t\t<div class=\"elementor-widget-container\">\n\t\t\t\t\t<p class=\"elementor-heading-title elementor-size-large\">Wywiad (przeprowadzili Jean-Marc i Fran\u00e7ou Morin w Saint-Maurice)\n 5-8 VIII 1988 r.<\/p>\t\t\t\t<\/div>\n\t\t\t\t<\/div>\n\t\t\t\t\t<\/div>\n\t\t<\/div>\n\t\t\t\t\t<\/div>\n\t\t<\/section>\n\t\t\t\t<section class=\"elementor-section elementor-top-section elementor-element elementor-element-63756842 elementor-section-boxed elementor-section-height-default elementor-section-height-default\" data-id=\"63756842\" data-element_type=\"section\" data-e-type=\"section\">\n\t\t\t\t\t\t<div class=\"elementor-container elementor-column-gap-default\">\n\t\t\t\t\t<div class=\"elementor-column elementor-col-100 elementor-top-column elementor-element elementor-element-61a9c0eb\" data-id=\"61a9c0eb\" data-element_type=\"column\" data-e-type=\"column\">\n\t\t\t<div class=\"elementor-widget-wrap elementor-element-populated\">\n\t\t\t\t\t\t<div class=\"elementor-element elementor-element-3e54ba71 elementor-widget elementor-widget-text-editor\" data-id=\"3e54ba71\" data-element_type=\"widget\" data-e-type=\"widget\" data-widget_type=\"text-editor.default\">\n\t\t\t\t<div class=\"elementor-widget-container\">\n\t\t\t\t\t\t\t\t\tTo bardzo wa\u017cne, by\u015bmy przyjmowali \u0142aski Pana z rado\u015bci\u0105, jak ma\u0142e dzieci. Wszystko jest nam dane [&#8230;], wszystko jest dane przez Ojca w wielkiej rado\u015bci. Naprawd\u0119 nie mog\u0119 powiedzie\u0107 nic wi\u0119cej: to jest po prostu fantastyczne! Naprawd\u0119 w to uwierzcie. To nie s\u0105 wymys\u0142y, ale rzeczywisto\u015b\u0107. Jest to bardzo wa\u017cne dla naszych czas\u00f3w. Nie tylko dla naszego &#8220;wieczernika&#8221;. Bo kiedy Jezus m\u00f3wi: &#8220;Przychodz\u0119 do was z darem rado\u015bci&#8221;, m\u00f3wi te\u017c: &#8220;Przychodz\u0119 do was z moc\u0105&#8221;. On daje nam swoj\u0105 si\u0142\u0119. Nie chodzi tu o jakie\u015b wzruszenia, ale o Jego moc. \u201eBo jak \u015bmier\u0107 pot\u0119\u017cna jest Mi\u0142o\u015b\u0107\u201d.\t\t\t\t\t\t\t\t<\/div>\n\t\t\t\t<\/div>\n\t\t\t\t<div class=\"elementor-element elementor-element-1f9e9b8c sourcecitation elementor-widget elementor-widget-heading\" data-id=\"1f9e9b8c\" data-element_type=\"widget\" data-e-type=\"widget\" data-widget_type=\"heading.default\">\n\t\t\t\t<div class=\"elementor-widget-container\">\n\t\t\t\t\t<p class=\"elementor-heading-title elementor-size-large\">Rekolekcje Bractwa Jezusowego \n27 VII 1986 r.<\/p>\t\t\t\t<\/div>\n\t\t\t\t<\/div>\n\t\t\t\t\t<\/div>\n\t\t<\/div>\n\t\t\t\t\t<\/div>\n\t\t<\/section>\n\t\t\t\t<section class=\"elementor-section elementor-top-section elementor-element elementor-element-a9fcf6e elementor-section-boxed elementor-section-height-default elementor-section-height-default\" data-id=\"a9fcf6e\" data-element_type=\"section\" data-e-type=\"section\">\n\t\t\t\t\t\t<div class=\"elementor-container elementor-column-gap-default\">\n\t\t\t\t\t<div class=\"elementor-column elementor-col-100 elementor-top-column elementor-element elementor-element-6c630376\" data-id=\"6c630376\" data-element_type=\"column\" data-e-type=\"column\">\n\t\t\t<div class=\"elementor-widget-wrap elementor-element-populated\">\n\t\t\t\t\t\t<div class=\"elementor-element elementor-element-5e41f97 elementor-widget elementor-widget-text-editor\" data-id=\"5e41f97\" data-element_type=\"widget\" data-e-type=\"widget\" data-widget_type=\"text-editor.default\">\n\t\t\t\t<div class=\"elementor-widget-container\">\n\t\t\t\t\t\t\t\t\tPrzetrwamy tylko dzi\u0119ki kontemplacji, adoracji eucharystycznej. Wszystkie zgromadzenia zakonne, kt\u00f3re wywar\u0142y istotny wp\u0142yw, stawia\u0142y w centrum Eucharysti\u0119, adoracj\u0119 oraz pos\u0142usze\u0144stwo papie\u017cowi i Maryi.\t\t\t\t\t\t\t\t\t<\/div>\n\t\t\t\t<\/div>\n\t\t\t\t<div class=\"elementor-element elementor-element-5ead72df sourcecitation elementor-widget elementor-widget-heading\" data-id=\"5ead72df\" data-element_type=\"widget\" data-e-type=\"widget\" data-widget_type=\"heading.default\">\n\t\t\t\t<div class=\"elementor-widget-container\">\n\t\t\t\t\t<p class=\"elementor-heading-title elementor-size-large\">Notatka odr\u0119czna<\/p>\t\t\t\t<\/div>\n\t\t\t\t<\/div>\n\t\t\t\t\t<\/div>\n\t\t<\/div>\n\t\t\t\t\t<\/div>\n\t\t<\/section>\n\t\t\t\t<section class=\"elementor-section elementor-top-section elementor-element elementor-element-5dc2e5f elementor-section-boxed elementor-section-height-default elementor-section-height-default\" data-id=\"5dc2e5f\" data-element_type=\"section\" data-e-type=\"section\">\n\t\t\t\t\t\t<div class=\"elementor-container elementor-column-gap-default\">\n\t\t\t\t\t<div class=\"elementor-column elementor-col-100 elementor-top-column elementor-element elementor-element-6fce1c19\" data-id=\"6fce1c19\" data-element_type=\"column\" data-e-type=\"column\">\n\t\t\t<div class=\"elementor-widget-wrap elementor-element-populated\">\n\t\t\t\t\t\t<div class=\"elementor-element elementor-element-7b499f3d elementor-widget elementor-widget-text-editor\" data-id=\"7b499f3d\" data-element_type=\"widget\" data-e-type=\"widget\" data-widget_type=\"text-editor.default\">\n\t\t\t\t<div class=\"elementor-widget-container\">\n\t\t\t\t\t\t\t\t\tI wiemy, \u017ce to nie my wykonujemy t\u0119 prac\u0119. Jeste\u015bmy tam po to, by si\u0119 wyciszy\u0107, spokojnie s\u0142ucha\u0107, a nie po to, by si\u0119 napina\u0107! Wi\u0119c nie napinamy si\u0119, a potem zasypiamy. Tak, zasypiamy! Jest to najlepszy moment, kiedy On mo\u017ce si\u0119 nami zaj\u0105\u0107, nie przeszkadzamy Mu, dzi\u0119ki czemu On mo\u017ce w nas czyni\u0107, co chce.\t\t\t\t\t\t\t\t\t<\/div>\n\t\t\t\t<\/div>\n\t\t\t\t<div class=\"elementor-element elementor-element-f201a5b sourcecitation elementor-widget elementor-widget-heading\" data-id=\"f201a5b\" data-element_type=\"widget\" data-e-type=\"widget\" data-widget_type=\"heading.default\">\n\t\t\t\t<div class=\"elementor-widget-container\">\n\t\t\t\t\t<p class=\"elementor-heading-title elementor-size-large\">Weekend wsp\u00f3lnotowy,\n1 IV 1979 r.<\/p>\t\t\t\t<\/div>\n\t\t\t\t<\/div>\n\t\t\t\t\t<\/div>\n\t\t<\/div>\n\t\t\t\t\t<\/div>\n\t\t<\/section>\n\t\t\t\t<section class=\"elementor-section elementor-top-section elementor-element elementor-element-4aeaf63 animated-slow elementor-section-boxed elementor-section-height-default elementor-section-height-default elementor-invisible\" data-id=\"4aeaf63\" data-element_type=\"section\" data-e-type=\"section\" data-settings=\"{&quot;animation&quot;:&quot;fadeIn&quot;}\">\n\t\t\t\t\t\t<div class=\"elementor-container elementor-column-gap-default\">\n\t\t\t\t\t<div class=\"elementor-column elementor-col-100 elementor-top-column elementor-element elementor-element-62d4596\" data-id=\"62d4596\" data-element_type=\"column\" data-e-type=\"column\">\n\t\t\t<div class=\"elementor-widget-wrap elementor-element-populated\">\n\t\t\t\t\t\t<div class=\"elementor-element elementor-element-19ddc66 citationserif elementor-invisible elementor-widget elementor-widget-heading\" data-id=\"19ddc66\" data-element_type=\"widget\" data-e-type=\"widget\" data-settings=\"{&quot;_animation&quot;:&quot;fadeIn&quot;}\" data-widget_type=\"heading.default\">\n\t\t\t\t<div class=\"elementor-widget-container\">\n\t\t\t\t\t<h3 class=\"elementor-heading-title elementor-size-default\">Przewidywali\u015bmy, \u017ce Paray-le-Monial <br \/>stanie si\u0119 stolic\u0105 modlitwy i adoracji.\t<\/h3>\t\t\t\t<\/div>\n\t\t\t\t<\/div>\n\t\t\t\t<div class=\"elementor-element elementor-element-f1595d1 sourcecitation elementor-widget elementor-widget-heading\" data-id=\"f1595d1\" data-element_type=\"widget\" data-e-type=\"widget\" data-widget_type=\"heading.default\">\n\t\t\t\t<div class=\"elementor-widget-container\">\n\t\t\t\t\t<p class=\"elementor-heading-title elementor-size-large\">Weekend wsp\u00f3lnotowy,\n25 IX 1983 r.<\/p>\t\t\t\t<\/div>\n\t\t\t\t<\/div>\n\t\t\t\t\t<\/div>\n\t\t<\/div>\n\t\t\t\t\t<\/div>\n\t\t<\/section>\n\t\t\t\t<section class=\"elementor-section elementor-top-section elementor-element elementor-element-564c1100 elementor-section-boxed elementor-section-height-default elementor-section-height-default\" data-id=\"564c1100\" data-element_type=\"section\" data-e-type=\"section\">\n\t\t\t\t\t\t<div class=\"elementor-container elementor-column-gap-default\">\n\t\t\t\t\t<div class=\"elementor-column elementor-col-100 elementor-top-column elementor-element elementor-element-29d31b1d\" data-id=\"29d31b1d\" data-element_type=\"column\" data-e-type=\"column\">\n\t\t\t<div class=\"elementor-widget-wrap elementor-element-populated\">\n\t\t\t\t\t\t<div class=\"elementor-element elementor-element-52deed77 elementor-widget elementor-widget-text-editor\" data-id=\"52deed77\" data-element_type=\"widget\" data-e-type=\"widget\" data-widget_type=\"text-editor.default\">\n\t\t\t\t<div class=\"elementor-widget-container\">\n\t\t\t\t\t\t\t\t\tTak wi\u0119c (adoracja) nie jest ucieczka, to naprawd\u0119 najwa\u017cniejsze z tego, co mamy zrobi\u0107: zanurzy\u0107 si\u0119 w mi\u0142o\u015bci Pana, w skupieniu, i s\u0142ucha\u0107 Go. W\u00f3wczas wszystkie struktury, s\u0142u\u017cby zostaj\u0105 uporz\u0105dkowane, zajmuj\u0105 w\u0142a\u015bciwe miejsce.\t\t\t\t\t\t\t\t\t<\/div>\n\t\t\t\t<\/div>\n\t\t\t\t<div class=\"elementor-element elementor-element-456d9224 sourcecitation elementor-widget elementor-widget-heading\" data-id=\"456d9224\" data-element_type=\"widget\" data-e-type=\"widget\" data-widget_type=\"heading.default\">\n\t\t\t\t<div class=\"elementor-widget-container\">\n\t\t\t\t\t<p class=\"elementor-heading-title elementor-size-large\">Rekolekcje Bractwa Jezusowego, \nVIII 1979 r. Drugie nauczanie<\/p>\t\t\t\t<\/div>\n\t\t\t\t<\/div>\n\t\t\t\t\t<\/div>\n\t\t<\/div>\n\t\t\t\t\t<\/div>\n\t\t<\/section>\n\t\t\t\t<section class=\"elementor-section elementor-top-section elementor-element elementor-element-69deaed0 elementor-section-boxed elementor-section-height-default elementor-section-height-default\" data-id=\"69deaed0\" data-element_type=\"section\" data-e-type=\"section\">\n\t\t\t\t\t\t<div class=\"elementor-container elementor-column-gap-default\">\n\t\t\t\t\t<div class=\"elementor-column elementor-col-100 elementor-top-column elementor-element elementor-element-3a4a4dae\" data-id=\"3a4a4dae\" data-element_type=\"column\" data-e-type=\"column\">\n\t\t\t<div class=\"elementor-widget-wrap elementor-element-populated\">\n\t\t\t\t\t\t<div class=\"elementor-element elementor-element-30db3d1c elementor-widget elementor-widget-spacer\" data-id=\"30db3d1c\" data-element_type=\"widget\" data-e-type=\"widget\" data-widget_type=\"spacer.default\">\n\t\t\t\t<div class=\"elementor-widget-container\">\n\t\t\t\t\t\t\t<div class=\"elementor-spacer\">\n\t\t\t<div class=\"elementor-spacer-inner\"><\/div>\n\t\t<\/div>\n\t\t\t\t\t\t<\/div>\n\t\t\t\t<\/div>\n\t\t\t\t\t<\/div>\n\t\t<\/div>\n\t\t\t\t\t<\/div>\n\t\t<\/section>\n\t\t\t\t<\/div>\n\t\t","protected":false},"excerpt":{"rendered":"<p>p\u0142on\u0105\u0107 mi\u0142o\u015bci\u0105 Kilka s\u0142\u00f3w Piotra o modlitwie Ogie\u0144 Wystarczy jedno miejsce, gdzie kto\u015b kocha Jezusa, by ludzie natychmiast tam si\u0119 zbiegli [&#8230;]. Serce cz\u0142owieka jest stworzone do tego, by p\u0142on\u0105\u0107. Zapalajcie wsz\u0119dzie ma\u0142e p\u0142omyki, a zobaczycie, jak wielki b\u0119dzie z nich ogie\u0144. Ale trzeba naprawd\u0119 mie\u0107 w sobie t\u0119 mi\u0142o\u015b\u0107. Adorujcie Go, adorujcie, adorujcie. Rekolekcje [&hellip;]<\/p>\n","protected":false},"author":1,"featured_media":0,"parent":4060,"menu_order":0,"comment_status":"closed","ping_status":"closed","template":"","meta":{"_acf_changed":false,"footnotes":""},"class_list":["post-18809","page","type-page","status-publish","hentry"],"acf":[],"yoast_head":"<!-- This site is optimized with the Yoast SEO plugin v27.4 - https:\/\/yoast.com\/product\/yoast-seo-wordpress\/ -->\n<title>Kilka s\u0142\u00f3w Piotra o modlitwie<\/title>\n<meta name=\"robots\" content=\"index, follow, max-snippet:-1, max-image-preview:large, max-video-preview:-1\" \/>\n<link rel=\"canonical\" href=\"https:\/\/www.pierregoursat.com\/pl\/temat\/temat-modlitwa\/kilka-slow-piotra-o-modlitwie\/\" \/>\n<meta property=\"og:locale\" content=\"pl_PL\" \/>\n<meta property=\"og:type\" content=\"article\" \/>\n<meta property=\"og:title\" content=\"Kilka s\u0142\u00f3w Piotra o modlitwie\" \/>\n<meta property=\"og:description\" content=\"p\u0142on\u0105\u0107 mi\u0142o\u015bci\u0105 Kilka s\u0142\u00f3w Piotra o modlitwie Ogie\u0144 Wystarczy jedno miejsce, gdzie kto\u015b kocha Jezusa, by ludzie natychmiast tam si\u0119 zbiegli [&#8230;]. Serce cz\u0142owieka jest stworzone do tego, by p\u0142on\u0105\u0107. Zapalajcie wsz\u0119dzie ma\u0142e p\u0142omyki, a zobaczycie, jak wielki b\u0119dzie z nich ogie\u0144. Ale trzeba naprawd\u0119 mie\u0107 w sobie t\u0119 mi\u0142o\u015b\u0107. Adorujcie Go, adorujcie, adorujcie. Rekolekcje [&hellip;]\" \/>\n<meta property=\"og:url\" content=\"https:\/\/www.pierregoursat.com\/pl\/temat\/temat-modlitwa\/kilka-slow-piotra-o-modlitwie\/\" \/>\n<meta property=\"og:site_name\" content=\"Pierre Goursat et Ses Fr\u00e8res et Soeurs\" \/>\n<meta property=\"article:modified_time\" content=\"2022-09-29T10:00:41+00:00\" \/>\n<meta name=\"twitter:card\" content=\"summary_large_image\" \/>\n<meta name=\"twitter:label1\" content=\"Szacowany czas czytania\" \/>\n\t<meta name=\"twitter:data1\" content=\"19 minut\" \/>\n<script type=\"application\/ld+json\" class=\"yoast-schema-graph\">{\"@context\":\"https:\\\/\\\/schema.org\",\"@graph\":[{\"@type\":\"WebPage\",\"@id\":\"https:\\\/\\\/www.pierregoursat.com\\\/pl\\\/temat\\\/temat-modlitwa\\\/kilka-slow-piotra-o-modlitwie\\\/\",\"url\":\"https:\\\/\\\/www.pierregoursat.com\\\/pl\\\/temat\\\/temat-modlitwa\\\/kilka-slow-piotra-o-modlitwie\\\/\",\"name\":\"Kilka s\u0142\u00f3w Piotra o modlitwie\",\"isPartOf\":{\"@id\":\"https:\\\/\\\/www.pierregoursat.com\\\/#website\"},\"datePublished\":\"2021-07-01T13:57:10+00:00\",\"dateModified\":\"2022-09-29T10:00:41+00:00\",\"breadcrumb\":{\"@id\":\"https:\\\/\\\/www.pierregoursat.com\\\/pl\\\/temat\\\/temat-modlitwa\\\/kilka-slow-piotra-o-modlitwie\\\/#breadcrumb\"},\"inLanguage\":\"pl-PL\",\"potentialAction\":[{\"@type\":\"ReadAction\",\"target\":[\"https:\\\/\\\/www.pierregoursat.com\\\/pl\\\/temat\\\/temat-modlitwa\\\/kilka-slow-piotra-o-modlitwie\\\/\"]}]},{\"@type\":\"BreadcrumbList\",\"@id\":\"https:\\\/\\\/www.pierregoursat.com\\\/pl\\\/temat\\\/temat-modlitwa\\\/kilka-slow-piotra-o-modlitwie\\\/#breadcrumb\",\"itemListElement\":[{\"@type\":\"ListItem\",\"position\":1,\"name\":\"Accueil\",\"item\":\"https:\\\/\\\/www.pierregoursat.com\\\/pl\\\/\"},{\"@type\":\"ListItem\",\"position\":2,\"name\":\"Temat\",\"item\":\"https:\\\/\\\/www.pierregoursat.com\\\/pl\\\/temat\\\/\"},{\"@type\":\"ListItem\",\"position\":3,\"name\":\"P\u0142on\u0105\u0107 mi\u0142o\u015bci\u0105\",\"item\":\"https:\\\/\\\/www.pierregoursat.com\\\/pl\\\/temat\\\/temat-modlitwa\\\/\"},{\"@type\":\"ListItem\",\"position\":4,\"name\":\"S\u0142owa Piotra\"}]},{\"@type\":\"WebSite\",\"@id\":\"https:\\\/\\\/www.pierregoursat.com\\\/#website\",\"url\":\"https:\\\/\\\/www.pierregoursat.com\\\/\",\"name\":\"Pierre Goursat et Ses Fr\u00e8res et Soeurs\",\"description\":\"Laissez vous transformer en plongeant au c\u0153ur de la gr\u00e2ce fondatrice de la communaut\u00e9 de l\u2019Emmanuel\",\"publisher\":{\"@id\":\"https:\\\/\\\/www.pierregoursat.com\\\/#organization\"},\"potentialAction\":[{\"@type\":\"SearchAction\",\"target\":{\"@type\":\"EntryPoint\",\"urlTemplate\":\"https:\\\/\\\/www.pierregoursat.com\\\/?s={search_term_string}\"},\"query-input\":{\"@type\":\"PropertyValueSpecification\",\"valueRequired\":true,\"valueName\":\"search_term_string\"}}],\"inLanguage\":\"pl-PL\"},{\"@type\":\"Organization\",\"@id\":\"https:\\\/\\\/www.pierregoursat.com\\\/#organization\",\"name\":\"Pierre Goursat, ses Fr\u00e8res et ses Soeurs\",\"url\":\"https:\\\/\\\/www.pierregoursat.com\\\/\",\"logo\":{\"@type\":\"ImageObject\",\"inLanguage\":\"pl-PL\",\"@id\":\"https:\\\/\\\/www.pierregoursat.com\\\/#\\\/schema\\\/logo\\\/image\\\/\",\"url\":\"https:\\\/\\\/www.pierregoursat.com\\\/images-pierre-goursatmedias\\\/2022\\\/02\\\/1200x800-Compassion.jpg\",\"contentUrl\":\"https:\\\/\\\/www.pierregoursat.com\\\/images-pierre-goursatmedias\\\/2022\\\/02\\\/1200x800-Compassion.jpg\",\"width\":1200,\"height\":800,\"caption\":\"Pierre Goursat, ses Fr\u00e8res et ses Soeurs\"},\"image\":{\"@id\":\"https:\\\/\\\/www.pierregoursat.com\\\/#\\\/schema\\\/logo\\\/image\\\/\"}}]}<\/script>\n<!-- \/ Yoast SEO plugin. -->","yoast_head_json":{"title":"Kilka s\u0142\u00f3w Piotra o modlitwie","robots":{"index":"index","follow":"follow","max-snippet":"max-snippet:-1","max-image-preview":"max-image-preview:large","max-video-preview":"max-video-preview:-1"},"canonical":"https:\/\/www.pierregoursat.com\/pl\/temat\/temat-modlitwa\/kilka-slow-piotra-o-modlitwie\/","og_locale":"pl_PL","og_type":"article","og_title":"Kilka s\u0142\u00f3w Piotra o modlitwie","og_description":"p\u0142on\u0105\u0107 mi\u0142o\u015bci\u0105 Kilka s\u0142\u00f3w Piotra o modlitwie Ogie\u0144 Wystarczy jedno miejsce, gdzie kto\u015b kocha Jezusa, by ludzie natychmiast tam si\u0119 zbiegli [&#8230;]. Serce cz\u0142owieka jest stworzone do tego, by p\u0142on\u0105\u0107. Zapalajcie wsz\u0119dzie ma\u0142e p\u0142omyki, a zobaczycie, jak wielki b\u0119dzie z nich ogie\u0144. Ale trzeba naprawd\u0119 mie\u0107 w sobie t\u0119 mi\u0142o\u015b\u0107. Adorujcie Go, adorujcie, adorujcie. Rekolekcje [&hellip;]","og_url":"https:\/\/www.pierregoursat.com\/pl\/temat\/temat-modlitwa\/kilka-slow-piotra-o-modlitwie\/","og_site_name":"Pierre Goursat et Ses Fr\u00e8res et Soeurs","article_modified_time":"2022-09-29T10:00:41+00:00","twitter_card":"summary_large_image","twitter_misc":{"Szacowany czas czytania":"19 minut"},"schema":{"@context":"https:\/\/schema.org","@graph":[{"@type":"WebPage","@id":"https:\/\/www.pierregoursat.com\/pl\/temat\/temat-modlitwa\/kilka-slow-piotra-o-modlitwie\/","url":"https:\/\/www.pierregoursat.com\/pl\/temat\/temat-modlitwa\/kilka-slow-piotra-o-modlitwie\/","name":"Kilka s\u0142\u00f3w Piotra o modlitwie","isPartOf":{"@id":"https:\/\/www.pierregoursat.com\/#website"},"datePublished":"2021-07-01T13:57:10+00:00","dateModified":"2022-09-29T10:00:41+00:00","breadcrumb":{"@id":"https:\/\/www.pierregoursat.com\/pl\/temat\/temat-modlitwa\/kilka-slow-piotra-o-modlitwie\/#breadcrumb"},"inLanguage":"pl-PL","potentialAction":[{"@type":"ReadAction","target":["https:\/\/www.pierregoursat.com\/pl\/temat\/temat-modlitwa\/kilka-slow-piotra-o-modlitwie\/"]}]},{"@type":"BreadcrumbList","@id":"https:\/\/www.pierregoursat.com\/pl\/temat\/temat-modlitwa\/kilka-slow-piotra-o-modlitwie\/#breadcrumb","itemListElement":[{"@type":"ListItem","position":1,"name":"Accueil","item":"https:\/\/www.pierregoursat.com\/pl\/"},{"@type":"ListItem","position":2,"name":"Temat","item":"https:\/\/www.pierregoursat.com\/pl\/temat\/"},{"@type":"ListItem","position":3,"name":"P\u0142on\u0105\u0107 mi\u0142o\u015bci\u0105","item":"https:\/\/www.pierregoursat.com\/pl\/temat\/temat-modlitwa\/"},{"@type":"ListItem","position":4,"name":"S\u0142owa Piotra"}]},{"@type":"WebSite","@id":"https:\/\/www.pierregoursat.com\/#website","url":"https:\/\/www.pierregoursat.com\/","name":"Pierre Goursat et Ses Fr\u00e8res et Soeurs","description":"Laissez vous transformer en plongeant au c\u0153ur de la gr\u00e2ce fondatrice de la communaut\u00e9 de l\u2019Emmanuel","publisher":{"@id":"https:\/\/www.pierregoursat.com\/#organization"},"potentialAction":[{"@type":"SearchAction","target":{"@type":"EntryPoint","urlTemplate":"https:\/\/www.pierregoursat.com\/?s={search_term_string}"},"query-input":{"@type":"PropertyValueSpecification","valueRequired":true,"valueName":"search_term_string"}}],"inLanguage":"pl-PL"},{"@type":"Organization","@id":"https:\/\/www.pierregoursat.com\/#organization","name":"Pierre Goursat, ses Fr\u00e8res et ses Soeurs","url":"https:\/\/www.pierregoursat.com\/","logo":{"@type":"ImageObject","inLanguage":"pl-PL","@id":"https:\/\/www.pierregoursat.com\/#\/schema\/logo\/image\/","url":"https:\/\/www.pierregoursat.com\/images-pierre-goursatmedias\/2022\/02\/1200x800-Compassion.jpg","contentUrl":"https:\/\/www.pierregoursat.com\/images-pierre-goursatmedias\/2022\/02\/1200x800-Compassion.jpg","width":1200,"height":800,"caption":"Pierre Goursat, ses Fr\u00e8res et ses Soeurs"},"image":{"@id":"https:\/\/www.pierregoursat.com\/#\/schema\/logo\/image\/"}}]}},"_links":{"self":[{"href":"https:\/\/www.pierregoursat.com\/pl\/wp-json\/wp\/v2\/pages\/18809","targetHints":{"allow":["GET"]}}],"collection":[{"href":"https:\/\/www.pierregoursat.com\/pl\/wp-json\/wp\/v2\/pages"}],"about":[{"href":"https:\/\/www.pierregoursat.com\/pl\/wp-json\/wp\/v2\/types\/page"}],"author":[{"embeddable":true,"href":"https:\/\/www.pierregoursat.com\/pl\/wp-json\/wp\/v2\/users\/1"}],"replies":[{"embeddable":true,"href":"https:\/\/www.pierregoursat.com\/pl\/wp-json\/wp\/v2\/comments?post=18809"}],"version-history":[{"count":0,"href":"https:\/\/www.pierregoursat.com\/pl\/wp-json\/wp\/v2\/pages\/18809\/revisions"}],"up":[{"embeddable":true,"href":"https:\/\/www.pierregoursat.com\/pl\/wp-json\/wp\/v2\/pages\/4060"}],"wp:attachment":[{"href":"https:\/\/www.pierregoursat.com\/pl\/wp-json\/wp\/v2\/media?parent=18809"}],"curies":[{"name":"wp","href":"https:\/\/api.w.org\/{rel}","templated":true}]}}