{"id":15856,"date":"2021-07-01T16:02:06","date_gmt":"2021-07-01T14:02:06","guid":{"rendered":"https:\/\/www.pierregoursat.com\/tema\/tema-cuore-gesu-maria\/paroles-de-pierre\/"},"modified":"2022-04-28T15:28:11","modified_gmt":"2022-04-28T13:28:11","slug":"qualche-parola-di-pierre-sul-cuore-di-gesu-e-di-maria","status":"publish","type":"page","link":"https:\/\/www.pierregoursat.com\/it\/tema\/tema-cuore-gesu-maria\/qualche-parola-di-pierre-sul-cuore-di-gesu-e-di-maria\/","title":{"rendered":"Parola di Pierre"},"content":{"rendered":"\t\t<div data-elementor-type=\"wp-page\" data-elementor-id=\"15856\" class=\"elementor elementor-15856\" data-elementor-post-type=\"page\">\n\t\t\t\t\t\t<section class=\"elementor-section elementor-top-section elementor-element elementor-element-657dc87 elementor-section-full_width elementor-hidden-tablet elementor-hidden-mobile elementor-section-height-default elementor-section-height-default\" data-id=\"657dc87\" data-element_type=\"section\" data-e-type=\"section\">\n\t\t\t\t\t\t<div class=\"elementor-container elementor-column-gap-default\">\n\t\t\t\t\t<div class=\"elementor-column elementor-col-100 elementor-top-column elementor-element elementor-element-77f72a1c\" data-id=\"77f72a1c\" data-element_type=\"column\" data-e-type=\"column\">\n\t\t\t<div class=\"elementor-widget-wrap elementor-element-populated\">\n\t\t\t\t\t\t<div class=\"elementor-element elementor-element-627b9d82 elementor-fixed elementor-widget elementor-widget-table-of-contents\" data-id=\"627b9d82\" data-element_type=\"widget\" data-e-type=\"widget\" data-settings=\"{&quot;headings_by_tags&quot;:[&quot;h4&quot;],&quot;exclude_headings_by_selector&quot;:[],&quot;marker_view&quot;:&quot;bullets&quot;,&quot;icon&quot;:{&quot;value&quot;:&quot;&quot;,&quot;library&quot;:&quot;&quot;},&quot;_position&quot;:&quot;fixed&quot;,&quot;no_headings_message&quot;:&quot;Non sono state trovate intestazioni in questa pagina.&quot;,&quot;min_height&quot;:{&quot;unit&quot;:&quot;px&quot;,&quot;size&quot;:&quot;&quot;,&quot;sizes&quot;:[]},&quot;min_height_tablet&quot;:{&quot;unit&quot;:&quot;px&quot;,&quot;size&quot;:&quot;&quot;,&quot;sizes&quot;:[]},&quot;min_height_mobile&quot;:{&quot;unit&quot;:&quot;px&quot;,&quot;size&quot;:&quot;&quot;,&quot;sizes&quot;:[]}}\" data-widget_type=\"table-of-contents.default\">\n\t\t\t\t<div class=\"elementor-widget-container\">\n\t\t\t\t\t\t\t\t\t<div id=\"elementor-toc__627b9d82\" class=\"elementor-toc__body\">\n\t\t\t<div class=\"elementor-toc__spinner-container\">\n\t\t\t\t<i class=\"elementor-toc__spinner eicon-animation-spin eicon-loading\" aria-hidden=\"true\"><\/i>\t\t\t<\/div>\n\t\t<\/div>\n\t\t\t\t\t\t<\/div>\n\t\t\t\t<\/div>\n\t\t\t\t\t<\/div>\n\t\t<\/div>\n\t\t\t\t\t<\/div>\n\t\t<\/section>\n\t\t\t\t<section class=\"elementor-section elementor-top-section elementor-element elementor-element-2be5b7c2 elementor-section-full_width elementor-section-stretched head-int elementor-section-height-default elementor-section-height-default\" data-id=\"2be5b7c2\" data-element_type=\"section\" data-e-type=\"section\" id=\"HEADER\" data-settings=\"{&quot;stretch_section&quot;:&quot;section-stretched&quot;}\">\n\t\t\t\t\t\t<div class=\"elementor-container elementor-column-gap-no\">\n\t\t\t\t\t<div class=\"elementor-column elementor-col-100 elementor-top-column elementor-element elementor-element-4fe1f188\" data-id=\"4fe1f188\" data-element_type=\"column\" data-e-type=\"column\">\n\t\t\t<div class=\"elementor-widget-wrap elementor-element-populated\">\n\t\t\t\t\t\t<section class=\"elementor-section elementor-inner-section elementor-element elementor-element-65dea362 elementor-section-full_width elementor-section-height-min-height elementor-hidden-tablet elementor-hidden-mobile elementor-section-height-default\" data-id=\"65dea362\" data-element_type=\"section\" data-e-type=\"section\" data-settings=\"{&quot;background_background&quot;:&quot;classic&quot;}\">\n\t\t\t\t\t\t<div class=\"elementor-container elementor-column-gap-narrow\">\n\t\t\t\t\t<div class=\"elementor-column elementor-col-100 elementor-inner-column elementor-element elementor-element-69972bed\" data-id=\"69972bed\" data-element_type=\"column\" data-e-type=\"column\">\n\t\t\t<div class=\"elementor-widget-wrap elementor-element-populated\">\n\t\t\t\t\t\t<div class=\"elementor-element elementor-element-3e458ef5 elementor-nav-menu__align-center elementor-nav-menu--dropdown-tablet elementor-nav-menu__text-align-aside elementor-nav-menu--toggle elementor-nav-menu--burger elementor-widget elementor-widget-nav-menu\" data-id=\"3e458ef5\" data-element_type=\"widget\" data-e-type=\"widget\" data-settings=\"{&quot;layout&quot;:&quot;horizontal&quot;,&quot;submenu_icon&quot;:{&quot;value&quot;:&quot;&lt;i class=\\&quot;fas fa-caret-down\\&quot; aria-hidden=\\&quot;true\\&quot;&gt;&lt;\\\/i&gt;&quot;,&quot;library&quot;:&quot;fa-solid&quot;},&quot;toggle&quot;:&quot;burger&quot;}\" data-widget_type=\"nav-menu.default\">\n\t\t\t\t<div class=\"elementor-widget-container\">\n\t\t\t\t\t\t\t\t<nav aria-label=\"Menu\" class=\"elementor-nav-menu--main elementor-nav-menu__container elementor-nav-menu--layout-horizontal e--pointer-none\">\n\t\t\t\t<ul id=\"menu-1-3e458ef5\" class=\"elementor-nav-menu\"><li class=\"menu-item menu-item-type-post_type menu-item-object-page menu-item-21836\"><a href=\"https:\/\/www.pierregoursat.com\/en\/about\/bio\/\" title=\"Biography of Pierre Goursat\" class=\"elementor-item\">Bio<\/a><\/li>\n<li class=\"menu-item menu-item-type-post_type menu-item-object-page menu-item-10130\"><a href=\"https:\/\/www.pierregoursat.com\/en\/about\/cause-for-canonisation\/\" class=\"elementor-item\">Cause<\/a><\/li>\n<li class=\"menu-item menu-item-type-post_type menu-item-object-page menu-item-12514\"><a href=\"https:\/\/www.pierregoursat.com\/en\/about\/chronology\/\" class=\"elementor-item\">Dates<\/a><\/li>\n<li class=\"menu-item menu-item-type-post_type menu-item-object-page menu-item-10131\"><a href=\"https:\/\/www.pierregoursat.com\/en\/about\/prayer\/\" title=\"Prayer for the beatification of Venerable Pierre Goursat\" class=\"elementor-item\">Prayer<\/a><\/li>\n<li class=\"menu-item menu-item-type-post_type menu-item-object-page menu-item-10129\"><a href=\"https:\/\/www.pierregoursat.com\/en\/about\/visite-en\/\" class=\"elementor-item\">visite<\/a><\/li>\n<li class=\"menu-item menu-item-type-custom menu-item-object-custom menu-item-14999\"><a target=\"_blank\" href=\"https:\/\/don.emmanuel.info\/pierreetsesfreres-eng\" class=\"elementor-item\">donate<\/a><\/li>\n<li class=\"menu-item menu-item-type-post_type menu-item-object-page menu-item-10132\"><a href=\"https:\/\/www.pierregoursat.com\/en\/contactus\/\" class=\"elementor-item\">Contact us<\/a><\/li>\n<li class=\"menu-item wpml-ls-slot-14 wpml-ls-item wpml-ls-item-it wpml-ls-current-language wpml-ls-menu-item wpml-ls-last-item menu-item-type-wpml_ls_menu_item menu-item-object-wpml_ls_menu_item menu-item-has-children menu-item-wpml-ls-14-it\"><a href=\"https:\/\/www.pierregoursat.com\/it\/\" aria-current=\"page\" aria-expanded=\"false\" aria-controls=\"wpml-ls-submenu-wpml-ls-14-it\" class=\"elementor-item\"><span class=\"wpml-ls-native\" lang=\"it\">Italiano<\/span><\/a>\n<ul class=\"sub-menu elementor-nav-menu--dropdown\">\n\t<li class=\"menu-item wpml-ls-slot-14 wpml-ls-item wpml-ls-item-fr wpml-ls-menu-item wpml-ls-first-item menu-item-type-wpml_ls_menu_item menu-item-object-wpml_ls_menu_item menu-item-wpml-ls-14-fr\"><a href=\"https:\/\/www.pierregoursat.com\/\" title=\"Passa a Fran\u00e7ais\" aria-label=\"Passa a Fran\u00e7ais\" class=\"elementor-sub-item\"><span class=\"wpml-ls-native\" lang=\"fr\">Fran\u00e7ais<\/span><\/a><\/li>\n\t<li class=\"menu-item wpml-ls-slot-14 wpml-ls-item wpml-ls-item-en wpml-ls-menu-item menu-item-type-wpml_ls_menu_item menu-item-object-wpml_ls_menu_item menu-item-wpml-ls-14-en\"><a href=\"https:\/\/www.pierregoursat.com\/en\/\" title=\"Passa a English\" aria-label=\"Passa a English\" class=\"elementor-sub-item\"><span class=\"wpml-ls-native\" lang=\"en\">English<\/span><\/a><\/li>\n\t<li class=\"menu-item wpml-ls-slot-14 wpml-ls-item wpml-ls-item-de wpml-ls-menu-item menu-item-type-wpml_ls_menu_item menu-item-object-wpml_ls_menu_item menu-item-wpml-ls-14-de\"><a href=\"https:\/\/www.pierregoursat.com\/de\/\" title=\"Passa a Deutsch\" aria-label=\"Passa a Deutsch\" class=\"elementor-sub-item\"><span class=\"wpml-ls-native\" lang=\"de\">Deutsch<\/span><\/a><\/li>\n\t<li class=\"menu-item wpml-ls-slot-14 wpml-ls-item wpml-ls-item-pl wpml-ls-menu-item menu-item-type-wpml_ls_menu_item menu-item-object-wpml_ls_menu_item menu-item-wpml-ls-14-pl\"><a href=\"https:\/\/www.pierregoursat.com\/pl\/\" title=\"Passa a Polski\" aria-label=\"Passa a Polski\" class=\"elementor-sub-item\"><span class=\"wpml-ls-native\" lang=\"pl\">Polski<\/span><\/a><\/li>\n\t<li class=\"menu-item wpml-ls-slot-14 wpml-ls-item wpml-ls-item-nl wpml-ls-menu-item menu-item-type-wpml_ls_menu_item menu-item-object-wpml_ls_menu_item menu-item-wpml-ls-14-nl\"><a href=\"https:\/\/www.pierregoursat.com\/nl\/\" title=\"Passa a Nederlands\" aria-label=\"Passa a Nederlands\" class=\"elementor-sub-item\"><span class=\"wpml-ls-native\" lang=\"nl\">Nederlands<\/span><\/a><\/li>\n\t<li class=\"menu-item wpml-ls-slot-14 wpml-ls-item wpml-ls-item-es wpml-ls-menu-item menu-item-type-wpml_ls_menu_item menu-item-object-wpml_ls_menu_item menu-item-wpml-ls-14-es\"><a href=\"https:\/\/www.pierregoursat.com\/es\/\" title=\"Passa a Espa\u00f1ol\" aria-label=\"Passa a Espa\u00f1ol\" class=\"elementor-sub-item\"><span class=\"wpml-ls-native\" lang=\"es\">Espa\u00f1ol<\/span><\/a><\/li>\n<\/ul>\n<\/li>\n<\/ul>\t\t\t<\/nav>\n\t\t\t\t\t<div class=\"elementor-menu-toggle\" role=\"button\" tabindex=\"0\" aria-label=\"Menu di commutazione\" aria-expanded=\"false\">\n\t\t\t<i aria-hidden=\"true\" role=\"presentation\" class=\"elementor-menu-toggle__icon--open eicon-menu-bar\"><\/i><i aria-hidden=\"true\" role=\"presentation\" class=\"elementor-menu-toggle__icon--close eicon-close\"><\/i>\t\t<\/div>\n\t\t\t\t\t<nav class=\"elementor-nav-menu--dropdown elementor-nav-menu__container\" aria-hidden=\"true\">\n\t\t\t\t<ul id=\"menu-2-3e458ef5\" class=\"elementor-nav-menu\"><li class=\"menu-item menu-item-type-post_type menu-item-object-page menu-item-21836\"><a href=\"https:\/\/www.pierregoursat.com\/en\/about\/bio\/\" title=\"Biography of Pierre Goursat\" class=\"elementor-item\" tabindex=\"-1\">Bio<\/a><\/li>\n<li class=\"menu-item menu-item-type-post_type menu-item-object-page menu-item-10130\"><a href=\"https:\/\/www.pierregoursat.com\/en\/about\/cause-for-canonisation\/\" class=\"elementor-item\" tabindex=\"-1\">Cause<\/a><\/li>\n<li class=\"menu-item menu-item-type-post_type menu-item-object-page menu-item-12514\"><a href=\"https:\/\/www.pierregoursat.com\/en\/about\/chronology\/\" class=\"elementor-item\" tabindex=\"-1\">Dates<\/a><\/li>\n<li class=\"menu-item menu-item-type-post_type menu-item-object-page menu-item-10131\"><a href=\"https:\/\/www.pierregoursat.com\/en\/about\/prayer\/\" title=\"Prayer for the beatification of Venerable Pierre Goursat\" class=\"elementor-item\" tabindex=\"-1\">Prayer<\/a><\/li>\n<li class=\"menu-item menu-item-type-post_type menu-item-object-page menu-item-10129\"><a href=\"https:\/\/www.pierregoursat.com\/en\/about\/visite-en\/\" class=\"elementor-item\" tabindex=\"-1\">visite<\/a><\/li>\n<li class=\"menu-item menu-item-type-custom menu-item-object-custom menu-item-14999\"><a target=\"_blank\" href=\"https:\/\/don.emmanuel.info\/pierreetsesfreres-eng\" class=\"elementor-item\" tabindex=\"-1\">donate<\/a><\/li>\n<li class=\"menu-item menu-item-type-post_type menu-item-object-page menu-item-10132\"><a href=\"https:\/\/www.pierregoursat.com\/en\/contactus\/\" class=\"elementor-item\" tabindex=\"-1\">Contact us<\/a><\/li>\n<li class=\"menu-item wpml-ls-slot-14 wpml-ls-item wpml-ls-item-it wpml-ls-current-language wpml-ls-menu-item wpml-ls-last-item menu-item-type-wpml_ls_menu_item menu-item-object-wpml_ls_menu_item menu-item-has-children menu-item-wpml-ls-14-it\"><a href=\"https:\/\/www.pierregoursat.com\/it\/\" aria-current=\"page\" aria-expanded=\"false\" aria-controls=\"wpml-ls-submenu-wpml-ls-14-it\" class=\"elementor-item\" tabindex=\"-1\"><span class=\"wpml-ls-native\" lang=\"it\">Italiano<\/span><\/a>\n<ul class=\"sub-menu elementor-nav-menu--dropdown\">\n\t<li class=\"menu-item wpml-ls-slot-14 wpml-ls-item wpml-ls-item-fr wpml-ls-menu-item wpml-ls-first-item menu-item-type-wpml_ls_menu_item menu-item-object-wpml_ls_menu_item menu-item-wpml-ls-14-fr\"><a href=\"https:\/\/www.pierregoursat.com\/\" title=\"Passa a Fran\u00e7ais\" aria-label=\"Passa a Fran\u00e7ais\" class=\"elementor-sub-item\" tabindex=\"-1\"><span class=\"wpml-ls-native\" lang=\"fr\">Fran\u00e7ais<\/span><\/a><\/li>\n\t<li class=\"menu-item wpml-ls-slot-14 wpml-ls-item wpml-ls-item-en wpml-ls-menu-item menu-item-type-wpml_ls_menu_item menu-item-object-wpml_ls_menu_item menu-item-wpml-ls-14-en\"><a href=\"https:\/\/www.pierregoursat.com\/en\/\" title=\"Passa a English\" aria-label=\"Passa a English\" class=\"elementor-sub-item\" tabindex=\"-1\"><span class=\"wpml-ls-native\" lang=\"en\">English<\/span><\/a><\/li>\n\t<li class=\"menu-item wpml-ls-slot-14 wpml-ls-item wpml-ls-item-de wpml-ls-menu-item menu-item-type-wpml_ls_menu_item menu-item-object-wpml_ls_menu_item menu-item-wpml-ls-14-de\"><a href=\"https:\/\/www.pierregoursat.com\/de\/\" title=\"Passa a Deutsch\" aria-label=\"Passa a Deutsch\" class=\"elementor-sub-item\" tabindex=\"-1\"><span class=\"wpml-ls-native\" lang=\"de\">Deutsch<\/span><\/a><\/li>\n\t<li class=\"menu-item wpml-ls-slot-14 wpml-ls-item wpml-ls-item-pl wpml-ls-menu-item menu-item-type-wpml_ls_menu_item menu-item-object-wpml_ls_menu_item menu-item-wpml-ls-14-pl\"><a href=\"https:\/\/www.pierregoursat.com\/pl\/\" title=\"Passa a Polski\" aria-label=\"Passa a Polski\" class=\"elementor-sub-item\" tabindex=\"-1\"><span class=\"wpml-ls-native\" lang=\"pl\">Polski<\/span><\/a><\/li>\n\t<li class=\"menu-item wpml-ls-slot-14 wpml-ls-item wpml-ls-item-nl wpml-ls-menu-item menu-item-type-wpml_ls_menu_item menu-item-object-wpml_ls_menu_item menu-item-wpml-ls-14-nl\"><a href=\"https:\/\/www.pierregoursat.com\/nl\/\" title=\"Passa a Nederlands\" aria-label=\"Passa a Nederlands\" class=\"elementor-sub-item\" tabindex=\"-1\"><span class=\"wpml-ls-native\" lang=\"nl\">Nederlands<\/span><\/a><\/li>\n\t<li class=\"menu-item wpml-ls-slot-14 wpml-ls-item wpml-ls-item-es wpml-ls-menu-item menu-item-type-wpml_ls_menu_item menu-item-object-wpml_ls_menu_item menu-item-wpml-ls-14-es\"><a href=\"https:\/\/www.pierregoursat.com\/es\/\" title=\"Passa a Espa\u00f1ol\" aria-label=\"Passa a Espa\u00f1ol\" class=\"elementor-sub-item\" tabindex=\"-1\"><span class=\"wpml-ls-native\" lang=\"es\">Espa\u00f1ol<\/span><\/a><\/li>\n<\/ul>\n<\/li>\n<\/ul>\t\t\t<\/nav>\n\t\t\t\t\t\t<\/div>\n\t\t\t\t<\/div>\n\t\t\t\t\t<\/div>\n\t\t<\/div>\n\t\t\t\t\t<\/div>\n\t\t<\/section>\n\t\t\t\t<section class=\"elementor-section elementor-inner-section elementor-element elementor-element-107a5ddb elementor-section-full_width elementor-section-height-default elementor-section-height-default\" data-id=\"107a5ddb\" data-element_type=\"section\" data-e-type=\"section\" data-settings=\"{&quot;background_background&quot;:&quot;classic&quot;}\">\n\t\t\t\t\t\t<div class=\"elementor-container elementor-column-gap-default\">\n\t\t\t\t\t<div class=\"elementor-column elementor-col-100 elementor-inner-column elementor-element elementor-element-248266c0\" data-id=\"248266c0\" data-element_type=\"column\" data-e-type=\"column\">\n\t\t\t<div class=\"elementor-widget-wrap elementor-element-populated\">\n\t\t\t\t\t\t<div class=\"elementor-element elementor-element-5acd6ffd elementor-widget elementor-widget-html\" data-id=\"5acd6ffd\" data-element_type=\"widget\" data-e-type=\"widget\" data-widget_type=\"html.default\">\n\t\t\t\t<div class=\"elementor-widget-container\">\n\t\t\t\t\t<center><a href=\"https:\/\/www.pierregoursat.com\/it\/\"><img decoding=\"async\" src=\"https:\/\/www.pierregoursat.com\/asset\/logos\/logo-IT-pierre-BLANC.png\" width=\"100%\" alt=\"Pierre Goursat e i suoi fratelli e sorelle\n\" ><\/a><\/center>\t\t\t\t<\/div>\n\t\t\t\t<\/div>\n\t\t\t\t\t<\/div>\n\t\t<\/div>\n\t\t\t\t\t<\/div>\n\t\t<\/section>\n\t\t\t\t<section class=\"elementor-section elementor-inner-section elementor-element elementor-element-1acf948 elementor-section-full_width elementor-hidden-desktop elementor-section-height-default elementor-section-height-default\" data-id=\"1acf948\" data-element_type=\"section\" data-e-type=\"section\" data-settings=\"{&quot;background_background&quot;:&quot;classic&quot;}\">\n\t\t\t\t\t\t<div class=\"elementor-container elementor-column-gap-default\">\n\t\t\t\t\t<div class=\"elementor-column elementor-col-100 elementor-inner-column elementor-element elementor-element-7dc66cad\" data-id=\"7dc66cad\" data-element_type=\"column\" data-e-type=\"column\">\n\t\t\t<div class=\"elementor-widget-wrap elementor-element-populated\">\n\t\t\t\t\t\t<div class=\"elementor-element elementor-element-29f814a elementor-nav-menu__align-justify nav-header-principale elementor-nav-menu--dropdown-tablet elementor-nav-menu__text-align-aside elementor-nav-menu--toggle elementor-nav-menu--burger elementor-widget elementor-widget-nav-menu\" data-id=\"29f814a\" data-element_type=\"widget\" data-e-type=\"widget\" id=\"navheader\" data-settings=\"{&quot;layout&quot;:&quot;horizontal&quot;,&quot;submenu_icon&quot;:{&quot;value&quot;:&quot;&lt;i class=\\&quot;fas fa-caret-down\\&quot; aria-hidden=\\&quot;true\\&quot;&gt;&lt;\\\/i&gt;&quot;,&quot;library&quot;:&quot;fa-solid&quot;},&quot;toggle&quot;:&quot;burger&quot;}\" menu-principal=\"\" data-widget_type=\"nav-menu.default\">\n\t\t\t\t<div class=\"elementor-widget-container\">\n\t\t\t\t\t\t\t\t<nav aria-label=\"Menu\" class=\"elementor-nav-menu--main elementor-nav-menu__container elementor-nav-menu--layout-horizontal e--pointer-none\">\n\t\t\t\t<ul id=\"menu-1-29f814a\" class=\"elementor-nav-menu\"><li class=\"menu-item menu-item-type-post_type menu-item-object-page menu-item-2865\"><a href=\"https:\/\/www.pierregoursat.com\/themes\/theme-humilite\/\" class=\"elementor-item\">Umilta<\/a><\/li>\n<li class=\"menu-item menu-item-type-post_type menu-item-object-page menu-item-2860\"><a href=\"https:\/\/www.pierregoursat.com\/themes\/theme-prier\/\" class=\"elementor-item\">Unione con Dio<\/a><\/li>\n<li class=\"menu-item menu-item-type-post_type menu-item-object-page menu-item-2861\"><a href=\"https:\/\/www.pierregoursat.com\/themes\/theme-amour-adoration\/\" class=\"elementor-item\">Ardere di amore<\/a><\/li>\n<li class=\"menu-item menu-item-type-post_type menu-item-object-page menu-item-2863\"><a href=\"https:\/\/www.pierregoursat.com\/themes\/theme-compassion\/\" class=\"elementor-item\">Compassione<\/a><\/li>\n<li class=\"menu-item menu-item-type-post_type menu-item-object-page menu-item-2867\"><a href=\"https:\/\/www.pierregoursat.com\/themes\/theme-espritsaint\/\" class=\"elementor-item\">Aprirsi allo Spirito Santo<\/a><\/li>\n<li class=\"menu-item menu-item-type-post_type menu-item-object-page menu-item-2864\"><a href=\"https:\/\/www.pierregoursat.com\/themes\/theme-evangeliser\/\" class=\"elementor-item\">Evangelizzare<\/a><\/li>\n<li class=\"menu-item menu-item-type-post_type menu-item-object-page menu-item-2866\"><a href=\"https:\/\/www.pierregoursat.com\/themes\/theme-vie-fraternelle\/\" class=\"elementor-item\">Vita fraterna<\/a><\/li>\n<li class=\"menu-item menu-item-type-post_type menu-item-object-page menu-item-2862\"><a href=\"https:\/\/www.pierregoursat.com\/themes\/theme-coeur-jesus-marie\/\" title=\"Th\u00e8me C\u0153ur de J\u00e9sus et de Marie\" class=\"elementor-item\">Cuore di Ges\u00f9 e Maria<\/a><\/li>\n<li class=\"menu-item menu-item-type-post_type menu-item-object-page menu-item-2857\"><a href=\"https:\/\/www.pierregoursat.com\/reperes\/cause-de-pierre-goursat\/\" title=\"Cause de Canonisation de Pierre Goursat\" class=\"elementor-item\">Causa di Canonizzazione<\/a><\/li>\n<li class=\"menu-item menu-item-type-post_type menu-item-object-page menu-item-14071\"><a href=\"https:\/\/www.pierregoursat.com\/reperes\/biographie-pierre-goursat\/\" title=\"Chronologie de la Vie de Pierre Goursat et de la Communaut\u00e9 de l\u2019Emmanuel\" class=\"elementor-item\">Riferimenti cronologici<\/a><\/li>\n<li class=\"menu-item menu-item-type-post_type menu-item-object-page menu-item-14072\"><a href=\"https:\/\/www.pierregoursat.com\/reperes\/visite360\/\" class=\"elementor-item\">Visita<\/a><\/li>\n<li class=\"menu-item menu-item-type-post_type menu-item-object-page menu-item-2858\"><a href=\"https:\/\/www.pierregoursat.com\/reperes\/priere\/\" title=\"Pri\u00e8re pour la B\u00e9atification du Serviteur de Dieu Pierre Goursat\" class=\"elementor-item\">Preghiera<\/a><\/li>\n<li class=\"menu-item menu-item-type-custom menu-item-object-custom menu-item-14073\"><a target=\"_blank\" href=\"https:\/\/don.emmanuel.info\/pierreetsesfreres\" class=\"elementor-item\">Faire un don<\/a><\/li>\n<li class=\"menu-item menu-item-type-post_type menu-item-object-page menu-item-2856\"><a href=\"https:\/\/www.pierregoursat.com\/contact\/\" class=\"elementor-item\">Contact<\/a><\/li>\n<li class=\"menu-item menu-item-type-custom menu-item-object-custom menu-item-17544\"><a href=\"https:\/\/www.pierregoursat.com\/\" class=\"elementor-item\">Fran\u00e7ais<\/a><\/li>\n<li class=\"menu-item menu-item-type-custom menu-item-object-custom menu-item-17541\"><a href=\"https:\/\/www.pierregoursat.com\/en\/\" class=\"elementor-item\">English<\/a><\/li>\n<li class=\"menu-item menu-item-type-custom menu-item-object-custom menu-item-17542\"><a href=\"https:\/\/www.pierregoursat.com\/de\/\" class=\"elementor-item\">DEUTSCH<\/a><\/li>\n<li class=\"menu-item menu-item-type-custom menu-item-object-custom menu-item-17543\"><a href=\"https:\/\/www.pierregoursat.com\/nl\/\" class=\"elementor-item\">NEDERLANDS<\/a><\/li>\n<li class=\"menu-item menu-item-type-custom menu-item-object-custom menu-item-17621\"><a href=\"https:\/\/www.pierregoursat.com\/es\/\" class=\"elementor-item\">ESPA\u00d1OL<\/a><\/li>\n<li class=\"menu-item menu-item-type-custom menu-item-object-custom menu-item-21421\"><a href=\"https:\/\/www.pierregoursat.com\/it\/\" class=\"elementor-item\">ITALIANO<\/a><\/li>\n<\/ul>\t\t\t<\/nav>\n\t\t\t\t\t<div class=\"elementor-menu-toggle\" role=\"button\" tabindex=\"0\" aria-label=\"Menu di commutazione\" aria-expanded=\"false\">\n\t\t\t<i aria-hidden=\"true\" role=\"presentation\" class=\"elementor-menu-toggle__icon--open eicon-menu-bar\"><\/i><i aria-hidden=\"true\" role=\"presentation\" class=\"elementor-menu-toggle__icon--close eicon-close\"><\/i>\t\t<\/div>\n\t\t\t\t\t<nav class=\"elementor-nav-menu--dropdown elementor-nav-menu__container\" aria-hidden=\"true\">\n\t\t\t\t<ul id=\"menu-2-29f814a\" class=\"elementor-nav-menu\"><li class=\"menu-item menu-item-type-post_type menu-item-object-page menu-item-2865\"><a href=\"https:\/\/www.pierregoursat.com\/themes\/theme-humilite\/\" class=\"elementor-item\" tabindex=\"-1\">Umilta<\/a><\/li>\n<li class=\"menu-item menu-item-type-post_type menu-item-object-page menu-item-2860\"><a href=\"https:\/\/www.pierregoursat.com\/themes\/theme-prier\/\" class=\"elementor-item\" tabindex=\"-1\">Unione con Dio<\/a><\/li>\n<li class=\"menu-item menu-item-type-post_type menu-item-object-page menu-item-2861\"><a href=\"https:\/\/www.pierregoursat.com\/themes\/theme-amour-adoration\/\" class=\"elementor-item\" tabindex=\"-1\">Ardere di amore<\/a><\/li>\n<li class=\"menu-item menu-item-type-post_type menu-item-object-page menu-item-2863\"><a href=\"https:\/\/www.pierregoursat.com\/themes\/theme-compassion\/\" class=\"elementor-item\" tabindex=\"-1\">Compassione<\/a><\/li>\n<li class=\"menu-item menu-item-type-post_type menu-item-object-page menu-item-2867\"><a href=\"https:\/\/www.pierregoursat.com\/themes\/theme-espritsaint\/\" class=\"elementor-item\" tabindex=\"-1\">Aprirsi allo Spirito Santo<\/a><\/li>\n<li class=\"menu-item menu-item-type-post_type menu-item-object-page menu-item-2864\"><a href=\"https:\/\/www.pierregoursat.com\/themes\/theme-evangeliser\/\" class=\"elementor-item\" tabindex=\"-1\">Evangelizzare<\/a><\/li>\n<li class=\"menu-item menu-item-type-post_type menu-item-object-page menu-item-2866\"><a href=\"https:\/\/www.pierregoursat.com\/themes\/theme-vie-fraternelle\/\" class=\"elementor-item\" tabindex=\"-1\">Vita fraterna<\/a><\/li>\n<li class=\"menu-item menu-item-type-post_type menu-item-object-page menu-item-2862\"><a href=\"https:\/\/www.pierregoursat.com\/themes\/theme-coeur-jesus-marie\/\" title=\"Th\u00e8me C\u0153ur de J\u00e9sus et de Marie\" class=\"elementor-item\" tabindex=\"-1\">Cuore di Ges\u00f9 e Maria<\/a><\/li>\n<li class=\"menu-item menu-item-type-post_type menu-item-object-page menu-item-2857\"><a href=\"https:\/\/www.pierregoursat.com\/reperes\/cause-de-pierre-goursat\/\" title=\"Cause de Canonisation de Pierre Goursat\" class=\"elementor-item\" tabindex=\"-1\">Causa di Canonizzazione<\/a><\/li>\n<li class=\"menu-item menu-item-type-post_type menu-item-object-page menu-item-14071\"><a href=\"https:\/\/www.pierregoursat.com\/reperes\/biographie-pierre-goursat\/\" title=\"Chronologie de la Vie de Pierre Goursat et de la Communaut\u00e9 de l\u2019Emmanuel\" class=\"elementor-item\" tabindex=\"-1\">Riferimenti cronologici<\/a><\/li>\n<li class=\"menu-item menu-item-type-post_type menu-item-object-page menu-item-14072\"><a href=\"https:\/\/www.pierregoursat.com\/reperes\/visite360\/\" class=\"elementor-item\" tabindex=\"-1\">Visita<\/a><\/li>\n<li class=\"menu-item menu-item-type-post_type menu-item-object-page menu-item-2858\"><a href=\"https:\/\/www.pierregoursat.com\/reperes\/priere\/\" title=\"Pri\u00e8re pour la B\u00e9atification du Serviteur de Dieu Pierre Goursat\" class=\"elementor-item\" tabindex=\"-1\">Preghiera<\/a><\/li>\n<li class=\"menu-item menu-item-type-custom menu-item-object-custom menu-item-14073\"><a target=\"_blank\" href=\"https:\/\/don.emmanuel.info\/pierreetsesfreres\" class=\"elementor-item\" tabindex=\"-1\">Faire un don<\/a><\/li>\n<li class=\"menu-item menu-item-type-post_type menu-item-object-page menu-item-2856\"><a href=\"https:\/\/www.pierregoursat.com\/contact\/\" class=\"elementor-item\" tabindex=\"-1\">Contact<\/a><\/li>\n<li class=\"menu-item menu-item-type-custom menu-item-object-custom menu-item-17544\"><a href=\"https:\/\/www.pierregoursat.com\/\" class=\"elementor-item\" tabindex=\"-1\">Fran\u00e7ais<\/a><\/li>\n<li class=\"menu-item menu-item-type-custom menu-item-object-custom menu-item-17541\"><a href=\"https:\/\/www.pierregoursat.com\/en\/\" class=\"elementor-item\" tabindex=\"-1\">English<\/a><\/li>\n<li class=\"menu-item menu-item-type-custom menu-item-object-custom menu-item-17542\"><a href=\"https:\/\/www.pierregoursat.com\/de\/\" class=\"elementor-item\" tabindex=\"-1\">DEUTSCH<\/a><\/li>\n<li class=\"menu-item menu-item-type-custom menu-item-object-custom menu-item-17543\"><a href=\"https:\/\/www.pierregoursat.com\/nl\/\" class=\"elementor-item\" tabindex=\"-1\">NEDERLANDS<\/a><\/li>\n<li class=\"menu-item menu-item-type-custom menu-item-object-custom menu-item-17621\"><a href=\"https:\/\/www.pierregoursat.com\/es\/\" class=\"elementor-item\" tabindex=\"-1\">ESPA\u00d1OL<\/a><\/li>\n<li class=\"menu-item menu-item-type-custom menu-item-object-custom menu-item-21421\"><a href=\"https:\/\/www.pierregoursat.com\/it\/\" class=\"elementor-item\" tabindex=\"-1\">ITALIANO<\/a><\/li>\n<\/ul>\t\t\t<\/nav>\n\t\t\t\t\t\t<\/div>\n\t\t\t\t<\/div>\n\t\t\t\t\t<\/div>\n\t\t<\/div>\n\t\t\t\t\t<\/div>\n\t\t<\/section>\n\t\t\t\t<section class=\"elementor-section elementor-inner-section elementor-element elementor-element-14715783 elementor-section-full_width elementor-hidden-tablet elementor-hidden-mobile elementor-section-height-default elementor-section-height-default\" data-id=\"14715783\" data-element_type=\"section\" data-e-type=\"section\" data-settings=\"{&quot;background_background&quot;:&quot;classic&quot;}\">\n\t\t\t\t\t\t<div class=\"elementor-container elementor-column-gap-default\">\n\t\t\t\t\t<div class=\"elementor-column elementor-col-100 elementor-inner-column elementor-element elementor-element-f2db6f9\" data-id=\"f2db6f9\" data-element_type=\"column\" data-e-type=\"column\">\n\t\t\t<div class=\"elementor-widget-wrap elementor-element-populated\">\n\t\t\t\t\t\t<div class=\"elementor-element elementor-element-1916be4b elementor-nav-menu__align-justify nav-header-principale elementor-nav-menu--dropdown-tablet elementor-nav-menu__text-align-aside elementor-nav-menu--toggle elementor-nav-menu--burger elementor-widget elementor-widget-nav-menu\" data-id=\"1916be4b\" data-element_type=\"widget\" data-e-type=\"widget\" data-settings=\"{&quot;layout&quot;:&quot;horizontal&quot;,&quot;submenu_icon&quot;:{&quot;value&quot;:&quot;&lt;i class=\\&quot;fas fa-caret-down\\&quot; aria-hidden=\\&quot;true\\&quot;&gt;&lt;\\\/i&gt;&quot;,&quot;library&quot;:&quot;fa-solid&quot;},&quot;toggle&quot;:&quot;burger&quot;}\" menu-principal=\"\" data-widget_type=\"nav-menu.default\">\n\t\t\t\t<div class=\"elementor-widget-container\">\n\t\t\t\t\t\t\t\t<nav aria-label=\"Menu\" class=\"elementor-nav-menu--main elementor-nav-menu__container elementor-nav-menu--layout-horizontal e--pointer-none\">\n\t\t\t\t<ul id=\"menu-1-1916be4b\" class=\"elementor-nav-menu\"><li class=\"menu-item menu-item-type-post_type menu-item-object-page menu-item-207\"><a href=\"https:\/\/www.pierregoursat.com\/themes\/theme-humilite\/\" title=\"Rechercher l\u2019Humilit\u00e9 et accepter notre pauvret\u00e9\" class=\"elementor-item\">Umilta<\/a><\/li>\n<li class=\"menu-item menu-item-type-post_type menu-item-object-page menu-item-205\"><a href=\"https:\/\/www.pierregoursat.com\/themes\/theme-espritsaint\/\" title=\"S\u2019ouvrir \u00e0 l\u2019Esprit Saint\" class=\"elementor-item\">Aprirsi allo Spirito Santo<\/a><\/li>\n<li class=\"menu-item menu-item-type-post_type menu-item-object-page menu-item-4027\"><a href=\"https:\/\/www.pierregoursat.com\/themes\/theme-compassion\/\" title=\"Exercer la compassion et l\u2019amour des pauvres\" class=\"elementor-item\">Compassione<\/a><\/li>\n<li class=\"menu-item menu-item-type-post_type menu-item-object-page menu-item-4028\"><a href=\"https:\/\/www.pierregoursat.com\/themes\/theme-vie-fraternelle\/\" title=\"Vie fraternelle et communion\" class=\"elementor-item\">Vita fraterna<\/a><\/li>\n<li class=\"menu-item menu-item-type-post_type menu-item-object-page menu-item-202\"><a href=\"https:\/\/www.pierregoursat.com\/themes\/theme-prier\/\" title=\"Prier pour vivre l\u2019union \u00e0 Dieu\" class=\"elementor-item\">Unione con Dio<\/a><\/li>\n<li class=\"menu-item menu-item-type-post_type menu-item-object-page menu-item-208\"><a href=\"https:\/\/www.pierregoursat.com\/themes\/theme-amour-adoration\/\" title=\"Adorer pour br\u00fbler d\u2019amour et d\u00e9sirer le salut des \u00e2mes\" class=\"elementor-item\">Ardere di amore<\/a><\/li>\n<li class=\"menu-item menu-item-type-post_type menu-item-object-page menu-item-206\"><a href=\"https:\/\/www.pierregoursat.com\/themes\/theme-evangeliser\/\" title=\"\u00c9vang\u00e9liser et servir l\u2019Eglise\" class=\"elementor-item\">Evangelizzare<\/a><\/li>\n<li class=\"menu-item menu-item-type-post_type menu-item-object-page menu-item-4077\"><a href=\"https:\/\/www.pierregoursat.com\/themes\/theme-coeur-jesus-marie\/\" title=\"Se mettre \u00e0 l\u2019Ecole du c\u0153ur de J\u00e9sus et de Marie notre m\u00e8re\" class=\"elementor-item\">Cuore di Ges\u00f9 e Maria<\/a><\/li>\n<\/ul>\t\t\t<\/nav>\n\t\t\t\t\t<div class=\"elementor-menu-toggle\" role=\"button\" tabindex=\"0\" aria-label=\"Menu di commutazione\" aria-expanded=\"false\">\n\t\t\t<i aria-hidden=\"true\" role=\"presentation\" class=\"elementor-menu-toggle__icon--open eicon-menu-bar\"><\/i><i aria-hidden=\"true\" role=\"presentation\" class=\"elementor-menu-toggle__icon--close eicon-close\"><\/i>\t\t<\/div>\n\t\t\t\t\t<nav class=\"elementor-nav-menu--dropdown elementor-nav-menu__container\" aria-hidden=\"true\">\n\t\t\t\t<ul id=\"menu-2-1916be4b\" class=\"elementor-nav-menu\"><li class=\"menu-item menu-item-type-post_type menu-item-object-page menu-item-207\"><a href=\"https:\/\/www.pierregoursat.com\/themes\/theme-humilite\/\" title=\"Rechercher l\u2019Humilit\u00e9 et accepter notre pauvret\u00e9\" class=\"elementor-item\" tabindex=\"-1\">Umilta<\/a><\/li>\n<li class=\"menu-item menu-item-type-post_type menu-item-object-page menu-item-205\"><a href=\"https:\/\/www.pierregoursat.com\/themes\/theme-espritsaint\/\" title=\"S\u2019ouvrir \u00e0 l\u2019Esprit Saint\" class=\"elementor-item\" tabindex=\"-1\">Aprirsi allo Spirito Santo<\/a><\/li>\n<li class=\"menu-item menu-item-type-post_type menu-item-object-page menu-item-4027\"><a href=\"https:\/\/www.pierregoursat.com\/themes\/theme-compassion\/\" title=\"Exercer la compassion et l\u2019amour des pauvres\" class=\"elementor-item\" tabindex=\"-1\">Compassione<\/a><\/li>\n<li class=\"menu-item menu-item-type-post_type menu-item-object-page menu-item-4028\"><a href=\"https:\/\/www.pierregoursat.com\/themes\/theme-vie-fraternelle\/\" title=\"Vie fraternelle et communion\" class=\"elementor-item\" tabindex=\"-1\">Vita fraterna<\/a><\/li>\n<li class=\"menu-item menu-item-type-post_type menu-item-object-page menu-item-202\"><a href=\"https:\/\/www.pierregoursat.com\/themes\/theme-prier\/\" title=\"Prier pour vivre l\u2019union \u00e0 Dieu\" class=\"elementor-item\" tabindex=\"-1\">Unione con Dio<\/a><\/li>\n<li class=\"menu-item menu-item-type-post_type menu-item-object-page menu-item-208\"><a href=\"https:\/\/www.pierregoursat.com\/themes\/theme-amour-adoration\/\" title=\"Adorer pour br\u00fbler d\u2019amour et d\u00e9sirer le salut des \u00e2mes\" class=\"elementor-item\" tabindex=\"-1\">Ardere di amore<\/a><\/li>\n<li class=\"menu-item menu-item-type-post_type menu-item-object-page menu-item-206\"><a href=\"https:\/\/www.pierregoursat.com\/themes\/theme-evangeliser\/\" title=\"\u00c9vang\u00e9liser et servir l\u2019Eglise\" class=\"elementor-item\" tabindex=\"-1\">Evangelizzare<\/a><\/li>\n<li class=\"menu-item menu-item-type-post_type menu-item-object-page menu-item-4077\"><a href=\"https:\/\/www.pierregoursat.com\/themes\/theme-coeur-jesus-marie\/\" title=\"Se mettre \u00e0 l\u2019Ecole du c\u0153ur de J\u00e9sus et de Marie notre m\u00e8re\" class=\"elementor-item\" tabindex=\"-1\">Cuore di Ges\u00f9 e Maria<\/a><\/li>\n<\/ul>\t\t\t<\/nav>\n\t\t\t\t\t\t<\/div>\n\t\t\t\t<\/div>\n\t\t\t\t\t<\/div>\n\t\t<\/div>\n\t\t\t\t\t<\/div>\n\t\t<\/section>\n\t\t\t\t\t<\/div>\n\t\t<\/div>\n\t\t\t\t\t<\/div>\n\t\t<\/section>\n\t\t\t\t<section class=\"elementor-section elementor-top-section elementor-element elementor-element-7893e0ce elementor-section-boxed elementor-section-height-default elementor-section-height-default\" data-id=\"7893e0ce\" data-element_type=\"section\" data-e-type=\"section\">\n\t\t\t\t\t\t<div class=\"elementor-container elementor-column-gap-default\">\n\t\t\t\t\t<div class=\"elementor-column elementor-col-100 elementor-top-column elementor-element elementor-element-657d9f8c\" data-id=\"657d9f8c\" data-element_type=\"column\" data-e-type=\"column\">\n\t\t\t<div class=\"elementor-widget-wrap elementor-element-populated\">\n\t\t\t\t\t\t<div class=\"elementor-element elementor-element-55b88889 retourtheme elementor-widget elementor-widget-heading\" data-id=\"55b88889\" data-element_type=\"widget\" data-e-type=\"widget\" data-widget_type=\"heading.default\">\n\t\t\t\t<div class=\"elementor-widget-container\">\n\t\t\t\t\t<p class=\"elementor-heading-title elementor-size-large\"><a href=\"https:\/\/www.pierregoursat.com\/it\/tema\/tema-cuore-gesu-maria\/%20\">CUORE DI GES\u00d9 E MARIA<\/a><\/p>\t\t\t\t<\/div>\n\t\t\t\t<\/div>\n\t\t\t\t<div class=\"elementor-element elementor-element-41c282e8 elementor-widget elementor-widget-heading\" data-id=\"41c282e8\" data-element_type=\"widget\" data-e-type=\"widget\" data-widget_type=\"heading.default\">\n\t\t\t\t<div class=\"elementor-widget-container\">\n\t\t\t\t\t<h2 class=\"elementor-heading-title elementor-size-default\">Qualche parola di Pierre <br><strong style=\"color:#dda831\">sul Cuore di Ges\u00f9 e di Maria<\/strong><\/h2>\t\t\t\t<\/div>\n\t\t\t\t<\/div>\n\t\t\t\t\t<\/div>\n\t\t<\/div>\n\t\t\t\t\t<\/div>\n\t\t<\/section>\n\t\t\t\t<section class=\"elementor-section elementor-top-section elementor-element elementor-element-35dded0f elementor-section-boxed elementor-section-height-default elementor-section-height-default\" data-id=\"35dded0f\" data-element_type=\"section\" data-e-type=\"section\">\n\t\t\t\t\t\t<div class=\"elementor-container elementor-column-gap-default\">\n\t\t\t\t\t<div class=\"elementor-column elementor-col-100 elementor-top-column elementor-element elementor-element-3b1c9b1b\" data-id=\"3b1c9b1b\" data-element_type=\"column\" data-e-type=\"column\">\n\t\t\t<div class=\"elementor-widget-wrap elementor-element-populated\">\n\t\t\t\t\t\t<div class=\"elementor-element elementor-element-72644a05 elementor-nav-menu__align-justify elementor-nav-menu--dropdown-tablet elementor-nav-menu__text-align-aside elementor-nav-menu--toggle elementor-nav-menu--burger elementor-widget elementor-widget-nav-menu\" data-id=\"72644a05\" data-element_type=\"widget\" data-e-type=\"widget\" data-settings=\"{&quot;layout&quot;:&quot;horizontal&quot;,&quot;submenu_icon&quot;:{&quot;value&quot;:&quot;&lt;i class=\\&quot;fas fa-caret-down\\&quot; aria-hidden=\\&quot;true\\&quot;&gt;&lt;\\\/i&gt;&quot;,&quot;library&quot;:&quot;fa-solid&quot;},&quot;toggle&quot;:&quot;burger&quot;}\" data-widget_type=\"nav-menu.default\">\n\t\t\t\t<div class=\"elementor-widget-container\">\n\t\t\t\t\t\t\t\t<nav aria-label=\"Menu\" class=\"elementor-nav-menu--main elementor-nav-menu__container elementor-nav-menu--layout-horizontal e--pointer-none\">\n\t\t\t\t<ul id=\"menu-1-72644a05\" class=\"elementor-nav-menu\"><li class=\"menu-item menu-item-type-post_type menu-item-object-page menu-item-4906\"><a href=\"https:\/\/www.pierregoursat.com\/themes\/theme-coeur-jesus-marie\/paroles-de-pierre\/\" title=\"Paroles de Pierre sur le Coeur de J\u00e9sus et de Marie\" class=\"elementor-item\">Parola di Pierre<\/a><\/li>\n<li class=\"menu-item menu-item-type-post_type menu-item-object-page menu-item-4905\"><a href=\"https:\/\/www.pierregoursat.com\/themes\/theme-coeur-jesus-marie\/enseignements-pierre\/\" title=\"Enseignements de Pierre sur le Coeur de J\u00e9sus et de Marie\" class=\"elementor-item\">Riflessioni di Pierre<\/a><\/li>\n<li class=\"menu-item menu-item-type-post_type menu-item-object-page menu-item-4904\"><a href=\"https:\/\/www.pierregoursat.com\/themes\/theme-coeur-jesus-marie\/documents-complementaires\/\" title=\"Documents compl\u00e9mentaires sur le Coeur de J\u00e9sus et de Marie\" class=\"elementor-item\">Insegnamenti comunita<\/a><\/li>\n<\/ul>\t\t\t<\/nav>\n\t\t\t\t\t<div class=\"elementor-menu-toggle\" role=\"button\" tabindex=\"0\" aria-label=\"Menu di commutazione\" aria-expanded=\"false\">\n\t\t\t<i aria-hidden=\"true\" role=\"presentation\" class=\"elementor-menu-toggle__icon--open eicon-menu-bar\"><\/i><i aria-hidden=\"true\" role=\"presentation\" class=\"elementor-menu-toggle__icon--close eicon-close\"><\/i>\t\t<\/div>\n\t\t\t\t\t<nav class=\"elementor-nav-menu--dropdown elementor-nav-menu__container\" aria-hidden=\"true\">\n\t\t\t\t<ul id=\"menu-2-72644a05\" class=\"elementor-nav-menu\"><li class=\"menu-item menu-item-type-post_type menu-item-object-page menu-item-4906\"><a href=\"https:\/\/www.pierregoursat.com\/themes\/theme-coeur-jesus-marie\/paroles-de-pierre\/\" title=\"Paroles de Pierre sur le Coeur de J\u00e9sus et de Marie\" class=\"elementor-item\" tabindex=\"-1\">Parola di Pierre<\/a><\/li>\n<li class=\"menu-item menu-item-type-post_type menu-item-object-page menu-item-4905\"><a href=\"https:\/\/www.pierregoursat.com\/themes\/theme-coeur-jesus-marie\/enseignements-pierre\/\" title=\"Enseignements de Pierre sur le Coeur de J\u00e9sus et de Marie\" class=\"elementor-item\" tabindex=\"-1\">Riflessioni di Pierre<\/a><\/li>\n<li class=\"menu-item menu-item-type-post_type menu-item-object-page menu-item-4904\"><a href=\"https:\/\/www.pierregoursat.com\/themes\/theme-coeur-jesus-marie\/documents-complementaires\/\" title=\"Documents compl\u00e9mentaires sur le Coeur de J\u00e9sus et de Marie\" class=\"elementor-item\" tabindex=\"-1\">Insegnamenti comunita<\/a><\/li>\n<\/ul>\t\t\t<\/nav>\n\t\t\t\t\t\t<\/div>\n\t\t\t\t<\/div>\n\t\t\t\t\t<\/div>\n\t\t<\/div>\n\t\t\t\t\t<\/div>\n\t\t<\/section>\n\t\t\t\t<section class=\"elementor-section elementor-top-section elementor-element elementor-element-7db1505a elementor-section-boxed elementor-section-height-default elementor-section-height-default\" data-id=\"7db1505a\" data-element_type=\"section\" data-e-type=\"section\">\n\t\t\t\t\t\t<div class=\"elementor-container elementor-column-gap-default\">\n\t\t\t\t\t<div class=\"elementor-column elementor-col-100 elementor-top-column elementor-element elementor-element-7460eefb\" data-id=\"7460eefb\" data-element_type=\"column\" data-e-type=\"column\">\n\t\t\t<div class=\"elementor-widget-wrap elementor-element-populated\">\n\t\t\t\t\t\t<div class=\"elementor-element elementor-element-536363fc citationserif elementor-widget elementor-widget-heading\" data-id=\"536363fc\" data-element_type=\"widget\" data-e-type=\"widget\" data-settings=\"{&quot;_animation&quot;:&quot;none&quot;}\" data-widget_type=\"heading.default\">\n\t\t\t\t<div class=\"elementor-widget-container\">\n\t\t\t\t\t<h4 class=\"elementor-heading-title elementor-size-medium\">Cuore di Ges\u00f9<\/h4>\t\t\t\t<\/div>\n\t\t\t\t<\/div>\n\t\t\t\t\t<\/div>\n\t\t<\/div>\n\t\t\t\t\t<\/div>\n\t\t<\/section>\n\t\t\t\t<section class=\"elementor-section elementor-top-section elementor-element elementor-element-1bdab3b6 elementor-section-boxed elementor-section-height-default elementor-section-height-default\" data-id=\"1bdab3b6\" data-element_type=\"section\" data-e-type=\"section\">\n\t\t\t\t\t\t<div class=\"elementor-container elementor-column-gap-default\">\n\t\t\t\t\t<div class=\"elementor-column elementor-col-100 elementor-top-column elementor-element elementor-element-1d102482\" data-id=\"1d102482\" data-element_type=\"column\" data-e-type=\"column\">\n\t\t\t<div class=\"elementor-widget-wrap elementor-element-populated\">\n\t\t\t\t\t\t<div class=\"elementor-element elementor-element-77cbde86 elementor-widget elementor-widget-text-editor\" data-id=\"77cbde86\" data-element_type=\"widget\" data-e-type=\"widget\" data-widget_type=\"text-editor.default\">\n\t\t\t\t<div class=\"elementor-widget-container\">\n\t\t\t\t\t\t\t\t\t<p>Quando ero giovane ero stato abbastanza ferito e avevo una fifa terribile della Croce\u2026 Nella chiesa di Saint-Philippe [du Roule] c\u2019erano due altari, uno della croce, l\u2019altro del Sacro Cuore, e io me ne andavo sempre accanto al Sacro Cuore! (nel 1988 dice: mi sono rifugiato all\u2019altare del Sacro Cuore).<\/p><p>Mi dicevo: \u201cMa \u00e8 spaventosa questa croce. Come fa la gente ad accettarla? \u00c8 uno scandalo, \u00e8 spaventoso\u2026\u201d. E il Cuore di Ges\u00f9 \u00e8 un Cuore radioso. Non c\u2019era sangue. C\u2019era la luce, il fuoco. [&#8230;] Con Lui ero nella pace. Mi mettevo nella pace del suo Cuore ed ero nella fiducia e in pace.<\/p>\t\t\t\t\t\t\t\t<\/div>\n\t\t\t\t<\/div>\n\t\t\t\t<div class=\"elementor-element elementor-element-7e02fbec sourcecitation elementor-widget elementor-widget-heading\" data-id=\"7e02fbec\" data-element_type=\"widget\" data-e-type=\"widget\" data-widget_type=\"heading.default\">\n\t\t\t\t<div class=\"elementor-widget-container\">\n\t\t\t\t\t<p class=\"elementor-heading-title elementor-size-large\">RITIRO DELLA FRATERNIT\u00c0 DI GES\u00d9 08\/1979 \n\n<\/p>\t\t\t\t<\/div>\n\t\t\t\t<\/div>\n\t\t\t\t\t<\/div>\n\t\t<\/div>\n\t\t\t\t\t<\/div>\n\t\t<\/section>\n\t\t\t\t<section class=\"elementor-section elementor-top-section elementor-element elementor-element-4e4ae7c3 elementor-section-boxed elementor-section-height-default elementor-section-height-default\" data-id=\"4e4ae7c3\" data-element_type=\"section\" data-e-type=\"section\">\n\t\t\t\t\t\t<div class=\"elementor-container elementor-column-gap-default\">\n\t\t\t\t\t<div class=\"elementor-column elementor-col-100 elementor-top-column elementor-element elementor-element-6ebc5213\" data-id=\"6ebc5213\" data-element_type=\"column\" data-e-type=\"column\">\n\t\t\t<div class=\"elementor-widget-wrap elementor-element-populated\">\n\t\t\t\t\t\t<div class=\"elementor-element elementor-element-1af11b32 elementor-widget elementor-widget-text-editor\" data-id=\"1af11b32\" data-element_type=\"widget\" data-e-type=\"widget\" data-widget_type=\"text-editor.default\">\n\t\t\t\t<div class=\"elementor-widget-container\">\n\t\t\t\t\t\t\t\t\t<p>Mi piaceva molto san Bonaventura. \u00c8 con sant\u2019Agostino che mi sono convertito. Poi\u2026. ho proseguito nella mia conversione con lui leggendo Le Confessioni. La dottrina di Sant\u2019Agostino, il suo approccio intuitivo, si abbinava bene con san Bonaventura, e poi il Cuore di Ges\u00f9.<\/p>\t\t\t\t\t\t\t\t<\/div>\n\t\t\t\t<\/div>\n\t\t\t\t<div class=\"elementor-element elementor-element-4b797e98 sourcecitation elementor-widget elementor-widget-heading\" data-id=\"4b797e98\" data-element_type=\"widget\" data-e-type=\"widget\" data-widget_type=\"heading.default\">\n\t\t\t\t<div class=\"elementor-widget-container\">\n\t\t\t\t\t<p class=\"elementor-heading-title elementor-size-large\">INTERVISTA FATTA A PIERRE DA JEAN-MARC E FRAN\u00c7OU MORIN A SAINT-MAURICE 5-8\/08\/1988\n\n<\/p>\t\t\t\t<\/div>\n\t\t\t\t<\/div>\n\t\t\t\t\t<\/div>\n\t\t<\/div>\n\t\t\t\t\t<\/div>\n\t\t<\/section>\n\t\t\t\t<section class=\"elementor-section elementor-top-section elementor-element elementor-element-54435eb4 animated-slow elementor-section-boxed elementor-section-height-default elementor-section-height-default elementor-invisible\" data-id=\"54435eb4\" data-element_type=\"section\" data-e-type=\"section\" data-settings=\"{&quot;animation&quot;:&quot;fadeIn&quot;}\">\n\t\t\t\t\t\t<div class=\"elementor-container elementor-column-gap-default\">\n\t\t\t\t\t<div class=\"elementor-column elementor-col-100 elementor-top-column elementor-element elementor-element-4f1f92f0\" data-id=\"4f1f92f0\" data-element_type=\"column\" data-e-type=\"column\">\n\t\t\t<div class=\"elementor-widget-wrap elementor-element-populated\">\n\t\t\t\t\t\t<div class=\"elementor-element elementor-element-538ac4f8 citationserif elementor-invisible elementor-widget elementor-widget-heading\" data-id=\"538ac4f8\" data-element_type=\"widget\" data-e-type=\"widget\" data-settings=\"{&quot;_animation&quot;:&quot;fadeIn&quot;}\" data-widget_type=\"heading.default\">\n\t\t\t\t<div class=\"elementor-widget-container\">\n\t\t\t\t\t<h3 class=\"elementor-heading-title elementor-size-default\">Il Sacro Cuore non \u00e8 una devozione, \u00e8 l\u2019essenziale stesso dell\u2019amore di Dio. Dio ha tanto amato il mondo da dare il suo Figlio unigenito per salvarlo.<br \/><br \/> \u00c8 veramente questo mistero di amore che \u00e8 stato rivelato\u2026\n\n<\/h3>\t\t\t\t<\/div>\n\t\t\t\t<\/div>\n\t\t\t\t<div class=\"elementor-element elementor-element-167d8edf sourcecitation elementor-widget elementor-widget-heading\" data-id=\"167d8edf\" data-element_type=\"widget\" data-e-type=\"widget\" data-widget_type=\"heading.default\">\n\t\t\t\t<div class=\"elementor-widget-container\">\n\t\t\t\t\t<p class=\"elementor-heading-title elementor-size-large\">PRIMA SESSIONE ESTIVA A PARAY-LE-MONIAL 16\/07\/1975\n\n<\/p>\t\t\t\t<\/div>\n\t\t\t\t<\/div>\n\t\t\t\t\t<\/div>\n\t\t<\/div>\n\t\t\t\t\t<\/div>\n\t\t<\/section>\n\t\t\t\t<section class=\"elementor-section elementor-top-section elementor-element elementor-element-639390b6 elementor-section-boxed elementor-section-height-default elementor-section-height-default\" data-id=\"639390b6\" data-element_type=\"section\" data-e-type=\"section\">\n\t\t\t\t\t\t<div class=\"elementor-container elementor-column-gap-default\">\n\t\t\t\t\t<div class=\"elementor-column elementor-col-100 elementor-top-column elementor-element elementor-element-5db61cb3\" data-id=\"5db61cb3\" data-element_type=\"column\" data-e-type=\"column\">\n\t\t\t<div class=\"elementor-widget-wrap elementor-element-populated\">\n\t\t\t\t\t\t<div class=\"elementor-element elementor-element-37b42f00 elementor-widget elementor-widget-text-editor\" data-id=\"37b42f00\" data-element_type=\"widget\" data-e-type=\"widget\" data-widget_type=\"text-editor.default\">\n\t\t\t\t<div class=\"elementor-widget-container\">\n\t\t\t\t\t\t\t\t\t<p>Volevo rimanere con loro e allo stesso tempo mi dicevo: \u201cSe soffoco gli impedir\u00f2 di dormire\u201d. E dicevo: \u201cSignore, che cosa devo fare?\u201d. E il Signore mi ha detto: \u201cNon preoccuparti\u201d. E mi \u00e8 tornata in mente la sua Parola: \u201cEcco io sono con voi tutti i giorni fino alla fine del mondo\u201d. Ma l\u2019ho sentito con una tale forza! Sentivo che Lui era vicino a me.<\/p><p>Era al momento della guerra, tutti erano separati ma io mi sentivo con Lui. Beh! Avete fatto tutti questa esperienza: nei momenti difficili Lui c\u2019\u00e8, la sua presenza viene. E c\u2019\u00e8 anche Maria!<\/p>\t\t\t\t\t\t\t\t<\/div>\n\t\t\t\t<\/div>\n\t\t\t\t<div class=\"elementor-element elementor-element-2c7da7c2 sourcecitation elementor-widget elementor-widget-heading\" data-id=\"2c7da7c2\" data-element_type=\"widget\" data-e-type=\"widget\" data-widget_type=\"heading.default\">\n\t\t\t\t<div class=\"elementor-widget-container\">\n\t\t\t\t\t<p class=\"elementor-heading-title elementor-size-large\">RITIRO DELLA FRATERNIT\u00c0 DI GES\u00d9 09\/08\/1978 \n\n<\/p>\t\t\t\t<\/div>\n\t\t\t\t<\/div>\n\t\t\t\t\t<\/div>\n\t\t<\/div>\n\t\t\t\t\t<\/div>\n\t\t<\/section>\n\t\t\t\t<section class=\"elementor-section elementor-top-section elementor-element elementor-element-65d086e9 elementor-section-boxed elementor-section-height-default elementor-section-height-default\" data-id=\"65d086e9\" data-element_type=\"section\" data-e-type=\"section\">\n\t\t\t\t\t\t<div class=\"elementor-container elementor-column-gap-default\">\n\t\t\t\t\t<div class=\"elementor-column elementor-col-100 elementor-top-column elementor-element elementor-element-6ebf404b\" data-id=\"6ebf404b\" data-element_type=\"column\" data-e-type=\"column\">\n\t\t\t<div class=\"elementor-widget-wrap elementor-element-populated\">\n\t\t\t\t\t\t<div class=\"elementor-element elementor-element-3de9dfac elementor-widget elementor-widget-text-editor\" data-id=\"3de9dfac\" data-element_type=\"widget\" data-e-type=\"widget\" data-widget_type=\"text-editor.default\">\n\t\t\t\t<div class=\"elementor-widget-container\">\n\t\t\t\t\t\t\t\t\t<p>Quando siamo nel Cuore di Ges\u00f9, abbiamo tutto, dice la piccola Teresa. Bene, \u00e8 quello che il Signore ci chiede. Ci parlano sempre del Cuore trafitto di Ges\u00f9 ma vorrei che vi ricordaste che \u00e8 legato essenzialmente giusto alla Pentecoste, quando Pierre esce con la potenza dello Spirito, comincia a parlare e dice: \u201cDio ha costituito Signore e Cristo quel Ges\u00f9 che voi avete crocifisso! \u2013 che noi abbiamo crocifisso. All&#8217;udir tutto questo si sentirono trafiggere il cuore\u201d.<\/p>\t\t\t\t\t\t\t\t<\/div>\n\t\t\t\t<\/div>\n\t\t\t\t<div class=\"elementor-element elementor-element-18a2642c sourcecitation elementor-widget elementor-widget-heading\" data-id=\"18a2642c\" data-element_type=\"widget\" data-e-type=\"widget\" data-widget_type=\"heading.default\">\n\t\t\t\t<div class=\"elementor-widget-container\">\n\t\t\t\t\t<p class=\"elementor-heading-title elementor-size-large\">PRIMA SESSIONE ESTIVA A PARAY-LE-MONIAL 16\/07\/1975\n\n<\/p>\t\t\t\t<\/div>\n\t\t\t\t<\/div>\n\t\t\t\t\t<\/div>\n\t\t<\/div>\n\t\t\t\t\t<\/div>\n\t\t<\/section>\n\t\t\t\t<section class=\"elementor-section elementor-top-section elementor-element elementor-element-367df0ff elementor-section-boxed elementor-section-height-default elementor-section-height-default\" data-id=\"367df0ff\" data-element_type=\"section\" data-e-type=\"section\">\n\t\t\t\t\t\t<div class=\"elementor-container elementor-column-gap-default\">\n\t\t\t\t\t<div class=\"elementor-column elementor-col-100 elementor-top-column elementor-element elementor-element-5e862b6a\" data-id=\"5e862b6a\" data-element_type=\"column\" data-e-type=\"column\">\n\t\t\t<div class=\"elementor-widget-wrap elementor-element-populated\">\n\t\t\t\t\t\t<div class=\"elementor-element elementor-element-44161879 elementor-widget elementor-widget-text-editor\" data-id=\"44161879\" data-element_type=\"widget\" data-e-type=\"widget\" data-widget_type=\"text-editor.default\">\n\t\t\t\t<div class=\"elementor-widget-container\">\n\t\t\t\t\t\t\t\t\t<p>\u00c8 con il Cuore di Ges\u00f9 che portiamo tutte le sofferenze del mondo. \u00c8 il luogo in cui intercediamo con lui, \u00e8 il momento pi\u00f9 importante della nostra vita.<\/p>\t\t\t\t\t\t\t\t<\/div>\n\t\t\t\t<\/div>\n\t\t\t\t<div class=\"elementor-element elementor-element-70c403a sourcecitation elementor-widget elementor-widget-heading\" data-id=\"70c403a\" data-element_type=\"widget\" data-e-type=\"widget\" data-widget_type=\"heading.default\">\n\t\t\t\t<div class=\"elementor-widget-container\">\n\t\t\t\t\t<p class=\"elementor-heading-title elementor-size-large\">WEEKEND \u201cEMMANUELE\u201d A GENTILLY 19-20\/01\/1975\n\n<\/p>\t\t\t\t<\/div>\n\t\t\t\t<\/div>\n\t\t\t\t\t<\/div>\n\t\t<\/div>\n\t\t\t\t\t<\/div>\n\t\t<\/section>\n\t\t\t\t<section class=\"elementor-section elementor-top-section elementor-element elementor-element-44efb4b4 elementor-section-boxed elementor-section-height-default elementor-section-height-default\" data-id=\"44efb4b4\" data-element_type=\"section\" data-e-type=\"section\">\n\t\t\t\t\t\t<div class=\"elementor-container elementor-column-gap-default\">\n\t\t\t\t\t<div class=\"elementor-column elementor-col-100 elementor-top-column elementor-element elementor-element-7523c9a0\" data-id=\"7523c9a0\" data-element_type=\"column\" data-e-type=\"column\">\n\t\t\t<div class=\"elementor-widget-wrap elementor-element-populated\">\n\t\t\t\t\t\t<div class=\"elementor-element elementor-element-11de88ae citationserif elementor-widget elementor-widget-heading\" data-id=\"11de88ae\" data-element_type=\"widget\" data-e-type=\"widget\" data-settings=\"{&quot;_animation&quot;:&quot;none&quot;}\" data-widget_type=\"heading.default\">\n\t\t\t\t<div class=\"elementor-widget-container\">\n\t\t\t\t\t<h4 class=\"elementor-heading-title elementor-size-medium\">Cuore ardente di amore<\/h4>\t\t\t\t<\/div>\n\t\t\t\t<\/div>\n\t\t\t\t\t<\/div>\n\t\t<\/div>\n\t\t\t\t\t<\/div>\n\t\t<\/section>\n\t\t\t\t<section class=\"elementor-section elementor-top-section elementor-element elementor-element-17766658 elementor-section-boxed elementor-section-height-default elementor-section-height-default\" data-id=\"17766658\" data-element_type=\"section\" data-e-type=\"section\">\n\t\t\t\t\t\t<div class=\"elementor-container elementor-column-gap-default\">\n\t\t\t\t\t<div class=\"elementor-column elementor-col-100 elementor-top-column elementor-element elementor-element-5561f6a2\" data-id=\"5561f6a2\" data-element_type=\"column\" data-e-type=\"column\">\n\t\t\t<div class=\"elementor-widget-wrap elementor-element-populated\">\n\t\t\t\t\t\t<div class=\"elementor-element elementor-element-4c4c9e71 elementor-widget elementor-widget-text-editor\" data-id=\"4c4c9e71\" data-element_type=\"widget\" data-e-type=\"widget\" data-widget_type=\"text-editor.default\">\n\t\t\t\t<div class=\"elementor-widget-container\">\n\t\t\t\t\t\t\t\t\t<p>Dio vuole, al posto del nostro cuore di pietra, comunicarci il suo ardente desiderio di salvare le anime\u2026 Per questo vuole toccare il nostro cuore con il suo Amore, trafiggerlo, infrangerlo. Scoprendo la nostra miseria, entriamo nella sua Misericordia. [&#8230;] Nell\u2019adorazione Ges\u00f9 vuole darci la compassione del suo Cuore, la mitezza del suo Cuore. Spezza il nostro orgoglio, la nostra volont\u00e0, ci mette alla sua scuola: \u201cGes\u00f9, mite e umile di cuore, rendi i nostri cuori simili al tuo\u201d.<\/p>\t\t\t\t\t\t\t\t<\/div>\n\t\t\t\t<\/div>\n\t\t\t\t<div class=\"elementor-element elementor-element-7e5316b0 sourcecitation elementor-widget elementor-widget-heading\" data-id=\"7e5316b0\" data-element_type=\"widget\" data-e-type=\"widget\" data-widget_type=\"heading.default\">\n\t\t\t\t<div class=\"elementor-widget-container\">\n\t\t\t\t\t<p class=\"elementor-heading-title elementor-size-large\">NOTE PREPARATORIE A UN INSEGNAMENTO 24\/06\/1980\n\n<\/p>\t\t\t\t<\/div>\n\t\t\t\t<\/div>\n\t\t\t\t\t<\/div>\n\t\t<\/div>\n\t\t\t\t\t<\/div>\n\t\t<\/section>\n\t\t\t\t<section class=\"elementor-section elementor-top-section elementor-element elementor-element-426432e animated-slow elementor-section-boxed elementor-section-height-default elementor-section-height-default elementor-invisible\" data-id=\"426432e\" data-element_type=\"section\" data-e-type=\"section\" data-settings=\"{&quot;animation&quot;:&quot;fadeIn&quot;}\">\n\t\t\t\t\t\t<div class=\"elementor-container elementor-column-gap-default\">\n\t\t\t\t\t<div class=\"elementor-column elementor-col-100 elementor-top-column elementor-element elementor-element-f2cc43e\" data-id=\"f2cc43e\" data-element_type=\"column\" data-e-type=\"column\">\n\t\t\t<div class=\"elementor-widget-wrap elementor-element-populated\">\n\t\t\t\t\t\t<div class=\"elementor-element elementor-element-d51a84c citationserif elementor-invisible elementor-widget elementor-widget-heading\" data-id=\"d51a84c\" data-element_type=\"widget\" data-e-type=\"widget\" data-settings=\"{&quot;_animation&quot;:&quot;fadeIn&quot;}\" data-widget_type=\"heading.default\">\n\t\t\t\t<div class=\"elementor-widget-container\">\n\t\t\t\t\t<h3 class=\"elementor-heading-title elementor-size-default\">Dobbiamo chiedere al Signore di metterci un fuoco nel cuore. Occorre metterci nel suo Cuore perch\u00e9 \u00e8 un braciere ardente che si comunica a noi! E cos\u00ec ardiamo di amore!\n\n<\/h3>\t\t\t\t<\/div>\n\t\t\t\t<\/div>\n\t\t\t\t\t<\/div>\n\t\t<\/div>\n\t\t\t\t\t<\/div>\n\t\t<\/section>\n\t\t\t\t<section class=\"elementor-section elementor-top-section elementor-element elementor-element-672432bb elementor-section-boxed elementor-section-height-default elementor-section-height-default\" data-id=\"672432bb\" data-element_type=\"section\" data-e-type=\"section\">\n\t\t\t\t\t\t<div class=\"elementor-container elementor-column-gap-default\">\n\t\t\t\t\t<div class=\"elementor-column elementor-col-100 elementor-top-column elementor-element elementor-element-67908995\" data-id=\"67908995\" data-element_type=\"column\" data-e-type=\"column\">\n\t\t\t<div class=\"elementor-widget-wrap elementor-element-populated\">\n\t\t\t\t\t\t<div class=\"elementor-element elementor-element-43a14d3f elementor-widget elementor-widget-text-editor\" data-id=\"43a14d3f\" data-element_type=\"widget\" data-e-type=\"widget\" data-widget_type=\"text-editor.default\">\n\t\t\t\t<div class=\"elementor-widget-container\">\n\t\t\t\t\t\t\t\t\t<p>La cosa necessaria da fare per tutti voi che siete qui \u00e8 adorare. Quando avete tempo, andate a pregare e ad adorare. [&#8230;] Questa adorazione naturalmente ha per scopo di onorare il Corpo e il Cuore di Cristo, ma \u00e8 soprattutto per chiedergli che ci arda d\u2019amore, che veniamo arsi di amore per fare ardere a nostra volta i nostri fratelli. [&#8230;] L\u2019amore del Cuore di Ges\u00f9 lo si chiede nell\u2019adorazione e nella preghiera fiduciosa. Anche se siete un ceppo di legno, rimanete ai piedi di Ges\u00f9 e vi mettete ad abbronzarvi al sole del suo Amore. [&#8230;] Allora vi prego, chiedete come un bambino a Ges\u00f9 questa grande grazia di avere il cuore infiammato d\u2019amore per infiammare il mondo!<\/p>\t\t\t\t\t\t\t\t<\/div>\n\t\t\t\t<\/div>\n\t\t\t\t<div class=\"elementor-element elementor-element-36d38d7d sourcecitation elementor-widget elementor-widget-heading\" data-id=\"36d38d7d\" data-element_type=\"widget\" data-e-type=\"widget\" data-widget_type=\"heading.default\">\n\t\t\t\t<div class=\"elementor-widget-container\">\n\t\t\t\t\t<p class=\"elementor-heading-title elementor-size-large\">SESSIONE DI PARAY 09-21\/07\/1977 \n\n<\/p>\t\t\t\t<\/div>\n\t\t\t\t<\/div>\n\t\t\t\t\t<\/div>\n\t\t<\/div>\n\t\t\t\t\t<\/div>\n\t\t<\/section>\n\t\t\t\t<section class=\"elementor-section elementor-top-section elementor-element elementor-element-501d9ec7 elementor-section-boxed elementor-section-height-default elementor-section-height-default\" data-id=\"501d9ec7\" data-element_type=\"section\" data-e-type=\"section\">\n\t\t\t\t\t\t<div class=\"elementor-container elementor-column-gap-default\">\n\t\t\t\t\t<div class=\"elementor-column elementor-col-100 elementor-top-column elementor-element elementor-element-406b430\" data-id=\"406b430\" data-element_type=\"column\" data-e-type=\"column\">\n\t\t\t<div class=\"elementor-widget-wrap elementor-element-populated\">\n\t\t\t\t\t\t<div class=\"elementor-element elementor-element-70e6b944 elementor-widget elementor-widget-text-editor\" data-id=\"70e6b944\" data-element_type=\"widget\" data-e-type=\"widget\" data-widget_type=\"text-editor.default\">\n\t\t\t\t<div class=\"elementor-widget-container\">\n\t\t\t\t\t\t\t\t\t<p>Dobbiamo chiedere al Signore di metterci un fuoco nel cuore. Occorre metterci nel suo Cuore perch\u00e9 \u00e8 un braciere ardente che si comunica a noi!<\/p><p>Allora bruciamo come un tizzone. Ma se ardiamo di amore, \u00e8 tutta un\u2019altra cosa!<\/p>\t\t\t\t\t\t\t\t<\/div>\n\t\t\t\t<\/div>\n\t\t\t\t<div class=\"elementor-element elementor-element-27d20551 sourcecitation elementor-widget elementor-widget-heading\" data-id=\"27d20551\" data-element_type=\"widget\" data-e-type=\"widget\" data-widget_type=\"heading.default\">\n\t\t\t\t<div class=\"elementor-widget-container\">\n\t\t\t\t\t<p class=\"elementor-heading-title elementor-size-large\">RITIRO DELLA FRATERNIT\u00c0 DI GES\u00d9 09\/08\/1978\n\n<\/p>\t\t\t\t<\/div>\n\t\t\t\t<\/div>\n\t\t\t\t\t<\/div>\n\t\t<\/div>\n\t\t\t\t\t<\/div>\n\t\t<\/section>\n\t\t\t\t<section class=\"elementor-section elementor-top-section elementor-element elementor-element-d46dc28 elementor-section-boxed elementor-section-height-default elementor-section-height-default\" data-id=\"d46dc28\" data-element_type=\"section\" data-e-type=\"section\">\n\t\t\t\t\t\t<div class=\"elementor-container elementor-column-gap-default\">\n\t\t\t\t\t<div class=\"elementor-column elementor-col-100 elementor-top-column elementor-element elementor-element-5cd4f8a7\" data-id=\"5cd4f8a7\" data-element_type=\"column\" data-e-type=\"column\">\n\t\t\t<div class=\"elementor-widget-wrap elementor-element-populated\">\n\t\t\t\t\t\t<div class=\"elementor-element elementor-element-207553bb elementor-widget elementor-widget-text-editor\" data-id=\"207553bb\" data-element_type=\"widget\" data-e-type=\"widget\" data-widget_type=\"text-editor.default\">\n\t\t\t\t<div class=\"elementor-widget-container\">\n\t\t\t\t\t\t\t\t\t<p>Dio vuole, al posto del nostro cuore di pietra, comunicarci il suo ardente desiderio di salvare le anime\u2026 Per questo vuole toccare il nostro cuore con il suo Amore, trafiggerlo, infrangerlo. Scoprendo la nostra miseria, entriamo nella sua Misericordia. [&#8230;] Nell\u2019adorazione Ges\u00f9 vuole darci la compassione del suo Cuore, la mitezza del suo Cuore. Spezza il nostro orgoglio, la nostra volont\u00e0, ci mette alla sua scuola: \u201cGes\u00f9, mite e umile di cuore, rendi i nostri cuori simili al tuo\u201d.<\/p>\t\t\t\t\t\t\t\t<\/div>\n\t\t\t\t<\/div>\n\t\t\t\t<div class=\"elementor-element elementor-element-4ed45aa4 sourcecitation elementor-widget elementor-widget-heading\" data-id=\"4ed45aa4\" data-element_type=\"widget\" data-e-type=\"widget\" data-widget_type=\"heading.default\">\n\t\t\t\t<div class=\"elementor-widget-container\">\n\t\t\t\t\t<p class=\"elementor-heading-title elementor-size-large\">NOTE PREPARATORIE A UN INSEGNAMENTO 24\/06\/1980\n\n<\/p>\t\t\t\t<\/div>\n\t\t\t\t<\/div>\n\t\t\t\t\t<\/div>\n\t\t<\/div>\n\t\t\t\t\t<\/div>\n\t\t<\/section>\n\t\t\t\t<section class=\"elementor-section elementor-top-section elementor-element elementor-element-7edd983d elementor-section-boxed elementor-section-height-default elementor-section-height-default\" data-id=\"7edd983d\" data-element_type=\"section\" data-e-type=\"section\">\n\t\t\t\t\t\t<div class=\"elementor-container elementor-column-gap-default\">\n\t\t\t\t\t<div class=\"elementor-column elementor-col-100 elementor-top-column elementor-element elementor-element-7ccf18f\" data-id=\"7ccf18f\" data-element_type=\"column\" data-e-type=\"column\">\n\t\t\t<div class=\"elementor-widget-wrap elementor-element-populated\">\n\t\t\t\t\t\t<div class=\"elementor-element elementor-element-4f6ac8fd elementor-widget elementor-widget-text-editor\" data-id=\"4f6ac8fd\" data-element_type=\"widget\" data-e-type=\"widget\" data-widget_type=\"text-editor.default\">\n\t\t\t\t<div class=\"elementor-widget-container\">\n\t\t\t\t\t\t\t\t\t<p>Se entriamo sempre di pi\u00f9 nel suo Cuore, arriveremo sempre di pi\u00f9 ad essere rilassati e fiduciosi, e pieni di amore.<\/p>\t\t\t\t\t\t\t\t<\/div>\n\t\t\t\t<\/div>\n\t\t\t\t<div class=\"elementor-element elementor-element-2a336a16 sourcecitation elementor-widget elementor-widget-heading\" data-id=\"2a336a16\" data-element_type=\"widget\" data-e-type=\"widget\" data-widget_type=\"heading.default\">\n\t\t\t\t<div class=\"elementor-widget-container\">\n\t\t\t\t\t<p class=\"elementor-heading-title elementor-size-large\">RITIRO DELLA FRATERNIT\u00c0 DI GES\u00d9 08\/1979 \n\n<\/p>\t\t\t\t<\/div>\n\t\t\t\t<\/div>\n\t\t\t\t\t<\/div>\n\t\t<\/div>\n\t\t\t\t\t<\/div>\n\t\t<\/section>\n\t\t\t\t<section class=\"elementor-section elementor-top-section elementor-element elementor-element-4d983cc5 elementor-section-boxed elementor-section-height-default elementor-section-height-default\" data-id=\"4d983cc5\" data-element_type=\"section\" data-e-type=\"section\">\n\t\t\t\t\t\t<div class=\"elementor-container elementor-column-gap-default\">\n\t\t\t\t\t<div class=\"elementor-column elementor-col-100 elementor-top-column elementor-element elementor-element-6d9e3314\" data-id=\"6d9e3314\" data-element_type=\"column\" data-e-type=\"column\">\n\t\t\t<div class=\"elementor-widget-wrap elementor-element-populated\">\n\t\t\t\t\t\t<div class=\"elementor-element elementor-element-69db3291 elementor-widget elementor-widget-text-editor\" data-id=\"69db3291\" data-element_type=\"widget\" data-e-type=\"widget\" data-widget_type=\"text-editor.default\">\n\t\t\t\t<div class=\"elementor-widget-container\">\n\t\t\t\t\t\t\t\t\t<p>Il Signore ci ama infinitamente, dobbiamo crederlo e viverlo. Per questo, pregare sempre di pi\u00f9, passare del tempo nella preghiera. Madre Teresa diceva: \u201cSe volete pregare meglio, pregate di pi\u00f9\u201d. Cos\u00ec, entriamo nel suo Cuore e comprendiamo la sua Misericordia.<\/p>\t\t\t\t\t\t\t\t<\/div>\n\t\t\t\t<\/div>\n\t\t\t\t<div class=\"elementor-element elementor-element-2ab8ee5 sourcecitation elementor-widget elementor-widget-heading\" data-id=\"2ab8ee5\" data-element_type=\"widget\" data-e-type=\"widget\" data-widget_type=\"heading.default\">\n\t\t\t\t<div class=\"elementor-widget-container\">\n\t\t\t\t\t<p class=\"elementor-heading-title elementor-size-large\">WEEKEND COMUNITARIO\n18-19\/06\/1977\n<\/p>\t\t\t\t<\/div>\n\t\t\t\t<\/div>\n\t\t\t\t\t<\/div>\n\t\t<\/div>\n\t\t\t\t\t<\/div>\n\t\t<\/section>\n\t\t\t\t<section class=\"elementor-section elementor-top-section elementor-element elementor-element-67a61886 elementor-section-boxed elementor-section-height-default elementor-section-height-default\" data-id=\"67a61886\" data-element_type=\"section\" data-e-type=\"section\">\n\t\t\t\t\t\t<div class=\"elementor-container elementor-column-gap-default\">\n\t\t\t\t\t<div class=\"elementor-column elementor-col-100 elementor-top-column elementor-element elementor-element-4ffc123c\" data-id=\"4ffc123c\" data-element_type=\"column\" data-e-type=\"column\">\n\t\t\t<div class=\"elementor-widget-wrap elementor-element-populated\">\n\t\t\t\t\t\t<div class=\"elementor-element elementor-element-7ca59e56 elementor-widget elementor-widget-text-editor\" data-id=\"7ca59e56\" data-element_type=\"widget\" data-e-type=\"widget\" data-widget_type=\"text-editor.default\">\n\t\t\t\t<div class=\"elementor-widget-container\">\n\t\t\t\t\t\t\t\t\t<p>Se attiviamo le nostre antenne (le virt\u00f9 teologali), sentiamo il Signore che ci parla \u2013 anche con dei trucchi ridicoli \u2013 perch\u00e9 il Signore \u00e8 presente e lo sentiamo\u2026. Non basta sentire, occorre ascoltare e fare quello che Lui ci dice. E Lui ci dice: \u201cCambia il tuo cuore\u201d o meglio \u201cDammi il tuo cuore e io lo cambier\u00f2\u201d.<\/p>\t\t\t\t\t\t\t\t<\/div>\n\t\t\t\t<\/div>\n\t\t\t\t<div class=\"elementor-element elementor-element-73af8dcf sourcecitation elementor-widget elementor-widget-heading\" data-id=\"73af8dcf\" data-element_type=\"widget\" data-e-type=\"widget\" data-widget_type=\"heading.default\">\n\t\t\t\t<div class=\"elementor-widget-container\">\n\t\t\t\t\t<p class=\"elementor-heading-title elementor-size-large\">CICLO DI WEEKEND PER GIOVANI 23-24\/01\/1982\n\n<\/p>\t\t\t\t<\/div>\n\t\t\t\t<\/div>\n\t\t\t\t\t<\/div>\n\t\t<\/div>\n\t\t\t\t\t<\/div>\n\t\t<\/section>\n\t\t\t\t<section class=\"elementor-section elementor-top-section elementor-element elementor-element-1415d167 elementor-section-boxed elementor-section-height-default elementor-section-height-default\" data-id=\"1415d167\" data-element_type=\"section\" data-e-type=\"section\">\n\t\t\t\t\t\t<div class=\"elementor-container elementor-column-gap-default\">\n\t\t\t\t\t<div class=\"elementor-column elementor-col-100 elementor-top-column elementor-element elementor-element-336bc76\" data-id=\"336bc76\" data-element_type=\"column\" data-e-type=\"column\">\n\t\t\t<div class=\"elementor-widget-wrap elementor-element-populated\">\n\t\t\t\t\t\t<div class=\"elementor-element elementor-element-284f102b citationserif elementor-widget elementor-widget-heading\" data-id=\"284f102b\" data-element_type=\"widget\" data-e-type=\"widget\" data-settings=\"{&quot;_animation&quot;:&quot;none&quot;}\" data-widget_type=\"heading.default\">\n\t\t\t\t<div class=\"elementor-widget-container\">\n\t\t\t\t\t<h4 class=\"elementor-heading-title elementor-size-medium\">Cuore mite e umile<\/h4>\t\t\t\t<\/div>\n\t\t\t\t<\/div>\n\t\t\t\t\t<\/div>\n\t\t<\/div>\n\t\t\t\t\t<\/div>\n\t\t<\/section>\n\t\t\t\t<section class=\"elementor-section elementor-top-section elementor-element elementor-element-5b695528 elementor-section-boxed elementor-section-height-default elementor-section-height-default\" data-id=\"5b695528\" data-element_type=\"section\" data-e-type=\"section\">\n\t\t\t\t\t\t<div class=\"elementor-container elementor-column-gap-default\">\n\t\t\t\t\t<div class=\"elementor-column elementor-col-100 elementor-top-column elementor-element elementor-element-67d8be72\" data-id=\"67d8be72\" data-element_type=\"column\" data-e-type=\"column\">\n\t\t\t<div class=\"elementor-widget-wrap elementor-element-populated\">\n\t\t\t\t\t\t<div class=\"elementor-element elementor-element-6bc56d54 elementor-widget elementor-widget-text-editor\" data-id=\"6bc56d54\" data-element_type=\"widget\" data-e-type=\"widget\" data-widget_type=\"text-editor.default\">\n\t\t\t\t<div class=\"elementor-widget-container\">\n\t\t\t\t\t\t\t\t\t<p>Veramente la via del Signore \u00e8 Ges\u00f9 mite e umile di cuore. \u00c8 un cammino straordinario. Se siamo miti e umili di cuore, Lui ci trafigger\u00e0 il cuore con delicatezza. E riceveremo flutti di acqua viva di compassione. E saremo trasportati fino alla vita eterna.<\/p>\t\t\t\t\t\t\t\t<\/div>\n\t\t\t\t<\/div>\n\t\t\t\t<div class=\"elementor-element elementor-element-260bb986 sourcecitation elementor-widget elementor-widget-heading\" data-id=\"260bb986\" data-element_type=\"widget\" data-e-type=\"widget\" data-widget_type=\"heading.default\">\n\t\t\t\t<div class=\"elementor-widget-container\">\n\t\t\t\t\t<p class=\"elementor-heading-title elementor-size-large\">RITIRO DELLA FRATERNIT\u00c0 DI GES\u00d9 30-31\/12\/1977<\/p>\t\t\t\t<\/div>\n\t\t\t\t<\/div>\n\t\t\t\t\t<\/div>\n\t\t<\/div>\n\t\t\t\t\t<\/div>\n\t\t<\/section>\n\t\t\t\t<section class=\"elementor-section elementor-top-section elementor-element elementor-element-2eb82935 elementor-section-boxed elementor-section-height-default elementor-section-height-default\" data-id=\"2eb82935\" data-element_type=\"section\" data-e-type=\"section\">\n\t\t\t\t\t\t<div class=\"elementor-container elementor-column-gap-default\">\n\t\t\t\t\t<div class=\"elementor-column elementor-col-100 elementor-top-column elementor-element elementor-element-7ee41637\" data-id=\"7ee41637\" data-element_type=\"column\" data-e-type=\"column\">\n\t\t\t<div class=\"elementor-widget-wrap elementor-element-populated\">\n\t\t\t\t\t\t<div class=\"elementor-element elementor-element-66f67db6 elementor-widget elementor-widget-text-editor\" data-id=\"66f67db6\" data-element_type=\"widget\" data-e-type=\"widget\" data-widget_type=\"text-editor.default\">\n\t\t\t\t<div class=\"elementor-widget-container\">\n\t\t\t\t\t\t\t\t\t<p>L\u2019essenziale \u00e8 il Signore, \u00e8 la vita interiore, \u00e8 l\u2019adorazione, \u00e8 la preghiera. Se non si vive nella preghiera, nell\u2019adorazione e nell\u2019umilt\u00e0 e la mitezza del Cuore del Signore, tutto il resto non serve a niente.<\/p>\t\t\t\t\t\t\t\t<\/div>\n\t\t\t\t<\/div>\n\t\t\t\t<div class=\"elementor-element elementor-element-4482b5da sourcecitation elementor-widget elementor-widget-heading\" data-id=\"4482b5da\" data-element_type=\"widget\" data-e-type=\"widget\" data-widget_type=\"heading.default\">\n\t\t\t\t<div class=\"elementor-widget-container\">\n\t\t\t\t\t<p class=\"elementor-heading-title elementor-size-large\">RITIRO DELLA FRATERNIT\u00c0 DI GES\u00d9 08\/1979 <\/p>\t\t\t\t<\/div>\n\t\t\t\t<\/div>\n\t\t\t\t\t<\/div>\n\t\t<\/div>\n\t\t\t\t\t<\/div>\n\t\t<\/section>\n\t\t\t\t<section class=\"elementor-section elementor-top-section elementor-element elementor-element-12e456c9 elementor-section-boxed elementor-section-height-default elementor-section-height-default\" data-id=\"12e456c9\" data-element_type=\"section\" data-e-type=\"section\">\n\t\t\t\t\t\t<div class=\"elementor-container elementor-column-gap-default\">\n\t\t\t\t\t<div class=\"elementor-column elementor-col-100 elementor-top-column elementor-element elementor-element-7c577cb5\" data-id=\"7c577cb5\" data-element_type=\"column\" data-e-type=\"column\">\n\t\t\t<div class=\"elementor-widget-wrap elementor-element-populated\">\n\t\t\t\t\t\t<div class=\"elementor-element elementor-element-11fd642c elementor-widget elementor-widget-text-editor\" data-id=\"11fd642c\" data-element_type=\"widget\" data-e-type=\"widget\" data-widget_type=\"text-editor.default\">\n\t\t\t\t<div class=\"elementor-widget-container\">\n\t\t\t\t\t\t\t\t\t<p>\u201cSignore, insegnaci a diventare umili, miti e umili di cuore\u2026. Cuore di Ges\u00f9, mite e umile di Cuore, rendi il nostro cuore simile al tuo\u201d. \u00c8 la nostra vocazione. E veramente dobbiamo sentirlo in profondit\u00e0. Questo lo si prende nelle grazie di adorazione perch\u00e9, nell\u2019adorazione, il Signore veramente ci parla Cuore a cuore e ci istruisce dolcemente come faceva con Maria [la sorella di Marta]: lei aveva scelto la parte migliore! \u2026 Senza che lo sapessimo il Signore ci ha fatto scegliere la parte migliore.<\/p>\t\t\t\t\t\t\t\t<\/div>\n\t\t\t\t<\/div>\n\t\t\t\t<div class=\"elementor-element elementor-element-47383516 sourcecitation elementor-widget elementor-widget-heading\" data-id=\"47383516\" data-element_type=\"widget\" data-e-type=\"widget\" data-widget_type=\"heading.default\">\n\t\t\t\t<div class=\"elementor-widget-container\">\n\t\t\t\t\t<p class=\"elementor-heading-title elementor-size-large\">RITIRO DELLA FRATERNIT\u00c0 DI GES\u00d9 30\/12\/1982<\/p>\t\t\t\t<\/div>\n\t\t\t\t<\/div>\n\t\t\t\t\t<\/div>\n\t\t<\/div>\n\t\t\t\t\t<\/div>\n\t\t<\/section>\n\t\t\t\t<section class=\"elementor-section elementor-top-section elementor-element elementor-element-27905152 elementor-section-boxed elementor-section-height-default elementor-section-height-default\" data-id=\"27905152\" data-element_type=\"section\" data-e-type=\"section\">\n\t\t\t\t\t\t<div class=\"elementor-container elementor-column-gap-default\">\n\t\t\t\t\t<div class=\"elementor-column elementor-col-100 elementor-top-column elementor-element elementor-element-36d502f1\" data-id=\"36d502f1\" data-element_type=\"column\" data-e-type=\"column\">\n\t\t\t<div class=\"elementor-widget-wrap elementor-element-populated\">\n\t\t\t\t\t\t<div class=\"elementor-element elementor-element-54b86f7b elementor-widget elementor-widget-text-editor\" data-id=\"54b86f7b\" data-element_type=\"widget\" data-e-type=\"widget\" data-widget_type=\"text-editor.default\">\n\t\t\t\t<div class=\"elementor-widget-container\">\n\t\t\t\t\t\t\t\t\t<p>Ges\u00f9 parla del proprio Cuore che ha tanto amato gli uomini e ci dice: \u201cIl segreto \u00e8: imparate da Me \u2013 questo \u00e8 il suo insegnamento \u2013 che sono mite e umile di Cuore e troverete ristoro per le vostre anime\u201d. E se un giorno non foste in pace, ditevi: \u201cSono veramente nella mitezza dei forti? Chiedo nella preghiera questa mitezza? Chiedo al Signore, veramente, di portarmi il suo Spirito e di essere mite? Di essere mite dell\u2019Amore di Ges\u00f9?\u201d. Non possiamo farlo da soli, ma con lui lo possiamo. E in quel momento ritroveremo la pace, la pace che il Signore dona e non la pace che dona il mondo. Allora ripetiamolo sempre! [&#8230;] Ges\u00f9, veramente, donaci questo segreto!<\/p>\t\t\t\t\t\t\t\t<\/div>\n\t\t\t\t<\/div>\n\t\t\t\t<div class=\"elementor-element elementor-element-180c278e sourcecitation elementor-widget elementor-widget-heading\" data-id=\"180c278e\" data-element_type=\"widget\" data-e-type=\"widget\" data-widget_type=\"heading.default\">\n\t\t\t\t<div class=\"elementor-widget-container\">\n\t\t\t\t\t<p class=\"elementor-heading-title elementor-size-large\">RITIRO DELLA FRATERNIT\u00c0 DI GES\u00d9 30-31\/12\/1977\n\n<\/p>\t\t\t\t<\/div>\n\t\t\t\t<\/div>\n\t\t\t\t\t<\/div>\n\t\t<\/div>\n\t\t\t\t\t<\/div>\n\t\t<\/section>\n\t\t\t\t<section class=\"elementor-section elementor-top-section elementor-element elementor-element-24cd227 elementor-section-boxed elementor-section-height-default elementor-section-height-default\" data-id=\"24cd227\" data-element_type=\"section\" data-e-type=\"section\">\n\t\t\t\t\t\t<div class=\"elementor-container elementor-column-gap-default\">\n\t\t\t\t\t<div class=\"elementor-column elementor-col-100 elementor-top-column elementor-element elementor-element-a0593b5\" data-id=\"a0593b5\" data-element_type=\"column\" data-e-type=\"column\">\n\t\t\t<div class=\"elementor-widget-wrap elementor-element-populated\">\n\t\t\t\t\t\t<div class=\"elementor-element elementor-element-a5167e4 citationserif elementor-widget elementor-widget-heading\" data-id=\"a5167e4\" data-element_type=\"widget\" data-e-type=\"widget\" data-settings=\"{&quot;_animation&quot;:&quot;none&quot;}\" data-widget_type=\"heading.default\">\n\t\t\t\t<div class=\"elementor-widget-container\">\n\t\t\t\t\t<h4 class=\"elementor-heading-title elementor-size-medium\">Difficolt\u00e0 nella preghiera<\/h4>\t\t\t\t<\/div>\n\t\t\t\t<\/div>\n\t\t\t\t\t<\/div>\n\t\t<\/div>\n\t\t\t\t\t<\/div>\n\t\t<\/section>\n\t\t\t\t<section class=\"elementor-section elementor-top-section elementor-element elementor-element-175606db elementor-section-boxed elementor-section-height-default elementor-section-height-default\" data-id=\"175606db\" data-element_type=\"section\" data-e-type=\"section\">\n\t\t\t\t\t\t<div class=\"elementor-container elementor-column-gap-default\">\n\t\t\t\t\t<div class=\"elementor-column elementor-col-100 elementor-top-column elementor-element elementor-element-5321809b\" data-id=\"5321809b\" data-element_type=\"column\" data-e-type=\"column\">\n\t\t\t<div class=\"elementor-widget-wrap elementor-element-populated\">\n\t\t\t\t\t\t<div class=\"elementor-element elementor-element-14532ae6 elementor-widget elementor-widget-text-editor\" data-id=\"14532ae6\" data-element_type=\"widget\" data-e-type=\"widget\" data-widget_type=\"text-editor.default\">\n\t\t\t\t<div class=\"elementor-widget-container\">\n\t\t\t\t\t\t\t\t\t<p>\u201cAdesso, rimani sul Cuore di Cristo, amalo, impara a essere amato e lasciati amare\u201d.<\/p>\t\t\t\t\t\t\t\t<\/div>\n\t\t\t\t<\/div>\n\t\t\t\t<div class=\"elementor-element elementor-element-7ca8ee2d sourcecitation elementor-widget elementor-widget-heading\" data-id=\"7ca8ee2d\" data-element_type=\"widget\" data-e-type=\"widget\" data-widget_type=\"heading.default\">\n\t\t\t\t<div class=\"elementor-widget-container\">\n\t\t\t\t\t<p class=\"elementor-heading-title elementor-size-large\">PRIMA SESSIONE ESTIVA A PARAY-LE-MONIAL 16\/07\/1975\n\n<\/p>\t\t\t\t<\/div>\n\t\t\t\t<\/div>\n\t\t\t\t\t<\/div>\n\t\t<\/div>\n\t\t\t\t\t<\/div>\n\t\t<\/section>\n\t\t\t\t<section class=\"elementor-section elementor-top-section elementor-element elementor-element-50b5e651 animated-slow elementor-section-boxed elementor-section-height-default elementor-section-height-default elementor-invisible\" data-id=\"50b5e651\" data-element_type=\"section\" data-e-type=\"section\" data-settings=\"{&quot;animation&quot;:&quot;fadeIn&quot;}\">\n\t\t\t\t\t\t<div class=\"elementor-container elementor-column-gap-default\">\n\t\t\t\t\t<div class=\"elementor-column elementor-col-100 elementor-top-column elementor-element elementor-element-3899bba1\" data-id=\"3899bba1\" data-element_type=\"column\" data-e-type=\"column\">\n\t\t\t<div class=\"elementor-widget-wrap elementor-element-populated\">\n\t\t\t\t\t\t<div class=\"elementor-element elementor-element-44097408 citationserif elementor-invisible elementor-widget elementor-widget-heading\" data-id=\"44097408\" data-element_type=\"widget\" data-e-type=\"widget\" data-settings=\"{&quot;_animation&quot;:&quot;fadeIn&quot;}\" data-widget_type=\"heading.default\">\n\t\t\t\t<div class=\"elementor-widget-container\">\n\t\t\t\t\t<h3 class=\"elementor-heading-title elementor-size-default\">Vivevo dell\u2019adorazione e pregavo nell\u2019adorazione <br \/>eucaristica e il Sacro Cuore.\n\n<\/h3>\t\t\t\t<\/div>\n\t\t\t\t<\/div>\n\t\t\t\t<div class=\"elementor-element elementor-element-643a8e2b sourcecitation elementor-widget elementor-widget-heading\" data-id=\"643a8e2b\" data-element_type=\"widget\" data-e-type=\"widget\" data-widget_type=\"heading.default\">\n\t\t\t\t<div class=\"elementor-widget-container\">\n\t\t\t\t\t<p class=\"elementor-heading-title elementor-size-large\">INTERVISTA FATTA A PIERRE DA JEAN-MARC E FRAN\u00c7OU MORIN A SAINT-MAURICE 5-8\/08\/1988\n\n<\/p>\t\t\t\t<\/div>\n\t\t\t\t<\/div>\n\t\t\t\t\t<\/div>\n\t\t<\/div>\n\t\t\t\t\t<\/div>\n\t\t<\/section>\n\t\t\t\t<section class=\"elementor-section elementor-top-section elementor-element elementor-element-5f3fc0be elementor-section-boxed elementor-section-height-default elementor-section-height-default\" data-id=\"5f3fc0be\" data-element_type=\"section\" data-e-type=\"section\">\n\t\t\t\t\t\t<div class=\"elementor-container elementor-column-gap-default\">\n\t\t\t\t\t<div class=\"elementor-column elementor-col-100 elementor-top-column elementor-element elementor-element-43367a1a\" data-id=\"43367a1a\" data-element_type=\"column\" data-e-type=\"column\">\n\t\t\t<div class=\"elementor-widget-wrap elementor-element-populated\">\n\t\t\t\t\t\t<div class=\"elementor-element elementor-element-5f8daf2a elementor-widget elementor-widget-text-editor\" data-id=\"5f8daf2a\" data-element_type=\"widget\" data-e-type=\"widget\" data-widget_type=\"text-editor.default\">\n\t\t\t\t<div class=\"elementor-widget-container\">\n\t\t\t\t\t\t\t\t\t<p>Questa gioia la troviamo veramente nell\u2019adorazione dell\u2019Eucarestia, \u00e8 veramente la nostra forza. Ed \u00e8 veramente, direi, la nostra specificit\u00e0, perch\u00e9 \u00e8 l\u00ec che veramente ci riconoscono; [\u00e8 l\u00ec] che siamo veramente nel Cuore del Signore.<\/p>\t\t\t\t\t\t\t\t<\/div>\n\t\t\t\t<\/div>\n\t\t\t\t<div class=\"elementor-element elementor-element-223f5d65 sourcecitation elementor-widget elementor-widget-heading\" data-id=\"223f5d65\" data-element_type=\"widget\" data-e-type=\"widget\" data-widget_type=\"heading.default\">\n\t\t\t\t<div class=\"elementor-widget-container\">\n\t\t\t\t\t<p class=\"elementor-heading-title elementor-size-large\">RITIRO DELLA FRATERNIT\u00c0 DI GES\u00d9 08\/1979 \n\n<\/p>\t\t\t\t<\/div>\n\t\t\t\t<\/div>\n\t\t\t\t\t<\/div>\n\t\t<\/div>\n\t\t\t\t\t<\/div>\n\t\t<\/section>\n\t\t\t\t<section class=\"elementor-section elementor-top-section elementor-element elementor-element-506868b elementor-section-boxed elementor-section-height-default elementor-section-height-default\" data-id=\"506868b\" data-element_type=\"section\" data-e-type=\"section\">\n\t\t\t\t\t\t<div class=\"elementor-container elementor-column-gap-default\">\n\t\t\t\t\t<div class=\"elementor-column elementor-col-100 elementor-top-column elementor-element elementor-element-5d182d2\" data-id=\"5d182d2\" data-element_type=\"column\" data-e-type=\"column\">\n\t\t\t<div class=\"elementor-widget-wrap elementor-element-populated\">\n\t\t\t\t\t\t<div class=\"elementor-element elementor-element-52c6f4b citationserif elementor-widget elementor-widget-heading\" data-id=\"52c6f4b\" data-element_type=\"widget\" data-e-type=\"widget\" data-settings=\"{&quot;_animation&quot;:&quot;none&quot;}\" data-widget_type=\"heading.default\">\n\t\t\t\t<div class=\"elementor-widget-container\">\n\t\t\t\t\t<h4 class=\"elementor-heading-title elementor-size-medium\">Paray-le-Monial<\/h4>\t\t\t\t<\/div>\n\t\t\t\t<\/div>\n\t\t\t\t\t<\/div>\n\t\t<\/div>\n\t\t\t\t\t<\/div>\n\t\t<\/section>\n\t\t\t\t<section class=\"elementor-section elementor-top-section elementor-element elementor-element-32ff746e elementor-section-boxed elementor-section-height-default elementor-section-height-default\" data-id=\"32ff746e\" data-element_type=\"section\" data-e-type=\"section\">\n\t\t\t\t\t\t<div class=\"elementor-container elementor-column-gap-default\">\n\t\t\t\t\t<div class=\"elementor-column elementor-col-100 elementor-top-column elementor-element elementor-element-4835f073\" data-id=\"4835f073\" data-element_type=\"column\" data-e-type=\"column\">\n\t\t\t<div class=\"elementor-widget-wrap elementor-element-populated\">\n\t\t\t\t\t\t<div class=\"elementor-element elementor-element-146cc47d elementor-widget elementor-widget-text-editor\" data-id=\"146cc47d\" data-element_type=\"widget\" data-e-type=\"widget\" data-widget_type=\"text-editor.default\">\n\t\t\t\t<div class=\"elementor-widget-container\">\n\t\t\t\t\t\t\t\t\t<p>Dovete sapere che nel 1974 eravamo andati a V\u00e9zelay&#8230; V\u00e9zelay va molto bene, \u00e8 la Maddalena, \u00e8 la conversione: siamo ai piedi del Signore e ci convertiamo. Ma dopo dicevo: \u201cCi convertiamo, va molto bene stare ai piedi del Signore, ma c\u2019\u00e8 un luogo che forse \u00e8 ancora meglio: \u00e8 sul Suo Cuore\u201d. Allora ho detto: \u201cBeh, dovremmo andare a Paray-le- Monial. D\u2019altra parte, c\u2019\u00e8 una bella basilica e potremmo andare anche l\u00ec\u2026.\u201d.<\/p>\t\t\t\t\t\t\t\t<\/div>\n\t\t\t\t<\/div>\n\t\t\t\t<div class=\"elementor-element elementor-element-647e0d8f sourcecitation elementor-widget elementor-widget-heading\" data-id=\"647e0d8f\" data-element_type=\"widget\" data-e-type=\"widget\" data-widget_type=\"heading.default\">\n\t\t\t\t<div class=\"elementor-widget-container\">\n\t\t\t\t\t<p class=\"elementor-heading-title elementor-size-large\">RITIRO DELLA FRATERNIT\u00c0 DI GES\u00d9 30\/12\/82\n\n<\/p>\t\t\t\t<\/div>\n\t\t\t\t<\/div>\n\t\t\t\t\t<\/div>\n\t\t<\/div>\n\t\t\t\t\t<\/div>\n\t\t<\/section>\n\t\t\t\t<section class=\"elementor-section elementor-top-section elementor-element elementor-element-02d6388 animated-slow elementor-section-boxed elementor-section-height-default elementor-section-height-default elementor-invisible\" data-id=\"02d6388\" data-element_type=\"section\" data-e-type=\"section\" data-settings=\"{&quot;animation&quot;:&quot;fadeIn&quot;}\">\n\t\t\t\t\t\t<div class=\"elementor-container elementor-column-gap-default\">\n\t\t\t\t\t<div class=\"elementor-column elementor-col-100 elementor-top-column elementor-element elementor-element-01de09a\" data-id=\"01de09a\" data-element_type=\"column\" data-e-type=\"column\">\n\t\t\t<div class=\"elementor-widget-wrap elementor-element-populated\">\n\t\t\t\t\t\t<div class=\"elementor-element elementor-element-db051fb citationserif elementor-invisible elementor-widget elementor-widget-heading\" data-id=\"db051fb\" data-element_type=\"widget\" data-e-type=\"widget\" data-settings=\"{&quot;_animation&quot;:&quot;fadeIn&quot;}\" data-widget_type=\"heading.default\">\n\t\t\t\t<div class=\"elementor-widget-container\">\n\t\t\t\t\t<h3 class=\"elementor-heading-title elementor-size-default\">La grazia di Paray: \u00e8 veramente una grazia di amore <br \/>del Cuore trafitto. E anche grazie di pace. \n\n<\/h3>\t\t\t\t<\/div>\n\t\t\t\t<\/div>\n\t\t\t\t<div class=\"elementor-element elementor-element-61049b7 sourcecitation elementor-widget elementor-widget-heading\" data-id=\"61049b7\" data-element_type=\"widget\" data-e-type=\"widget\" data-widget_type=\"heading.default\">\n\t\t\t\t<div class=\"elementor-widget-container\">\n\t\t\t\t\t<p class=\"elementor-heading-title elementor-size-large\">SEMINARIO A TEMA \u201cDAL GRUPPO DI PREGHIERA ALLA COMUNIT\u00c0\u201d - SESSIONI DI PARAY 06\/07\/1979\n\n<\/p>\t\t\t\t<\/div>\n\t\t\t\t<\/div>\n\t\t\t\t\t<\/div>\n\t\t<\/div>\n\t\t\t\t\t<\/div>\n\t\t<\/section>\n\t\t\t\t<section class=\"elementor-section elementor-top-section elementor-element elementor-element-5b83cc5b elementor-section-boxed elementor-section-height-default elementor-section-height-default\" data-id=\"5b83cc5b\" data-element_type=\"section\" data-e-type=\"section\">\n\t\t\t\t\t\t<div class=\"elementor-container elementor-column-gap-default\">\n\t\t\t\t\t<div class=\"elementor-column elementor-col-100 elementor-top-column elementor-element elementor-element-59398a69\" data-id=\"59398a69\" data-element_type=\"column\" data-e-type=\"column\">\n\t\t\t<div class=\"elementor-widget-wrap elementor-element-populated\">\n\t\t\t\t\t\t<div class=\"elementor-element elementor-element-4247253b elementor-widget elementor-widget-text-editor\" data-id=\"4247253b\" data-element_type=\"widget\" data-e-type=\"widget\" data-widget_type=\"text-editor.default\">\n\t\t\t\t<div class=\"elementor-widget-container\">\n\t\t\t\t\t\t\t\t\t<p>Siamo andati allora a Paray, \u00e8 andata bene, ed \u00e8 andata troppo bene perch\u00e9 non si sapeva pi\u00f9 dove alloggiare la gente. E avevo sempre in mente: \u201cMa in fin dei conti, abbiamo assolutamente bisogno di rimanere a Paray? \u00c8 veramente un luogo speciale? Perch\u00e9?\u201d. E il Signore ci diceva: \u201cIo sono povero, ho vissuto poveramente, arrangiatevi, rimanete l\u00ec\u201d. E mi dicevo: \u201cNon \u00e8 pratico andare l\u00ec, e non avere locali, n\u00e9 hotel, n\u00e9 niente di niente. Insomma, \u00e8 cos\u00ec!\u201d.<\/p>\t\t\t\t\t\t\t\t<\/div>\n\t\t\t\t<\/div>\n\t\t\t\t<div class=\"elementor-element elementor-element-68f688f7 sourcecitation elementor-widget elementor-widget-heading\" data-id=\"68f688f7\" data-element_type=\"widget\" data-e-type=\"widget\" data-widget_type=\"heading.default\">\n\t\t\t\t<div class=\"elementor-widget-container\">\n\t\t\t\t\t<p class=\"elementor-heading-title elementor-size-large\">RITIRO DELLA FRATERNIT\u00c0 DI GES\u00d9 30\/12\/1982\n\n<\/p>\t\t\t\t<\/div>\n\t\t\t\t<\/div>\n\t\t\t\t\t<\/div>\n\t\t<\/div>\n\t\t\t\t\t<\/div>\n\t\t<\/section>\n\t\t\t\t<section class=\"elementor-section elementor-top-section elementor-element elementor-element-5e25bb64 elementor-section-boxed elementor-section-height-default elementor-section-height-default\" data-id=\"5e25bb64\" data-element_type=\"section\" data-e-type=\"section\">\n\t\t\t\t\t\t<div class=\"elementor-container elementor-column-gap-default\">\n\t\t\t\t\t<div class=\"elementor-column elementor-col-100 elementor-top-column elementor-element elementor-element-37e3e25e\" data-id=\"37e3e25e\" data-element_type=\"column\" data-e-type=\"column\">\n\t\t\t<div class=\"elementor-widget-wrap elementor-element-populated\">\n\t\t\t\t\t\t<div class=\"elementor-element elementor-element-5ec3c6eb elementor-widget elementor-widget-text-editor\" data-id=\"5ec3c6eb\" data-element_type=\"widget\" data-e-type=\"widget\" data-widget_type=\"text-editor.default\">\n\t\t\t\t<div class=\"elementor-widget-container\">\n\t\t\t\t\t\t\t\t\t<p>Siamo a Paray-le-Monial, vicini al Cuore di Ges\u00f9, ed \u00e8 qui che veramente dobbiamo chiedere e supplicare di avere il carisma dei carismi: \u00e8 la carit\u00e0. Ed \u00e8 qui che il Signore deve ardere il nostro cuore.<\/p>\t\t\t\t\t\t\t\t<\/div>\n\t\t\t\t<\/div>\n\t\t\t\t<div class=\"elementor-element elementor-element-4497d8a sourcecitation elementor-widget elementor-widget-heading\" data-id=\"4497d8a\" data-element_type=\"widget\" data-e-type=\"widget\" data-widget_type=\"heading.default\">\n\t\t\t\t<div class=\"elementor-widget-container\">\n\t\t\t\t\t<p class=\"elementor-heading-title elementor-size-large\">INCONTRO AFRICA FRANCOFONA, PARAY-LE-MONIAL 12-16\/07\/1979<\/p>\t\t\t\t<\/div>\n\t\t\t\t<\/div>\n\t\t\t\t\t<\/div>\n\t\t<\/div>\n\t\t\t\t\t<\/div>\n\t\t<\/section>\n\t\t\t\t<section class=\"elementor-section elementor-top-section elementor-element elementor-element-6d9e9be elementor-section-boxed elementor-section-height-default elementor-section-height-default\" data-id=\"6d9e9be\" data-element_type=\"section\" data-e-type=\"section\">\n\t\t\t\t\t\t<div class=\"elementor-container elementor-column-gap-default\">\n\t\t\t\t\t<div class=\"elementor-column elementor-col-100 elementor-top-column elementor-element elementor-element-60b87ed3\" data-id=\"60b87ed3\" data-element_type=\"column\" data-e-type=\"column\">\n\t\t\t<div class=\"elementor-widget-wrap elementor-element-populated\">\n\t\t\t\t\t\t<div class=\"elementor-element elementor-element-1da921fd elementor-widget elementor-widget-text-editor\" data-id=\"1da921fd\" data-element_type=\"widget\" data-e-type=\"widget\" data-widget_type=\"text-editor.default\">\n\t\t\t\t<div class=\"elementor-widget-container\">\n\t\t\t\t\t\t\t\t\t<p>La cosa importante \u00e8 il Cuore. Siamo venuti a Paray, sappiamo di che cosa si tratta. Conosciamo a met\u00e0 il Cuore di Ges\u00f9, per come Ges\u00f9 parla del proprio Cuore che ha tanto amato gli uomini. E ci dice: \u201cIl segreto \u00e8: imparate da Me \u2013 \u00e8 questo il suo insegnamento &#8211; che sono mite e umile di cuore e troverete ristoro per le vostre anime\u201d.<\/p>\t\t\t\t\t\t\t\t<\/div>\n\t\t\t\t<\/div>\n\t\t\t\t<div class=\"elementor-element elementor-element-60099f68 sourcecitation elementor-widget elementor-widget-heading\" data-id=\"60099f68\" data-element_type=\"widget\" data-e-type=\"widget\" data-widget_type=\"heading.default\">\n\t\t\t\t<div class=\"elementor-widget-container\">\n\t\t\t\t\t<p class=\"elementor-heading-title elementor-size-large\">RITIRO DELLA FRATERNIT\u00c0 DI GES\u00d9 30-31\/12\/1977\n\n<\/p>\t\t\t\t<\/div>\n\t\t\t\t<\/div>\n\t\t\t\t\t<\/div>\n\t\t<\/div>\n\t\t\t\t\t<\/div>\n\t\t<\/section>\n\t\t\t\t<section class=\"elementor-section elementor-top-section elementor-element elementor-element-5d62eed6 animated-slow elementor-section-boxed elementor-section-height-default elementor-section-height-default elementor-invisible\" data-id=\"5d62eed6\" data-element_type=\"section\" data-e-type=\"section\" data-settings=\"{&quot;animation&quot;:&quot;fadeIn&quot;}\">\n\t\t\t\t\t\t<div class=\"elementor-container elementor-column-gap-default\">\n\t\t\t\t\t<div class=\"elementor-column elementor-col-100 elementor-top-column elementor-element elementor-element-72ad48b6\" data-id=\"72ad48b6\" data-element_type=\"column\" data-e-type=\"column\">\n\t\t\t<div class=\"elementor-widget-wrap elementor-element-populated\">\n\t\t\t\t\t\t<div class=\"elementor-element elementor-element-331574fc citationserif elementor-invisible elementor-widget elementor-widget-heading\" data-id=\"331574fc\" data-element_type=\"widget\" data-e-type=\"widget\" data-settings=\"{&quot;_animation&quot;:&quot;fadeIn&quot;}\" data-widget_type=\"heading.default\">\n\t\t\t\t<div class=\"elementor-widget-container\">\n\t\t\t\t\t<h3 class=\"elementor-heading-title elementor-size-default\">Avevo detto che si sentiva che Paray-le-Monial sarebbe <br \/>diventata una capitale della preghiera e dell\u2019adorazione. \n\n<\/h3>\t\t\t\t<\/div>\n\t\t\t\t<\/div>\n\t\t\t\t<div class=\"elementor-element elementor-element-4cc712c5 sourcecitation elementor-widget elementor-widget-heading\" data-id=\"4cc712c5\" data-element_type=\"widget\" data-e-type=\"widget\" data-widget_type=\"heading.default\">\n\t\t\t\t<div class=\"elementor-widget-container\">\n\t\t\t\t\t<p class=\"elementor-heading-title elementor-size-large\">WEEKEND COMUNITARIO\n25\/09\/1983\n<\/p>\t\t\t\t<\/div>\n\t\t\t\t<\/div>\n\t\t\t\t\t<\/div>\n\t\t<\/div>\n\t\t\t\t\t<\/div>\n\t\t<\/section>\n\t\t\t\t<section class=\"elementor-section elementor-top-section elementor-element elementor-element-71be0fec elementor-section-boxed elementor-section-height-default elementor-section-height-default\" data-id=\"71be0fec\" data-element_type=\"section\" data-e-type=\"section\">\n\t\t\t\t\t\t<div class=\"elementor-container elementor-column-gap-default\">\n\t\t\t\t\t<div class=\"elementor-column elementor-col-100 elementor-top-column elementor-element elementor-element-6b6ddb2a\" data-id=\"6b6ddb2a\" data-element_type=\"column\" data-e-type=\"column\">\n\t\t\t<div class=\"elementor-widget-wrap elementor-element-populated\">\n\t\t\t\t\t\t<div class=\"elementor-element elementor-element-48300380 elementor-widget elementor-widget-text-editor\" data-id=\"48300380\" data-element_type=\"widget\" data-e-type=\"widget\" data-widget_type=\"text-editor.default\">\n\t\t\t\t<div class=\"elementor-widget-container\">\n\t\t\t\t\t\t\t\t\t<p>Si pu\u00f2 venire a Paray e riprendere forze nell\u2019adorazione del Cuore a cuore con il Signore. [&#8230;] Dobbiamo riuscire a pregare e ad aiutare veramente le persone a trasformarsi. Ed \u00e8 per questo che anche voi siete qui. Ma \u00e8 anche in modo speciale per pregare per le conversioni. Perch\u00e9 la terra si raffredda e Ges\u00f9 \u00e8 venuto per riscaldarci. Aveva detto: \u201cAlla fine del mondo ci sar\u00e0 la fede sulla terra?\u201d. Aveva detto: \u201cIl cuore si raffredder\u00e0, la carit\u00e0 si raffredder\u00e0\u201d. E occorre che noi possiamo, grazie al Cuore del Signore, trasformare le persone poco a poco. E questo non solo in Francia e all\u2019estero, ma anche in tutto il mondo, in America Latina, per esempio, dove hanno conservato un culto al Sacro Cuore, una devozione profonda. Veramente possiamo agire con loro.<\/p>\t\t\t\t\t\t\t\t<\/div>\n\t\t\t\t<\/div>\n\t\t\t\t<div class=\"elementor-element elementor-element-66de1848 sourcecitation elementor-widget elementor-widget-heading\" data-id=\"66de1848\" data-element_type=\"widget\" data-e-type=\"widget\" data-widget_type=\"heading.default\">\n\t\t\t\t<div class=\"elementor-widget-container\">\n\t\t\t\t\t<p class=\"elementor-heading-title elementor-size-large\">RITIRO DELLA FRATERNIT\u00c0 DI GES\u00d9 30\/12\/1982\n\n<\/p>\t\t\t\t<\/div>\n\t\t\t\t<\/div>\n\t\t\t\t\t<\/div>\n\t\t<\/div>\n\t\t\t\t\t<\/div>\n\t\t<\/section>\n\t\t\t\t<section class=\"elementor-section elementor-top-section elementor-element elementor-element-35d415ba elementor-section-boxed elementor-section-height-default elementor-section-height-default\" data-id=\"35d415ba\" data-element_type=\"section\" data-e-type=\"section\">\n\t\t\t\t\t\t<div class=\"elementor-container elementor-column-gap-default\">\n\t\t\t\t\t<div class=\"elementor-column elementor-col-100 elementor-top-column elementor-element elementor-element-787931\" data-id=\"787931\" data-element_type=\"column\" data-e-type=\"column\">\n\t\t\t<div class=\"elementor-widget-wrap elementor-element-populated\">\n\t\t\t\t\t\t<div class=\"elementor-element elementor-element-6ba6205f elementor-widget elementor-widget-text-editor\" data-id=\"6ba6205f\" data-element_type=\"widget\" data-e-type=\"widget\" data-widget_type=\"text-editor.default\">\n\t\t\t\t<div class=\"elementor-widget-container\">\n\t\t\t\t\t\t\t\t\t<p>C\u2019\u00e8 veramente un desiderio del Cuore del Signore che noi veniamo vicino a Lui e che troviamo queste grazie, e che Lui ci trasformi\u2026 Soprattutto in un\u2019epoca in cui, sempre di pi\u00f9, le persone hanno una carit\u00e0 che si raffredda. \u201cL\u2019amore si raffredder\u00e0\u201d, e questo \u00e8 il dramma delle famiglie. L\u2019amore \u00e8 il cemento delle famiglie: quando l\u2019amore sparisce le famiglie si distruggono\u2026. Occorre veramente che questo amore ci venga ridonato. Non c\u2019\u00e8 niente di meglio e di pi\u00f9 effficace che chiedere al Cuore del Signore, che \u00e8 un braciere ardente di carit\u00e0, che il Signore ci doni questo amore.<\/p>\t\t\t\t\t\t\t\t<\/div>\n\t\t\t\t<\/div>\n\t\t\t\t<div class=\"elementor-element elementor-element-3c2be037 sourcecitation elementor-widget elementor-widget-heading\" data-id=\"3c2be037\" data-element_type=\"widget\" data-e-type=\"widget\" data-widget_type=\"heading.default\">\n\t\t\t\t<div class=\"elementor-widget-container\">\n\t\t\t\t\t<p class=\"elementor-heading-title elementor-size-large\">WEEKEND COMUNITARIO\n23\/24\/04\/1983\n<\/p>\t\t\t\t<\/div>\n\t\t\t\t<\/div>\n\t\t\t\t\t<\/div>\n\t\t<\/div>\n\t\t\t\t\t<\/div>\n\t\t<\/section>\n\t\t\t\t<section class=\"elementor-section elementor-top-section elementor-element elementor-element-7c348eb4 elementor-section-boxed elementor-section-height-default elementor-section-height-default\" data-id=\"7c348eb4\" data-element_type=\"section\" data-e-type=\"section\">\n\t\t\t\t\t\t<div class=\"elementor-container elementor-column-gap-default\">\n\t\t\t\t\t<div class=\"elementor-column elementor-col-100 elementor-top-column elementor-element elementor-element-74f6f49c\" data-id=\"74f6f49c\" data-element_type=\"column\" data-e-type=\"column\">\n\t\t\t<div class=\"elementor-widget-wrap elementor-element-populated\">\n\t\t\t\t\t\t<div class=\"elementor-element elementor-element-6eb51bbc elementor-widget elementor-widget-text-editor\" data-id=\"6eb51bbc\" data-element_type=\"widget\" data-e-type=\"widget\" data-widget_type=\"text-editor.default\">\n\t\t\t\t<div class=\"elementor-widget-container\">\n\t\t\t\t\t\t\t\t\t<p>A Paray-le-Monial c\u2019\u00e8 un\u2019effusione continua dello Spirito che sgorga dal Cuore trafitto del Signore. Questa \u00e8 la causa della radiosit\u00e0 misteriosa di Paray-le-Monial. \u201cL\u2019amore si raffredder\u00e0\u201d, aveva detto il Signore. Per questo il Cuore di Ges\u00f9, fornace ardente di carit\u00e0, \u00e8 stato ridato alle famiglie per rinnovarle, per infiammarle del Suo Amore.<\/p>\t\t\t\t\t\t\t\t<\/div>\n\t\t\t\t<\/div>\n\t\t\t\t<div class=\"elementor-element elementor-element-23359da8 sourcecitation elementor-widget elementor-widget-heading\" data-id=\"23359da8\" data-element_type=\"widget\" data-e-type=\"widget\" data-widget_type=\"heading.default\">\n\t\t\t\t<div class=\"elementor-widget-container\">\n\t\t\t\t\t<p class=\"elementor-heading-title elementor-size-large\">RITIRO DELLA FRATERNIT\u00c0 DI GES\u00d9 - PASQUA 1983<\/p>\t\t\t\t<\/div>\n\t\t\t\t<\/div>\n\t\t\t\t\t<\/div>\n\t\t<\/div>\n\t\t\t\t\t<\/div>\n\t\t<\/section>\n\t\t\t\t<section class=\"elementor-section elementor-top-section elementor-element elementor-element-5d4c9aff elementor-section-boxed elementor-section-height-default elementor-section-height-default\" data-id=\"5d4c9aff\" data-element_type=\"section\" data-e-type=\"section\">\n\t\t\t\t\t\t<div class=\"elementor-container elementor-column-gap-default\">\n\t\t\t\t\t<div class=\"elementor-column elementor-col-100 elementor-top-column elementor-element elementor-element-5a01acfd\" data-id=\"5a01acfd\" data-element_type=\"column\" data-e-type=\"column\">\n\t\t\t<div class=\"elementor-widget-wrap elementor-element-populated\">\n\t\t\t\t\t\t<div class=\"elementor-element elementor-element-62a02679 elementor-widget elementor-widget-text-editor\" data-id=\"62a02679\" data-element_type=\"widget\" data-e-type=\"widget\" data-widget_type=\"text-editor.default\">\n\t\t\t\t<div class=\"elementor-widget-container\">\n\t\t\t\t\t\t\t\t\t<p>Vi dico di pregare e di chiedere al Signore veramente di salvare il mondo. Perch\u00e9 se il mondo ha un cuore puro e un cuore generoso, il mondo sar\u00e0 salvo. Paray \u00e8 un centro mondiale. Dobbiamo comprendere la forza e la potenza che il Signore mette in questa azione, tanto che splender\u00e0 sul mondo. [&#8230;] Avremo folle che verranno a scaldarsi al Cuore del Signore. Allora preghiamo, e adoriamo, e ringraziamo. Ma soprattutto chiediamo per tutti noi l\u2019umilt\u00e0 del cuore.<\/p>\t\t\t\t\t\t\t\t<\/div>\n\t\t\t\t<\/div>\n\t\t\t\t<div class=\"elementor-element elementor-element-5dccd48a sourcecitation elementor-widget elementor-widget-heading\" data-id=\"5dccd48a\" data-element_type=\"widget\" data-e-type=\"widget\" data-widget_type=\"heading.default\">\n\t\t\t\t<div class=\"elementor-widget-container\">\n\t\t\t\t\t<p class=\"elementor-heading-title elementor-size-large\">RITIRO DELLA FRATERNIT\u00c0 DI GES\u00d9 30\/12\/1982\n\n<\/p>\t\t\t\t<\/div>\n\t\t\t\t<\/div>\n\t\t\t\t\t<\/div>\n\t\t<\/div>\n\t\t\t\t\t<\/div>\n\t\t<\/section>\n\t\t\t\t<section class=\"elementor-section elementor-top-section elementor-element elementor-element-2ddfbe2 elementor-section-boxed elementor-section-height-default elementor-section-height-default\" data-id=\"2ddfbe2\" data-element_type=\"section\" data-e-type=\"section\">\n\t\t\t\t\t\t<div class=\"elementor-container elementor-column-gap-default\">\n\t\t\t\t\t<div class=\"elementor-column elementor-col-100 elementor-top-column elementor-element elementor-element-2430746\" data-id=\"2430746\" data-element_type=\"column\" data-e-type=\"column\">\n\t\t\t<div class=\"elementor-widget-wrap elementor-element-populated\">\n\t\t\t\t\t\t<div class=\"elementor-element elementor-element-945e4d3 citationserif elementor-widget elementor-widget-heading\" data-id=\"945e4d3\" data-element_type=\"widget\" data-e-type=\"widget\" data-settings=\"{&quot;_animation&quot;:&quot;none&quot;}\" data-widget_type=\"heading.default\">\n\t\t\t\t<div class=\"elementor-widget-container\">\n\t\t\t\t\t<h4 class=\"elementor-heading-title elementor-size-medium\">Maria madre<\/h4>\t\t\t\t<\/div>\n\t\t\t\t<\/div>\n\t\t\t\t\t<\/div>\n\t\t<\/div>\n\t\t\t\t\t<\/div>\n\t\t<\/section>\n\t\t\t\t<section class=\"elementor-section elementor-top-section elementor-element elementor-element-4cdba5e0 elementor-section-boxed elementor-section-height-default elementor-section-height-default\" data-id=\"4cdba5e0\" data-element_type=\"section\" data-e-type=\"section\">\n\t\t\t\t\t\t<div class=\"elementor-container elementor-column-gap-default\">\n\t\t\t\t\t<div class=\"elementor-column elementor-col-100 elementor-top-column elementor-element elementor-element-4a800527\" data-id=\"4a800527\" data-element_type=\"column\" data-e-type=\"column\">\n\t\t\t<div class=\"elementor-widget-wrap elementor-element-populated\">\n\t\t\t\t\t\t<div class=\"elementor-element elementor-element-543a349 elementor-widget elementor-widget-text-editor\" data-id=\"543a349\" data-element_type=\"widget\" data-e-type=\"widget\" data-widget_type=\"text-editor.default\">\n\t\t\t\t<div class=\"elementor-widget-container\">\n\t\t\t\t\t\t\t\t\t<p>Noi che siamo fratelli di Ges\u00f9, diventiamo come figli di Maria. Questo ci d\u00e0 una grazia di abbandono come un bimbo tra le mani di Maria. Perch\u00e9 Maria ci accoglie come una madre, ci accoglie come figli nel suo grembo. Dobbiamo vivere nell\u2019abbandono come bambini.<\/p>\t\t\t\t\t\t\t\t<\/div>\n\t\t\t\t<\/div>\n\t\t\t\t<div class=\"elementor-element elementor-element-574e17d8 sourcecitation elementor-widget elementor-widget-heading\" data-id=\"574e17d8\" data-element_type=\"widget\" data-e-type=\"widget\" data-widget_type=\"heading.default\">\n\t\t\t\t<div class=\"elementor-widget-container\">\n\t\t\t\t\t<p class=\"elementor-heading-title elementor-size-large\">WEEKEND COMUNITARIO\nVICINO A BARCELLONA 29\/05\/1088\n<\/p>\t\t\t\t<\/div>\n\t\t\t\t<\/div>\n\t\t\t\t\t<\/div>\n\t\t<\/div>\n\t\t\t\t\t<\/div>\n\t\t<\/section>\n\t\t\t\t<section class=\"elementor-section elementor-top-section elementor-element elementor-element-9d56740 elementor-section-boxed elementor-section-height-default elementor-section-height-default\" data-id=\"9d56740\" data-element_type=\"section\" data-e-type=\"section\">\n\t\t\t\t\t\t<div class=\"elementor-container elementor-column-gap-default\">\n\t\t\t\t\t<div class=\"elementor-column elementor-col-100 elementor-top-column elementor-element elementor-element-f1404a7\" data-id=\"f1404a7\" data-element_type=\"column\" data-e-type=\"column\">\n\t\t\t<div class=\"elementor-widget-wrap elementor-element-populated\">\n\t\t\t\t\t\t<div class=\"elementor-element elementor-element-e373ab1 elementor-widget elementor-widget-text-editor\" data-id=\"e373ab1\" data-element_type=\"widget\" data-e-type=\"widget\" data-widget_type=\"text-editor.default\">\n\t\t\t\t<div class=\"elementor-widget-container\">\n\t\t\t\t\t\t\t\t\t<p>Credo che si possa veramente essere nella fiducia con Maria. Con Maria si ha fiducia; \u00e8 veramente nostra madre, perci\u00f2, con lei, tutto \u00e8 semplice.<\/p>\t\t\t\t\t\t\t\t<\/div>\n\t\t\t\t<\/div>\n\t\t\t\t<div class=\"elementor-element elementor-element-64de08e sourcecitation elementor-widget elementor-widget-heading\" data-id=\"64de08e\" data-element_type=\"widget\" data-e-type=\"widget\" data-widget_type=\"heading.default\">\n\t\t\t\t<div class=\"elementor-widget-container\">\n\t\t\t\t\t<p class=\"elementor-heading-title elementor-size-large\">RITIRO DELLA FRATERNIT\u00c0 DI GES\u00d9 08\/1979 <\/p>\t\t\t\t<\/div>\n\t\t\t\t<\/div>\n\t\t\t\t\t<\/div>\n\t\t<\/div>\n\t\t\t\t\t<\/div>\n\t\t<\/section>\n\t\t\t\t<section class=\"elementor-section elementor-top-section elementor-element elementor-element-8445eae animated-slow elementor-section-boxed elementor-section-height-default elementor-section-height-default elementor-invisible\" data-id=\"8445eae\" data-element_type=\"section\" data-e-type=\"section\" data-settings=\"{&quot;animation&quot;:&quot;fadeIn&quot;}\">\n\t\t\t\t\t\t<div class=\"elementor-container elementor-column-gap-default\">\n\t\t\t\t\t<div class=\"elementor-column elementor-col-100 elementor-top-column elementor-element elementor-element-dd5b87b\" data-id=\"dd5b87b\" data-element_type=\"column\" data-e-type=\"column\">\n\t\t\t<div class=\"elementor-widget-wrap elementor-element-populated\">\n\t\t\t\t\t\t<div class=\"elementor-element elementor-element-164a709 citationserif elementor-invisible elementor-widget elementor-widget-heading\" data-id=\"164a709\" data-element_type=\"widget\" data-e-type=\"widget\" data-settings=\"{&quot;_animation&quot;:&quot;fadeIn&quot;}\" data-widget_type=\"heading.default\">\n\t\t\t\t<div class=\"elementor-widget-container\">\n\t\t\t\t\t<h3 class=\"elementor-heading-title elementor-size-default\">\u00c8 molto importante avere una madre. <br \/>Maria \u00e8 la madre dell\u2019Emmanuele.\n\n<\/h3>\t\t\t\t<\/div>\n\t\t\t\t<\/div>\n\t\t\t\t<div class=\"elementor-element elementor-element-9825c0a sourcecitation elementor-widget elementor-widget-heading\" data-id=\"9825c0a\" data-element_type=\"widget\" data-e-type=\"widget\" data-widget_type=\"heading.default\">\n\t\t\t\t<div class=\"elementor-widget-container\">\n\t\t\t\t\t<p class=\"elementor-heading-title elementor-size-large\">GIORNATA \u201cEMMANUELE\u201d INTERASSEMBLEE DI PREGHIERA 13\/03\/1976<\/p>\t\t\t\t<\/div>\n\t\t\t\t<\/div>\n\t\t\t\t\t<\/div>\n\t\t<\/div>\n\t\t\t\t\t<\/div>\n\t\t<\/section>\n\t\t\t\t<section class=\"elementor-section elementor-top-section elementor-element elementor-element-33209dea elementor-section-boxed elementor-section-height-default elementor-section-height-default\" data-id=\"33209dea\" data-element_type=\"section\" data-e-type=\"section\">\n\t\t\t\t\t\t<div class=\"elementor-container elementor-column-gap-default\">\n\t\t\t\t\t<div class=\"elementor-column elementor-col-100 elementor-top-column elementor-element elementor-element-5b3e1098\" data-id=\"5b3e1098\" data-element_type=\"column\" data-e-type=\"column\">\n\t\t\t<div class=\"elementor-widget-wrap elementor-element-populated\">\n\t\t\t\t\t\t<div class=\"elementor-element elementor-element-62cac47d elementor-widget elementor-widget-text-editor\" data-id=\"62cac47d\" data-element_type=\"widget\" data-e-type=\"widget\" data-widget_type=\"text-editor.default\">\n\t\t\t\t<div class=\"elementor-widget-container\">\n\t\t\t\t\t\t\t\t\t<p>Un punto molto importante \u00e8 avere una madre\u2026 Una madre: \u00e8 la madre dell\u2019Emmanuele, e questo \u00e8 molto importante. Con Maria tutto \u00e8 pi\u00f9 semplice.<\/p>\t\t\t\t\t\t\t\t<\/div>\n\t\t\t\t<\/div>\n\t\t\t\t<div class=\"elementor-element elementor-element-63ddc9c0 sourcecitation elementor-widget elementor-widget-heading\" data-id=\"63ddc9c0\" data-element_type=\"widget\" data-e-type=\"widget\" data-widget_type=\"heading.default\">\n\t\t\t\t<div class=\"elementor-widget-container\">\n\t\t\t\t\t<p class=\"elementor-heading-title elementor-size-large\">GIORNATA \u201cEMMANUELE\u201d INTERASSEMBLEE DI PREGHIERA 13\/03\/1976<\/p>\t\t\t\t<\/div>\n\t\t\t\t<\/div>\n\t\t\t\t\t<\/div>\n\t\t<\/div>\n\t\t\t\t\t<\/div>\n\t\t<\/section>\n\t\t\t\t<section class=\"elementor-section elementor-top-section elementor-element elementor-element-397594b7 elementor-section-boxed elementor-section-height-default elementor-section-height-default\" data-id=\"397594b7\" data-element_type=\"section\" data-e-type=\"section\">\n\t\t\t\t\t\t<div class=\"elementor-container elementor-column-gap-default\">\n\t\t\t\t\t<div class=\"elementor-column elementor-col-100 elementor-top-column elementor-element elementor-element-5d6945bd\" data-id=\"5d6945bd\" data-element_type=\"column\" data-e-type=\"column\">\n\t\t\t<div class=\"elementor-widget-wrap elementor-element-populated\">\n\t\t\t\t\t\t<div class=\"elementor-element elementor-element-7081678 elementor-widget elementor-widget-text-editor\" data-id=\"7081678\" data-element_type=\"widget\" data-e-type=\"widget\" data-widget_type=\"text-editor.default\">\n\t\t\t\t<div class=\"elementor-widget-container\">\n\t\t\t\t\t\t\t\t\tVeramente Maria ci aiuta enormemente&#8230; \nMi ricordo che, quando ero piccolo, avevo una grande fiducia in mia madre e dovevo essere operato di appendicite. Il mio fratellino era gi\u00e0 stato operato, l\u2019operazione era andata molto male. [&#8230;] Qualche mese dopo vengo a sapere che devo essere operato. Mamma aveva ottenuto di venire fino alla sala operatoria per tenermi la mano fino al momento in cui mi sarei addormentato. Beh, ero rilassato, e dopo lei mi ha detto: \u201cMa non mi hai neanche fatto pressioni (con la mano), eri bello rilassato\u201d. E ho risposto: \u201cMa s\u00ec! Tu mi avevi detto che non avrei sofferto, perci\u00f2 avevo fiducia!\u201d. Allora \u00e8 cos\u00ec: con Maria abbiamo fiducia, \u00e8 veramente nostra madre, e perci\u00f2 poi tutto \u00e8 semplice.\t\t\t\t\t\t\t\t<\/div>\n\t\t\t\t<\/div>\n\t\t\t\t<div class=\"elementor-element elementor-element-23113b58 sourcecitation elementor-widget elementor-widget-heading\" data-id=\"23113b58\" data-element_type=\"widget\" data-e-type=\"widget\" data-widget_type=\"heading.default\">\n\t\t\t\t<div class=\"elementor-widget-container\">\n\t\t\t\t\t<p class=\"elementor-heading-title elementor-size-large\">RITIRO DELLA FRATERNIT\u00c0 DI GES\u00d9 08\/1979 <\/p>\t\t\t\t<\/div>\n\t\t\t\t<\/div>\n\t\t\t\t\t<\/div>\n\t\t<\/div>\n\t\t\t\t\t<\/div>\n\t\t<\/section>\n\t\t\t\t<section class=\"elementor-section elementor-top-section elementor-element elementor-element-3927627 elementor-section-boxed elementor-section-height-default elementor-section-height-default\" data-id=\"3927627\" data-element_type=\"section\" data-e-type=\"section\">\n\t\t\t\t\t\t<div class=\"elementor-container elementor-column-gap-default\">\n\t\t\t\t\t<div class=\"elementor-column elementor-col-100 elementor-top-column elementor-element elementor-element-72726fc1\" data-id=\"72726fc1\" data-element_type=\"column\" data-e-type=\"column\">\n\t\t\t<div class=\"elementor-widget-wrap elementor-element-populated\">\n\t\t\t\t\t\t<div class=\"elementor-element elementor-element-35916f66 elementor-widget elementor-widget-text-editor\" data-id=\"35916f66\" data-element_type=\"widget\" data-e-type=\"widget\" data-widget_type=\"text-editor.default\">\n\t\t\t\t<div class=\"elementor-widget-container\">\n\t\t\t\t\t\t\t\t\t<p>Noi che, per lo Spirito, apparteniamo a Ges\u00f9 e a Maria, diventiamo come figli di Maria. Questo ci d\u00e0 una grazia di abbandono come un bimbo tra le mani di Maria. Perch\u00e9 Maria ci accoglie come una madre, ci accoglie come figli nel suo grembo. [&#8230;] Dobbiamo essere come un feto nel grembo di Maria; nel grembo di Maria viviamo del suo sangue.<\/p>\t\t\t\t\t\t\t\t<\/div>\n\t\t\t\t<\/div>\n\t\t\t\t<div class=\"elementor-element elementor-element-72776bba sourcecitation elementor-widget elementor-widget-heading\" data-id=\"72776bba\" data-element_type=\"widget\" data-e-type=\"widget\" data-widget_type=\"heading.default\">\n\t\t\t\t<div class=\"elementor-widget-container\">\n\t\t\t\t\t<p class=\"elementor-heading-title elementor-size-large\">WEEKEND COMUNITARIO\nVICINO A BARCELLONA 29\/05\/1988\n\n<\/p>\t\t\t\t<\/div>\n\t\t\t\t<\/div>\n\t\t\t\t\t<\/div>\n\t\t<\/div>\n\t\t\t\t\t<\/div>\n\t\t<\/section>\n\t\t\t\t<section class=\"elementor-section elementor-top-section elementor-element elementor-element-1c55f27d animated-slow elementor-section-boxed elementor-section-height-default elementor-section-height-default elementor-invisible\" data-id=\"1c55f27d\" data-element_type=\"section\" data-e-type=\"section\" data-settings=\"{&quot;animation&quot;:&quot;fadeIn&quot;}\">\n\t\t\t\t\t\t<div class=\"elementor-container elementor-column-gap-default\">\n\t\t\t\t\t<div class=\"elementor-column elementor-col-100 elementor-top-column elementor-element elementor-element-4be367b9\" data-id=\"4be367b9\" data-element_type=\"column\" data-e-type=\"column\">\n\t\t\t<div class=\"elementor-widget-wrap elementor-element-populated\">\n\t\t\t\t\t\t<div class=\"elementor-element elementor-element-44c96405 citationserif elementor-invisible elementor-widget elementor-widget-heading\" data-id=\"44c96405\" data-element_type=\"widget\" data-e-type=\"widget\" data-settings=\"{&quot;_animation&quot;:&quot;fadeIn&quot;}\" data-widget_type=\"heading.default\">\n\t\t\t\t<div class=\"elementor-widget-container\">\n\t\t\t\t\t<h3 class=\"elementor-heading-title elementor-size-default\">\u00c8 un mistero di maternit\u00e0.<br \/> Veramente Maria ci partorisce nella sofferenza.\n\n<\/h3>\t\t\t\t<\/div>\n\t\t\t\t<\/div>\n\t\t\t\t<div class=\"elementor-element elementor-element-2f66e1a4 sourcecitation elementor-widget elementor-widget-heading\" data-id=\"2f66e1a4\" data-element_type=\"widget\" data-e-type=\"widget\" data-widget_type=\"heading.default\">\n\t\t\t\t<div class=\"elementor-widget-container\">\n\t\t\t\t\t<p class=\"elementor-heading-title elementor-size-large\">WEEKEND COMUNITARIO\n20\/09\/1981\n<\/p>\t\t\t\t<\/div>\n\t\t\t\t<\/div>\n\t\t\t\t\t<\/div>\n\t\t<\/div>\n\t\t\t\t\t<\/div>\n\t\t<\/section>\n\t\t\t\t<section class=\"elementor-section elementor-top-section elementor-element elementor-element-584ea3f elementor-section-boxed elementor-section-height-default elementor-section-height-default\" data-id=\"584ea3f\" data-element_type=\"section\" data-e-type=\"section\">\n\t\t\t\t\t\t<div class=\"elementor-container elementor-column-gap-default\">\n\t\t\t\t\t<div class=\"elementor-column elementor-col-100 elementor-top-column elementor-element elementor-element-723db4a6\" data-id=\"723db4a6\" data-element_type=\"column\" data-e-type=\"column\">\n\t\t\t<div class=\"elementor-widget-wrap elementor-element-populated\">\n\t\t\t\t\t\t<div class=\"elementor-element elementor-element-150d5d4e elementor-widget elementor-widget-text-editor\" data-id=\"150d5d4e\" data-element_type=\"widget\" data-e-type=\"widget\" data-widget_type=\"text-editor.default\">\n\t\t\t\t<div class=\"elementor-widget-container\">\n\t\t\t\t\t\t\t\t\t<p>Il Signore ci chiede di essere semplici. Giovanni \u00e8 stato semplice, e noterete che Giovanni ha seguito Ges\u00f9 fino in fondo! Era presente alla Croce. Non ha avuto problemi con i soldati, non lo hanno allontanato. Era vicino a Ges\u00f9 e vicino a sua Madre. Il segreto di Giovanni era sua Madre, la Madre di Ges\u00f9. Ha seguito Maria, [lui] il discepolo che Ges\u00f9 amava, che aveva visto il colpo di lancia nel suo Cuore; \u00e8 il solo che rende questa testimonianza dello Spirito, dell\u2019acqua e [del] sangue (cfr. 1Gv 5,8). Il costato \u00e8 stato trafitto, e ha versato. E Ges\u00f9 ha dato sua Madre a Giovanni.<\/p>\t\t\t\t\t\t\t\t<\/div>\n\t\t\t\t<\/div>\n\t\t\t\t<div class=\"elementor-element elementor-element-5f6363d6 sourcecitation elementor-widget elementor-widget-heading\" data-id=\"5f6363d6\" data-element_type=\"widget\" data-e-type=\"widget\" data-widget_type=\"heading.default\">\n\t\t\t\t<div class=\"elementor-widget-container\">\n\t\t\t\t\t<p class=\"elementor-heading-title elementor-size-large\">RITIRO DELLA FRATERNIT\u00c0 DI GES\u00d9 12\/1980<\/p>\t\t\t\t<\/div>\n\t\t\t\t<\/div>\n\t\t\t\t\t<\/div>\n\t\t<\/div>\n\t\t\t\t\t<\/div>\n\t\t<\/section>\n\t\t\t\t<section class=\"elementor-section elementor-top-section elementor-element elementor-element-3e74376d elementor-section-boxed elementor-section-height-default elementor-section-height-default\" data-id=\"3e74376d\" data-element_type=\"section\" data-e-type=\"section\">\n\t\t\t\t\t\t<div class=\"elementor-container elementor-column-gap-default\">\n\t\t\t\t\t<div class=\"elementor-column elementor-col-100 elementor-top-column elementor-element elementor-element-53d32187\" data-id=\"53d32187\" data-element_type=\"column\" data-e-type=\"column\">\n\t\t\t<div class=\"elementor-widget-wrap elementor-element-populated\">\n\t\t\t\t\t\t<div class=\"elementor-element elementor-element-2cbc762e elementor-widget elementor-widget-text-editor\" data-id=\"2cbc762e\" data-element_type=\"widget\" data-e-type=\"widget\" data-widget_type=\"text-editor.default\">\n\t\t\t\t<div class=\"elementor-widget-container\">\n\t\t\t\t\t\t\t\t\t<p>Il Signore ci dice: \u201cSe non ritornerete come bambini non entrerete nel Regno dei Cieli\u201d. Allora non abbiamo che da ritornare bambini. Che cosa fanno i bambini? Beh, ascoltano la loro mamma. Allora abbiamo una mamma che il Signore ci ha dato. [&#8230;] E se la ascoltiamo, si semplificano tanto le cose. [&#8230;] Noi non siamo gente indolente, siamo persone che, come bambini, credono che a Dio tutto \u00e8 possibile, a condizione che rimaniamo in linea con lui, e che rimaniamo davvero in ascolto del Signore e in ascolto di Maria. Allora in quel momento tutto \u00e8 possibile per noi!<\/p>\t\t\t\t\t\t\t\t<\/div>\n\t\t\t\t<\/div>\n\t\t\t\t<div class=\"elementor-element elementor-element-fdfec08 sourcecitation elementor-widget elementor-widget-heading\" data-id=\"fdfec08\" data-element_type=\"widget\" data-e-type=\"widget\" data-widget_type=\"heading.default\">\n\t\t\t\t<div class=\"elementor-widget-container\">\n\t\t\t\t\t<p class=\"elementor-heading-title elementor-size-large\">WEEKEND COMUNITARIO\nPRIMAVERA 1979 \n<\/p>\t\t\t\t<\/div>\n\t\t\t\t<\/div>\n\t\t\t\t\t<\/div>\n\t\t<\/div>\n\t\t\t\t\t<\/div>\n\t\t<\/section>\n\t\t\t\t<section class=\"elementor-section elementor-top-section elementor-element elementor-element-439046e elementor-section-boxed elementor-section-height-default elementor-section-height-default\" data-id=\"439046e\" data-element_type=\"section\" data-e-type=\"section\">\n\t\t\t\t\t\t<div class=\"elementor-container elementor-column-gap-default\">\n\t\t\t\t\t<div class=\"elementor-column elementor-col-100 elementor-top-column elementor-element elementor-element-b8398a3\" data-id=\"b8398a3\" data-element_type=\"column\" data-e-type=\"column\">\n\t\t\t<div class=\"elementor-widget-wrap elementor-element-populated\">\n\t\t\t\t\t\t<div class=\"elementor-element elementor-element-819798f citationserif elementor-widget elementor-widget-heading\" data-id=\"819798f\" data-element_type=\"widget\" data-e-type=\"widget\" data-settings=\"{&quot;_animation&quot;:&quot;none&quot;}\" data-widget_type=\"heading.default\">\n\t\t\t\t<div class=\"elementor-widget-container\">\n\t\t\t\t\t<h4 class=\"elementor-heading-title elementor-size-medium\"> Umilt\u00e0 di Maria<\/h4>\t\t\t\t<\/div>\n\t\t\t\t<\/div>\n\t\t\t\t\t<\/div>\n\t\t<\/div>\n\t\t\t\t\t<\/div>\n\t\t<\/section>\n\t\t\t\t<section class=\"elementor-section elementor-top-section elementor-element elementor-element-3147ca21 elementor-section-boxed elementor-section-height-default elementor-section-height-default\" data-id=\"3147ca21\" data-element_type=\"section\" data-e-type=\"section\">\n\t\t\t\t\t\t<div class=\"elementor-container elementor-column-gap-default\">\n\t\t\t\t\t<div class=\"elementor-column elementor-col-100 elementor-top-column elementor-element elementor-element-3fb81434\" data-id=\"3fb81434\" data-element_type=\"column\" data-e-type=\"column\">\n\t\t\t<div class=\"elementor-widget-wrap elementor-element-populated\">\n\t\t\t\t\t\t<div class=\"elementor-element elementor-element-2b3496cb elementor-widget elementor-widget-text-editor\" data-id=\"2b3496cb\" data-element_type=\"widget\" data-e-type=\"widget\" data-widget_type=\"text-editor.default\">\n\t\t\t\t<div class=\"elementor-widget-container\">\n\t\t\t\t\t\t\t\t\t<p>Maria \u00e8 molto importante per noi, perch\u00e9 \u00e8 un modello di umilt\u00e0, di purezza e di umilt\u00e0.<\/p>\t\t\t\t\t\t\t\t<\/div>\n\t\t\t\t<\/div>\n\t\t\t\t<div class=\"elementor-element elementor-element-58c3f2c2 sourcecitation elementor-widget elementor-widget-heading\" data-id=\"58c3f2c2\" data-element_type=\"widget\" data-e-type=\"widget\" data-widget_type=\"heading.default\">\n\t\t\t\t<div class=\"elementor-widget-container\">\n\t\t\t\t\t<p class=\"elementor-heading-title elementor-size-large\">WEEKEND COMUNITARIO\n14-15\/06\/1980\n<\/p>\t\t\t\t<\/div>\n\t\t\t\t<\/div>\n\t\t\t\t\t<\/div>\n\t\t<\/div>\n\t\t\t\t\t<\/div>\n\t\t<\/section>\n\t\t\t\t<section class=\"elementor-section elementor-top-section elementor-element elementor-element-3f96bf8f elementor-section-boxed elementor-section-height-default elementor-section-height-default\" data-id=\"3f96bf8f\" data-element_type=\"section\" data-e-type=\"section\">\n\t\t\t\t\t\t<div class=\"elementor-container elementor-column-gap-default\">\n\t\t\t\t\t<div class=\"elementor-column elementor-col-100 elementor-top-column elementor-element elementor-element-5a21c08\" data-id=\"5a21c08\" data-element_type=\"column\" data-e-type=\"column\">\n\t\t\t<div class=\"elementor-widget-wrap elementor-element-populated\">\n\t\t\t\t\t\t<div class=\"elementor-element elementor-element-f1ff721 elementor-widget elementor-widget-text-editor\" data-id=\"f1ff721\" data-element_type=\"widget\" data-e-type=\"widget\" data-widget_type=\"text-editor.default\">\n\t\t\t\t<div class=\"elementor-widget-container\">\n\t\t\t\t\t\t\t\t\t<p>Tu (Maria) sei il trionfo dell\u2019umilt\u00e0. Come si pu\u00f2 venire a Ges\u00f9 senza l\u2019umilt\u00e0?<\/p>\t\t\t\t\t\t\t\t<\/div>\n\t\t\t\t<\/div>\n\t\t\t\t<div class=\"elementor-element elementor-element-638a62b8 sourcecitation elementor-widget elementor-widget-heading\" data-id=\"638a62b8\" data-element_type=\"widget\" data-e-type=\"widget\" data-widget_type=\"heading.default\">\n\t\t\t\t<div class=\"elementor-widget-container\">\n\t\t\t\t\t<p class=\"elementor-heading-title elementor-size-large\">PREGHIERA \u2013 CIRCA 1973\n\n<\/p>\t\t\t\t<\/div>\n\t\t\t\t<\/div>\n\t\t\t\t\t<\/div>\n\t\t<\/div>\n\t\t\t\t\t<\/div>\n\t\t<\/section>\n\t\t\t\t<section class=\"elementor-section elementor-top-section elementor-element elementor-element-2ce0e27 elementor-section-boxed elementor-section-height-default elementor-section-height-default\" data-id=\"2ce0e27\" data-element_type=\"section\" data-e-type=\"section\">\n\t\t\t\t\t\t<div class=\"elementor-container elementor-column-gap-default\">\n\t\t\t\t\t<div class=\"elementor-column elementor-col-100 elementor-top-column elementor-element elementor-element-45817b5d\" data-id=\"45817b5d\" data-element_type=\"column\" data-e-type=\"column\">\n\t\t\t<div class=\"elementor-widget-wrap elementor-element-populated\">\n\t\t\t\t\t\t<div class=\"elementor-element elementor-element-2e642cbf elementor-widget elementor-widget-text-editor\" data-id=\"2e642cbf\" data-element_type=\"widget\" data-e-type=\"widget\" data-widget_type=\"text-editor.default\">\n\t\t\t\t<div class=\"elementor-widget-container\">\n\t\t\t\t\t\t\t\t\t<p>Maria! Maria \u00e8 l\u2019umilt\u00e0 stessa, \u00e8 la purezza stessa. Allora se chiediamo a Maria, lei ci aiuta. Ma dobbiamo comunque chiederle! E allora stiamo nascosti nel mantello di Maria e passiamo cos\u00ec attraverso questo mondo<\/p>\t\t\t\t\t\t\t\t<\/div>\n\t\t\t\t<\/div>\n\t\t\t\t<div class=\"elementor-element elementor-element-68fbe121 sourcecitation elementor-widget elementor-widget-heading\" data-id=\"68fbe121\" data-element_type=\"widget\" data-e-type=\"widget\" data-widget_type=\"heading.default\">\n\t\t\t\t<div class=\"elementor-widget-container\">\n\t\t\t\t\t<p class=\"elementor-heading-title elementor-size-large\">RITIRO DELLA FRATERNIT\u00c0 DI GES\u00d9 24\/07\/1983\n\n<\/p>\t\t\t\t<\/div>\n\t\t\t\t<\/div>\n\t\t\t\t\t<\/div>\n\t\t<\/div>\n\t\t\t\t\t<\/div>\n\t\t<\/section>\n\t\t\t\t<section class=\"elementor-section elementor-top-section elementor-element elementor-element-39aff6d3 elementor-section-boxed elementor-section-height-default elementor-section-height-default\" data-id=\"39aff6d3\" data-element_type=\"section\" data-e-type=\"section\">\n\t\t\t\t\t\t<div class=\"elementor-container elementor-column-gap-default\">\n\t\t\t\t\t<div class=\"elementor-column elementor-col-100 elementor-top-column elementor-element elementor-element-33181a34\" data-id=\"33181a34\" data-element_type=\"column\" data-e-type=\"column\">\n\t\t\t<div class=\"elementor-widget-wrap elementor-element-populated\">\n\t\t\t\t\t\t<div class=\"elementor-element elementor-element-3ae4efc0 citationserif elementor-widget elementor-widget-heading\" data-id=\"3ae4efc0\" data-element_type=\"widget\" data-e-type=\"widget\" data-settings=\"{&quot;_animation&quot;:&quot;none&quot;}\" data-widget_type=\"heading.default\">\n\t\t\t\t<div class=\"elementor-widget-container\">\n\t\t\t\t\t<h4 class=\"elementor-heading-title elementor-size-medium\">Maria guida e protezione<\/h4>\t\t\t\t<\/div>\n\t\t\t\t<\/div>\n\t\t\t\t\t<\/div>\n\t\t<\/div>\n\t\t\t\t\t<\/div>\n\t\t<\/section>\n\t\t\t\t<section class=\"elementor-section elementor-top-section elementor-element elementor-element-305fbe86 elementor-section-boxed elementor-section-height-default elementor-section-height-default\" data-id=\"305fbe86\" data-element_type=\"section\" data-e-type=\"section\">\n\t\t\t\t\t\t<div class=\"elementor-container elementor-column-gap-default\">\n\t\t\t\t\t<div class=\"elementor-column elementor-col-100 elementor-top-column elementor-element elementor-element-10ef3f64\" data-id=\"10ef3f64\" data-element_type=\"column\" data-e-type=\"column\">\n\t\t\t<div class=\"elementor-widget-wrap elementor-element-populated\">\n\t\t\t\t\t\t<div class=\"elementor-element elementor-element-6fa64af5 elementor-widget elementor-widget-text-editor\" data-id=\"6fa64af5\" data-element_type=\"widget\" data-e-type=\"widget\" data-widget_type=\"text-editor.default\">\n\t\t\t\t<div class=\"elementor-widget-container\">\n\t\t\t\t\t\t\t\t\t<p>Siamo sicuri di essere vincitori attraverso Maria. Perci\u00f2 se facciamo affidamento su Maria non abbiamo da temere niente. Sappiamo che il Signore \u00e8 con noi, che Maria \u00e8 presente per proteggerci.<\/p>\t\t\t\t\t\t\t\t<\/div>\n\t\t\t\t<\/div>\n\t\t\t\t<div class=\"elementor-element elementor-element-118afb40 sourcecitation elementor-widget elementor-widget-heading\" data-id=\"118afb40\" data-element_type=\"widget\" data-e-type=\"widget\" data-widget_type=\"heading.default\">\n\t\t\t\t<div class=\"elementor-widget-container\">\n\t\t\t\t\t<p class=\"elementor-heading-title elementor-size-large\">WEEKEND COMUNITARIO\n15\/03\/1980\n<\/p>\t\t\t\t<\/div>\n\t\t\t\t<\/div>\n\t\t\t\t\t<\/div>\n\t\t<\/div>\n\t\t\t\t\t<\/div>\n\t\t<\/section>\n\t\t\t\t<section class=\"elementor-section elementor-top-section elementor-element elementor-element-dccfa6a elementor-section-boxed elementor-section-height-default elementor-section-height-default\" data-id=\"dccfa6a\" data-element_type=\"section\" data-e-type=\"section\">\n\t\t\t\t\t\t<div class=\"elementor-container elementor-column-gap-default\">\n\t\t\t\t\t<div class=\"elementor-column elementor-col-100 elementor-top-column elementor-element elementor-element-1cd567ac\" data-id=\"1cd567ac\" data-element_type=\"column\" data-e-type=\"column\">\n\t\t\t<div class=\"elementor-widget-wrap elementor-element-populated\">\n\t\t\t\t\t\t<div class=\"elementor-element elementor-element-419620ab elementor-widget elementor-widget-text-editor\" data-id=\"419620ab\" data-element_type=\"widget\" data-e-type=\"widget\" data-widget_type=\"text-editor.default\">\n\t\t\t\t<div class=\"elementor-widget-container\">\n\t\t\t\t\t\t\t\t\t<p>Maria \u00e8 veramente la custode della Comunit\u00e0. \u00c8 il nostro mantello, con lei siamo protetti.<\/p>\t\t\t\t\t\t\t\t<\/div>\n\t\t\t\t<\/div>\n\t\t\t\t<div class=\"elementor-element elementor-element-17189858 sourcecitation elementor-widget elementor-widget-heading\" data-id=\"17189858\" data-element_type=\"widget\" data-e-type=\"widget\" data-widget_type=\"heading.default\">\n\t\t\t\t<div class=\"elementor-widget-container\">\n\t\t\t\t\t<p class=\"elementor-heading-title elementor-size-large\">RITIRO DELLA FRATERNIT\u00c0 DI GES\u00d9 AGOSTO 78<\/p>\t\t\t\t<\/div>\n\t\t\t\t<\/div>\n\t\t\t\t\t<\/div>\n\t\t<\/div>\n\t\t\t\t\t<\/div>\n\t\t<\/section>\n\t\t\t\t<section class=\"elementor-section elementor-top-section elementor-element elementor-element-73a94247 animated-slow elementor-section-boxed elementor-section-height-default elementor-section-height-default elementor-invisible\" data-id=\"73a94247\" data-element_type=\"section\" data-e-type=\"section\" data-settings=\"{&quot;animation&quot;:&quot;fadeIn&quot;}\">\n\t\t\t\t\t\t<div class=\"elementor-container elementor-column-gap-default\">\n\t\t\t\t\t<div class=\"elementor-column elementor-col-100 elementor-top-column elementor-element elementor-element-38de042\" data-id=\"38de042\" data-element_type=\"column\" data-e-type=\"column\">\n\t\t\t<div class=\"elementor-widget-wrap elementor-element-populated\">\n\t\t\t\t\t\t<div class=\"elementor-element elementor-element-a8445cf citationserif elementor-invisible elementor-widget elementor-widget-heading\" data-id=\"a8445cf\" data-element_type=\"widget\" data-e-type=\"widget\" data-settings=\"{&quot;_animation&quot;:&quot;fadeIn&quot;}\" data-widget_type=\"heading.default\">\n\t\t\t\t<div class=\"elementor-widget-container\">\n\t\t\t\t\t<h3 class=\"elementor-heading-title elementor-size-default\">Se il demonio vuole attaccarmi, c\u2019\u00e8 un solo rimedio: \u00e8 Maria.<\/h3>\t\t\t\t<\/div>\n\t\t\t\t<\/div>\n\t\t\t\t<div class=\"elementor-element elementor-element-7a5b5bae sourcecitation elementor-widget elementor-widget-heading\" data-id=\"7a5b5bae\" data-element_type=\"widget\" data-e-type=\"widget\" data-widget_type=\"heading.default\">\n\t\t\t\t<div class=\"elementor-widget-container\">\n\t\t\t\t\t<p class=\"elementor-heading-title elementor-size-large\">WEEKEND COMUNITARIO\n24-25\/11\/1984\n<\/p>\t\t\t\t<\/div>\n\t\t\t\t<\/div>\n\t\t\t\t\t<\/div>\n\t\t<\/div>\n\t\t\t\t\t<\/div>\n\t\t<\/section>\n\t\t\t\t<section class=\"elementor-section elementor-top-section elementor-element elementor-element-5629c185 elementor-section-boxed elementor-section-height-default elementor-section-height-default\" data-id=\"5629c185\" data-element_type=\"section\" data-e-type=\"section\">\n\t\t\t\t\t\t<div class=\"elementor-container elementor-column-gap-default\">\n\t\t\t\t\t<div class=\"elementor-column elementor-col-100 elementor-top-column elementor-element elementor-element-2d2cfad1\" data-id=\"2d2cfad1\" data-element_type=\"column\" data-e-type=\"column\">\n\t\t\t<div class=\"elementor-widget-wrap elementor-element-populated\">\n\t\t\t\t\t\t<div class=\"elementor-element elementor-element-6f5d8232 elementor-widget elementor-widget-text-editor\" data-id=\"6f5d8232\" data-element_type=\"widget\" data-e-type=\"widget\" data-widget_type=\"text-editor.default\">\n\t\t\t\t<div class=\"elementor-widget-container\">\n\t\t\t\t\t\t\t\t\t<p>Lo sentiamo tutti, \u00e8 in filigrana in tutto quello che viviamo\u2026. \u00c8 il nostro mantello, siamo protetti!<\/p>\t\t\t\t\t\t\t\t<\/div>\n\t\t\t\t<\/div>\n\t\t\t\t<div class=\"elementor-element elementor-element-e7ebe5e sourcecitation elementor-widget elementor-widget-heading\" data-id=\"e7ebe5e\" data-element_type=\"widget\" data-e-type=\"widget\" data-widget_type=\"heading.default\">\n\t\t\t\t<div class=\"elementor-widget-container\">\n\t\t\t\t\t<p class=\"elementor-heading-title elementor-size-large\">RITIRO DELLA FRATERNIT\u00c0 DI GES\u00d9 10\/08\/1978 <\/p>\t\t\t\t<\/div>\n\t\t\t\t<\/div>\n\t\t\t\t\t<\/div>\n\t\t<\/div>\n\t\t\t\t\t<\/div>\n\t\t<\/section>\n\t\t\t\t<section class=\"elementor-section elementor-top-section elementor-element elementor-element-6f46a51c elementor-section-boxed elementor-section-height-default elementor-section-height-default\" data-id=\"6f46a51c\" data-element_type=\"section\" data-e-type=\"section\">\n\t\t\t\t\t\t<div class=\"elementor-container elementor-column-gap-default\">\n\t\t\t\t\t<div class=\"elementor-column elementor-col-100 elementor-top-column elementor-element elementor-element-1f1a3517\" data-id=\"1f1a3517\" data-element_type=\"column\" data-e-type=\"column\">\n\t\t\t<div class=\"elementor-widget-wrap elementor-element-populated\">\n\t\t\t\t\t\t<div class=\"elementor-element elementor-element-3dc00141 elementor-widget elementor-widget-text-editor\" data-id=\"3dc00141\" data-element_type=\"widget\" data-e-type=\"widget\" data-widget_type=\"text-editor.default\">\n\t\t\t\t<div class=\"elementor-widget-container\">\n\t\t\t\t\t\t\t\t\t<p>Quando cominciamo ad agitarci, fermiamoci un attimo, diciamo un\u2019Ave Maria; diciamo a Maria: \u201cAiutami davvero, perch\u00e9 non ne esco\u201d.<\/p>\t\t\t\t\t\t\t\t<\/div>\n\t\t\t\t<\/div>\n\t\t\t\t<div class=\"elementor-element elementor-element-5d57cc2b sourcecitation elementor-widget elementor-widget-heading\" data-id=\"5d57cc2b\" data-element_type=\"widget\" data-e-type=\"widget\" data-widget_type=\"heading.default\">\n\t\t\t\t<div class=\"elementor-widget-container\">\n\t\t\t\t\t<p class=\"elementor-heading-title elementor-size-large\">WEEKEND COMUNITARIO\n01\/04\/1979\n<\/p>\t\t\t\t<\/div>\n\t\t\t\t<\/div>\n\t\t\t\t\t<\/div>\n\t\t<\/div>\n\t\t\t\t\t<\/div>\n\t\t<\/section>\n\t\t\t\t<section class=\"elementor-section elementor-top-section elementor-element elementor-element-c8a91fd elementor-section-boxed elementor-section-height-default elementor-section-height-default\" data-id=\"c8a91fd\" data-element_type=\"section\" data-e-type=\"section\">\n\t\t\t\t\t\t<div class=\"elementor-container elementor-column-gap-default\">\n\t\t\t\t\t<div class=\"elementor-column elementor-col-100 elementor-top-column elementor-element elementor-element-6c49118a\" data-id=\"6c49118a\" data-element_type=\"column\" data-e-type=\"column\">\n\t\t\t<div class=\"elementor-widget-wrap elementor-element-populated\">\n\t\t\t\t\t\t<div class=\"elementor-element elementor-element-48d85871 elementor-widget elementor-widget-text-editor\" data-id=\"48d85871\" data-element_type=\"widget\" data-e-type=\"widget\" data-widget_type=\"text-editor.default\">\n\t\t\t\t<div class=\"elementor-widget-container\">\n\t\t\t\t\t\t\t\t\t<p>Maria ci aiuta davvero enormemente. [&#8230;] Con Maria siamo veramente nella fiducia. Se ci abbandoniamo come un bimbetto, non ci sono problemi!<\/p>\t\t\t\t\t\t\t\t<\/div>\n\t\t\t\t<\/div>\n\t\t\t\t<div class=\"elementor-element elementor-element-44d8ada0 sourcecitation elementor-widget elementor-widget-heading\" data-id=\"44d8ada0\" data-element_type=\"widget\" data-e-type=\"widget\" data-widget_type=\"heading.default\">\n\t\t\t\t<div class=\"elementor-widget-container\">\n\t\t\t\t\t<p class=\"elementor-heading-title elementor-size-large\">RITIRO DELLA FRATERNIT\u00c0 DI GES\u00d9 09\/08\/78 \n\n<\/p>\t\t\t\t<\/div>\n\t\t\t\t<\/div>\n\t\t\t\t\t<\/div>\n\t\t<\/div>\n\t\t\t\t\t<\/div>\n\t\t<\/section>\n\t\t\t\t<section class=\"elementor-section elementor-top-section elementor-element elementor-element-153b0af9 elementor-section-boxed elementor-section-height-default elementor-section-height-default\" data-id=\"153b0af9\" data-element_type=\"section\" data-e-type=\"section\">\n\t\t\t\t\t\t<div class=\"elementor-container elementor-column-gap-default\">\n\t\t\t\t\t<div class=\"elementor-column elementor-col-100 elementor-top-column elementor-element elementor-element-aa2b1a6\" data-id=\"aa2b1a6\" data-element_type=\"column\" data-e-type=\"column\">\n\t\t\t<div class=\"elementor-widget-wrap elementor-element-populated\">\n\t\t\t\t\t\t<div class=\"elementor-element elementor-element-18529ec4 elementor-widget elementor-widget-text-editor\" data-id=\"18529ec4\" data-element_type=\"widget\" data-e-type=\"widget\" data-widget_type=\"text-editor.default\">\n\t\t\t\t<div class=\"elementor-widget-container\">\n\t\t\t\t\t\t\t\t\t<p>\u00c8 Maria che costruisce la Comunit\u00e0 e ne \u00e8 la custode.<\/p>\t\t\t\t\t\t\t\t<\/div>\n\t\t\t\t<\/div>\n\t\t\t\t<div class=\"elementor-element elementor-element-21050762 sourcecitation elementor-widget elementor-widget-heading\" data-id=\"21050762\" data-element_type=\"widget\" data-e-type=\"widget\" data-widget_type=\"heading.default\">\n\t\t\t\t<div class=\"elementor-widget-container\">\n\t\t\t\t\t<p class=\"elementor-heading-title elementor-size-large\">RITIRO DELLA FRATERNIT\u00c0 DI GES\u00d9 10\/08\/1978 <\/p>\t\t\t\t<\/div>\n\t\t\t\t<\/div>\n\t\t\t\t\t<\/div>\n\t\t<\/div>\n\t\t\t\t\t<\/div>\n\t\t<\/section>\n\t\t\t\t<section class=\"elementor-section elementor-top-section elementor-element elementor-element-71d8651 animated-slow elementor-section-boxed elementor-section-height-default elementor-section-height-default elementor-invisible\" data-id=\"71d8651\" data-element_type=\"section\" data-e-type=\"section\" data-settings=\"{&quot;animation&quot;:&quot;fadeIn&quot;}\">\n\t\t\t\t\t\t<div class=\"elementor-container elementor-column-gap-default\">\n\t\t\t\t\t<div class=\"elementor-column elementor-col-100 elementor-top-column elementor-element elementor-element-eb256b0\" data-id=\"eb256b0\" data-element_type=\"column\" data-e-type=\"column\">\n\t\t\t<div class=\"elementor-widget-wrap elementor-element-populated\">\n\t\t\t\t\t\t<div class=\"elementor-element elementor-element-189b0f0 citationserif elementor-invisible elementor-widget elementor-widget-heading\" data-id=\"189b0f0\" data-element_type=\"widget\" data-e-type=\"widget\" data-settings=\"{&quot;_animation&quot;:&quot;fadeIn&quot;}\" data-widget_type=\"heading.default\">\n\t\t\t\t<div class=\"elementor-widget-container\">\n\t\t\t\t\t<h3 class=\"elementor-heading-title elementor-size-default\">Ho avuto una parola interiore molto netta, che veniva dalla Vergine: \u201cTranquillo, sei salvo\u201d. Era molto chiaro, e non potevo dubitarne.\n\n<\/h3>\t\t\t\t<\/div>\n\t\t\t\t<\/div>\n\t\t\t\t<div class=\"elementor-element elementor-element-429e8b6 sourcecitation elementor-widget elementor-widget-heading\" data-id=\"429e8b6\" data-element_type=\"widget\" data-e-type=\"widget\" data-widget_type=\"heading.default\">\n\t\t\t\t<div class=\"elementor-widget-container\">\n\t\t\t\t\t<p class=\"elementor-heading-title elementor-size-large\">TESTIMONIANZA RACCOLTA DA BERNARD PEYROUS LUGLIO 1986<\/p>\t\t\t\t<\/div>\n\t\t\t\t<\/div>\n\t\t\t\t\t<\/div>\n\t\t<\/div>\n\t\t\t\t\t<\/div>\n\t\t<\/section>\n\t\t\t\t<section class=\"elementor-section elementor-top-section elementor-element elementor-element-7370b90d elementor-section-boxed elementor-section-height-default elementor-section-height-default\" data-id=\"7370b90d\" data-element_type=\"section\" data-e-type=\"section\">\n\t\t\t\t\t\t<div class=\"elementor-container elementor-column-gap-default\">\n\t\t\t\t\t<div class=\"elementor-column elementor-col-100 elementor-top-column elementor-element elementor-element-1f2f41bd\" data-id=\"1f2f41bd\" data-element_type=\"column\" data-e-type=\"column\">\n\t\t\t<div class=\"elementor-widget-wrap elementor-element-populated\">\n\t\t\t\t\t\t<div class=\"elementor-element elementor-element-5159fec7 elementor-widget elementor-widget-text-editor\" data-id=\"5159fec7\" data-element_type=\"widget\" data-e-type=\"widget\" data-widget_type=\"text-editor.default\">\n\t\t\t\t<div class=\"elementor-widget-container\">\n\t\t\t\t\t\t\t\t\t<p>Maria \u00e8 vitale! Ma s\u00ec, \u00e8 proprio cos\u00ec: \u00e8 vitale!<\/p>\t\t\t\t\t\t\t\t<\/div>\n\t\t\t\t<\/div>\n\t\t\t\t<div class=\"elementor-element elementor-element-59fdec5 sourcecitation elementor-widget elementor-widget-heading\" data-id=\"59fdec5\" data-element_type=\"widget\" data-e-type=\"widget\" data-widget_type=\"heading.default\">\n\t\t\t\t<div class=\"elementor-widget-container\">\n\t\t\t\t\t<p class=\"elementor-heading-title elementor-size-large\">RITIRO DELLA FRATERNIT\u00c0 DI GES\u00d9 09\/08\/1978\n\n<\/p>\t\t\t\t<\/div>\n\t\t\t\t<\/div>\n\t\t\t\t\t<\/div>\n\t\t<\/div>\n\t\t\t\t\t<\/div>\n\t\t<\/section>\n\t\t\t\t<section class=\"elementor-section elementor-top-section elementor-element elementor-element-6c85490f elementor-section-boxed elementor-section-height-default elementor-section-height-default\" data-id=\"6c85490f\" data-element_type=\"section\" data-e-type=\"section\">\n\t\t\t\t\t\t<div class=\"elementor-container elementor-column-gap-default\">\n\t\t\t\t\t<div class=\"elementor-column elementor-col-100 elementor-top-column elementor-element elementor-element-50a6a078\" data-id=\"50a6a078\" data-element_type=\"column\" data-e-type=\"column\">\n\t\t\t<div class=\"elementor-widget-wrap elementor-element-populated\">\n\t\t\t\t\t\t<div class=\"elementor-element elementor-element-592532ce elementor-widget elementor-widget-text-editor\" data-id=\"592532ce\" data-element_type=\"widget\" data-e-type=\"widget\" data-widget_type=\"text-editor.default\">\n\t\t\t\t<div class=\"elementor-widget-container\">\n\t\t\t\t\t\t\t\t\t<p>Con Maria tutto si fa con facilit\u00e0. Senza di lei, ci induriamo con uno spirito volontaristico, e non funziona.<\/p>\t\t\t\t\t\t\t\t<\/div>\n\t\t\t\t<\/div>\n\t\t\t\t<div class=\"elementor-element elementor-element-fa567f1 sourcecitation elementor-widget elementor-widget-heading\" data-id=\"fa567f1\" data-element_type=\"widget\" data-e-type=\"widget\" data-widget_type=\"heading.default\">\n\t\t\t\t<div class=\"elementor-widget-container\">\n\t\t\t\t\t<p class=\"elementor-heading-title elementor-size-large\">WEEKEND COMUNITARIO\nVICINO A BARCELLONA 29\/05\/1988\n<\/p>\t\t\t\t<\/div>\n\t\t\t\t<\/div>\n\t\t\t\t\t<\/div>\n\t\t<\/div>\n\t\t\t\t\t<\/div>\n\t\t<\/section>\n\t\t\t\t<section class=\"elementor-section elementor-top-section elementor-element elementor-element-5de99973 elementor-section-boxed elementor-section-height-default elementor-section-height-default\" data-id=\"5de99973\" data-element_type=\"section\" data-e-type=\"section\">\n\t\t\t\t\t\t<div class=\"elementor-container elementor-column-gap-default\">\n\t\t\t\t\t<div class=\"elementor-column elementor-col-100 elementor-top-column elementor-element elementor-element-6e44cc27\" data-id=\"6e44cc27\" data-element_type=\"column\" data-e-type=\"column\">\n\t\t\t<div class=\"elementor-widget-wrap elementor-element-populated\">\n\t\t\t\t\t\t<div class=\"elementor-element elementor-element-7751825f elementor-widget elementor-widget-text-editor\" data-id=\"7751825f\" data-element_type=\"widget\" data-e-type=\"widget\" data-widget_type=\"text-editor.default\">\n\t\t\t\t<div class=\"elementor-widget-container\">\n\t\t\t\t\t\t\t\t\t<p>Spesso sono persone molto povere, molto semplici che hanno questo amore vitale. Hanno la Santa Vergine proprio attaccata, vivono proprio con lei, vivono di lei e vivono come lei. Perch\u00e9 quando la Santa Vergine \u00e8 presente, il modo migliore per non avere fastidi \u00e8 fare gli stessi suoi movimenti. Altrimenti siamo impacciati, \u2026 siamo a disagio. Se facciamo esattamente come lei, tutto \u00e8 pi\u00f9 semplice.<\/p>\t\t\t\t\t\t\t\t<\/div>\n\t\t\t\t<\/div>\n\t\t\t\t<div class=\"elementor-element elementor-element-2d16546d sourcecitation elementor-widget elementor-widget-heading\" data-id=\"2d16546d\" data-element_type=\"widget\" data-e-type=\"widget\" data-widget_type=\"heading.default\">\n\t\t\t\t<div class=\"elementor-widget-container\">\n\t\t\t\t\t<p class=\"elementor-heading-title elementor-size-large\">RITIRO DELLA FRATERNIT\u00c0 DI GES\u00d9 09\/08\/1978 <\/p>\t\t\t\t<\/div>\n\t\t\t\t<\/div>\n\t\t\t\t\t<\/div>\n\t\t<\/div>\n\t\t\t\t\t<\/div>\n\t\t<\/section>\n\t\t\t\t<section class=\"elementor-section elementor-top-section elementor-element elementor-element-78c59bc5 elementor-section-boxed elementor-section-height-default elementor-section-height-default\" data-id=\"78c59bc5\" data-element_type=\"section\" data-e-type=\"section\">\n\t\t\t\t\t\t<div class=\"elementor-container elementor-column-gap-default\">\n\t\t\t\t\t<div class=\"elementor-column elementor-col-100 elementor-top-column elementor-element elementor-element-1131239d\" data-id=\"1131239d\" data-element_type=\"column\" data-e-type=\"column\">\n\t\t\t<div class=\"elementor-widget-wrap elementor-element-populated\">\n\t\t\t\t\t\t<div class=\"elementor-element elementor-element-520faa09 elementor-widget elementor-widget-text-editor\" data-id=\"520faa09\" data-element_type=\"widget\" data-e-type=\"widget\" data-widget_type=\"text-editor.default\">\n\t\t\t\t<div class=\"elementor-widget-container\">\n\t\t\t\t\t\t\t\t\t<p>Maria ci dice: \u201cVerr\u00f2 con voi, vi condurr\u00f2 alla Croce. Ma sar\u00f2 con voi; sar\u00f2 con voi\u201d.<\/p>\t\t\t\t\t\t\t\t<\/div>\n\t\t\t\t<\/div>\n\t\t\t\t<div class=\"elementor-element elementor-element-7d189336 sourcecitation elementor-widget elementor-widget-heading\" data-id=\"7d189336\" data-element_type=\"widget\" data-e-type=\"widget\" data-widget_type=\"heading.default\">\n\t\t\t\t<div class=\"elementor-widget-container\">\n\t\t\t\t\t<p class=\"elementor-heading-title elementor-size-large\">RITIRO DELLA FRATERNIT\u00c0 DI GES\u00d9 09\/08\/1978<\/p>\t\t\t\t<\/div>\n\t\t\t\t<\/div>\n\t\t\t\t\t<\/div>\n\t\t<\/div>\n\t\t\t\t\t<\/div>\n\t\t<\/section>\n\t\t\t\t<section class=\"elementor-section elementor-top-section elementor-element elementor-element-1a429cb elementor-section-boxed elementor-section-height-default elementor-section-height-default\" data-id=\"1a429cb\" data-element_type=\"section\" data-e-type=\"section\">\n\t\t\t\t\t\t<div class=\"elementor-container elementor-column-gap-default\">\n\t\t\t\t\t<div class=\"elementor-column elementor-col-100 elementor-top-column elementor-element elementor-element-2f28f855\" data-id=\"2f28f855\" data-element_type=\"column\" data-e-type=\"column\">\n\t\t\t<div class=\"elementor-widget-wrap elementor-element-populated\">\n\t\t\t\t\t\t<div class=\"elementor-element elementor-element-61c2193e elementor-widget elementor-widget-text-editor\" data-id=\"61c2193e\" data-element_type=\"widget\" data-e-type=\"widget\" data-widget_type=\"text-editor.default\">\n\t\t\t\t<div class=\"elementor-widget-container\">\n\t\t\t\t\t\t\t\t\t<p>Maria ci porta incessantemente. Tutte le sofferenze lei le conosce; vuole renderci forti, consolarci, aiutarci.<\/p>\t\t\t\t\t\t\t\t<\/div>\n\t\t\t\t<\/div>\n\t\t\t\t<div class=\"elementor-element elementor-element-61cddb39 sourcecitation elementor-widget elementor-widget-heading\" data-id=\"61cddb39\" data-element_type=\"widget\" data-e-type=\"widget\" data-widget_type=\"heading.default\">\n\t\t\t\t<div class=\"elementor-widget-container\">\n\t\t\t\t\t<p class=\"elementor-heading-title elementor-size-large\">TESTIMONIANZA RACCOLTA DA BERNARD PEYROUS LUGLIO 1986<\/p>\t\t\t\t<\/div>\n\t\t\t\t<\/div>\n\t\t\t\t\t<\/div>\n\t\t<\/div>\n\t\t\t\t\t<\/div>\n\t\t<\/section>\n\t\t\t\t<section class=\"elementor-section elementor-top-section elementor-element elementor-element-668357d4 elementor-section-boxed elementor-section-height-default elementor-section-height-default\" data-id=\"668357d4\" data-element_type=\"section\" data-e-type=\"section\">\n\t\t\t\t\t\t<div class=\"elementor-container elementor-column-gap-default\">\n\t\t\t\t\t<div class=\"elementor-column elementor-col-100 elementor-top-column elementor-element elementor-element-23561291\" data-id=\"23561291\" data-element_type=\"column\" data-e-type=\"column\">\n\t\t\t<div class=\"elementor-widget-wrap elementor-element-populated\">\n\t\t\t\t\t\t<div class=\"elementor-element elementor-element-6caede6d elementor-widget elementor-widget-text-editor\" data-id=\"6caede6d\" data-element_type=\"widget\" data-e-type=\"widget\" data-widget_type=\"text-editor.default\">\n\t\t\t\t<div class=\"elementor-widget-container\">\n\t\t\t\t\t\t\t\t\t<p>Se ci tormentiamo dicendo: \u201cMio Dio, come far\u00f2?\u201d, diciamoci: \u201cMaria ci sar\u00e0 e si occuper\u00e0 di tutto\u201d.<\/p>\t\t\t\t\t\t\t\t<\/div>\n\t\t\t\t<\/div>\n\t\t\t\t<div class=\"elementor-element elementor-element-68410d3c sourcecitation elementor-widget elementor-widget-heading\" data-id=\"68410d3c\" data-element_type=\"widget\" data-e-type=\"widget\" data-widget_type=\"heading.default\">\n\t\t\t\t<div class=\"elementor-widget-container\">\n\t\t\t\t\t<p class=\"elementor-heading-title elementor-size-large\">RITIRO DELLA FRATERNIT\u00c0 DI GES\u00d9 08\/1979 <\/p>\t\t\t\t<\/div>\n\t\t\t\t<\/div>\n\t\t\t\t\t<\/div>\n\t\t<\/div>\n\t\t\t\t\t<\/div>\n\t\t<\/section>\n\t\t\t\t<section class=\"elementor-section elementor-top-section elementor-element elementor-element-b6aff56 elementor-section-boxed elementor-section-height-default elementor-section-height-default\" data-id=\"b6aff56\" data-element_type=\"section\" data-e-type=\"section\">\n\t\t\t\t\t\t<div class=\"elementor-container elementor-column-gap-default\">\n\t\t\t\t\t<div class=\"elementor-column elementor-col-100 elementor-top-column elementor-element elementor-element-4ee4945\" data-id=\"4ee4945\" data-element_type=\"column\" data-e-type=\"column\">\n\t\t\t<div class=\"elementor-widget-wrap elementor-element-populated\">\n\t\t\t\t\t\t<div class=\"elementor-element elementor-element-0f7d33e citationserif elementor-widget elementor-widget-heading\" data-id=\"0f7d33e\" data-element_type=\"widget\" data-e-type=\"widget\" data-settings=\"{&quot;_animation&quot;:&quot;none&quot;}\" data-widget_type=\"heading.default\">\n\t\t\t\t<div class=\"elementor-widget-container\">\n\t\t\t\t\t<h4 class=\"elementor-heading-title elementor-size-medium\">Maria compassione<\/h4>\t\t\t\t<\/div>\n\t\t\t\t<\/div>\n\t\t\t\t\t<\/div>\n\t\t<\/div>\n\t\t\t\t\t<\/div>\n\t\t<\/section>\n\t\t\t\t<section class=\"elementor-section elementor-top-section elementor-element elementor-element-5f1f2dc7 elementor-section-boxed elementor-section-height-default elementor-section-height-default\" data-id=\"5f1f2dc7\" data-element_type=\"section\" data-e-type=\"section\">\n\t\t\t\t\t\t<div class=\"elementor-container elementor-column-gap-default\">\n\t\t\t\t\t<div class=\"elementor-column elementor-col-100 elementor-top-column elementor-element elementor-element-7e4f2533\" data-id=\"7e4f2533\" data-element_type=\"column\" data-e-type=\"column\">\n\t\t\t<div class=\"elementor-widget-wrap elementor-element-populated\">\n\t\t\t\t\t\t<div class=\"elementor-element elementor-element-5c490a98 elementor-widget elementor-widget-text-editor\" data-id=\"5c490a98\" data-element_type=\"widget\" data-e-type=\"widget\" data-widget_type=\"text-editor.default\">\n\t\t\t\t<div class=\"elementor-widget-container\">\n\t\t\t\t\t\t\t\t\t<p>Soprattutto, la cosa da chiedere al Signore non \u00e8 dirgli sempre: \u201cAh! Signore, toglimi questo peccato\u201d, ma che il Signore vi arda, vi trasformi, che vi doni un\u2019anima per compatire con Maria.<\/p>\t\t\t\t\t\t\t\t<\/div>\n\t\t\t\t<\/div>\n\t\t\t\t<div class=\"elementor-element elementor-element-2894a240 sourcecitation elementor-widget elementor-widget-heading\" data-id=\"2894a240\" data-element_type=\"widget\" data-e-type=\"widget\" data-widget_type=\"heading.default\">\n\t\t\t\t<div class=\"elementor-widget-container\">\n\t\t\t\t\t<p class=\"elementor-heading-title elementor-size-large\">CONVERSAZIONE DEL 23\/05\/1976\n\n<\/p>\t\t\t\t<\/div>\n\t\t\t\t<\/div>\n\t\t\t\t\t<\/div>\n\t\t<\/div>\n\t\t\t\t\t<\/div>\n\t\t<\/section>\n\t\t\t\t<section class=\"elementor-section elementor-top-section elementor-element elementor-element-37451cd6 elementor-section-boxed elementor-section-height-default elementor-section-height-default\" data-id=\"37451cd6\" data-element_type=\"section\" data-e-type=\"section\">\n\t\t\t\t\t\t<div class=\"elementor-container elementor-column-gap-default\">\n\t\t\t\t\t<div class=\"elementor-column elementor-col-100 elementor-top-column elementor-element elementor-element-6c7bb67f\" data-id=\"6c7bb67f\" data-element_type=\"column\" data-e-type=\"column\">\n\t\t\t<div class=\"elementor-widget-wrap elementor-element-populated\">\n\t\t\t\t\t\t<div class=\"elementor-element elementor-element-2f891f10 elementor-widget elementor-widget-text-editor\" data-id=\"2f891f10\" data-element_type=\"widget\" data-e-type=\"widget\" data-widget_type=\"text-editor.default\">\n\t\t\t\t<div class=\"elementor-widget-container\">\n\t\t\t\t\t\t\t\t\t<p>Il modello della compassione lo abbiamo in Maria. Solo Maria ce la pu\u00f2 insegnare.<\/p>\t\t\t\t\t\t\t\t<\/div>\n\t\t\t\t<\/div>\n\t\t\t\t<div class=\"elementor-element elementor-element-7a8edc68 sourcecitation elementor-widget elementor-widget-heading\" data-id=\"7a8edc68\" data-element_type=\"widget\" data-e-type=\"widget\" data-widget_type=\"heading.default\">\n\t\t\t\t<div class=\"elementor-widget-container\">\n\t\t\t\t\t<p class=\"elementor-heading-title elementor-size-large\">GIORNATA \u201cEMMANUELE\u201d INTERASSEMBLEE DI PREGHIERA 13\/03\/1976<\/p>\t\t\t\t<\/div>\n\t\t\t\t<\/div>\n\t\t\t\t\t<\/div>\n\t\t<\/div>\n\t\t\t\t\t<\/div>\n\t\t<\/section>\n\t\t\t\t<section class=\"elementor-section elementor-top-section elementor-element elementor-element-3d91449a elementor-section-boxed elementor-section-height-default elementor-section-height-default\" data-id=\"3d91449a\" data-element_type=\"section\" data-e-type=\"section\">\n\t\t\t\t\t\t<div class=\"elementor-container elementor-column-gap-default\">\n\t\t\t\t\t<div class=\"elementor-column elementor-col-100 elementor-top-column elementor-element elementor-element-2bf639c9\" data-id=\"2bf639c9\" data-element_type=\"column\" data-e-type=\"column\">\n\t\t\t<div class=\"elementor-widget-wrap elementor-element-populated\">\n\t\t\t\t\t\t<div class=\"elementor-element elementor-element-283c352f elementor-widget elementor-widget-text-editor\" data-id=\"283c352f\" data-element_type=\"widget\" data-e-type=\"widget\" data-widget_type=\"text-editor.default\">\n\t\t\t\t<div class=\"elementor-widget-container\">\n\t\t\t\t\t\t\t\t\t<p>Per avere questo spirito di compassione dobbiamo avere il cuore trafitto\u2026. Non siamo noi che lo avremo da soli, bisogna chiedere a Maria veramente di avere il cuore trafitto\u2026<\/p>\t\t\t\t\t\t\t\t<\/div>\n\t\t\t\t<\/div>\n\t\t\t\t<div class=\"elementor-element elementor-element-54929fed sourcecitation elementor-widget elementor-widget-heading\" data-id=\"54929fed\" data-element_type=\"widget\" data-e-type=\"widget\" data-widget_type=\"heading.default\">\n\t\t\t\t<div class=\"elementor-widget-container\">\n\t\t\t\t\t<p class=\"elementor-heading-title elementor-size-large\">GIORNATA \u201cEMMANUELE\u201d INTERASSEMBLEE DI PREGHIERA 13\/03\/1976\n\n<\/p>\t\t\t\t<\/div>\n\t\t\t\t<\/div>\n\t\t\t\t\t<\/div>\n\t\t<\/div>\n\t\t\t\t\t<\/div>\n\t\t<\/section>\n\t\t\t\t<section class=\"elementor-section elementor-top-section elementor-element elementor-element-4bb0f18 elementor-section-boxed elementor-section-height-default elementor-section-height-default\" data-id=\"4bb0f18\" data-element_type=\"section\" data-e-type=\"section\">\n\t\t\t\t\t\t<div class=\"elementor-container elementor-column-gap-default\">\n\t\t\t\t\t<div class=\"elementor-column elementor-col-100 elementor-top-column elementor-element elementor-element-1b20ce5\" data-id=\"1b20ce5\" data-element_type=\"column\" data-e-type=\"column\">\n\t\t\t<div class=\"elementor-widget-wrap elementor-element-populated\">\n\t\t\t\t\t\t<div class=\"elementor-element elementor-element-a24dbbe citationserif elementor-widget elementor-widget-heading\" data-id=\"a24dbbe\" data-element_type=\"widget\" data-e-type=\"widget\" data-settings=\"{&quot;_animation&quot;:&quot;none&quot;}\" data-widget_type=\"heading.default\">\n\t\t\t\t<div class=\"elementor-widget-container\">\n\t\t\t\t\t<h4 class=\"elementor-heading-title elementor-size-medium\">Maria combatte il demonio<\/h4>\t\t\t\t<\/div>\n\t\t\t\t<\/div>\n\t\t\t\t\t<\/div>\n\t\t<\/div>\n\t\t\t\t\t<\/div>\n\t\t<\/section>\n\t\t\t\t<section class=\"elementor-section elementor-top-section elementor-element elementor-element-78662ad9 elementor-section-boxed elementor-section-height-default elementor-section-height-default\" data-id=\"78662ad9\" data-element_type=\"section\" data-e-type=\"section\">\n\t\t\t\t\t\t<div class=\"elementor-container elementor-column-gap-default\">\n\t\t\t\t\t<div class=\"elementor-column elementor-col-100 elementor-top-column elementor-element elementor-element-34ac3f2b\" data-id=\"34ac3f2b\" data-element_type=\"column\" data-e-type=\"column\">\n\t\t\t<div class=\"elementor-widget-wrap elementor-element-populated\">\n\t\t\t\t\t\t<div class=\"elementor-element elementor-element-679eb002 elementor-widget elementor-widget-text-editor\" data-id=\"679eb002\" data-element_type=\"widget\" data-e-type=\"widget\" data-widget_type=\"text-editor.default\">\n\t\t\t\t<div class=\"elementor-widget-container\">\n\t\t\t\t\t\t\t\t\t<p>Se il demonio vuole attaccarmi, c\u2019\u00e8 un solo rimedio: \u00e8 Maria.<\/p>\t\t\t\t\t\t\t\t<\/div>\n\t\t\t\t<\/div>\n\t\t\t\t<div class=\"elementor-element elementor-element-4b16b8c5 sourcecitation elementor-widget elementor-widget-heading\" data-id=\"4b16b8c5\" data-element_type=\"widget\" data-e-type=\"widget\" data-widget_type=\"heading.default\">\n\t\t\t\t<div class=\"elementor-widget-container\">\n\t\t\t\t\t<p class=\"elementor-heading-title elementor-size-large\">WEEKEND COMUNITARIO\n24-25\/11\/1984\n<\/p>\t\t\t\t<\/div>\n\t\t\t\t<\/div>\n\t\t\t\t\t<\/div>\n\t\t<\/div>\n\t\t\t\t\t<\/div>\n\t\t<\/section>\n\t\t\t\t<section class=\"elementor-section elementor-top-section elementor-element elementor-element-26b4d95d elementor-section-boxed elementor-section-height-default elementor-section-height-default\" data-id=\"26b4d95d\" data-element_type=\"section\" data-e-type=\"section\">\n\t\t\t\t\t\t<div class=\"elementor-container elementor-column-gap-default\">\n\t\t\t\t\t<div class=\"elementor-column elementor-col-100 elementor-top-column elementor-element elementor-element-69d4f0b\" data-id=\"69d4f0b\" data-element_type=\"column\" data-e-type=\"column\">\n\t\t\t<div class=\"elementor-widget-wrap elementor-element-populated\">\n\t\t\t\t\t\t<div class=\"elementor-element elementor-element-d75991 elementor-widget elementor-widget-text-editor\" data-id=\"d75991\" data-element_type=\"widget\" data-e-type=\"widget\" data-widget_type=\"text-editor.default\">\n\t\t\t\t<div class=\"elementor-widget-container\">\n\t\t\t\t\t\t\t\t\t<p>Se invochiamo lo Spirito Santo, siamo sicuri di essere vincitori, di essere vincitori attraverso Maria. Ci chiediamo: \u201cMa che c\u2019entra Maria in questo? Ci sono gi\u00e0 il Padre, il Figlio e lo Spirito Santo, che bisogno abbiamo di Maria?\u201d. S\u00ec, ma ci dimentichiamo che il demonio esiste&#8230; E Dio ha preso un bambino, la pi\u00f9 umile delle creature, e la pi\u00f9 magnifica per la sua umilt\u00e0, perch\u00e9 sia la regina del cielo e della terra e domini sulla sporca bestia di creatura che \u00e8 il demonio. Con gli angeli, ma gli angeli sono sotto la direzione di Maria! Perci\u00f2 se chiediamo a Maria e alla Trinit\u00e0, se facciamo affidamento su Maria, non abbiamo da temere niente. Perch\u00e9 in pi\u00f9 \u00e8 una grazia materna e lei si occuper\u00e0 di noi con grande premura e con un cuore di madre.<\/p>\t\t\t\t\t\t\t\t<\/div>\n\t\t\t\t<\/div>\n\t\t\t\t<div class=\"elementor-element elementor-element-d77ebdc sourcecitation elementor-widget elementor-widget-heading\" data-id=\"d77ebdc\" data-element_type=\"widget\" data-e-type=\"widget\" data-widget_type=\"heading.default\">\n\t\t\t\t<div class=\"elementor-widget-container\">\n\t\t\t\t\t<p class=\"elementor-heading-title elementor-size-large\">WEEKEND COMUNITARIO\n15\/03\/1980\n<\/p>\t\t\t\t<\/div>\n\t\t\t\t<\/div>\n\t\t\t\t\t<\/div>\n\t\t<\/div>\n\t\t\t\t\t<\/div>\n\t\t<\/section>\n\t\t\t\t<section class=\"elementor-section elementor-top-section elementor-element elementor-element-c1741c1 animated-slow elementor-section-boxed elementor-section-height-default elementor-section-height-default elementor-invisible\" data-id=\"c1741c1\" data-element_type=\"section\" data-e-type=\"section\" data-settings=\"{&quot;animation&quot;:&quot;fadeIn&quot;}\">\n\t\t\t\t\t\t<div class=\"elementor-container elementor-column-gap-default\">\n\t\t\t\t\t<div class=\"elementor-column elementor-col-100 elementor-top-column elementor-element elementor-element-f0cbcbf\" data-id=\"f0cbcbf\" data-element_type=\"column\" data-e-type=\"column\">\n\t\t\t<div class=\"elementor-widget-wrap elementor-element-populated\">\n\t\t\t\t\t\t<div class=\"elementor-element elementor-element-5c9a6ed citationserif elementor-invisible elementor-widget elementor-widget-heading\" data-id=\"5c9a6ed\" data-element_type=\"widget\" data-e-type=\"widget\" data-settings=\"{&quot;_animation&quot;:&quot;fadeIn&quot;}\" data-widget_type=\"heading.default\">\n\t\t\t\t<div class=\"elementor-widget-container\">\n\t\t\t\t\t<h3 class=\"elementor-heading-title elementor-size-default\">Maria \u00e8 un esercito schierato in battaglia se siamo nella fede.\n<\/h3>\t\t\t\t<\/div>\n\t\t\t\t<\/div>\n\t\t\t\t<div class=\"elementor-element elementor-element-6c9cb38 sourcecitation elementor-widget elementor-widget-heading\" data-id=\"6c9cb38\" data-element_type=\"widget\" data-e-type=\"widget\" data-widget_type=\"heading.default\">\n\t\t\t\t<div class=\"elementor-widget-container\">\n\t\t\t\t\t<p class=\"elementor-heading-title elementor-size-large\">INTERVISTA FATTA A PIERRE DA JEAN-MARC E FRAN\u00c7OU MORIN A SAINT-MAURICE 5-8\/08\/1988<\/p>\t\t\t\t<\/div>\n\t\t\t\t<\/div>\n\t\t\t\t\t<\/div>\n\t\t<\/div>\n\t\t\t\t\t<\/div>\n\t\t<\/section>\n\t\t\t\t<section class=\"elementor-section elementor-top-section elementor-element elementor-element-69890e80 elementor-section-boxed elementor-section-height-default elementor-section-height-default\" data-id=\"69890e80\" data-element_type=\"section\" data-e-type=\"section\">\n\t\t\t\t\t\t<div class=\"elementor-container elementor-column-gap-default\">\n\t\t\t\t\t<div class=\"elementor-column elementor-col-100 elementor-top-column elementor-element elementor-element-4712de44\" data-id=\"4712de44\" data-element_type=\"column\" data-e-type=\"column\">\n\t\t\t<div class=\"elementor-widget-wrap elementor-element-populated\">\n\t\t\t\t\t\t<div class=\"elementor-element elementor-element-1cf82d6f elementor-widget elementor-widget-text-editor\" data-id=\"1cf82d6f\" data-element_type=\"widget\" data-e-type=\"widget\" data-widget_type=\"text-editor.default\">\n\t\t\t\t<div class=\"elementor-widget-container\">\n\t\t\t\t\t\t\t\t\t<p>Maria \u00e8 una persona assolutamente straordinaria. E il demonio ha una fifa spaventosa, un vero panico di Maria.<\/p>\t\t\t\t\t\t\t\t<\/div>\n\t\t\t\t<\/div>\n\t\t\t\t<div class=\"elementor-element elementor-element-2e3b8015 sourcecitation elementor-widget elementor-widget-heading\" data-id=\"2e3b8015\" data-element_type=\"widget\" data-e-type=\"widget\" data-widget_type=\"heading.default\">\n\t\t\t\t<div class=\"elementor-widget-container\">\n\t\t\t\t\t<p class=\"elementor-heading-title elementor-size-large\">WEEKEND COMUNITARIO\n30-31\/05\/1981\n<\/p>\t\t\t\t<\/div>\n\t\t\t\t<\/div>\n\t\t\t\t\t<\/div>\n\t\t<\/div>\n\t\t\t\t\t<\/div>\n\t\t<\/section>\n\t\t\t\t<section class=\"elementor-section elementor-top-section elementor-element elementor-element-463eea51 elementor-section-boxed elementor-section-height-default elementor-section-height-default\" data-id=\"463eea51\" data-element_type=\"section\" data-e-type=\"section\">\n\t\t\t\t\t\t<div class=\"elementor-container elementor-column-gap-default\">\n\t\t\t\t\t<div class=\"elementor-column elementor-col-100 elementor-top-column elementor-element elementor-element-382ea8c6\" data-id=\"382ea8c6\" data-element_type=\"column\" data-e-type=\"column\">\n\t\t\t<div class=\"elementor-widget-wrap elementor-element-populated\">\n\t\t\t\t\t\t<div class=\"elementor-element elementor-element-6629f50d elementor-widget elementor-widget-text-editor\" data-id=\"6629f50d\" data-element_type=\"widget\" data-e-type=\"widget\" data-widget_type=\"text-editor.default\">\n\t\t\t\t<div class=\"elementor-widget-container\">\n\t\t\t\t\t\t\t\t\t<p>Dobbiamo annunciare al mondo l\u2019amore di Dio. Questo amore \u00e8 incompreso, \u00e8 disprezzato. Noi dobbiamo annunciarlo. Ed \u00e8 l\u00ec che avremo questo combattimento spirituale, perch\u00e9 Satana si scatener\u00e0 contro di noi. Ma Maria ci protegger\u00e0. Perci\u00f2 non abbiamo assolutamente da temere niente.<\/p>\t\t\t\t\t\t\t\t<\/div>\n\t\t\t\t<\/div>\n\t\t\t\t<div class=\"elementor-element elementor-element-798a95e9 sourcecitation elementor-widget elementor-widget-heading\" data-id=\"798a95e9\" data-element_type=\"widget\" data-e-type=\"widget\" data-widget_type=\"heading.default\">\n\t\t\t\t<div class=\"elementor-widget-container\">\n\t\t\t\t\t<p class=\"elementor-heading-title elementor-size-large\">RITIRO DELLA FRATERNIT\u00c0 DI GES\u00d9 PASQUA 1978<\/p>\t\t\t\t<\/div>\n\t\t\t\t<\/div>\n\t\t\t\t\t<\/div>\n\t\t<\/div>\n\t\t\t\t\t<\/div>\n\t\t<\/section>\n\t\t\t\t<section class=\"elementor-section elementor-top-section elementor-element elementor-element-54296e94 elementor-section-boxed elementor-section-height-default elementor-section-height-default\" data-id=\"54296e94\" data-element_type=\"section\" data-e-type=\"section\">\n\t\t\t\t\t\t<div class=\"elementor-container elementor-column-gap-default\">\n\t\t\t\t\t<div class=\"elementor-column elementor-col-100 elementor-top-column elementor-element elementor-element-71a26b0d\" data-id=\"71a26b0d\" data-element_type=\"column\" data-e-type=\"column\">\n\t\t\t<div class=\"elementor-widget-wrap elementor-element-populated\">\n\t\t\t\t\t\t<div class=\"elementor-element elementor-element-38137ff3 elementor-widget elementor-widget-text-editor\" data-id=\"38137ff3\" data-element_type=\"widget\" data-e-type=\"widget\" data-widget_type=\"text-editor.default\">\n\t\t\t\t<div class=\"elementor-widget-container\">\n\t\t\t\t\t\t\t\t\t<p>Certamente avremo delle persecuzioni tra qualche anno: \u00e8 evidente che avverr\u00e0. Se ci tormentiamo dicendo: \u201cMio Dio, come far\u00f2?\u201d, diciamoci: \u201cMaria ci sar\u00e0 e si occuper\u00e0 di tutto\u201d.<\/p>\t\t\t\t\t\t\t\t<\/div>\n\t\t\t\t<\/div>\n\t\t\t\t<div class=\"elementor-element elementor-element-545db4a7 sourcecitation elementor-widget elementor-widget-heading\" data-id=\"545db4a7\" data-element_type=\"widget\" data-e-type=\"widget\" data-widget_type=\"heading.default\">\n\t\t\t\t<div class=\"elementor-widget-container\">\n\t\t\t\t\t<p class=\"elementor-heading-title elementor-size-large\">RITIRO DELLA FRATERNIT\u00c0 DI GES\u00d9 08\/1979 <\/p>\t\t\t\t<\/div>\n\t\t\t\t<\/div>\n\t\t\t\t\t<\/div>\n\t\t<\/div>\n\t\t\t\t\t<\/div>\n\t\t<\/section>\n\t\t\t\t<section class=\"elementor-section elementor-top-section elementor-element elementor-element-64eb0749 elementor-section-boxed elementor-section-height-default elementor-section-height-default\" data-id=\"64eb0749\" data-element_type=\"section\" data-e-type=\"section\">\n\t\t\t\t\t\t<div class=\"elementor-container elementor-column-gap-default\">\n\t\t\t\t\t<div class=\"elementor-column elementor-col-100 elementor-top-column elementor-element elementor-element-612a7a62\" data-id=\"612a7a62\" data-element_type=\"column\" data-e-type=\"column\">\n\t\t\t<div class=\"elementor-widget-wrap elementor-element-populated\">\n\t\t\t\t\t\t<div class=\"elementor-element elementor-element-5b891817 elementor-widget elementor-widget-text-editor\" data-id=\"5b891817\" data-element_type=\"widget\" data-e-type=\"widget\" data-widget_type=\"text-editor.default\">\n\t\t\t\t<div class=\"elementor-widget-container\">\n\t\t\t\t\t\t\t\t\t<p>\u00c8 chiaro che abbiamo sempre pi\u00f9 da combattere a livello universale. \u00c8 veramente un combattimento con il Drago. \u00c8 la donna con il drago: \u00e8 Maria che combatte il drago e che lo combatte in tutto il mondo.<\/p>\t\t\t\t\t\t\t\t<\/div>\n\t\t\t\t<\/div>\n\t\t\t\t<div class=\"elementor-element elementor-element-38050dc5 sourcecitation elementor-widget elementor-widget-heading\" data-id=\"38050dc5\" data-element_type=\"widget\" data-e-type=\"widget\" data-widget_type=\"heading.default\">\n\t\t\t\t<div class=\"elementor-widget-container\">\n\t\t\t\t\t<p class=\"elementor-heading-title elementor-size-large\">WEEKEND COMUNITARIO\n12\/05\/1979\n<\/p>\t\t\t\t<\/div>\n\t\t\t\t<\/div>\n\t\t\t\t\t<\/div>\n\t\t<\/div>\n\t\t\t\t\t<\/div>\n\t\t<\/section>\n\t\t\t\t<section class=\"elementor-section elementor-top-section elementor-element elementor-element-63770c2a elementor-section-boxed elementor-section-height-default elementor-section-height-default\" data-id=\"63770c2a\" data-element_type=\"section\" data-e-type=\"section\">\n\t\t\t\t\t\t<div class=\"elementor-container elementor-column-gap-default\">\n\t\t\t\t\t<div class=\"elementor-column elementor-col-100 elementor-top-column elementor-element elementor-element-79b97b56\" data-id=\"79b97b56\" data-element_type=\"column\" data-e-type=\"column\">\n\t\t\t<div class=\"elementor-widget-wrap elementor-element-populated\">\n\t\t\t\t\t\t<div class=\"elementor-element elementor-element-100b11cc elementor-widget elementor-widget-text-editor\" data-id=\"100b11cc\" data-element_type=\"widget\" data-e-type=\"widget\" data-widget_type=\"text-editor.default\">\n\t\t\t\t<div class=\"elementor-widget-container\">\n\t\t\t\t\t\t\t\t\t<p>Maria si occupa degli attacchi del demonio; Maria se ne occupa e se ne occupa bene. Noi invece dobbiamo occuparci soprattutto dell\u2019approfondimento spirituale.<\/p>\t\t\t\t\t\t\t\t<\/div>\n\t\t\t\t<\/div>\n\t\t\t\t<div class=\"elementor-element elementor-element-4f82d49b sourcecitation elementor-widget elementor-widget-heading\" data-id=\"4f82d49b\" data-element_type=\"widget\" data-e-type=\"widget\" data-widget_type=\"heading.default\">\n\t\t\t\t<div class=\"elementor-widget-container\">\n\t\t\t\t\t<p class=\"elementor-heading-title elementor-size-large\">WEEKEND COMUNITARIO\n23\/24\/04\/1983\n<\/p>\t\t\t\t<\/div>\n\t\t\t\t<\/div>\n\t\t\t\t\t<\/div>\n\t\t<\/div>\n\t\t\t\t\t<\/div>\n\t\t<\/section>\n\t\t\t\t<section class=\"elementor-section elementor-top-section elementor-element elementor-element-74d3dba9 elementor-section-boxed elementor-section-height-default elementor-section-height-default\" data-id=\"74d3dba9\" data-element_type=\"section\" data-e-type=\"section\">\n\t\t\t\t\t\t<div class=\"elementor-container elementor-column-gap-default\">\n\t\t\t\t\t<div class=\"elementor-column elementor-col-100 elementor-top-column elementor-element elementor-element-ba50c5\" data-id=\"ba50c5\" data-element_type=\"column\" data-e-type=\"column\">\n\t\t\t<div class=\"elementor-widget-wrap elementor-element-populated\">\n\t\t\t\t\t\t<div class=\"elementor-element elementor-element-683bff2f citationserif elementor-widget elementor-widget-heading\" data-id=\"683bff2f\" data-element_type=\"widget\" data-e-type=\"widget\" data-settings=\"{&quot;_animation&quot;:&quot;none&quot;}\" data-widget_type=\"heading.default\">\n\t\t\t\t<div class=\"elementor-widget-container\">\n\t\t\t\t\t<h4 class=\"elementor-heading-title elementor-size-medium\"> Un solo cuore Ges\u00f9 e Maria<\/h4>\t\t\t\t<\/div>\n\t\t\t\t<\/div>\n\t\t\t\t\t<\/div>\n\t\t<\/div>\n\t\t\t\t\t<\/div>\n\t\t<\/section>\n\t\t\t\t<section class=\"elementor-section elementor-top-section elementor-element elementor-element-16b7bff8 elementor-section-boxed elementor-section-height-default elementor-section-height-default\" data-id=\"16b7bff8\" data-element_type=\"section\" data-e-type=\"section\">\n\t\t\t\t\t\t<div class=\"elementor-container elementor-column-gap-default\">\n\t\t\t\t\t<div class=\"elementor-column elementor-col-100 elementor-top-column elementor-element elementor-element-58ff46c1\" data-id=\"58ff46c1\" data-element_type=\"column\" data-e-type=\"column\">\n\t\t\t<div class=\"elementor-widget-wrap elementor-element-populated\">\n\t\t\t\t\t\t<div class=\"elementor-element elementor-element-5a40b363 elementor-widget elementor-widget-text-editor\" data-id=\"5a40b363\" data-element_type=\"widget\" data-e-type=\"widget\" data-widget_type=\"text-editor.default\">\n\t\t\t\t<div class=\"elementor-widget-container\">\n\t\t\t\t\t\t\t\t\t<p>Il nostro ritmo di vita \u00e8 il ritmo del Cuore di Ges\u00f9 e il ritmo del cuore di Maria. Allora in quel momento ci si rilassa, siamo nella piena gioia e nella distensione, e allo stesso tempo siamo nel raccoglimento.<\/p>\t\t\t\t\t\t\t\t<\/div>\n\t\t\t\t<\/div>\n\t\t\t\t<div class=\"elementor-element elementor-element-243a34c1 sourcecitation elementor-widget elementor-widget-heading\" data-id=\"243a34c1\" data-element_type=\"widget\" data-e-type=\"widget\" data-widget_type=\"heading.default\">\n\t\t\t\t<div class=\"elementor-widget-container\">\n\t\t\t\t\t<p class=\"elementor-heading-title elementor-size-large\">WEEKEND COMUNITARIO \u2013 PRIMAVERA 1979 <\/p>\t\t\t\t<\/div>\n\t\t\t\t<\/div>\n\t\t\t\t\t<\/div>\n\t\t<\/div>\n\t\t\t\t\t<\/div>\n\t\t<\/section>\n\t\t\t\t<section class=\"elementor-section elementor-top-section elementor-element elementor-element-118a8134 animated-slow elementor-section-boxed elementor-section-height-default elementor-section-height-default elementor-invisible\" data-id=\"118a8134\" data-element_type=\"section\" data-e-type=\"section\" data-settings=\"{&quot;animation&quot;:&quot;fadeIn&quot;}\">\n\t\t\t\t\t\t<div class=\"elementor-container elementor-column-gap-default\">\n\t\t\t\t\t<div class=\"elementor-column elementor-col-100 elementor-top-column elementor-element elementor-element-22692fa2\" data-id=\"22692fa2\" data-element_type=\"column\" data-e-type=\"column\">\n\t\t\t<div class=\"elementor-widget-wrap elementor-element-populated\">\n\t\t\t\t\t\t<div class=\"elementor-element elementor-element-65153240 citationserif elementor-invisible elementor-widget elementor-widget-heading\" data-id=\"65153240\" data-element_type=\"widget\" data-e-type=\"widget\" data-settings=\"{&quot;_animation&quot;:&quot;fadeIn&quot;}\" data-widget_type=\"heading.default\">\n\t\t\t\t<div class=\"elementor-widget-container\">\n\t\t\t\t\t<h3 class=\"elementor-heading-title elementor-size-default\">Con san Giovanni Eudes ho capito che non c\u2019era che un solo Cuore:<br \/> quello di Ges\u00f9 e Maria\n<\/h3>\t\t\t\t<\/div>\n\t\t\t\t<\/div>\n\t\t\t\t<div class=\"elementor-element elementor-element-4b25f808 sourcecitation elementor-widget elementor-widget-heading\" data-id=\"4b25f808\" data-element_type=\"widget\" data-e-type=\"widget\" data-widget_type=\"heading.default\">\n\t\t\t\t<div class=\"elementor-widget-container\">\n\t\t\t\t\t<p class=\"elementor-heading-title elementor-size-large\">INTERVISTA FATTA A PIERRE DA JEAN-MARC E FRAN\u00c7OU MORIN A SAINT-MAURICE 5-8\/08\/1988<\/p>\t\t\t\t<\/div>\n\t\t\t\t<\/div>\n\t\t\t\t\t<\/div>\n\t\t<\/div>\n\t\t\t\t\t<\/div>\n\t\t<\/section>\n\t\t\t\t<section class=\"elementor-section elementor-top-section elementor-element elementor-element-cecc72 elementor-section-boxed elementor-section-height-default elementor-section-height-default\" data-id=\"cecc72\" data-element_type=\"section\" data-e-type=\"section\">\n\t\t\t\t\t\t<div class=\"elementor-container elementor-column-gap-default\">\n\t\t\t\t\t<div class=\"elementor-column elementor-col-100 elementor-top-column elementor-element elementor-element-16bdee04\" data-id=\"16bdee04\" data-element_type=\"column\" data-e-type=\"column\">\n\t\t\t<div class=\"elementor-widget-wrap elementor-element-populated\">\n\t\t\t\t\t\t<div class=\"elementor-element elementor-element-3614ae48 elementor-widget elementor-widget-text-editor\" data-id=\"3614ae48\" data-element_type=\"widget\" data-e-type=\"widget\" data-widget_type=\"text-editor.default\">\n\t\t\t\t<div class=\"elementor-widget-container\">\n\t\t\t\t\t\t\t\t\t<p>Avete fatto tutti questa esperienza: nei momenti difficili Lui c\u2019\u00e8, la sua presenza viene. E c\u2019\u00e8 anche Maria! Maria c\u2019\u00e8 veramente. Con Ges\u00f9 e Maria siamo messi bene! \u00c8 veramente straordinario!<\/p>\t\t\t\t\t\t\t\t<\/div>\n\t\t\t\t<\/div>\n\t\t\t\t<div class=\"elementor-element elementor-element-68d9a6a4 sourcecitation elementor-widget elementor-widget-heading\" data-id=\"68d9a6a4\" data-element_type=\"widget\" data-e-type=\"widget\" data-widget_type=\"heading.default\">\n\t\t\t\t<div class=\"elementor-widget-container\">\n\t\t\t\t\t<p class=\"elementor-heading-title elementor-size-large\">RITIRO DELLA FRATERNIT\u00c0 DI GES\u00d9 09\/08\/1978<\/p>\t\t\t\t<\/div>\n\t\t\t\t<\/div>\n\t\t\t\t\t<\/div>\n\t\t<\/div>\n\t\t\t\t\t<\/div>\n\t\t<\/section>\n\t\t\t\t<section class=\"elementor-section elementor-top-section elementor-element elementor-element-657e36da elementor-section-boxed elementor-section-height-default elementor-section-height-default\" data-id=\"657e36da\" data-element_type=\"section\" data-e-type=\"section\">\n\t\t\t\t\t\t<div class=\"elementor-container elementor-column-gap-default\">\n\t\t\t\t\t<div class=\"elementor-column elementor-col-100 elementor-top-column elementor-element elementor-element-16374c69\" data-id=\"16374c69\" data-element_type=\"column\" data-e-type=\"column\">\n\t\t\t<div class=\"elementor-widget-wrap elementor-element-populated\">\n\t\t\t\t\t\t<div class=\"elementor-element elementor-element-311cd8da elementor-widget elementor-widget-text-editor\" data-id=\"311cd8da\" data-element_type=\"widget\" data-e-type=\"widget\" data-widget_type=\"text-editor.default\">\n\t\t\t\t<div class=\"elementor-widget-container\">\n\t\t\t\t\t\t\t\t\t<p>O Maria, capisco il tuo cuore e quello di tuo figlio. \u00c8 meravigliosa l\u2019incarnazione di un Dio che ha una madre.<\/p>\t\t\t\t\t\t\t\t<\/div>\n\t\t\t\t<\/div>\n\t\t\t\t<div class=\"elementor-element elementor-element-21890e57 sourcecitation elementor-widget elementor-widget-heading\" data-id=\"21890e57\" data-element_type=\"widget\" data-e-type=\"widget\" data-widget_type=\"heading.default\">\n\t\t\t\t<div class=\"elementor-widget-container\">\n\t\t\t\t\t<p class=\"elementor-heading-title elementor-size-large\">PREGHIERA, CIRCA 1973\n\n<\/p>\t\t\t\t<\/div>\n\t\t\t\t<\/div>\n\t\t\t\t\t<\/div>\n\t\t<\/div>\n\t\t\t\t\t<\/div>\n\t\t<\/section>\n\t\t\t\t<section class=\"elementor-section elementor-top-section elementor-element elementor-element-1393e082 elementor-section-boxed elementor-section-height-default elementor-section-height-default\" data-id=\"1393e082\" data-element_type=\"section\" data-e-type=\"section\">\n\t\t\t\t\t\t<div class=\"elementor-container elementor-column-gap-default\">\n\t\t\t\t\t<div class=\"elementor-column elementor-col-100 elementor-top-column elementor-element elementor-element-1d70070f\" data-id=\"1d70070f\" data-element_type=\"column\" data-e-type=\"column\">\n\t\t\t<div class=\"elementor-widget-wrap elementor-element-populated\">\n\t\t\t\t\t\t<div class=\"elementor-element elementor-element-62dd569c elementor-widget elementor-widget-text-editor\" data-id=\"62dd569c\" data-element_type=\"widget\" data-e-type=\"widget\" data-widget_type=\"text-editor.default\">\n\t\t\t\t<div class=\"elementor-widget-container\">\n\t\t\t\t\t\t\t\t\t<p>Maria \u00e8 la compassione. Lo \u00e8 veramente, perch\u00e9 il Figlio soffriva e sappiamo che la Madre gli era accanto e che soffriva. Era veramente la compassione: lei soffriva con lui.<\/p>\t\t\t\t\t\t\t\t<\/div>\n\t\t\t\t<\/div>\n\t\t\t\t<div class=\"elementor-element elementor-element-7033bd69 sourcecitation elementor-widget elementor-widget-heading\" data-id=\"7033bd69\" data-element_type=\"widget\" data-e-type=\"widget\" data-widget_type=\"heading.default\">\n\t\t\t\t<div class=\"elementor-widget-container\">\n\t\t\t\t\t<p class=\"elementor-heading-title elementor-size-large\">GIORNATA \u201cEMMANUELE\u201d INTERASSEMBLEE DI PREGHIERA 13\/03\/1976<\/p>\t\t\t\t<\/div>\n\t\t\t\t<\/div>\n\t\t\t\t\t<\/div>\n\t\t<\/div>\n\t\t\t\t\t<\/div>\n\t\t<\/section>\n\t\t\t\t<section class=\"elementor-section elementor-top-section elementor-element elementor-element-580fa58 elementor-section-boxed elementor-section-height-default elementor-section-height-default\" data-id=\"580fa58\" data-element_type=\"section\" data-e-type=\"section\">\n\t\t\t\t\t\t<div class=\"elementor-container elementor-column-gap-default\">\n\t\t\t\t\t<div class=\"elementor-column elementor-col-100 elementor-top-column elementor-element elementor-element-b85c9e5\" data-id=\"b85c9e5\" data-element_type=\"column\" data-e-type=\"column\">\n\t\t\t<div class=\"elementor-widget-wrap elementor-element-populated\">\n\t\t\t\t\t\t<div class=\"elementor-element elementor-element-7279992 elementor-widget elementor-widget-text-editor\" data-id=\"7279992\" data-element_type=\"widget\" data-e-type=\"widget\" data-widget_type=\"text-editor.default\">\n\t\t\t\t<div class=\"elementor-widget-container\">\n\t\t\t\t\t\t\t\t\t<p>\u201cMolto bene Paray\u2026. siete qualche migliaio!\u201d. Ma sento anche che c\u2019\u00e8 il popolo di Dio. Ci sono persone molto semplici, molto povere, che hanno tante difficolt\u00e0, con tanti problemi, ma il Signore le ama. Infatti ha detto: \u201cNon sono venuto per i giusti ma per i peccatori\u201d, e anche che questo \u201cCuore che ha tanto amato gli uomini\u201d, desidera amarli e farglielo capire sempre di pi\u00f9. [&#8230;] Inoltre, non basta che le persone vengano a Paray, occorre che si convertano e che ci sia un seguito. Allora se si pu\u00f2 inviare loro una rivista che durante l\u2019anno parli loro delle grazie di Paray e che sostenga il loro cuore, credo che le si possa veramente aiutare.<\/p>\t\t\t\t\t\t\t\t<\/div>\n\t\t\t\t<\/div>\n\t\t\t\t<div class=\"elementor-element elementor-element-77b6037 sourcecitation elementor-widget elementor-widget-heading\" data-id=\"77b6037\" data-element_type=\"widget\" data-e-type=\"widget\" data-widget_type=\"heading.default\">\n\t\t\t\t<div class=\"elementor-widget-container\">\n\t\t\t\t\t<p class=\"elementor-heading-title elementor-size-large\">RITIRO DELLA FRATERNIT\u00c0 DI GES\u00d9 30\/12\/1982<\/p>\t\t\t\t<\/div>\n\t\t\t\t<\/div>\n\t\t\t\t\t<\/div>\n\t\t<\/div>\n\t\t\t\t\t<\/div>\n\t\t<\/section>\n\t\t\t\t<section class=\"elementor-section elementor-top-section elementor-element elementor-element-6f51d88b elementor-section-boxed elementor-section-height-default elementor-section-height-default\" data-id=\"6f51d88b\" data-element_type=\"section\" data-e-type=\"section\">\n\t\t\t\t\t\t<div class=\"elementor-container elementor-column-gap-default\">\n\t\t\t\t\t<div class=\"elementor-column elementor-col-100 elementor-top-column elementor-element elementor-element-6bea25dc\" data-id=\"6bea25dc\" data-element_type=\"column\" data-e-type=\"column\">\n\t\t\t<div class=\"elementor-widget-wrap elementor-element-populated\">\n\t\t\t\t\t\t<div class=\"elementor-element elementor-element-d1b4a1a elementor-widget elementor-widget-spacer\" data-id=\"d1b4a1a\" data-element_type=\"widget\" data-e-type=\"widget\" data-widget_type=\"spacer.default\">\n\t\t\t\t<div class=\"elementor-widget-container\">\n\t\t\t\t\t\t\t<div class=\"elementor-spacer\">\n\t\t\t<div class=\"elementor-spacer-inner\"><\/div>\n\t\t<\/div>\n\t\t\t\t\t\t<\/div>\n\t\t\t\t<\/div>\n\t\t\t\t\t<\/div>\n\t\t<\/div>\n\t\t\t\t\t<\/div>\n\t\t<\/section>\n\t\t\t\t<\/div>\n\t\t","protected":false},"excerpt":{"rendered":"<p>CUORE DI GES\u00d9 E MARIA Qualche parola di Pierre sul Cuore di Ges\u00f9 e di Maria Cuore di Ges\u00f9 Quando ero giovane ero stato abbastanza ferito e avevo una fifa terribile della Croce\u2026 Nella chiesa di Saint-Philippe [du Roule] c\u2019erano due altari, uno della croce, l\u2019altro del Sacro Cuore, e io me ne andavo sempre [&hellip;]<\/p>\n","protected":false},"author":1,"featured_media":0,"parent":4020,"menu_order":0,"comment_status":"closed","ping_status":"closed","template":"","meta":{"_acf_changed":false,"footnotes":""},"class_list":["post-15856","page","type-page","status-publish","hentry"],"acf":[],"yoast_head":"<!-- This site is optimized with the Yoast SEO plugin v27.4 - https:\/\/yoast.com\/product\/yoast-seo-wordpress\/ -->\n<title>Qualche parola di Pierre sul Cuore di Ges\u00f9 e di Maria<\/title>\n<meta name=\"robots\" content=\"index, follow, max-snippet:-1, max-image-preview:large, max-video-preview:-1\" \/>\n<link rel=\"canonical\" href=\"https:\/\/www.pierregoursat.com\/themes\/theme-coeur-jesus-marie\/paroles-de-pierre\/\" \/>\n<meta property=\"og:locale\" content=\"it_IT\" \/>\n<meta property=\"og:type\" content=\"article\" \/>\n<meta property=\"og:title\" content=\"Qualche parola di Pierre sul Cuore di Ges\u00f9 e di Maria\" \/>\n<meta property=\"og:description\" content=\"CUORE DI GES\u00d9 E MARIA Qualche parola di Pierre sul Cuore di Ges\u00f9 e di Maria Cuore di Ges\u00f9 Quando ero giovane ero stato abbastanza ferito e avevo una fifa terribile della Croce\u2026 Nella chiesa di Saint-Philippe [du Roule] c\u2019erano due altari, uno della croce, l\u2019altro del Sacro Cuore, e io me ne andavo sempre [&hellip;]\" \/>\n<meta property=\"og:url\" content=\"https:\/\/www.pierregoursat.com\/themes\/theme-coeur-jesus-marie\/paroles-de-pierre\/\" \/>\n<meta property=\"og:site_name\" content=\"Pierre Goursat et Ses Fr\u00e8res et Soeurs\" \/>\n<meta property=\"article:modified_time\" content=\"2022-04-28T13:28:11+00:00\" \/>\n<meta property=\"og:image\" content=\"https:\/\/www.pierregoursat.com\/asset\/logos\/logo-IT-pierre-BLANC.png\" \/>\n<meta name=\"twitter:card\" content=\"summary_large_image\" \/>\n<meta name=\"twitter:label1\" content=\"Tempo di lettura stimato\" \/>\n\t<meta name=\"twitter:data1\" content=\"22 minuti\" \/>\n<script type=\"application\/ld+json\" class=\"yoast-schema-graph\">{\"@context\":\"https:\\\/\\\/schema.org\",\"@graph\":[{\"@type\":\"WebPage\",\"@id\":\"https:\\\/\\\/www.pierregoursat.com\\\/themes\\\/theme-coeur-jesus-marie\\\/paroles-de-pierre\\\/\",\"url\":\"https:\\\/\\\/www.pierregoursat.com\\\/themes\\\/theme-coeur-jesus-marie\\\/paroles-de-pierre\\\/\",\"name\":\"Qualche parola di Pierre sul Cuore di Ges\u00f9 e di Maria\",\"isPartOf\":{\"@id\":\"https:\\\/\\\/www.pierregoursat.com\\\/#website\"},\"primaryImageOfPage\":{\"@id\":\"https:\\\/\\\/www.pierregoursat.com\\\/themes\\\/theme-coeur-jesus-marie\\\/paroles-de-pierre\\\/#primaryimage\"},\"image\":{\"@id\":\"https:\\\/\\\/www.pierregoursat.com\\\/themes\\\/theme-coeur-jesus-marie\\\/paroles-de-pierre\\\/#primaryimage\"},\"thumbnailUrl\":\"https:\\\/\\\/www.pierregoursat.com\\\/asset\\\/logos\\\/logo-IT-pierre-BLANC.png\",\"datePublished\":\"2021-07-01T14:02:06+00:00\",\"dateModified\":\"2022-04-28T13:28:11+00:00\",\"breadcrumb\":{\"@id\":\"https:\\\/\\\/www.pierregoursat.com\\\/themes\\\/theme-coeur-jesus-marie\\\/paroles-de-pierre\\\/#breadcrumb\"},\"inLanguage\":\"it-IT\",\"potentialAction\":[{\"@type\":\"ReadAction\",\"target\":[\"https:\\\/\\\/www.pierregoursat.com\\\/themes\\\/theme-coeur-jesus-marie\\\/paroles-de-pierre\\\/\"]}]},{\"@type\":\"ImageObject\",\"inLanguage\":\"it-IT\",\"@id\":\"https:\\\/\\\/www.pierregoursat.com\\\/themes\\\/theme-coeur-jesus-marie\\\/paroles-de-pierre\\\/#primaryimage\",\"url\":\"https:\\\/\\\/www.pierregoursat.com\\\/asset\\\/logos\\\/logo-IT-pierre-BLANC.png\",\"contentUrl\":\"https:\\\/\\\/www.pierregoursat.com\\\/asset\\\/logos\\\/logo-IT-pierre-BLANC.png\"},{\"@type\":\"BreadcrumbList\",\"@id\":\"https:\\\/\\\/www.pierregoursat.com\\\/themes\\\/theme-coeur-jesus-marie\\\/paroles-de-pierre\\\/#breadcrumb\",\"itemListElement\":[{\"@type\":\"ListItem\",\"position\":1,\"name\":\"Accueil\",\"item\":\"https:\\\/\\\/www.pierregoursat.com\\\/it\\\/\"},{\"@type\":\"ListItem\",\"position\":2,\"name\":\"Tema\",\"item\":\"https:\\\/\\\/www.pierregoursat.com\\\/themes\\\/\"},{\"@type\":\"ListItem\",\"position\":3,\"name\":\"Cuore di Ges\u00f9 e Maria\",\"item\":\"https:\\\/\\\/www.pierregoursat.com\\\/themes\\\/theme-coeur-jesus-marie\\\/\"},{\"@type\":\"ListItem\",\"position\":4,\"name\":\"Parola di Pierre\"}]},{\"@type\":\"WebSite\",\"@id\":\"https:\\\/\\\/www.pierregoursat.com\\\/#website\",\"url\":\"https:\\\/\\\/www.pierregoursat.com\\\/\",\"name\":\"Pierre Goursat et Ses Fr\u00e8res et Soeurs\",\"description\":\"Laissez vous transformer en plongeant au c\u0153ur de la gr\u00e2ce fondatrice de la communaut\u00e9 de l\u2019Emmanuel\",\"publisher\":{\"@id\":\"https:\\\/\\\/www.pierregoursat.com\\\/#organization\"},\"potentialAction\":[{\"@type\":\"SearchAction\",\"target\":{\"@type\":\"EntryPoint\",\"urlTemplate\":\"https:\\\/\\\/www.pierregoursat.com\\\/?s={search_term_string}\"},\"query-input\":{\"@type\":\"PropertyValueSpecification\",\"valueRequired\":true,\"valueName\":\"search_term_string\"}}],\"inLanguage\":\"it-IT\"},{\"@type\":\"Organization\",\"@id\":\"https:\\\/\\\/www.pierregoursat.com\\\/#organization\",\"name\":\"Pierre Goursat, ses Fr\u00e8res et ses Soeurs\",\"url\":\"https:\\\/\\\/www.pierregoursat.com\\\/\",\"logo\":{\"@type\":\"ImageObject\",\"inLanguage\":\"it-IT\",\"@id\":\"https:\\\/\\\/www.pierregoursat.com\\\/#\\\/schema\\\/logo\\\/image\\\/\",\"url\":\"https:\\\/\\\/www.pierregoursat.com\\\/images-pierre-goursatmedias\\\/2022\\\/02\\\/1200x800-Compassion.jpg\",\"contentUrl\":\"https:\\\/\\\/www.pierregoursat.com\\\/images-pierre-goursatmedias\\\/2022\\\/02\\\/1200x800-Compassion.jpg\",\"width\":1200,\"height\":800,\"caption\":\"Pierre Goursat, ses Fr\u00e8res et ses Soeurs\"},\"image\":{\"@id\":\"https:\\\/\\\/www.pierregoursat.com\\\/#\\\/schema\\\/logo\\\/image\\\/\"}}]}<\/script>\n<!-- \/ Yoast SEO plugin. -->","yoast_head_json":{"title":"Qualche parola di Pierre sul Cuore di Ges\u00f9 e di Maria","robots":{"index":"index","follow":"follow","max-snippet":"max-snippet:-1","max-image-preview":"max-image-preview:large","max-video-preview":"max-video-preview:-1"},"canonical":"https:\/\/www.pierregoursat.com\/themes\/theme-coeur-jesus-marie\/paroles-de-pierre\/","og_locale":"it_IT","og_type":"article","og_title":"Qualche parola di Pierre sul Cuore di Ges\u00f9 e di Maria","og_description":"CUORE DI GES\u00d9 E MARIA Qualche parola di Pierre sul Cuore di Ges\u00f9 e di Maria Cuore di Ges\u00f9 Quando ero giovane ero stato abbastanza ferito e avevo una fifa terribile della Croce\u2026 Nella chiesa di Saint-Philippe [du Roule] c\u2019erano due altari, uno della croce, l\u2019altro del Sacro Cuore, e io me ne andavo sempre [&hellip;]","og_url":"https:\/\/www.pierregoursat.com\/themes\/theme-coeur-jesus-marie\/paroles-de-pierre\/","og_site_name":"Pierre Goursat et Ses Fr\u00e8res et Soeurs","article_modified_time":"2022-04-28T13:28:11+00:00","og_image":[{"url":"https:\/\/www.pierregoursat.com\/asset\/logos\/logo-IT-pierre-BLANC.png","type":"","width":"","height":""}],"twitter_card":"summary_large_image","twitter_misc":{"Tempo di lettura stimato":"22 minuti"},"schema":{"@context":"https:\/\/schema.org","@graph":[{"@type":"WebPage","@id":"https:\/\/www.pierregoursat.com\/themes\/theme-coeur-jesus-marie\/paroles-de-pierre\/","url":"https:\/\/www.pierregoursat.com\/themes\/theme-coeur-jesus-marie\/paroles-de-pierre\/","name":"Qualche parola di Pierre sul Cuore di Ges\u00f9 e di Maria","isPartOf":{"@id":"https:\/\/www.pierregoursat.com\/#website"},"primaryImageOfPage":{"@id":"https:\/\/www.pierregoursat.com\/themes\/theme-coeur-jesus-marie\/paroles-de-pierre\/#primaryimage"},"image":{"@id":"https:\/\/www.pierregoursat.com\/themes\/theme-coeur-jesus-marie\/paroles-de-pierre\/#primaryimage"},"thumbnailUrl":"https:\/\/www.pierregoursat.com\/asset\/logos\/logo-IT-pierre-BLANC.png","datePublished":"2021-07-01T14:02:06+00:00","dateModified":"2022-04-28T13:28:11+00:00","breadcrumb":{"@id":"https:\/\/www.pierregoursat.com\/themes\/theme-coeur-jesus-marie\/paroles-de-pierre\/#breadcrumb"},"inLanguage":"it-IT","potentialAction":[{"@type":"ReadAction","target":["https:\/\/www.pierregoursat.com\/themes\/theme-coeur-jesus-marie\/paroles-de-pierre\/"]}]},{"@type":"ImageObject","inLanguage":"it-IT","@id":"https:\/\/www.pierregoursat.com\/themes\/theme-coeur-jesus-marie\/paroles-de-pierre\/#primaryimage","url":"https:\/\/www.pierregoursat.com\/asset\/logos\/logo-IT-pierre-BLANC.png","contentUrl":"https:\/\/www.pierregoursat.com\/asset\/logos\/logo-IT-pierre-BLANC.png"},{"@type":"BreadcrumbList","@id":"https:\/\/www.pierregoursat.com\/themes\/theme-coeur-jesus-marie\/paroles-de-pierre\/#breadcrumb","itemListElement":[{"@type":"ListItem","position":1,"name":"Accueil","item":"https:\/\/www.pierregoursat.com\/it\/"},{"@type":"ListItem","position":2,"name":"Tema","item":"https:\/\/www.pierregoursat.com\/themes\/"},{"@type":"ListItem","position":3,"name":"Cuore di Ges\u00f9 e Maria","item":"https:\/\/www.pierregoursat.com\/themes\/theme-coeur-jesus-marie\/"},{"@type":"ListItem","position":4,"name":"Parola di Pierre"}]},{"@type":"WebSite","@id":"https:\/\/www.pierregoursat.com\/#website","url":"https:\/\/www.pierregoursat.com\/","name":"Pierre Goursat et Ses Fr\u00e8res et Soeurs","description":"Laissez vous transformer en plongeant au c\u0153ur de la gr\u00e2ce fondatrice de la communaut\u00e9 de l\u2019Emmanuel","publisher":{"@id":"https:\/\/www.pierregoursat.com\/#organization"},"potentialAction":[{"@type":"SearchAction","target":{"@type":"EntryPoint","urlTemplate":"https:\/\/www.pierregoursat.com\/?s={search_term_string}"},"query-input":{"@type":"PropertyValueSpecification","valueRequired":true,"valueName":"search_term_string"}}],"inLanguage":"it-IT"},{"@type":"Organization","@id":"https:\/\/www.pierregoursat.com\/#organization","name":"Pierre Goursat, ses Fr\u00e8res et ses Soeurs","url":"https:\/\/www.pierregoursat.com\/","logo":{"@type":"ImageObject","inLanguage":"it-IT","@id":"https:\/\/www.pierregoursat.com\/#\/schema\/logo\/image\/","url":"https:\/\/www.pierregoursat.com\/images-pierre-goursatmedias\/2022\/02\/1200x800-Compassion.jpg","contentUrl":"https:\/\/www.pierregoursat.com\/images-pierre-goursatmedias\/2022\/02\/1200x800-Compassion.jpg","width":1200,"height":800,"caption":"Pierre Goursat, ses Fr\u00e8res et ses Soeurs"},"image":{"@id":"https:\/\/www.pierregoursat.com\/#\/schema\/logo\/image\/"}}]}},"_links":{"self":[{"href":"https:\/\/www.pierregoursat.com\/it\/wp-json\/wp\/v2\/pages\/15856","targetHints":{"allow":["GET"]}}],"collection":[{"href":"https:\/\/www.pierregoursat.com\/it\/wp-json\/wp\/v2\/pages"}],"about":[{"href":"https:\/\/www.pierregoursat.com\/it\/wp-json\/wp\/v2\/types\/page"}],"author":[{"embeddable":true,"href":"https:\/\/www.pierregoursat.com\/it\/wp-json\/wp\/v2\/users\/1"}],"replies":[{"embeddable":true,"href":"https:\/\/www.pierregoursat.com\/it\/wp-json\/wp\/v2\/comments?post=15856"}],"version-history":[{"count":0,"href":"https:\/\/www.pierregoursat.com\/it\/wp-json\/wp\/v2\/pages\/15856\/revisions"}],"up":[{"embeddable":true,"href":"https:\/\/www.pierregoursat.com\/it\/wp-json\/wp\/v2\/pages\/4020"}],"wp:attachment":[{"href":"https:\/\/www.pierregoursat.com\/it\/wp-json\/wp\/v2\/media?parent=15856"}],"curies":[{"name":"wp","href":"https:\/\/api.w.org\/{rel}","templated":true}]}}