{"id":15569,"date":"2021-07-08T16:49:21","date_gmt":"2021-07-08T14:49:21","guid":{"rendered":"https:\/\/www.pierregoursat.com\/riferimento\/cause-de-pierre-goursat\/"},"modified":"2025-09-23T10:29:52","modified_gmt":"2025-09-23T08:29:52","slug":"cronologia-della-causa-di-canonizzazione-di-pierre-goursat","status":"publish","type":"page","link":"https:\/\/www.pierregoursat.com\/it\/riferimento\/cronologia-della-causa-di-canonizzazione-di-pierre-goursat\/","title":{"rendered":"Causa di Canonizzazione"},"content":{"rendered":"\t\t<div data-elementor-type=\"wp-page\" data-elementor-id=\"15569\" class=\"elementor elementor-15569\" data-elementor-post-type=\"page\">\n\t\t\t\t\t\t<section class=\"elementor-section elementor-top-section elementor-element elementor-element-514401ce elementor-section-full_width elementor-section-stretched head-int elementor-section-height-default elementor-section-height-default\" data-id=\"514401ce\" data-element_type=\"section\" data-e-type=\"section\" id=\"HEADER\" data-settings=\"{&quot;stretch_section&quot;:&quot;section-stretched&quot;}\">\n\t\t\t\t\t\t<div class=\"elementor-container elementor-column-gap-no\">\n\t\t\t\t\t<div class=\"elementor-column elementor-col-100 elementor-top-column elementor-element elementor-element-7884f3c5\" data-id=\"7884f3c5\" data-element_type=\"column\" data-e-type=\"column\">\n\t\t\t<div class=\"elementor-widget-wrap elementor-element-populated\">\n\t\t\t\t\t\t<section class=\"elementor-section elementor-inner-section elementor-element elementor-element-639cc06b elementor-section-full_width elementor-section-height-min-height elementor-hidden-tablet elementor-hidden-mobile elementor-section-height-default\" data-id=\"639cc06b\" data-element_type=\"section\" data-e-type=\"section\" data-settings=\"{&quot;background_background&quot;:&quot;classic&quot;}\">\n\t\t\t\t\t\t<div class=\"elementor-container elementor-column-gap-narrow\">\n\t\t\t\t\t<div class=\"elementor-column elementor-col-100 elementor-inner-column elementor-element elementor-element-54df1abc\" data-id=\"54df1abc\" data-element_type=\"column\" data-e-type=\"column\">\n\t\t\t<div class=\"elementor-widget-wrap elementor-element-populated\">\n\t\t\t\t\t\t<div class=\"elementor-element elementor-element-64c14032 elementor-nav-menu__align-center elementor-nav-menu--dropdown-tablet elementor-nav-menu__text-align-aside elementor-nav-menu--toggle elementor-nav-menu--burger elementor-widget elementor-widget-nav-menu\" data-id=\"64c14032\" data-element_type=\"widget\" data-e-type=\"widget\" data-settings=\"{&quot;layout&quot;:&quot;horizontal&quot;,&quot;submenu_icon&quot;:{&quot;value&quot;:&quot;&lt;i class=\\&quot;fas fa-caret-down\\&quot; aria-hidden=\\&quot;true\\&quot;&gt;&lt;\\\/i&gt;&quot;,&quot;library&quot;:&quot;fa-solid&quot;},&quot;toggle&quot;:&quot;burger&quot;}\" data-widget_type=\"nav-menu.default\">\n\t\t\t\t<div class=\"elementor-widget-container\">\n\t\t\t\t\t\t\t\t<nav aria-label=\"Menu\" class=\"elementor-nav-menu--main elementor-nav-menu__container elementor-nav-menu--layout-horizontal e--pointer-none\">\n\t\t\t\t<ul id=\"menu-1-64c14032\" class=\"elementor-nav-menu\"><li class=\"menu-item menu-item-type-post_type menu-item-object-page menu-item-21836\"><a href=\"https:\/\/www.pierregoursat.com\/en\/about\/bio\/\" title=\"Biography of Pierre Goursat\" class=\"elementor-item\">Bio<\/a><\/li>\n<li class=\"menu-item menu-item-type-post_type menu-item-object-page menu-item-10130\"><a href=\"https:\/\/www.pierregoursat.com\/en\/about\/cause-for-canonisation\/\" class=\"elementor-item\">Cause<\/a><\/li>\n<li class=\"menu-item menu-item-type-post_type menu-item-object-page menu-item-12514\"><a href=\"https:\/\/www.pierregoursat.com\/en\/about\/chronology\/\" class=\"elementor-item\">Dates<\/a><\/li>\n<li class=\"menu-item menu-item-type-post_type menu-item-object-page menu-item-10131\"><a href=\"https:\/\/www.pierregoursat.com\/en\/about\/prayer\/\" title=\"Prayer for the beatification of Venerable Pierre Goursat\" class=\"elementor-item\">Prayer<\/a><\/li>\n<li class=\"menu-item menu-item-type-post_type menu-item-object-page menu-item-10129\"><a href=\"https:\/\/www.pierregoursat.com\/en\/about\/visite-en\/\" class=\"elementor-item\">visite<\/a><\/li>\n<li class=\"menu-item menu-item-type-custom menu-item-object-custom menu-item-14999\"><a target=\"_blank\" href=\"https:\/\/don.emmanuel.info\/pierreetsesfreres-eng\" class=\"elementor-item\">donate<\/a><\/li>\n<li class=\"menu-item menu-item-type-post_type menu-item-object-page menu-item-10132\"><a href=\"https:\/\/www.pierregoursat.com\/en\/contactus\/\" class=\"elementor-item\">Contact us<\/a><\/li>\n<li class=\"menu-item wpml-ls-slot-14 wpml-ls-item wpml-ls-item-it wpml-ls-current-language wpml-ls-menu-item wpml-ls-last-item menu-item-type-wpml_ls_menu_item menu-item-object-wpml_ls_menu_item menu-item-has-children menu-item-wpml-ls-14-it\"><a href=\"https:\/\/www.pierregoursat.com\/it\/\" aria-current=\"page\" aria-expanded=\"false\" aria-controls=\"wpml-ls-submenu-wpml-ls-14-it\" class=\"elementor-item\"><span class=\"wpml-ls-native\" lang=\"it\">Italiano<\/span><\/a>\n<ul class=\"sub-menu elementor-nav-menu--dropdown\">\n\t<li class=\"menu-item wpml-ls-slot-14 wpml-ls-item wpml-ls-item-fr wpml-ls-menu-item wpml-ls-first-item menu-item-type-wpml_ls_menu_item menu-item-object-wpml_ls_menu_item menu-item-wpml-ls-14-fr\"><a href=\"https:\/\/www.pierregoursat.com\/\" title=\"Passa a Fran\u00e7ais\" aria-label=\"Passa a Fran\u00e7ais\" class=\"elementor-sub-item\"><span class=\"wpml-ls-native\" lang=\"fr\">Fran\u00e7ais<\/span><\/a><\/li>\n\t<li class=\"menu-item wpml-ls-slot-14 wpml-ls-item wpml-ls-item-en wpml-ls-menu-item menu-item-type-wpml_ls_menu_item menu-item-object-wpml_ls_menu_item menu-item-wpml-ls-14-en\"><a href=\"https:\/\/www.pierregoursat.com\/en\/\" title=\"Passa a English\" aria-label=\"Passa a English\" class=\"elementor-sub-item\"><span class=\"wpml-ls-native\" lang=\"en\">English<\/span><\/a><\/li>\n\t<li class=\"menu-item wpml-ls-slot-14 wpml-ls-item wpml-ls-item-de wpml-ls-menu-item menu-item-type-wpml_ls_menu_item menu-item-object-wpml_ls_menu_item menu-item-wpml-ls-14-de\"><a href=\"https:\/\/www.pierregoursat.com\/de\/\" title=\"Passa a Deutsch\" aria-label=\"Passa a Deutsch\" class=\"elementor-sub-item\"><span class=\"wpml-ls-native\" lang=\"de\">Deutsch<\/span><\/a><\/li>\n\t<li class=\"menu-item wpml-ls-slot-14 wpml-ls-item wpml-ls-item-pl wpml-ls-menu-item menu-item-type-wpml_ls_menu_item menu-item-object-wpml_ls_menu_item menu-item-wpml-ls-14-pl\"><a href=\"https:\/\/www.pierregoursat.com\/pl\/\" title=\"Passa a Polski\" aria-label=\"Passa a Polski\" class=\"elementor-sub-item\"><span class=\"wpml-ls-native\" lang=\"pl\">Polski<\/span><\/a><\/li>\n\t<li class=\"menu-item wpml-ls-slot-14 wpml-ls-item wpml-ls-item-nl wpml-ls-menu-item menu-item-type-wpml_ls_menu_item menu-item-object-wpml_ls_menu_item menu-item-wpml-ls-14-nl\"><a href=\"https:\/\/www.pierregoursat.com\/nl\/\" title=\"Passa a Nederlands\" aria-label=\"Passa a Nederlands\" class=\"elementor-sub-item\"><span class=\"wpml-ls-native\" lang=\"nl\">Nederlands<\/span><\/a><\/li>\n\t<li class=\"menu-item wpml-ls-slot-14 wpml-ls-item wpml-ls-item-es wpml-ls-menu-item menu-item-type-wpml_ls_menu_item menu-item-object-wpml_ls_menu_item menu-item-wpml-ls-14-es\"><a href=\"https:\/\/www.pierregoursat.com\/es\/\" title=\"Passa a Espa\u00f1ol\" aria-label=\"Passa a Espa\u00f1ol\" class=\"elementor-sub-item\"><span class=\"wpml-ls-native\" lang=\"es\">Espa\u00f1ol<\/span><\/a><\/li>\n<\/ul>\n<\/li>\n<\/ul>\t\t\t<\/nav>\n\t\t\t\t\t<div class=\"elementor-menu-toggle\" role=\"button\" tabindex=\"0\" aria-label=\"Menu di commutazione\" aria-expanded=\"false\">\n\t\t\t<i aria-hidden=\"true\" role=\"presentation\" class=\"elementor-menu-toggle__icon--open eicon-menu-bar\"><\/i><i aria-hidden=\"true\" role=\"presentation\" class=\"elementor-menu-toggle__icon--close eicon-close\"><\/i>\t\t<\/div>\n\t\t\t\t\t<nav class=\"elementor-nav-menu--dropdown elementor-nav-menu__container\" aria-hidden=\"true\">\n\t\t\t\t<ul id=\"menu-2-64c14032\" class=\"elementor-nav-menu\"><li class=\"menu-item menu-item-type-post_type menu-item-object-page menu-item-21836\"><a href=\"https:\/\/www.pierregoursat.com\/en\/about\/bio\/\" title=\"Biography of Pierre Goursat\" class=\"elementor-item\" tabindex=\"-1\">Bio<\/a><\/li>\n<li class=\"menu-item menu-item-type-post_type menu-item-object-page menu-item-10130\"><a href=\"https:\/\/www.pierregoursat.com\/en\/about\/cause-for-canonisation\/\" class=\"elementor-item\" tabindex=\"-1\">Cause<\/a><\/li>\n<li class=\"menu-item menu-item-type-post_type menu-item-object-page menu-item-12514\"><a href=\"https:\/\/www.pierregoursat.com\/en\/about\/chronology\/\" class=\"elementor-item\" tabindex=\"-1\">Dates<\/a><\/li>\n<li class=\"menu-item menu-item-type-post_type menu-item-object-page menu-item-10131\"><a href=\"https:\/\/www.pierregoursat.com\/en\/about\/prayer\/\" title=\"Prayer for the beatification of Venerable Pierre Goursat\" class=\"elementor-item\" tabindex=\"-1\">Prayer<\/a><\/li>\n<li class=\"menu-item menu-item-type-post_type menu-item-object-page menu-item-10129\"><a href=\"https:\/\/www.pierregoursat.com\/en\/about\/visite-en\/\" class=\"elementor-item\" tabindex=\"-1\">visite<\/a><\/li>\n<li class=\"menu-item menu-item-type-custom menu-item-object-custom menu-item-14999\"><a target=\"_blank\" href=\"https:\/\/don.emmanuel.info\/pierreetsesfreres-eng\" class=\"elementor-item\" tabindex=\"-1\">donate<\/a><\/li>\n<li class=\"menu-item menu-item-type-post_type menu-item-object-page menu-item-10132\"><a href=\"https:\/\/www.pierregoursat.com\/en\/contactus\/\" class=\"elementor-item\" tabindex=\"-1\">Contact us<\/a><\/li>\n<li class=\"menu-item wpml-ls-slot-14 wpml-ls-item wpml-ls-item-it wpml-ls-current-language wpml-ls-menu-item wpml-ls-last-item menu-item-type-wpml_ls_menu_item menu-item-object-wpml_ls_menu_item menu-item-has-children menu-item-wpml-ls-14-it\"><a href=\"https:\/\/www.pierregoursat.com\/it\/\" aria-current=\"page\" aria-expanded=\"false\" aria-controls=\"wpml-ls-submenu-wpml-ls-14-it\" class=\"elementor-item\" tabindex=\"-1\"><span class=\"wpml-ls-native\" lang=\"it\">Italiano<\/span><\/a>\n<ul class=\"sub-menu elementor-nav-menu--dropdown\">\n\t<li class=\"menu-item wpml-ls-slot-14 wpml-ls-item wpml-ls-item-fr wpml-ls-menu-item wpml-ls-first-item menu-item-type-wpml_ls_menu_item menu-item-object-wpml_ls_menu_item menu-item-wpml-ls-14-fr\"><a href=\"https:\/\/www.pierregoursat.com\/\" title=\"Passa a Fran\u00e7ais\" aria-label=\"Passa a Fran\u00e7ais\" class=\"elementor-sub-item\" tabindex=\"-1\"><span class=\"wpml-ls-native\" lang=\"fr\">Fran\u00e7ais<\/span><\/a><\/li>\n\t<li class=\"menu-item wpml-ls-slot-14 wpml-ls-item wpml-ls-item-en wpml-ls-menu-item menu-item-type-wpml_ls_menu_item menu-item-object-wpml_ls_menu_item menu-item-wpml-ls-14-en\"><a href=\"https:\/\/www.pierregoursat.com\/en\/\" title=\"Passa a English\" aria-label=\"Passa a English\" class=\"elementor-sub-item\" tabindex=\"-1\"><span class=\"wpml-ls-native\" lang=\"en\">English<\/span><\/a><\/li>\n\t<li class=\"menu-item wpml-ls-slot-14 wpml-ls-item wpml-ls-item-de wpml-ls-menu-item menu-item-type-wpml_ls_menu_item menu-item-object-wpml_ls_menu_item menu-item-wpml-ls-14-de\"><a href=\"https:\/\/www.pierregoursat.com\/de\/\" title=\"Passa a Deutsch\" aria-label=\"Passa a Deutsch\" class=\"elementor-sub-item\" tabindex=\"-1\"><span class=\"wpml-ls-native\" lang=\"de\">Deutsch<\/span><\/a><\/li>\n\t<li class=\"menu-item wpml-ls-slot-14 wpml-ls-item wpml-ls-item-pl wpml-ls-menu-item menu-item-type-wpml_ls_menu_item menu-item-object-wpml_ls_menu_item menu-item-wpml-ls-14-pl\"><a href=\"https:\/\/www.pierregoursat.com\/pl\/\" title=\"Passa a Polski\" aria-label=\"Passa a Polski\" class=\"elementor-sub-item\" tabindex=\"-1\"><span class=\"wpml-ls-native\" lang=\"pl\">Polski<\/span><\/a><\/li>\n\t<li class=\"menu-item wpml-ls-slot-14 wpml-ls-item wpml-ls-item-nl wpml-ls-menu-item menu-item-type-wpml_ls_menu_item menu-item-object-wpml_ls_menu_item menu-item-wpml-ls-14-nl\"><a href=\"https:\/\/www.pierregoursat.com\/nl\/\" title=\"Passa a Nederlands\" aria-label=\"Passa a Nederlands\" class=\"elementor-sub-item\" tabindex=\"-1\"><span class=\"wpml-ls-native\" lang=\"nl\">Nederlands<\/span><\/a><\/li>\n\t<li class=\"menu-item wpml-ls-slot-14 wpml-ls-item wpml-ls-item-es wpml-ls-menu-item menu-item-type-wpml_ls_menu_item menu-item-object-wpml_ls_menu_item menu-item-wpml-ls-14-es\"><a href=\"https:\/\/www.pierregoursat.com\/es\/\" title=\"Passa a Espa\u00f1ol\" aria-label=\"Passa a Espa\u00f1ol\" class=\"elementor-sub-item\" tabindex=\"-1\"><span class=\"wpml-ls-native\" lang=\"es\">Espa\u00f1ol<\/span><\/a><\/li>\n<\/ul>\n<\/li>\n<\/ul>\t\t\t<\/nav>\n\t\t\t\t\t\t<\/div>\n\t\t\t\t<\/div>\n\t\t\t\t\t<\/div>\n\t\t<\/div>\n\t\t\t\t\t<\/div>\n\t\t<\/section>\n\t\t\t\t<section class=\"elementor-section elementor-inner-section elementor-element elementor-element-6c84d7ed elementor-section-full_width elementor-section-height-default elementor-section-height-default\" data-id=\"6c84d7ed\" data-element_type=\"section\" data-e-type=\"section\" data-settings=\"{&quot;background_background&quot;:&quot;classic&quot;}\">\n\t\t\t\t\t\t<div class=\"elementor-container elementor-column-gap-default\">\n\t\t\t\t\t<div class=\"elementor-column elementor-col-100 elementor-inner-column elementor-element elementor-element-789690fa\" data-id=\"789690fa\" data-element_type=\"column\" data-e-type=\"column\">\n\t\t\t<div class=\"elementor-widget-wrap elementor-element-populated\">\n\t\t\t\t\t\t<div class=\"elementor-element elementor-element-2d71036f elementor-widget elementor-widget-html\" data-id=\"2d71036f\" data-element_type=\"widget\" data-e-type=\"widget\" data-widget_type=\"html.default\">\n\t\t\t\t<div class=\"elementor-widget-container\">\n\t\t\t\t\t<center><a href=\"https:\/\/www.pierregoursat.com\/it\/\"><img decoding=\"async\" src=\"https:\/\/www.pierregoursat.com\/asset\/logos\/logo-IT-pierre-BLANC.png\" width=\"100%\" alt=\"Pierre Goursat e i suoi fratelli e sorelle\n\" ><\/a><\/center>\t\t\t\t<\/div>\n\t\t\t\t<\/div>\n\t\t\t\t\t<\/div>\n\t\t<\/div>\n\t\t\t\t\t<\/div>\n\t\t<\/section>\n\t\t\t\t<section class=\"elementor-section elementor-inner-section elementor-element elementor-element-25bcf324 elementor-section-full_width elementor-hidden-desktop elementor-section-height-default elementor-section-height-default\" data-id=\"25bcf324\" data-element_type=\"section\" data-e-type=\"section\" data-settings=\"{&quot;background_background&quot;:&quot;classic&quot;}\">\n\t\t\t\t\t\t<div class=\"elementor-container elementor-column-gap-default\">\n\t\t\t\t\t<div class=\"elementor-column elementor-col-100 elementor-inner-column elementor-element elementor-element-31c092cd\" data-id=\"31c092cd\" data-element_type=\"column\" data-e-type=\"column\">\n\t\t\t<div class=\"elementor-widget-wrap elementor-element-populated\">\n\t\t\t\t\t\t<div class=\"elementor-element elementor-element-7bcea408 elementor-nav-menu__align-justify nav-header-principale elementor-nav-menu--dropdown-tablet elementor-nav-menu__text-align-aside elementor-nav-menu--toggle elementor-nav-menu--burger elementor-widget elementor-widget-nav-menu\" data-id=\"7bcea408\" data-element_type=\"widget\" data-e-type=\"widget\" id=\"navheader\" data-settings=\"{&quot;layout&quot;:&quot;horizontal&quot;,&quot;submenu_icon&quot;:{&quot;value&quot;:&quot;&lt;i class=\\&quot;fas fa-caret-down\\&quot; aria-hidden=\\&quot;true\\&quot;&gt;&lt;\\\/i&gt;&quot;,&quot;library&quot;:&quot;fa-solid&quot;},&quot;toggle&quot;:&quot;burger&quot;}\" menu-principal=\"\" data-widget_type=\"nav-menu.default\">\n\t\t\t\t<div class=\"elementor-widget-container\">\n\t\t\t\t\t\t\t\t<nav aria-label=\"Menu\" class=\"elementor-nav-menu--main elementor-nav-menu__container elementor-nav-menu--layout-horizontal e--pointer-none\">\n\t\t\t\t<ul id=\"menu-1-7bcea408\" class=\"elementor-nav-menu\"><li class=\"menu-item menu-item-type-post_type menu-item-object-page menu-item-2865\"><a href=\"https:\/\/www.pierregoursat.com\/themes\/theme-humilite\/\" class=\"elementor-item\">Umilta<\/a><\/li>\n<li class=\"menu-item menu-item-type-post_type menu-item-object-page menu-item-2860\"><a href=\"https:\/\/www.pierregoursat.com\/themes\/theme-prier\/\" class=\"elementor-item\">Unione con Dio<\/a><\/li>\n<li class=\"menu-item menu-item-type-post_type menu-item-object-page menu-item-2861\"><a href=\"https:\/\/www.pierregoursat.com\/themes\/theme-amour-adoration\/\" class=\"elementor-item\">Ardere di amore<\/a><\/li>\n<li class=\"menu-item menu-item-type-post_type menu-item-object-page menu-item-2863\"><a href=\"https:\/\/www.pierregoursat.com\/themes\/theme-compassion\/\" class=\"elementor-item\">Compassione<\/a><\/li>\n<li class=\"menu-item menu-item-type-post_type menu-item-object-page menu-item-2867\"><a href=\"https:\/\/www.pierregoursat.com\/themes\/theme-espritsaint\/\" class=\"elementor-item\">Aprirsi allo Spirito Santo<\/a><\/li>\n<li class=\"menu-item menu-item-type-post_type menu-item-object-page menu-item-2864\"><a href=\"https:\/\/www.pierregoursat.com\/themes\/theme-evangeliser\/\" class=\"elementor-item\">Evangelizzare<\/a><\/li>\n<li class=\"menu-item menu-item-type-post_type menu-item-object-page menu-item-2866\"><a href=\"https:\/\/www.pierregoursat.com\/themes\/theme-vie-fraternelle\/\" class=\"elementor-item\">Vita fraterna<\/a><\/li>\n<li class=\"menu-item menu-item-type-post_type menu-item-object-page menu-item-2862\"><a href=\"https:\/\/www.pierregoursat.com\/themes\/theme-coeur-jesus-marie\/\" title=\"Th\u00e8me C\u0153ur de J\u00e9sus et de Marie\" class=\"elementor-item\">Cuore di Ges\u00f9 e Maria<\/a><\/li>\n<li class=\"menu-item menu-item-type-post_type menu-item-object-page menu-item-2857\"><a href=\"https:\/\/www.pierregoursat.com\/reperes\/cause-de-pierre-goursat\/\" title=\"Cause de Canonisation de Pierre Goursat\" class=\"elementor-item\">Causa di Canonizzazione<\/a><\/li>\n<li class=\"menu-item menu-item-type-post_type menu-item-object-page menu-item-14071\"><a href=\"https:\/\/www.pierregoursat.com\/reperes\/biographie-pierre-goursat\/\" title=\"Chronologie de la Vie de Pierre Goursat et de la Communaut\u00e9 de l\u2019Emmanuel\" class=\"elementor-item\">Riferimenti cronologici<\/a><\/li>\n<li class=\"menu-item menu-item-type-post_type menu-item-object-page menu-item-14072\"><a href=\"https:\/\/www.pierregoursat.com\/reperes\/visite360\/\" class=\"elementor-item\">Visita<\/a><\/li>\n<li class=\"menu-item menu-item-type-post_type menu-item-object-page menu-item-2858\"><a href=\"https:\/\/www.pierregoursat.com\/reperes\/priere\/\" title=\"Pri\u00e8re pour la B\u00e9atification du Serviteur de Dieu Pierre Goursat\" class=\"elementor-item\">Preghiera<\/a><\/li>\n<li class=\"menu-item menu-item-type-custom menu-item-object-custom menu-item-14073\"><a target=\"_blank\" href=\"https:\/\/don.emmanuel.info\/pierreetsesfreres\" class=\"elementor-item\">Faire un don<\/a><\/li>\n<li class=\"menu-item menu-item-type-post_type menu-item-object-page menu-item-2856\"><a href=\"https:\/\/www.pierregoursat.com\/contact\/\" class=\"elementor-item\">Contact<\/a><\/li>\n<li class=\"menu-item menu-item-type-custom menu-item-object-custom menu-item-17544\"><a href=\"https:\/\/www.pierregoursat.com\/\" class=\"elementor-item\">Fran\u00e7ais<\/a><\/li>\n<li class=\"menu-item menu-item-type-custom menu-item-object-custom menu-item-17541\"><a href=\"https:\/\/www.pierregoursat.com\/en\/\" class=\"elementor-item\">English<\/a><\/li>\n<li class=\"menu-item menu-item-type-custom menu-item-object-custom menu-item-17542\"><a href=\"https:\/\/www.pierregoursat.com\/de\/\" class=\"elementor-item\">DEUTSCH<\/a><\/li>\n<li class=\"menu-item menu-item-type-custom menu-item-object-custom menu-item-17543\"><a href=\"https:\/\/www.pierregoursat.com\/nl\/\" class=\"elementor-item\">NEDERLANDS<\/a><\/li>\n<li class=\"menu-item menu-item-type-custom menu-item-object-custom menu-item-17621\"><a href=\"https:\/\/www.pierregoursat.com\/es\/\" class=\"elementor-item\">ESPA\u00d1OL<\/a><\/li>\n<li class=\"menu-item menu-item-type-custom menu-item-object-custom menu-item-21421\"><a href=\"https:\/\/www.pierregoursat.com\/it\/\" class=\"elementor-item\">ITALIANO<\/a><\/li>\n<\/ul>\t\t\t<\/nav>\n\t\t\t\t\t<div class=\"elementor-menu-toggle\" role=\"button\" tabindex=\"0\" aria-label=\"Menu di commutazione\" aria-expanded=\"false\">\n\t\t\t<i aria-hidden=\"true\" role=\"presentation\" class=\"elementor-menu-toggle__icon--open eicon-menu-bar\"><\/i><i aria-hidden=\"true\" role=\"presentation\" class=\"elementor-menu-toggle__icon--close eicon-close\"><\/i>\t\t<\/div>\n\t\t\t\t\t<nav class=\"elementor-nav-menu--dropdown elementor-nav-menu__container\" aria-hidden=\"true\">\n\t\t\t\t<ul id=\"menu-2-7bcea408\" class=\"elementor-nav-menu\"><li class=\"menu-item menu-item-type-post_type menu-item-object-page menu-item-2865\"><a href=\"https:\/\/www.pierregoursat.com\/themes\/theme-humilite\/\" class=\"elementor-item\" tabindex=\"-1\">Umilta<\/a><\/li>\n<li class=\"menu-item menu-item-type-post_type menu-item-object-page menu-item-2860\"><a href=\"https:\/\/www.pierregoursat.com\/themes\/theme-prier\/\" class=\"elementor-item\" tabindex=\"-1\">Unione con Dio<\/a><\/li>\n<li class=\"menu-item menu-item-type-post_type menu-item-object-page menu-item-2861\"><a href=\"https:\/\/www.pierregoursat.com\/themes\/theme-amour-adoration\/\" class=\"elementor-item\" tabindex=\"-1\">Ardere di amore<\/a><\/li>\n<li class=\"menu-item menu-item-type-post_type menu-item-object-page menu-item-2863\"><a href=\"https:\/\/www.pierregoursat.com\/themes\/theme-compassion\/\" class=\"elementor-item\" tabindex=\"-1\">Compassione<\/a><\/li>\n<li class=\"menu-item menu-item-type-post_type menu-item-object-page menu-item-2867\"><a href=\"https:\/\/www.pierregoursat.com\/themes\/theme-espritsaint\/\" class=\"elementor-item\" tabindex=\"-1\">Aprirsi allo Spirito Santo<\/a><\/li>\n<li class=\"menu-item menu-item-type-post_type menu-item-object-page menu-item-2864\"><a href=\"https:\/\/www.pierregoursat.com\/themes\/theme-evangeliser\/\" class=\"elementor-item\" tabindex=\"-1\">Evangelizzare<\/a><\/li>\n<li class=\"menu-item menu-item-type-post_type menu-item-object-page menu-item-2866\"><a href=\"https:\/\/www.pierregoursat.com\/themes\/theme-vie-fraternelle\/\" class=\"elementor-item\" tabindex=\"-1\">Vita fraterna<\/a><\/li>\n<li class=\"menu-item menu-item-type-post_type menu-item-object-page menu-item-2862\"><a href=\"https:\/\/www.pierregoursat.com\/themes\/theme-coeur-jesus-marie\/\" title=\"Th\u00e8me C\u0153ur de J\u00e9sus et de Marie\" class=\"elementor-item\" tabindex=\"-1\">Cuore di Ges\u00f9 e Maria<\/a><\/li>\n<li class=\"menu-item menu-item-type-post_type menu-item-object-page menu-item-2857\"><a href=\"https:\/\/www.pierregoursat.com\/reperes\/cause-de-pierre-goursat\/\" title=\"Cause de Canonisation de Pierre Goursat\" class=\"elementor-item\" tabindex=\"-1\">Causa di Canonizzazione<\/a><\/li>\n<li class=\"menu-item menu-item-type-post_type menu-item-object-page menu-item-14071\"><a href=\"https:\/\/www.pierregoursat.com\/reperes\/biographie-pierre-goursat\/\" title=\"Chronologie de la Vie de Pierre Goursat et de la Communaut\u00e9 de l\u2019Emmanuel\" class=\"elementor-item\" tabindex=\"-1\">Riferimenti cronologici<\/a><\/li>\n<li class=\"menu-item menu-item-type-post_type menu-item-object-page menu-item-14072\"><a href=\"https:\/\/www.pierregoursat.com\/reperes\/visite360\/\" class=\"elementor-item\" tabindex=\"-1\">Visita<\/a><\/li>\n<li class=\"menu-item menu-item-type-post_type menu-item-object-page menu-item-2858\"><a href=\"https:\/\/www.pierregoursat.com\/reperes\/priere\/\" title=\"Pri\u00e8re pour la B\u00e9atification du Serviteur de Dieu Pierre Goursat\" class=\"elementor-item\" tabindex=\"-1\">Preghiera<\/a><\/li>\n<li class=\"menu-item menu-item-type-custom menu-item-object-custom menu-item-14073\"><a target=\"_blank\" href=\"https:\/\/don.emmanuel.info\/pierreetsesfreres\" class=\"elementor-item\" tabindex=\"-1\">Faire un don<\/a><\/li>\n<li class=\"menu-item menu-item-type-post_type menu-item-object-page menu-item-2856\"><a href=\"https:\/\/www.pierregoursat.com\/contact\/\" class=\"elementor-item\" tabindex=\"-1\">Contact<\/a><\/li>\n<li class=\"menu-item menu-item-type-custom menu-item-object-custom menu-item-17544\"><a href=\"https:\/\/www.pierregoursat.com\/\" class=\"elementor-item\" tabindex=\"-1\">Fran\u00e7ais<\/a><\/li>\n<li class=\"menu-item menu-item-type-custom menu-item-object-custom menu-item-17541\"><a href=\"https:\/\/www.pierregoursat.com\/en\/\" class=\"elementor-item\" tabindex=\"-1\">English<\/a><\/li>\n<li class=\"menu-item menu-item-type-custom menu-item-object-custom menu-item-17542\"><a href=\"https:\/\/www.pierregoursat.com\/de\/\" class=\"elementor-item\" tabindex=\"-1\">DEUTSCH<\/a><\/li>\n<li class=\"menu-item menu-item-type-custom menu-item-object-custom menu-item-17543\"><a href=\"https:\/\/www.pierregoursat.com\/nl\/\" class=\"elementor-item\" tabindex=\"-1\">NEDERLANDS<\/a><\/li>\n<li class=\"menu-item menu-item-type-custom menu-item-object-custom menu-item-17621\"><a href=\"https:\/\/www.pierregoursat.com\/es\/\" class=\"elementor-item\" tabindex=\"-1\">ESPA\u00d1OL<\/a><\/li>\n<li class=\"menu-item menu-item-type-custom menu-item-object-custom menu-item-21421\"><a href=\"https:\/\/www.pierregoursat.com\/it\/\" class=\"elementor-item\" tabindex=\"-1\">ITALIANO<\/a><\/li>\n<\/ul>\t\t\t<\/nav>\n\t\t\t\t\t\t<\/div>\n\t\t\t\t<\/div>\n\t\t\t\t\t<\/div>\n\t\t<\/div>\n\t\t\t\t\t<\/div>\n\t\t<\/section>\n\t\t\t\t<section class=\"elementor-section elementor-inner-section elementor-element elementor-element-3e2b1e8b elementor-section-full_width elementor-hidden-tablet elementor-hidden-mobile elementor-section-height-default elementor-section-height-default\" data-id=\"3e2b1e8b\" data-element_type=\"section\" data-e-type=\"section\" data-settings=\"{&quot;background_background&quot;:&quot;classic&quot;}\">\n\t\t\t\t\t\t<div class=\"elementor-container elementor-column-gap-default\">\n\t\t\t\t\t<div class=\"elementor-column elementor-col-100 elementor-inner-column elementor-element elementor-element-2aa26393\" data-id=\"2aa26393\" data-element_type=\"column\" data-e-type=\"column\">\n\t\t\t<div class=\"elementor-widget-wrap elementor-element-populated\">\n\t\t\t\t\t\t<div class=\"elementor-element elementor-element-47aeec52 elementor-nav-menu__align-justify nav-header-principale elementor-nav-menu--dropdown-tablet elementor-nav-menu__text-align-aside elementor-nav-menu--toggle elementor-nav-menu--burger elementor-widget elementor-widget-nav-menu\" data-id=\"47aeec52\" data-element_type=\"widget\" data-e-type=\"widget\" data-settings=\"{&quot;layout&quot;:&quot;horizontal&quot;,&quot;submenu_icon&quot;:{&quot;value&quot;:&quot;&lt;i class=\\&quot;fas fa-caret-down\\&quot; aria-hidden=\\&quot;true\\&quot;&gt;&lt;\\\/i&gt;&quot;,&quot;library&quot;:&quot;fa-solid&quot;},&quot;toggle&quot;:&quot;burger&quot;}\" menu-principal=\"\" data-widget_type=\"nav-menu.default\">\n\t\t\t\t<div class=\"elementor-widget-container\">\n\t\t\t\t\t\t\t\t<nav aria-label=\"Menu\" class=\"elementor-nav-menu--main elementor-nav-menu__container elementor-nav-menu--layout-horizontal e--pointer-none\">\n\t\t\t\t<ul id=\"menu-1-47aeec52\" class=\"elementor-nav-menu\"><li class=\"menu-item menu-item-type-post_type menu-item-object-page menu-item-207\"><a href=\"https:\/\/www.pierregoursat.com\/themes\/theme-humilite\/\" title=\"Rechercher l\u2019Humilit\u00e9 et accepter notre pauvret\u00e9\" class=\"elementor-item\">Umilta<\/a><\/li>\n<li class=\"menu-item menu-item-type-post_type menu-item-object-page menu-item-205\"><a href=\"https:\/\/www.pierregoursat.com\/themes\/theme-espritsaint\/\" title=\"S\u2019ouvrir \u00e0 l\u2019Esprit Saint\" class=\"elementor-item\">Aprirsi allo Spirito Santo<\/a><\/li>\n<li class=\"menu-item menu-item-type-post_type menu-item-object-page menu-item-4027\"><a href=\"https:\/\/www.pierregoursat.com\/themes\/theme-compassion\/\" title=\"Exercer la compassion et l\u2019amour des pauvres\" class=\"elementor-item\">Compassione<\/a><\/li>\n<li class=\"menu-item menu-item-type-post_type menu-item-object-page menu-item-4028\"><a href=\"https:\/\/www.pierregoursat.com\/themes\/theme-vie-fraternelle\/\" title=\"Vie fraternelle et communion\" class=\"elementor-item\">Vita fraterna<\/a><\/li>\n<li class=\"menu-item menu-item-type-post_type menu-item-object-page menu-item-202\"><a href=\"https:\/\/www.pierregoursat.com\/themes\/theme-prier\/\" title=\"Prier pour vivre l\u2019union \u00e0 Dieu\" class=\"elementor-item\">Unione con Dio<\/a><\/li>\n<li class=\"menu-item menu-item-type-post_type menu-item-object-page menu-item-208\"><a href=\"https:\/\/www.pierregoursat.com\/themes\/theme-amour-adoration\/\" title=\"Adorer pour br\u00fbler d\u2019amour et d\u00e9sirer le salut des \u00e2mes\" class=\"elementor-item\">Ardere di amore<\/a><\/li>\n<li class=\"menu-item menu-item-type-post_type menu-item-object-page menu-item-206\"><a href=\"https:\/\/www.pierregoursat.com\/themes\/theme-evangeliser\/\" title=\"\u00c9vang\u00e9liser et servir l\u2019Eglise\" class=\"elementor-item\">Evangelizzare<\/a><\/li>\n<li class=\"menu-item menu-item-type-post_type menu-item-object-page menu-item-4077\"><a href=\"https:\/\/www.pierregoursat.com\/themes\/theme-coeur-jesus-marie\/\" title=\"Se mettre \u00e0 l\u2019Ecole du c\u0153ur de J\u00e9sus et de Marie notre m\u00e8re\" class=\"elementor-item\">Cuore di Ges\u00f9 e Maria<\/a><\/li>\n<\/ul>\t\t\t<\/nav>\n\t\t\t\t\t<div class=\"elementor-menu-toggle\" role=\"button\" tabindex=\"0\" aria-label=\"Menu di commutazione\" aria-expanded=\"false\">\n\t\t\t<i aria-hidden=\"true\" role=\"presentation\" class=\"elementor-menu-toggle__icon--open eicon-menu-bar\"><\/i><i aria-hidden=\"true\" role=\"presentation\" class=\"elementor-menu-toggle__icon--close eicon-close\"><\/i>\t\t<\/div>\n\t\t\t\t\t<nav class=\"elementor-nav-menu--dropdown elementor-nav-menu__container\" aria-hidden=\"true\">\n\t\t\t\t<ul id=\"menu-2-47aeec52\" class=\"elementor-nav-menu\"><li class=\"menu-item menu-item-type-post_type menu-item-object-page menu-item-207\"><a href=\"https:\/\/www.pierregoursat.com\/themes\/theme-humilite\/\" title=\"Rechercher l\u2019Humilit\u00e9 et accepter notre pauvret\u00e9\" class=\"elementor-item\" tabindex=\"-1\">Umilta<\/a><\/li>\n<li class=\"menu-item menu-item-type-post_type menu-item-object-page menu-item-205\"><a href=\"https:\/\/www.pierregoursat.com\/themes\/theme-espritsaint\/\" title=\"S\u2019ouvrir \u00e0 l\u2019Esprit Saint\" class=\"elementor-item\" tabindex=\"-1\">Aprirsi allo Spirito Santo<\/a><\/li>\n<li class=\"menu-item menu-item-type-post_type menu-item-object-page menu-item-4027\"><a href=\"https:\/\/www.pierregoursat.com\/themes\/theme-compassion\/\" title=\"Exercer la compassion et l\u2019amour des pauvres\" class=\"elementor-item\" tabindex=\"-1\">Compassione<\/a><\/li>\n<li class=\"menu-item menu-item-type-post_type menu-item-object-page menu-item-4028\"><a href=\"https:\/\/www.pierregoursat.com\/themes\/theme-vie-fraternelle\/\" title=\"Vie fraternelle et communion\" class=\"elementor-item\" tabindex=\"-1\">Vita fraterna<\/a><\/li>\n<li class=\"menu-item menu-item-type-post_type menu-item-object-page menu-item-202\"><a href=\"https:\/\/www.pierregoursat.com\/themes\/theme-prier\/\" title=\"Prier pour vivre l\u2019union \u00e0 Dieu\" class=\"elementor-item\" tabindex=\"-1\">Unione con Dio<\/a><\/li>\n<li class=\"menu-item menu-item-type-post_type menu-item-object-page menu-item-208\"><a href=\"https:\/\/www.pierregoursat.com\/themes\/theme-amour-adoration\/\" title=\"Adorer pour br\u00fbler d\u2019amour et d\u00e9sirer le salut des \u00e2mes\" class=\"elementor-item\" tabindex=\"-1\">Ardere di amore<\/a><\/li>\n<li class=\"menu-item menu-item-type-post_type menu-item-object-page menu-item-206\"><a href=\"https:\/\/www.pierregoursat.com\/themes\/theme-evangeliser\/\" title=\"\u00c9vang\u00e9liser et servir l\u2019Eglise\" class=\"elementor-item\" tabindex=\"-1\">Evangelizzare<\/a><\/li>\n<li class=\"menu-item menu-item-type-post_type menu-item-object-page menu-item-4077\"><a href=\"https:\/\/www.pierregoursat.com\/themes\/theme-coeur-jesus-marie\/\" title=\"Se mettre \u00e0 l\u2019Ecole du c\u0153ur de J\u00e9sus et de Marie notre m\u00e8re\" class=\"elementor-item\" tabindex=\"-1\">Cuore di Ges\u00f9 e Maria<\/a><\/li>\n<\/ul>\t\t\t<\/nav>\n\t\t\t\t\t\t<\/div>\n\t\t\t\t<\/div>\n\t\t\t\t\t<\/div>\n\t\t<\/div>\n\t\t\t\t\t<\/div>\n\t\t<\/section>\n\t\t\t\t\t<\/div>\n\t\t<\/div>\n\t\t\t\t\t<\/div>\n\t\t<\/section>\n\t\t\t\t<section class=\"elementor-section elementor-top-section elementor-element elementor-element-979b23f animated-slow elementor-section-boxed elementor-section-height-default elementor-section-height-default elementor-invisible\" data-id=\"979b23f\" data-element_type=\"section\" data-e-type=\"section\" data-settings=\"{&quot;animation&quot;:&quot;fadeIn&quot;}\">\n\t\t\t\t\t\t<div class=\"elementor-container elementor-column-gap-default\">\n\t\t\t\t\t<div class=\"elementor-column elementor-col-100 elementor-top-column elementor-element elementor-element-eb644c1\" data-id=\"eb644c1\" data-element_type=\"column\" data-e-type=\"column\">\n\t\t\t<div class=\"elementor-widget-wrap elementor-element-populated\">\n\t\t\t\t\t\t<div class=\"elementor-element elementor-element-41076a7 citationserif elementor-widget elementor-widget-heading\" data-id=\"41076a7\" data-element_type=\"widget\" data-e-type=\"widget\" data-widget_type=\"heading.default\">\n\t\t\t\t<div class=\"elementor-widget-container\">\n\t\t\t\t\t<h1 class=\"elementor-heading-title elementor-size-default\">Cronologia della Causa <br \/>di Canonizzazione di Pierre Goursat\n<\/h1>\t\t\t\t<\/div>\n\t\t\t\t<\/div>\n\t\t\t\t<div class=\"elementor-element elementor-element-1ffc93d7 elementor-nav-menu__align-center elementor-nav-menu--dropdown-tablet elementor-nav-menu__text-align-aside elementor-nav-menu--toggle elementor-nav-menu--burger elementor-widget elementor-widget-nav-menu\" data-id=\"1ffc93d7\" data-element_type=\"widget\" data-e-type=\"widget\" data-settings=\"{&quot;layout&quot;:&quot;horizontal&quot;,&quot;submenu_icon&quot;:{&quot;value&quot;:&quot;&lt;i class=\\&quot;fas fa-caret-down\\&quot; aria-hidden=\\&quot;true\\&quot;&gt;&lt;\\\/i&gt;&quot;,&quot;library&quot;:&quot;fa-solid&quot;},&quot;toggle&quot;:&quot;burger&quot;}\" data-widget_type=\"nav-menu.default\">\n\t\t\t\t<div class=\"elementor-widget-container\">\n\t\t\t\t\t\t\t\t<nav aria-label=\"Menu\" class=\"elementor-nav-menu--main elementor-nav-menu__container elementor-nav-menu--layout-horizontal e--pointer-none\">\n\t\t\t\t<ul id=\"menu-1-1ffc93d7\" class=\"elementor-nav-menu\"><li class=\"menu-item menu-item-type-post_type menu-item-object-page menu-item-21832\"><a href=\"https:\/\/www.pierregoursat.com\/reperes\/biographie\/\" title=\"Bio Pierre Goursat\" class=\"elementor-item\">Bio<\/a><\/li>\n<li class=\"menu-item menu-item-type-post_type menu-item-object-page menu-item-2907\"><a href=\"https:\/\/www.pierregoursat.com\/reperes\/cause-de-pierre-goursat\/\" class=\"elementor-item\">Causa di Canonizzazione<\/a><\/li>\n<li class=\"menu-item menu-item-type-post_type menu-item-object-page menu-item-12501\"><a href=\"https:\/\/www.pierregoursat.com\/reperes\/biographie-pierre-goursat\/\" class=\"elementor-item\">Riferimenti cronologici<\/a><\/li>\n<li class=\"menu-item menu-item-type-post_type menu-item-object-page menu-item-2982\"><a href=\"https:\/\/www.pierregoursat.com\/reperes\/visite360\/\" class=\"elementor-item\">Visita<\/a><\/li>\n<li class=\"menu-item menu-item-type-post_type menu-item-object-page menu-item-2908\"><a href=\"https:\/\/www.pierregoursat.com\/reperes\/priere\/\" class=\"elementor-item\">Preghiera<\/a><\/li>\n<\/ul>\t\t\t<\/nav>\n\t\t\t\t\t<div class=\"elementor-menu-toggle\" role=\"button\" tabindex=\"0\" aria-label=\"Menu di commutazione\" aria-expanded=\"false\">\n\t\t\t<i aria-hidden=\"true\" role=\"presentation\" class=\"elementor-menu-toggle__icon--open eicon-menu-bar\"><\/i><i aria-hidden=\"true\" role=\"presentation\" class=\"elementor-menu-toggle__icon--close eicon-close\"><\/i>\t\t<\/div>\n\t\t\t\t\t<nav class=\"elementor-nav-menu--dropdown elementor-nav-menu__container\" aria-hidden=\"true\">\n\t\t\t\t<ul id=\"menu-2-1ffc93d7\" class=\"elementor-nav-menu\"><li class=\"menu-item menu-item-type-post_type menu-item-object-page menu-item-21832\"><a href=\"https:\/\/www.pierregoursat.com\/reperes\/biographie\/\" title=\"Bio Pierre Goursat\" class=\"elementor-item\" tabindex=\"-1\">Bio<\/a><\/li>\n<li class=\"menu-item menu-item-type-post_type menu-item-object-page menu-item-2907\"><a href=\"https:\/\/www.pierregoursat.com\/reperes\/cause-de-pierre-goursat\/\" class=\"elementor-item\" tabindex=\"-1\">Causa di Canonizzazione<\/a><\/li>\n<li class=\"menu-item menu-item-type-post_type menu-item-object-page menu-item-12501\"><a href=\"https:\/\/www.pierregoursat.com\/reperes\/biographie-pierre-goursat\/\" class=\"elementor-item\" tabindex=\"-1\">Riferimenti cronologici<\/a><\/li>\n<li class=\"menu-item menu-item-type-post_type menu-item-object-page menu-item-2982\"><a href=\"https:\/\/www.pierregoursat.com\/reperes\/visite360\/\" class=\"elementor-item\" tabindex=\"-1\">Visita<\/a><\/li>\n<li class=\"menu-item menu-item-type-post_type menu-item-object-page menu-item-2908\"><a href=\"https:\/\/www.pierregoursat.com\/reperes\/priere\/\" class=\"elementor-item\" tabindex=\"-1\">Preghiera<\/a><\/li>\n<\/ul>\t\t\t<\/nav>\n\t\t\t\t\t\t<\/div>\n\t\t\t\t<\/div>\n\t\t\t\t\t<\/div>\n\t\t<\/div>\n\t\t\t\t\t<\/div>\n\t\t<\/section>\n\t\t\t\t<section class=\"elementor-section elementor-top-section elementor-element elementor-element-bd9d801 elementor-section-boxed elementor-section-height-default elementor-section-height-default\" data-id=\"bd9d801\" data-element_type=\"section\" data-e-type=\"section\">\n\t\t\t\t\t\t<div class=\"elementor-container elementor-column-gap-default\">\n\t\t\t\t\t<div class=\"elementor-column elementor-col-100 elementor-top-column elementor-element elementor-element-02d17d5\" data-id=\"02d17d5\" data-element_type=\"column\" data-e-type=\"column\">\n\t\t\t<div class=\"elementor-widget-wrap elementor-element-populated\">\n\t\t\t\t\t\t<div class=\"elementor-element elementor-element-39037f0 elementor-widget elementor-widget-image\" data-id=\"39037f0\" data-element_type=\"widget\" data-e-type=\"widget\" data-widget_type=\"image.default\">\n\t\t\t\t<div class=\"elementor-widget-container\">\n\t\t\t\t\t\t\t\t\t\t\t\t<figure class=\"wp-caption\">\n\t\t\t\t\t\t\t\t\t\t<img fetchpriority=\"high\" decoding=\"async\" width=\"300\" height=\"253\" src=\"https:\/\/www.pierregoursat.com\/images-pierre-goursatmedias\/2021\/12\/positio-petri-1-300x253.png\" class=\"attachment-medium size-medium wp-image-5755\" alt=\"\" srcset=\"https:\/\/www.pierregoursat.com\/images-pierre-goursatmedias\/2021\/12\/positio-petri-1-300x253.png 300w, https:\/\/www.pierregoursat.com\/images-pierre-goursatmedias\/2021\/12\/positio-petri-1.png 400w\" sizes=\"(max-width: 300px) 100vw, 300px\" \/>\t\t\t\t\t\t\t\t\t\t\t<figcaption class=\"widget-image-caption wp-caption-text\"><\/figcaption>\n\t\t\t\t\t\t\t\t\t\t<\/figure>\n\t\t\t\t\t\t\t\t\t<\/div>\n\t\t\t\t<\/div>\n\t\t\t\t\t<\/div>\n\t\t<\/div>\n\t\t\t\t\t<\/div>\n\t\t<\/section>\n\t\t\t\t<section class=\"elementor-section elementor-top-section elementor-element elementor-element-5fee3c0 animated-slow elementor-section-boxed elementor-section-height-default elementor-section-height-default elementor-invisible\" data-id=\"5fee3c0\" data-element_type=\"section\" data-e-type=\"section\" data-settings=\"{&quot;animation&quot;:&quot;fadeIn&quot;,&quot;background_background&quot;:&quot;classic&quot;}\">\n\t\t\t\t\t\t<div class=\"elementor-container elementor-column-gap-default\">\n\t\t\t\t\t<div class=\"elementor-column elementor-col-100 elementor-top-column elementor-element elementor-element-7c84f7d\" data-id=\"7c84f7d\" data-element_type=\"column\" data-e-type=\"column\">\n\t\t\t<div class=\"elementor-widget-wrap elementor-element-populated\">\n\t\t\t\t\t\t<div class=\"elementor-element elementor-element-531f62e citationserif elementor-widget elementor-widget-heading\" data-id=\"531f62e\" data-element_type=\"widget\" data-e-type=\"widget\" data-widget_type=\"heading.default\">\n\t\t\t\t<div class=\"elementor-widget-container\">\n\t\t\t\t\t<h3 class=\"elementor-heading-title elementor-size-default\">LA FASE PREPARATORIA ALL\u2019INTRODUZIONE DELLA CAUSA\n<\/h3>\t\t\t\t<\/div>\n\t\t\t\t<\/div>\n\t\t\t\t\t<\/div>\n\t\t<\/div>\n\t\t\t\t\t<\/div>\n\t\t<\/section>\n\t\t\t\t<section class=\"elementor-section elementor-top-section elementor-element elementor-element-2bf7469 elementor-section-boxed elementor-section-height-default elementor-section-height-default\" data-id=\"2bf7469\" data-element_type=\"section\" data-e-type=\"section\">\n\t\t\t\t\t\t<div class=\"elementor-container elementor-column-gap-default\">\n\t\t\t\t\t<div class=\"elementor-column elementor-col-100 elementor-top-column elementor-element elementor-element-b51e9a9\" data-id=\"b51e9a9\" data-element_type=\"column\" data-e-type=\"column\">\n\t\t\t<div class=\"elementor-widget-wrap elementor-element-populated\">\n\t\t\t\t\t\t<div class=\"elementor-element elementor-element-ea452ce elementor-widget elementor-widget-heading\" data-id=\"ea452ce\" data-element_type=\"widget\" data-e-type=\"widget\" data-widget_type=\"heading.default\">\n\t\t\t\t<div class=\"elementor-widget-container\">\n\t\t\t\t\t<h4 class=\"elementor-heading-title elementor-size-default\">25 marzo 1991 <\/h4>\t\t\t\t<\/div>\n\t\t\t\t<\/div>\n\t\t\t\t<div class=\"elementor-element elementor-element-c646e13 elementor-widget elementor-widget-text-editor\" data-id=\"c646e13\" data-element_type=\"widget\" data-e-type=\"widget\" data-widget_type=\"text-editor.default\">\n\t\t\t\t<div class=\"elementor-widget-container\">\n\t\t\t\t\t\t\t\t\t<p>Pierre Goursat muore sulla P\u00e9niche il Luned\u00ec santo. Le esequie vengono celebrate il 27 marzo a Parigi nella chiesa della Santa Trinit\u00e0.<\/p><p>Il giorno seguente, Gioved\u00ec santo, Pierre Goursat \u00e8 inumato nel cimitero di Paray-le-Monial.<\/p>\t\t\t\t\t\t\t\t<\/div>\n\t\t\t\t<\/div>\n\t\t\t\t\t<\/div>\n\t\t<\/div>\n\t\t\t\t\t<\/div>\n\t\t<\/section>\n\t\t\t\t<section class=\"elementor-section elementor-top-section elementor-element elementor-element-7f80187 elementor-section-boxed elementor-section-height-default elementor-section-height-default\" data-id=\"7f80187\" data-element_type=\"section\" data-e-type=\"section\">\n\t\t\t\t\t\t<div class=\"elementor-container elementor-column-gap-default\">\n\t\t\t\t\t<div class=\"elementor-column elementor-col-100 elementor-top-column elementor-element elementor-element-5233c7d\" data-id=\"5233c7d\" data-element_type=\"column\" data-e-type=\"column\">\n\t\t\t<div class=\"elementor-widget-wrap elementor-element-populated\">\n\t\t\t\t\t\t<div class=\"elementor-element elementor-element-f86e81a elementor-widget elementor-widget-heading\" data-id=\"f86e81a\" data-element_type=\"widget\" data-e-type=\"widget\" data-widget_type=\"heading.default\">\n\t\t\t\t<div class=\"elementor-widget-container\">\n\t\t\t\t\t<h4 class=\"elementor-heading-title elementor-size-default\">Settembre 2007<\/h4>\t\t\t\t<\/div>\n\t\t\t\t<\/div>\n\t\t\t\t<div class=\"elementor-element elementor-element-0880bf4 elementor-widget elementor-widget-text-editor\" data-id=\"0880bf4\" data-element_type=\"widget\" data-e-type=\"widget\" data-widget_type=\"text-editor.default\">\n\t\t\t\t<div class=\"elementor-widget-container\">\n\t\t\t\t\t\t\t\t\t<p>I Consigli della Comunit\u00e0 dell\u2019Emmanuele e della Fraternit\u00e0 di Ges\u00f9 decidono all&#8217;unanimit\u00e0 di chiedere l&#8217;apertura della Causa di Canonizzazione di Pierre Goursat.<\/p>\t\t\t\t\t\t\t\t<\/div>\n\t\t\t\t<\/div>\n\t\t\t\t\t<\/div>\n\t\t<\/div>\n\t\t\t\t\t<\/div>\n\t\t<\/section>\n\t\t\t\t<section class=\"elementor-section elementor-top-section elementor-element elementor-element-0bf127c elementor-section-boxed elementor-section-height-default elementor-section-height-default\" data-id=\"0bf127c\" data-element_type=\"section\" data-e-type=\"section\">\n\t\t\t\t\t\t<div class=\"elementor-container elementor-column-gap-default\">\n\t\t\t\t\t<div class=\"elementor-column elementor-col-100 elementor-top-column elementor-element elementor-element-6952fba\" data-id=\"6952fba\" data-element_type=\"column\" data-e-type=\"column\">\n\t\t\t<div class=\"elementor-widget-wrap elementor-element-populated\">\n\t\t\t\t\t\t<div class=\"elementor-element elementor-element-fafef93 elementor-widget elementor-widget-heading\" data-id=\"fafef93\" data-element_type=\"widget\" data-e-type=\"widget\" data-widget_type=\"heading.default\">\n\t\t\t\t<div class=\"elementor-widget-container\">\n\t\t\t\t\t<h4 class=\"elementor-heading-title elementor-size-default\">22 dicembre 2007 <\/h4>\t\t\t\t<\/div>\n\t\t\t\t<\/div>\n\t\t\t\t<div class=\"elementor-element elementor-element-35da614 elementor-widget elementor-widget-text-editor\" data-id=\"35da614\" data-element_type=\"widget\" data-e-type=\"widget\" data-widget_type=\"text-editor.default\">\n\t\t\t\t<div class=\"elementor-widget-container\">\n\t\t\t\t\t\t\t\t\t<p>La Congregazione delle Cause dei Santi autorizza il trasferimento della giurisdizione della Causa di Pierre Goursat dalla diocesi di Nanterre a quella di Parigi.<\/p>\t\t\t\t\t\t\t\t<\/div>\n\t\t\t\t<\/div>\n\t\t\t\t\t<\/div>\n\t\t<\/div>\n\t\t\t\t\t<\/div>\n\t\t<\/section>\n\t\t\t\t<section class=\"elementor-section elementor-top-section elementor-element elementor-element-6289eb8 elementor-section-boxed elementor-section-height-default elementor-section-height-default\" data-id=\"6289eb8\" data-element_type=\"section\" data-e-type=\"section\">\n\t\t\t\t\t\t<div class=\"elementor-container elementor-column-gap-default\">\n\t\t\t\t\t<div class=\"elementor-column elementor-col-100 elementor-top-column elementor-element elementor-element-89634f5\" data-id=\"89634f5\" data-element_type=\"column\" data-e-type=\"column\">\n\t\t\t<div class=\"elementor-widget-wrap elementor-element-populated\">\n\t\t\t\t\t\t<div class=\"elementor-element elementor-element-de85ec6 elementor-widget elementor-widget-heading\" data-id=\"de85ec6\" data-element_type=\"widget\" data-e-type=\"widget\" data-widget_type=\"heading.default\">\n\t\t\t\t<div class=\"elementor-widget-container\">\n\t\t\t\t\t<h4 class=\"elementor-heading-title elementor-size-default\">6 marzo 2008 <\/h4>\t\t\t\t<\/div>\n\t\t\t\t<\/div>\n\t\t\t\t<div class=\"elementor-element elementor-element-489cf63 elementor-widget elementor-widget-text-editor\" data-id=\"489cf63\" data-element_type=\"widget\" data-e-type=\"widget\" data-widget_type=\"text-editor.default\">\n\t\t\t\t<div class=\"elementor-widget-container\">\n\t\t\t\t\t\t\t\t\t<p>La Congregazione delle Cause dei Santi accorda il <em>nihil obstat<\/em> per la Causa di Canonizzazione del Servo di Dio Pierre Goursat e ne informa il Cardinale Vingt-Trois, Arcivescovo di Parigi.<\/p>\t\t\t\t\t\t\t\t<\/div>\n\t\t\t\t<\/div>\n\t\t\t\t\t<\/div>\n\t\t<\/div>\n\t\t\t\t\t<\/div>\n\t\t<\/section>\n\t\t\t\t<section class=\"elementor-section elementor-top-section elementor-element elementor-element-9f85c4a elementor-section-boxed elementor-section-height-default elementor-section-height-default\" data-id=\"9f85c4a\" data-element_type=\"section\" data-e-type=\"section\">\n\t\t\t\t\t\t<div class=\"elementor-container elementor-column-gap-default\">\n\t\t\t\t\t<div class=\"elementor-column elementor-col-100 elementor-top-column elementor-element elementor-element-061d3b0\" data-id=\"061d3b0\" data-element_type=\"column\" data-e-type=\"column\">\n\t\t\t<div class=\"elementor-widget-wrap elementor-element-populated\">\n\t\t\t\t\t\t<div class=\"elementor-element elementor-element-92670e1 elementor-widget elementor-widget-heading\" data-id=\"92670e1\" data-element_type=\"widget\" data-e-type=\"widget\" data-widget_type=\"heading.default\">\n\t\t\t\t<div class=\"elementor-widget-container\">\n\t\t\t\t\t<h4 class=\"elementor-heading-title elementor-size-default\">17 ottobre 2008<\/h4>\t\t\t\t<\/div>\n\t\t\t\t<\/div>\n\t\t\t\t<div class=\"elementor-element elementor-element-400d25a elementor-widget elementor-widget-text-editor\" data-id=\"400d25a\" data-element_type=\"widget\" data-e-type=\"widget\" data-widget_type=\"text-editor.default\">\n\t\t\t\t<div class=\"elementor-widget-container\">\n\t\t\t\t\t\t\t\t\t<p>Dominique Vermersch, Moderatore della Comunit\u00e0 dell\u2019Emmanuele, nomina Mons. Francis Kohn Postulatore della Causa.<\/p>\t\t\t\t\t\t\t\t<\/div>\n\t\t\t\t<\/div>\n\t\t\t\t\t<\/div>\n\t\t<\/div>\n\t\t\t\t\t<\/div>\n\t\t<\/section>\n\t\t\t\t<section class=\"elementor-section elementor-top-section elementor-element elementor-element-a4e5343 elementor-section-boxed elementor-section-height-default elementor-section-height-default\" data-id=\"a4e5343\" data-element_type=\"section\" data-e-type=\"section\">\n\t\t\t\t\t\t<div class=\"elementor-container elementor-column-gap-default\">\n\t\t\t\t\t<div class=\"elementor-column elementor-col-100 elementor-top-column elementor-element elementor-element-bdc63b1\" data-id=\"bdc63b1\" data-element_type=\"column\" data-e-type=\"column\">\n\t\t\t<div class=\"elementor-widget-wrap elementor-element-populated\">\n\t\t\t\t\t\t<div class=\"elementor-element elementor-element-3ef1f04 elementor-widget elementor-widget-heading\" data-id=\"3ef1f04\" data-element_type=\"widget\" data-e-type=\"widget\" data-widget_type=\"heading.default\">\n\t\t\t\t<div class=\"elementor-widget-container\">\n\t\t\t\t\t<h4 class=\"elementor-heading-title elementor-size-default\">8 novembre 2009<\/h4>\t\t\t\t<\/div>\n\t\t\t\t<\/div>\n\t\t\t\t<div class=\"elementor-element elementor-element-5eea0db elementor-widget elementor-widget-text-editor\" data-id=\"5eea0db\" data-element_type=\"widget\" data-e-type=\"widget\" data-widget_type=\"text-editor.default\">\n\t\t\t\t<div class=\"elementor-widget-container\">\n\t\t\t\t\t\t\t\t\t<p>Il Cardinale Vingt-Trois promulga il decreto di introduzione della Causa di Canonizzazione del Servo di Dio Pierre Goursat, con cui ordina l&#8217;apertura dell&#8217;Inchiesta Diocesana.<\/p>\t\t\t\t\t\t\t\t<\/div>\n\t\t\t\t<\/div>\n\t\t\t\t\t<\/div>\n\t\t<\/div>\n\t\t\t\t\t<\/div>\n\t\t<\/section>\n\t\t\t\t<section class=\"elementor-section elementor-top-section elementor-element elementor-element-041e729 elementor-section-boxed elementor-section-height-default elementor-section-height-default\" data-id=\"041e729\" data-element_type=\"section\" data-e-type=\"section\">\n\t\t\t\t\t\t<div class=\"elementor-container elementor-column-gap-default\">\n\t\t\t\t\t<div class=\"elementor-column elementor-col-100 elementor-top-column elementor-element elementor-element-3ae5d3f\" data-id=\"3ae5d3f\" data-element_type=\"column\" data-e-type=\"column\">\n\t\t\t<div class=\"elementor-widget-wrap elementor-element-populated\">\n\t\t\t\t\t\t<div class=\"elementor-element elementor-element-dbc44bc elementor-widget elementor-widget-heading\" data-id=\"dbc44bc\" data-element_type=\"widget\" data-e-type=\"widget\" data-widget_type=\"heading.default\">\n\t\t\t\t<div class=\"elementor-widget-container\">\n\t\t\t\t\t<h4 class=\"elementor-heading-title elementor-size-default\">18 novembre 2009 <\/h4>\t\t\t\t<\/div>\n\t\t\t\t<\/div>\n\t\t\t\t<div class=\"elementor-element elementor-element-7f44433 elementor-widget elementor-widget-text-editor\" data-id=\"7f44433\" data-element_type=\"widget\" data-e-type=\"widget\" data-widget_type=\"text-editor.default\">\n\t\t\t\t<div class=\"elementor-widget-container\">\n\t\t\t\t\t\t\t\t\t<p>Il Cardinale Vingt-Trois istituisce la Commissione diocesana d&#8217;inchiesta, presieduta dal suo delegato, Mons. Georges Soubrier, e la Commissione storica.<\/p>\t\t\t\t\t\t\t\t<\/div>\n\t\t\t\t<\/div>\n\t\t\t\t<div class=\"elementor-element elementor-element-d4e2e6e elementor-widget elementor-widget-spacer\" data-id=\"d4e2e6e\" data-element_type=\"widget\" data-e-type=\"widget\" data-widget_type=\"spacer.default\">\n\t\t\t\t<div class=\"elementor-widget-container\">\n\t\t\t\t\t\t\t<div class=\"elementor-spacer\">\n\t\t\t<div class=\"elementor-spacer-inner\"><\/div>\n\t\t<\/div>\n\t\t\t\t\t\t<\/div>\n\t\t\t\t<\/div>\n\t\t\t\t\t<\/div>\n\t\t<\/div>\n\t\t\t\t\t<\/div>\n\t\t<\/section>\n\t\t\t\t<section class=\"elementor-section elementor-top-section elementor-element elementor-element-5a5ed1d animated-slow elementor-section-boxed elementor-section-height-default elementor-section-height-default elementor-invisible\" data-id=\"5a5ed1d\" data-element_type=\"section\" data-e-type=\"section\" data-settings=\"{&quot;animation&quot;:&quot;fadeIn&quot;,&quot;background_background&quot;:&quot;classic&quot;}\">\n\t\t\t\t\t\t<div class=\"elementor-container elementor-column-gap-default\">\n\t\t\t\t\t<div class=\"elementor-column elementor-col-100 elementor-top-column elementor-element elementor-element-96c3745\" data-id=\"96c3745\" data-element_type=\"column\" data-e-type=\"column\">\n\t\t\t<div class=\"elementor-widget-wrap elementor-element-populated\">\n\t\t\t\t\t\t<div class=\"elementor-element elementor-element-a1e388d citationserif elementor-widget elementor-widget-heading\" data-id=\"a1e388d\" data-element_type=\"widget\" data-e-type=\"widget\" data-widget_type=\"heading.default\">\n\t\t\t\t<div class=\"elementor-widget-container\">\n\t\t\t\t\t<h3 class=\"elementor-heading-title elementor-size-default\">LA FASE DIOCESANA<\/h3>\t\t\t\t<\/div>\n\t\t\t\t<\/div>\n\t\t\t\t\t<\/div>\n\t\t<\/div>\n\t\t\t\t\t<\/div>\n\t\t<\/section>\n\t\t\t\t<section class=\"elementor-section elementor-top-section elementor-element elementor-element-a0b040e elementor-section-boxed elementor-section-height-default elementor-section-height-default\" data-id=\"a0b040e\" data-element_type=\"section\" data-e-type=\"section\">\n\t\t\t\t\t\t<div class=\"elementor-container elementor-column-gap-default\">\n\t\t\t\t\t<div class=\"elementor-column elementor-col-100 elementor-top-column elementor-element elementor-element-fcf3dd3\" data-id=\"fcf3dd3\" data-element_type=\"column\" data-e-type=\"column\">\n\t\t\t<div class=\"elementor-widget-wrap elementor-element-populated\">\n\t\t\t\t\t\t<div class=\"elementor-element elementor-element-b054cb3 elementor-widget elementor-widget-heading\" data-id=\"b054cb3\" data-element_type=\"widget\" data-e-type=\"widget\" data-widget_type=\"heading.default\">\n\t\t\t\t<div class=\"elementor-widget-container\">\n\t\t\t\t\t<h4 class=\"elementor-heading-title elementor-size-default\">7 gennaio 2010 <\/h4>\t\t\t\t<\/div>\n\t\t\t\t<\/div>\n\t\t\t\t<div class=\"elementor-element elementor-element-5d02716a elementor-widget elementor-widget-text-editor\" data-id=\"5d02716a\" data-element_type=\"widget\" data-e-type=\"widget\" data-widget_type=\"text-editor.default\">\n\t\t\t\t<div class=\"elementor-widget-container\">\n\t\t\t\t\t\t\t\t\t<p>Sessione di apertura dell&#8217;Inchiesta diocesana a Parigi nella Chiesa della Santissima Trinit\u00e0 di Parigi, presieduta da Mons. \u00c9ric de Moulins-Beaufort, in rappresentanza del Cardinale Andr\u00e9 Vingt-Trois.<\/p>\t\t\t\t\t\t\t\t<\/div>\n\t\t\t\t<\/div>\n\t\t\t\t\t<\/div>\n\t\t<\/div>\n\t\t\t\t\t<\/div>\n\t\t<\/section>\n\t\t\t\t<section class=\"elementor-section elementor-top-section elementor-element elementor-element-b115666 elementor-section-boxed elementor-section-height-default elementor-section-height-default\" data-id=\"b115666\" data-element_type=\"section\" data-e-type=\"section\">\n\t\t\t\t\t\t<div class=\"elementor-container elementor-column-gap-default\">\n\t\t\t\t\t<div class=\"elementor-column elementor-col-33 elementor-top-column elementor-element elementor-element-7c61eaa\" data-id=\"7c61eaa\" data-element_type=\"column\" data-e-type=\"column\">\n\t\t\t<div class=\"elementor-widget-wrap elementor-element-populated\">\n\t\t\t\t\t\t<div class=\"elementor-element elementor-element-8d1d208 elementor-widget elementor-widget-image\" data-id=\"8d1d208\" data-element_type=\"widget\" data-e-type=\"widget\" data-widget_type=\"image.default\">\n\t\t\t\t<div class=\"elementor-widget-container\">\n\t\t\t\t\t\t\t\t\t\t\t\t\t\t\t\t<a href=\"https:\/\/www.pierregoursat.com\/images-pierre-goursatmedias\/2025\/01\/cause-canonisation-pierre-goursat.jpg\" data-elementor-open-lightbox=\"yes\" data-elementor-lightbox-title=\"cause-canonisation-pierre-goursat\" data-elementor-lightbox-description=\"Enqu\u00eate Dioc\u00e9saine -Pierre Goursat\" data-e-action-hash=\"#elementor-action%3Aaction%3Dlightbox%26settings%3DeyJpZCI6MjE5OTksInVybCI6Imh0dHBzOlwvXC93d3cucGllcnJlZ291cnNhdC5jb21cL2ltYWdlcy1waWVycmUtZ291cnNhdG1lZGlhc1wvMjAyNVwvMDFcL2NhdXNlLWNhbm9uaXNhdGlvbi1waWVycmUtZ291cnNhdC5qcGcifQ%3D%3D\">\n\t\t\t\t\t\t\t<img decoding=\"async\" width=\"800\" height=\"537\" src=\"https:\/\/www.pierregoursat.com\/images-pierre-goursatmedias\/2025\/01\/cause-canonisation-pierre-goursat-1024x687.jpg\" class=\"attachment-large size-large wp-image-21999\" alt=\"Enqu\u00eate Dioc\u00e9saine -Pierre Goursat\" srcset=\"https:\/\/www.pierregoursat.com\/images-pierre-goursatmedias\/2025\/01\/cause-canonisation-pierre-goursat-1024x687.jpg 1024w, https:\/\/www.pierregoursat.com\/images-pierre-goursatmedias\/2025\/01\/cause-canonisation-pierre-goursat-300x201.jpg 300w, https:\/\/www.pierregoursat.com\/images-pierre-goursatmedias\/2025\/01\/cause-canonisation-pierre-goursat-150x101.jpg 150w, https:\/\/www.pierregoursat.com\/images-pierre-goursatmedias\/2025\/01\/cause-canonisation-pierre-goursat-768x515.jpg 768w, https:\/\/www.pierregoursat.com\/images-pierre-goursatmedias\/2025\/01\/cause-canonisation-pierre-goursat-1536x1031.jpg 1536w, https:\/\/www.pierregoursat.com\/images-pierre-goursatmedias\/2025\/01\/cause-canonisation-pierre-goursat.jpg 1690w\" sizes=\"(max-width: 800px) 100vw, 800px\" \/>\t\t\t\t\t\t\t\t<\/a>\n\t\t\t\t\t\t\t\t\t\t\t\t\t\t\t<\/div>\n\t\t\t\t<\/div>\n\t\t\t\t<div class=\"elementor-element elementor-element-8a2e2ef elementor-widget elementor-widget-text-editor\" data-id=\"8a2e2ef\" data-element_type=\"widget\" data-e-type=\"widget\" data-widget_type=\"text-editor.default\">\n\t\t\t\t<div class=\"elementor-widget-container\">\n\t\t\t\t\t\t\t\t\tI membri della Commissione diocesana d&#8217;inchiesta, insieme ai notai, periti storici, il Postulatore e la Vice-postulatrice.\n\t\t\t\t\t\t\t\t<\/div>\n\t\t\t\t<\/div>\n\t\t\t\t\t<\/div>\n\t\t<\/div>\n\t\t\t\t<div class=\"elementor-column elementor-col-33 elementor-top-column elementor-element elementor-element-f4c56de\" data-id=\"f4c56de\" data-element_type=\"column\" data-e-type=\"column\">\n\t\t\t<div class=\"elementor-widget-wrap elementor-element-populated\">\n\t\t\t\t\t\t<div class=\"elementor-element elementor-element-862e7bf elementor-widget elementor-widget-image\" data-id=\"862e7bf\" data-element_type=\"widget\" data-e-type=\"widget\" data-widget_type=\"image.default\">\n\t\t\t\t<div class=\"elementor-widget-container\">\n\t\t\t\t\t\t\t\t\t\t\t\t\t\t\t\t<a href=\"https:\/\/www.pierregoursat.com\/images-pierre-goursatmedias\/2021\/12\/ouverture-enquete-pierre-goursat.jpg\" data-elementor-open-lightbox=\"yes\" data-elementor-lightbox-title=\"ouverture-enquete-pierre-goursat\" data-e-action-hash=\"#elementor-action%3Aaction%3Dlightbox%26settings%3DeyJpZCI6NTU1MCwidXJsIjoiaHR0cHM6XC9cL3d3dy5waWVycmVnb3Vyc2F0LmNvbVwvaW1hZ2VzLXBpZXJyZS1nb3Vyc2F0bWVkaWFzXC8yMDIxXC8xMlwvb3V2ZXJ0dXJlLWVucXVldGUtcGllcnJlLWdvdXJzYXQuanBnIn0%3D\">\n\t\t\t\t\t\t\t<img decoding=\"async\" width=\"800\" height=\"534\" src=\"https:\/\/www.pierregoursat.com\/images-pierre-goursatmedias\/2021\/12\/ouverture-enquete-pierre-goursat-1024x683.jpg\" class=\"attachment-large size-large wp-image-5550\" alt=\"\" srcset=\"https:\/\/www.pierregoursat.com\/images-pierre-goursatmedias\/2021\/12\/ouverture-enquete-pierre-goursat-1024x683.jpg 1024w, https:\/\/www.pierregoursat.com\/images-pierre-goursatmedias\/2021\/12\/ouverture-enquete-pierre-goursat-300x200.jpg 300w, https:\/\/www.pierregoursat.com\/images-pierre-goursatmedias\/2021\/12\/ouverture-enquete-pierre-goursat-768x512.jpg 768w, https:\/\/www.pierregoursat.com\/images-pierre-goursatmedias\/2021\/12\/ouverture-enquete-pierre-goursat.jpg 1200w\" sizes=\"(max-width: 800px) 100vw, 800px\" \/>\t\t\t\t\t\t\t\t<\/a>\n\t\t\t\t\t\t\t\t\t\t\t\t\t\t\t<\/div>\n\t\t\t\t<\/div>\n\t\t\t\t<div class=\"elementor-element elementor-element-e2fd172 elementor-widget elementor-widget-text-editor\" data-id=\"e2fd172\" data-element_type=\"widget\" data-e-type=\"widget\" data-widget_type=\"text-editor.default\">\n\t\t\t\t<div class=\"elementor-widget-container\">\n\t\t\t\t\t\t\t\t\t<p>Da sinistra a destra: mons. Xavier Rambaud, Promotore di giustizia, mons. Georges Soubrier, delegato episcopale del Cardinale Vingt-Trois per la Causa di canonizzazione di Pierre Goursat, mons. \u00c9ric de Moulins-Beaufort, vescovo ausiliare di Parigi, Mons. Fran\u00e7ois Fleischmann, cancelliere della Diocesi di Parigi, e don Joseph Chon\u00e9, Promotore delle Cause dei Santi.<\/p>\t\t\t\t\t\t\t\t<\/div>\n\t\t\t\t<\/div>\n\t\t\t\t\t<\/div>\n\t\t<\/div>\n\t\t\t\t<div class=\"elementor-column elementor-col-33 elementor-top-column elementor-element elementor-element-a548e38\" data-id=\"a548e38\" data-element_type=\"column\" data-e-type=\"column\">\n\t\t\t<div class=\"elementor-widget-wrap elementor-element-populated\">\n\t\t\t\t\t\t<div class=\"elementor-element elementor-element-736f5a6 elementor-widget elementor-widget-image\" data-id=\"736f5a6\" data-element_type=\"widget\" data-e-type=\"widget\" data-widget_type=\"image.default\">\n\t\t\t\t<div class=\"elementor-widget-container\">\n\t\t\t\t\t\t\t\t\t\t\t\t\t\t\t\t<a href=\"https:\/\/www.pierregoursat.com\/images-pierre-goursatmedias\/2021\/12\/Cause-Canonisation-Pierre-Goursat.jpg\" data-elementor-open-lightbox=\"yes\" data-elementor-lightbox-title=\"Cause-Canonisation-Pierre-Goursat\" data-e-action-hash=\"#elementor-action%3Aaction%3Dlightbox%26settings%3DeyJpZCI6NTUxNSwidXJsIjoiaHR0cHM6XC9cL3d3dy5waWVycmVnb3Vyc2F0LmNvbVwvaW1hZ2VzLXBpZXJyZS1nb3Vyc2F0bWVkaWFzXC8yMDIxXC8xMlwvQ2F1c2UtQ2Fub25pc2F0aW9uLVBpZXJyZS1Hb3Vyc2F0LmpwZyJ9\">\n\t\t\t\t\t\t\t<img loading=\"lazy\" decoding=\"async\" width=\"800\" height=\"534\" src=\"https:\/\/www.pierregoursat.com\/images-pierre-goursatmedias\/2021\/12\/Cause-Canonisation-Pierre-Goursat-1024x683.jpg\" class=\"attachment-large size-large wp-image-5515\" alt=\"\" srcset=\"https:\/\/www.pierregoursat.com\/images-pierre-goursatmedias\/2021\/12\/Cause-Canonisation-Pierre-Goursat-1024x683.jpg 1024w, https:\/\/www.pierregoursat.com\/images-pierre-goursatmedias\/2021\/12\/Cause-Canonisation-Pierre-Goursat-300x200.jpg 300w, https:\/\/www.pierregoursat.com\/images-pierre-goursatmedias\/2021\/12\/Cause-Canonisation-Pierre-Goursat-768x512.jpg 768w, https:\/\/www.pierregoursat.com\/images-pierre-goursatmedias\/2021\/12\/Cause-Canonisation-Pierre-Goursat.jpg 1200w\" sizes=\"(max-width: 800px) 100vw, 800px\" \/>\t\t\t\t\t\t\t\t<\/a>\n\t\t\t\t\t\t\t\t\t\t\t\t\t\t\t<\/div>\n\t\t\t\t<\/div>\n\t\t\t\t<div class=\"elementor-element elementor-element-a93730f elementor-widget elementor-widget-text-editor\" data-id=\"a93730f\" data-element_type=\"widget\" data-e-type=\"widget\" data-widget_type=\"text-editor.default\">\n\t\t\t\t<div class=\"elementor-widget-container\">\n\t\t\t\t\t\t\t\t\tIn prima fila, da sinistra a destra: Jean-Paul Mordefroid, nipote e figlioccio di Pierre Goursat,\nMartine e Herv\u00e9-Marie Catta, Dominique Vermersch, Moderatore della Comunit\u00e0 dell\u2019Emmanuele, \u00c9lisabeth Baranger e Marie-Nicole Boiteau.\n\t\t\t\t\t\t\t\t<\/div>\n\t\t\t\t<\/div>\n\t\t\t\t\t<\/div>\n\t\t<\/div>\n\t\t\t\t\t<\/div>\n\t\t<\/section>\n\t\t\t\t<section class=\"elementor-section elementor-top-section elementor-element elementor-element-5a26152 elementor-section-boxed elementor-section-height-default elementor-section-height-default\" data-id=\"5a26152\" data-element_type=\"section\" data-e-type=\"section\">\n\t\t\t\t\t\t<div class=\"elementor-container elementor-column-gap-default\">\n\t\t\t\t\t<div class=\"elementor-column elementor-col-33 elementor-top-column elementor-element elementor-element-aa693d7\" data-id=\"aa693d7\" data-element_type=\"column\" data-e-type=\"column\">\n\t\t\t<div class=\"elementor-widget-wrap elementor-element-populated\">\n\t\t\t\t\t\t<div class=\"elementor-element elementor-element-606a8b2 elementor-widget elementor-widget-image\" data-id=\"606a8b2\" data-element_type=\"widget\" data-e-type=\"widget\" data-widget_type=\"image.default\">\n\t\t\t\t<div class=\"elementor-widget-container\">\n\t\t\t\t\t\t\t\t\t\t\t\t\t\t\t\t<a href=\"https:\/\/www.pierregoursat.com\/images-pierre-goursatmedias\/2021\/12\/Francis-Kohn-postulateur.jpg\" data-elementor-open-lightbox=\"yes\" data-elementor-lightbox-title=\"Francis-Kohn-postulateur\" data-e-action-hash=\"#elementor-action%3Aaction%3Dlightbox%26settings%3DeyJpZCI6NTUzNiwidXJsIjoiaHR0cHM6XC9cL3d3dy5waWVycmVnb3Vyc2F0LmNvbVwvaW1hZ2VzLXBpZXJyZS1nb3Vyc2F0bWVkaWFzXC8yMDIxXC8xMlwvRnJhbmNpcy1Lb2huLXBvc3R1bGF0ZXVyLmpwZyJ9\">\n\t\t\t\t\t\t\t<img loading=\"lazy\" decoding=\"async\" width=\"800\" height=\"800\" src=\"https:\/\/www.pierregoursat.com\/images-pierre-goursatmedias\/2021\/12\/Francis-Kohn-postulateur-1024x1024.jpg\" class=\"attachment-large size-large wp-image-5536\" alt=\"\" srcset=\"https:\/\/www.pierregoursat.com\/images-pierre-goursatmedias\/2021\/12\/Francis-Kohn-postulateur-1024x1024.jpg 1024w, https:\/\/www.pierregoursat.com\/images-pierre-goursatmedias\/2021\/12\/Francis-Kohn-postulateur-300x300.jpg 300w, https:\/\/www.pierregoursat.com\/images-pierre-goursatmedias\/2021\/12\/Francis-Kohn-postulateur-150x150.jpg 150w, https:\/\/www.pierregoursat.com\/images-pierre-goursatmedias\/2021\/12\/Francis-Kohn-postulateur-768x768.jpg 768w, https:\/\/www.pierregoursat.com\/images-pierre-goursatmedias\/2021\/12\/Francis-Kohn-postulateur.jpg 1200w\" sizes=\"(max-width: 800px) 100vw, 800px\" \/>\t\t\t\t\t\t\t\t<\/a>\n\t\t\t\t\t\t\t\t\t\t\t\t\t\t\t<\/div>\n\t\t\t\t<\/div>\n\t\t\t\t<div class=\"elementor-element elementor-element-e840f84 elementor-widget elementor-widget-text-editor\" data-id=\"e840f84\" data-element_type=\"widget\" data-e-type=\"widget\" data-widget_type=\"text-editor.default\">\n\t\t\t\t<div class=\"elementor-widget-container\">\n\t\t\t\t\t\t\t\t\t<p>Mons. Francis Kohn, Postulatore, giura sulla Bibbia.<\/p>\t\t\t\t\t\t\t\t<\/div>\n\t\t\t\t<\/div>\n\t\t\t\t\t<\/div>\n\t\t<\/div>\n\t\t\t\t<div class=\"elementor-column elementor-col-33 elementor-top-column elementor-element elementor-element-ed808ac\" data-id=\"ed808ac\" data-element_type=\"column\" data-e-type=\"column\">\n\t\t\t<div class=\"elementor-widget-wrap elementor-element-populated\">\n\t\t\t\t\t\t<div class=\"elementor-element elementor-element-572f62a elementor-widget elementor-widget-image\" data-id=\"572f62a\" data-element_type=\"widget\" data-e-type=\"widget\" data-widget_type=\"image.default\">\n\t\t\t\t<div class=\"elementor-widget-container\">\n\t\t\t\t\t\t\t\t\t\t\t\t\t\t\t\t<a href=\"https:\/\/www.pierregoursat.com\/images-pierre-goursatmedias\/2021\/12\/ouverture-enquete-elisabeth-baranger.jpg\" data-elementor-open-lightbox=\"yes\" data-elementor-lightbox-title=\"ouverture-enquete-elisabeth-baranger\" data-e-action-hash=\"#elementor-action%3Aaction%3Dlightbox%26settings%3DeyJpZCI6NTUyOSwidXJsIjoiaHR0cHM6XC9cL3d3dy5waWVycmVnb3Vyc2F0LmNvbVwvaW1hZ2VzLXBpZXJyZS1nb3Vyc2F0bWVkaWFzXC8yMDIxXC8xMlwvb3V2ZXJ0dXJlLWVucXVldGUtZWxpc2FiZXRoLWJhcmFuZ2VyLmpwZyJ9\">\n\t\t\t\t\t\t\t<img loading=\"lazy\" decoding=\"async\" width=\"800\" height=\"800\" src=\"https:\/\/www.pierregoursat.com\/images-pierre-goursatmedias\/2021\/12\/ouverture-enquete-elisabeth-baranger-1024x1024.jpg\" class=\"attachment-large size-large wp-image-5529\" alt=\"\" srcset=\"https:\/\/www.pierregoursat.com\/images-pierre-goursatmedias\/2021\/12\/ouverture-enquete-elisabeth-baranger-1024x1024.jpg 1024w, https:\/\/www.pierregoursat.com\/images-pierre-goursatmedias\/2021\/12\/ouverture-enquete-elisabeth-baranger-300x300.jpg 300w, https:\/\/www.pierregoursat.com\/images-pierre-goursatmedias\/2021\/12\/ouverture-enquete-elisabeth-baranger-150x150.jpg 150w, https:\/\/www.pierregoursat.com\/images-pierre-goursatmedias\/2021\/12\/ouverture-enquete-elisabeth-baranger-768x768.jpg 768w, https:\/\/www.pierregoursat.com\/images-pierre-goursatmedias\/2021\/12\/ouverture-enquete-elisabeth-baranger.jpg 1200w\" sizes=\"(max-width: 800px) 100vw, 800px\" \/>\t\t\t\t\t\t\t\t<\/a>\n\t\t\t\t\t\t\t\t\t\t\t\t\t\t\t<\/div>\n\t\t\t\t<\/div>\n\t\t\t\t<div class=\"elementor-element elementor-element-2d1e7d2 elementor-widget elementor-widget-text-editor\" data-id=\"2d1e7d2\" data-element_type=\"widget\" data-e-type=\"widget\" data-widget_type=\"text-editor.default\">\n\t\t\t\t<div class=\"elementor-widget-container\">\n\t\t\t\t\t\t\t\t\t<p>\u00c9lisabeth Baranger, Vice postulatrice, giura sulla Bibbia.<\/p>\t\t\t\t\t\t\t\t<\/div>\n\t\t\t\t<\/div>\n\t\t\t\t\t<\/div>\n\t\t<\/div>\n\t\t\t\t<div class=\"elementor-column elementor-col-33 elementor-top-column elementor-element elementor-element-b048119\" data-id=\"b048119\" data-element_type=\"column\" data-e-type=\"column\">\n\t\t\t<div class=\"elementor-widget-wrap elementor-element-populated\">\n\t\t\t\t\t\t<div class=\"elementor-element elementor-element-8f3d942 elementor-widget elementor-widget-image\" data-id=\"8f3d942\" data-element_type=\"widget\" data-e-type=\"widget\" data-widget_type=\"image.default\">\n\t\t\t\t<div class=\"elementor-widget-container\">\n\t\t\t\t\t\t\t\t\t\t\t\t\t\t\t\t<a href=\"https:\/\/www.pierregoursat.com\/images-pierre-goursatmedias\/2021\/12\/Georges-Soubrier-1.jpg\" data-elementor-open-lightbox=\"yes\" data-elementor-lightbox-title=\"Georges-Soubrier\" data-e-action-hash=\"#elementor-action%3Aaction%3Dlightbox%26settings%3DeyJpZCI6NTYwMSwidXJsIjoiaHR0cHM6XC9cL3d3dy5waWVycmVnb3Vyc2F0LmNvbVwvaW1hZ2VzLXBpZXJyZS1nb3Vyc2F0bWVkaWFzXC8yMDIxXC8xMlwvR2Vvcmdlcy1Tb3Vicmllci0xLmpwZyJ9\">\n\t\t\t\t\t\t\t<img loading=\"lazy\" decoding=\"async\" width=\"800\" height=\"800\" src=\"https:\/\/www.pierregoursat.com\/images-pierre-goursatmedias\/2021\/12\/Georges-Soubrier-1-1024x1024.jpg\" class=\"attachment-large size-large wp-image-5601\" alt=\"\" srcset=\"https:\/\/www.pierregoursat.com\/images-pierre-goursatmedias\/2021\/12\/Georges-Soubrier-1-1024x1024.jpg 1024w, https:\/\/www.pierregoursat.com\/images-pierre-goursatmedias\/2021\/12\/Georges-Soubrier-1-300x300.jpg 300w, https:\/\/www.pierregoursat.com\/images-pierre-goursatmedias\/2021\/12\/Georges-Soubrier-1-150x150.jpg 150w, https:\/\/www.pierregoursat.com\/images-pierre-goursatmedias\/2021\/12\/Georges-Soubrier-1-768x768.jpg 768w, https:\/\/www.pierregoursat.com\/images-pierre-goursatmedias\/2021\/12\/Georges-Soubrier-1.jpg 1200w\" sizes=\"(max-width: 800px) 100vw, 800px\" \/>\t\t\t\t\t\t\t\t<\/a>\n\t\t\t\t\t\t\t\t\t\t\t\t\t\t\t<\/div>\n\t\t\t\t<\/div>\n\t\t\t\t<div class=\"elementor-element elementor-element-c7aa67f elementor-widget elementor-widget-text-editor\" data-id=\"c7aa67f\" data-element_type=\"widget\" data-e-type=\"widget\" data-widget_type=\"text-editor.default\">\n\t\t\t\t<div class=\"elementor-widget-container\">\n\t\t\t\t\t\t\t\t\tMons. Georges Soubrier presiede la messa e tiene l&#8217;omelia dopo la Sessione di apertura della Causa di Pierre Goursat.\n\t\t\t\t\t\t\t\t<\/div>\n\t\t\t\t<\/div>\n\t\t\t\t\t<\/div>\n\t\t<\/div>\n\t\t\t\t\t<\/div>\n\t\t<\/section>\n\t\t\t\t<section class=\"elementor-section elementor-top-section elementor-element elementor-element-5aa1c5c elementor-section-boxed elementor-section-height-default elementor-section-height-default\" data-id=\"5aa1c5c\" data-element_type=\"section\" data-e-type=\"section\">\n\t\t\t\t\t\t<div class=\"elementor-container elementor-column-gap-default\">\n\t\t\t\t\t<div class=\"elementor-column elementor-col-100 elementor-top-column elementor-element elementor-element-34deaa5\" data-id=\"34deaa5\" data-element_type=\"column\" data-e-type=\"column\">\n\t\t\t<div class=\"elementor-widget-wrap elementor-element-populated\">\n\t\t\t\t\t\t<div class=\"elementor-element elementor-element-c3b12d5 elementor-widget elementor-widget-heading\" data-id=\"c3b12d5\" data-element_type=\"widget\" data-e-type=\"widget\" data-widget_type=\"heading.default\">\n\t\t\t\t<div class=\"elementor-widget-container\">\n\t\t\t\t\t<h4 class=\"elementor-heading-title elementor-size-default\">19 dicembre 2015<\/h4>\t\t\t\t<\/div>\n\t\t\t\t<\/div>\n\t\t\t\t<div class=\"elementor-element elementor-element-8f85b6f elementor-widget elementor-widget-text-editor\" data-id=\"8f85b6f\" data-element_type=\"widget\" data-e-type=\"widget\" data-widget_type=\"text-editor.default\">\n\t\t\t\t<div class=\"elementor-widget-container\">\n\t\t\t\t\t\t\t\t\t<p>Conclusione dell&#8217;Inchiesta Diocesana di Parigi nella Chiesa della Santissima Trinit\u00e0 di Parigi<\/p>\t\t\t\t\t\t\t\t<\/div>\n\t\t\t\t<\/div>\n\t\t\t\t\t<\/div>\n\t\t<\/div>\n\t\t\t\t\t<\/div>\n\t\t<\/section>\n\t\t\t\t<section class=\"elementor-section elementor-top-section elementor-element elementor-element-2cbc3d3 elementor-section-boxed elementor-section-height-default elementor-section-height-default\" data-id=\"2cbc3d3\" data-element_type=\"section\" data-e-type=\"section\">\n\t\t\t\t\t\t<div class=\"elementor-container elementor-column-gap-default\">\n\t\t\t\t\t<div class=\"elementor-column elementor-col-25 elementor-top-column elementor-element elementor-element-3485862\" data-id=\"3485862\" data-element_type=\"column\" data-e-type=\"column\">\n\t\t\t<div class=\"elementor-widget-wrap elementor-element-populated\">\n\t\t\t\t\t\t<div class=\"elementor-element elementor-element-81f2753 elementor-widget elementor-widget-image\" data-id=\"81f2753\" data-element_type=\"widget\" data-e-type=\"widget\" data-widget_type=\"image.default\">\n\t\t\t\t<div class=\"elementor-widget-container\">\n\t\t\t\t\t\t\t\t\t\t\t\t\t\t\t\t<a href=\"https:\/\/www.pierregoursat.com\/images-pierre-goursatmedias\/2021\/12\/07-cloture-pierre-goursat.jpg\" data-elementor-open-lightbox=\"yes\" data-elementor-lightbox-title=\"07-cloture-pierre-goursat\" data-e-action-hash=\"#elementor-action%3Aaction%3Dlightbox%26settings%3DeyJpZCI6NTYzMywidXJsIjoiaHR0cHM6XC9cL3d3dy5waWVycmVnb3Vyc2F0LmNvbVwvaW1hZ2VzLXBpZXJyZS1nb3Vyc2F0bWVkaWFzXC8yMDIxXC8xMlwvMDctY2xvdHVyZS1waWVycmUtZ291cnNhdC5qcGcifQ%3D%3D\">\n\t\t\t\t\t\t\t<img loading=\"lazy\" decoding=\"async\" width=\"800\" height=\"534\" src=\"https:\/\/www.pierregoursat.com\/images-pierre-goursatmedias\/2021\/12\/07-cloture-pierre-goursat-1024x683.jpg\" class=\"attachment-large size-large wp-image-5633\" alt=\"\" srcset=\"https:\/\/www.pierregoursat.com\/images-pierre-goursatmedias\/2021\/12\/07-cloture-pierre-goursat-1024x683.jpg 1024w, https:\/\/www.pierregoursat.com\/images-pierre-goursatmedias\/2021\/12\/07-cloture-pierre-goursat-300x200.jpg 300w, https:\/\/www.pierregoursat.com\/images-pierre-goursatmedias\/2021\/12\/07-cloture-pierre-goursat-768x512.jpg 768w, https:\/\/www.pierregoursat.com\/images-pierre-goursatmedias\/2021\/12\/07-cloture-pierre-goursat.jpg 1200w\" sizes=\"(max-width: 800px) 100vw, 800px\" \/>\t\t\t\t\t\t\t\t<\/a>\n\t\t\t\t\t\t\t\t\t\t\t\t\t\t\t<\/div>\n\t\t\t\t<\/div>\n\t\t\t\t<div class=\"elementor-element elementor-element-9044b04 elementor-widget elementor-widget-text-editor\" data-id=\"9044b04\" data-element_type=\"widget\" data-e-type=\"widget\" data-widget_type=\"text-editor.default\">\n\t\t\t\t<div class=\"elementor-widget-container\">\n\t\t\t\t\t\t\t\t\tI membri della Commissione d&#8217;Inchiesta con le casse contenenti gli Atti dell&#8217;Inchiesta diocesana.\n\t\t\t\t\t\t\t\t<\/div>\n\t\t\t\t<\/div>\n\t\t\t\t\t<\/div>\n\t\t<\/div>\n\t\t\t\t<div class=\"elementor-column elementor-col-25 elementor-top-column elementor-element elementor-element-f9f321d\" data-id=\"f9f321d\" data-element_type=\"column\" data-e-type=\"column\">\n\t\t\t<div class=\"elementor-widget-wrap elementor-element-populated\">\n\t\t\t\t\t\t<div class=\"elementor-element elementor-element-e9a6ab0 elementor-widget elementor-widget-image\" data-id=\"e9a6ab0\" data-element_type=\"widget\" data-e-type=\"widget\" data-widget_type=\"image.default\">\n\t\t\t\t<div class=\"elementor-widget-container\">\n\t\t\t\t\t\t\t\t\t\t\t\t\t\t\t\t<a href=\"https:\/\/www.pierregoursat.com\/images-pierre-goursatmedias\/2021\/12\/08-Pierre-goursat.jpg\" data-elementor-open-lightbox=\"yes\" data-elementor-lightbox-title=\"08-Pierre-goursat\" data-e-action-hash=\"#elementor-action%3Aaction%3Dlightbox%26settings%3DeyJpZCI6NTY0MCwidXJsIjoiaHR0cHM6XC9cL3d3dy5waWVycmVnb3Vyc2F0LmNvbVwvaW1hZ2VzLXBpZXJyZS1nb3Vyc2F0bWVkaWFzXC8yMDIxXC8xMlwvMDgtUGllcnJlLWdvdXJzYXQuanBnIn0%3D\">\n\t\t\t\t\t\t\t<img loading=\"lazy\" decoding=\"async\" width=\"800\" height=\"534\" src=\"https:\/\/www.pierregoursat.com\/images-pierre-goursatmedias\/2021\/12\/08-Pierre-goursat-1024x683.jpg\" class=\"attachment-large size-large wp-image-5640\" alt=\"\" srcset=\"https:\/\/www.pierregoursat.com\/images-pierre-goursatmedias\/2021\/12\/08-Pierre-goursat-1024x683.jpg 1024w, https:\/\/www.pierregoursat.com\/images-pierre-goursatmedias\/2021\/12\/08-Pierre-goursat-300x200.jpg 300w, https:\/\/www.pierregoursat.com\/images-pierre-goursatmedias\/2021\/12\/08-Pierre-goursat-768x512.jpg 768w, https:\/\/www.pierregoursat.com\/images-pierre-goursatmedias\/2021\/12\/08-Pierre-goursat.jpg 1200w\" sizes=\"(max-width: 800px) 100vw, 800px\" \/>\t\t\t\t\t\t\t\t<\/a>\n\t\t\t\t\t\t\t\t\t\t\t\t\t\t\t<\/div>\n\t\t\t\t<\/div>\n\t\t\t\t<div class=\"elementor-element elementor-element-d4c0c58 elementor-widget elementor-widget-text-editor\" data-id=\"d4c0c58\" data-element_type=\"widget\" data-e-type=\"widget\" data-widget_type=\"text-editor.default\">\n\t\t\t\t<div class=\"elementor-widget-container\">\n\t\t\t\t\t\t\t\t\t<p>Mons. \u00c9ric de Moulins-Beaufort, rappresentante del Cardinale Vingt-Trois, presiede la sessione di chiusura della fase diocesana, affiancato da Mons. Georges Soubrier e Mons. Jean-Marie Dubois, cancelliere della Diocesi di Parigi.<\/p>\t\t\t\t\t\t\t\t<\/div>\n\t\t\t\t<\/div>\n\t\t\t\t\t<\/div>\n\t\t<\/div>\n\t\t\t\t<div class=\"elementor-column elementor-col-25 elementor-top-column elementor-element elementor-element-1945224\" data-id=\"1945224\" data-element_type=\"column\" data-e-type=\"column\">\n\t\t\t<div class=\"elementor-widget-wrap elementor-element-populated\">\n\t\t\t\t\t\t<div class=\"elementor-element elementor-element-8e12b6d elementor-widget elementor-widget-image\" data-id=\"8e12b6d\" data-element_type=\"widget\" data-e-type=\"widget\" data-widget_type=\"image.default\">\n\t\t\t\t<div class=\"elementor-widget-container\">\n\t\t\t\t\t\t\t\t\t\t\t\t\t\t\t\t<a href=\"https:\/\/www.pierregoursat.com\/images-pierre-goursatmedias\/2021\/12\/09-Pierreetsesfreres.jpg\" data-elementor-open-lightbox=\"yes\" data-elementor-lightbox-title=\"09-Pierreetsesfreres\" data-e-action-hash=\"#elementor-action%3Aaction%3Dlightbox%26settings%3DeyJpZCI6NTY0NywidXJsIjoiaHR0cHM6XC9cL3d3dy5waWVycmVnb3Vyc2F0LmNvbVwvaW1hZ2VzLXBpZXJyZS1nb3Vyc2F0bWVkaWFzXC8yMDIxXC8xMlwvMDktUGllcnJlZXRzZXNmcmVyZXMuanBnIn0%3D\">\n\t\t\t\t\t\t\t<img loading=\"lazy\" decoding=\"async\" width=\"800\" height=\"534\" src=\"https:\/\/www.pierregoursat.com\/images-pierre-goursatmedias\/2021\/12\/09-Pierreetsesfreres-1024x683.jpg\" class=\"attachment-large size-large wp-image-5647\" alt=\"\" srcset=\"https:\/\/www.pierregoursat.com\/images-pierre-goursatmedias\/2021\/12\/09-Pierreetsesfreres-1024x683.jpg 1024w, https:\/\/www.pierregoursat.com\/images-pierre-goursatmedias\/2021\/12\/09-Pierreetsesfreres-300x200.jpg 300w, https:\/\/www.pierregoursat.com\/images-pierre-goursatmedias\/2021\/12\/09-Pierreetsesfreres-768x512.jpg 768w, https:\/\/www.pierregoursat.com\/images-pierre-goursatmedias\/2021\/12\/09-Pierreetsesfreres.jpg 1200w\" sizes=\"(max-width: 800px) 100vw, 800px\" \/>\t\t\t\t\t\t\t\t<\/a>\n\t\t\t\t\t\t\t\t\t\t\t\t\t\t\t<\/div>\n\t\t\t\t<\/div>\n\t\t\t\t<div class=\"elementor-element elementor-element-ed4ab06 elementor-widget elementor-widget-text-editor\" data-id=\"ed4ab06\" data-element_type=\"widget\" data-e-type=\"widget\" data-widget_type=\"text-editor.default\">\n\t\t\t\t<div class=\"elementor-widget-container\">\n\t\t\t\t\t\t\t\t\t<p>Mons. de Moulins-Beaufort, Mons. Soubrier, Mons. Dubois, e sullo sfondo: Laurent Landete, Moderatore della Comunit\u00e0 dell\u2019Emmanuele, Martine Catta e i tre periti storici.<\/p>\t\t\t\t\t\t\t\t<\/div>\n\t\t\t\t<\/div>\n\t\t\t\t\t<\/div>\n\t\t<\/div>\n\t\t\t\t<div class=\"elementor-column elementor-col-25 elementor-top-column elementor-element elementor-element-3b09ccb\" data-id=\"3b09ccb\" data-element_type=\"column\" data-e-type=\"column\">\n\t\t\t<div class=\"elementor-widget-wrap elementor-element-populated\">\n\t\t\t\t\t\t<div class=\"elementor-element elementor-element-9f148c9 elementor-widget elementor-widget-image\" data-id=\"9f148c9\" data-element_type=\"widget\" data-e-type=\"widget\" data-widget_type=\"image.default\">\n\t\t\t\t<div class=\"elementor-widget-container\">\n\t\t\t\t\t\t\t\t\t\t\t\t\t\t\t\t<a href=\"https:\/\/www.pierregoursat.com\/images-pierre-goursatmedias\/2021\/12\/10-Pierre-goursat-cause.jpg\" data-elementor-open-lightbox=\"yes\" data-elementor-lightbox-title=\"10-Pierre-goursat-cause\" data-e-action-hash=\"#elementor-action%3Aaction%3Dlightbox%26settings%3DeyJpZCI6NTY1NCwidXJsIjoiaHR0cHM6XC9cL3d3dy5waWVycmVnb3Vyc2F0LmNvbVwvaW1hZ2VzLXBpZXJyZS1nb3Vyc2F0bWVkaWFzXC8yMDIxXC8xMlwvMTAtUGllcnJlLWdvdXJzYXQtY2F1c2UuanBnIn0%3D\">\n\t\t\t\t\t\t\t<img loading=\"lazy\" decoding=\"async\" width=\"800\" height=\"534\" src=\"https:\/\/www.pierregoursat.com\/images-pierre-goursatmedias\/2021\/12\/10-Pierre-goursat-cause-1024x683.jpg\" class=\"attachment-large size-large wp-image-5654\" alt=\"\" srcset=\"https:\/\/www.pierregoursat.com\/images-pierre-goursatmedias\/2021\/12\/10-Pierre-goursat-cause-1024x683.jpg 1024w, https:\/\/www.pierregoursat.com\/images-pierre-goursatmedias\/2021\/12\/10-Pierre-goursat-cause-300x200.jpg 300w, https:\/\/www.pierregoursat.com\/images-pierre-goursatmedias\/2021\/12\/10-Pierre-goursat-cause-768x512.jpg 768w, https:\/\/www.pierregoursat.com\/images-pierre-goursatmedias\/2021\/12\/10-Pierre-goursat-cause.jpg 1200w\" sizes=\"(max-width: 800px) 100vw, 800px\" \/>\t\t\t\t\t\t\t\t<\/a>\n\t\t\t\t\t\t\t\t\t\t\t\t\t\t\t<\/div>\n\t\t\t\t<\/div>\n\t\t\t\t<div class=\"elementor-element elementor-element-7e2961b elementor-widget elementor-widget-text-editor\" data-id=\"7e2961b\" data-element_type=\"widget\" data-e-type=\"widget\" data-widget_type=\"text-editor.default\">\n\t\t\t\t<div class=\"elementor-widget-container\">\n\t\t\t\t\t\t\t\t\tIl Cancelliere della Diocesi di Parigi e i notai sigillano le casse contenenti gli Atti dell&#8217;Inchiesta Diocesana, che saranno portate a Roma in Vaticano.\n\t\t\t\t\t\t\t\t<\/div>\n\t\t\t\t<\/div>\n\t\t\t\t\t<\/div>\n\t\t<\/div>\n\t\t\t\t\t<\/div>\n\t\t<\/section>\n\t\t\t\t<section class=\"elementor-section elementor-top-section elementor-element elementor-element-dec27fa elementor-section-boxed elementor-section-height-default elementor-section-height-default\" data-id=\"dec27fa\" data-element_type=\"section\" data-e-type=\"section\">\n\t\t\t\t\t\t<div class=\"elementor-container elementor-column-gap-default\">\n\t\t\t\t\t<div class=\"elementor-column elementor-col-25 elementor-top-column elementor-element elementor-element-50060ef\" data-id=\"50060ef\" data-element_type=\"column\" data-e-type=\"column\">\n\t\t\t<div class=\"elementor-widget-wrap elementor-element-populated\">\n\t\t\t\t\t\t<div class=\"elementor-element elementor-element-6b39917 elementor-widget elementor-widget-image\" data-id=\"6b39917\" data-element_type=\"widget\" data-e-type=\"widget\" data-widget_type=\"image.default\">\n\t\t\t\t<div class=\"elementor-widget-container\">\n\t\t\t\t\t\t\t\t\t\t\t\t\t\t\t\t<a href=\"https:\/\/www.pierregoursat.com\/images-pierre-goursatmedias\/2021\/12\/11-Cause-de-Pierre.jpg\" data-elementor-open-lightbox=\"yes\" data-elementor-lightbox-title=\"11-Cause-de-Pierre\" data-e-action-hash=\"#elementor-action%3Aaction%3Dlightbox%26settings%3DeyJpZCI6NTY2MSwidXJsIjoiaHR0cHM6XC9cL3d3dy5waWVycmVnb3Vyc2F0LmNvbVwvaW1hZ2VzLXBpZXJyZS1nb3Vyc2F0bWVkaWFzXC8yMDIxXC8xMlwvMTEtQ2F1c2UtZGUtUGllcnJlLmpwZyJ9\">\n\t\t\t\t\t\t\t<img loading=\"lazy\" decoding=\"async\" width=\"800\" height=\"534\" src=\"https:\/\/www.pierregoursat.com\/images-pierre-goursatmedias\/2021\/12\/11-Cause-de-Pierre-1024x683.jpg\" class=\"attachment-large size-large wp-image-5661\" alt=\"\" srcset=\"https:\/\/www.pierregoursat.com\/images-pierre-goursatmedias\/2021\/12\/11-Cause-de-Pierre-1024x683.jpg 1024w, https:\/\/www.pierregoursat.com\/images-pierre-goursatmedias\/2021\/12\/11-Cause-de-Pierre-300x200.jpg 300w, https:\/\/www.pierregoursat.com\/images-pierre-goursatmedias\/2021\/12\/11-Cause-de-Pierre-768x512.jpg 768w, https:\/\/www.pierregoursat.com\/images-pierre-goursatmedias\/2021\/12\/11-Cause-de-Pierre.jpg 1200w\" sizes=\"(max-width: 800px) 100vw, 800px\" \/>\t\t\t\t\t\t\t\t<\/a>\n\t\t\t\t\t\t\t\t\t\t\t\t\t\t\t<\/div>\n\t\t\t\t<\/div>\n\t\t\t\t<div class=\"elementor-element elementor-element-cf2bc0c elementor-widget elementor-widget-text-editor\" data-id=\"cf2bc0c\" data-element_type=\"widget\" data-e-type=\"widget\" data-widget_type=\"text-editor.default\">\n\t\t\t\t<div class=\"elementor-widget-container\">\n\t\t\t\t\t\t\t\t\t Le casse dei documenti sigillate.\n\t\t\t\t\t\t\t\t<\/div>\n\t\t\t\t<\/div>\n\t\t\t\t\t<\/div>\n\t\t<\/div>\n\t\t\t\t<div class=\"elementor-column elementor-col-25 elementor-top-column elementor-element elementor-element-2eefa07\" data-id=\"2eefa07\" data-element_type=\"column\" data-e-type=\"column\">\n\t\t\t<div class=\"elementor-widget-wrap elementor-element-populated\">\n\t\t\t\t\t\t<div class=\"elementor-element elementor-element-c95c10c elementor-widget elementor-widget-image\" data-id=\"c95c10c\" data-element_type=\"widget\" data-e-type=\"widget\" data-widget_type=\"image.default\">\n\t\t\t\t<div class=\"elementor-widget-container\">\n\t\t\t\t\t\t\t\t\t\t\t\t\t\t\t\t<a href=\"https:\/\/www.pierregoursat.com\/images-pierre-goursatmedias\/2021\/12\/12-Goursat.jpg\" data-elementor-open-lightbox=\"yes\" data-elementor-lightbox-title=\"12-Goursat\" data-e-action-hash=\"#elementor-action%3Aaction%3Dlightbox%26settings%3DeyJpZCI6NTY2OCwidXJsIjoiaHR0cHM6XC9cL3d3dy5waWVycmVnb3Vyc2F0LmNvbVwvaW1hZ2VzLXBpZXJyZS1nb3Vyc2F0bWVkaWFzXC8yMDIxXC8xMlwvMTItR291cnNhdC5qcGcifQ%3D%3D\">\n\t\t\t\t\t\t\t<img loading=\"lazy\" decoding=\"async\" width=\"800\" height=\"534\" src=\"https:\/\/www.pierregoursat.com\/images-pierre-goursatmedias\/2021\/12\/12-Goursat-1024x683.jpg\" class=\"attachment-large size-large wp-image-5668\" alt=\"\" srcset=\"https:\/\/www.pierregoursat.com\/images-pierre-goursatmedias\/2021\/12\/12-Goursat-1024x683.jpg 1024w, https:\/\/www.pierregoursat.com\/images-pierre-goursatmedias\/2021\/12\/12-Goursat-300x200.jpg 300w, https:\/\/www.pierregoursat.com\/images-pierre-goursatmedias\/2021\/12\/12-Goursat-768x512.jpg 768w, https:\/\/www.pierregoursat.com\/images-pierre-goursatmedias\/2021\/12\/12-Goursat.jpg 1200w\" sizes=\"(max-width: 800px) 100vw, 800px\" \/>\t\t\t\t\t\t\t\t<\/a>\n\t\t\t\t\t\t\t\t\t\t\t\t\t\t\t<\/div>\n\t\t\t\t<\/div>\n\t\t\t\t<div class=\"elementor-element elementor-element-5f4140b elementor-widget elementor-widget-text-editor\" data-id=\"5f4140b\" data-element_type=\"widget\" data-e-type=\"widget\" data-widget_type=\"text-editor.default\">\n\t\t\t\t<div class=\"elementor-widget-container\">\n\t\t\t\t\t\t\t\t\t<p>La messa di ringraziamento presieduta da Mons. de Moulins-Beaufort, affiancato da Mons. Soubrier, padre Dominique-Marie David, padre Philippe Christory, parroco della chiesa della Santa Trinit\u00e0, Bruno Pouzoullic, diacono, e Mons. Francis Kohn, Postulatore.<\/p>\t\t\t\t\t\t\t\t<\/div>\n\t\t\t\t<\/div>\n\t\t\t\t\t<\/div>\n\t\t<\/div>\n\t\t\t\t<div class=\"elementor-column elementor-col-25 elementor-top-column elementor-element elementor-element-1871308\" data-id=\"1871308\" data-element_type=\"column\" data-e-type=\"column\">\n\t\t\t<div class=\"elementor-widget-wrap elementor-element-populated\">\n\t\t\t\t\t\t<div class=\"elementor-element elementor-element-a08b086 elementor-widget elementor-widget-image\" data-id=\"a08b086\" data-element_type=\"widget\" data-e-type=\"widget\" data-widget_type=\"image.default\">\n\t\t\t\t<div class=\"elementor-widget-container\">\n\t\t\t\t\t\t\t\t\t\t\t\t\t\t\t\t<a href=\"https:\/\/www.pierregoursat.com\/images-pierre-goursatmedias\/2021\/12\/13.jpg\" data-elementor-open-lightbox=\"yes\" data-elementor-lightbox-title=\"13\" data-e-action-hash=\"#elementor-action%3Aaction%3Dlightbox%26settings%3DeyJpZCI6NTY3NSwidXJsIjoiaHR0cHM6XC9cL3d3dy5waWVycmVnb3Vyc2F0LmNvbVwvaW1hZ2VzLXBpZXJyZS1nb3Vyc2F0bWVkaWFzXC8yMDIxXC8xMlwvMTMuanBnIn0%3D\">\n\t\t\t\t\t\t\t<img loading=\"lazy\" decoding=\"async\" width=\"800\" height=\"534\" src=\"https:\/\/www.pierregoursat.com\/images-pierre-goursatmedias\/2021\/12\/13-1024x683.jpg\" class=\"attachment-large size-large wp-image-5675\" alt=\"\" srcset=\"https:\/\/www.pierregoursat.com\/images-pierre-goursatmedias\/2021\/12\/13-1024x683.jpg 1024w, https:\/\/www.pierregoursat.com\/images-pierre-goursatmedias\/2021\/12\/13-300x200.jpg 300w, https:\/\/www.pierregoursat.com\/images-pierre-goursatmedias\/2021\/12\/13-768x512.jpg 768w, https:\/\/www.pierregoursat.com\/images-pierre-goursatmedias\/2021\/12\/13.jpg 1200w\" sizes=\"(max-width: 800px) 100vw, 800px\" \/>\t\t\t\t\t\t\t\t<\/a>\n\t\t\t\t\t\t\t\t\t\t\t\t\t\t\t<\/div>\n\t\t\t\t<\/div>\n\t\t\t\t<div class=\"elementor-element elementor-element-9528a25 elementor-widget elementor-widget-text-editor\" data-id=\"9528a25\" data-element_type=\"widget\" data-e-type=\"widget\" data-widget_type=\"text-editor.default\">\n\t\t\t\t<div class=\"elementor-widget-container\">\n\t\t\t\t\t\t\t\t\t<p>Mons. de Moulins-Beaufort, con Bruno Pouzoullic, Mons. Francis Kohn e Mons. Jean-Marie Dubois, durante la messa di ringraziamento nella chiesa della Trinit\u00e0.<\/p>\t\t\t\t\t\t\t\t<\/div>\n\t\t\t\t<\/div>\n\t\t\t\t\t<\/div>\n\t\t<\/div>\n\t\t\t\t<div class=\"elementor-column elementor-col-25 elementor-top-column elementor-element elementor-element-51f2b37\" data-id=\"51f2b37\" data-element_type=\"column\" data-e-type=\"column\">\n\t\t\t<div class=\"elementor-widget-wrap elementor-element-populated\">\n\t\t\t\t\t\t<div class=\"elementor-element elementor-element-b302d1e elementor-widget elementor-widget-image\" data-id=\"b302d1e\" data-element_type=\"widget\" data-e-type=\"widget\" data-widget_type=\"image.default\">\n\t\t\t\t<div class=\"elementor-widget-container\">\n\t\t\t\t\t\t\t\t\t\t\t\t\t\t\t\t<a href=\"https:\/\/www.pierregoursat.com\/images-pierre-goursatmedias\/2021\/12\/14-boites-cause-communaute-emmanuel.jpg\" data-elementor-open-lightbox=\"yes\" data-elementor-lightbox-title=\"14-boites-cause-communaute-emmanuel\" data-e-action-hash=\"#elementor-action%3Aaction%3Dlightbox%26settings%3DeyJpZCI6NTY4MiwidXJsIjoiaHR0cHM6XC9cL3d3dy5waWVycmVnb3Vyc2F0LmNvbVwvaW1hZ2VzLXBpZXJyZS1nb3Vyc2F0bWVkaWFzXC8yMDIxXC8xMlwvMTQtYm9pdGVzLWNhdXNlLWNvbW11bmF1dGUtZW1tYW51ZWwuanBnIn0%3D\">\n\t\t\t\t\t\t\t<img loading=\"lazy\" decoding=\"async\" width=\"800\" height=\"534\" src=\"https:\/\/www.pierregoursat.com\/images-pierre-goursatmedias\/2021\/12\/14-boites-cause-communaute-emmanuel-1024x683.jpg\" class=\"attachment-large size-large wp-image-5682\" alt=\"\" srcset=\"https:\/\/www.pierregoursat.com\/images-pierre-goursatmedias\/2021\/12\/14-boites-cause-communaute-emmanuel-1024x683.jpg 1024w, https:\/\/www.pierregoursat.com\/images-pierre-goursatmedias\/2021\/12\/14-boites-cause-communaute-emmanuel-300x200.jpg 300w, https:\/\/www.pierregoursat.com\/images-pierre-goursatmedias\/2021\/12\/14-boites-cause-communaute-emmanuel-768x512.jpg 768w, https:\/\/www.pierregoursat.com\/images-pierre-goursatmedias\/2021\/12\/14-boites-cause-communaute-emmanuel.jpg 1200w\" sizes=\"(max-width: 800px) 100vw, 800px\" \/>\t\t\t\t\t\t\t\t<\/a>\n\t\t\t\t\t\t\t\t\t\t\t\t\t\t\t<\/div>\n\t\t\t\t<\/div>\n\t\t\t\t<div class=\"elementor-element elementor-element-bb15fcb elementor-widget elementor-widget-text-editor\" data-id=\"bb15fcb\" data-element_type=\"widget\" data-e-type=\"widget\" data-widget_type=\"text-editor.default\">\n\t\t\t\t<div class=\"elementor-widget-container\">\n\t\t\t\t\t\t\t\t\tLe casse con i documenti sigillate vengono deposte in un\u2019automobile.\t\t\t\t\t\t\t\t<\/div>\n\t\t\t\t<\/div>\n\t\t\t\t\t<\/div>\n\t\t<\/div>\n\t\t\t\t\t<\/div>\n\t\t<\/section>\n\t\t\t\t<section class=\"elementor-section elementor-top-section elementor-element elementor-element-d8bd26b elementor-section-boxed elementor-section-height-default elementor-section-height-default\" data-id=\"d8bd26b\" data-element_type=\"section\" data-e-type=\"section\">\n\t\t\t\t\t\t<div class=\"elementor-container elementor-column-gap-default\">\n\t\t\t\t\t<div class=\"elementor-column elementor-col-100 elementor-top-column elementor-element elementor-element-712f69a\" data-id=\"712f69a\" data-element_type=\"column\" data-e-type=\"column\">\n\t\t\t<div class=\"elementor-widget-wrap elementor-element-populated\">\n\t\t\t\t\t\t<div class=\"elementor-element elementor-element-8fa2fc4 elementor-widget elementor-widget-heading\" data-id=\"8fa2fc4\" data-element_type=\"widget\" data-e-type=\"widget\" data-widget_type=\"heading.default\">\n\t\t\t\t<div class=\"elementor-widget-container\">\n\t\t\t\t\t<h4 class=\"elementor-heading-title elementor-size-default\">21 dicembre 2015  <\/h4>\t\t\t\t<\/div>\n\t\t\t\t<\/div>\n\t\t\t\t<div class=\"elementor-element elementor-element-0cf78fe elementor-widget elementor-widget-text-editor\" data-id=\"0cf78fe\" data-element_type=\"widget\" data-e-type=\"widget\" data-widget_type=\"text-editor.default\">\n\t\t\t\t<div class=\"elementor-widget-container\">\n\t\t\t\t\t\t\t\t\t<p>Laurent Landete, Moderatore della Comunit\u00e0 dell\u2019Emmanuele, nomina Mons. Francis Kohn Postulatore della fase romana.<\/p>\t\t\t\t\t\t\t\t<\/div>\n\t\t\t\t<\/div>\n\t\t\t\t\t<\/div>\n\t\t<\/div>\n\t\t\t\t\t<\/div>\n\t\t<\/section>\n\t\t\t\t<section class=\"elementor-section elementor-top-section elementor-element elementor-element-9f32e42 elementor-section-boxed elementor-section-height-default elementor-section-height-default\" data-id=\"9f32e42\" data-element_type=\"section\" data-e-type=\"section\">\n\t\t\t\t\t\t<div class=\"elementor-container elementor-column-gap-default\">\n\t\t\t\t\t<div class=\"elementor-column elementor-col-100 elementor-top-column elementor-element elementor-element-807acfe\" data-id=\"807acfe\" data-element_type=\"column\" data-e-type=\"column\">\n\t\t\t<div class=\"elementor-widget-wrap elementor-element-populated\">\n\t\t\t\t\t\t<div class=\"elementor-element elementor-element-19e4ee0 elementor-widget elementor-widget-heading\" data-id=\"19e4ee0\" data-element_type=\"widget\" data-e-type=\"widget\" data-widget_type=\"heading.default\">\n\t\t\t\t<div class=\"elementor-widget-container\">\n\t\t\t\t\t<h4 class=\"elementor-heading-title elementor-size-default\">8 gennaio 2016  <\/h4>\t\t\t\t<\/div>\n\t\t\t\t<\/div>\n\t\t\t\t<div class=\"elementor-element elementor-element-68c50ac elementor-widget elementor-widget-text-editor\" data-id=\"68c50ac\" data-element_type=\"widget\" data-e-type=\"widget\" data-widget_type=\"text-editor.default\">\n\t\t\t\t<div class=\"elementor-widget-container\">\n\t\t\t\t\t\t\t\t\t\tIl Postulatore consegna gli Atti dell&#8217;Inchiesta diocesana (circa 12.000 pagine) alla Congregazione delle Cause dei Santi a Roma.\n\t\t\t\t\t\t\t\t<\/div>\n\t\t\t\t<\/div>\n\t\t\t\t\t<\/div>\n\t\t<\/div>\n\t\t\t\t\t<\/div>\n\t\t<\/section>\n\t\t\t\t<section class=\"elementor-section elementor-top-section elementor-element elementor-element-b2daed1 elementor-section-boxed elementor-section-height-default elementor-section-height-default\" data-id=\"b2daed1\" data-element_type=\"section\" data-e-type=\"section\">\n\t\t\t\t\t\t<div class=\"elementor-container elementor-column-gap-default\">\n\t\t\t\t\t<div class=\"elementor-column elementor-col-100 elementor-top-column elementor-element elementor-element-cec9582\" data-id=\"cec9582\" data-element_type=\"column\" data-e-type=\"column\">\n\t\t\t<div class=\"elementor-widget-wrap elementor-element-populated\">\n\t\t\t\t\t\t<div class=\"elementor-element elementor-element-655440f elementor-widget elementor-widget-image\" data-id=\"655440f\" data-element_type=\"widget\" data-e-type=\"widget\" data-widget_type=\"image.default\">\n\t\t\t\t<div class=\"elementor-widget-container\">\n\t\t\t\t\t\t\t\t\t\t\t\t<figure class=\"wp-caption\">\n\t\t\t\t\t\t\t\t\t\t<img loading=\"lazy\" decoding=\"async\" width=\"800\" height=\"534\" src=\"https:\/\/www.pierregoursat.com\/images-pierre-goursatmedias\/2021\/12\/francis-khon-1024x683.jpg\" class=\"attachment-large size-large wp-image-5696\" alt=\"\" srcset=\"https:\/\/www.pierregoursat.com\/images-pierre-goursatmedias\/2021\/12\/francis-khon-1024x683.jpg 1024w, https:\/\/www.pierregoursat.com\/images-pierre-goursatmedias\/2021\/12\/francis-khon-300x200.jpg 300w, https:\/\/www.pierregoursat.com\/images-pierre-goursatmedias\/2021\/12\/francis-khon-768x512.jpg 768w, https:\/\/www.pierregoursat.com\/images-pierre-goursatmedias\/2021\/12\/francis-khon.jpg 1200w\" sizes=\"(max-width: 800px) 100vw, 800px\" \/>\t\t\t\t\t\t\t\t\t\t\t<figcaption class=\"widget-image-caption wp-caption-text\"><\/figcaption>\n\t\t\t\t\t\t\t\t\t\t<\/figure>\n\t\t\t\t\t\t\t\t\t<\/div>\n\t\t\t\t<\/div>\n\t\t\t\t<div class=\"elementor-element elementor-element-1c65942 elementor-widget elementor-widget-spacer\" data-id=\"1c65942\" data-element_type=\"widget\" data-e-type=\"widget\" data-widget_type=\"spacer.default\">\n\t\t\t\t<div class=\"elementor-widget-container\">\n\t\t\t\t\t\t\t<div class=\"elementor-spacer\">\n\t\t\t<div class=\"elementor-spacer-inner\"><\/div>\n\t\t<\/div>\n\t\t\t\t\t\t<\/div>\n\t\t\t\t<\/div>\n\t\t\t\t\t<\/div>\n\t\t<\/div>\n\t\t\t\t\t<\/div>\n\t\t<\/section>\n\t\t\t\t<section class=\"elementor-section elementor-top-section elementor-element elementor-element-e29168a animated-slow elementor-section-boxed elementor-section-height-default elementor-section-height-default elementor-invisible\" data-id=\"e29168a\" data-element_type=\"section\" data-e-type=\"section\" data-settings=\"{&quot;animation&quot;:&quot;fadeIn&quot;,&quot;background_background&quot;:&quot;classic&quot;}\">\n\t\t\t\t\t\t<div class=\"elementor-container elementor-column-gap-default\">\n\t\t\t\t\t<div class=\"elementor-column elementor-col-100 elementor-top-column elementor-element elementor-element-e6bdda6\" data-id=\"e6bdda6\" data-element_type=\"column\" data-e-type=\"column\">\n\t\t\t<div class=\"elementor-widget-wrap elementor-element-populated\">\n\t\t\t\t\t\t<div class=\"elementor-element elementor-element-d1499da citationserif elementor-widget elementor-widget-heading\" data-id=\"d1499da\" data-element_type=\"widget\" data-e-type=\"widget\" data-widget_type=\"heading.default\">\n\t\t\t\t<div class=\"elementor-widget-container\">\n\t\t\t\t\t<h3 class=\"elementor-heading-title elementor-size-default\">LA FASE ROMANA\n<\/h3>\t\t\t\t<\/div>\n\t\t\t\t<\/div>\n\t\t\t\t\t<\/div>\n\t\t<\/div>\n\t\t\t\t\t<\/div>\n\t\t<\/section>\n\t\t\t\t<section class=\"elementor-section elementor-top-section elementor-element elementor-element-f996d2e elementor-section-boxed elementor-section-height-default elementor-section-height-default\" data-id=\"f996d2e\" data-element_type=\"section\" data-e-type=\"section\">\n\t\t\t\t\t\t<div class=\"elementor-container elementor-column-gap-default\">\n\t\t\t\t\t<div class=\"elementor-column elementor-col-100 elementor-top-column elementor-element elementor-element-40e465b\" data-id=\"40e465b\" data-element_type=\"column\" data-e-type=\"column\">\n\t\t\t<div class=\"elementor-widget-wrap elementor-element-populated\">\n\t\t\t\t\t\t<div class=\"elementor-element elementor-element-7d64dd8 elementor-widget elementor-widget-heading\" data-id=\"7d64dd8\" data-element_type=\"widget\" data-e-type=\"widget\" data-widget_type=\"heading.default\">\n\t\t\t\t<div class=\"elementor-widget-container\">\n\t\t\t\t\t<h4 class=\"elementor-heading-title elementor-size-default\">15 novembre 2016 <\/h4>\t\t\t\t<\/div>\n\t\t\t\t<\/div>\n\t\t\t\t<div class=\"elementor-element elementor-element-192b6c4 elementor-widget elementor-widget-text-editor\" data-id=\"192b6c4\" data-element_type=\"widget\" data-e-type=\"widget\" data-widget_type=\"text-editor.default\">\n\t\t\t\t<div class=\"elementor-widget-container\">\n\t\t\t\t\t\t\t\t\t<p>Apertura degli Atti dell&#8217;Inchiesta diocesana a Roma, presso la Congregazione delle Cause dei Santi.<\/p>\t\t\t\t\t\t\t\t<\/div>\n\t\t\t\t<\/div>\n\t\t\t\t\t<\/div>\n\t\t<\/div>\n\t\t\t\t\t<\/div>\n\t\t<\/section>\n\t\t\t\t<section class=\"elementor-section elementor-top-section elementor-element elementor-element-206760d elementor-section-boxed elementor-section-height-default elementor-section-height-default\" data-id=\"206760d\" data-element_type=\"section\" data-e-type=\"section\">\n\t\t\t\t\t\t<div class=\"elementor-container elementor-column-gap-default\">\n\t\t\t\t\t<div class=\"elementor-column elementor-col-50 elementor-top-column elementor-element elementor-element-87bc28c\" data-id=\"87bc28c\" data-element_type=\"column\" data-e-type=\"column\">\n\t\t\t<div class=\"elementor-widget-wrap elementor-element-populated\">\n\t\t\t\t\t\t<div class=\"elementor-element elementor-element-2afe7c8 elementor-widget elementor-widget-image\" data-id=\"2afe7c8\" data-element_type=\"widget\" data-e-type=\"widget\" data-widget_type=\"image.default\">\n\t\t\t\t<div class=\"elementor-widget-container\">\n\t\t\t\t\t\t\t\t\t\t\t\t<figure class=\"wp-caption\">\n\t\t\t\t\t\t\t\t\t\t<img loading=\"lazy\" decoding=\"async\" width=\"800\" height=\"534\" src=\"https:\/\/www.pierregoursat.com\/images-pierre-goursatmedias\/2021\/12\/Congregation-Cause-Saints-1024x683.jpg\" class=\"attachment-large size-large wp-image-5706\" alt=\"\" srcset=\"https:\/\/www.pierregoursat.com\/images-pierre-goursatmedias\/2021\/12\/Congregation-Cause-Saints-1024x683.jpg 1024w, https:\/\/www.pierregoursat.com\/images-pierre-goursatmedias\/2021\/12\/Congregation-Cause-Saints-300x200.jpg 300w, https:\/\/www.pierregoursat.com\/images-pierre-goursatmedias\/2021\/12\/Congregation-Cause-Saints-768x512.jpg 768w, https:\/\/www.pierregoursat.com\/images-pierre-goursatmedias\/2021\/12\/Congregation-Cause-Saints.jpg 1200w\" sizes=\"(max-width: 800px) 100vw, 800px\" \/>\t\t\t\t\t\t\t\t\t\t\t<figcaption class=\"widget-image-caption wp-caption-text\">Il 15 novembre 2016 Mons. Giacomo Pappalardo, Cancelliere della Congregazione delle Cause dei Santi, apre le casse sigillate contenenti gli Atti dell'inchiesta diocesana, alla presenza del Postulatore, Mons. Francis Kohn.<\/figcaption>\n\t\t\t\t\t\t\t\t\t\t<\/figure>\n\t\t\t\t\t\t\t\t\t<\/div>\n\t\t\t\t<\/div>\n\t\t\t\t\t<\/div>\n\t\t<\/div>\n\t\t\t\t<div class=\"elementor-column elementor-col-50 elementor-top-column elementor-element elementor-element-bb51203\" data-id=\"bb51203\" data-element_type=\"column\" data-e-type=\"column\">\n\t\t\t<div class=\"elementor-widget-wrap elementor-element-populated\">\n\t\t\t\t\t\t<div class=\"elementor-element elementor-element-879af30 elementor-widget elementor-widget-image\" data-id=\"879af30\" data-element_type=\"widget\" data-e-type=\"widget\" data-widget_type=\"image.default\">\n\t\t\t\t<div class=\"elementor-widget-container\">\n\t\t\t\t\t\t\t\t\t\t\t\t<figure class=\"wp-caption\">\n\t\t\t\t\t\t\t\t\t\t<img loading=\"lazy\" decoding=\"async\" width=\"800\" height=\"534\" src=\"https:\/\/www.pierregoursat.com\/images-pierre-goursatmedias\/2021\/12\/acte-enquete-pierre-goursat-1024x683.jpg\" class=\"attachment-large size-large wp-image-5713\" alt=\"\" srcset=\"https:\/\/www.pierregoursat.com\/images-pierre-goursatmedias\/2021\/12\/acte-enquete-pierre-goursat-1024x683.jpg 1024w, https:\/\/www.pierregoursat.com\/images-pierre-goursatmedias\/2021\/12\/acte-enquete-pierre-goursat-300x200.jpg 300w, https:\/\/www.pierregoursat.com\/images-pierre-goursatmedias\/2021\/12\/acte-enquete-pierre-goursat-768x512.jpg 768w, https:\/\/www.pierregoursat.com\/images-pierre-goursatmedias\/2021\/12\/acte-enquete-pierre-goursat.jpg 1200w\" sizes=\"(max-width: 800px) 100vw, 800px\" \/>\t\t\t\t\t\t\t\t\t\t\t<figcaption class=\"widget-image-caption wp-caption-text\">Il Cancelliere della Congregazione delle Cause dei Santi, Mons. Pappalardo, con Mons. Francis Kohn e i membri della Comunit\u00e0 dell\u2019Emmanuele a Roma, 15 novembre 2016.<\/figcaption>\n\t\t\t\t\t\t\t\t\t\t<\/figure>\n\t\t\t\t\t\t\t\t\t<\/div>\n\t\t\t\t<\/div>\n\t\t\t\t\t<\/div>\n\t\t<\/div>\n\t\t\t\t\t<\/div>\n\t\t<\/section>\n\t\t\t\t<section class=\"elementor-section elementor-top-section elementor-element elementor-element-2963dfb elementor-section-boxed elementor-section-height-default elementor-section-height-default\" data-id=\"2963dfb\" data-element_type=\"section\" data-e-type=\"section\">\n\t\t\t\t\t\t<div class=\"elementor-container elementor-column-gap-default\">\n\t\t\t\t\t<div class=\"elementor-column elementor-col-100 elementor-top-column elementor-element elementor-element-83f9769\" data-id=\"83f9769\" data-element_type=\"column\" data-e-type=\"column\">\n\t\t\t<div class=\"elementor-widget-wrap elementor-element-populated\">\n\t\t\t\t\t\t<div class=\"elementor-element elementor-element-6e9a438 elementor-widget elementor-widget-heading\" data-id=\"6e9a438\" data-element_type=\"widget\" data-e-type=\"widget\" data-widget_type=\"heading.default\">\n\t\t\t\t<div class=\"elementor-widget-container\">\n\t\t\t\t\t<h4 class=\"elementor-heading-title elementor-size-default\">2 giugno 2017 <\/h4>\t\t\t\t<\/div>\n\t\t\t\t<\/div>\n\t\t\t\t<div class=\"elementor-element elementor-element-a8b1128 elementor-widget elementor-widget-text-editor\" data-id=\"a8b1128\" data-element_type=\"widget\" data-e-type=\"widget\" data-widget_type=\"text-editor.default\">\n\t\t\t\t<div class=\"elementor-widget-container\">\n\t\t\t\t\t\t\t\t\t<p>La Congregazione delle Cause dei Santi pubblica il decreto di validit\u00e0 degli Atti dell&#8217;inchiesta diocesana.<\/p>\t\t\t\t\t\t\t\t<\/div>\n\t\t\t\t<\/div>\n\t\t\t\t\t<\/div>\n\t\t<\/div>\n\t\t\t\t\t<\/div>\n\t\t<\/section>\n\t\t\t\t<section class=\"elementor-section elementor-top-section elementor-element elementor-element-5f5eaff elementor-section-boxed elementor-section-height-default elementor-section-height-default\" data-id=\"5f5eaff\" data-element_type=\"section\" data-e-type=\"section\">\n\t\t\t\t\t\t<div class=\"elementor-container elementor-column-gap-default\">\n\t\t\t\t\t<div class=\"elementor-column elementor-col-100 elementor-top-column elementor-element elementor-element-1b39c18\" data-id=\"1b39c18\" data-element_type=\"column\" data-e-type=\"column\">\n\t\t\t<div class=\"elementor-widget-wrap elementor-element-populated\">\n\t\t\t\t\t\t<div class=\"elementor-element elementor-element-51bdb43 elementor-widget elementor-widget-heading\" data-id=\"51bdb43\" data-element_type=\"widget\" data-e-type=\"widget\" data-widget_type=\"heading.default\">\n\t\t\t\t<div class=\"elementor-widget-container\">\n\t\t\t\t\t<h4 class=\"elementor-heading-title elementor-size-default\">14 luglio 2017<\/h4>\t\t\t\t<\/div>\n\t\t\t\t<\/div>\n\t\t\t\t<div class=\"elementor-element elementor-element-d14a753 elementor-widget elementor-widget-text-editor\" data-id=\"d14a753\" data-element_type=\"widget\" data-e-type=\"widget\" data-widget_type=\"text-editor.default\">\n\t\t\t\t<div class=\"elementor-widget-container\">\n\t\t\t\t\t\t\t\t\t<p>La Congregazione delle Cause dei Santi nomina il Relatore incaricato di accompagnare il lavoro del Postulatore e convalidare la redazione della Positio, una sintesi sulla vita, le virt\u00f9 e la fama di santit\u00e0 del Servo di Dio Pierre Goursat.<\/p>\t\t\t\t\t\t\t\t<\/div>\n\t\t\t\t<\/div>\n\t\t\t\t\t<\/div>\n\t\t<\/div>\n\t\t\t\t\t<\/div>\n\t\t<\/section>\n\t\t\t\t<section class=\"elementor-section elementor-top-section elementor-element elementor-element-c32bafc elementor-section-boxed elementor-section-height-default elementor-section-height-default\" data-id=\"c32bafc\" data-element_type=\"section\" data-e-type=\"section\">\n\t\t\t\t\t\t<div class=\"elementor-container elementor-column-gap-default\">\n\t\t\t\t\t<div class=\"elementor-column elementor-col-100 elementor-top-column elementor-element elementor-element-18c03fd\" data-id=\"18c03fd\" data-element_type=\"column\" data-e-type=\"column\">\n\t\t\t<div class=\"elementor-widget-wrap elementor-element-populated\">\n\t\t\t\t\t\t<div class=\"elementor-element elementor-element-3e00f1c elementor-widget elementor-widget-heading\" data-id=\"3e00f1c\" data-element_type=\"widget\" data-e-type=\"widget\" data-widget_type=\"heading.default\">\n\t\t\t\t<div class=\"elementor-widget-container\">\n\t\t\t\t\t<h4 class=\"elementor-heading-title elementor-size-default\">Ottobre 2017-novembre 2020<\/h4>\t\t\t\t<\/div>\n\t\t\t\t<\/div>\n\t\t\t\t<div class=\"elementor-element elementor-element-137cd46 elementor-widget elementor-widget-text-editor\" data-id=\"137cd46\" data-element_type=\"widget\" data-e-type=\"widget\" data-widget_type=\"text-editor.default\">\n\t\t\t\t<div class=\"elementor-widget-container\">\n\t\t\t\t\t\t\t\t\t<p>Redazione della Positio da parte del Postulatore.<\/p>\t\t\t\t\t\t\t\t<\/div>\n\t\t\t\t<\/div>\n\t\t\t\t\t<\/div>\n\t\t<\/div>\n\t\t\t\t\t<\/div>\n\t\t<\/section>\n\t\t\t\t<section class=\"elementor-section elementor-top-section elementor-element elementor-element-175da04 elementor-section-boxed elementor-section-height-default elementor-section-height-default\" data-id=\"175da04\" data-element_type=\"section\" data-e-type=\"section\">\n\t\t\t\t\t\t<div class=\"elementor-container elementor-column-gap-default\">\n\t\t\t\t\t<div class=\"elementor-column elementor-col-100 elementor-top-column elementor-element elementor-element-5d51295\" data-id=\"5d51295\" data-element_type=\"column\" data-e-type=\"column\">\n\t\t\t<div class=\"elementor-widget-wrap elementor-element-populated\">\n\t\t\t\t\t\t<div class=\"elementor-element elementor-element-538e702 elementor-widget elementor-widget-heading\" data-id=\"538e702\" data-element_type=\"widget\" data-e-type=\"widget\" data-widget_type=\"heading.default\">\n\t\t\t\t<div class=\"elementor-widget-container\">\n\t\t\t\t\t<h4 class=\"elementor-heading-title elementor-size-default\">3 febbraio 2021 <\/h4>\t\t\t\t<\/div>\n\t\t\t\t<\/div>\n\t\t\t\t<div class=\"elementor-element elementor-element-c078839 elementor-widget elementor-widget-text-editor\" data-id=\"c078839\" data-element_type=\"widget\" data-e-type=\"widget\" data-widget_type=\"text-editor.default\">\n\t\t\t\t<div class=\"elementor-widget-container\">\n\t\t\t\t\t\t\t\t\tConsegna della Positio (un fascicolo di 950 pagine del peso di 2,860 kg) alla Congregazione delle Cause dei Santi, che verr\u00e0 studiato da nove esperti teologi, poi da una commissione di 14 cardinali e vescovi nominati dalla Congregazione delle Cause dei Santi\n\t\t\t\t\t\t\t\t<\/div>\n\t\t\t\t<\/div>\n\t\t\t\t\t<\/div>\n\t\t<\/div>\n\t\t\t\t\t<\/div>\n\t\t<\/section>\n\t\t\t\t<section class=\"elementor-section elementor-top-section elementor-element elementor-element-93b2afa elementor-section-boxed elementor-section-height-default elementor-section-height-default\" data-id=\"93b2afa\" data-element_type=\"section\" data-e-type=\"section\">\n\t\t\t\t\t\t<div class=\"elementor-container elementor-column-gap-default\">\n\t\t\t\t\t<div class=\"elementor-column elementor-col-50 elementor-top-column elementor-element elementor-element-decf6b7\" data-id=\"decf6b7\" data-element_type=\"column\" data-e-type=\"column\">\n\t\t\t<div class=\"elementor-widget-wrap elementor-element-populated\">\n\t\t\t\t\t\t<div class=\"elementor-element elementor-element-05a0449 elementor-widget elementor-widget-image\" data-id=\"05a0449\" data-element_type=\"widget\" data-e-type=\"widget\" data-widget_type=\"image.default\">\n\t\t\t\t<div class=\"elementor-widget-container\">\n\t\t\t\t\t\t\t\t\t\t\t\t\t\t\t\t<a href=\"https:\/\/www.pierregoursat.com\/images-pierre-goursatmedias\/2021\/12\/couverture-Positio-petri-goursat.jpg\" data-elementor-open-lightbox=\"yes\" data-elementor-lightbox-title=\"couverture-Positio-petri-goursat\" data-e-action-hash=\"#elementor-action%3Aaction%3Dlightbox%26settings%3DeyJpZCI6NTcyNywidXJsIjoiaHR0cHM6XC9cL3d3dy5waWVycmVnb3Vyc2F0LmNvbVwvaW1hZ2VzLXBpZXJyZS1nb3Vyc2F0bWVkaWFzXC8yMDIxXC8xMlwvY291dmVydHVyZS1Qb3NpdGlvLXBldHJpLWdvdXJzYXQuanBnIn0%3D\">\n\t\t\t\t\t\t\t<img loading=\"lazy\" decoding=\"async\" width=\"800\" height=\"1000\" src=\"https:\/\/www.pierregoursat.com\/images-pierre-goursatmedias\/2021\/12\/couverture-Positio-petri-goursat-819x1024.jpg\" class=\"attachment-large size-large wp-image-5727\" alt=\"\" srcset=\"https:\/\/www.pierregoursat.com\/images-pierre-goursatmedias\/2021\/12\/couverture-Positio-petri-goursat-819x1024.jpg 819w, https:\/\/www.pierregoursat.com\/images-pierre-goursatmedias\/2021\/12\/couverture-Positio-petri-goursat-240x300.jpg 240w, https:\/\/www.pierregoursat.com\/images-pierre-goursatmedias\/2021\/12\/couverture-Positio-petri-goursat-768x960.jpg 768w, https:\/\/www.pierregoursat.com\/images-pierre-goursatmedias\/2021\/12\/couverture-Positio-petri-goursat.jpg 1200w\" sizes=\"(max-width: 800px) 100vw, 800px\" \/>\t\t\t\t\t\t\t\t<\/a>\n\t\t\t\t\t\t\t\t\t\t\t\t\t\t\t<\/div>\n\t\t\t\t<\/div>\n\t\t\t\t<div class=\"elementor-element elementor-element-98554c8 elementor-widget elementor-widget-text-editor\" data-id=\"98554c8\" data-element_type=\"widget\" data-e-type=\"widget\" data-widget_type=\"text-editor.default\">\n\t\t\t\t<div class=\"elementor-widget-container\">\n\t\t\t\t\t\t\t\t\tAlcune copie della Positio vengono consegnate il 3 febbraio 2021 alla Congregazione delle Cause dei Santi.\n\t\t\t\t\t\t\t\t<\/div>\n\t\t\t\t<\/div>\n\t\t\t\t\t<\/div>\n\t\t<\/div>\n\t\t\t\t<div class=\"elementor-column elementor-col-50 elementor-top-column elementor-element elementor-element-d2caeea\" data-id=\"d2caeea\" data-element_type=\"column\" data-e-type=\"column\">\n\t\t\t<div class=\"elementor-widget-wrap elementor-element-populated\">\n\t\t\t\t\t\t<div class=\"elementor-element elementor-element-f720cd6 elementor-widget elementor-widget-image\" data-id=\"f720cd6\" data-element_type=\"widget\" data-e-type=\"widget\" data-widget_type=\"image.default\">\n\t\t\t\t<div class=\"elementor-widget-container\">\n\t\t\t\t\t\t\t\t\t\t\t\t\t\t\t\t<a href=\"https:\/\/www.pierregoursat.com\/images-pierre-goursatmedias\/2021\/12\/Positio-francis-khon.jpg\" data-elementor-open-lightbox=\"yes\" data-elementor-lightbox-title=\"Positio-francis-khon\" data-e-action-hash=\"#elementor-action%3Aaction%3Dlightbox%26settings%3DeyJpZCI6NTczNCwidXJsIjoiaHR0cHM6XC9cL3d3dy5waWVycmVnb3Vyc2F0LmNvbVwvaW1hZ2VzLXBpZXJyZS1nb3Vyc2F0bWVkaWFzXC8yMDIxXC8xMlwvUG9zaXRpby1mcmFuY2lzLWtob24uanBnIn0%3D\">\n\t\t\t\t\t\t\t<img loading=\"lazy\" decoding=\"async\" width=\"800\" height=\"1000\" src=\"https:\/\/www.pierregoursat.com\/images-pierre-goursatmedias\/2021\/12\/Positio-francis-khon-819x1024.jpg\" class=\"attachment-large size-large wp-image-5734\" alt=\"\" srcset=\"https:\/\/www.pierregoursat.com\/images-pierre-goursatmedias\/2021\/12\/Positio-francis-khon-819x1024.jpg 819w, https:\/\/www.pierregoursat.com\/images-pierre-goursatmedias\/2021\/12\/Positio-francis-khon-240x300.jpg 240w, https:\/\/www.pierregoursat.com\/images-pierre-goursatmedias\/2021\/12\/Positio-francis-khon-768x960.jpg 768w, https:\/\/www.pierregoursat.com\/images-pierre-goursatmedias\/2021\/12\/Positio-francis-khon.jpg 1200w\" sizes=\"(max-width: 800px) 100vw, 800px\" \/>\t\t\t\t\t\t\t\t<\/a>\n\t\t\t\t\t\t\t\t\t\t\t\t\t\t\t<\/div>\n\t\t\t\t<\/div>\n\t\t\t\t<div class=\"elementor-element elementor-element-762a40a elementor-widget elementor-widget-text-editor\" data-id=\"762a40a\" data-element_type=\"widget\" data-e-type=\"widget\" data-widget_type=\"text-editor.default\">\n\t\t\t\t<div class=\"elementor-widget-container\">\n\t\t\t\t\t\t\t\t\t<p>Qualche settimana dopo, Mons. Francis Kohn presenta la Positio ai membri della Comunit\u00e0 dell\u2019Emmanuele a Ch\u00e9zelles, in Francia.<\/p>\t\t\t\t\t\t\t\t<\/div>\n\t\t\t\t<\/div>\n\t\t\t\t\t<\/div>\n\t\t<\/div>\n\t\t\t\t\t<\/div>\n\t\t<\/section>\n\t\t\t\t<section class=\"elementor-section elementor-top-section elementor-element elementor-element-800d043 elementor-section-boxed elementor-section-height-default elementor-section-height-default\" data-id=\"800d043\" data-element_type=\"section\" data-e-type=\"section\">\n\t\t\t\t\t\t<div class=\"elementor-container elementor-column-gap-default\">\n\t\t\t\t\t<div class=\"elementor-column elementor-col-100 elementor-top-column elementor-element elementor-element-c302367\" data-id=\"c302367\" data-element_type=\"column\" data-e-type=\"column\">\n\t\t\t<div class=\"elementor-widget-wrap elementor-element-populated\">\n\t\t\t\t\t\t<div class=\"elementor-element elementor-element-6b35f45 elementor-widget elementor-widget-heading\" data-id=\"6b35f45\" data-element_type=\"widget\" data-e-type=\"widget\" data-widget_type=\"heading.default\">\n\t\t\t\t<div class=\"elementor-widget-container\">\n\t\t\t\t\t<h4 class=\"elementor-heading-title elementor-size-default\">18 Dicembre 2024<\/h4>\t\t\t\t<\/div>\n\t\t\t\t<\/div>\n\t\t\t\t<div class=\"elementor-element elementor-element-98e6566 elementor-widget elementor-widget-text-editor\" data-id=\"98e6566\" data-element_type=\"widget\" data-e-type=\"widget\" data-widget_type=\"text-editor.default\">\n\t\t\t\t<div class=\"elementor-widget-container\">\n\t\t\t\t\t\t\t\t\t<p>Papa Francesco ha riconosciuto le virt\u00f9 eroiche di Pierre Goursat e lo ha dichiarato Venerabile. Questa tappa importante significa che ci\u00f2 che Pierre ha vissuto e compiuto \u00e8 un esempio per tutta la Chiesa.<\/p><p>La tappa successiva, in vista della sua beatificazione, consister\u00e0 nel documentare un miracolo, riguardante protezioni eccezionali o guarigioni di malattie che conducono normalmente alla morte.<\/p><p>Dovr\u00e0 essere provato che sono scientificamente inspiegabili dalla medicina e che sono dovute al fatto che delle persone hanno fatto ricorso all\u2019intercessione del Venerabile Pierre Goursat. Per essere riconosciuto dalla Chiesa, tale presunto miracolo dovr\u00e0 essere studiato innanzi tutto da una commissione medica nella diocesi dove ha avuto luogo, poi da un\u2019altra, convocata dal Dicastero delle Cause dei Santi.<\/p>\t\t\t\t\t\t\t\t<\/div>\n\t\t\t\t<\/div>\n\t\t\t\t\t<\/div>\n\t\t<\/div>\n\t\t\t\t\t<\/div>\n\t\t<\/section>\n\t\t\t\t<section class=\"elementor-section elementor-top-section elementor-element elementor-element-3e6ed45 elementor-section-boxed elementor-section-height-default elementor-section-height-default\" data-id=\"3e6ed45\" data-element_type=\"section\" data-e-type=\"section\">\n\t\t\t\t\t\t<div class=\"elementor-container elementor-column-gap-default\">\n\t\t\t\t\t<div class=\"elementor-column elementor-col-100 elementor-top-column elementor-element elementor-element-13a98dd\" data-id=\"13a98dd\" data-element_type=\"column\" data-e-type=\"column\">\n\t\t\t<div class=\"elementor-widget-wrap elementor-element-populated\">\n\t\t\t\t\t\t<div class=\"elementor-element elementor-element-e7b2668 elementor-widget elementor-widget-spacer\" data-id=\"e7b2668\" data-element_type=\"widget\" data-e-type=\"widget\" data-widget_type=\"spacer.default\">\n\t\t\t\t<div class=\"elementor-widget-container\">\n\t\t\t\t\t\t\t<div class=\"elementor-spacer\">\n\t\t\t<div class=\"elementor-spacer-inner\"><\/div>\n\t\t<\/div>\n\t\t\t\t\t\t<\/div>\n\t\t\t\t<\/div>\n\t\t\t\t\t<\/div>\n\t\t<\/div>\n\t\t\t\t\t<\/div>\n\t\t<\/section>\n\t\t\t\t<\/div>\n\t\t","protected":false},"excerpt":{"rendered":"<p>Cronologia della Causa di Canonizzazione di Pierre Goursat LA FASE PREPARATORIA ALL\u2019INTRODUZIONE DELLA CAUSA 25 marzo 1991 Pierre Goursat muore sulla P\u00e9niche il Luned\u00ec santo. Le esequie vengono celebrate il 27 marzo a Parigi nella chiesa della Santa Trinit\u00e0. Il giorno seguente, Gioved\u00ec santo, Pierre Goursat \u00e8 inumato nel cimitero di Paray-le-Monial. Settembre 2007 I [&hellip;]<\/p>\n","protected":false},"author":1,"featured_media":0,"parent":14991,"menu_order":0,"comment_status":"closed","ping_status":"closed","template":"","meta":{"_acf_changed":false,"footnotes":""},"class_list":["post-15569","page","type-page","status-publish","hentry"],"acf":[],"yoast_head":"<!-- This site is optimized with the Yoast SEO plugin v27.5 - https:\/\/yoast.com\/product\/yoast-seo-wordpress\/ -->\n<title>Cronologia della Causa di Canonizzazione di Pierre Goursat<\/title>\n<meta name=\"description\" content=\"Pierre Goursat muore sulla P\u00e9niche il Luned\u00ec santo. Le esequie vengono celebrate il 27 marzo a Parigi nella chiesa della Santa Trinit\u00e0. Il giorno seguente, Gioved\u00ec santo, Pierre Goursat \u00e8 inumato nel cimitero di Paray-le-Monial.\" \/>\n<meta name=\"robots\" content=\"index, follow, max-snippet:-1, max-image-preview:large, max-video-preview:-1\" \/>\n<link rel=\"canonical\" href=\"https:\/\/www.pierregoursat.com\/it\/riferimento\/cronologia-della-causa-di-canonizzazione-di-pierre-goursat\/\" \/>\n<meta property=\"og:locale\" content=\"it_IT\" \/>\n<meta property=\"og:type\" content=\"article\" \/>\n<meta property=\"og:title\" content=\"Cronologia della Causa di Canonizzazione di Pierre Goursat\" \/>\n<meta property=\"og:description\" content=\"Pierre Goursat muore sulla P\u00e9niche il Luned\u00ec santo. Le esequie vengono celebrate il 27 marzo a Parigi nella chiesa della Santa Trinit\u00e0. Il giorno seguente, Gioved\u00ec santo, Pierre Goursat \u00e8 inumato nel cimitero di Paray-le-Monial.\" \/>\n<meta property=\"og:url\" content=\"https:\/\/www.pierregoursat.com\/it\/riferimento\/cronologia-della-causa-di-canonizzazione-di-pierre-goursat\/\" \/>\n<meta property=\"og:site_name\" content=\"Pierre Goursat et Ses Fr\u00e8res et Soeurs\" \/>\n<meta property=\"article:modified_time\" content=\"2025-09-23T08:29:52+00:00\" \/>\n<meta property=\"og:image\" content=\"https:\/\/www.pierregoursat.com\/asset\/logos\/logo-IT-pierre-BLANC.png\" \/>\n<meta name=\"twitter:card\" content=\"summary_large_image\" \/>\n<meta name=\"twitter:label1\" content=\"Tempo di lettura stimato\" \/>\n\t<meta name=\"twitter:data1\" content=\"10 minuti\" \/>\n<script type=\"application\/ld+json\" class=\"yoast-schema-graph\">{\"@context\":\"https:\\\/\\\/schema.org\",\"@graph\":[{\"@type\":\"WebPage\",\"@id\":\"https:\\\/\\\/www.pierregoursat.com\\\/it\\\/riferimento\\\/cronologia-della-causa-di-canonizzazione-di-pierre-goursat\\\/\",\"url\":\"https:\\\/\\\/www.pierregoursat.com\\\/it\\\/riferimento\\\/cronologia-della-causa-di-canonizzazione-di-pierre-goursat\\\/\",\"name\":\"Cronologia della Causa di Canonizzazione di Pierre Goursat\",\"isPartOf\":{\"@id\":\"https:\\\/\\\/www.pierregoursat.com\\\/#website\"},\"primaryImageOfPage\":{\"@id\":\"https:\\\/\\\/www.pierregoursat.com\\\/it\\\/riferimento\\\/cronologia-della-causa-di-canonizzazione-di-pierre-goursat\\\/#primaryimage\"},\"image\":{\"@id\":\"https:\\\/\\\/www.pierregoursat.com\\\/it\\\/riferimento\\\/cronologia-della-causa-di-canonizzazione-di-pierre-goursat\\\/#primaryimage\"},\"thumbnailUrl\":\"https:\\\/\\\/www.pierregoursat.com\\\/asset\\\/logos\\\/logo-IT-pierre-BLANC.png\",\"datePublished\":\"2021-07-08T14:49:21+00:00\",\"dateModified\":\"2025-09-23T08:29:52+00:00\",\"description\":\"Pierre Goursat muore sulla P\u00e9niche il Luned\u00ec santo. Le esequie vengono celebrate il 27 marzo a Parigi nella chiesa della Santa Trinit\u00e0. Il giorno seguente, Gioved\u00ec santo, Pierre Goursat \u00e8 inumato nel cimitero di Paray-le-Monial.\",\"breadcrumb\":{\"@id\":\"https:\\\/\\\/www.pierregoursat.com\\\/it\\\/riferimento\\\/cronologia-della-causa-di-canonizzazione-di-pierre-goursat\\\/#breadcrumb\"},\"inLanguage\":\"it-IT\",\"potentialAction\":[{\"@type\":\"ReadAction\",\"target\":[\"https:\\\/\\\/www.pierregoursat.com\\\/it\\\/riferimento\\\/cronologia-della-causa-di-canonizzazione-di-pierre-goursat\\\/\"]}]},{\"@type\":\"ImageObject\",\"inLanguage\":\"it-IT\",\"@id\":\"https:\\\/\\\/www.pierregoursat.com\\\/it\\\/riferimento\\\/cronologia-della-causa-di-canonizzazione-di-pierre-goursat\\\/#primaryimage\",\"url\":\"https:\\\/\\\/www.pierregoursat.com\\\/asset\\\/logos\\\/logo-IT-pierre-BLANC.png\",\"contentUrl\":\"https:\\\/\\\/www.pierregoursat.com\\\/asset\\\/logos\\\/logo-IT-pierre-BLANC.png\"},{\"@type\":\"BreadcrumbList\",\"@id\":\"https:\\\/\\\/www.pierregoursat.com\\\/it\\\/riferimento\\\/cronologia-della-causa-di-canonizzazione-di-pierre-goursat\\\/#breadcrumb\",\"itemListElement\":[{\"@type\":\"ListItem\",\"position\":1,\"name\":\"Accueil\",\"item\":\"https:\\\/\\\/www.pierregoursat.com\\\/it\\\/\"},{\"@type\":\"ListItem\",\"position\":2,\"name\":\"Punti di riferimento\",\"item\":\"https:\\\/\\\/www.pierregoursat.com\\\/reperes\\\/\"},{\"@type\":\"ListItem\",\"position\":3,\"name\":\"Causa di Canonizzazione\"}]},{\"@type\":\"WebSite\",\"@id\":\"https:\\\/\\\/www.pierregoursat.com\\\/#website\",\"url\":\"https:\\\/\\\/www.pierregoursat.com\\\/\",\"name\":\"Pierre Goursat et Ses Fr\u00e8res et Soeurs\",\"description\":\"Laissez vous transformer en plongeant au c\u0153ur de la gr\u00e2ce fondatrice de la communaut\u00e9 de l\u2019Emmanuel\",\"publisher\":{\"@id\":\"https:\\\/\\\/www.pierregoursat.com\\\/#organization\"},\"potentialAction\":[{\"@type\":\"SearchAction\",\"target\":{\"@type\":\"EntryPoint\",\"urlTemplate\":\"https:\\\/\\\/www.pierregoursat.com\\\/?s={search_term_string}\"},\"query-input\":{\"@type\":\"PropertyValueSpecification\",\"valueRequired\":true,\"valueName\":\"search_term_string\"}}],\"inLanguage\":\"it-IT\"},{\"@type\":\"Organization\",\"@id\":\"https:\\\/\\\/www.pierregoursat.com\\\/#organization\",\"name\":\"Pierre Goursat, ses Fr\u00e8res et ses Soeurs\",\"url\":\"https:\\\/\\\/www.pierregoursat.com\\\/\",\"logo\":{\"@type\":\"ImageObject\",\"inLanguage\":\"it-IT\",\"@id\":\"https:\\\/\\\/www.pierregoursat.com\\\/#\\\/schema\\\/logo\\\/image\\\/\",\"url\":\"https:\\\/\\\/www.pierregoursat.com\\\/images-pierre-goursatmedias\\\/2022\\\/02\\\/1200x800-Compassion.jpg\",\"contentUrl\":\"https:\\\/\\\/www.pierregoursat.com\\\/images-pierre-goursatmedias\\\/2022\\\/02\\\/1200x800-Compassion.jpg\",\"width\":1200,\"height\":800,\"caption\":\"Pierre Goursat, ses Fr\u00e8res et ses Soeurs\"},\"image\":{\"@id\":\"https:\\\/\\\/www.pierregoursat.com\\\/#\\\/schema\\\/logo\\\/image\\\/\"}}]}<\/script>\n<!-- \/ Yoast SEO plugin. -->","yoast_head_json":{"title":"Cronologia della Causa di Canonizzazione di Pierre Goursat","description":"Pierre Goursat muore sulla P\u00e9niche il Luned\u00ec santo. Le esequie vengono celebrate il 27 marzo a Parigi nella chiesa della Santa Trinit\u00e0. Il giorno seguente, Gioved\u00ec santo, Pierre Goursat \u00e8 inumato nel cimitero di Paray-le-Monial.","robots":{"index":"index","follow":"follow","max-snippet":"max-snippet:-1","max-image-preview":"max-image-preview:large","max-video-preview":"max-video-preview:-1"},"canonical":"https:\/\/www.pierregoursat.com\/it\/riferimento\/cronologia-della-causa-di-canonizzazione-di-pierre-goursat\/","og_locale":"it_IT","og_type":"article","og_title":"Cronologia della Causa di Canonizzazione di Pierre Goursat","og_description":"Pierre Goursat muore sulla P\u00e9niche il Luned\u00ec santo. Le esequie vengono celebrate il 27 marzo a Parigi nella chiesa della Santa Trinit\u00e0. Il giorno seguente, Gioved\u00ec santo, Pierre Goursat \u00e8 inumato nel cimitero di Paray-le-Monial.","og_url":"https:\/\/www.pierregoursat.com\/it\/riferimento\/cronologia-della-causa-di-canonizzazione-di-pierre-goursat\/","og_site_name":"Pierre Goursat et Ses Fr\u00e8res et Soeurs","article_modified_time":"2025-09-23T08:29:52+00:00","og_image":[{"url":"https:\/\/www.pierregoursat.com\/asset\/logos\/logo-IT-pierre-BLANC.png","type":"","width":"","height":""}],"twitter_card":"summary_large_image","twitter_misc":{"Tempo di lettura stimato":"10 minuti"},"schema":{"@context":"https:\/\/schema.org","@graph":[{"@type":"WebPage","@id":"https:\/\/www.pierregoursat.com\/it\/riferimento\/cronologia-della-causa-di-canonizzazione-di-pierre-goursat\/","url":"https:\/\/www.pierregoursat.com\/it\/riferimento\/cronologia-della-causa-di-canonizzazione-di-pierre-goursat\/","name":"Cronologia della Causa di Canonizzazione di Pierre Goursat","isPartOf":{"@id":"https:\/\/www.pierregoursat.com\/#website"},"primaryImageOfPage":{"@id":"https:\/\/www.pierregoursat.com\/it\/riferimento\/cronologia-della-causa-di-canonizzazione-di-pierre-goursat\/#primaryimage"},"image":{"@id":"https:\/\/www.pierregoursat.com\/it\/riferimento\/cronologia-della-causa-di-canonizzazione-di-pierre-goursat\/#primaryimage"},"thumbnailUrl":"https:\/\/www.pierregoursat.com\/asset\/logos\/logo-IT-pierre-BLANC.png","datePublished":"2021-07-08T14:49:21+00:00","dateModified":"2025-09-23T08:29:52+00:00","description":"Pierre Goursat muore sulla P\u00e9niche il Luned\u00ec santo. Le esequie vengono celebrate il 27 marzo a Parigi nella chiesa della Santa Trinit\u00e0. Il giorno seguente, Gioved\u00ec santo, Pierre Goursat \u00e8 inumato nel cimitero di Paray-le-Monial.","breadcrumb":{"@id":"https:\/\/www.pierregoursat.com\/it\/riferimento\/cronologia-della-causa-di-canonizzazione-di-pierre-goursat\/#breadcrumb"},"inLanguage":"it-IT","potentialAction":[{"@type":"ReadAction","target":["https:\/\/www.pierregoursat.com\/it\/riferimento\/cronologia-della-causa-di-canonizzazione-di-pierre-goursat\/"]}]},{"@type":"ImageObject","inLanguage":"it-IT","@id":"https:\/\/www.pierregoursat.com\/it\/riferimento\/cronologia-della-causa-di-canonizzazione-di-pierre-goursat\/#primaryimage","url":"https:\/\/www.pierregoursat.com\/asset\/logos\/logo-IT-pierre-BLANC.png","contentUrl":"https:\/\/www.pierregoursat.com\/asset\/logos\/logo-IT-pierre-BLANC.png"},{"@type":"BreadcrumbList","@id":"https:\/\/www.pierregoursat.com\/it\/riferimento\/cronologia-della-causa-di-canonizzazione-di-pierre-goursat\/#breadcrumb","itemListElement":[{"@type":"ListItem","position":1,"name":"Accueil","item":"https:\/\/www.pierregoursat.com\/it\/"},{"@type":"ListItem","position":2,"name":"Punti di riferimento","item":"https:\/\/www.pierregoursat.com\/reperes\/"},{"@type":"ListItem","position":3,"name":"Causa di Canonizzazione"}]},{"@type":"WebSite","@id":"https:\/\/www.pierregoursat.com\/#website","url":"https:\/\/www.pierregoursat.com\/","name":"Pierre Goursat et Ses Fr\u00e8res et Soeurs","description":"Laissez vous transformer en plongeant au c\u0153ur de la gr\u00e2ce fondatrice de la communaut\u00e9 de l\u2019Emmanuel","publisher":{"@id":"https:\/\/www.pierregoursat.com\/#organization"},"potentialAction":[{"@type":"SearchAction","target":{"@type":"EntryPoint","urlTemplate":"https:\/\/www.pierregoursat.com\/?s={search_term_string}"},"query-input":{"@type":"PropertyValueSpecification","valueRequired":true,"valueName":"search_term_string"}}],"inLanguage":"it-IT"},{"@type":"Organization","@id":"https:\/\/www.pierregoursat.com\/#organization","name":"Pierre Goursat, ses Fr\u00e8res et ses Soeurs","url":"https:\/\/www.pierregoursat.com\/","logo":{"@type":"ImageObject","inLanguage":"it-IT","@id":"https:\/\/www.pierregoursat.com\/#\/schema\/logo\/image\/","url":"https:\/\/www.pierregoursat.com\/images-pierre-goursatmedias\/2022\/02\/1200x800-Compassion.jpg","contentUrl":"https:\/\/www.pierregoursat.com\/images-pierre-goursatmedias\/2022\/02\/1200x800-Compassion.jpg","width":1200,"height":800,"caption":"Pierre Goursat, ses Fr\u00e8res et ses Soeurs"},"image":{"@id":"https:\/\/www.pierregoursat.com\/#\/schema\/logo\/image\/"}}]}},"_links":{"self":[{"href":"https:\/\/www.pierregoursat.com\/it\/wp-json\/wp\/v2\/pages\/15569","targetHints":{"allow":["GET"]}}],"collection":[{"href":"https:\/\/www.pierregoursat.com\/it\/wp-json\/wp\/v2\/pages"}],"about":[{"href":"https:\/\/www.pierregoursat.com\/it\/wp-json\/wp\/v2\/types\/page"}],"author":[{"embeddable":true,"href":"https:\/\/www.pierregoursat.com\/it\/wp-json\/wp\/v2\/users\/1"}],"replies":[{"embeddable":true,"href":"https:\/\/www.pierregoursat.com\/it\/wp-json\/wp\/v2\/comments?post=15569"}],"version-history":[{"count":2,"href":"https:\/\/www.pierregoursat.com\/it\/wp-json\/wp\/v2\/pages\/15569\/revisions"}],"predecessor-version":[{"id":22199,"href":"https:\/\/www.pierregoursat.com\/it\/wp-json\/wp\/v2\/pages\/15569\/revisions\/22199"}],"up":[{"embeddable":true,"href":"https:\/\/www.pierregoursat.com\/it\/wp-json\/wp\/v2\/pages\/14991"}],"wp:attachment":[{"href":"https:\/\/www.pierregoursat.com\/it\/wp-json\/wp\/v2\/media?parent=15569"}],"curies":[{"name":"wp","href":"https:\/\/api.w.org\/{rel}","templated":true}]}}