{"id":17287,"date":"2021-07-01T16:02:06","date_gmt":"2021-07-01T14:02:06","guid":{"rendered":"https:\/\/www.pierregoursat.com\/tema\/tema-corazon-de-jesus-y-maria\/paroles-de-pierre\/"},"modified":"2022-05-30T16:51:51","modified_gmt":"2022-05-30T14:51:51","slug":"algunas-palabras-de-pierre-sobre-el-corazon-de-jesus-y-maria","status":"publish","type":"page","link":"https:\/\/www.pierregoursat.com\/es\/tema\/tema-corazon-de-jesus-y-maria\/algunas-palabras-de-pierre-sobre-el-corazon-de-jesus-y-maria\/","title":{"rendered":"Palabras de Pierre"},"content":{"rendered":"\t\t<div data-elementor-type=\"wp-page\" data-elementor-id=\"17287\" class=\"elementor elementor-17287\" data-elementor-post-type=\"page\">\n\t\t\t\t\t\t<section class=\"elementor-section elementor-top-section elementor-element elementor-element-1fef2e8b elementor-section-full_width elementor-section-stretched head-int elementor-section-height-default elementor-section-height-default\" data-id=\"1fef2e8b\" data-element_type=\"section\" data-e-type=\"section\" id=\"HEADER\" data-settings=\"{&quot;stretch_section&quot;:&quot;section-stretched&quot;}\">\n\t\t\t\t\t\t<div class=\"elementor-container elementor-column-gap-no\">\n\t\t\t\t\t<div class=\"elementor-column elementor-col-100 elementor-top-column elementor-element elementor-element-568fcbf7\" data-id=\"568fcbf7\" data-element_type=\"column\" data-e-type=\"column\">\n\t\t\t<div class=\"elementor-widget-wrap elementor-element-populated\">\n\t\t\t\t\t\t<section class=\"elementor-section elementor-inner-section elementor-element elementor-element-5cee1331 elementor-section-full_width elementor-section-height-min-height elementor-hidden-tablet elementor-hidden-mobile elementor-section-height-default\" data-id=\"5cee1331\" data-element_type=\"section\" data-e-type=\"section\" data-settings=\"{&quot;background_background&quot;:&quot;classic&quot;}\">\n\t\t\t\t\t\t<div class=\"elementor-container elementor-column-gap-narrow\">\n\t\t\t\t\t<div class=\"elementor-column elementor-col-100 elementor-inner-column elementor-element elementor-element-1de71ca9\" data-id=\"1de71ca9\" data-element_type=\"column\" data-e-type=\"column\">\n\t\t\t<div class=\"elementor-widget-wrap elementor-element-populated\">\n\t\t\t\t\t\t<div class=\"elementor-element elementor-element-399b324d elementor-nav-menu__align-center elementor-nav-menu--dropdown-tablet elementor-nav-menu__text-align-aside elementor-nav-menu--toggle elementor-nav-menu--burger elementor-widget elementor-widget-nav-menu\" data-id=\"399b324d\" data-element_type=\"widget\" data-e-type=\"widget\" data-settings=\"{&quot;layout&quot;:&quot;horizontal&quot;,&quot;submenu_icon&quot;:{&quot;value&quot;:&quot;&lt;i class=\\&quot;fas fa-caret-down\\&quot; aria-hidden=\\&quot;true\\&quot;&gt;&lt;\\\/i&gt;&quot;,&quot;library&quot;:&quot;fa-solid&quot;},&quot;toggle&quot;:&quot;burger&quot;}\" data-widget_type=\"nav-menu.default\">\n\t\t\t\t<div class=\"elementor-widget-container\">\n\t\t\t\t\t\t\t\t<nav aria-label=\"Men\u00fa\" class=\"elementor-nav-menu--main elementor-nav-menu__container elementor-nav-menu--layout-horizontal e--pointer-none\">\n\t\t\t\t<ul id=\"menu-1-399b324d\" class=\"elementor-nav-menu\"><li class=\"menu-item menu-item-type-post_type menu-item-object-page menu-item-21836\"><a href=\"https:\/\/www.pierregoursat.com\/en\/about\/bio\/\" title=\"Biography of Pierre Goursat\" class=\"elementor-item\">Bio<\/a><\/li>\n<li class=\"menu-item menu-item-type-post_type menu-item-object-page menu-item-10130\"><a href=\"https:\/\/www.pierregoursat.com\/en\/about\/cause-for-canonisation\/\" class=\"elementor-item\">Causa de Canonizaci\u00f3n<\/a><\/li>\n<li class=\"menu-item menu-item-type-post_type menu-item-object-page menu-item-12514\"><a href=\"https:\/\/www.pierregoursat.com\/en\/about\/chronology\/\" class=\"elementor-item\">Cronolog\u00eda<\/a><\/li>\n<li class=\"menu-item menu-item-type-post_type menu-item-object-page menu-item-10131\"><a href=\"https:\/\/www.pierregoursat.com\/en\/about\/prayer\/\" title=\"Prayer for the beatification of Venerable Pierre Goursat\" class=\"elementor-item\">Oraci\u00f3n<\/a><\/li>\n<li class=\"menu-item menu-item-type-post_type menu-item-object-page menu-item-10129\"><a href=\"https:\/\/www.pierregoursat.com\/en\/about\/visite-en\/\" class=\"elementor-item\">lugares<\/a><\/li>\n<li class=\"menu-item menu-item-type-custom menu-item-object-custom menu-item-14999\"><a target=\"_blank\" href=\"https:\/\/don.emmanuel.info\/pierreetsesfreres-eng\" class=\"elementor-item\">donate<\/a><\/li>\n<li class=\"menu-item menu-item-type-post_type menu-item-object-page menu-item-10132\"><a href=\"https:\/\/www.pierregoursat.com\/en\/contactus\/\" class=\"elementor-item\">Contact<\/a><\/li>\n<li class=\"menu-item wpml-ls-slot-14 wpml-ls-item wpml-ls-item-es wpml-ls-current-language wpml-ls-menu-item menu-item-type-wpml_ls_menu_item menu-item-object-wpml_ls_menu_item menu-item-has-children menu-item-wpml-ls-14-es\"><a href=\"https:\/\/www.pierregoursat.com\/es\/\" aria-current=\"page\" aria-expanded=\"false\" aria-controls=\"wpml-ls-submenu-wpml-ls-14-es\" class=\"elementor-item\"><span class=\"wpml-ls-native\" lang=\"es\">Espa\u00f1ol<\/span><\/a>\n<ul class=\"sub-menu elementor-nav-menu--dropdown\">\n\t<li class=\"menu-item wpml-ls-slot-14 wpml-ls-item wpml-ls-item-fr wpml-ls-menu-item wpml-ls-first-item menu-item-type-wpml_ls_menu_item menu-item-object-wpml_ls_menu_item menu-item-wpml-ls-14-fr\"><a href=\"https:\/\/www.pierregoursat.com\/\" title=\"Cambiar a Fran\u00e7ais\" aria-label=\"Cambiar a Fran\u00e7ais\" class=\"elementor-sub-item\"><span class=\"wpml-ls-native\" lang=\"fr\">Fran\u00e7ais<\/span><\/a><\/li>\n\t<li class=\"menu-item wpml-ls-slot-14 wpml-ls-item wpml-ls-item-en wpml-ls-menu-item menu-item-type-wpml_ls_menu_item menu-item-object-wpml_ls_menu_item menu-item-wpml-ls-14-en\"><a href=\"https:\/\/www.pierregoursat.com\/en\/\" title=\"Cambiar a English\" aria-label=\"Cambiar a English\" class=\"elementor-sub-item\"><span class=\"wpml-ls-native\" lang=\"en\">English<\/span><\/a><\/li>\n\t<li class=\"menu-item wpml-ls-slot-14 wpml-ls-item wpml-ls-item-de wpml-ls-menu-item menu-item-type-wpml_ls_menu_item menu-item-object-wpml_ls_menu_item menu-item-wpml-ls-14-de\"><a href=\"https:\/\/www.pierregoursat.com\/de\/\" title=\"Cambiar a Deutsch\" aria-label=\"Cambiar a Deutsch\" class=\"elementor-sub-item\"><span class=\"wpml-ls-native\" lang=\"de\">Deutsch<\/span><\/a><\/li>\n\t<li class=\"menu-item wpml-ls-slot-14 wpml-ls-item wpml-ls-item-pl wpml-ls-menu-item menu-item-type-wpml_ls_menu_item menu-item-object-wpml_ls_menu_item menu-item-wpml-ls-14-pl\"><a href=\"https:\/\/www.pierregoursat.com\/pl\/\" title=\"Cambiar a Polski\" aria-label=\"Cambiar a Polski\" class=\"elementor-sub-item\"><span class=\"wpml-ls-native\" lang=\"pl\">Polski<\/span><\/a><\/li>\n\t<li class=\"menu-item wpml-ls-slot-14 wpml-ls-item wpml-ls-item-nl wpml-ls-menu-item menu-item-type-wpml_ls_menu_item menu-item-object-wpml_ls_menu_item menu-item-wpml-ls-14-nl\"><a href=\"https:\/\/www.pierregoursat.com\/nl\/\" title=\"Cambiar a Nederlands\" aria-label=\"Cambiar a Nederlands\" class=\"elementor-sub-item\"><span class=\"wpml-ls-native\" lang=\"nl\">Nederlands<\/span><\/a><\/li>\n\t<li class=\"menu-item wpml-ls-slot-14 wpml-ls-item wpml-ls-item-it wpml-ls-menu-item wpml-ls-last-item menu-item-type-wpml_ls_menu_item menu-item-object-wpml_ls_menu_item menu-item-wpml-ls-14-it\"><a href=\"https:\/\/www.pierregoursat.com\/it\/\" title=\"Cambiar a Italiano\" aria-label=\"Cambiar a Italiano\" class=\"elementor-sub-item\"><span class=\"wpml-ls-native\" lang=\"it\">Italiano<\/span><\/a><\/li>\n<\/ul>\n<\/li>\n<\/ul>\t\t\t<\/nav>\n\t\t\t\t\t<div class=\"elementor-menu-toggle\" role=\"button\" tabindex=\"0\" aria-label=\"Alternar men\u00fa\" aria-expanded=\"false\">\n\t\t\t<i aria-hidden=\"true\" role=\"presentation\" class=\"elementor-menu-toggle__icon--open eicon-menu-bar\"><\/i><i aria-hidden=\"true\" role=\"presentation\" class=\"elementor-menu-toggle__icon--close eicon-close\"><\/i>\t\t<\/div>\n\t\t\t\t\t<nav class=\"elementor-nav-menu--dropdown elementor-nav-menu__container\" aria-hidden=\"true\">\n\t\t\t\t<ul id=\"menu-2-399b324d\" class=\"elementor-nav-menu\"><li class=\"menu-item menu-item-type-post_type menu-item-object-page menu-item-21836\"><a href=\"https:\/\/www.pierregoursat.com\/en\/about\/bio\/\" title=\"Biography of Pierre Goursat\" class=\"elementor-item\" tabindex=\"-1\">Bio<\/a><\/li>\n<li class=\"menu-item menu-item-type-post_type menu-item-object-page menu-item-10130\"><a href=\"https:\/\/www.pierregoursat.com\/en\/about\/cause-for-canonisation\/\" class=\"elementor-item\" tabindex=\"-1\">Causa de Canonizaci\u00f3n<\/a><\/li>\n<li class=\"menu-item menu-item-type-post_type menu-item-object-page menu-item-12514\"><a href=\"https:\/\/www.pierregoursat.com\/en\/about\/chronology\/\" class=\"elementor-item\" tabindex=\"-1\">Cronolog\u00eda<\/a><\/li>\n<li class=\"menu-item menu-item-type-post_type menu-item-object-page menu-item-10131\"><a href=\"https:\/\/www.pierregoursat.com\/en\/about\/prayer\/\" title=\"Prayer for the beatification of Venerable Pierre Goursat\" class=\"elementor-item\" tabindex=\"-1\">Oraci\u00f3n<\/a><\/li>\n<li class=\"menu-item menu-item-type-post_type menu-item-object-page menu-item-10129\"><a href=\"https:\/\/www.pierregoursat.com\/en\/about\/visite-en\/\" class=\"elementor-item\" tabindex=\"-1\">lugares<\/a><\/li>\n<li class=\"menu-item menu-item-type-custom menu-item-object-custom menu-item-14999\"><a target=\"_blank\" href=\"https:\/\/don.emmanuel.info\/pierreetsesfreres-eng\" class=\"elementor-item\" tabindex=\"-1\">donate<\/a><\/li>\n<li class=\"menu-item menu-item-type-post_type menu-item-object-page menu-item-10132\"><a href=\"https:\/\/www.pierregoursat.com\/en\/contactus\/\" class=\"elementor-item\" tabindex=\"-1\">Contact<\/a><\/li>\n<li class=\"menu-item wpml-ls-slot-14 wpml-ls-item wpml-ls-item-es wpml-ls-current-language wpml-ls-menu-item menu-item-type-wpml_ls_menu_item menu-item-object-wpml_ls_menu_item menu-item-has-children menu-item-wpml-ls-14-es\"><a href=\"https:\/\/www.pierregoursat.com\/es\/\" aria-current=\"page\" aria-expanded=\"false\" aria-controls=\"wpml-ls-submenu-wpml-ls-14-es\" class=\"elementor-item\" tabindex=\"-1\"><span class=\"wpml-ls-native\" lang=\"es\">Espa\u00f1ol<\/span><\/a>\n<ul class=\"sub-menu elementor-nav-menu--dropdown\">\n\t<li class=\"menu-item wpml-ls-slot-14 wpml-ls-item wpml-ls-item-fr wpml-ls-menu-item wpml-ls-first-item menu-item-type-wpml_ls_menu_item menu-item-object-wpml_ls_menu_item menu-item-wpml-ls-14-fr\"><a href=\"https:\/\/www.pierregoursat.com\/\" title=\"Cambiar a Fran\u00e7ais\" aria-label=\"Cambiar a Fran\u00e7ais\" class=\"elementor-sub-item\" tabindex=\"-1\"><span class=\"wpml-ls-native\" lang=\"fr\">Fran\u00e7ais<\/span><\/a><\/li>\n\t<li class=\"menu-item wpml-ls-slot-14 wpml-ls-item wpml-ls-item-en wpml-ls-menu-item menu-item-type-wpml_ls_menu_item menu-item-object-wpml_ls_menu_item menu-item-wpml-ls-14-en\"><a href=\"https:\/\/www.pierregoursat.com\/en\/\" title=\"Cambiar a English\" aria-label=\"Cambiar a English\" class=\"elementor-sub-item\" tabindex=\"-1\"><span class=\"wpml-ls-native\" lang=\"en\">English<\/span><\/a><\/li>\n\t<li class=\"menu-item wpml-ls-slot-14 wpml-ls-item wpml-ls-item-de wpml-ls-menu-item menu-item-type-wpml_ls_menu_item menu-item-object-wpml_ls_menu_item menu-item-wpml-ls-14-de\"><a href=\"https:\/\/www.pierregoursat.com\/de\/\" title=\"Cambiar a Deutsch\" aria-label=\"Cambiar a Deutsch\" class=\"elementor-sub-item\" tabindex=\"-1\"><span class=\"wpml-ls-native\" lang=\"de\">Deutsch<\/span><\/a><\/li>\n\t<li class=\"menu-item wpml-ls-slot-14 wpml-ls-item wpml-ls-item-pl wpml-ls-menu-item menu-item-type-wpml_ls_menu_item menu-item-object-wpml_ls_menu_item menu-item-wpml-ls-14-pl\"><a href=\"https:\/\/www.pierregoursat.com\/pl\/\" title=\"Cambiar a Polski\" aria-label=\"Cambiar a Polski\" class=\"elementor-sub-item\" tabindex=\"-1\"><span class=\"wpml-ls-native\" lang=\"pl\">Polski<\/span><\/a><\/li>\n\t<li class=\"menu-item wpml-ls-slot-14 wpml-ls-item wpml-ls-item-nl wpml-ls-menu-item menu-item-type-wpml_ls_menu_item menu-item-object-wpml_ls_menu_item menu-item-wpml-ls-14-nl\"><a href=\"https:\/\/www.pierregoursat.com\/nl\/\" title=\"Cambiar a Nederlands\" aria-label=\"Cambiar a Nederlands\" class=\"elementor-sub-item\" tabindex=\"-1\"><span class=\"wpml-ls-native\" lang=\"nl\">Nederlands<\/span><\/a><\/li>\n\t<li class=\"menu-item wpml-ls-slot-14 wpml-ls-item wpml-ls-item-it wpml-ls-menu-item wpml-ls-last-item menu-item-type-wpml_ls_menu_item menu-item-object-wpml_ls_menu_item menu-item-wpml-ls-14-it\"><a href=\"https:\/\/www.pierregoursat.com\/it\/\" title=\"Cambiar a Italiano\" aria-label=\"Cambiar a Italiano\" class=\"elementor-sub-item\" tabindex=\"-1\"><span class=\"wpml-ls-native\" lang=\"it\">Italiano<\/span><\/a><\/li>\n<\/ul>\n<\/li>\n<\/ul>\t\t\t<\/nav>\n\t\t\t\t\t\t<\/div>\n\t\t\t\t<\/div>\n\t\t\t\t\t<\/div>\n\t\t<\/div>\n\t\t\t\t\t<\/div>\n\t\t<\/section>\n\t\t\t\t<section class=\"elementor-section elementor-inner-section elementor-element elementor-element-2ff867e3 elementor-section-full_width elementor-section-height-default elementor-section-height-default\" data-id=\"2ff867e3\" data-element_type=\"section\" data-e-type=\"section\" data-settings=\"{&quot;background_background&quot;:&quot;classic&quot;}\">\n\t\t\t\t\t\t<div class=\"elementor-container elementor-column-gap-default\">\n\t\t\t\t\t<div class=\"elementor-column elementor-col-100 elementor-inner-column elementor-element elementor-element-6ff7c616\" data-id=\"6ff7c616\" data-element_type=\"column\" data-e-type=\"column\">\n\t\t\t<div class=\"elementor-widget-wrap elementor-element-populated\">\n\t\t\t\t\t\t<div class=\"elementor-element elementor-element-35caa7d8 elementor-widget elementor-widget-html\" data-id=\"35caa7d8\" data-element_type=\"widget\" data-e-type=\"widget\" data-widget_type=\"html.default\">\n\t\t\t\t<div class=\"elementor-widget-container\">\n\t\t\t\t\t<center><a href=\"https:\/\/www.pierregoursat.com\/es\/\"><img decoding=\"async\" src=\"https:\/\/www.pierregoursat.com\/asset\/logos\/logo-ESP-pierre-BLANC.png\" width=\"100%\" alt=\"Pierre Goursat y sus hermanos y hermanas\" ><\/a><\/center>\t\t\t\t<\/div>\n\t\t\t\t<\/div>\n\t\t\t\t\t<\/div>\n\t\t<\/div>\n\t\t\t\t\t<\/div>\n\t\t<\/section>\n\t\t\t\t<section class=\"elementor-section elementor-inner-section elementor-element elementor-element-5fe9aa43 elementor-section-full_width elementor-hidden-desktop elementor-section-height-default elementor-section-height-default\" data-id=\"5fe9aa43\" data-element_type=\"section\" data-e-type=\"section\" data-settings=\"{&quot;background_background&quot;:&quot;classic&quot;}\">\n\t\t\t\t\t\t<div class=\"elementor-container elementor-column-gap-default\">\n\t\t\t\t\t<div class=\"elementor-column elementor-col-100 elementor-inner-column elementor-element elementor-element-577f5481\" data-id=\"577f5481\" data-element_type=\"column\" data-e-type=\"column\">\n\t\t\t<div class=\"elementor-widget-wrap elementor-element-populated\">\n\t\t\t\t\t\t<div class=\"elementor-element elementor-element-6c1329fa elementor-nav-menu__align-justify nav-header-principale elementor-nav-menu--dropdown-tablet elementor-nav-menu__text-align-aside elementor-nav-menu--toggle elementor-nav-menu--burger elementor-widget elementor-widget-nav-menu\" data-id=\"6c1329fa\" data-element_type=\"widget\" data-e-type=\"widget\" id=\"navheader\" data-settings=\"{&quot;layout&quot;:&quot;horizontal&quot;,&quot;submenu_icon&quot;:{&quot;value&quot;:&quot;&lt;i class=\\&quot;fas fa-caret-down\\&quot; aria-hidden=\\&quot;true\\&quot;&gt;&lt;\\\/i&gt;&quot;,&quot;library&quot;:&quot;fa-solid&quot;},&quot;toggle&quot;:&quot;burger&quot;}\" menu-principal=\"\" data-widget_type=\"nav-menu.default\">\n\t\t\t\t<div class=\"elementor-widget-container\">\n\t\t\t\t\t\t\t\t<nav aria-label=\"Men\u00fa\" class=\"elementor-nav-menu--main elementor-nav-menu__container elementor-nav-menu--layout-horizontal e--pointer-none\">\n\t\t\t\t<ul id=\"menu-1-6c1329fa\" class=\"elementor-nav-menu\"><li class=\"menu-item menu-item-type-post_type menu-item-object-page menu-item-2865\"><a href=\"https:\/\/www.pierregoursat.com\/themes\/theme-humilite\/\" class=\"elementor-item\">Humildad<\/a><\/li>\n<li class=\"menu-item menu-item-type-post_type menu-item-object-page menu-item-2860\"><a href=\"https:\/\/www.pierregoursat.com\/themes\/theme-prier\/\" class=\"elementor-item\">Uni\u00f3n con Dios<\/a><\/li>\n<li class=\"menu-item menu-item-type-post_type menu-item-object-page menu-item-2861\"><a href=\"https:\/\/www.pierregoursat.com\/themes\/theme-amour-adoration\/\" class=\"elementor-item\">Arder de amor<\/a><\/li>\n<li class=\"menu-item menu-item-type-post_type menu-item-object-page menu-item-2863\"><a href=\"https:\/\/www.pierregoursat.com\/themes\/theme-compassion\/\" class=\"elementor-item\">Compasi\u00f3n<\/a><\/li>\n<li class=\"menu-item menu-item-type-post_type menu-item-object-page menu-item-2867\"><a href=\"https:\/\/www.pierregoursat.com\/themes\/theme-espritsaint\/\" class=\"elementor-item\">Esp\u00edritu Santo<\/a><\/li>\n<li class=\"menu-item menu-item-type-post_type menu-item-object-page menu-item-2864\"><a href=\"https:\/\/www.pierregoursat.com\/themes\/theme-evangeliser\/\" class=\"elementor-item\">Evangelizar<\/a><\/li>\n<li class=\"menu-item menu-item-type-post_type menu-item-object-page menu-item-2866\"><a href=\"https:\/\/www.pierregoursat.com\/themes\/theme-vie-fraternelle\/\" class=\"elementor-item\">Vida fraterna<\/a><\/li>\n<li class=\"menu-item menu-item-type-post_type menu-item-object-page menu-item-2862\"><a href=\"https:\/\/www.pierregoursat.com\/themes\/theme-coeur-jesus-marie\/\" title=\"Th\u00e8me C\u0153ur de J\u00e9sus et de Marie\" class=\"elementor-item\">Coraz\u00f3n de Jes\u00fas y Mar\u00eda<\/a><\/li>\n<li class=\"menu-item menu-item-type-post_type menu-item-object-page menu-item-2857\"><a href=\"https:\/\/www.pierregoursat.com\/reperes\/cause-de-pierre-goursat\/\" title=\"Cause de Canonisation de Pierre Goursat\" class=\"elementor-item\">Causa de Canonizaci\u00f3n<\/a><\/li>\n<li class=\"menu-item menu-item-type-post_type menu-item-object-page menu-item-14071\"><a href=\"https:\/\/www.pierregoursat.com\/reperes\/biographie-pierre-goursat\/\" title=\"Chronologie de la Vie de Pierre Goursat et de la Communaut\u00e9 de l\u2019Emmanuel\" class=\"elementor-item\">Cronolog\u00eda<\/a><\/li>\n<li class=\"menu-item menu-item-type-post_type menu-item-object-page menu-item-14072\"><a href=\"https:\/\/www.pierregoursat.com\/reperes\/visite360\/\" class=\"elementor-item\">lugares<\/a><\/li>\n<li class=\"menu-item menu-item-type-post_type menu-item-object-page menu-item-2858\"><a href=\"https:\/\/www.pierregoursat.com\/reperes\/priere\/\" title=\"Pri\u00e8re pour la B\u00e9atification du Serviteur de Dieu Pierre Goursat\" class=\"elementor-item\">Oraci\u00f3n<\/a><\/li>\n<li class=\"menu-item menu-item-type-custom menu-item-object-custom menu-item-14073\"><a target=\"_blank\" href=\"https:\/\/don.emmanuel.info\/pierreetsesfreres\" class=\"elementor-item\">Faire un don<\/a><\/li>\n<li class=\"menu-item menu-item-type-post_type menu-item-object-page menu-item-2856\"><a href=\"https:\/\/www.pierregoursat.com\/contact\/\" class=\"elementor-item\">Contact<\/a><\/li>\n<li class=\"menu-item menu-item-type-custom menu-item-object-custom menu-item-17544\"><a href=\"https:\/\/www.pierregoursat.com\/\" class=\"elementor-item\">Fran\u00e7ais<\/a><\/li>\n<li class=\"menu-item menu-item-type-custom menu-item-object-custom menu-item-17541\"><a href=\"https:\/\/www.pierregoursat.com\/en\/\" class=\"elementor-item\">English<\/a><\/li>\n<li class=\"menu-item menu-item-type-custom menu-item-object-custom menu-item-17542\"><a href=\"https:\/\/www.pierregoursat.com\/de\/\" class=\"elementor-item\">DEUTSCH<\/a><\/li>\n<li class=\"menu-item menu-item-type-custom menu-item-object-custom menu-item-17543\"><a href=\"https:\/\/www.pierregoursat.com\/nl\/\" class=\"elementor-item\">NEDERLANDS<\/a><\/li>\n<li class=\"menu-item menu-item-type-custom menu-item-object-custom menu-item-17621\"><a href=\"https:\/\/www.pierregoursat.com\/es\/\" class=\"elementor-item\">ESPA\u00d1OL<\/a><\/li>\n<li class=\"menu-item menu-item-type-custom menu-item-object-custom menu-item-21421\"><a href=\"https:\/\/www.pierregoursat.com\/it\/\" class=\"elementor-item\">ITALIANO<\/a><\/li>\n<\/ul>\t\t\t<\/nav>\n\t\t\t\t\t<div class=\"elementor-menu-toggle\" role=\"button\" tabindex=\"0\" aria-label=\"Alternar men\u00fa\" aria-expanded=\"false\">\n\t\t\t<i aria-hidden=\"true\" role=\"presentation\" class=\"elementor-menu-toggle__icon--open eicon-menu-bar\"><\/i><i aria-hidden=\"true\" role=\"presentation\" class=\"elementor-menu-toggle__icon--close eicon-close\"><\/i>\t\t<\/div>\n\t\t\t\t\t<nav class=\"elementor-nav-menu--dropdown elementor-nav-menu__container\" aria-hidden=\"true\">\n\t\t\t\t<ul id=\"menu-2-6c1329fa\" class=\"elementor-nav-menu\"><li class=\"menu-item menu-item-type-post_type menu-item-object-page menu-item-2865\"><a href=\"https:\/\/www.pierregoursat.com\/themes\/theme-humilite\/\" class=\"elementor-item\" tabindex=\"-1\">Humildad<\/a><\/li>\n<li class=\"menu-item menu-item-type-post_type menu-item-object-page menu-item-2860\"><a href=\"https:\/\/www.pierregoursat.com\/themes\/theme-prier\/\" class=\"elementor-item\" tabindex=\"-1\">Uni\u00f3n con Dios<\/a><\/li>\n<li class=\"menu-item menu-item-type-post_type menu-item-object-page menu-item-2861\"><a href=\"https:\/\/www.pierregoursat.com\/themes\/theme-amour-adoration\/\" class=\"elementor-item\" tabindex=\"-1\">Arder de amor<\/a><\/li>\n<li class=\"menu-item menu-item-type-post_type menu-item-object-page menu-item-2863\"><a href=\"https:\/\/www.pierregoursat.com\/themes\/theme-compassion\/\" class=\"elementor-item\" tabindex=\"-1\">Compasi\u00f3n<\/a><\/li>\n<li class=\"menu-item menu-item-type-post_type menu-item-object-page menu-item-2867\"><a href=\"https:\/\/www.pierregoursat.com\/themes\/theme-espritsaint\/\" class=\"elementor-item\" tabindex=\"-1\">Esp\u00edritu Santo<\/a><\/li>\n<li class=\"menu-item menu-item-type-post_type menu-item-object-page menu-item-2864\"><a href=\"https:\/\/www.pierregoursat.com\/themes\/theme-evangeliser\/\" class=\"elementor-item\" tabindex=\"-1\">Evangelizar<\/a><\/li>\n<li class=\"menu-item menu-item-type-post_type menu-item-object-page menu-item-2866\"><a href=\"https:\/\/www.pierregoursat.com\/themes\/theme-vie-fraternelle\/\" class=\"elementor-item\" tabindex=\"-1\">Vida fraterna<\/a><\/li>\n<li class=\"menu-item menu-item-type-post_type menu-item-object-page menu-item-2862\"><a href=\"https:\/\/www.pierregoursat.com\/themes\/theme-coeur-jesus-marie\/\" title=\"Th\u00e8me C\u0153ur de J\u00e9sus et de Marie\" class=\"elementor-item\" tabindex=\"-1\">Coraz\u00f3n de Jes\u00fas y Mar\u00eda<\/a><\/li>\n<li class=\"menu-item menu-item-type-post_type menu-item-object-page menu-item-2857\"><a href=\"https:\/\/www.pierregoursat.com\/reperes\/cause-de-pierre-goursat\/\" title=\"Cause de Canonisation de Pierre Goursat\" class=\"elementor-item\" tabindex=\"-1\">Causa de Canonizaci\u00f3n<\/a><\/li>\n<li class=\"menu-item menu-item-type-post_type menu-item-object-page menu-item-14071\"><a href=\"https:\/\/www.pierregoursat.com\/reperes\/biographie-pierre-goursat\/\" title=\"Chronologie de la Vie de Pierre Goursat et de la Communaut\u00e9 de l\u2019Emmanuel\" class=\"elementor-item\" tabindex=\"-1\">Cronolog\u00eda<\/a><\/li>\n<li class=\"menu-item menu-item-type-post_type menu-item-object-page menu-item-14072\"><a href=\"https:\/\/www.pierregoursat.com\/reperes\/visite360\/\" class=\"elementor-item\" tabindex=\"-1\">lugares<\/a><\/li>\n<li class=\"menu-item menu-item-type-post_type menu-item-object-page menu-item-2858\"><a href=\"https:\/\/www.pierregoursat.com\/reperes\/priere\/\" title=\"Pri\u00e8re pour la B\u00e9atification du Serviteur de Dieu Pierre Goursat\" class=\"elementor-item\" tabindex=\"-1\">Oraci\u00f3n<\/a><\/li>\n<li class=\"menu-item menu-item-type-custom menu-item-object-custom menu-item-14073\"><a target=\"_blank\" href=\"https:\/\/don.emmanuel.info\/pierreetsesfreres\" class=\"elementor-item\" tabindex=\"-1\">Faire un don<\/a><\/li>\n<li class=\"menu-item menu-item-type-post_type menu-item-object-page menu-item-2856\"><a href=\"https:\/\/www.pierregoursat.com\/contact\/\" class=\"elementor-item\" tabindex=\"-1\">Contact<\/a><\/li>\n<li class=\"menu-item menu-item-type-custom menu-item-object-custom menu-item-17544\"><a href=\"https:\/\/www.pierregoursat.com\/\" class=\"elementor-item\" tabindex=\"-1\">Fran\u00e7ais<\/a><\/li>\n<li class=\"menu-item menu-item-type-custom menu-item-object-custom menu-item-17541\"><a href=\"https:\/\/www.pierregoursat.com\/en\/\" class=\"elementor-item\" tabindex=\"-1\">English<\/a><\/li>\n<li class=\"menu-item menu-item-type-custom menu-item-object-custom menu-item-17542\"><a href=\"https:\/\/www.pierregoursat.com\/de\/\" class=\"elementor-item\" tabindex=\"-1\">DEUTSCH<\/a><\/li>\n<li class=\"menu-item menu-item-type-custom menu-item-object-custom menu-item-17543\"><a href=\"https:\/\/www.pierregoursat.com\/nl\/\" class=\"elementor-item\" tabindex=\"-1\">NEDERLANDS<\/a><\/li>\n<li class=\"menu-item menu-item-type-custom menu-item-object-custom menu-item-17621\"><a href=\"https:\/\/www.pierregoursat.com\/es\/\" class=\"elementor-item\" tabindex=\"-1\">ESPA\u00d1OL<\/a><\/li>\n<li class=\"menu-item menu-item-type-custom menu-item-object-custom menu-item-21421\"><a href=\"https:\/\/www.pierregoursat.com\/it\/\" class=\"elementor-item\" tabindex=\"-1\">ITALIANO<\/a><\/li>\n<\/ul>\t\t\t<\/nav>\n\t\t\t\t\t\t<\/div>\n\t\t\t\t<\/div>\n\t\t\t\t\t<\/div>\n\t\t<\/div>\n\t\t\t\t\t<\/div>\n\t\t<\/section>\n\t\t\t\t<section class=\"elementor-section elementor-inner-section elementor-element elementor-element-5496b1f7 elementor-section-full_width elementor-hidden-tablet elementor-hidden-mobile elementor-section-height-default elementor-section-height-default\" data-id=\"5496b1f7\" data-element_type=\"section\" data-e-type=\"section\" data-settings=\"{&quot;background_background&quot;:&quot;classic&quot;}\">\n\t\t\t\t\t\t<div class=\"elementor-container elementor-column-gap-default\">\n\t\t\t\t\t<div class=\"elementor-column elementor-col-100 elementor-inner-column elementor-element elementor-element-415a36e5\" data-id=\"415a36e5\" data-element_type=\"column\" data-e-type=\"column\">\n\t\t\t<div class=\"elementor-widget-wrap elementor-element-populated\">\n\t\t\t\t\t\t<div class=\"elementor-element elementor-element-16f83238 elementor-nav-menu__align-justify nav-header-principale elementor-nav-menu--dropdown-tablet elementor-nav-menu__text-align-aside elementor-nav-menu--toggle elementor-nav-menu--burger elementor-widget elementor-widget-nav-menu\" data-id=\"16f83238\" data-element_type=\"widget\" data-e-type=\"widget\" data-settings=\"{&quot;layout&quot;:&quot;horizontal&quot;,&quot;submenu_icon&quot;:{&quot;value&quot;:&quot;&lt;i class=\\&quot;fas fa-caret-down\\&quot; aria-hidden=\\&quot;true\\&quot;&gt;&lt;\\\/i&gt;&quot;,&quot;library&quot;:&quot;fa-solid&quot;},&quot;toggle&quot;:&quot;burger&quot;}\" menu-principal=\"\" data-widget_type=\"nav-menu.default\">\n\t\t\t\t<div class=\"elementor-widget-container\">\n\t\t\t\t\t\t\t\t<nav aria-label=\"Men\u00fa\" class=\"elementor-nav-menu--main elementor-nav-menu__container elementor-nav-menu--layout-horizontal e--pointer-none\">\n\t\t\t\t<ul id=\"menu-1-16f83238\" class=\"elementor-nav-menu\"><li class=\"menu-item menu-item-type-post_type menu-item-object-page menu-item-207\"><a href=\"https:\/\/www.pierregoursat.com\/themes\/theme-humilite\/\" title=\"Rechercher l\u2019Humilit\u00e9 et accepter notre pauvret\u00e9\" class=\"elementor-item\">Humildad<\/a><\/li>\n<li class=\"menu-item menu-item-type-post_type menu-item-object-page menu-item-205\"><a href=\"https:\/\/www.pierregoursat.com\/themes\/theme-espritsaint\/\" title=\"S\u2019ouvrir \u00e0 l\u2019Esprit Saint\" class=\"elementor-item\">Esp\u00edritu Santo<\/a><\/li>\n<li class=\"menu-item menu-item-type-post_type menu-item-object-page menu-item-4027\"><a href=\"https:\/\/www.pierregoursat.com\/themes\/theme-compassion\/\" title=\"Exercer la compassion et l\u2019amour des pauvres\" class=\"elementor-item\">Compasi\u00f3n<\/a><\/li>\n<li class=\"menu-item menu-item-type-post_type menu-item-object-page menu-item-4028\"><a href=\"https:\/\/www.pierregoursat.com\/themes\/theme-vie-fraternelle\/\" title=\"Vie fraternelle et communion\" class=\"elementor-item\">Vida fraterna<\/a><\/li>\n<li class=\"menu-item menu-item-type-post_type menu-item-object-page menu-item-202\"><a href=\"https:\/\/www.pierregoursat.com\/themes\/theme-prier\/\" title=\"Prier pour vivre l\u2019union \u00e0 Dieu\" class=\"elementor-item\">Uni\u00f3n con Dios<\/a><\/li>\n<li class=\"menu-item menu-item-type-post_type menu-item-object-page menu-item-208\"><a href=\"https:\/\/www.pierregoursat.com\/themes\/theme-amour-adoration\/\" title=\"Adorer pour br\u00fbler d\u2019amour et d\u00e9sirer le salut des \u00e2mes\" class=\"elementor-item\">Arder de amor<\/a><\/li>\n<li class=\"menu-item menu-item-type-post_type menu-item-object-page menu-item-206\"><a href=\"https:\/\/www.pierregoursat.com\/themes\/theme-evangeliser\/\" title=\"\u00c9vang\u00e9liser et servir l\u2019Eglise\" class=\"elementor-item\">Evangelizar<\/a><\/li>\n<li class=\"menu-item menu-item-type-post_type menu-item-object-page menu-item-4077\"><a href=\"https:\/\/www.pierregoursat.com\/themes\/theme-coeur-jesus-marie\/\" title=\"Se mettre \u00e0 l\u2019Ecole du c\u0153ur de J\u00e9sus et de Marie notre m\u00e8re\" class=\"elementor-item\">Coraz\u00f3n de Jes\u00fas y Mar\u00eda<\/a><\/li>\n<\/ul>\t\t\t<\/nav>\n\t\t\t\t\t<div class=\"elementor-menu-toggle\" role=\"button\" tabindex=\"0\" aria-label=\"Alternar men\u00fa\" aria-expanded=\"false\">\n\t\t\t<i aria-hidden=\"true\" role=\"presentation\" class=\"elementor-menu-toggle__icon--open eicon-menu-bar\"><\/i><i aria-hidden=\"true\" role=\"presentation\" class=\"elementor-menu-toggle__icon--close eicon-close\"><\/i>\t\t<\/div>\n\t\t\t\t\t<nav class=\"elementor-nav-menu--dropdown elementor-nav-menu__container\" aria-hidden=\"true\">\n\t\t\t\t<ul id=\"menu-2-16f83238\" class=\"elementor-nav-menu\"><li class=\"menu-item menu-item-type-post_type menu-item-object-page menu-item-207\"><a href=\"https:\/\/www.pierregoursat.com\/themes\/theme-humilite\/\" title=\"Rechercher l\u2019Humilit\u00e9 et accepter notre pauvret\u00e9\" class=\"elementor-item\" tabindex=\"-1\">Humildad<\/a><\/li>\n<li class=\"menu-item menu-item-type-post_type menu-item-object-page menu-item-205\"><a href=\"https:\/\/www.pierregoursat.com\/themes\/theme-espritsaint\/\" title=\"S\u2019ouvrir \u00e0 l\u2019Esprit Saint\" class=\"elementor-item\" tabindex=\"-1\">Esp\u00edritu Santo<\/a><\/li>\n<li class=\"menu-item menu-item-type-post_type menu-item-object-page menu-item-4027\"><a href=\"https:\/\/www.pierregoursat.com\/themes\/theme-compassion\/\" title=\"Exercer la compassion et l\u2019amour des pauvres\" class=\"elementor-item\" tabindex=\"-1\">Compasi\u00f3n<\/a><\/li>\n<li class=\"menu-item menu-item-type-post_type menu-item-object-page menu-item-4028\"><a href=\"https:\/\/www.pierregoursat.com\/themes\/theme-vie-fraternelle\/\" title=\"Vie fraternelle et communion\" class=\"elementor-item\" tabindex=\"-1\">Vida fraterna<\/a><\/li>\n<li class=\"menu-item menu-item-type-post_type menu-item-object-page menu-item-202\"><a href=\"https:\/\/www.pierregoursat.com\/themes\/theme-prier\/\" title=\"Prier pour vivre l\u2019union \u00e0 Dieu\" class=\"elementor-item\" tabindex=\"-1\">Uni\u00f3n con Dios<\/a><\/li>\n<li class=\"menu-item menu-item-type-post_type menu-item-object-page menu-item-208\"><a href=\"https:\/\/www.pierregoursat.com\/themes\/theme-amour-adoration\/\" title=\"Adorer pour br\u00fbler d\u2019amour et d\u00e9sirer le salut des \u00e2mes\" class=\"elementor-item\" tabindex=\"-1\">Arder de amor<\/a><\/li>\n<li class=\"menu-item menu-item-type-post_type menu-item-object-page menu-item-206\"><a href=\"https:\/\/www.pierregoursat.com\/themes\/theme-evangeliser\/\" title=\"\u00c9vang\u00e9liser et servir l\u2019Eglise\" class=\"elementor-item\" tabindex=\"-1\">Evangelizar<\/a><\/li>\n<li class=\"menu-item menu-item-type-post_type menu-item-object-page menu-item-4077\"><a href=\"https:\/\/www.pierregoursat.com\/themes\/theme-coeur-jesus-marie\/\" title=\"Se mettre \u00e0 l\u2019Ecole du c\u0153ur de J\u00e9sus et de Marie notre m\u00e8re\" class=\"elementor-item\" tabindex=\"-1\">Coraz\u00f3n de Jes\u00fas y Mar\u00eda<\/a><\/li>\n<\/ul>\t\t\t<\/nav>\n\t\t\t\t\t\t<\/div>\n\t\t\t\t<\/div>\n\t\t\t\t\t<\/div>\n\t\t<\/div>\n\t\t\t\t\t<\/div>\n\t\t<\/section>\n\t\t\t\t\t<\/div>\n\t\t<\/div>\n\t\t\t\t\t<\/div>\n\t\t<\/section>\n\t\t\t\t<section class=\"elementor-section elementor-top-section elementor-element elementor-element-2098c7d4 elementor-section-full_width elementor-hidden-tablet elementor-hidden-mobile elementor-section-height-default elementor-section-height-default\" data-id=\"2098c7d4\" data-element_type=\"section\" data-e-type=\"section\">\n\t\t\t\t\t\t<div class=\"elementor-container elementor-column-gap-default\">\n\t\t\t\t\t<div class=\"elementor-column elementor-col-100 elementor-top-column elementor-element elementor-element-1c7ee3f7\" data-id=\"1c7ee3f7\" data-element_type=\"column\" data-e-type=\"column\">\n\t\t\t<div class=\"elementor-widget-wrap elementor-element-populated\">\n\t\t\t\t\t\t<div class=\"elementor-element elementor-element-688a8415 elementor-fixed elementor-widget elementor-widget-table-of-contents\" data-id=\"688a8415\" data-element_type=\"widget\" data-e-type=\"widget\" data-settings=\"{&quot;headings_by_tags&quot;:[&quot;h4&quot;],&quot;exclude_headings_by_selector&quot;:[],&quot;marker_view&quot;:&quot;bullets&quot;,&quot;icon&quot;:{&quot;value&quot;:&quot;&quot;,&quot;library&quot;:&quot;&quot;},&quot;_position&quot;:&quot;fixed&quot;,&quot;no_headings_message&quot;:&quot;No se ha encontrado ning\\u00fan encabezado en esta p\\u00e1gina.&quot;,&quot;min_height&quot;:{&quot;unit&quot;:&quot;px&quot;,&quot;size&quot;:&quot;&quot;,&quot;sizes&quot;:[]},&quot;min_height_tablet&quot;:{&quot;unit&quot;:&quot;px&quot;,&quot;size&quot;:&quot;&quot;,&quot;sizes&quot;:[]},&quot;min_height_mobile&quot;:{&quot;unit&quot;:&quot;px&quot;,&quot;size&quot;:&quot;&quot;,&quot;sizes&quot;:[]}}\" data-widget_type=\"table-of-contents.default\">\n\t\t\t\t<div class=\"elementor-widget-container\">\n\t\t\t\t\t\t\t\t\t<div id=\"elementor-toc__688a8415\" class=\"elementor-toc__body\">\n\t\t\t<div class=\"elementor-toc__spinner-container\">\n\t\t\t\t<i class=\"elementor-toc__spinner eicon-animation-spin eicon-loading\" aria-hidden=\"true\"><\/i>\t\t\t<\/div>\n\t\t<\/div>\n\t\t\t\t\t\t<\/div>\n\t\t\t\t<\/div>\n\t\t\t\t\t<\/div>\n\t\t<\/div>\n\t\t\t\t\t<\/div>\n\t\t<\/section>\n\t\t\t\t<section class=\"elementor-section elementor-top-section elementor-element elementor-element-7893e0ce elementor-section-boxed elementor-section-height-default elementor-section-height-default\" data-id=\"7893e0ce\" data-element_type=\"section\" data-e-type=\"section\">\n\t\t\t\t\t\t<div class=\"elementor-container elementor-column-gap-default\">\n\t\t\t\t\t<div class=\"elementor-column elementor-col-100 elementor-top-column elementor-element elementor-element-657d9f8c\" data-id=\"657d9f8c\" data-element_type=\"column\" data-e-type=\"column\">\n\t\t\t<div class=\"elementor-widget-wrap elementor-element-populated\">\n\t\t\t\t\t\t<div class=\"elementor-element elementor-element-55b88889 retourtheme elementor-widget elementor-widget-heading\" data-id=\"55b88889\" data-element_type=\"widget\" data-e-type=\"widget\" data-widget_type=\"heading.default\">\n\t\t\t\t<div class=\"elementor-widget-container\">\n\t\t\t\t\t<p class=\"elementor-heading-title elementor-size-large\"><a href=\"https:\/\/www.pierregoursat.com\/es\/tema\/tema-corazon-de-jesus-y-maria\/\">corazon de jesus y maria <\/a><\/p>\t\t\t\t<\/div>\n\t\t\t\t<\/div>\n\t\t\t\t<div class=\"elementor-element elementor-element-41c282e8 elementor-widget elementor-widget-heading\" data-id=\"41c282e8\" data-element_type=\"widget\" data-e-type=\"widget\" data-widget_type=\"heading.default\">\n\t\t\t\t<div class=\"elementor-widget-container\">\n\t\t\t\t\t<h2 class=\"elementor-heading-title elementor-size-default\">Algunas palabras de Pierre<br><strong style=\"color:#dda831\"> sobre el coraz\u00f3n de Jes\u00fas y de Mar\u00eda<\/strong>\n <\/h2>\t\t\t\t<\/div>\n\t\t\t\t<\/div>\n\t\t\t\t\t<\/div>\n\t\t<\/div>\n\t\t\t\t\t<\/div>\n\t\t<\/section>\n\t\t\t\t<section class=\"elementor-section elementor-top-section elementor-element elementor-element-35dded0f elementor-section-boxed elementor-section-height-default elementor-section-height-default\" data-id=\"35dded0f\" data-element_type=\"section\" data-e-type=\"section\">\n\t\t\t\t\t\t<div class=\"elementor-container elementor-column-gap-default\">\n\t\t\t\t\t<div class=\"elementor-column elementor-col-100 elementor-top-column elementor-element elementor-element-3b1c9b1b\" data-id=\"3b1c9b1b\" data-element_type=\"column\" data-e-type=\"column\">\n\t\t\t<div class=\"elementor-widget-wrap elementor-element-populated\">\n\t\t\t\t\t\t<div class=\"elementor-element elementor-element-72644a05 elementor-nav-menu__align-justify elementor-nav-menu--dropdown-tablet elementor-nav-menu__text-align-aside elementor-nav-menu--toggle elementor-nav-menu--burger elementor-widget elementor-widget-nav-menu\" data-id=\"72644a05\" data-element_type=\"widget\" data-e-type=\"widget\" data-settings=\"{&quot;layout&quot;:&quot;horizontal&quot;,&quot;submenu_icon&quot;:{&quot;value&quot;:&quot;&lt;i class=\\&quot;fas fa-caret-down\\&quot; aria-hidden=\\&quot;true\\&quot;&gt;&lt;\\\/i&gt;&quot;,&quot;library&quot;:&quot;fa-solid&quot;},&quot;toggle&quot;:&quot;burger&quot;}\" data-widget_type=\"nav-menu.default\">\n\t\t\t\t<div class=\"elementor-widget-container\">\n\t\t\t\t\t\t\t\t<nav aria-label=\"Men\u00fa\" class=\"elementor-nav-menu--main elementor-nav-menu__container elementor-nav-menu--layout-horizontal e--pointer-none\">\n\t\t\t\t<ul id=\"menu-1-72644a05\" class=\"elementor-nav-menu\"><li class=\"menu-item menu-item-type-post_type menu-item-object-page menu-item-4906\"><a href=\"https:\/\/www.pierregoursat.com\/themes\/theme-coeur-jesus-marie\/paroles-de-pierre\/\" title=\"Paroles de Pierre sur le Coeur de J\u00e9sus et de Marie\" class=\"elementor-item\">Palabras de Pierre<\/a><\/li>\n<li class=\"menu-item menu-item-type-post_type menu-item-object-page menu-item-4905\"><a href=\"https:\/\/www.pierregoursat.com\/themes\/theme-coeur-jesus-marie\/enseignements-pierre\/\" title=\"Enseignements de Pierre sur le Coeur de J\u00e9sus et de Marie\" class=\"elementor-item\">Ense\u00f1anzas de Pierre<\/a><\/li>\n<li class=\"menu-item menu-item-type-post_type menu-item-object-page menu-item-4904\"><a href=\"https:\/\/www.pierregoursat.com\/themes\/theme-coeur-jesus-marie\/documents-complementaires\/\" title=\"Documents compl\u00e9mentaires sur le Coeur de J\u00e9sus et de Marie\" class=\"elementor-item\">Ense\u00f1anzas &#8211; comunidad<\/a><\/li>\n<\/ul>\t\t\t<\/nav>\n\t\t\t\t\t<div class=\"elementor-menu-toggle\" role=\"button\" tabindex=\"0\" aria-label=\"Alternar men\u00fa\" aria-expanded=\"false\">\n\t\t\t<i aria-hidden=\"true\" role=\"presentation\" class=\"elementor-menu-toggle__icon--open eicon-menu-bar\"><\/i><i aria-hidden=\"true\" role=\"presentation\" class=\"elementor-menu-toggle__icon--close eicon-close\"><\/i>\t\t<\/div>\n\t\t\t\t\t<nav class=\"elementor-nav-menu--dropdown elementor-nav-menu__container\" aria-hidden=\"true\">\n\t\t\t\t<ul id=\"menu-2-72644a05\" class=\"elementor-nav-menu\"><li class=\"menu-item menu-item-type-post_type menu-item-object-page menu-item-4906\"><a href=\"https:\/\/www.pierregoursat.com\/themes\/theme-coeur-jesus-marie\/paroles-de-pierre\/\" title=\"Paroles de Pierre sur le Coeur de J\u00e9sus et de Marie\" class=\"elementor-item\" tabindex=\"-1\">Palabras de Pierre<\/a><\/li>\n<li class=\"menu-item menu-item-type-post_type menu-item-object-page menu-item-4905\"><a href=\"https:\/\/www.pierregoursat.com\/themes\/theme-coeur-jesus-marie\/enseignements-pierre\/\" title=\"Enseignements de Pierre sur le Coeur de J\u00e9sus et de Marie\" class=\"elementor-item\" tabindex=\"-1\">Ense\u00f1anzas de Pierre<\/a><\/li>\n<li class=\"menu-item menu-item-type-post_type menu-item-object-page menu-item-4904\"><a href=\"https:\/\/www.pierregoursat.com\/themes\/theme-coeur-jesus-marie\/documents-complementaires\/\" title=\"Documents compl\u00e9mentaires sur le Coeur de J\u00e9sus et de Marie\" class=\"elementor-item\" tabindex=\"-1\">Ense\u00f1anzas &#8211; comunidad<\/a><\/li>\n<\/ul>\t\t\t<\/nav>\n\t\t\t\t\t\t<\/div>\n\t\t\t\t<\/div>\n\t\t\t\t\t<\/div>\n\t\t<\/div>\n\t\t\t\t\t<\/div>\n\t\t<\/section>\n\t\t\t\t<section class=\"elementor-section elementor-top-section elementor-element elementor-element-7db1505a elementor-section-boxed elementor-section-height-default elementor-section-height-default\" data-id=\"7db1505a\" data-element_type=\"section\" data-e-type=\"section\">\n\t\t\t\t\t\t<div class=\"elementor-container elementor-column-gap-default\">\n\t\t\t\t\t<div class=\"elementor-column elementor-col-100 elementor-top-column elementor-element elementor-element-7460eefb\" data-id=\"7460eefb\" data-element_type=\"column\" data-e-type=\"column\">\n\t\t\t<div class=\"elementor-widget-wrap elementor-element-populated\">\n\t\t\t\t\t\t<div class=\"elementor-element elementor-element-536363fc citationserif elementor-widget elementor-widget-heading\" data-id=\"536363fc\" data-element_type=\"widget\" data-e-type=\"widget\" data-settings=\"{&quot;_animation&quot;:&quot;none&quot;}\" data-widget_type=\"heading.default\">\n\t\t\t\t<div class=\"elementor-widget-container\">\n\t\t\t\t\t<h4 class=\"elementor-heading-title elementor-size-medium\">Coraz\u00f3n de Jes\u00fas\n<\/h4>\t\t\t\t<\/div>\n\t\t\t\t<\/div>\n\t\t\t\t\t<\/div>\n\t\t<\/div>\n\t\t\t\t\t<\/div>\n\t\t<\/section>\n\t\t\t\t<section class=\"elementor-section elementor-top-section elementor-element elementor-element-1bdab3b6 elementor-section-boxed elementor-section-height-default elementor-section-height-default\" data-id=\"1bdab3b6\" data-element_type=\"section\" data-e-type=\"section\">\n\t\t\t\t\t\t<div class=\"elementor-container elementor-column-gap-default\">\n\t\t\t\t\t<div class=\"elementor-column elementor-col-100 elementor-top-column elementor-element elementor-element-1d102482\" data-id=\"1d102482\" data-element_type=\"column\" data-e-type=\"column\">\n\t\t\t<div class=\"elementor-widget-wrap elementor-element-populated\">\n\t\t\t\t\t\t<div class=\"elementor-element elementor-element-77cbde86 elementor-widget elementor-widget-text-editor\" data-id=\"77cbde86\" data-element_type=\"widget\" data-e-type=\"widget\" data-widget_type=\"text-editor.default\">\n\t\t\t\t<div class=\"elementor-widget-container\">\n\t\t\t\t\t\t\t\t\t<p>En mi juventud, hab\u00eda sido bastante herido y ten\u00eda un miedo terrible a la Cruz&#8230;<br \/>En la iglesia de San Felipe (del Roule) donde yo estaba, hab\u00eda dos altares, uno de la Cruz y otro del Sagrado Coraz\u00f3n. Siempre corr\u00ed del lado del Sagrado Coraz\u00f3n (dice, adem\u00e1s, en 1988: me refugi\u00e9 en el altar del Sagrado Coraz\u00f3n).<\/p><p>Pens\u00e9: &#8220;Pero esta cosa de la cruz es espantosa. \u00bfC\u00f3mo puede la gente aceptar esto? Es un esc\u00e1ndalo, es espantoso&#8230;\u201d Y el Coraz\u00f3n de Jes\u00fas es un Coraz\u00f3n radiante. No hab\u00eda sangre. Era luz, fuego. [&#8230;] Con \u00c9l estaba en paz. \u00c9l me puso en la paz de Su Coraz\u00f3n, y yo estaba confiado y en paz.<\/p>\t\t\t\t\t\t\t\t<\/div>\n\t\t\t\t<\/div>\n\t\t\t\t<div class=\"elementor-element elementor-element-7e02fbec sourcecitation elementor-widget elementor-widget-heading\" data-id=\"7e02fbec\" data-element_type=\"widget\" data-e-type=\"widget\" data-widget_type=\"heading.default\">\n\t\t\t\t<div class=\"elementor-widget-container\">\n\t\t\t\t\t<p class=\"elementor-heading-title elementor-size-large\">Retiro de la Fraternidad de Jes\u00fas 08\/1979 <\/p>\t\t\t\t<\/div>\n\t\t\t\t<\/div>\n\t\t\t\t\t<\/div>\n\t\t<\/div>\n\t\t\t\t\t<\/div>\n\t\t<\/section>\n\t\t\t\t<section class=\"elementor-section elementor-top-section elementor-element elementor-element-4e4ae7c3 elementor-section-boxed elementor-section-height-default elementor-section-height-default\" data-id=\"4e4ae7c3\" data-element_type=\"section\" data-e-type=\"section\">\n\t\t\t\t\t\t<div class=\"elementor-container elementor-column-gap-default\">\n\t\t\t\t\t<div class=\"elementor-column elementor-col-100 elementor-top-column elementor-element elementor-element-6ebc5213\" data-id=\"6ebc5213\" data-element_type=\"column\" data-e-type=\"column\">\n\t\t\t<div class=\"elementor-widget-wrap elementor-element-populated\">\n\t\t\t\t\t\t<div class=\"elementor-element elementor-element-1af11b32 elementor-widget elementor-widget-text-editor\" data-id=\"1af11b32\" data-element_type=\"widget\" data-e-type=\"widget\" data-widget_type=\"text-editor.default\">\n\t\t\t\t<div class=\"elementor-widget-container\">\n\t\t\t\t\t\t\t\t\t<p>A m\u00ed me gustaba San Buenaventura. Fue con San Agust\u00edn que me convert\u00ed. Entonces&#8230; Avanc\u00e9 en mi conversi\u00f3n con \u00e9l leyendo Las Confesiones. La doctrina de San Agust\u00edn, su enfoque intuitivo funcion\u00f3 bien con San Buenaventura, y luego con el Coraz\u00f3n de Jes\u00fas.<\/p>\t\t\t\t\t\t\t\t<\/div>\n\t\t\t\t<\/div>\n\t\t\t\t<div class=\"elementor-element elementor-element-4b797e98 sourcecitation elementor-widget elementor-widget-heading\" data-id=\"4b797e98\" data-element_type=\"widget\" data-e-type=\"widget\" data-widget_type=\"heading.default\">\n\t\t\t\t<div class=\"elementor-widget-container\">\n\t\t\t\t\t<p class=\"elementor-heading-title elementor-size-large\">Entrevista de Jean-Marc y Fran\u00e7ou Morin en Saint-Maurice 5-8\/08\/1988<\/p>\t\t\t\t<\/div>\n\t\t\t\t<\/div>\n\t\t\t\t\t<\/div>\n\t\t<\/div>\n\t\t\t\t\t<\/div>\n\t\t<\/section>\n\t\t\t\t<section class=\"elementor-section elementor-top-section elementor-element elementor-element-54435eb4 animated-slow elementor-section-boxed elementor-section-height-default elementor-section-height-default elementor-invisible\" data-id=\"54435eb4\" data-element_type=\"section\" data-e-type=\"section\" data-settings=\"{&quot;animation&quot;:&quot;fadeIn&quot;}\">\n\t\t\t\t\t\t<div class=\"elementor-container elementor-column-gap-default\">\n\t\t\t\t\t<div class=\"elementor-column elementor-col-100 elementor-top-column elementor-element elementor-element-4f1f92f0\" data-id=\"4f1f92f0\" data-element_type=\"column\" data-e-type=\"column\">\n\t\t\t<div class=\"elementor-widget-wrap elementor-element-populated\">\n\t\t\t\t\t\t<div class=\"elementor-element elementor-element-538ac4f8 citationserif elementor-invisible elementor-widget elementor-widget-heading\" data-id=\"538ac4f8\" data-element_type=\"widget\" data-e-type=\"widget\" data-settings=\"{&quot;_animation&quot;:&quot;fadeIn&quot;}\" data-widget_type=\"heading.default\">\n\t\t\t\t<div class=\"elementor-widget-container\">\n\t\t\t\t\t<h3 class=\"elementor-heading-title elementor-size-default\">No es una devoci\u00f3n, el Sagrado Coraz\u00f3n es la esencia misma del Amor de Dios: Dios que am\u00f3 tanto al mundo que dio a Su Hijo Unig\u00e9nito para salvarlo. Es realmente este misterio de amor el que ha sido revelado...\n\n<\/h3>\t\t\t\t<\/div>\n\t\t\t\t<\/div>\n\t\t\t\t<div class=\"elementor-element elementor-element-167d8edf sourcecitation elementor-widget elementor-widget-heading\" data-id=\"167d8edf\" data-element_type=\"widget\" data-e-type=\"widget\" data-widget_type=\"heading.default\">\n\t\t\t\t<div class=\"elementor-widget-container\">\n\t\t\t\t\t<p class=\"elementor-heading-title elementor-size-large\">Primera sesi\u00f3n de verano en Paray-le-Monial 16\/07\/1975\n\n<\/p>\t\t\t\t<\/div>\n\t\t\t\t<\/div>\n\t\t\t\t\t<\/div>\n\t\t<\/div>\n\t\t\t\t\t<\/div>\n\t\t<\/section>\n\t\t\t\t<section class=\"elementor-section elementor-top-section elementor-element elementor-element-639390b6 elementor-section-boxed elementor-section-height-default elementor-section-height-default\" data-id=\"639390b6\" data-element_type=\"section\" data-e-type=\"section\">\n\t\t\t\t\t\t<div class=\"elementor-container elementor-column-gap-default\">\n\t\t\t\t\t<div class=\"elementor-column elementor-col-100 elementor-top-column elementor-element elementor-element-5db61cb3\" data-id=\"5db61cb3\" data-element_type=\"column\" data-e-type=\"column\">\n\t\t\t<div class=\"elementor-widget-wrap elementor-element-populated\">\n\t\t\t\t\t\t<div class=\"elementor-element elementor-element-37b42f00 elementor-widget elementor-widget-text-editor\" data-id=\"37b42f00\" data-element_type=\"widget\" data-e-type=\"widget\" data-widget_type=\"text-editor.default\">\n\t\t\t\t<div class=\"elementor-widget-container\">\n\t\t\t\t\t\t\t\t\t<p>Quer\u00eda quedarme con ellos y al mismo tiempo pensaba: &#8220;Si me asfixio, los voy a mantener despiertos por la noche&#8221;, y les dec\u00eda: &#8220;Se\u00f1or, \u00bfqu\u00e9 debo hacer?&#8221; Y el Se\u00f1or me dijo: &#8220;No te preocupes&#8221;. Y su Palabra volvi\u00f3 a m\u00ed: &#8220;He aqu\u00ed, estoy contigo todos los d\u00edas hasta el fin del mundo&#8221;. \u00a1Pero lo sent\u00ed con fuerza! Sent\u00ed que \u00c9l estaba cerca de m\u00ed. Fue en el momento de la guerra, todos estaban separados, pero me sent\u00ed con \u00e9l. Y bien, todos ustedes han tenido esta experiencia: en tiempos dif\u00edciles, \u00c9l est\u00e1 all\u00ed, Su presencia viene. \u00a1Y luego Mar\u00eda adem\u00e1s!<\/p>\t\t\t\t\t\t\t\t<\/div>\n\t\t\t\t<\/div>\n\t\t\t\t<div class=\"elementor-element elementor-element-2c7da7c2 sourcecitation elementor-widget elementor-widget-heading\" data-id=\"2c7da7c2\" data-element_type=\"widget\" data-e-type=\"widget\" data-widget_type=\"heading.default\">\n\t\t\t\t<div class=\"elementor-widget-container\">\n\t\t\t\t\t<p class=\"elementor-heading-title elementor-size-large\">Retiro de la Fraternidad de Jes\u00fas 09\/08\/1978 \n\n<\/p>\t\t\t\t<\/div>\n\t\t\t\t<\/div>\n\t\t\t\t\t<\/div>\n\t\t<\/div>\n\t\t\t\t\t<\/div>\n\t\t<\/section>\n\t\t\t\t<section class=\"elementor-section elementor-top-section elementor-element elementor-element-65d086e9 elementor-section-boxed elementor-section-height-default elementor-section-height-default\" data-id=\"65d086e9\" data-element_type=\"section\" data-e-type=\"section\">\n\t\t\t\t\t\t<div class=\"elementor-container elementor-column-gap-default\">\n\t\t\t\t\t<div class=\"elementor-column elementor-col-100 elementor-top-column elementor-element elementor-element-6ebf404b\" data-id=\"6ebf404b\" data-element_type=\"column\" data-e-type=\"column\">\n\t\t\t<div class=\"elementor-widget-wrap elementor-element-populated\">\n\t\t\t\t\t\t<div class=\"elementor-element elementor-element-3de9dfac elementor-widget elementor-widget-text-editor\" data-id=\"3de9dfac\" data-element_type=\"widget\" data-e-type=\"widget\" data-widget_type=\"text-editor.default\">\n\t\t\t\t<div class=\"elementor-widget-container\">\n\t\t\t\t\t\t\t\t\tCuando estamos en el Coraz\u00f3n, lo tenemos todo, dice Teresita. Bueno, eso es lo que el Se\u00f1or nos pide. Siempre se nos habla del Coraz\u00f3n traspasado de Jes\u00fas, pero me gustar\u00eda que recordaran que est\u00e1 esencialmente relacionado con Pentecost\u00e9s, cuando Pedro sale con el poder del Esp\u00edritu, comienza a hablar y dice: &#8220;Dios lo hizo Se\u00f1or y Cristo, este Jes\u00fas a quien crucificaron&#8221;, a quien nosotros crucificamos. Al escuchar eso, tuvieron sus corazones traspasados. \n\n\t\t\t\t\t\t\t\t<\/div>\n\t\t\t\t<\/div>\n\t\t\t\t<div class=\"elementor-element elementor-element-18a2642c sourcecitation elementor-widget elementor-widget-heading\" data-id=\"18a2642c\" data-element_type=\"widget\" data-e-type=\"widget\" data-widget_type=\"heading.default\">\n\t\t\t\t<div class=\"elementor-widget-container\">\n\t\t\t\t\t<p class=\"elementor-heading-title elementor-size-large\">Primera sesi\u00f3n de verano en Paray-le-Monial 16\/07\/1975\n\n<\/p>\t\t\t\t<\/div>\n\t\t\t\t<\/div>\n\t\t\t\t\t<\/div>\n\t\t<\/div>\n\t\t\t\t\t<\/div>\n\t\t<\/section>\n\t\t\t\t<section class=\"elementor-section elementor-top-section elementor-element elementor-element-367df0ff elementor-section-boxed elementor-section-height-default elementor-section-height-default\" data-id=\"367df0ff\" data-element_type=\"section\" data-e-type=\"section\">\n\t\t\t\t\t\t<div class=\"elementor-container elementor-column-gap-default\">\n\t\t\t\t\t<div class=\"elementor-column elementor-col-100 elementor-top-column elementor-element elementor-element-5e862b6a\" data-id=\"5e862b6a\" data-element_type=\"column\" data-e-type=\"column\">\n\t\t\t<div class=\"elementor-widget-wrap elementor-element-populated\">\n\t\t\t\t\t\t<div class=\"elementor-element elementor-element-44161879 elementor-widget elementor-widget-text-editor\" data-id=\"44161879\" data-element_type=\"widget\" data-e-type=\"widget\" data-widget_type=\"text-editor.default\">\n\t\t\t\t<div class=\"elementor-widget-container\">\n\t\t\t\t\t\t\t\t\t<p>Es con el coraz\u00f3n de Jes\u00fas que soportamos todos los sufrimientos del mundo. Ah\u00ed es donde intercedemos con \u00c9l, este es el momento m\u00e1s importante de nuestras vidas.<\/p>\t\t\t\t\t\t\t\t<\/div>\n\t\t\t\t<\/div>\n\t\t\t\t<div class=\"elementor-element elementor-element-70c403a sourcecitation elementor-widget elementor-widget-heading\" data-id=\"70c403a\" data-element_type=\"widget\" data-e-type=\"widget\" data-widget_type=\"heading.default\">\n\t\t\t\t<div class=\"elementor-widget-container\">\n\t\t\t\t\t<p class=\"elementor-heading-title elementor-size-large\">Fin de semana \"Emmanuel\" en Gentilly 19-20\/01\/1975\n\n<\/p>\t\t\t\t<\/div>\n\t\t\t\t<\/div>\n\t\t\t\t\t<\/div>\n\t\t<\/div>\n\t\t\t\t\t<\/div>\n\t\t<\/section>\n\t\t\t\t<section class=\"elementor-section elementor-top-section elementor-element elementor-element-44efb4b4 elementor-section-boxed elementor-section-height-default elementor-section-height-default\" data-id=\"44efb4b4\" data-element_type=\"section\" data-e-type=\"section\">\n\t\t\t\t\t\t<div class=\"elementor-container elementor-column-gap-default\">\n\t\t\t\t\t<div class=\"elementor-column elementor-col-100 elementor-top-column elementor-element elementor-element-7523c9a0\" data-id=\"7523c9a0\" data-element_type=\"column\" data-e-type=\"column\">\n\t\t\t<div class=\"elementor-widget-wrap elementor-element-populated\">\n\t\t\t\t\t\t<div class=\"elementor-element elementor-element-11de88ae citationserif elementor-widget elementor-widget-heading\" data-id=\"11de88ae\" data-element_type=\"widget\" data-e-type=\"widget\" data-settings=\"{&quot;_animation&quot;:&quot;none&quot;}\" data-widget_type=\"heading.default\">\n\t\t\t\t<div class=\"elementor-widget-container\">\n\t\t\t\t\t<h4 class=\"elementor-heading-title elementor-size-medium\">Coraz\u00f3n ardiente de amor<\/h4>\t\t\t\t<\/div>\n\t\t\t\t<\/div>\n\t\t\t\t\t<\/div>\n\t\t<\/div>\n\t\t\t\t\t<\/div>\n\t\t<\/section>\n\t\t\t\t<section class=\"elementor-section elementor-top-section elementor-element elementor-element-17766658 elementor-section-boxed elementor-section-height-default elementor-section-height-default\" data-id=\"17766658\" data-element_type=\"section\" data-e-type=\"section\">\n\t\t\t\t\t\t<div class=\"elementor-container elementor-column-gap-default\">\n\t\t\t\t\t<div class=\"elementor-column elementor-col-100 elementor-top-column elementor-element elementor-element-5561f6a2\" data-id=\"5561f6a2\" data-element_type=\"column\" data-e-type=\"column\">\n\t\t\t<div class=\"elementor-widget-wrap elementor-element-populated\">\n\t\t\t\t\t\t<div class=\"elementor-element elementor-element-4c4c9e71 elementor-widget elementor-widget-text-editor\" data-id=\"4c4c9e71\" data-element_type=\"widget\" data-e-type=\"widget\" data-widget_type=\"text-editor.default\">\n\t\t\t\t<div class=\"elementor-widget-container\">\n\t\t\t\t\t\t\t\t\t<p>Dios quiere, en lugar de nuestro coraz\u00f3n de piedra, poner su coraz\u00f3n ardiente de amor, comunicarnos su ardiente deseo de salvar almas&#8230; Para esto \u00c9l quiere tocar nuestro coraz\u00f3n con Su Amor, traspasarlo, romperlo. Descubriendo nuestra miseria, entramos en Su Misericordia. [&#8230;] En adoraci\u00f3n, Jes\u00fas quiere darnos la compasi\u00f3n de su Coraz\u00f3n, la dulzura de su Coraz\u00f3n. \u00c9l rompe nuestro orgullo, nuestra propia voluntad, nos pone en su escuela: &#8220;Jes\u00fas, manso y humilde de coraz\u00f3n, haz que nuestros corazones sean semejantes al tuyo&#8221;.<\/p>\t\t\t\t\t\t\t\t<\/div>\n\t\t\t\t<\/div>\n\t\t\t\t<div class=\"elementor-element elementor-element-7e5316b0 sourcecitation elementor-widget elementor-widget-heading\" data-id=\"7e5316b0\" data-element_type=\"widget\" data-e-type=\"widget\" data-widget_type=\"heading.default\">\n\t\t\t\t<div class=\"elementor-widget-container\">\n\t\t\t\t\t<p class=\"elementor-heading-title elementor-size-large\">Notas preparatorias para una ense\u00f1anza 24\/06\/1980\n\n<\/p>\t\t\t\t<\/div>\n\t\t\t\t<\/div>\n\t\t\t\t\t<\/div>\n\t\t<\/div>\n\t\t\t\t\t<\/div>\n\t\t<\/section>\n\t\t\t\t<section class=\"elementor-section elementor-top-section elementor-element elementor-element-426432e animated-slow elementor-section-boxed elementor-section-height-default elementor-section-height-default elementor-invisible\" data-id=\"426432e\" data-element_type=\"section\" data-e-type=\"section\" data-settings=\"{&quot;animation&quot;:&quot;fadeIn&quot;}\">\n\t\t\t\t\t\t<div class=\"elementor-container elementor-column-gap-default\">\n\t\t\t\t\t<div class=\"elementor-column elementor-col-100 elementor-top-column elementor-element elementor-element-f2cc43e\" data-id=\"f2cc43e\" data-element_type=\"column\" data-e-type=\"column\">\n\t\t\t<div class=\"elementor-widget-wrap elementor-element-populated\">\n\t\t\t\t\t\t<div class=\"elementor-element elementor-element-d51a84c citationserif elementor-invisible elementor-widget elementor-widget-heading\" data-id=\"d51a84c\" data-element_type=\"widget\" data-e-type=\"widget\" data-settings=\"{&quot;_animation&quot;:&quot;fadeIn&quot;}\" data-widget_type=\"heading.default\">\n\t\t\t\t<div class=\"elementor-widget-container\">\n\t\t\t\t\t<h3 class=\"elementor-heading-title elementor-size-default\">Debemos pedirle al Se\u00f1or que encienda fuego en nuestros corazones. \u00a1Es necesario ponerse en su Coraz\u00f3n ya que es un fuego ardiente que se nos comunica! \u00a1Entonces nos quemamos de amor!\n\n<\/h3>\t\t\t\t<\/div>\n\t\t\t\t<\/div>\n\t\t\t\t\t<\/div>\n\t\t<\/div>\n\t\t\t\t\t<\/div>\n\t\t<\/section>\n\t\t\t\t<section class=\"elementor-section elementor-top-section elementor-element elementor-element-672432bb elementor-section-boxed elementor-section-height-default elementor-section-height-default\" data-id=\"672432bb\" data-element_type=\"section\" data-e-type=\"section\">\n\t\t\t\t\t\t<div class=\"elementor-container elementor-column-gap-default\">\n\t\t\t\t\t<div class=\"elementor-column elementor-col-100 elementor-top-column elementor-element elementor-element-67908995\" data-id=\"67908995\" data-element_type=\"column\" data-e-type=\"column\">\n\t\t\t<div class=\"elementor-widget-wrap elementor-element-populated\">\n\t\t\t\t\t\t<div class=\"elementor-element elementor-element-43a14d3f elementor-widget elementor-widget-text-editor\" data-id=\"43a14d3f\" data-element_type=\"widget\" data-e-type=\"widget\" data-widget_type=\"text-editor.default\">\n\t\t\t\t<div class=\"elementor-widget-container\">\n\t\t\t\t\t\t\t\t\t<p>Lo que hay que hacer por todos ustedes que est\u00e1n aqu\u00ed es que adoremos. Cuando tengan tiempo, vayan a orar y a adorar. [&#8230;] Pero esta adoraci\u00f3n est\u00e1 naturalmente destinada a honrar el Cuerpo y el Coraz\u00f3n de Cristo, pero es sobre todo para que le pidamos que incendie de amor, que a su vez nos incendiemos de amor por nuestros hermanos y hermanas. [&#8230;] El amor del Coraz\u00f3n de Jes\u00fas se pide en la adoraci\u00f3n y en la oraci\u00f3n confiada. Incluso si eres un tronco, permaneces a los pies de Jes\u00fas y disfrutas del sol de su Amor. [&#8230;] \u00a1As\u00ed que por favor p\u00eddele a Jes\u00fas como un ni\u00f1o esta gran gracia de tener tu coraz\u00f3n encendido con amor para incendiar el mundo!<\/p>\t\t\t\t\t\t\t\t<\/div>\n\t\t\t\t<\/div>\n\t\t\t\t<div class=\"elementor-element elementor-element-36d38d7d sourcecitation elementor-widget elementor-widget-heading\" data-id=\"36d38d7d\" data-element_type=\"widget\" data-e-type=\"widget\" data-widget_type=\"heading.default\">\n\t\t\t\t<div class=\"elementor-widget-container\">\n\t\t\t\t\t<p class=\"elementor-heading-title elementor-size-large\">Sesi\u00f3n de Paray 09-21\/07\/1977 \n\n<\/p>\t\t\t\t<\/div>\n\t\t\t\t<\/div>\n\t\t\t\t\t<\/div>\n\t\t<\/div>\n\t\t\t\t\t<\/div>\n\t\t<\/section>\n\t\t\t\t<section class=\"elementor-section elementor-top-section elementor-element elementor-element-501d9ec7 elementor-section-boxed elementor-section-height-default elementor-section-height-default\" data-id=\"501d9ec7\" data-element_type=\"section\" data-e-type=\"section\">\n\t\t\t\t\t\t<div class=\"elementor-container elementor-column-gap-default\">\n\t\t\t\t\t<div class=\"elementor-column elementor-col-100 elementor-top-column elementor-element elementor-element-406b430\" data-id=\"406b430\" data-element_type=\"column\" data-e-type=\"column\">\n\t\t\t<div class=\"elementor-widget-wrap elementor-element-populated\">\n\t\t\t\t\t\t<div class=\"elementor-element elementor-element-70e6b944 elementor-widget elementor-widget-text-editor\" data-id=\"70e6b944\" data-element_type=\"widget\" data-e-type=\"widget\" data-widget_type=\"text-editor.default\">\n\t\t\t\t<div class=\"elementor-widget-container\">\n\t\t\t\t\t\t\t\t\t<p>Lo que debemos pedirle al Se\u00f1or es que \u00c9l prenda fuego a nuestros corazones. Hay que entrar en su Coraz\u00f3n, ya que es un fuego ardiente. Bien, nos comunica: vamos a arder como un le\u00f1o. Entonces, si ardemos de amor, \u00a1es muy diferente!<\/p>\t\t\t\t\t\t\t\t<\/div>\n\t\t\t\t<\/div>\n\t\t\t\t<div class=\"elementor-element elementor-element-27d20551 sourcecitation elementor-widget elementor-widget-heading\" data-id=\"27d20551\" data-element_type=\"widget\" data-e-type=\"widget\" data-widget_type=\"heading.default\">\n\t\t\t\t<div class=\"elementor-widget-container\">\n\t\t\t\t\t<p class=\"elementor-heading-title elementor-size-large\">Retiro de la Fraternidad de Jes\u00fas 09\/08\/1978\n\n<\/p>\t\t\t\t<\/div>\n\t\t\t\t<\/div>\n\t\t\t\t\t<\/div>\n\t\t<\/div>\n\t\t\t\t\t<\/div>\n\t\t<\/section>\n\t\t\t\t<section class=\"elementor-section elementor-top-section elementor-element elementor-element-d46dc28 elementor-section-boxed elementor-section-height-default elementor-section-height-default\" data-id=\"d46dc28\" data-element_type=\"section\" data-e-type=\"section\">\n\t\t\t\t\t\t<div class=\"elementor-container elementor-column-gap-default\">\n\t\t\t\t\t<div class=\"elementor-column elementor-col-100 elementor-top-column elementor-element elementor-element-5cd4f8a7\" data-id=\"5cd4f8a7\" data-element_type=\"column\" data-e-type=\"column\">\n\t\t\t<div class=\"elementor-widget-wrap elementor-element-populated\">\n\t\t\t\t\t\t<div class=\"elementor-element elementor-element-207553bb elementor-widget elementor-widget-text-editor\" data-id=\"207553bb\" data-element_type=\"widget\" data-e-type=\"widget\" data-widget_type=\"text-editor.default\">\n\t\t\t\t<div class=\"elementor-widget-container\">\n\t\t\t\t\t\t\t\t\t<p>Dios quiere, en lugar de nuestro coraz\u00f3n de piedra, poner su coraz\u00f3n ardiente de amor, comunicarnos su ardiente deseo de salvar almas&#8230; Para esto \u00c9l quiere tocar nuestro coraz\u00f3n con Su Amor, traspasarlo, romperlo. Descubriendo nuestra miseria, entramos en Su Misericordia. [&#8230;] En adoraci\u00f3n, Jes\u00fas quiere darnos la compasi\u00f3n de su Coraz\u00f3n, la dulzura de su Coraz\u00f3n. \u00c9l rompe nuestro orgullo, nuestra propia voluntad, nos pone en su escuela: &#8220;Jes\u00fas, manso y humilde de coraz\u00f3n, haz que nuestros corazones sean semejantes al tuyo&#8221;.<\/p>\t\t\t\t\t\t\t\t<\/div>\n\t\t\t\t<\/div>\n\t\t\t\t<div class=\"elementor-element elementor-element-4ed45aa4 sourcecitation elementor-widget elementor-widget-heading\" data-id=\"4ed45aa4\" data-element_type=\"widget\" data-e-type=\"widget\" data-widget_type=\"heading.default\">\n\t\t\t\t<div class=\"elementor-widget-container\">\n\t\t\t\t\t<p class=\"elementor-heading-title elementor-size-large\">Notas preparatorias para una ense\u00f1anza 24\/06\/1980\n\n<\/p>\t\t\t\t<\/div>\n\t\t\t\t<\/div>\n\t\t\t\t\t<\/div>\n\t\t<\/div>\n\t\t\t\t\t<\/div>\n\t\t<\/section>\n\t\t\t\t<section class=\"elementor-section elementor-top-section elementor-element elementor-element-7edd983d elementor-section-boxed elementor-section-height-default elementor-section-height-default\" data-id=\"7edd983d\" data-element_type=\"section\" data-e-type=\"section\">\n\t\t\t\t\t\t<div class=\"elementor-container elementor-column-gap-default\">\n\t\t\t\t\t<div class=\"elementor-column elementor-col-100 elementor-top-column elementor-element elementor-element-7ccf18f\" data-id=\"7ccf18f\" data-element_type=\"column\" data-e-type=\"column\">\n\t\t\t<div class=\"elementor-widget-wrap elementor-element-populated\">\n\t\t\t\t\t\t<div class=\"elementor-element elementor-element-4f6ac8fd elementor-widget elementor-widget-text-editor\" data-id=\"4f6ac8fd\" data-element_type=\"widget\" data-e-type=\"widget\" data-widget_type=\"text-editor.default\">\n\t\t\t\t<div class=\"elementor-widget-container\">\n\t\t\t\t\t\t\t\t\t<p>Si&#8230; uno entra cada vez m\u00e1s en su Coraz\u00f3n, uno llegar\u00e1 cada vez m\u00e1s a estar relajado y confiado, y lleno de amor.<\/p>\t\t\t\t\t\t\t\t<\/div>\n\t\t\t\t<\/div>\n\t\t\t\t<div class=\"elementor-element elementor-element-2a336a16 sourcecitation elementor-widget elementor-widget-heading\" data-id=\"2a336a16\" data-element_type=\"widget\" data-e-type=\"widget\" data-widget_type=\"heading.default\">\n\t\t\t\t<div class=\"elementor-widget-container\">\n\t\t\t\t\t<p class=\"elementor-heading-title elementor-size-large\">Retiro de la Fraternidad de Jes\u00fas 08\/1979 \n\n<\/p>\t\t\t\t<\/div>\n\t\t\t\t<\/div>\n\t\t\t\t\t<\/div>\n\t\t<\/div>\n\t\t\t\t\t<\/div>\n\t\t<\/section>\n\t\t\t\t<section class=\"elementor-section elementor-top-section elementor-element elementor-element-4d983cc5 elementor-section-boxed elementor-section-height-default elementor-section-height-default\" data-id=\"4d983cc5\" data-element_type=\"section\" data-e-type=\"section\">\n\t\t\t\t\t\t<div class=\"elementor-container elementor-column-gap-default\">\n\t\t\t\t\t<div class=\"elementor-column elementor-col-100 elementor-top-column elementor-element elementor-element-6d9e3314\" data-id=\"6d9e3314\" data-element_type=\"column\" data-e-type=\"column\">\n\t\t\t<div class=\"elementor-widget-wrap elementor-element-populated\">\n\t\t\t\t\t\t<div class=\"elementor-element elementor-element-69db3291 elementor-widget elementor-widget-text-editor\" data-id=\"69db3291\" data-element_type=\"widget\" data-e-type=\"widget\" data-widget_type=\"text-editor.default\">\n\t\t\t\t<div class=\"elementor-widget-container\">\n\t\t\t\t\t\t\t\t\t<p>El Se\u00f1or nos ama infinitamente, debemos creerle y vivirlo. Para eso, oren m\u00e1s, dediquen tiempo en oraci\u00f3n. Madre Teresa (dijo): &#8220;Si quieres orar mejor, ora m\u00e1s&#8221;. De esta manera, uno entra en su Coraz\u00f3n y comprende su Misericordia.<\/p>\t\t\t\t\t\t\t\t<\/div>\n\t\t\t\t<\/div>\n\t\t\t\t<div class=\"elementor-element elementor-element-2ab8ee5 sourcecitation elementor-widget elementor-widget-heading\" data-id=\"2ab8ee5\" data-element_type=\"widget\" data-e-type=\"widget\" data-widget_type=\"heading.default\">\n\t\t\t\t<div class=\"elementor-widget-container\">\n\t\t\t\t\t<p class=\"elementor-heading-title elementor-size-large\">Fin de semana comunitario 18-19\/06\/1977\n\n<\/p>\t\t\t\t<\/div>\n\t\t\t\t<\/div>\n\t\t\t\t\t<\/div>\n\t\t<\/div>\n\t\t\t\t\t<\/div>\n\t\t<\/section>\n\t\t\t\t<section class=\"elementor-section elementor-top-section elementor-element elementor-element-67a61886 elementor-section-boxed elementor-section-height-default elementor-section-height-default\" data-id=\"67a61886\" data-element_type=\"section\" data-e-type=\"section\">\n\t\t\t\t\t\t<div class=\"elementor-container elementor-column-gap-default\">\n\t\t\t\t\t<div class=\"elementor-column elementor-col-100 elementor-top-column elementor-element elementor-element-4ffc123c\" data-id=\"4ffc123c\" data-element_type=\"column\" data-e-type=\"column\">\n\t\t\t<div class=\"elementor-widget-wrap elementor-element-populated\">\n\t\t\t\t\t\t<div class=\"elementor-element elementor-element-7ca59e56 elementor-widget elementor-widget-text-editor\" data-id=\"7ca59e56\" data-element_type=\"widget\" data-e-type=\"widget\" data-widget_type=\"text-editor.default\">\n\t\t\t\t<div class=\"elementor-widget-container\">\n\t\t\t\t\t\t\t\t\t<p>Si conectamos nuestras antenas (las virtudes teologales), escuchamos al Se\u00f1or habl\u00e1ndonos \u2013 con par\u00e1sitos, con cantidad de cosas rid\u00edculas\u2013 pero, al mismo tiempo, el Se\u00f1or est\u00e1 all\u00ed y lo escuchamos&#8230; No basta con o\u00edr, basta con escuchar y hacer lo que \u00c9l nos dice. Y \u00c9l nos dice: &#8220;Cambia tu coraz\u00f3n&#8221; o m\u00e1s bien, &#8220;Dame tu coraz\u00f3n y lo cambiar\u00e9&#8221;.<\/p>\t\t\t\t\t\t\t\t<\/div>\n\t\t\t\t<\/div>\n\t\t\t\t<div class=\"elementor-element elementor-element-73af8dcf sourcecitation elementor-widget elementor-widget-heading\" data-id=\"73af8dcf\" data-element_type=\"widget\" data-e-type=\"widget\" data-widget_type=\"heading.default\">\n\t\t\t\t<div class=\"elementor-widget-container\">\n\t\t\t\t\t<p class=\"elementor-heading-title elementor-size-large\">Ciclo de fines de semana de j\u00f3venes 23-24\/01\/1982\n\n<\/p>\t\t\t\t<\/div>\n\t\t\t\t<\/div>\n\t\t\t\t\t<\/div>\n\t\t<\/div>\n\t\t\t\t\t<\/div>\n\t\t<\/section>\n\t\t\t\t<section class=\"elementor-section elementor-top-section elementor-element elementor-element-1415d167 elementor-section-boxed elementor-section-height-default elementor-section-height-default\" data-id=\"1415d167\" data-element_type=\"section\" data-e-type=\"section\">\n\t\t\t\t\t\t<div class=\"elementor-container elementor-column-gap-default\">\n\t\t\t\t\t<div class=\"elementor-column elementor-col-100 elementor-top-column elementor-element elementor-element-336bc76\" data-id=\"336bc76\" data-element_type=\"column\" data-e-type=\"column\">\n\t\t\t<div class=\"elementor-widget-wrap elementor-element-populated\">\n\t\t\t\t\t\t<div class=\"elementor-element elementor-element-284f102b citationserif elementor-widget elementor-widget-heading\" data-id=\"284f102b\" data-element_type=\"widget\" data-e-type=\"widget\" data-settings=\"{&quot;_animation&quot;:&quot;none&quot;}\" data-widget_type=\"heading.default\">\n\t\t\t\t<div class=\"elementor-widget-container\">\n\t\t\t\t\t<h4 class=\"elementor-heading-title elementor-size-medium\">Coraz\u00f3n manso y humilde<\/h4>\t\t\t\t<\/div>\n\t\t\t\t<\/div>\n\t\t\t\t\t<\/div>\n\t\t<\/div>\n\t\t\t\t\t<\/div>\n\t\t<\/section>\n\t\t\t\t<section class=\"elementor-section elementor-top-section elementor-element elementor-element-5b695528 elementor-section-boxed elementor-section-height-default elementor-section-height-default\" data-id=\"5b695528\" data-element_type=\"section\" data-e-type=\"section\">\n\t\t\t\t\t\t<div class=\"elementor-container elementor-column-gap-default\">\n\t\t\t\t\t<div class=\"elementor-column elementor-col-100 elementor-top-column elementor-element elementor-element-67d8be72\" data-id=\"67d8be72\" data-element_type=\"column\" data-e-type=\"column\">\n\t\t\t<div class=\"elementor-widget-wrap elementor-element-populated\">\n\t\t\t\t\t\t<div class=\"elementor-element elementor-element-6bc56d54 elementor-widget elementor-widget-text-editor\" data-id=\"6bc56d54\" data-element_type=\"widget\" data-e-type=\"widget\" data-widget_type=\"text-editor.default\">\n\t\t\t\t<div class=\"elementor-widget-container\">\n\t\t\t\t\t\t\t\t\t<p>Verdaderamente el camino del Se\u00f1or es Jes\u00fas manso y humilde de coraz\u00f3n. Es un camino extraordinario. Si somos manos y humildes de coraz\u00f3n, \u00c9l traspasar\u00e1 nuestros corazones en silencio. Y recibiremos corrientes de agua viva de compasi\u00f3n. Y seremos transportados a la vida eterna.<\/p>\t\t\t\t\t\t\t\t<\/div>\n\t\t\t\t<\/div>\n\t\t\t\t<div class=\"elementor-element elementor-element-260bb986 sourcecitation elementor-widget elementor-widget-heading\" data-id=\"260bb986\" data-element_type=\"widget\" data-e-type=\"widget\" data-widget_type=\"heading.default\">\n\t\t\t\t<div class=\"elementor-widget-container\">\n\t\t\t\t\t<p class=\"elementor-heading-title elementor-size-large\">Retiro de la Fraternidad de Jes\u00fas 30-31\/12\/1977\n\n<\/p>\t\t\t\t<\/div>\n\t\t\t\t<\/div>\n\t\t\t\t\t<\/div>\n\t\t<\/div>\n\t\t\t\t\t<\/div>\n\t\t<\/section>\n\t\t\t\t<section class=\"elementor-section elementor-top-section elementor-element elementor-element-2eb82935 elementor-section-boxed elementor-section-height-default elementor-section-height-default\" data-id=\"2eb82935\" data-element_type=\"section\" data-e-type=\"section\">\n\t\t\t\t\t\t<div class=\"elementor-container elementor-column-gap-default\">\n\t\t\t\t\t<div class=\"elementor-column elementor-col-100 elementor-top-column elementor-element elementor-element-7ee41637\" data-id=\"7ee41637\" data-element_type=\"column\" data-e-type=\"column\">\n\t\t\t<div class=\"elementor-widget-wrap elementor-element-populated\">\n\t\t\t\t\t\t<div class=\"elementor-element elementor-element-66f67db6 elementor-widget elementor-widget-text-editor\" data-id=\"66f67db6\" data-element_type=\"widget\" data-e-type=\"widget\" data-widget_type=\"text-editor.default\">\n\t\t\t\t<div class=\"elementor-widget-container\">\n\t\t\t\t\t\t\t\t\t<p>Lo esencial es el Se\u00f1or, es la vida interior, es la adoraci\u00f3n, es la oraci\u00f3n. Si uno no vive en oraci\u00f3n, en adoraci\u00f3n y en la humildad y mansedumbre del Coraz\u00f3n del Se\u00f1or, todo lo dem\u00e1s es in\u00fatil.<\/p>\t\t\t\t\t\t\t\t<\/div>\n\t\t\t\t<\/div>\n\t\t\t\t<div class=\"elementor-element elementor-element-4482b5da sourcecitation elementor-widget elementor-widget-heading\" data-id=\"4482b5da\" data-element_type=\"widget\" data-e-type=\"widget\" data-widget_type=\"heading.default\">\n\t\t\t\t<div class=\"elementor-widget-container\">\n\t\t\t\t\t<p class=\"elementor-heading-title elementor-size-large\">Retiro de la Fraternidad de Jes\u00fas 08\/1979 \n\n<\/p>\t\t\t\t<\/div>\n\t\t\t\t<\/div>\n\t\t\t\t\t<\/div>\n\t\t<\/div>\n\t\t\t\t\t<\/div>\n\t\t<\/section>\n\t\t\t\t<section class=\"elementor-section elementor-top-section elementor-element elementor-element-12e456c9 elementor-section-boxed elementor-section-height-default elementor-section-height-default\" data-id=\"12e456c9\" data-element_type=\"section\" data-e-type=\"section\">\n\t\t\t\t\t\t<div class=\"elementor-container elementor-column-gap-default\">\n\t\t\t\t\t<div class=\"elementor-column elementor-col-100 elementor-top-column elementor-element elementor-element-7c577cb5\" data-id=\"7c577cb5\" data-element_type=\"column\" data-e-type=\"column\">\n\t\t\t<div class=\"elementor-widget-wrap elementor-element-populated\">\n\t\t\t\t\t\t<div class=\"elementor-element elementor-element-11fd642c elementor-widget elementor-widget-text-editor\" data-id=\"11fd642c\" data-element_type=\"widget\" data-e-type=\"widget\" data-widget_type=\"text-editor.default\">\n\t\t\t\t<div class=\"elementor-widget-container\">\n\t\t\t\t\t\t\t\t\t<p>&#8220;Se\u00f1or, ens\u00e9\u00f1anos a ser humildes, mansos y humildes de coraz\u00f3n&#8230; Coraz\u00f3n de Jes\u00fas, manso y humilde de Coraz\u00f3n, haz nuestro coraz\u00f3n semejante al tuyo. Esa es nuestra vocaci\u00f3n. Y realmente, hay que sentirlo en profundidad. Eso se adquiere en las gracias de la adoraci\u00f3n porque en la adoraci\u00f3n el Se\u00f1or realmente nos habla de Coraz\u00f3n a Coraz\u00f3n y nos instruye suavemente como lo hizo con Mar\u00eda [la hermana de Marta]: \u00a1ella hab\u00eda elegido la mejor parte! &#8230; Sin [que lo sepamos] el Se\u00f1or nos hizo elegir la mejor parte.<\/p>\t\t\t\t\t\t\t\t<\/div>\n\t\t\t\t<\/div>\n\t\t\t\t<div class=\"elementor-element elementor-element-47383516 sourcecitation elementor-widget elementor-widget-heading\" data-id=\"47383516\" data-element_type=\"widget\" data-e-type=\"widget\" data-widget_type=\"heading.default\">\n\t\t\t\t<div class=\"elementor-widget-container\">\n\t\t\t\t\t<p class=\"elementor-heading-title elementor-size-large\">Retiro de la Fraternidad de Jes\u00fas 30\/12\/1982\n\n<\/p>\t\t\t\t<\/div>\n\t\t\t\t<\/div>\n\t\t\t\t\t<\/div>\n\t\t<\/div>\n\t\t\t\t\t<\/div>\n\t\t<\/section>\n\t\t\t\t<section class=\"elementor-section elementor-top-section elementor-element elementor-element-27905152 elementor-section-boxed elementor-section-height-default elementor-section-height-default\" data-id=\"27905152\" data-element_type=\"section\" data-e-type=\"section\">\n\t\t\t\t\t\t<div class=\"elementor-container elementor-column-gap-default\">\n\t\t\t\t\t<div class=\"elementor-column elementor-col-100 elementor-top-column elementor-element elementor-element-36d502f1\" data-id=\"36d502f1\" data-element_type=\"column\" data-e-type=\"column\">\n\t\t\t<div class=\"elementor-widget-wrap elementor-element-populated\">\n\t\t\t\t\t\t<div class=\"elementor-element elementor-element-54b86f7b elementor-widget elementor-widget-text-editor\" data-id=\"54b86f7b\" data-element_type=\"widget\" data-e-type=\"widget\" data-widget_type=\"text-editor.default\">\n\t\t\t\t<div class=\"elementor-widget-container\">\n\t\t\t\t\t\t\t\t\t<p>(Jes\u00fas) habla de Su Coraz\u00f3n que tanto am\u00f3 a los hombres y nos dice: &#8220;El secreto es: aprendan de M\u00ed \u2013 esa es su ense\u00f1anza \u2013 que Soy manso y humilde de Coraz\u00f3n y encontrar\u00e1n la paz en sus almas&#8221;. Y si un d\u00eda no est\u00e1n en paz, d\u00edganse: &#8220;\u00bfEstoy realmente en la mansedumbre de los fuertes? \u00bfPido en oraci\u00f3n por esta mansedumbre? \u00bfen verdad le estoy pidiendo al Se\u00f1or que me d\u00e9 Su Esp\u00edritu y que sea manso \u00bfSer manso con el Amor de Jes\u00fas?\u201d Bien, no podemos hacerlo nosotros mismos, pero con \u00e9l podemos. Y en ese momento encontraremos la paz, la paz que el Se\u00f1or da y no la paz que da el mundo. \u00a1Entonces repitamos eso todo el tiempo! [&#8230;] Jes\u00fas, de verdad, \u00a1danos este secreto!<\/p>\t\t\t\t\t\t\t\t<\/div>\n\t\t\t\t<\/div>\n\t\t\t\t<div class=\"elementor-element elementor-element-180c278e sourcecitation elementor-widget elementor-widget-heading\" data-id=\"180c278e\" data-element_type=\"widget\" data-e-type=\"widget\" data-widget_type=\"heading.default\">\n\t\t\t\t<div class=\"elementor-widget-container\">\n\t\t\t\t\t<p class=\"elementor-heading-title elementor-size-large\">Retiro de la Fraternidad de Jes\u00fas 30-31\/12\/1977\n\n<\/p>\t\t\t\t<\/div>\n\t\t\t\t<\/div>\n\t\t\t\t\t<\/div>\n\t\t<\/div>\n\t\t\t\t\t<\/div>\n\t\t<\/section>\n\t\t\t\t<section class=\"elementor-section elementor-top-section elementor-element elementor-element-24cd227 elementor-section-boxed elementor-section-height-default elementor-section-height-default\" data-id=\"24cd227\" data-element_type=\"section\" data-e-type=\"section\">\n\t\t\t\t\t\t<div class=\"elementor-container elementor-column-gap-default\">\n\t\t\t\t\t<div class=\"elementor-column elementor-col-100 elementor-top-column elementor-element elementor-element-a0593b5\" data-id=\"a0593b5\" data-element_type=\"column\" data-e-type=\"column\">\n\t\t\t<div class=\"elementor-widget-wrap elementor-element-populated\">\n\t\t\t\t\t\t<div class=\"elementor-element elementor-element-a5167e4 citationserif elementor-widget elementor-widget-heading\" data-id=\"a5167e4\" data-element_type=\"widget\" data-e-type=\"widget\" data-settings=\"{&quot;_animation&quot;:&quot;none&quot;}\" data-widget_type=\"heading.default\">\n\t\t\t\t<div class=\"elementor-widget-container\">\n\t\t\t\t\t<h4 class=\"elementor-heading-title elementor-size-medium\">Coraz\u00f3n de Jes\u00fas y adoraci\u00f3n<\/h4>\t\t\t\t<\/div>\n\t\t\t\t<\/div>\n\t\t\t\t\t<\/div>\n\t\t<\/div>\n\t\t\t\t\t<\/div>\n\t\t<\/section>\n\t\t\t\t<section class=\"elementor-section elementor-top-section elementor-element elementor-element-175606db elementor-section-boxed elementor-section-height-default elementor-section-height-default\" data-id=\"175606db\" data-element_type=\"section\" data-e-type=\"section\">\n\t\t\t\t\t\t<div class=\"elementor-container elementor-column-gap-default\">\n\t\t\t\t\t<div class=\"elementor-column elementor-col-100 elementor-top-column elementor-element elementor-element-5321809b\" data-id=\"5321809b\" data-element_type=\"column\" data-e-type=\"column\">\n\t\t\t<div class=\"elementor-widget-wrap elementor-element-populated\">\n\t\t\t\t\t\t<div class=\"elementor-element elementor-element-14532ae6 elementor-widget elementor-widget-text-editor\" data-id=\"14532ae6\" data-element_type=\"widget\" data-e-type=\"widget\" data-widget_type=\"text-editor.default\">\n\t\t\t\t<div class=\"elementor-widget-container\">\n\t\t\t\t\t\t\t\t\t<p>&#8220;Ahora, qu\u00e9date en el Coraz\u00f3n de Cristo, \u00e1malo, aprende a ser amado y d\u00e9jate amar&#8221;.<\/p>\t\t\t\t\t\t\t\t<\/div>\n\t\t\t\t<\/div>\n\t\t\t\t<div class=\"elementor-element elementor-element-7ca8ee2d sourcecitation elementor-widget elementor-widget-heading\" data-id=\"7ca8ee2d\" data-element_type=\"widget\" data-e-type=\"widget\" data-widget_type=\"heading.default\">\n\t\t\t\t<div class=\"elementor-widget-container\">\n\t\t\t\t\t<p class=\"elementor-heading-title elementor-size-large\">Primera sesi\u00f3n de verano en Paray-le-Monial 16\/07\/1975<\/p>\t\t\t\t<\/div>\n\t\t\t\t<\/div>\n\t\t\t\t\t<\/div>\n\t\t<\/div>\n\t\t\t\t\t<\/div>\n\t\t<\/section>\n\t\t\t\t<section class=\"elementor-section elementor-top-section elementor-element elementor-element-50b5e651 animated-slow elementor-section-boxed elementor-section-height-default elementor-section-height-default elementor-invisible\" data-id=\"50b5e651\" data-element_type=\"section\" data-e-type=\"section\" data-settings=\"{&quot;animation&quot;:&quot;fadeIn&quot;}\">\n\t\t\t\t\t\t<div class=\"elementor-container elementor-column-gap-default\">\n\t\t\t\t\t<div class=\"elementor-column elementor-col-100 elementor-top-column elementor-element elementor-element-3899bba1\" data-id=\"3899bba1\" data-element_type=\"column\" data-e-type=\"column\">\n\t\t\t<div class=\"elementor-widget-wrap elementor-element-populated\">\n\t\t\t\t\t\t<div class=\"elementor-element elementor-element-44097408 citationserif elementor-invisible elementor-widget elementor-widget-heading\" data-id=\"44097408\" data-element_type=\"widget\" data-e-type=\"widget\" data-settings=\"{&quot;_animation&quot;:&quot;fadeIn&quot;}\" data-widget_type=\"heading.default\">\n\t\t\t\t<div class=\"elementor-widget-container\">\n\t\t\t\t\t<h3 class=\"elementor-heading-title elementor-size-default\">Yo viv\u00eda de la adoraci\u00f3n, y hac\u00eda oraci\u00f3n en la adoraci\u00f3n eucar\u00edstica <br \/>y en el Sagrado Coraz\u00f3n.\n\n<\/h3>\t\t\t\t<\/div>\n\t\t\t\t<\/div>\n\t\t\t\t<div class=\"elementor-element elementor-element-643a8e2b sourcecitation elementor-widget elementor-widget-heading\" data-id=\"643a8e2b\" data-element_type=\"widget\" data-e-type=\"widget\" data-widget_type=\"heading.default\">\n\t\t\t\t<div class=\"elementor-widget-container\">\n\t\t\t\t\t<p class=\"elementor-heading-title elementor-size-large\">Entrevista de Jean-Marc y Fran\u00e7ou Morin en Saint-Maurice 5-8\/08\/1988\n\n<\/p>\t\t\t\t<\/div>\n\t\t\t\t<\/div>\n\t\t\t\t\t<\/div>\n\t\t<\/div>\n\t\t\t\t\t<\/div>\n\t\t<\/section>\n\t\t\t\t<section class=\"elementor-section elementor-top-section elementor-element elementor-element-f64839e elementor-section-boxed elementor-section-height-default elementor-section-height-default\" data-id=\"f64839e\" data-element_type=\"section\" data-e-type=\"section\">\n\t\t\t\t\t\t<div class=\"elementor-container elementor-column-gap-default\">\n\t\t\t\t\t<div class=\"elementor-column elementor-col-100 elementor-top-column elementor-element elementor-element-8224a11\" data-id=\"8224a11\" data-element_type=\"column\" data-e-type=\"column\">\n\t\t\t<div class=\"elementor-widget-wrap elementor-element-populated\">\n\t\t\t\t\t\t<div class=\"elementor-element elementor-element-62f1082 elementor-widget elementor-widget-text-editor\" data-id=\"62f1082\" data-element_type=\"widget\" data-e-type=\"widget\" data-widget_type=\"text-editor.default\">\n\t\t\t\t<div class=\"elementor-widget-container\">\n\t\t\t\t\t\t\t\t\t<p>Esta alegr\u00eda se encuentra realmente en la adoraci\u00f3n de la Eucarist\u00eda, es en verdad nuestra fuerza. Y esa es realmente, yo dir\u00eda, nuestra especificidad porque es ah\u00ed donde nos reconocemos; [es ah\u00ed] donde uno est\u00e1 verdaderamente en el Coraz\u00f3n del Se\u00f1or.<\/p>\t\t\t\t\t\t\t\t<\/div>\n\t\t\t\t<\/div>\n\t\t\t\t<div class=\"elementor-element elementor-element-1f45f9f sourcecitation elementor-widget elementor-widget-heading\" data-id=\"1f45f9f\" data-element_type=\"widget\" data-e-type=\"widget\" data-widget_type=\"heading.default\">\n\t\t\t\t<div class=\"elementor-widget-container\">\n\t\t\t\t\t<p class=\"elementor-heading-title elementor-size-large\">Retiro de la Fraternidad de Jes\u00fas 08\/1979 \n\n<\/p>\t\t\t\t<\/div>\n\t\t\t\t<\/div>\n\t\t\t\t\t<\/div>\n\t\t<\/div>\n\t\t\t\t\t<\/div>\n\t\t<\/section>\n\t\t\t\t<section class=\"elementor-section elementor-top-section elementor-element elementor-element-506868b elementor-section-boxed elementor-section-height-default elementor-section-height-default\" data-id=\"506868b\" data-element_type=\"section\" data-e-type=\"section\">\n\t\t\t\t\t\t<div class=\"elementor-container elementor-column-gap-default\">\n\t\t\t\t\t<div class=\"elementor-column elementor-col-100 elementor-top-column elementor-element elementor-element-5d182d2\" data-id=\"5d182d2\" data-element_type=\"column\" data-e-type=\"column\">\n\t\t\t<div class=\"elementor-widget-wrap elementor-element-populated\">\n\t\t\t\t\t\t<div class=\"elementor-element elementor-element-52c6f4b citationserif elementor-widget elementor-widget-heading\" data-id=\"52c6f4b\" data-element_type=\"widget\" data-e-type=\"widget\" data-settings=\"{&quot;_animation&quot;:&quot;none&quot;}\" data-widget_type=\"heading.default\">\n\t\t\t\t<div class=\"elementor-widget-container\">\n\t\t\t\t\t<h4 class=\"elementor-heading-title elementor-size-medium\">Paray-le-Monial<\/h4>\t\t\t\t<\/div>\n\t\t\t\t<\/div>\n\t\t\t\t\t<\/div>\n\t\t<\/div>\n\t\t\t\t\t<\/div>\n\t\t<\/section>\n\t\t\t\t<section class=\"elementor-section elementor-top-section elementor-element elementor-element-32ff746e elementor-section-boxed elementor-section-height-default elementor-section-height-default\" data-id=\"32ff746e\" data-element_type=\"section\" data-e-type=\"section\">\n\t\t\t\t\t\t<div class=\"elementor-container elementor-column-gap-default\">\n\t\t\t\t\t<div class=\"elementor-column elementor-col-100 elementor-top-column elementor-element elementor-element-4835f073\" data-id=\"4835f073\" data-element_type=\"column\" data-e-type=\"column\">\n\t\t\t<div class=\"elementor-widget-wrap elementor-element-populated\">\n\t\t\t\t\t\t<div class=\"elementor-element elementor-element-146cc47d elementor-widget elementor-widget-text-editor\" data-id=\"146cc47d\" data-element_type=\"widget\" data-e-type=\"widget\" data-widget_type=\"text-editor.default\">\n\t\t\t\t<div class=\"elementor-widget-container\">\n\t\t\t\t\t\t\t\t\t<p>Hay que decir que en 1974, fuimos a V\u00e9zelay&#8230; Est\u00e1 muy bien V\u00e9zelay, es Magdalena, es la conversi\u00f3n. Uno est\u00e1 a los pies del Se\u00f1or y uno se convierte. Pero entonces yo dec\u00eda: &#8220;Nos convertimos, est\u00e1n muy bien los pies del Se\u00f1or, pero puede haber un lugar que sea a\u00fan mejor lugar: est\u00e1 en Su Coraz\u00f3n&#8221;. As\u00ed que dije: &#8220;Bueno, deber\u00edamos ir a Paray-le-Monial. Adem\u00e1s, hay una bas\u00edlica muy hermosa y tambi\u00e9n podr\u00edamos ir all\u00ed. . .\u00bb<\/p>\t\t\t\t\t\t\t\t<\/div>\n\t\t\t\t<\/div>\n\t\t\t\t<div class=\"elementor-element elementor-element-647e0d8f sourcecitation elementor-widget elementor-widget-heading\" data-id=\"647e0d8f\" data-element_type=\"widget\" data-e-type=\"widget\" data-widget_type=\"heading.default\">\n\t\t\t\t<div class=\"elementor-widget-container\">\n\t\t\t\t\t<p class=\"elementor-heading-title elementor-size-large\">Retiro de la Fraternidad de Jes\u00fas Navidad 82 30\/12\/82\n\n<\/p>\t\t\t\t<\/div>\n\t\t\t\t<\/div>\n\t\t\t\t\t<\/div>\n\t\t<\/div>\n\t\t\t\t\t<\/div>\n\t\t<\/section>\n\t\t\t\t<section class=\"elementor-section elementor-top-section elementor-element elementor-element-02d6388 animated-slow elementor-section-boxed elementor-section-height-default elementor-section-height-default elementor-invisible\" data-id=\"02d6388\" data-element_type=\"section\" data-e-type=\"section\" data-settings=\"{&quot;animation&quot;:&quot;fadeIn&quot;}\">\n\t\t\t\t\t\t<div class=\"elementor-container elementor-column-gap-default\">\n\t\t\t\t\t<div class=\"elementor-column elementor-col-100 elementor-top-column elementor-element elementor-element-01de09a\" data-id=\"01de09a\" data-element_type=\"column\" data-e-type=\"column\">\n\t\t\t<div class=\"elementor-widget-wrap elementor-element-populated\">\n\t\t\t\t\t\t<div class=\"elementor-element elementor-element-db051fb citationserif elementor-invisible elementor-widget elementor-widget-heading\" data-id=\"db051fb\" data-element_type=\"widget\" data-e-type=\"widget\" data-settings=\"{&quot;_animation&quot;:&quot;fadeIn&quot;}\" data-widget_type=\"heading.default\">\n\t\t\t\t<div class=\"elementor-widget-container\">\n\t\t\t\t\t<h3 class=\"elementor-heading-title elementor-size-default\">La gracia de Paray: es verdaderamente una gracia de amor <br \/>del Coraz\u00f3n traspasado. Y gracias de paz tambi\u00e9n.\n\n<\/h3>\t\t\t\t<\/div>\n\t\t\t\t<\/div>\n\t\t\t\t<div class=\"elementor-element elementor-element-61049b7 sourcecitation elementor-widget elementor-widget-heading\" data-id=\"61049b7\" data-element_type=\"widget\" data-e-type=\"widget\" data-widget_type=\"heading.default\">\n\t\t\t\t<div class=\"elementor-widget-container\">\n\t\t\t\t\t<p class=\"elementor-heading-title elementor-size-large\">Sesi\u00f3n de Paray-le-Monial, taller \"Del grupo de oraci\u00f3n a la Comunidad\" \n06\/07\/1979\n<\/p>\t\t\t\t<\/div>\n\t\t\t\t<\/div>\n\t\t\t\t\t<\/div>\n\t\t<\/div>\n\t\t\t\t\t<\/div>\n\t\t<\/section>\n\t\t\t\t<section class=\"elementor-section elementor-top-section elementor-element elementor-element-5b83cc5b elementor-section-boxed elementor-section-height-default elementor-section-height-default\" data-id=\"5b83cc5b\" data-element_type=\"section\" data-e-type=\"section\">\n\t\t\t\t\t\t<div class=\"elementor-container elementor-column-gap-default\">\n\t\t\t\t\t<div class=\"elementor-column elementor-col-100 elementor-top-column elementor-element elementor-element-59398a69\" data-id=\"59398a69\" data-element_type=\"column\" data-e-type=\"column\">\n\t\t\t<div class=\"elementor-widget-wrap elementor-element-populated\">\n\t\t\t\t\t\t<div class=\"elementor-element elementor-element-4247253b elementor-widget elementor-widget-text-editor\" data-id=\"4247253b\" data-element_type=\"widget\" data-e-type=\"widget\" data-widget_type=\"text-editor.default\">\n\t\t\t\t<div class=\"elementor-widget-container\">\n\t\t\t\t\t\t\t\t\t<p>As\u00ed que fuimos a Paray, funcion\u00f3 bien e incluso funcion\u00f3 demasiado bien ya que ya no sabemos d\u00f3nde alojar a la gente. As\u00ed que siempre volv\u00eda a m\u00ed: &#8220;Pero finalmente, \u00bfnecesitamos absolutamente quedarnos en Paray? \u00bfEs realmente un lugar especial? \u00bfPara qu\u00e9? Y el Se\u00f1or nos dijo: &#8220;Soy pobre, he vivido mal, arr\u00e9glenselas, qu\u00e9dense ah\u00ed.\u201d Entonces dije: &#8220;Es pr\u00e1ctico ir all\u00ed y no tener locales, hoteles ni nada en absoluto. Bueno, \u00a1as\u00ed es como es!\u201d<\/p>\t\t\t\t\t\t\t\t<\/div>\n\t\t\t\t<\/div>\n\t\t\t\t<div class=\"elementor-element elementor-element-68f688f7 sourcecitation elementor-widget elementor-widget-heading\" data-id=\"68f688f7\" data-element_type=\"widget\" data-e-type=\"widget\" data-widget_type=\"heading.default\">\n\t\t\t\t<div class=\"elementor-widget-container\">\n\t\t\t\t\t<p class=\"elementor-heading-title elementor-size-large\">Retiro de la Fraternidad de Jes\u00fas 30\/12\/1982<\/p>\t\t\t\t<\/div>\n\t\t\t\t<\/div>\n\t\t\t\t\t<\/div>\n\t\t<\/div>\n\t\t\t\t\t<\/div>\n\t\t<\/section>\n\t\t\t\t<section class=\"elementor-section elementor-top-section elementor-element elementor-element-5e25bb64 elementor-section-boxed elementor-section-height-default elementor-section-height-default\" data-id=\"5e25bb64\" data-element_type=\"section\" data-e-type=\"section\">\n\t\t\t\t\t\t<div class=\"elementor-container elementor-column-gap-default\">\n\t\t\t\t\t<div class=\"elementor-column elementor-col-100 elementor-top-column elementor-element elementor-element-37e3e25e\" data-id=\"37e3e25e\" data-element_type=\"column\" data-e-type=\"column\">\n\t\t\t<div class=\"elementor-widget-wrap elementor-element-populated\">\n\t\t\t\t\t\t<div class=\"elementor-element elementor-element-5ec3c6eb elementor-widget elementor-widget-text-editor\" data-id=\"5ec3c6eb\" data-element_type=\"widget\" data-e-type=\"widget\" data-widget_type=\"text-editor.default\">\n\t\t\t\t<div class=\"elementor-widget-container\">\n\t\t\t\t\t\t\t\t\t<p>Estamos en Paray-le-Monial, cerca del Coraz\u00f3n de Jes\u00fas, y es realmente aqu\u00ed donde debemos pedir y rogar que tengamos el carisma de los carismas: la caridad. Y que realmente all\u00ed, el Se\u00f1or debe quemar nuestros corazones.<\/p>\t\t\t\t\t\t\t\t<\/div>\n\t\t\t\t<\/div>\n\t\t\t\t<div class=\"elementor-element elementor-element-4497d8a sourcecitation elementor-widget elementor-widget-heading\" data-id=\"4497d8a\" data-element_type=\"widget\" data-e-type=\"widget\" data-widget_type=\"heading.default\">\n\t\t\t\t<div class=\"elementor-widget-container\">\n\t\t\t\t\t<p class=\"elementor-heading-title elementor-size-large\">Encuentro \u00c1frica franc\u00f3fona, Paray-le-Monial 12-16\/07\/1979<\/p>\t\t\t\t<\/div>\n\t\t\t\t<\/div>\n\t\t\t\t\t<\/div>\n\t\t<\/div>\n\t\t\t\t\t<\/div>\n\t\t<\/section>\n\t\t\t\t<section class=\"elementor-section elementor-top-section elementor-element elementor-element-6d9e9be elementor-section-boxed elementor-section-height-default elementor-section-height-default\" data-id=\"6d9e9be\" data-element_type=\"section\" data-e-type=\"section\">\n\t\t\t\t\t\t<div class=\"elementor-container elementor-column-gap-default\">\n\t\t\t\t\t<div class=\"elementor-column elementor-col-100 elementor-top-column elementor-element elementor-element-60b87ed3\" data-id=\"60b87ed3\" data-element_type=\"column\" data-e-type=\"column\">\n\t\t\t<div class=\"elementor-widget-wrap elementor-element-populated\">\n\t\t\t\t\t\t<div class=\"elementor-element elementor-element-1da921fd elementor-widget elementor-widget-text-editor\" data-id=\"1da921fd\" data-element_type=\"widget\" data-e-type=\"widget\" data-widget_type=\"text-editor.default\">\n\t\t\t\t<div class=\"elementor-widget-container\">\n\t\t\t\t\t\t\t\t\t<p>Lo importante es el Coraz\u00f3n. Llegamos a Paray, sabemos lo que es. Conocemos la mitad del Coraz\u00f3n de Jes\u00fas, c\u00f3mo habla de su Coraz\u00f3n que tanto am\u00f3 a los hombres. Y \u00c9l nos dice: &#8220;El secreto es aprender de m\u00ed (esta es Su ense\u00f1anza), aprender de m\u00ed que soy manso y humilde de coraz\u00f3n, y encontrar\u00e1n la paz en sus almas&#8221;.<\/p>\t\t\t\t\t\t\t\t<\/div>\n\t\t\t\t<\/div>\n\t\t\t\t<div class=\"elementor-element elementor-element-60099f68 sourcecitation elementor-widget elementor-widget-heading\" data-id=\"60099f68\" data-element_type=\"widget\" data-e-type=\"widget\" data-widget_type=\"heading.default\">\n\t\t\t\t<div class=\"elementor-widget-container\">\n\t\t\t\t\t<p class=\"elementor-heading-title elementor-size-large\">Retiro de la Fraternidad de Jes\u00fas 30-31\/12\/1977\n\n<\/p>\t\t\t\t<\/div>\n\t\t\t\t<\/div>\n\t\t\t\t\t<\/div>\n\t\t<\/div>\n\t\t\t\t\t<\/div>\n\t\t<\/section>\n\t\t\t\t<section class=\"elementor-section elementor-top-section elementor-element elementor-element-5d62eed6 animated-slow elementor-section-boxed elementor-section-height-default elementor-section-height-default elementor-invisible\" data-id=\"5d62eed6\" data-element_type=\"section\" data-e-type=\"section\" data-settings=\"{&quot;animation&quot;:&quot;fadeIn&quot;}\">\n\t\t\t\t\t\t<div class=\"elementor-container elementor-column-gap-default\">\n\t\t\t\t\t<div class=\"elementor-column elementor-col-100 elementor-top-column elementor-element elementor-element-72ad48b6\" data-id=\"72ad48b6\" data-element_type=\"column\" data-e-type=\"column\">\n\t\t\t<div class=\"elementor-widget-wrap elementor-element-populated\">\n\t\t\t\t\t\t<div class=\"elementor-element elementor-element-331574fc citationserif elementor-invisible elementor-widget elementor-widget-heading\" data-id=\"331574fc\" data-element_type=\"widget\" data-e-type=\"widget\" data-settings=\"{&quot;_animation&quot;:&quot;fadeIn&quot;}\" data-widget_type=\"heading.default\">\n\t\t\t\t<div class=\"elementor-widget-container\">\n\t\t\t\t\t<h3 class=\"elementor-heading-title elementor-size-default\">Dije que hab\u00eda un sentimiento de que Paray-le-Monial <br \/>se convertir\u00eda en capital de oraci\u00f3n y adoraci\u00f3n.\n\n<\/h3>\t\t\t\t<\/div>\n\t\t\t\t<\/div>\n\t\t\t\t<div class=\"elementor-element elementor-element-4cc712c5 sourcecitation elementor-widget elementor-widget-heading\" data-id=\"4cc712c5\" data-element_type=\"widget\" data-e-type=\"widget\" data-widget_type=\"heading.default\">\n\t\t\t\t<div class=\"elementor-widget-container\">\n\t\t\t\t\t<p class=\"elementor-heading-title elementor-size-large\">Fin de semana comunitario\n25\/09\/1983\n\n<\/p>\t\t\t\t<\/div>\n\t\t\t\t<\/div>\n\t\t\t\t\t<\/div>\n\t\t<\/div>\n\t\t\t\t\t<\/div>\n\t\t<\/section>\n\t\t\t\t<section class=\"elementor-section elementor-top-section elementor-element elementor-element-71be0fec elementor-section-boxed elementor-section-height-default elementor-section-height-default\" data-id=\"71be0fec\" data-element_type=\"section\" data-e-type=\"section\">\n\t\t\t\t\t\t<div class=\"elementor-container elementor-column-gap-default\">\n\t\t\t\t\t<div class=\"elementor-column elementor-col-100 elementor-top-column elementor-element elementor-element-6b6ddb2a\" data-id=\"6b6ddb2a\" data-element_type=\"column\" data-e-type=\"column\">\n\t\t\t<div class=\"elementor-widget-wrap elementor-element-populated\">\n\t\t\t\t\t\t<div class=\"elementor-element elementor-element-48300380 elementor-widget elementor-widget-text-editor\" data-id=\"48300380\" data-element_type=\"widget\" data-e-type=\"widget\" data-widget_type=\"text-editor.default\">\n\t\t\t\t<div class=\"elementor-widget-container\">\n\t\t\t\t\t\t\t\t\t<p>Les digo que oren y pidan al Se\u00f1or que salve verdaderamente al mundo. Porque si el mundo tiene un coraz\u00f3n puro y un coraz\u00f3n generoso, el mundo ser\u00e1 salvado. Paray es un centro global. Hay que entender la fuerza y el poder que \u00c9l [el Se\u00f1or] pone en esta acci\u00f3n para que irradie en el mundo. [&#8230;] Habr\u00e1n multitudes que vendr\u00e1n a calentarse al Coraz\u00f3n del Se\u00f1or. As\u00ed que oremos, adoremos y demos gracias. Pero, sobre todo, pidamos la humildad de coraz\u00f3n para todos nosotros.<\/p>\t\t\t\t\t\t\t\t<\/div>\n\t\t\t\t<\/div>\n\t\t\t\t<div class=\"elementor-element elementor-element-66de1848 sourcecitation elementor-widget elementor-widget-heading\" data-id=\"66de1848\" data-element_type=\"widget\" data-e-type=\"widget\" data-widget_type=\"heading.default\">\n\t\t\t\t<div class=\"elementor-widget-container\">\n\t\t\t\t\t<p class=\"elementor-heading-title elementor-size-large\">Retiro de la Fraternidad de Jes\u00fas 30\/12\/1982\n\n<\/p>\t\t\t\t<\/div>\n\t\t\t\t<\/div>\n\t\t\t\t\t<\/div>\n\t\t<\/div>\n\t\t\t\t\t<\/div>\n\t\t<\/section>\n\t\t\t\t<section class=\"elementor-section elementor-top-section elementor-element elementor-element-35d415ba elementor-section-boxed elementor-section-height-default elementor-section-height-default\" data-id=\"35d415ba\" data-element_type=\"section\" data-e-type=\"section\">\n\t\t\t\t\t\t<div class=\"elementor-container elementor-column-gap-default\">\n\t\t\t\t\t<div class=\"elementor-column elementor-col-100 elementor-top-column elementor-element elementor-element-787931\" data-id=\"787931\" data-element_type=\"column\" data-e-type=\"column\">\n\t\t\t<div class=\"elementor-widget-wrap elementor-element-populated\">\n\t\t\t\t\t\t<div class=\"elementor-element elementor-element-6ba6205f elementor-widget elementor-widget-text-editor\" data-id=\"6ba6205f\" data-element_type=\"widget\" data-e-type=\"widget\" data-widget_type=\"text-editor.default\">\n\t\t\t\t<div class=\"elementor-widget-container\">\n\t\t\t\t\t\t\t\t\t<p>Podemos venir [a Paray] y reconstruiremos nuestra fuerza en la adoraci\u00f3n de coraz\u00f3n a coraz\u00f3n con el Se\u00f1or. [&#8230;] Lo que se necesita es poder orar y realmente ayudar a las personas a transformarse. Y es por eso que ustedes mismos est\u00e1n aqu\u00ed. Pero tambi\u00e9n es especialmente orar por las conversiones. Porque la tierra se est\u00e1 enfriando actualmente y Jes\u00fas vino a calentarnos. \u00c9l dijo: &#8220;En el fin del mundo, \u00bfcreen que habr\u00e1 fe en la tierra?&#8221; \u00c9l dijo: &#8220;El coraz\u00f3n se enfriar\u00e1, la caridad se enfriar\u00e1&#8221;. Y debemos ser capaces, gracias al Coraz\u00f3n del Se\u00f1or, de transformar a las personas poco a poco. Y esto, no solo en Francia y en el extranjero, sino tambi\u00e9n en todo el mundo, en Am\u00e9rica Latina, por ejemplo, donde han mantenido un culto al Sagrado Coraz\u00f3n, una profunda devoci\u00f3n. Bueno, realmente, podemos actuar con ellos.<\/p>\t\t\t\t\t\t\t\t<\/div>\n\t\t\t\t<\/div>\n\t\t\t\t<div class=\"elementor-element elementor-element-3c2be037 sourcecitation elementor-widget elementor-widget-heading\" data-id=\"3c2be037\" data-element_type=\"widget\" data-e-type=\"widget\" data-widget_type=\"heading.default\">\n\t\t\t\t<div class=\"elementor-widget-container\">\n\t\t\t\t\t<p class=\"elementor-heading-title elementor-size-large\">Retiro de la Fraternidad de Jes\u00fas 30\/12\/1982\n\n<\/p>\t\t\t\t<\/div>\n\t\t\t\t<\/div>\n\t\t\t\t\t<\/div>\n\t\t<\/div>\n\t\t\t\t\t<\/div>\n\t\t<\/section>\n\t\t\t\t<section class=\"elementor-section elementor-top-section elementor-element elementor-element-7c348eb4 elementor-section-boxed elementor-section-height-default elementor-section-height-default\" data-id=\"7c348eb4\" data-element_type=\"section\" data-e-type=\"section\">\n\t\t\t\t\t\t<div class=\"elementor-container elementor-column-gap-default\">\n\t\t\t\t\t<div class=\"elementor-column elementor-col-100 elementor-top-column elementor-element elementor-element-74f6f49c\" data-id=\"74f6f49c\" data-element_type=\"column\" data-e-type=\"column\">\n\t\t\t<div class=\"elementor-widget-wrap elementor-element-populated\">\n\t\t\t\t\t\t<div class=\"elementor-element elementor-element-6eb51bbc elementor-widget elementor-widget-text-editor\" data-id=\"6eb51bbc\" data-element_type=\"widget\" data-e-type=\"widget\" data-widget_type=\"text-editor.default\">\n\t\t\t\t<div class=\"elementor-widget-container\">\n\t\t\t\t\t\t\t\t\t<p>Diremos: &#8220;Est\u00e1 bien Paray&#8230; \u00a1ustedes son unos miles! Pero tambi\u00e9n siento que existe el pueblo de Dios. Hay gente muy sencilla, muy pobre, que tiene muchas dificultades, con muchos problemas, pero el Se\u00f1or los ama. Y como \u00c9l dijo: &#8220;No vine por los justos, sino por los pecadores&#8221;. Y es &#8220;ese Coraz\u00f3n que tanto ha amado a los hombres&#8221;, el que desea amarlos y hacerles entenderlo cada vez m\u00e1s. [&#8230;] Adem\u00e1s, no lo es todo el que la gente venga a Paray, tienen que convertirse y debe haber un seguimiento. Bien, si podemos enviarles una revista que les cuente sobre las gracias de Paray durante todo el a\u00f1o y apoye sus corazones, creo que realmente podemos ayudarlos. (En ese momento, Pierre estaba considerando publicar una revista de amplia circulaci\u00f3n, Los Amigos de Jes\u00fas).<\/p>\t\t\t\t\t\t\t\t<\/div>\n\t\t\t\t<\/div>\n\t\t\t\t<div class=\"elementor-element elementor-element-23359da8 sourcecitation elementor-widget elementor-widget-heading\" data-id=\"23359da8\" data-element_type=\"widget\" data-e-type=\"widget\" data-widget_type=\"heading.default\">\n\t\t\t\t<div class=\"elementor-widget-container\">\n\t\t\t\t\t<p class=\"elementor-heading-title elementor-size-large\">Retiro de la Fraternidad de Jes\u00fas 30\/12\/1982\n\n<\/p>\t\t\t\t<\/div>\n\t\t\t\t<\/div>\n\t\t\t\t\t<\/div>\n\t\t<\/div>\n\t\t\t\t\t<\/div>\n\t\t<\/section>\n\t\t\t\t<section class=\"elementor-section elementor-top-section elementor-element elementor-element-5d4c9aff elementor-section-boxed elementor-section-height-default elementor-section-height-default\" data-id=\"5d4c9aff\" data-element_type=\"section\" data-e-type=\"section\">\n\t\t\t\t\t\t<div class=\"elementor-container elementor-column-gap-default\">\n\t\t\t\t\t<div class=\"elementor-column elementor-col-100 elementor-top-column elementor-element elementor-element-5a01acfd\" data-id=\"5a01acfd\" data-element_type=\"column\" data-e-type=\"column\">\n\t\t\t<div class=\"elementor-widget-wrap elementor-element-populated\">\n\t\t\t\t\t\t<div class=\"elementor-element elementor-element-62a02679 elementor-widget elementor-widget-text-editor\" data-id=\"62a02679\" data-element_type=\"widget\" data-e-type=\"widget\" data-widget_type=\"text-editor.default\">\n\t\t\t\t<div class=\"elementor-widget-container\">\n\t\t\t\t\t\t\t\t\t<p>Entonces hay realmente un deseo del Coraz\u00f3n del Se\u00f1or de que vengamos a \u00c9l y encontremos estas gracias, y que \u00c9l nos transforme&#8230; Especialmente en una \u00e9poca en que, cada vez m\u00e1s, las personas tienen una caridad que se est\u00e1 extinguiendo. &#8220;El amor se est\u00e1 enfriando&#8221;, y este es precisamente el drama de las familias. El amor es el cimiento de las familias; cuando el amor desaparece, los hogares se destruyen a s\u00ed mismos&#8230; Este amor realmente necesita ser devuelto a nosotros. Pero no hay nada mejor y m\u00e1s eficaz que pedir al Coraz\u00f3n del Se\u00f1or, que es fuego ardiente de caridad, que nos d\u00e9 este amor.<\/p>\t\t\t\t\t\t\t\t<\/div>\n\t\t\t\t<\/div>\n\t\t\t\t<div class=\"elementor-element elementor-element-5dccd48a sourcecitation elementor-widget elementor-widget-heading\" data-id=\"5dccd48a\" data-element_type=\"widget\" data-e-type=\"widget\" data-widget_type=\"heading.default\">\n\t\t\t\t<div class=\"elementor-widget-container\">\n\t\t\t\t\t<p class=\"elementor-heading-title elementor-size-large\">Fin de semana comunitario 23\/24\/04\/1983\n\n<\/p>\t\t\t\t<\/div>\n\t\t\t\t<\/div>\n\t\t\t\t\t<\/div>\n\t\t<\/div>\n\t\t\t\t\t<\/div>\n\t\t<\/section>\n\t\t\t\t<section class=\"elementor-section elementor-top-section elementor-element elementor-element-8322c4d elementor-section-boxed elementor-section-height-default elementor-section-height-default\" data-id=\"8322c4d\" data-element_type=\"section\" data-e-type=\"section\">\n\t\t\t\t\t\t<div class=\"elementor-container elementor-column-gap-default\">\n\t\t\t\t\t<div class=\"elementor-column elementor-col-100 elementor-top-column elementor-element elementor-element-6389527\" data-id=\"6389527\" data-element_type=\"column\" data-e-type=\"column\">\n\t\t\t<div class=\"elementor-widget-wrap elementor-element-populated\">\n\t\t\t\t\t\t<div class=\"elementor-element elementor-element-8ffacad elementor-widget elementor-widget-text-editor\" data-id=\"8ffacad\" data-element_type=\"widget\" data-e-type=\"widget\" data-widget_type=\"text-editor.default\">\n\t\t\t\t<div class=\"elementor-widget-container\">\n\t\t\t\t\t\t\t\t\tEn Paray-le-Monial hay una efusi\u00f3n continua del Esp\u00edritu que brota del Coraz\u00f3n traspasado del Se\u00f1or. Esta es la causa de la misteriosa influencia de Paray-le-Monial. &#8220;En los \u00faltimos d\u00edas, la caridad se enfriar\u00e1&#8221;, hab\u00eda dicho el Se\u00f1or. Por eso el Coraz\u00f3n de Jes\u00fas, horno ardiente de caridad, fue devuelto a las familias para renovarlas, para encenderlas con Su Amor. \n\n\t\t\t\t\t\t\t\t<\/div>\n\t\t\t\t<\/div>\n\t\t\t\t<div class=\"elementor-element elementor-element-cc605a4 sourcecitation elementor-widget elementor-widget-heading\" data-id=\"cc605a4\" data-element_type=\"widget\" data-e-type=\"widget\" data-widget_type=\"heading.default\">\n\t\t\t\t<div class=\"elementor-widget-container\">\n\t\t\t\t\t<p class=\"elementor-heading-title elementor-size-large\">Retiro de la Fraternidad de Jes\u00fas. Semana Santa de 1983\n\n<\/p>\t\t\t\t<\/div>\n\t\t\t\t<\/div>\n\t\t\t\t\t<\/div>\n\t\t<\/div>\n\t\t\t\t\t<\/div>\n\t\t<\/section>\n\t\t\t\t<section class=\"elementor-section elementor-top-section elementor-element elementor-element-2ddfbe2 elementor-section-boxed elementor-section-height-default elementor-section-height-default\" data-id=\"2ddfbe2\" data-element_type=\"section\" data-e-type=\"section\">\n\t\t\t\t\t\t<div class=\"elementor-container elementor-column-gap-default\">\n\t\t\t\t\t<div class=\"elementor-column elementor-col-100 elementor-top-column elementor-element elementor-element-2430746\" data-id=\"2430746\" data-element_type=\"column\" data-e-type=\"column\">\n\t\t\t<div class=\"elementor-widget-wrap elementor-element-populated\">\n\t\t\t\t\t\t<div class=\"elementor-element elementor-element-945e4d3 citationserif elementor-widget elementor-widget-heading\" data-id=\"945e4d3\" data-element_type=\"widget\" data-e-type=\"widget\" data-settings=\"{&quot;_animation&quot;:&quot;none&quot;}\" data-widget_type=\"heading.default\">\n\t\t\t\t<div class=\"elementor-widget-container\">\n\t\t\t\t\t<h4 class=\"elementor-heading-title elementor-size-medium\">Mar\u00eda Madre<\/h4>\t\t\t\t<\/div>\n\t\t\t\t<\/div>\n\t\t\t\t\t<\/div>\n\t\t<\/div>\n\t\t\t\t\t<\/div>\n\t\t<\/section>\n\t\t\t\t<section class=\"elementor-section elementor-top-section elementor-element elementor-element-4cdba5e0 elementor-section-boxed elementor-section-height-default elementor-section-height-default\" data-id=\"4cdba5e0\" data-element_type=\"section\" data-e-type=\"section\">\n\t\t\t\t\t\t<div class=\"elementor-container elementor-column-gap-default\">\n\t\t\t\t\t<div class=\"elementor-column elementor-col-100 elementor-top-column elementor-element elementor-element-4a800527\" data-id=\"4a800527\" data-element_type=\"column\" data-e-type=\"column\">\n\t\t\t<div class=\"elementor-widget-wrap elementor-element-populated\">\n\t\t\t\t\t\t<div class=\"elementor-element elementor-element-543a349 elementor-widget elementor-widget-text-editor\" data-id=\"543a349\" data-element_type=\"widget\" data-e-type=\"widget\" data-widget_type=\"text-editor.default\">\n\t\t\t\t<div class=\"elementor-widget-container\">\n\t\t\t\t\t\t\t\t\t<p>Nosotros, que somos hermanos de Jes\u00fas, llegamos a ser como hijos peque\u00f1os de Mar\u00eda. Esto nos da una gracia de abandono como un ni\u00f1o en las manos de Mar\u00eda. Porque Mar\u00eda nos recibe como madre, nos recibe como hijos en su vientre. Debemos vivir en el abandono como ni\u00f1os peque\u00f1os.<\/p>\t\t\t\t\t\t\t\t<\/div>\n\t\t\t\t<\/div>\n\t\t\t\t<div class=\"elementor-element elementor-element-574e17d8 sourcecitation elementor-widget elementor-widget-heading\" data-id=\"574e17d8\" data-element_type=\"widget\" data-e-type=\"widget\" data-widget_type=\"heading.default\">\n\t\t\t\t<div class=\"elementor-widget-container\">\n\t\t\t\t\t<p class=\"elementor-heading-title elementor-size-large\">Fin de semana comunitario cerca de Barcelona 29\/05\/1988\n\n<\/p>\t\t\t\t<\/div>\n\t\t\t\t<\/div>\n\t\t\t\t\t<\/div>\n\t\t<\/div>\n\t\t\t\t\t<\/div>\n\t\t<\/section>\n\t\t\t\t<section class=\"elementor-section elementor-top-section elementor-element elementor-element-9d56740 elementor-section-boxed elementor-section-height-default elementor-section-height-default\" data-id=\"9d56740\" data-element_type=\"section\" data-e-type=\"section\">\n\t\t\t\t\t\t<div class=\"elementor-container elementor-column-gap-default\">\n\t\t\t\t\t<div class=\"elementor-column elementor-col-100 elementor-top-column elementor-element elementor-element-f1404a7\" data-id=\"f1404a7\" data-element_type=\"column\" data-e-type=\"column\">\n\t\t\t<div class=\"elementor-widget-wrap elementor-element-populated\">\n\t\t\t\t\t\t<div class=\"elementor-element elementor-element-e373ab1 elementor-widget elementor-widget-text-editor\" data-id=\"e373ab1\" data-element_type=\"widget\" data-e-type=\"widget\" data-widget_type=\"text-editor.default\">\n\t\t\t\t<div class=\"elementor-widget-container\">\n\t\t\t\t\t\t\t\t\t<p>Creo que realmente podemos confiar en Mar\u00eda. Con Mar\u00eda tenemos confianza, ella es realmente nuestra madre, con ella todo es simple.<\/p>\t\t\t\t\t\t\t\t<\/div>\n\t\t\t\t<\/div>\n\t\t\t\t<div class=\"elementor-element elementor-element-64de08e sourcecitation elementor-widget elementor-widget-heading\" data-id=\"64de08e\" data-element_type=\"widget\" data-e-type=\"widget\" data-widget_type=\"heading.default\">\n\t\t\t\t<div class=\"elementor-widget-container\">\n\t\t\t\t\t<p class=\"elementor-heading-title elementor-size-large\">Retiro de la Fraternidad de Jes\u00fas 08\/1979 \n\n<\/p>\t\t\t\t<\/div>\n\t\t\t\t<\/div>\n\t\t\t\t\t<\/div>\n\t\t<\/div>\n\t\t\t\t\t<\/div>\n\t\t<\/section>\n\t\t\t\t<section class=\"elementor-section elementor-top-section elementor-element elementor-element-8445eae animated-slow elementor-section-boxed elementor-section-height-default elementor-section-height-default elementor-invisible\" data-id=\"8445eae\" data-element_type=\"section\" data-e-type=\"section\" data-settings=\"{&quot;animation&quot;:&quot;fadeIn&quot;}\">\n\t\t\t\t\t\t<div class=\"elementor-container elementor-column-gap-default\">\n\t\t\t\t\t<div class=\"elementor-column elementor-col-100 elementor-top-column elementor-element elementor-element-dd5b87b\" data-id=\"dd5b87b\" data-element_type=\"column\" data-e-type=\"column\">\n\t\t\t<div class=\"elementor-widget-wrap elementor-element-populated\">\n\t\t\t\t\t\t<div class=\"elementor-element elementor-element-164a709 citationserif elementor-invisible elementor-widget elementor-widget-heading\" data-id=\"164a709\" data-element_type=\"widget\" data-e-type=\"widget\" data-settings=\"{&quot;_animation&quot;:&quot;fadeIn&quot;}\" data-widget_type=\"heading.default\">\n\t\t\t\t<div class=\"elementor-widget-container\">\n\t\t\t\t\t<h3 class=\"elementor-heading-title elementor-size-default\">Es muy importante tener una madre. <br \/>Mar\u00eda es la madre de Emmanuel.\n\n<\/h3>\t\t\t\t<\/div>\n\t\t\t\t<\/div>\n\t\t\t\t<div class=\"elementor-element elementor-element-9825c0a sourcecitation elementor-widget elementor-widget-heading\" data-id=\"9825c0a\" data-element_type=\"widget\" data-e-type=\"widget\" data-widget_type=\"heading.default\">\n\t\t\t\t<div class=\"elementor-widget-container\">\n\t\t\t\t\t<p class=\"elementor-heading-title elementor-size-large\">Jornada \"Emmanuel\" conjunta 13\/03\/1976\n\n<\/p>\t\t\t\t<\/div>\n\t\t\t\t<\/div>\n\t\t\t\t\t<\/div>\n\t\t<\/div>\n\t\t\t\t\t<\/div>\n\t\t<\/section>\n\t\t\t\t<section class=\"elementor-section elementor-top-section elementor-element elementor-element-33209dea elementor-section-boxed elementor-section-height-default elementor-section-height-default\" data-id=\"33209dea\" data-element_type=\"section\" data-e-type=\"section\">\n\t\t\t\t\t\t<div class=\"elementor-container elementor-column-gap-default\">\n\t\t\t\t\t<div class=\"elementor-column elementor-col-100 elementor-top-column elementor-element elementor-element-5b3e1098\" data-id=\"5b3e1098\" data-element_type=\"column\" data-e-type=\"column\">\n\t\t\t<div class=\"elementor-widget-wrap elementor-element-populated\">\n\t\t\t\t\t\t<div class=\"elementor-element elementor-element-62cac47d elementor-widget elementor-widget-text-editor\" data-id=\"62cac47d\" data-element_type=\"widget\" data-e-type=\"widget\" data-widget_type=\"text-editor.default\">\n\t\t\t\t<div class=\"elementor-widget-container\">\n\t\t\t\t\t\t\t\t\t<p>Un punto muy importante es tener una madre&#8230; Una madre: ella es la madre de Emmanuel y eso es muy importante. As\u00ed que, con Mar\u00eda fluye solo.<\/p>\t\t\t\t\t\t\t\t<\/div>\n\t\t\t\t<\/div>\n\t\t\t\t<div class=\"elementor-element elementor-element-63ddc9c0 sourcecitation elementor-widget elementor-widget-heading\" data-id=\"63ddc9c0\" data-element_type=\"widget\" data-e-type=\"widget\" data-widget_type=\"heading.default\">\n\t\t\t\t<div class=\"elementor-widget-container\">\n\t\t\t\t\t<p class=\"elementor-heading-title elementor-size-large\">Jornada \"Emmanuel\" conjunta 13\/03\/1976<\/p>\t\t\t\t<\/div>\n\t\t\t\t<\/div>\n\t\t\t\t\t<\/div>\n\t\t<\/div>\n\t\t\t\t\t<\/div>\n\t\t<\/section>\n\t\t\t\t<section class=\"elementor-section elementor-top-section elementor-element elementor-element-397594b7 elementor-section-boxed elementor-section-height-default elementor-section-height-default\" data-id=\"397594b7\" data-element_type=\"section\" data-e-type=\"section\">\n\t\t\t\t\t\t<div class=\"elementor-container elementor-column-gap-default\">\n\t\t\t\t\t<div class=\"elementor-column elementor-col-100 elementor-top-column elementor-element elementor-element-5d6945bd\" data-id=\"5d6945bd\" data-element_type=\"column\" data-e-type=\"column\">\n\t\t\t<div class=\"elementor-widget-wrap elementor-element-populated\">\n\t\t\t\t\t\t<div class=\"elementor-element elementor-element-7081678 elementor-widget elementor-widget-text-editor\" data-id=\"7081678\" data-element_type=\"widget\" data-e-type=\"widget\" data-widget_type=\"text-editor.default\">\n\t\t\t\t<div class=\"elementor-widget-container\">\n\t\t\t\t\t\t\t\t\t<p>En verdad Mar\u00eda nos ayuda enormemente&#8230; Recuerdo que cuando era peque\u00f1o ten\u00eda una gran confianza en mi madre y tuve que ser operado, creo por apendicitis. Mi hermano peque\u00f1o hab\u00eda sido operado antes, hab\u00eda sido una operaci\u00f3n que hab\u00eda ido muy mal. [&#8230;] Unos meses m\u00e1s tarde, \u00a1no fue muy divertido que me operaran! No pod\u00edan contarme historias y decir: &#8220;\u00a1No, no importa!&#8221; [su hermano hab\u00eda muerto]. Y finalmente mam\u00e1 consigui\u00f3 entrar a la sala de operaciones sosteniendo mi mano justo cuando me estaba quedando dormido. Bueno, yo estaba relajado y luego ella me dec\u00eda: &#8220;Pero ni siquiera presionaste (con la mano), estabas todo relajado&#8221;. Y le dije: &#8220;\u00a1Pero claro, me dijiste que no sufrir\u00eda, tuve confianza!&#8221; y eso es: con Mar\u00eda tenemos confianza, ella es realmente nuestra madre y entonces todo es sencillo.<\/p>\t\t\t\t\t\t\t\t<\/div>\n\t\t\t\t<\/div>\n\t\t\t\t<div class=\"elementor-element elementor-element-23113b58 sourcecitation elementor-widget elementor-widget-heading\" data-id=\"23113b58\" data-element_type=\"widget\" data-e-type=\"widget\" data-widget_type=\"heading.default\">\n\t\t\t\t<div class=\"elementor-widget-container\">\n\t\t\t\t\t<p class=\"elementor-heading-title elementor-size-large\">Retiro de la Fraternidad de Jes\u00fas 08\/1979 \n\n<\/p>\t\t\t\t<\/div>\n\t\t\t\t<\/div>\n\t\t\t\t\t<\/div>\n\t\t<\/div>\n\t\t\t\t\t<\/div>\n\t\t<\/section>\n\t\t\t\t<section class=\"elementor-section elementor-top-section elementor-element elementor-element-3927627 elementor-section-boxed elementor-section-height-default elementor-section-height-default\" data-id=\"3927627\" data-element_type=\"section\" data-e-type=\"section\">\n\t\t\t\t\t\t<div class=\"elementor-container elementor-column-gap-default\">\n\t\t\t\t\t<div class=\"elementor-column elementor-col-100 elementor-top-column elementor-element elementor-element-72726fc1\" data-id=\"72726fc1\" data-element_type=\"column\" data-e-type=\"column\">\n\t\t\t<div class=\"elementor-widget-wrap elementor-element-populated\">\n\t\t\t\t\t\t<div class=\"elementor-element elementor-element-35916f66 elementor-widget elementor-widget-text-editor\" data-id=\"35916f66\" data-element_type=\"widget\" data-e-type=\"widget\" data-widget_type=\"text-editor.default\">\n\t\t\t\t<div class=\"elementor-widget-container\">\n\t\t\t\t\t\t\t\t\t<p>Nosotros que, por el Esp\u00edritu, somos de Jes\u00fas y Mar\u00eda llegamos a ser como hijitos de Mar\u00eda. Esto nos da esta gracia de abandono como un ni\u00f1o en las manos de Mar\u00eda. Porque Mar\u00eda nos recibe como madre, nos recibe como hijos en su vientre. [&#8230;] Y Pierre a\u00f1ade: Debemos ser como un feto en el vientre de Mar\u00eda. En el vientre de Mar\u00eda vivimos de su sangre.<\/p>\t\t\t\t\t\t\t\t<\/div>\n\t\t\t\t<\/div>\n\t\t\t\t<div class=\"elementor-element elementor-element-72776bba sourcecitation elementor-widget elementor-widget-heading\" data-id=\"72776bba\" data-element_type=\"widget\" data-e-type=\"widget\" data-widget_type=\"heading.default\">\n\t\t\t\t<div class=\"elementor-widget-container\">\n\t\t\t\t\t<p class=\"elementor-heading-title elementor-size-large\">Fin de semana comunitario cerca de Barcelona 29\/05\/1988\n\n<\/p>\t\t\t\t<\/div>\n\t\t\t\t<\/div>\n\t\t\t\t\t<\/div>\n\t\t<\/div>\n\t\t\t\t\t<\/div>\n\t\t<\/section>\n\t\t\t\t<section class=\"elementor-section elementor-top-section elementor-element elementor-element-1c55f27d animated-slow elementor-section-boxed elementor-section-height-default elementor-section-height-default elementor-invisible\" data-id=\"1c55f27d\" data-element_type=\"section\" data-e-type=\"section\" data-settings=\"{&quot;animation&quot;:&quot;fadeIn&quot;}\">\n\t\t\t\t\t\t<div class=\"elementor-container elementor-column-gap-default\">\n\t\t\t\t\t<div class=\"elementor-column elementor-col-100 elementor-top-column elementor-element elementor-element-4be367b9\" data-id=\"4be367b9\" data-element_type=\"column\" data-e-type=\"column\">\n\t\t\t<div class=\"elementor-widget-wrap elementor-element-populated\">\n\t\t\t\t\t\t<div class=\"elementor-element elementor-element-44c96405 citationserif elementor-invisible elementor-widget elementor-widget-heading\" data-id=\"44c96405\" data-element_type=\"widget\" data-e-type=\"widget\" data-settings=\"{&quot;_animation&quot;:&quot;fadeIn&quot;}\" data-widget_type=\"heading.default\">\n\t\t\t\t<div class=\"elementor-widget-container\">\n\t\t\t\t\t<h3 class=\"elementor-heading-title elementor-size-default\">Es un misterio de maternidad. Verdaderamente <br \/>Mar\u00eda nos da a luz en el sufrimiento.\n\n<\/h3>\t\t\t\t<\/div>\n\t\t\t\t<\/div>\n\t\t\t\t<div class=\"elementor-element elementor-element-2f66e1a4 sourcecitation elementor-widget elementor-widget-heading\" data-id=\"2f66e1a4\" data-element_type=\"widget\" data-e-type=\"widget\" data-widget_type=\"heading.default\">\n\t\t\t\t<div class=\"elementor-widget-container\">\n\t\t\t\t\t<p class=\"elementor-heading-title elementor-size-large\">Fin de semana comunitario 20\/09\/1981\n\n<\/p>\t\t\t\t<\/div>\n\t\t\t\t<\/div>\n\t\t\t\t\t<\/div>\n\t\t<\/div>\n\t\t\t\t\t<\/div>\n\t\t<\/section>\n\t\t\t\t<section class=\"elementor-section elementor-top-section elementor-element elementor-element-584ea3f elementor-section-boxed elementor-section-height-default elementor-section-height-default\" data-id=\"584ea3f\" data-element_type=\"section\" data-e-type=\"section\">\n\t\t\t\t\t\t<div class=\"elementor-container elementor-column-gap-default\">\n\t\t\t\t\t<div class=\"elementor-column elementor-col-100 elementor-top-column elementor-element elementor-element-723db4a6\" data-id=\"723db4a6\" data-element_type=\"column\" data-e-type=\"column\">\n\t\t\t<div class=\"elementor-widget-wrap elementor-element-populated\">\n\t\t\t\t\t\t<div class=\"elementor-element elementor-element-150d5d4e elementor-widget elementor-widget-text-editor\" data-id=\"150d5d4e\" data-element_type=\"widget\" data-e-type=\"widget\" data-widget_type=\"text-editor.default\">\n\t\t\t\t<div class=\"elementor-widget-container\">\n\t\t\t\t\t\t\t\t\t<p>El Se\u00f1or nos pide que seamos sencillos. Juan era sencillo \u00a1y notar\u00e1n que Juan sigui\u00f3 a Jes\u00fas hasta el final! \u00c9l estaba en la Cruz. No tuvo ning\u00fan problema con los guardias, no lo alejaron. Estaba cerca de Jes\u00fas y cerca de su Madre. El secreto de Juan era su Madre, la Madre de Jes\u00fas. Sigui\u00f3 a Mar\u00eda, [\u00e9l] el disc\u00edpulo a quien Jes\u00fas amaba, que hab\u00eda visto la lanza en su Coraz\u00f3n, \u00e9l es el \u00fanico que da testimonio del Esp\u00edritu, el agua y la sangre. Y Jes\u00fas le dio su Madre a Juan.<\/p>\t\t\t\t\t\t\t\t<\/div>\n\t\t\t\t<\/div>\n\t\t\t\t<div class=\"elementor-element elementor-element-5f6363d6 sourcecitation elementor-widget elementor-widget-heading\" data-id=\"5f6363d6\" data-element_type=\"widget\" data-e-type=\"widget\" data-widget_type=\"heading.default\">\n\t\t\t\t<div class=\"elementor-widget-container\">\n\t\t\t\t\t<p class=\"elementor-heading-title elementor-size-large\">Retiro de la Fraternidad de Jes\u00fas 12\/1980\n<\/p>\t\t\t\t<\/div>\n\t\t\t\t<\/div>\n\t\t\t\t\t<\/div>\n\t\t<\/div>\n\t\t\t\t\t<\/div>\n\t\t<\/section>\n\t\t\t\t<section class=\"elementor-section elementor-top-section elementor-element elementor-element-3e74376d elementor-section-boxed elementor-section-height-default elementor-section-height-default\" data-id=\"3e74376d\" data-element_type=\"section\" data-e-type=\"section\">\n\t\t\t\t\t\t<div class=\"elementor-container elementor-column-gap-default\">\n\t\t\t\t\t<div class=\"elementor-column elementor-col-100 elementor-top-column elementor-element elementor-element-53d32187\" data-id=\"53d32187\" data-element_type=\"column\" data-e-type=\"column\">\n\t\t\t<div class=\"elementor-widget-wrap elementor-element-populated\">\n\t\t\t\t\t\t<div class=\"elementor-element elementor-element-2cbc762e elementor-widget elementor-widget-text-editor\" data-id=\"2cbc762e\" data-element_type=\"widget\" data-e-type=\"widget\" data-widget_type=\"text-editor.default\">\n\t\t\t\t<div class=\"elementor-widget-container\">\n\t\t\t\t\t\t\t\t\t<p>El Se\u00f1or nos dice: &#8220;No entrar\u00e1s en el Reino de los Cielos a menos que sean como ni\u00f1os peque\u00f1os&#8221;. \u00a1As\u00ed que solo tenemos que volver a ser ni\u00f1os peque\u00f1os! \u00bfQu\u00e9 hacen los ni\u00f1os peque\u00f1os? Pues escuchan a su madre. Y bien, tenemos una madre que el Se\u00f1or nos ha dado. [&#8230;] Y si la escuchamos, simplifica mucho las cosas. [&#8230;] No somos personas blandas, somos personas que, siendo ni\u00f1os peque\u00f1os, creemos que todo es posible para Dios, siempre que permanezcamos bajo su movimiento, y que realmente permanezcamos atentos al Se\u00f1or y a Mar\u00eda. As\u00ed que en ese momento, \u00a1todo es posible para nosotros!<\/p>\t\t\t\t\t\t\t\t<\/div>\n\t\t\t\t<\/div>\n\t\t\t\t<div class=\"elementor-element elementor-element-fdfec08 sourcecitation elementor-widget elementor-widget-heading\" data-id=\"fdfec08\" data-element_type=\"widget\" data-e-type=\"widget\" data-widget_type=\"heading.default\">\n\t\t\t\t<div class=\"elementor-widget-container\">\n\t\t\t\t\t<p class=\"elementor-heading-title elementor-size-large\">Fin de semana comunitario\nPrimavera de 1979\n<\/p>\t\t\t\t<\/div>\n\t\t\t\t<\/div>\n\t\t\t\t\t<\/div>\n\t\t<\/div>\n\t\t\t\t\t<\/div>\n\t\t<\/section>\n\t\t\t\t<section class=\"elementor-section elementor-top-section elementor-element elementor-element-439046e elementor-section-boxed elementor-section-height-default elementor-section-height-default\" data-id=\"439046e\" data-element_type=\"section\" data-e-type=\"section\">\n\t\t\t\t\t\t<div class=\"elementor-container elementor-column-gap-default\">\n\t\t\t\t\t<div class=\"elementor-column elementor-col-100 elementor-top-column elementor-element elementor-element-b8398a3\" data-id=\"b8398a3\" data-element_type=\"column\" data-e-type=\"column\">\n\t\t\t<div class=\"elementor-widget-wrap elementor-element-populated\">\n\t\t\t\t\t\t<div class=\"elementor-element elementor-element-819798f citationserif elementor-widget elementor-widget-heading\" data-id=\"819798f\" data-element_type=\"widget\" data-e-type=\"widget\" data-settings=\"{&quot;_animation&quot;:&quot;none&quot;}\" data-widget_type=\"heading.default\">\n\t\t\t\t<div class=\"elementor-widget-container\">\n\t\t\t\t\t<h4 class=\"elementor-heading-title elementor-size-medium\">Humildad de Mar\u00eda<\/h4>\t\t\t\t<\/div>\n\t\t\t\t<\/div>\n\t\t\t\t\t<\/div>\n\t\t<\/div>\n\t\t\t\t\t<\/div>\n\t\t<\/section>\n\t\t\t\t<section class=\"elementor-section elementor-top-section elementor-element elementor-element-3147ca21 elementor-section-boxed elementor-section-height-default elementor-section-height-default\" data-id=\"3147ca21\" data-element_type=\"section\" data-e-type=\"section\">\n\t\t\t\t\t\t<div class=\"elementor-container elementor-column-gap-default\">\n\t\t\t\t\t<div class=\"elementor-column elementor-col-100 elementor-top-column elementor-element elementor-element-3fb81434\" data-id=\"3fb81434\" data-element_type=\"column\" data-e-type=\"column\">\n\t\t\t<div class=\"elementor-widget-wrap elementor-element-populated\">\n\t\t\t\t\t\t<div class=\"elementor-element elementor-element-2b3496cb elementor-widget elementor-widget-text-editor\" data-id=\"2b3496cb\" data-element_type=\"widget\" data-e-type=\"widget\" data-widget_type=\"text-editor.default\">\n\t\t\t\t<div class=\"elementor-widget-container\">\n\t\t\t\t\t\t\t\t\t<p>Mar\u00eda es muy importante para nosotros, porque es un modelo de humildad, de pureza y humildad.<\/p>\t\t\t\t\t\t\t\t<\/div>\n\t\t\t\t<\/div>\n\t\t\t\t<div class=\"elementor-element elementor-element-58c3f2c2 sourcecitation elementor-widget elementor-widget-heading\" data-id=\"58c3f2c2\" data-element_type=\"widget\" data-e-type=\"widget\" data-widget_type=\"heading.default\">\n\t\t\t\t<div class=\"elementor-widget-container\">\n\t\t\t\t\t<p class=\"elementor-heading-title elementor-size-large\">Fin de semana comunitario 14-15\/06\/1980\n\n<\/p>\t\t\t\t<\/div>\n\t\t\t\t<\/div>\n\t\t\t\t\t<\/div>\n\t\t<\/div>\n\t\t\t\t\t<\/div>\n\t\t<\/section>\n\t\t\t\t<section class=\"elementor-section elementor-top-section elementor-element elementor-element-3f96bf8f elementor-section-boxed elementor-section-height-default elementor-section-height-default\" data-id=\"3f96bf8f\" data-element_type=\"section\" data-e-type=\"section\">\n\t\t\t\t\t\t<div class=\"elementor-container elementor-column-gap-default\">\n\t\t\t\t\t<div class=\"elementor-column elementor-col-100 elementor-top-column elementor-element elementor-element-5a21c08\" data-id=\"5a21c08\" data-element_type=\"column\" data-e-type=\"column\">\n\t\t\t<div class=\"elementor-widget-wrap elementor-element-populated\">\n\t\t\t\t\t\t<div class=\"elementor-element elementor-element-f1ff721 elementor-widget elementor-widget-text-editor\" data-id=\"f1ff721\" data-element_type=\"widget\" data-e-type=\"widget\" data-widget_type=\"text-editor.default\">\n\t\t\t\t<div class=\"elementor-widget-container\">\n\t\t\t\t\t\t\t\t\t<p>T\u00fa (Mar\u00eda) eres el triunfo de la humildad. \u00bfC\u00f3mo se puede llegar a Jes\u00fas sin humildad?<\/p>\t\t\t\t\t\t\t\t<\/div>\n\t\t\t\t<\/div>\n\t\t\t\t<div class=\"elementor-element elementor-element-638a62b8 sourcecitation elementor-widget elementor-widget-heading\" data-id=\"638a62b8\" data-element_type=\"widget\" data-e-type=\"widget\" data-widget_type=\"heading.default\">\n\t\t\t\t<div class=\"elementor-widget-container\">\n\t\t\t\t\t<p class=\"elementor-heading-title elementor-size-large\">Oraci\u00f3n alrededor de 1973\n\n<\/p>\t\t\t\t<\/div>\n\t\t\t\t<\/div>\n\t\t\t\t\t<\/div>\n\t\t<\/div>\n\t\t\t\t\t<\/div>\n\t\t<\/section>\n\t\t\t\t<section class=\"elementor-section elementor-top-section elementor-element elementor-element-2ce0e27 elementor-section-boxed elementor-section-height-default elementor-section-height-default\" data-id=\"2ce0e27\" data-element_type=\"section\" data-e-type=\"section\">\n\t\t\t\t\t\t<div class=\"elementor-container elementor-column-gap-default\">\n\t\t\t\t\t<div class=\"elementor-column elementor-col-100 elementor-top-column elementor-element elementor-element-45817b5d\" data-id=\"45817b5d\" data-element_type=\"column\" data-e-type=\"column\">\n\t\t\t<div class=\"elementor-widget-wrap elementor-element-populated\">\n\t\t\t\t\t\t<div class=\"elementor-element elementor-element-2e642cbf elementor-widget elementor-widget-text-editor\" data-id=\"2e642cbf\" data-element_type=\"widget\" data-e-type=\"widget\" data-widget_type=\"text-editor.default\">\n\t\t\t\t<div class=\"elementor-widget-container\">\n\t\t\t\t\t\t\t\t\t<p>\u00a1Mar\u00eda! Mar\u00eda es la humildad misma, ella es la pureza misma. As\u00ed que, si le pedimos a Mar\u00eda, ella nos ayuda. \u00a1Pero hay que pedirle! Y entonces, estamos escondidos en el manto de Mar\u00eda y pasamos por este mundo.<\/p>\t\t\t\t\t\t\t\t<\/div>\n\t\t\t\t<\/div>\n\t\t\t\t<div class=\"elementor-element elementor-element-68fbe121 sourcecitation elementor-widget elementor-widget-heading\" data-id=\"68fbe121\" data-element_type=\"widget\" data-e-type=\"widget\" data-widget_type=\"heading.default\">\n\t\t\t\t<div class=\"elementor-widget-container\">\n\t\t\t\t\t<p class=\"elementor-heading-title elementor-size-large\">Retiro de la Fraternidad de Jes\u00fas \n24\/07\/1983\n<\/p>\t\t\t\t<\/div>\n\t\t\t\t<\/div>\n\t\t\t\t\t<\/div>\n\t\t<\/div>\n\t\t\t\t\t<\/div>\n\t\t<\/section>\n\t\t\t\t<section class=\"elementor-section elementor-top-section elementor-element elementor-element-39aff6d3 elementor-section-boxed elementor-section-height-default elementor-section-height-default\" data-id=\"39aff6d3\" data-element_type=\"section\" data-e-type=\"section\">\n\t\t\t\t\t\t<div class=\"elementor-container elementor-column-gap-default\">\n\t\t\t\t\t<div class=\"elementor-column elementor-col-100 elementor-top-column elementor-element elementor-element-33181a34\" data-id=\"33181a34\" data-element_type=\"column\" data-e-type=\"column\">\n\t\t\t<div class=\"elementor-widget-wrap elementor-element-populated\">\n\t\t\t\t\t\t<div class=\"elementor-element elementor-element-3ae4efc0 citationserif elementor-widget elementor-widget-heading\" data-id=\"3ae4efc0\" data-element_type=\"widget\" data-e-type=\"widget\" data-settings=\"{&quot;_animation&quot;:&quot;none&quot;}\" data-widget_type=\"heading.default\">\n\t\t\t\t<div class=\"elementor-widget-container\">\n\t\t\t\t\t<h4 class=\"elementor-heading-title elementor-size-medium\">Mar\u00eda gu\u00eda y protecci\u00f3n<\/h4>\t\t\t\t<\/div>\n\t\t\t\t<\/div>\n\t\t\t\t\t<\/div>\n\t\t<\/div>\n\t\t\t\t\t<\/div>\n\t\t<\/section>\n\t\t\t\t<section class=\"elementor-section elementor-top-section elementor-element elementor-element-305fbe86 elementor-section-boxed elementor-section-height-default elementor-section-height-default\" data-id=\"305fbe86\" data-element_type=\"section\" data-e-type=\"section\">\n\t\t\t\t\t\t<div class=\"elementor-container elementor-column-gap-default\">\n\t\t\t\t\t<div class=\"elementor-column elementor-col-100 elementor-top-column elementor-element elementor-element-10ef3f64\" data-id=\"10ef3f64\" data-element_type=\"column\" data-e-type=\"column\">\n\t\t\t<div class=\"elementor-widget-wrap elementor-element-populated\">\n\t\t\t\t\t\t<div class=\"elementor-element elementor-element-6fa64af5 elementor-widget elementor-widget-text-editor\" data-id=\"6fa64af5\" data-element_type=\"widget\" data-e-type=\"widget\" data-widget_type=\"text-editor.default\">\n\t\t\t\t<div class=\"elementor-widget-container\">\n\t\t\t\t\t\t\t\t\t<p>Estamos seguros de ser vencedores por Mar\u00eda. As\u00ed que, si confiamos en Mar\u00eda no tenemos nada que temer. Sabemos que tenemos al Se\u00f1or con nosotros, que Mar\u00eda est\u00e1 all\u00ed para protegernos.<\/p>\t\t\t\t\t\t\t\t<\/div>\n\t\t\t\t<\/div>\n\t\t\t\t<div class=\"elementor-element elementor-element-118afb40 sourcecitation elementor-widget elementor-widget-heading\" data-id=\"118afb40\" data-element_type=\"widget\" data-e-type=\"widget\" data-widget_type=\"heading.default\">\n\t\t\t\t<div class=\"elementor-widget-container\">\n\t\t\t\t\t<p class=\"elementor-heading-title elementor-size-large\">Fin de semana comunitario 15\/03\/1980<\/p>\t\t\t\t<\/div>\n\t\t\t\t<\/div>\n\t\t\t\t\t<\/div>\n\t\t<\/div>\n\t\t\t\t\t<\/div>\n\t\t<\/section>\n\t\t\t\t<section class=\"elementor-section elementor-top-section elementor-element elementor-element-dccfa6a elementor-section-boxed elementor-section-height-default elementor-section-height-default\" data-id=\"dccfa6a\" data-element_type=\"section\" data-e-type=\"section\">\n\t\t\t\t\t\t<div class=\"elementor-container elementor-column-gap-default\">\n\t\t\t\t\t<div class=\"elementor-column elementor-col-100 elementor-top-column elementor-element elementor-element-1cd567ac\" data-id=\"1cd567ac\" data-element_type=\"column\" data-e-type=\"column\">\n\t\t\t<div class=\"elementor-widget-wrap elementor-element-populated\">\n\t\t\t\t\t\t<div class=\"elementor-element elementor-element-419620ab elementor-widget elementor-widget-text-editor\" data-id=\"419620ab\" data-element_type=\"widget\" data-e-type=\"widget\" data-widget_type=\"text-editor.default\">\n\t\t\t\t<div class=\"elementor-widget-container\">\n\t\t\t\t\t\t\t\t\t<p>Mar\u00eda es verdaderamente la guardiana de la Comunidad. Ella es nuestro abrigo, con ella estamos protegidos<\/p>\t\t\t\t\t\t\t\t<\/div>\n\t\t\t\t<\/div>\n\t\t\t\t<div class=\"elementor-element elementor-element-17189858 sourcecitation elementor-widget elementor-widget-heading\" data-id=\"17189858\" data-element_type=\"widget\" data-e-type=\"widget\" data-widget_type=\"heading.default\">\n\t\t\t\t<div class=\"elementor-widget-container\">\n\t\t\t\t\t<p class=\"elementor-heading-title elementor-size-large\">Retiro de la Hermandad de Jes\u00fas. Agosto 78\n\n<\/p>\t\t\t\t<\/div>\n\t\t\t\t<\/div>\n\t\t\t\t\t<\/div>\n\t\t<\/div>\n\t\t\t\t\t<\/div>\n\t\t<\/section>\n\t\t\t\t<section class=\"elementor-section elementor-top-section elementor-element elementor-element-73a94247 animated-slow elementor-section-boxed elementor-section-height-default elementor-section-height-default elementor-invisible\" data-id=\"73a94247\" data-element_type=\"section\" data-e-type=\"section\" data-settings=\"{&quot;animation&quot;:&quot;fadeIn&quot;}\">\n\t\t\t\t\t\t<div class=\"elementor-container elementor-column-gap-default\">\n\t\t\t\t\t<div class=\"elementor-column elementor-col-100 elementor-top-column elementor-element elementor-element-38de042\" data-id=\"38de042\" data-element_type=\"column\" data-e-type=\"column\">\n\t\t\t<div class=\"elementor-widget-wrap elementor-element-populated\">\n\t\t\t\t\t\t<div class=\"elementor-element elementor-element-a8445cf citationserif elementor-invisible elementor-widget elementor-widget-heading\" data-id=\"a8445cf\" data-element_type=\"widget\" data-e-type=\"widget\" data-settings=\"{&quot;_animation&quot;:&quot;fadeIn&quot;}\" data-widget_type=\"heading.default\">\n\t\t\t\t<div class=\"elementor-widget-container\">\n\t\t\t\t\t<h3 class=\"elementor-heading-title elementor-size-default\">Si el diablo quiere atacarme, solo hay un remedio, y ese es Mar\u00eda.\n\n<\/h3>\t\t\t\t<\/div>\n\t\t\t\t<\/div>\n\t\t\t\t<div class=\"elementor-element elementor-element-7a5b5bae sourcecitation elementor-widget elementor-widget-heading\" data-id=\"7a5b5bae\" data-element_type=\"widget\" data-e-type=\"widget\" data-widget_type=\"heading.default\">\n\t\t\t\t<div class=\"elementor-widget-container\">\n\t\t\t\t\t<p class=\"elementor-heading-title elementor-size-large\">Fin de semana comunitario\n24-25\/11\/1984\n<\/p>\t\t\t\t<\/div>\n\t\t\t\t<\/div>\n\t\t\t\t\t<\/div>\n\t\t<\/div>\n\t\t\t\t\t<\/div>\n\t\t<\/section>\n\t\t\t\t<section class=\"elementor-section elementor-top-section elementor-element elementor-element-5629c185 elementor-section-boxed elementor-section-height-default elementor-section-height-default\" data-id=\"5629c185\" data-element_type=\"section\" data-e-type=\"section\">\n\t\t\t\t\t\t<div class=\"elementor-container elementor-column-gap-default\">\n\t\t\t\t\t<div class=\"elementor-column elementor-col-100 elementor-top-column elementor-element elementor-element-2d2cfad1\" data-id=\"2d2cfad1\" data-element_type=\"column\" data-e-type=\"column\">\n\t\t\t<div class=\"elementor-widget-wrap elementor-element-populated\">\n\t\t\t\t\t\t<div class=\"elementor-element elementor-element-6f5d8232 elementor-widget elementor-widget-text-editor\" data-id=\"6f5d8232\" data-element_type=\"widget\" data-e-type=\"widget\" data-widget_type=\"text-editor.default\">\n\t\t\t\t<div class=\"elementor-widget-container\">\n\t\t\t\t\t\t\t\t\t<p>Todos lo sentimos, est\u00e1 impl\u00edcito en todo lo que vivimos&#8230; \u00a1Ella es nuestro abrigo, estamos protegidos!<\/p>\t\t\t\t\t\t\t\t<\/div>\n\t\t\t\t<\/div>\n\t\t\t\t<div class=\"elementor-element elementor-element-e7ebe5e sourcecitation elementor-widget elementor-widget-heading\" data-id=\"e7ebe5e\" data-element_type=\"widget\" data-e-type=\"widget\" data-widget_type=\"heading.default\">\n\t\t\t\t<div class=\"elementor-widget-container\">\n\t\t\t\t\t<p class=\"elementor-heading-title elementor-size-large\">Retiro de la Fraternidad de Jes\u00fas. Agosto 78 10\/08\/1978 <\/p>\t\t\t\t<\/div>\n\t\t\t\t<\/div>\n\t\t\t\t\t<\/div>\n\t\t<\/div>\n\t\t\t\t\t<\/div>\n\t\t<\/section>\n\t\t\t\t<section class=\"elementor-section elementor-top-section elementor-element elementor-element-6f46a51c elementor-section-boxed elementor-section-height-default elementor-section-height-default\" data-id=\"6f46a51c\" data-element_type=\"section\" data-e-type=\"section\">\n\t\t\t\t\t\t<div class=\"elementor-container elementor-column-gap-default\">\n\t\t\t\t\t<div class=\"elementor-column elementor-col-100 elementor-top-column elementor-element elementor-element-1f1a3517\" data-id=\"1f1a3517\" data-element_type=\"column\" data-e-type=\"column\">\n\t\t\t<div class=\"elementor-widget-wrap elementor-element-populated\">\n\t\t\t\t\t\t<div class=\"elementor-element elementor-element-3dc00141 elementor-widget elementor-widget-text-editor\" data-id=\"3dc00141\" data-element_type=\"widget\" data-e-type=\"widget\" data-widget_type=\"text-editor.default\">\n\t\t\t\t<div class=\"elementor-widget-container\">\n\t\t\t\t\t\t\t\t\t<p>Es Mar\u00eda quien construye la Comunidad y es su guardiana.<\/p>\t\t\t\t\t\t\t\t<\/div>\n\t\t\t\t<\/div>\n\t\t\t\t<div class=\"elementor-element elementor-element-5d57cc2b sourcecitation elementor-widget elementor-widget-heading\" data-id=\"5d57cc2b\" data-element_type=\"widget\" data-e-type=\"widget\" data-widget_type=\"heading.default\">\n\t\t\t\t<div class=\"elementor-widget-container\">\n\t\t\t\t\t<p class=\"elementor-heading-title elementor-size-large\">Retiro de la Fraternidad de Jes\u00fas. 10\/08\/1978 \n\n<\/p>\t\t\t\t<\/div>\n\t\t\t\t<\/div>\n\t\t\t\t\t<\/div>\n\t\t<\/div>\n\t\t\t\t\t<\/div>\n\t\t<\/section>\n\t\t\t\t<section class=\"elementor-section elementor-top-section elementor-element elementor-element-c8a91fd elementor-section-boxed elementor-section-height-default elementor-section-height-default\" data-id=\"c8a91fd\" data-element_type=\"section\" data-e-type=\"section\">\n\t\t\t\t\t\t<div class=\"elementor-container elementor-column-gap-default\">\n\t\t\t\t\t<div class=\"elementor-column elementor-col-100 elementor-top-column elementor-element elementor-element-6c49118a\" data-id=\"6c49118a\" data-element_type=\"column\" data-e-type=\"column\">\n\t\t\t<div class=\"elementor-widget-wrap elementor-element-populated\">\n\t\t\t\t\t\t<div class=\"elementor-element elementor-element-48d85871 elementor-widget elementor-widget-text-editor\" data-id=\"48d85871\" data-element_type=\"widget\" data-e-type=\"widget\" data-widget_type=\"text-editor.default\">\n\t\t\t\t<div class=\"elementor-widget-container\">\n\t\t\t\t\t\t\t\t\t<p>Por ejemplo, cuando empezamos a preocuparnos nos detenemos por un momento y decimos un &#8220;Ave Mar\u00eda&#8221;; A Mar\u00eda se le dice: &#8220;Escucha, de verdad ay\u00fadame porque no puedo salir de esto&#8221;.<\/p>\t\t\t\t\t\t\t\t<\/div>\n\t\t\t\t<\/div>\n\t\t\t\t<div class=\"elementor-element elementor-element-44d8ada0 sourcecitation elementor-widget elementor-widget-heading\" data-id=\"44d8ada0\" data-element_type=\"widget\" data-e-type=\"widget\" data-widget_type=\"heading.default\">\n\t\t\t\t<div class=\"elementor-widget-container\">\n\t\t\t\t\t<p class=\"elementor-heading-title elementor-size-large\">Fin de semana comunitario 01\/04\/1979\n\n<\/p>\t\t\t\t<\/div>\n\t\t\t\t<\/div>\n\t\t\t\t\t<\/div>\n\t\t<\/div>\n\t\t\t\t\t<\/div>\n\t\t<\/section>\n\t\t\t\t<section class=\"elementor-section elementor-top-section elementor-element elementor-element-153b0af9 elementor-section-boxed elementor-section-height-default elementor-section-height-default\" data-id=\"153b0af9\" data-element_type=\"section\" data-e-type=\"section\">\n\t\t\t\t\t\t<div class=\"elementor-container elementor-column-gap-default\">\n\t\t\t\t\t<div class=\"elementor-column elementor-col-100 elementor-top-column elementor-element elementor-element-aa2b1a6\" data-id=\"aa2b1a6\" data-element_type=\"column\" data-e-type=\"column\">\n\t\t\t<div class=\"elementor-widget-wrap elementor-element-populated\">\n\t\t\t\t\t\t<div class=\"elementor-element elementor-element-18529ec4 elementor-widget elementor-widget-text-editor\" data-id=\"18529ec4\" data-element_type=\"widget\" data-e-type=\"widget\" data-widget_type=\"text-editor.default\">\n\t\t\t\t<div class=\"elementor-widget-container\">\n\t\t\t\t\t\t\t\t\t<p>Realmente Mar\u00eda nos ayuda mucho. [&#8230;] Con Mar\u00eda tenemos mucha confianza. Si nos abandonamos como un peque\u00f1o, \u00a1pues no hay problema!<\/p>\t\t\t\t\t\t\t\t<\/div>\n\t\t\t\t<\/div>\n\t\t\t\t<div class=\"elementor-element elementor-element-21050762 sourcecitation elementor-widget elementor-widget-heading\" data-id=\"21050762\" data-element_type=\"widget\" data-e-type=\"widget\" data-widget_type=\"heading.default\">\n\t\t\t\t<div class=\"elementor-widget-container\">\n\t\t\t\t\t<p class=\"elementor-heading-title elementor-size-large\">Retiro de Fraternidad 09\/08\/78 \n\n<\/p>\t\t\t\t<\/div>\n\t\t\t\t<\/div>\n\t\t\t\t\t<\/div>\n\t\t<\/div>\n\t\t\t\t\t<\/div>\n\t\t<\/section>\n\t\t\t\t<section class=\"elementor-section elementor-top-section elementor-element elementor-element-71d8651 animated-slow elementor-section-boxed elementor-section-height-default elementor-section-height-default elementor-invisible\" data-id=\"71d8651\" data-element_type=\"section\" data-e-type=\"section\" data-settings=\"{&quot;animation&quot;:&quot;fadeIn&quot;}\">\n\t\t\t\t\t\t<div class=\"elementor-container elementor-column-gap-default\">\n\t\t\t\t\t<div class=\"elementor-column elementor-col-100 elementor-top-column elementor-element elementor-element-eb256b0\" data-id=\"eb256b0\" data-element_type=\"column\" data-e-type=\"column\">\n\t\t\t<div class=\"elementor-widget-wrap elementor-element-populated\">\n\t\t\t\t\t\t<div class=\"elementor-element elementor-element-189b0f0 citationserif elementor-invisible elementor-widget elementor-widget-heading\" data-id=\"189b0f0\" data-element_type=\"widget\" data-e-type=\"widget\" data-settings=\"{&quot;_animation&quot;:&quot;fadeIn&quot;}\" data-widget_type=\"heading.default\">\n\t\t\t\t<div class=\"elementor-widget-container\">\n\t\t\t\t\t<h3 class=\"elementor-heading-title elementor-size-default\">\"Tuve una palabra interior muy clara, viniendo de la Sant\u00edsima Virgen: <br \/>'Ten paz, est\u00e1s salvado'. Estaba muy claro y no pod\u00eda dudarlo. \u00bb\n\n<\/h3>\t\t\t\t<\/div>\n\t\t\t\t<\/div>\n\t\t\t\t<div class=\"elementor-element elementor-element-429e8b6 sourcecitation elementor-widget elementor-widget-heading\" data-id=\"429e8b6\" data-element_type=\"widget\" data-e-type=\"widget\" data-widget_type=\"heading.default\">\n\t\t\t\t<div class=\"elementor-widget-container\">\n\t\t\t\t\t<p class=\"elementor-heading-title elementor-size-large\">Testimonio recogido por Bernard Peyrous julio de 1986\n\n<\/p>\t\t\t\t<\/div>\n\t\t\t\t<\/div>\n\t\t\t\t\t<\/div>\n\t\t<\/div>\n\t\t\t\t\t<\/div>\n\t\t<\/section>\n\t\t\t\t<section class=\"elementor-section elementor-top-section elementor-element elementor-element-7370b90d elementor-section-boxed elementor-section-height-default elementor-section-height-default\" data-id=\"7370b90d\" data-element_type=\"section\" data-e-type=\"section\">\n\t\t\t\t\t\t<div class=\"elementor-container elementor-column-gap-default\">\n\t\t\t\t\t<div class=\"elementor-column elementor-col-100 elementor-top-column elementor-element elementor-element-1f2f41bd\" data-id=\"1f2f41bd\" data-element_type=\"column\" data-e-type=\"column\">\n\t\t\t<div class=\"elementor-widget-wrap elementor-element-populated\">\n\t\t\t\t\t\t<div class=\"elementor-element elementor-element-5159fec7 elementor-widget elementor-widget-text-editor\" data-id=\"5159fec7\" data-element_type=\"widget\" data-e-type=\"widget\" data-widget_type=\"text-editor.default\">\n\t\t\t\t<div class=\"elementor-widget-container\">\n\t\t\t\t\t\t\t\t\t<p>\u00a1Mar\u00eda es vital! Pero s\u00ed, eso es: es vital.<\/p>\t\t\t\t\t\t\t\t<\/div>\n\t\t\t\t<\/div>\n\t\t\t\t<div class=\"elementor-element elementor-element-59fdec5 sourcecitation elementor-widget elementor-widget-heading\" data-id=\"59fdec5\" data-element_type=\"widget\" data-e-type=\"widget\" data-widget_type=\"heading.default\">\n\t\t\t\t<div class=\"elementor-widget-container\">\n\t\t\t\t\t<p class=\"elementor-heading-title elementor-size-large\">Retiro de la Fraternidad de Jes\u00fas 09\/08\/1978\n\n<\/p>\t\t\t\t<\/div>\n\t\t\t\t<\/div>\n\t\t\t\t\t<\/div>\n\t\t<\/div>\n\t\t\t\t\t<\/div>\n\t\t<\/section>\n\t\t\t\t<section class=\"elementor-section elementor-top-section elementor-element elementor-element-6c85490f elementor-section-boxed elementor-section-height-default elementor-section-height-default\" data-id=\"6c85490f\" data-element_type=\"section\" data-e-type=\"section\">\n\t\t\t\t\t\t<div class=\"elementor-container elementor-column-gap-default\">\n\t\t\t\t\t<div class=\"elementor-column elementor-col-100 elementor-top-column elementor-element elementor-element-50a6a078\" data-id=\"50a6a078\" data-element_type=\"column\" data-e-type=\"column\">\n\t\t\t<div class=\"elementor-widget-wrap elementor-element-populated\">\n\t\t\t\t\t\t<div class=\"elementor-element elementor-element-592532ce elementor-widget elementor-widget-text-editor\" data-id=\"592532ce\" data-element_type=\"widget\" data-e-type=\"widget\" data-widget_type=\"text-editor.default\">\n\t\t\t\t<div class=\"elementor-widget-container\">\n\t\t\t\t\t\t\t\t\t<p>Con Mar\u00eda, todo se hace con facilidad. Sin ella, nos endurecemos con un esp\u00edritu voluntarista y no funciona.<\/p>\t\t\t\t\t\t\t\t<\/div>\n\t\t\t\t<\/div>\n\t\t\t\t<div class=\"elementor-element elementor-element-fa567f1 sourcecitation elementor-widget elementor-widget-heading\" data-id=\"fa567f1\" data-element_type=\"widget\" data-e-type=\"widget\" data-widget_type=\"heading.default\">\n\t\t\t\t<div class=\"elementor-widget-container\">\n\t\t\t\t\t<p class=\"elementor-heading-title elementor-size-large\">Fin de semana comunitario cerca de Barcelona 29\/05\/1988<\/p>\t\t\t\t<\/div>\n\t\t\t\t<\/div>\n\t\t\t\t\t<\/div>\n\t\t<\/div>\n\t\t\t\t\t<\/div>\n\t\t<\/section>\n\t\t\t\t<section class=\"elementor-section elementor-top-section elementor-element elementor-element-5de99973 elementor-section-boxed elementor-section-height-default elementor-section-height-default\" data-id=\"5de99973\" data-element_type=\"section\" data-e-type=\"section\">\n\t\t\t\t\t\t<div class=\"elementor-container elementor-column-gap-default\">\n\t\t\t\t\t<div class=\"elementor-column elementor-col-100 elementor-top-column elementor-element elementor-element-6e44cc27\" data-id=\"6e44cc27\" data-element_type=\"column\" data-e-type=\"column\">\n\t\t\t<div class=\"elementor-widget-wrap elementor-element-populated\">\n\t\t\t\t\t\t<div class=\"elementor-element elementor-element-7751825f elementor-widget elementor-widget-text-editor\" data-id=\"7751825f\" data-element_type=\"widget\" data-e-type=\"widget\" data-widget_type=\"text-editor.default\">\n\t\t\t\t<div class=\"elementor-widget-container\">\n\t\t\t\t\t\t\t\t\t<p>A menudo son las personas muy pobres, muy sencillas quienes tienen este amor vital. Tienen tanto a la Sant\u00edsima Virgen aferrada a ellos, viven tanto con ella, bien, viven de ella y viven como ella. Porque, cuando la Sant\u00edsima Virgen est\u00e1 all\u00ed, la mejor manera de que no nos moleste es hacer los mismos movimientos que ella hace. De lo contrario, estamos atrapados &#8230; estamos molestos. Si hacemos exactamente como ella, bueno, es sencillo.<\/p>\t\t\t\t\t\t\t\t<\/div>\n\t\t\t\t<\/div>\n\t\t\t\t<div class=\"elementor-element elementor-element-2d16546d sourcecitation elementor-widget elementor-widget-heading\" data-id=\"2d16546d\" data-element_type=\"widget\" data-e-type=\"widget\" data-widget_type=\"heading.default\">\n\t\t\t\t<div class=\"elementor-widget-container\">\n\t\t\t\t\t<p class=\"elementor-heading-title elementor-size-large\">Retiro de la Fraternidad de Jes\u00fas. 09\/08\/1978 \n\n<\/p>\t\t\t\t<\/div>\n\t\t\t\t<\/div>\n\t\t\t\t\t<\/div>\n\t\t<\/div>\n\t\t\t\t\t<\/div>\n\t\t<\/section>\n\t\t\t\t<section class=\"elementor-section elementor-top-section elementor-element elementor-element-78c59bc5 elementor-section-boxed elementor-section-height-default elementor-section-height-default\" data-id=\"78c59bc5\" data-element_type=\"section\" data-e-type=\"section\">\n\t\t\t\t\t\t<div class=\"elementor-container elementor-column-gap-default\">\n\t\t\t\t\t<div class=\"elementor-column elementor-col-100 elementor-top-column elementor-element elementor-element-1131239d\" data-id=\"1131239d\" data-element_type=\"column\" data-e-type=\"column\">\n\t\t\t<div class=\"elementor-widget-wrap elementor-element-populated\">\n\t\t\t\t\t\t<div class=\"elementor-element elementor-element-520faa09 elementor-widget elementor-widget-text-editor\" data-id=\"520faa09\" data-element_type=\"widget\" data-e-type=\"widget\" data-widget_type=\"text-editor.default\">\n\t\t\t\t<div class=\"elementor-widget-container\">\n\t\t\t\t\t\t\t\t\t<p>Mar\u00eda nos dice: &#8220;Ir\u00e9 con ustedes, los conducir\u00e9 a la Cruz. Pero yo estar\u00e9 con ustedes, estar\u00e9 con ustedes. Es el hecho de estar ah\u00ed.<\/p>\t\t\t\t\t\t\t\t<\/div>\n\t\t\t\t<\/div>\n\t\t\t\t<div class=\"elementor-element elementor-element-7d189336 sourcecitation elementor-widget elementor-widget-heading\" data-id=\"7d189336\" data-element_type=\"widget\" data-e-type=\"widget\" data-widget_type=\"heading.default\">\n\t\t\t\t<div class=\"elementor-widget-container\">\n\t\t\t\t\t<p class=\"elementor-heading-title elementor-size-large\">Retiro de la Fraternidad de Jes\u00fas 09\/08\/1978\n\n<\/p>\t\t\t\t<\/div>\n\t\t\t\t<\/div>\n\t\t\t\t\t<\/div>\n\t\t<\/div>\n\t\t\t\t\t<\/div>\n\t\t<\/section>\n\t\t\t\t<section class=\"elementor-section elementor-top-section elementor-element elementor-element-1a429cb elementor-section-boxed elementor-section-height-default elementor-section-height-default\" data-id=\"1a429cb\" data-element_type=\"section\" data-e-type=\"section\">\n\t\t\t\t\t\t<div class=\"elementor-container elementor-column-gap-default\">\n\t\t\t\t\t<div class=\"elementor-column elementor-col-100 elementor-top-column elementor-element elementor-element-2f28f855\" data-id=\"2f28f855\" data-element_type=\"column\" data-e-type=\"column\">\n\t\t\t<div class=\"elementor-widget-wrap elementor-element-populated\">\n\t\t\t\t\t\t<div class=\"elementor-element elementor-element-61c2193e elementor-widget elementor-widget-text-editor\" data-id=\"61c2193e\" data-element_type=\"widget\" data-e-type=\"widget\" data-widget_type=\"text-editor.default\">\n\t\t\t\t<div class=\"elementor-widget-container\">\n\t\t\t\t\t\t\t\t\t<p>Mar\u00eda nos lleva sin parar. Ella conoce todos los sufrimientos; quiere fortalecernos, consolarnos, ayudarnos.<\/p>\t\t\t\t\t\t\t\t<\/div>\n\t\t\t\t<\/div>\n\t\t\t\t<div class=\"elementor-element elementor-element-61cddb39 sourcecitation elementor-widget elementor-widget-heading\" data-id=\"61cddb39\" data-element_type=\"widget\" data-e-type=\"widget\" data-widget_type=\"heading.default\">\n\t\t\t\t<div class=\"elementor-widget-container\">\n\t\t\t\t\t<p class=\"elementor-heading-title elementor-size-large\">Testimonio recogido por Bernard Peyrous julio de 1986\n\n<\/p>\t\t\t\t<\/div>\n\t\t\t\t<\/div>\n\t\t\t\t\t<\/div>\n\t\t<\/div>\n\t\t\t\t\t<\/div>\n\t\t<\/section>\n\t\t\t\t<section class=\"elementor-section elementor-top-section elementor-element elementor-element-668357d4 elementor-section-boxed elementor-section-height-default elementor-section-height-default\" data-id=\"668357d4\" data-element_type=\"section\" data-e-type=\"section\">\n\t\t\t\t\t\t<div class=\"elementor-container elementor-column-gap-default\">\n\t\t\t\t\t<div class=\"elementor-column elementor-col-100 elementor-top-column elementor-element elementor-element-23561291\" data-id=\"23561291\" data-element_type=\"column\" data-e-type=\"column\">\n\t\t\t<div class=\"elementor-widget-wrap elementor-element-populated\">\n\t\t\t\t\t\t<div class=\"elementor-element elementor-element-6caede6d elementor-widget elementor-widget-text-editor\" data-id=\"6caede6d\" data-element_type=\"widget\" data-e-type=\"widget\" data-widget_type=\"text-editor.default\">\n\t\t\t\t<div class=\"elementor-widget-container\">\n\t\t\t\t\t\t\t\t\t<p>Si nos atormentamos a nosotros mismos diciendo: &#8220;Dios m\u00edo \u00bfc\u00f3mo voy a hacer?&#8221; Nos decimos a nosotros mismos: &#8221; Mira, Mar\u00eda estar\u00e1 all\u00ed y ella se encargar\u00e1 de todo&#8221;.<\/p>\t\t\t\t\t\t\t\t<\/div>\n\t\t\t\t<\/div>\n\t\t\t\t<div class=\"elementor-element elementor-element-68410d3c sourcecitation elementor-widget elementor-widget-heading\" data-id=\"68410d3c\" data-element_type=\"widget\" data-e-type=\"widget\" data-widget_type=\"heading.default\">\n\t\t\t\t<div class=\"elementor-widget-container\">\n\t\t\t\t\t<p class=\"elementor-heading-title elementor-size-large\">Retiro de la Fraternidad de Jes\u00fas 08\/1979 \n\n<\/p>\t\t\t\t<\/div>\n\t\t\t\t<\/div>\n\t\t\t\t\t<\/div>\n\t\t<\/div>\n\t\t\t\t\t<\/div>\n\t\t<\/section>\n\t\t\t\t<section class=\"elementor-section elementor-top-section elementor-element elementor-element-b6aff56 elementor-section-boxed elementor-section-height-default elementor-section-height-default\" data-id=\"b6aff56\" data-element_type=\"section\" data-e-type=\"section\">\n\t\t\t\t\t\t<div class=\"elementor-container elementor-column-gap-default\">\n\t\t\t\t\t<div class=\"elementor-column elementor-col-100 elementor-top-column elementor-element elementor-element-4ee4945\" data-id=\"4ee4945\" data-element_type=\"column\" data-e-type=\"column\">\n\t\t\t<div class=\"elementor-widget-wrap elementor-element-populated\">\n\t\t\t\t\t\t<div class=\"elementor-element elementor-element-0f7d33e citationserif elementor-widget elementor-widget-heading\" data-id=\"0f7d33e\" data-element_type=\"widget\" data-e-type=\"widget\" data-settings=\"{&quot;_animation&quot;:&quot;none&quot;}\" data-widget_type=\"heading.default\">\n\t\t\t\t<div class=\"elementor-widget-container\">\n\t\t\t\t\t<h4 class=\"elementor-heading-title elementor-size-medium\">Mar\u00eda compasi\u00f3n<\/h4>\t\t\t\t<\/div>\n\t\t\t\t<\/div>\n\t\t\t\t\t<\/div>\n\t\t<\/div>\n\t\t\t\t\t<\/div>\n\t\t<\/section>\n\t\t\t\t<section class=\"elementor-section elementor-top-section elementor-element elementor-element-5f1f2dc7 elementor-section-boxed elementor-section-height-default elementor-section-height-default\" data-id=\"5f1f2dc7\" data-element_type=\"section\" data-e-type=\"section\">\n\t\t\t\t\t\t<div class=\"elementor-container elementor-column-gap-default\">\n\t\t\t\t\t<div class=\"elementor-column elementor-col-100 elementor-top-column elementor-element elementor-element-7e4f2533\" data-id=\"7e4f2533\" data-element_type=\"column\" data-e-type=\"column\">\n\t\t\t<div class=\"elementor-widget-wrap elementor-element-populated\">\n\t\t\t\t\t\t<div class=\"elementor-element elementor-element-5c490a98 elementor-widget elementor-widget-text-editor\" data-id=\"5c490a98\" data-element_type=\"widget\" data-e-type=\"widget\" data-widget_type=\"text-editor.default\">\n\t\t\t\t<div class=\"elementor-widget-container\">\n\t\t\t\t\t\t\t\t\t<p>Entonces, Pedro aconseja, sobre todo, que lo que hay que pedirle al Se\u00f1or es no decirle todo el tiempo: &#8220;\u00a1Ah! Se\u00f1or, qu\u00edtame tal pecado&#8221;, pero que el Se\u00f1or te queme, te transforme, te d\u00e9 un alma para ser compasivo con Mar\u00eda.<\/p>\t\t\t\t\t\t\t\t<\/div>\n\t\t\t\t<\/div>\n\t\t\t\t<div class=\"elementor-element elementor-element-2894a240 sourcecitation elementor-widget elementor-widget-heading\" data-id=\"2894a240\" data-element_type=\"widget\" data-e-type=\"widget\" data-widget_type=\"heading.default\">\n\t\t\t\t<div class=\"elementor-widget-container\">\n\t\t\t\t\t<p class=\"elementor-heading-title elementor-size-large\">Entrevista del 23\/05\/1976\n\n<\/p>\t\t\t\t<\/div>\n\t\t\t\t<\/div>\n\t\t\t\t\t<\/div>\n\t\t<\/div>\n\t\t\t\t\t<\/div>\n\t\t<\/section>\n\t\t\t\t<section class=\"elementor-section elementor-top-section elementor-element elementor-element-37451cd6 elementor-section-boxed elementor-section-height-default elementor-section-height-default\" data-id=\"37451cd6\" data-element_type=\"section\" data-e-type=\"section\">\n\t\t\t\t\t\t<div class=\"elementor-container elementor-column-gap-default\">\n\t\t\t\t\t<div class=\"elementor-column elementor-col-100 elementor-top-column elementor-element elementor-element-6c7bb67f\" data-id=\"6c7bb67f\" data-element_type=\"column\" data-e-type=\"column\">\n\t\t\t<div class=\"elementor-widget-wrap elementor-element-populated\">\n\t\t\t\t\t\t<div class=\"elementor-element elementor-element-2f891f10 elementor-widget elementor-widget-text-editor\" data-id=\"2f891f10\" data-element_type=\"widget\" data-e-type=\"widget\" data-widget_type=\"text-editor.default\">\n\t\t\t\t<div class=\"elementor-widget-container\">\n\t\t\t\t\t\t\t\t\t<p>Tenemos el modelo de compasi\u00f3n en Mar\u00eda. S\u00f3lo Mar\u00eda puede ense\u00f1arnos eso.<\/p>\t\t\t\t\t\t\t\t<\/div>\n\t\t\t\t<\/div>\n\t\t\t\t<div class=\"elementor-element elementor-element-7a8edc68 sourcecitation elementor-widget elementor-widget-heading\" data-id=\"7a8edc68\" data-element_type=\"widget\" data-e-type=\"widget\" data-widget_type=\"heading.default\">\n\t\t\t\t<div class=\"elementor-widget-container\">\n\t\t\t\t\t<p class=\"elementor-heading-title elementor-size-large\">Jornada \"Emmanuel\" conjunta 13\/03\/1976\n\n<\/p>\t\t\t\t<\/div>\n\t\t\t\t<\/div>\n\t\t\t\t\t<\/div>\n\t\t<\/div>\n\t\t\t\t\t<\/div>\n\t\t<\/section>\n\t\t\t\t<section class=\"elementor-section elementor-top-section elementor-element elementor-element-3d91449a elementor-section-boxed elementor-section-height-default elementor-section-height-default\" data-id=\"3d91449a\" data-element_type=\"section\" data-e-type=\"section\">\n\t\t\t\t\t\t<div class=\"elementor-container elementor-column-gap-default\">\n\t\t\t\t\t<div class=\"elementor-column elementor-col-100 elementor-top-column elementor-element elementor-element-2bf639c9\" data-id=\"2bf639c9\" data-element_type=\"column\" data-e-type=\"column\">\n\t\t\t<div class=\"elementor-widget-wrap elementor-element-populated\">\n\t\t\t\t\t\t<div class=\"elementor-element elementor-element-283c352f elementor-widget elementor-widget-text-editor\" data-id=\"283c352f\" data-element_type=\"widget\" data-e-type=\"widget\" data-widget_type=\"text-editor.default\">\n\t\t\t\t<div class=\"elementor-widget-container\">\n\t\t\t\t\t\t\t\t\t<p>[Para tener] este esp\u00edritu de compasi\u00f3n, uno debe tener el coraz\u00f3n traspasado&#8230; No somos nosotros los que lo tendremos nosotros mismos, debemos pedirle a Mar\u00eda realmente que tengamos nuestros corazones traspasados&#8230;<\/p>\t\t\t\t\t\t\t\t<\/div>\n\t\t\t\t<\/div>\n\t\t\t\t<div class=\"elementor-element elementor-element-54929fed sourcecitation elementor-widget elementor-widget-heading\" data-id=\"54929fed\" data-element_type=\"widget\" data-e-type=\"widget\" data-widget_type=\"heading.default\">\n\t\t\t\t<div class=\"elementor-widget-container\">\n\t\t\t\t\t<p class=\"elementor-heading-title elementor-size-large\">Jornada \"Emmanuel\" conjunta 13\/03\/1976\n\n<\/p>\t\t\t\t<\/div>\n\t\t\t\t<\/div>\n\t\t\t\t\t<\/div>\n\t\t<\/div>\n\t\t\t\t\t<\/div>\n\t\t<\/section>\n\t\t\t\t<section class=\"elementor-section elementor-top-section elementor-element elementor-element-4bb0f18 elementor-section-boxed elementor-section-height-default elementor-section-height-default\" data-id=\"4bb0f18\" data-element_type=\"section\" data-e-type=\"section\">\n\t\t\t\t\t\t<div class=\"elementor-container elementor-column-gap-default\">\n\t\t\t\t\t<div class=\"elementor-column elementor-col-100 elementor-top-column elementor-element elementor-element-1b20ce5\" data-id=\"1b20ce5\" data-element_type=\"column\" data-e-type=\"column\">\n\t\t\t<div class=\"elementor-widget-wrap elementor-element-populated\">\n\t\t\t\t\t\t<div class=\"elementor-element elementor-element-a24dbbe citationserif elementor-widget elementor-widget-heading\" data-id=\"a24dbbe\" data-element_type=\"widget\" data-e-type=\"widget\" data-settings=\"{&quot;_animation&quot;:&quot;none&quot;}\" data-widget_type=\"heading.default\">\n\t\t\t\t<div class=\"elementor-widget-container\">\n\t\t\t\t\t<h4 class=\"elementor-heading-title elementor-size-medium\">Mar\u00eda lucha contra el diablo<\/h4>\t\t\t\t<\/div>\n\t\t\t\t<\/div>\n\t\t\t\t\t<\/div>\n\t\t<\/div>\n\t\t\t\t\t<\/div>\n\t\t<\/section>\n\t\t\t\t<section class=\"elementor-section elementor-top-section elementor-element elementor-element-78662ad9 elementor-section-boxed elementor-section-height-default elementor-section-height-default\" data-id=\"78662ad9\" data-element_type=\"section\" data-e-type=\"section\">\n\t\t\t\t\t\t<div class=\"elementor-container elementor-column-gap-default\">\n\t\t\t\t\t<div class=\"elementor-column elementor-col-100 elementor-top-column elementor-element elementor-element-34ac3f2b\" data-id=\"34ac3f2b\" data-element_type=\"column\" data-e-type=\"column\">\n\t\t\t<div class=\"elementor-widget-wrap elementor-element-populated\">\n\t\t\t\t\t\t<div class=\"elementor-element elementor-element-679eb002 elementor-widget elementor-widget-text-editor\" data-id=\"679eb002\" data-element_type=\"widget\" data-e-type=\"widget\" data-widget_type=\"text-editor.default\">\n\t\t\t\t<div class=\"elementor-widget-container\">\n\t\t\t\t\t\t\t\t\t<p>Si el diablo quiere atacarme, solo hay un remedio y ese es Mar\u00eda.<\/p>\t\t\t\t\t\t\t\t<\/div>\n\t\t\t\t<\/div>\n\t\t\t\t<div class=\"elementor-element elementor-element-4b16b8c5 sourcecitation elementor-widget elementor-widget-heading\" data-id=\"4b16b8c5\" data-element_type=\"widget\" data-e-type=\"widget\" data-widget_type=\"heading.default\">\n\t\t\t\t<div class=\"elementor-widget-container\">\n\t\t\t\t\t<p class=\"elementor-heading-title elementor-size-large\">Fin de semana comunitario \n24-25\/11\/1984\n<\/p>\t\t\t\t<\/div>\n\t\t\t\t<\/div>\n\t\t\t\t\t<\/div>\n\t\t<\/div>\n\t\t\t\t\t<\/div>\n\t\t<\/section>\n\t\t\t\t<section class=\"elementor-section elementor-top-section elementor-element elementor-element-26b4d95d elementor-section-boxed elementor-section-height-default elementor-section-height-default\" data-id=\"26b4d95d\" data-element_type=\"section\" data-e-type=\"section\">\n\t\t\t\t\t\t<div class=\"elementor-container elementor-column-gap-default\">\n\t\t\t\t\t<div class=\"elementor-column elementor-col-100 elementor-top-column elementor-element elementor-element-69d4f0b\" data-id=\"69d4f0b\" data-element_type=\"column\" data-e-type=\"column\">\n\t\t\t<div class=\"elementor-widget-wrap elementor-element-populated\">\n\t\t\t\t\t\t<div class=\"elementor-element elementor-element-d75991 elementor-widget elementor-widget-text-editor\" data-id=\"d75991\" data-element_type=\"widget\" data-e-type=\"widget\" data-widget_type=\"text-editor.default\">\n\t\t\t\t<div class=\"elementor-widget-container\">\n\t\t\t\t\t\t\t\t\t<p>Si invocamos al Esp\u00edritu Santo, estamos seguros de ser vencedores, y de ser vencedores a trav\u00e9s de Mar\u00eda. La respuesta es: &#8220;Pero \u00bfqu\u00e9 viene a hacer Mar\u00eda all\u00ed? Ya existe el Padre, el Hijo y el Esp\u00edritu Santo, \u00bfqu\u00e9 necesitamos de Mar\u00eda? S\u00ed, pero olvidamos que el diablo existe&#8230; Y Dios tom\u00f3 a una ni\u00f1a, la m\u00e1s humilde de las criaturas y la m\u00e1s magn\u00edfica por su humildad, para ser la reina del cielo y la tierra y para gobernar sobre esta bestia sucia de criatura que es el diablo. \u00a1Con los \u00e1ngeles, pero los \u00e1ngeles est\u00e1n bajo la direcci\u00f3n de Mar\u00eda! As\u00ed que, si le pedimos a Mar\u00eda y a la Trinidad, si confiamos en Mar\u00eda, no tenemos nada que temer. Porque, adem\u00e1s, es una gracia maternal y ella nos cuidar\u00e1 en las grandes delicadezas y con el coraz\u00f3n de una madre.<\/p>\t\t\t\t\t\t\t\t<\/div>\n\t\t\t\t<\/div>\n\t\t\t\t<div class=\"elementor-element elementor-element-d77ebdc sourcecitation elementor-widget elementor-widget-heading\" data-id=\"d77ebdc\" data-element_type=\"widget\" data-e-type=\"widget\" data-widget_type=\"heading.default\">\n\t\t\t\t<div class=\"elementor-widget-container\">\n\t\t\t\t\t<p class=\"elementor-heading-title elementor-size-large\">Fin de semana comunitario 15\/03\/1980\n\n<\/p>\t\t\t\t<\/div>\n\t\t\t\t<\/div>\n\t\t\t\t\t<\/div>\n\t\t<\/div>\n\t\t\t\t\t<\/div>\n\t\t<\/section>\n\t\t\t\t<section class=\"elementor-section elementor-top-section elementor-element elementor-element-c1741c1 animated-slow elementor-section-boxed elementor-section-height-default elementor-section-height-default elementor-invisible\" data-id=\"c1741c1\" data-element_type=\"section\" data-e-type=\"section\" data-settings=\"{&quot;animation&quot;:&quot;fadeIn&quot;}\">\n\t\t\t\t\t\t<div class=\"elementor-container elementor-column-gap-default\">\n\t\t\t\t\t<div class=\"elementor-column elementor-col-100 elementor-top-column elementor-element elementor-element-f0cbcbf\" data-id=\"f0cbcbf\" data-element_type=\"column\" data-e-type=\"column\">\n\t\t\t<div class=\"elementor-widget-wrap elementor-element-populated\">\n\t\t\t\t\t\t<div class=\"elementor-element elementor-element-5c9a6ed citationserif elementor-invisible elementor-widget elementor-widget-heading\" data-id=\"5c9a6ed\" data-element_type=\"widget\" data-e-type=\"widget\" data-settings=\"{&quot;_animation&quot;:&quot;fadeIn&quot;}\" data-widget_type=\"heading.default\">\n\t\t\t\t<div class=\"elementor-widget-container\">\n\t\t\t\t\t<h3 class=\"elementor-heading-title elementor-size-default\">Mar\u00eda es un ej\u00e9rcito en batalla si uno est\u00e1 en la fe.\n\n<\/h3>\t\t\t\t<\/div>\n\t\t\t\t<\/div>\n\t\t\t\t<div class=\"elementor-element elementor-element-6c9cb38 sourcecitation elementor-widget elementor-widget-heading\" data-id=\"6c9cb38\" data-element_type=\"widget\" data-e-type=\"widget\" data-widget_type=\"heading.default\">\n\t\t\t\t<div class=\"elementor-widget-container\">\n\t\t\t\t\t<p class=\"elementor-heading-title elementor-size-large\">Entrevista de Jean-Marc y Fran\u00e7ou Morin en Saint-Maurice 5-8\/08\/1988\n\n<\/p>\t\t\t\t<\/div>\n\t\t\t\t<\/div>\n\t\t\t\t\t<\/div>\n\t\t<\/div>\n\t\t\t\t\t<\/div>\n\t\t<\/section>\n\t\t\t\t<section class=\"elementor-section elementor-top-section elementor-element elementor-element-69890e80 elementor-section-boxed elementor-section-height-default elementor-section-height-default\" data-id=\"69890e80\" data-element_type=\"section\" data-e-type=\"section\">\n\t\t\t\t\t\t<div class=\"elementor-container elementor-column-gap-default\">\n\t\t\t\t\t<div class=\"elementor-column elementor-col-100 elementor-top-column elementor-element elementor-element-4712de44\" data-id=\"4712de44\" data-element_type=\"column\" data-e-type=\"column\">\n\t\t\t<div class=\"elementor-widget-wrap elementor-element-populated\">\n\t\t\t\t\t\t<div class=\"elementor-element elementor-element-1cf82d6f elementor-widget elementor-widget-text-editor\" data-id=\"1cf82d6f\" data-element_type=\"widget\" data-e-type=\"widget\" data-widget_type=\"text-editor.default\">\n\t\t\t\t<div class=\"elementor-widget-container\">\n\t\t\t\t\t\t\t\t\t<p>Alguien bastante extraordinario es Mar\u00eda. As\u00ed que, Mar\u00eda, el diablo le tiene un susto espantoso, un miedo de p\u00e1nico.<\/p>\t\t\t\t\t\t\t\t<\/div>\n\t\t\t\t<\/div>\n\t\t\t\t<div class=\"elementor-element elementor-element-2e3b8015 sourcecitation elementor-widget elementor-widget-heading\" data-id=\"2e3b8015\" data-element_type=\"widget\" data-e-type=\"widget\" data-widget_type=\"heading.default\">\n\t\t\t\t<div class=\"elementor-widget-container\">\n\t\t\t\t\t<p class=\"elementor-heading-title elementor-size-large\">Fin de semana comunitario 30-31\/05\/1981\n\n<\/p>\t\t\t\t<\/div>\n\t\t\t\t<\/div>\n\t\t\t\t\t<\/div>\n\t\t<\/div>\n\t\t\t\t\t<\/div>\n\t\t<\/section>\n\t\t\t\t<section class=\"elementor-section elementor-top-section elementor-element elementor-element-463eea51 elementor-section-boxed elementor-section-height-default elementor-section-height-default\" data-id=\"463eea51\" data-element_type=\"section\" data-e-type=\"section\">\n\t\t\t\t\t\t<div class=\"elementor-container elementor-column-gap-default\">\n\t\t\t\t\t<div class=\"elementor-column elementor-col-100 elementor-top-column elementor-element elementor-element-382ea8c6\" data-id=\"382ea8c6\" data-element_type=\"column\" data-e-type=\"column\">\n\t\t\t<div class=\"elementor-widget-wrap elementor-element-populated\">\n\t\t\t\t\t\t<div class=\"elementor-element elementor-element-6629f50d elementor-widget elementor-widget-text-editor\" data-id=\"6629f50d\" data-element_type=\"widget\" data-e-type=\"widget\" data-widget_type=\"text-editor.default\">\n\t\t\t\t<div class=\"elementor-widget-container\">\n\t\t\t\t\t\t\t\t\t<p>Debemos proclamar el amor de Dios al mundo. Este amor es desconocido y despreciado. Tenemos que anunciarlo. Y ah\u00ed es donde tendremos esta batalla espiritual porque Satan\u00e1s se desatar\u00e1 contra nosotros. Pero Mar\u00eda nos proteger\u00e1. As\u00ed que no tenemos nada que temer en absoluto.<\/p>\t\t\t\t\t\t\t\t<\/div>\n\t\t\t\t<\/div>\n\t\t\t\t<div class=\"elementor-element elementor-element-798a95e9 sourcecitation elementor-widget elementor-widget-heading\" data-id=\"798a95e9\" data-element_type=\"widget\" data-e-type=\"widget\" data-widget_type=\"heading.default\">\n\t\t\t\t<div class=\"elementor-widget-container\">\n\t\t\t\t\t<p class=\"elementor-heading-title elementor-size-large\">Retiro de la Fraternidad de Jes\u00fas Pascua 1978\n\n<\/p>\t\t\t\t<\/div>\n\t\t\t\t<\/div>\n\t\t\t\t\t<\/div>\n\t\t<\/div>\n\t\t\t\t\t<\/div>\n\t\t<\/section>\n\t\t\t\t<section class=\"elementor-section elementor-top-section elementor-element elementor-element-54296e94 elementor-section-boxed elementor-section-height-default elementor-section-height-default\" data-id=\"54296e94\" data-element_type=\"section\" data-e-type=\"section\">\n\t\t\t\t\t\t<div class=\"elementor-container elementor-column-gap-default\">\n\t\t\t\t\t<div class=\"elementor-column elementor-col-100 elementor-top-column elementor-element elementor-element-71a26b0d\" data-id=\"71a26b0d\" data-element_type=\"column\" data-e-type=\"column\">\n\t\t\t<div class=\"elementor-widget-wrap elementor-element-populated\">\n\t\t\t\t\t\t<div class=\"elementor-element elementor-element-38137ff3 elementor-widget elementor-widget-text-editor\" data-id=\"38137ff3\" data-element_type=\"widget\" data-e-type=\"widget\" data-widget_type=\"text-editor.default\">\n\t\t\t\t<div class=\"elementor-widget-container\">\n\t\t\t\t\t\t\t\t\t<p>Ciertamente tendremos persecuciones en unos a\u00f1os; es obvio que llegar\u00e1. As\u00ed que, si nos atormentamos dici\u00e9ndonos a nosotros mismos&#8221; &#8220;Dios m\u00edo, \u00bfc\u00f3mo lo voy a hacer?&#8221;, dig\u00e1monos: &#8220;Mar\u00eda estar\u00e1 all\u00ed y se encargar\u00e1 de todo&#8221;.<\/p>\t\t\t\t\t\t\t\t<\/div>\n\t\t\t\t<\/div>\n\t\t\t\t<div class=\"elementor-element elementor-element-545db4a7 sourcecitation elementor-widget elementor-widget-heading\" data-id=\"545db4a7\" data-element_type=\"widget\" data-e-type=\"widget\" data-widget_type=\"heading.default\">\n\t\t\t\t<div class=\"elementor-widget-container\">\n\t\t\t\t\t<p class=\"elementor-heading-title elementor-size-large\">Retiro de la Fraternidad de Jes\u00fas 08\/1979 \n\n<\/p>\t\t\t\t<\/div>\n\t\t\t\t<\/div>\n\t\t\t\t\t<\/div>\n\t\t<\/div>\n\t\t\t\t\t<\/div>\n\t\t<\/section>\n\t\t\t\t<section class=\"elementor-section elementor-top-section elementor-element elementor-element-64eb0749 elementor-section-boxed elementor-section-height-default elementor-section-height-default\" data-id=\"64eb0749\" data-element_type=\"section\" data-e-type=\"section\">\n\t\t\t\t\t\t<div class=\"elementor-container elementor-column-gap-default\">\n\t\t\t\t\t<div class=\"elementor-column elementor-col-100 elementor-top-column elementor-element elementor-element-612a7a62\" data-id=\"612a7a62\" data-element_type=\"column\" data-e-type=\"column\">\n\t\t\t<div class=\"elementor-widget-wrap elementor-element-populated\">\n\t\t\t\t\t\t<div class=\"elementor-element elementor-element-5b891817 elementor-widget elementor-widget-text-editor\" data-id=\"5b891817\" data-element_type=\"widget\" data-e-type=\"widget\" data-widget_type=\"text-editor.default\">\n\t\t\t\t<div class=\"elementor-widget-container\">\n\t\t\t\t\t\t\t\t\t<p>Es obvio que cada vez tenemos m\u00e1s que luchar a nivel universal. Es realmente una pelea con el drag\u00f3n. Es la mujer con el drag\u00f3n: es Mar\u00eda quien lucha contra el drag\u00f3n, y quien lucha contra \u00e9l en todo el mundo.<\/p>\t\t\t\t\t\t\t\t<\/div>\n\t\t\t\t<\/div>\n\t\t\t\t<div class=\"elementor-element elementor-element-38050dc5 sourcecitation elementor-widget elementor-widget-heading\" data-id=\"38050dc5\" data-element_type=\"widget\" data-e-type=\"widget\" data-widget_type=\"heading.default\">\n\t\t\t\t<div class=\"elementor-widget-container\">\n\t\t\t\t\t<p class=\"elementor-heading-title elementor-size-large\">Fin de semana comunitario 12\/05\/1979\n\n<\/p>\t\t\t\t<\/div>\n\t\t\t\t<\/div>\n\t\t\t\t\t<\/div>\n\t\t<\/div>\n\t\t\t\t\t<\/div>\n\t\t<\/section>\n\t\t\t\t<section class=\"elementor-section elementor-top-section elementor-element elementor-element-63770c2a elementor-section-boxed elementor-section-height-default elementor-section-height-default\" data-id=\"63770c2a\" data-element_type=\"section\" data-e-type=\"section\">\n\t\t\t\t\t\t<div class=\"elementor-container elementor-column-gap-default\">\n\t\t\t\t\t<div class=\"elementor-column elementor-col-100 elementor-top-column elementor-element elementor-element-79b97b56\" data-id=\"79b97b56\" data-element_type=\"column\" data-e-type=\"column\">\n\t\t\t<div class=\"elementor-widget-wrap elementor-element-populated\">\n\t\t\t\t\t\t<div class=\"elementor-element elementor-element-100b11cc elementor-widget elementor-widget-text-editor\" data-id=\"100b11cc\" data-element_type=\"widget\" data-e-type=\"widget\" data-widget_type=\"text-editor.default\">\n\t\t\t\t<div class=\"elementor-widget-container\">\n\t\t\t\t\t\t\t\t\t<p>Mar\u00eda se ocupa de los ataques del diablo; Mar\u00eda se ocupa y se ocupa bien. Nosotros debemos ocuparnos de la profundizaci\u00f3n espiritual.<\/p>\t\t\t\t\t\t\t\t<\/div>\n\t\t\t\t<\/div>\n\t\t\t\t<div class=\"elementor-element elementor-element-4f82d49b sourcecitation elementor-widget elementor-widget-heading\" data-id=\"4f82d49b\" data-element_type=\"widget\" data-e-type=\"widget\" data-widget_type=\"heading.default\">\n\t\t\t\t<div class=\"elementor-widget-container\">\n\t\t\t\t\t<p class=\"elementor-heading-title elementor-size-large\">Fin de semana comunitario 23\/24\/04\/1983\n\n<\/p>\t\t\t\t<\/div>\n\t\t\t\t<\/div>\n\t\t\t\t\t<\/div>\n\t\t<\/div>\n\t\t\t\t\t<\/div>\n\t\t<\/section>\n\t\t\t\t<section class=\"elementor-section elementor-top-section elementor-element elementor-element-74d3dba9 elementor-section-boxed elementor-section-height-default elementor-section-height-default\" data-id=\"74d3dba9\" data-element_type=\"section\" data-e-type=\"section\">\n\t\t\t\t\t\t<div class=\"elementor-container elementor-column-gap-default\">\n\t\t\t\t\t<div class=\"elementor-column elementor-col-100 elementor-top-column elementor-element elementor-element-ba50c5\" data-id=\"ba50c5\" data-element_type=\"column\" data-e-type=\"column\">\n\t\t\t<div class=\"elementor-widget-wrap elementor-element-populated\">\n\t\t\t\t\t\t<div class=\"elementor-element elementor-element-683bff2f citationserif elementor-widget elementor-widget-heading\" data-id=\"683bff2f\" data-element_type=\"widget\" data-e-type=\"widget\" data-settings=\"{&quot;_animation&quot;:&quot;none&quot;}\" data-widget_type=\"heading.default\">\n\t\t\t\t<div class=\"elementor-widget-container\">\n\t\t\t\t\t<h4 class=\"elementor-heading-title elementor-size-medium\"> Un solo coraz\u00f3n Jes\u00fas y Mar\u00eda<\/h4>\t\t\t\t<\/div>\n\t\t\t\t<\/div>\n\t\t\t\t\t<\/div>\n\t\t<\/div>\n\t\t\t\t\t<\/div>\n\t\t<\/section>\n\t\t\t\t<section class=\"elementor-section elementor-top-section elementor-element elementor-element-16b7bff8 elementor-section-boxed elementor-section-height-default elementor-section-height-default\" data-id=\"16b7bff8\" data-element_type=\"section\" data-e-type=\"section\">\n\t\t\t\t\t\t<div class=\"elementor-container elementor-column-gap-default\">\n\t\t\t\t\t<div class=\"elementor-column elementor-col-100 elementor-top-column elementor-element elementor-element-58ff46c1\" data-id=\"58ff46c1\" data-element_type=\"column\" data-e-type=\"column\">\n\t\t\t<div class=\"elementor-widget-wrap elementor-element-populated\">\n\t\t\t\t\t\t<div class=\"elementor-element elementor-element-5a40b363 elementor-widget elementor-widget-text-editor\" data-id=\"5a40b363\" data-element_type=\"widget\" data-e-type=\"widget\" data-widget_type=\"text-editor.default\">\n\t\t\t\t<div class=\"elementor-widget-container\">\n\t\t\t\t\t\t\t\t\t<p>Nuestro ritmo de vida es el ritmo del Coraz\u00f3n de Jes\u00fas y el ritmo del Coraz\u00f3n de Mar\u00eda. As\u00ed que, en ese momento, nos relajamos, todos estamos alegres y relajados, y al mismo tiempo recogidos.<\/p>\t\t\t\t\t\t\t\t<\/div>\n\t\t\t\t<\/div>\n\t\t\t\t<div class=\"elementor-element elementor-element-243a34c1 sourcecitation elementor-widget elementor-widget-heading\" data-id=\"243a34c1\" data-element_type=\"widget\" data-e-type=\"widget\" data-widget_type=\"heading.default\">\n\t\t\t\t<div class=\"elementor-widget-container\">\n\t\t\t\t\t<p class=\"elementor-heading-title elementor-size-large\">Fin de semana comunitario\nPrimavera de 1979 \n<\/p>\t\t\t\t<\/div>\n\t\t\t\t<\/div>\n\t\t\t\t\t<\/div>\n\t\t<\/div>\n\t\t\t\t\t<\/div>\n\t\t<\/section>\n\t\t\t\t<section class=\"elementor-section elementor-top-section elementor-element elementor-element-118a8134 animated-slow elementor-section-boxed elementor-section-height-default elementor-section-height-default elementor-invisible\" data-id=\"118a8134\" data-element_type=\"section\" data-e-type=\"section\" data-settings=\"{&quot;animation&quot;:&quot;fadeIn&quot;}\">\n\t\t\t\t\t\t<div class=\"elementor-container elementor-column-gap-default\">\n\t\t\t\t\t<div class=\"elementor-column elementor-col-100 elementor-top-column elementor-element elementor-element-22692fa2\" data-id=\"22692fa2\" data-element_type=\"column\" data-e-type=\"column\">\n\t\t\t<div class=\"elementor-widget-wrap elementor-element-populated\">\n\t\t\t\t\t\t<div class=\"elementor-element elementor-element-65153240 citationserif elementor-invisible elementor-widget elementor-widget-heading\" data-id=\"65153240\" data-element_type=\"widget\" data-e-type=\"widget\" data-settings=\"{&quot;_animation&quot;:&quot;fadeIn&quot;}\" data-widget_type=\"heading.default\">\n\t\t\t\t<div class=\"elementor-widget-container\">\n\t\t\t\t\t<h3 class=\"elementor-heading-title elementor-size-default\">Con San Juan Eudes entend\u00ed que hab\u00eda<br \/> un solo Coraz\u00f3n \"Jes\u00fas y Mar\u00eda\".\n\n<\/h3>\t\t\t\t<\/div>\n\t\t\t\t<\/div>\n\t\t\t\t<div class=\"elementor-element elementor-element-4b25f808 sourcecitation elementor-widget elementor-widget-heading\" data-id=\"4b25f808\" data-element_type=\"widget\" data-e-type=\"widget\" data-widget_type=\"heading.default\">\n\t\t\t\t<div class=\"elementor-widget-container\">\n\t\t\t\t\t<p class=\"elementor-heading-title elementor-size-large\">Entrevista de Jean-Marc y Fran\u00e7ou Morin en Saint-Maurice 5-8\/08\/1988\n\n<\/p>\t\t\t\t<\/div>\n\t\t\t\t<\/div>\n\t\t\t\t\t<\/div>\n\t\t<\/div>\n\t\t\t\t\t<\/div>\n\t\t<\/section>\n\t\t\t\t<section class=\"elementor-section elementor-top-section elementor-element elementor-element-cecc72 elementor-section-boxed elementor-section-height-default elementor-section-height-default\" data-id=\"cecc72\" data-element_type=\"section\" data-e-type=\"section\">\n\t\t\t\t\t\t<div class=\"elementor-container elementor-column-gap-default\">\n\t\t\t\t\t<div class=\"elementor-column elementor-col-100 elementor-top-column elementor-element elementor-element-16bdee04\" data-id=\"16bdee04\" data-element_type=\"column\" data-e-type=\"column\">\n\t\t\t<div class=\"elementor-widget-wrap elementor-element-populated\">\n\t\t\t\t\t\t<div class=\"elementor-element elementor-element-3614ae48 elementor-widget elementor-widget-text-editor\" data-id=\"3614ae48\" data-element_type=\"widget\" data-e-type=\"widget\" data-widget_type=\"text-editor.default\">\n\t\t\t\t<div class=\"elementor-widget-container\">\n\t\t\t\t\t\t\t\t\t<p>Todos ustedes han tenido esta experiencia en tiempos dif\u00edciles: el Se\u00f1or est\u00e1 all\u00ed, Su presencia viene, y Mar\u00eda tambi\u00e9n. Mar\u00eda est\u00e1 realmente all\u00ed. \u00a1Con Jes\u00fas y Mar\u00eda estamos bien! \u00a1Es realmente extraordinario!<\/p>\t\t\t\t\t\t\t\t<\/div>\n\t\t\t\t<\/div>\n\t\t\t\t<div class=\"elementor-element elementor-element-68d9a6a4 sourcecitation elementor-widget elementor-widget-heading\" data-id=\"68d9a6a4\" data-element_type=\"widget\" data-e-type=\"widget\" data-widget_type=\"heading.default\">\n\t\t\t\t<div class=\"elementor-widget-container\">\n\t\t\t\t\t<p class=\"elementor-heading-title elementor-size-large\">Retiro de Fraternidad agosto 78. 09\/08\/1978\n\n<\/p>\t\t\t\t<\/div>\n\t\t\t\t<\/div>\n\t\t\t\t\t<\/div>\n\t\t<\/div>\n\t\t\t\t\t<\/div>\n\t\t<\/section>\n\t\t\t\t<section class=\"elementor-section elementor-top-section elementor-element elementor-element-657e36da elementor-section-boxed elementor-section-height-default elementor-section-height-default\" data-id=\"657e36da\" data-element_type=\"section\" data-e-type=\"section\">\n\t\t\t\t\t\t<div class=\"elementor-container elementor-column-gap-default\">\n\t\t\t\t\t<div class=\"elementor-column elementor-col-100 elementor-top-column elementor-element elementor-element-16374c69\" data-id=\"16374c69\" data-element_type=\"column\" data-e-type=\"column\">\n\t\t\t<div class=\"elementor-widget-wrap elementor-element-populated\">\n\t\t\t\t\t\t<div class=\"elementor-element elementor-element-311cd8da elementor-widget elementor-widget-text-editor\" data-id=\"311cd8da\" data-element_type=\"widget\" data-e-type=\"widget\" data-widget_type=\"text-editor.default\">\n\t\t\t\t<div class=\"elementor-widget-container\">\n\t\t\t\t\t\t\t\t\t<p>Oh, Mar\u00eda entiendo tu coraz\u00f3n y el de tu hijo. Es maravillosa la encarnaci\u00f3n de un Dios que tiene madre.<\/p>\t\t\t\t\t\t\t\t<\/div>\n\t\t\t\t<\/div>\n\t\t\t\t<div class=\"elementor-element elementor-element-21890e57 sourcecitation elementor-widget elementor-widget-heading\" data-id=\"21890e57\" data-element_type=\"widget\" data-e-type=\"widget\" data-widget_type=\"heading.default\">\n\t\t\t\t<div class=\"elementor-widget-container\">\n\t\t\t\t\t<p class=\"elementor-heading-title elementor-size-large\">Oraci\u00f3n alrededor de 1973\n\n<\/p>\t\t\t\t<\/div>\n\t\t\t\t<\/div>\n\t\t\t\t\t<\/div>\n\t\t<\/div>\n\t\t\t\t\t<\/div>\n\t\t<\/section>\n\t\t\t\t<section class=\"elementor-section elementor-top-section elementor-element elementor-element-1393e082 elementor-section-boxed elementor-section-height-default elementor-section-height-default\" data-id=\"1393e082\" data-element_type=\"section\" data-e-type=\"section\">\n\t\t\t\t\t\t<div class=\"elementor-container elementor-column-gap-default\">\n\t\t\t\t\t<div class=\"elementor-column elementor-col-100 elementor-top-column elementor-element elementor-element-1d70070f\" data-id=\"1d70070f\" data-element_type=\"column\" data-e-type=\"column\">\n\t\t\t<div class=\"elementor-widget-wrap elementor-element-populated\">\n\t\t\t\t\t\t<div class=\"elementor-element elementor-element-62dd569c elementor-widget elementor-widget-text-editor\" data-id=\"62dd569c\" data-element_type=\"widget\" data-e-type=\"widget\" data-widget_type=\"text-editor.default\">\n\t\t\t\t<div class=\"elementor-widget-container\">\n\t\t\t\t\t\t\t\t\t<p>Mar\u00eda es compasi\u00f3n. Es realmente ella, ya que el Hijo sufr\u00eda y se dec\u00eda que la Madre estaba al lado y sufr\u00eda. As\u00ed que fue realmente compasi\u00f3n: ella estaba sufriendo con.<\/p>\t\t\t\t\t\t\t\t<\/div>\n\t\t\t\t<\/div>\n\t\t\t\t<div class=\"elementor-element elementor-element-7033bd69 sourcecitation elementor-widget elementor-widget-heading\" data-id=\"7033bd69\" data-element_type=\"widget\" data-e-type=\"widget\" data-widget_type=\"heading.default\">\n\t\t\t\t<div class=\"elementor-widget-container\">\n\t\t\t\t\t<p class=\"elementor-heading-title elementor-size-large\">Jornada \"Emmanuel\" conjunta 13\/03\/1976\n\n<\/p>\t\t\t\t<\/div>\n\t\t\t\t<\/div>\n\t\t\t\t\t<\/div>\n\t\t<\/div>\n\t\t\t\t\t<\/div>\n\t\t<\/section>\n\t\t\t\t<section class=\"elementor-section elementor-top-section elementor-element elementor-element-6f51d88b elementor-section-boxed elementor-section-height-default elementor-section-height-default\" data-id=\"6f51d88b\" data-element_type=\"section\" data-e-type=\"section\">\n\t\t\t\t\t\t<div class=\"elementor-container elementor-column-gap-default\">\n\t\t\t\t\t<div class=\"elementor-column elementor-col-100 elementor-top-column elementor-element elementor-element-6bea25dc\" data-id=\"6bea25dc\" data-element_type=\"column\" data-e-type=\"column\">\n\t\t\t<div class=\"elementor-widget-wrap elementor-element-populated\">\n\t\t\t\t\t\t<div class=\"elementor-element elementor-element-d1b4a1a elementor-widget elementor-widget-spacer\" data-id=\"d1b4a1a\" data-element_type=\"widget\" data-e-type=\"widget\" data-widget_type=\"spacer.default\">\n\t\t\t\t<div class=\"elementor-widget-container\">\n\t\t\t\t\t\t\t<div class=\"elementor-spacer\">\n\t\t\t<div class=\"elementor-spacer-inner\"><\/div>\n\t\t<\/div>\n\t\t\t\t\t\t<\/div>\n\t\t\t\t<\/div>\n\t\t\t\t\t<\/div>\n\t\t<\/div>\n\t\t\t\t\t<\/div>\n\t\t<\/section>\n\t\t\t\t<\/div>\n\t\t","protected":false},"excerpt":{"rendered":"<p>corazon de jesus y maria Algunas palabras de Pierre sobre el coraz\u00f3n de Jes\u00fas y de Mar\u00eda Coraz\u00f3n de Jes\u00fas En mi juventud, hab\u00eda sido bastante herido y ten\u00eda un miedo terrible a la Cruz&#8230;En la iglesia de San Felipe (del Roule) donde yo estaba, hab\u00eda dos altares, uno de la Cruz y otro del [&hellip;]<\/p>\n","protected":false},"author":1,"featured_media":0,"parent":4022,"menu_order":0,"comment_status":"closed","ping_status":"closed","template":"","meta":{"_acf_changed":false,"footnotes":""},"class_list":["post-17287","page","type-page","status-publish","hentry"],"acf":[],"yoast_head":"<!-- This site is optimized with the Yoast SEO plugin v27.4 - https:\/\/yoast.com\/product\/yoast-seo-wordpress\/ -->\n<title>Algunas palabras de Pierre sobre el coraz\u00f3n de Jes\u00fas y Mar\u00eda<\/title>\n<meta name=\"robots\" content=\"index, follow, max-snippet:-1, max-image-preview:large, max-video-preview:-1\" \/>\n<link rel=\"canonical\" href=\"https:\/\/www.pierregoursat.com\/es\/tema\/tema-corazon-de-jesus-y-maria\/algunas-palabras-de-pierre-sobre-el-corazon-de-jesus-y-maria\/\" \/>\n<meta property=\"og:locale\" content=\"es_ES\" \/>\n<meta property=\"og:type\" content=\"article\" \/>\n<meta property=\"og:title\" content=\"Algunas palabras de Pierre sobre el coraz\u00f3n de Jes\u00fas y Mar\u00eda\" \/>\n<meta property=\"og:description\" content=\"corazon de jesus y maria Algunas palabras de Pierre sobre el coraz\u00f3n de Jes\u00fas y de Mar\u00eda Coraz\u00f3n de Jes\u00fas En mi juventud, hab\u00eda sido bastante herido y ten\u00eda un miedo terrible a la Cruz&#8230;En la iglesia de San Felipe (del Roule) donde yo estaba, hab\u00eda dos altares, uno de la Cruz y otro del [&hellip;]\" \/>\n<meta property=\"og:url\" content=\"https:\/\/www.pierregoursat.com\/es\/tema\/tema-corazon-de-jesus-y-maria\/algunas-palabras-de-pierre-sobre-el-corazon-de-jesus-y-maria\/\" \/>\n<meta property=\"og:site_name\" content=\"Pierre Goursat et Ses Fr\u00e8res et Soeurs\" \/>\n<meta property=\"article:modified_time\" content=\"2022-05-30T14:51:51+00:00\" \/>\n<meta property=\"og:image\" content=\"https:\/\/www.pierregoursat.com\/asset\/logos\/logo-ESP-pierre-BLANC.png\" \/>\n<meta name=\"twitter:card\" content=\"summary_large_image\" \/>\n<meta name=\"twitter:label1\" content=\"Tiempo de lectura\" \/>\n\t<meta name=\"twitter:data1\" content=\"22 minutos\" \/>\n<script type=\"application\/ld+json\" class=\"yoast-schema-graph\">{\"@context\":\"https:\\\/\\\/schema.org\",\"@graph\":[{\"@type\":\"WebPage\",\"@id\":\"https:\\\/\\\/www.pierregoursat.com\\\/es\\\/tema\\\/tema-corazon-de-jesus-y-maria\\\/algunas-palabras-de-pierre-sobre-el-corazon-de-jesus-y-maria\\\/\",\"url\":\"https:\\\/\\\/www.pierregoursat.com\\\/es\\\/tema\\\/tema-corazon-de-jesus-y-maria\\\/algunas-palabras-de-pierre-sobre-el-corazon-de-jesus-y-maria\\\/\",\"name\":\"Algunas palabras de Pierre sobre el coraz\u00f3n de Jes\u00fas y Mar\u00eda\",\"isPartOf\":{\"@id\":\"https:\\\/\\\/www.pierregoursat.com\\\/#website\"},\"primaryImageOfPage\":{\"@id\":\"https:\\\/\\\/www.pierregoursat.com\\\/es\\\/tema\\\/tema-corazon-de-jesus-y-maria\\\/algunas-palabras-de-pierre-sobre-el-corazon-de-jesus-y-maria\\\/#primaryimage\"},\"image\":{\"@id\":\"https:\\\/\\\/www.pierregoursat.com\\\/es\\\/tema\\\/tema-corazon-de-jesus-y-maria\\\/algunas-palabras-de-pierre-sobre-el-corazon-de-jesus-y-maria\\\/#primaryimage\"},\"thumbnailUrl\":\"https:\\\/\\\/www.pierregoursat.com\\\/asset\\\/logos\\\/logo-ESP-pierre-BLANC.png\",\"datePublished\":\"2021-07-01T14:02:06+00:00\",\"dateModified\":\"2022-05-30T14:51:51+00:00\",\"breadcrumb\":{\"@id\":\"https:\\\/\\\/www.pierregoursat.com\\\/es\\\/tema\\\/tema-corazon-de-jesus-y-maria\\\/algunas-palabras-de-pierre-sobre-el-corazon-de-jesus-y-maria\\\/#breadcrumb\"},\"inLanguage\":\"es\",\"potentialAction\":[{\"@type\":\"ReadAction\",\"target\":[\"https:\\\/\\\/www.pierregoursat.com\\\/es\\\/tema\\\/tema-corazon-de-jesus-y-maria\\\/algunas-palabras-de-pierre-sobre-el-corazon-de-jesus-y-maria\\\/\"]}]},{\"@type\":\"ImageObject\",\"inLanguage\":\"es\",\"@id\":\"https:\\\/\\\/www.pierregoursat.com\\\/es\\\/tema\\\/tema-corazon-de-jesus-y-maria\\\/algunas-palabras-de-pierre-sobre-el-corazon-de-jesus-y-maria\\\/#primaryimage\",\"url\":\"https:\\\/\\\/www.pierregoursat.com\\\/asset\\\/logos\\\/logo-ESP-pierre-BLANC.png\",\"contentUrl\":\"https:\\\/\\\/www.pierregoursat.com\\\/asset\\\/logos\\\/logo-ESP-pierre-BLANC.png\"},{\"@type\":\"BreadcrumbList\",\"@id\":\"https:\\\/\\\/www.pierregoursat.com\\\/es\\\/tema\\\/tema-corazon-de-jesus-y-maria\\\/algunas-palabras-de-pierre-sobre-el-corazon-de-jesus-y-maria\\\/#breadcrumb\",\"itemListElement\":[{\"@type\":\"ListItem\",\"position\":1,\"name\":\"Accueil\",\"item\":\"https:\\\/\\\/www.pierregoursat.com\\\/\"},{\"@type\":\"ListItem\",\"position\":2,\"name\":\"Tema\",\"item\":\"https:\\\/\\\/www.pierregoursat.com\\\/es\\\/tema\\\/\"},{\"@type\":\"ListItem\",\"position\":3,\"name\":\"Coraz\u00f3n de Jes\u00fas y Mar\u00eda\",\"item\":\"https:\\\/\\\/www.pierregoursat.com\\\/es\\\/tema\\\/tema-corazon-de-jesus-y-maria\\\/\"},{\"@type\":\"ListItem\",\"position\":4,\"name\":\"Palabras de Pierre\"}]},{\"@type\":\"WebSite\",\"@id\":\"https:\\\/\\\/www.pierregoursat.com\\\/#website\",\"url\":\"https:\\\/\\\/www.pierregoursat.com\\\/\",\"name\":\"Pierre Goursat et Ses Fr\u00e8res et Soeurs\",\"description\":\"Laissez vous transformer en plongeant au c\u0153ur de la gr\u00e2ce fondatrice de la communaut\u00e9 de l\u2019Emmanuel\",\"publisher\":{\"@id\":\"https:\\\/\\\/www.pierregoursat.com\\\/#organization\"},\"potentialAction\":[{\"@type\":\"SearchAction\",\"target\":{\"@type\":\"EntryPoint\",\"urlTemplate\":\"https:\\\/\\\/www.pierregoursat.com\\\/?s={search_term_string}\"},\"query-input\":{\"@type\":\"PropertyValueSpecification\",\"valueRequired\":true,\"valueName\":\"search_term_string\"}}],\"inLanguage\":\"es\"},{\"@type\":\"Organization\",\"@id\":\"https:\\\/\\\/www.pierregoursat.com\\\/#organization\",\"name\":\"Pierre Goursat, ses Fr\u00e8res et ses Soeurs\",\"url\":\"https:\\\/\\\/www.pierregoursat.com\\\/\",\"logo\":{\"@type\":\"ImageObject\",\"inLanguage\":\"es\",\"@id\":\"https:\\\/\\\/www.pierregoursat.com\\\/#\\\/schema\\\/logo\\\/image\\\/\",\"url\":\"https:\\\/\\\/www.pierregoursat.com\\\/images-pierre-goursatmedias\\\/2022\\\/02\\\/1200x800-Compassion.jpg\",\"contentUrl\":\"https:\\\/\\\/www.pierregoursat.com\\\/images-pierre-goursatmedias\\\/2022\\\/02\\\/1200x800-Compassion.jpg\",\"width\":1200,\"height\":800,\"caption\":\"Pierre Goursat, ses Fr\u00e8res et ses Soeurs\"},\"image\":{\"@id\":\"https:\\\/\\\/www.pierregoursat.com\\\/#\\\/schema\\\/logo\\\/image\\\/\"}}]}<\/script>\n<!-- \/ Yoast SEO plugin. -->","yoast_head_json":{"title":"Algunas palabras de Pierre sobre el coraz\u00f3n de Jes\u00fas y Mar\u00eda","robots":{"index":"index","follow":"follow","max-snippet":"max-snippet:-1","max-image-preview":"max-image-preview:large","max-video-preview":"max-video-preview:-1"},"canonical":"https:\/\/www.pierregoursat.com\/es\/tema\/tema-corazon-de-jesus-y-maria\/algunas-palabras-de-pierre-sobre-el-corazon-de-jesus-y-maria\/","og_locale":"es_ES","og_type":"article","og_title":"Algunas palabras de Pierre sobre el coraz\u00f3n de Jes\u00fas y Mar\u00eda","og_description":"corazon de jesus y maria Algunas palabras de Pierre sobre el coraz\u00f3n de Jes\u00fas y de Mar\u00eda Coraz\u00f3n de Jes\u00fas En mi juventud, hab\u00eda sido bastante herido y ten\u00eda un miedo terrible a la Cruz&#8230;En la iglesia de San Felipe (del Roule) donde yo estaba, hab\u00eda dos altares, uno de la Cruz y otro del [&hellip;]","og_url":"https:\/\/www.pierregoursat.com\/es\/tema\/tema-corazon-de-jesus-y-maria\/algunas-palabras-de-pierre-sobre-el-corazon-de-jesus-y-maria\/","og_site_name":"Pierre Goursat et Ses Fr\u00e8res et Soeurs","article_modified_time":"2022-05-30T14:51:51+00:00","og_image":[{"url":"https:\/\/www.pierregoursat.com\/asset\/logos\/logo-ESP-pierre-BLANC.png","type":"","width":"","height":""}],"twitter_card":"summary_large_image","twitter_misc":{"Tiempo de lectura":"22 minutos"},"schema":{"@context":"https:\/\/schema.org","@graph":[{"@type":"WebPage","@id":"https:\/\/www.pierregoursat.com\/es\/tema\/tema-corazon-de-jesus-y-maria\/algunas-palabras-de-pierre-sobre-el-corazon-de-jesus-y-maria\/","url":"https:\/\/www.pierregoursat.com\/es\/tema\/tema-corazon-de-jesus-y-maria\/algunas-palabras-de-pierre-sobre-el-corazon-de-jesus-y-maria\/","name":"Algunas palabras de Pierre sobre el coraz\u00f3n de Jes\u00fas y Mar\u00eda","isPartOf":{"@id":"https:\/\/www.pierregoursat.com\/#website"},"primaryImageOfPage":{"@id":"https:\/\/www.pierregoursat.com\/es\/tema\/tema-corazon-de-jesus-y-maria\/algunas-palabras-de-pierre-sobre-el-corazon-de-jesus-y-maria\/#primaryimage"},"image":{"@id":"https:\/\/www.pierregoursat.com\/es\/tema\/tema-corazon-de-jesus-y-maria\/algunas-palabras-de-pierre-sobre-el-corazon-de-jesus-y-maria\/#primaryimage"},"thumbnailUrl":"https:\/\/www.pierregoursat.com\/asset\/logos\/logo-ESP-pierre-BLANC.png","datePublished":"2021-07-01T14:02:06+00:00","dateModified":"2022-05-30T14:51:51+00:00","breadcrumb":{"@id":"https:\/\/www.pierregoursat.com\/es\/tema\/tema-corazon-de-jesus-y-maria\/algunas-palabras-de-pierre-sobre-el-corazon-de-jesus-y-maria\/#breadcrumb"},"inLanguage":"es","potentialAction":[{"@type":"ReadAction","target":["https:\/\/www.pierregoursat.com\/es\/tema\/tema-corazon-de-jesus-y-maria\/algunas-palabras-de-pierre-sobre-el-corazon-de-jesus-y-maria\/"]}]},{"@type":"ImageObject","inLanguage":"es","@id":"https:\/\/www.pierregoursat.com\/es\/tema\/tema-corazon-de-jesus-y-maria\/algunas-palabras-de-pierre-sobre-el-corazon-de-jesus-y-maria\/#primaryimage","url":"https:\/\/www.pierregoursat.com\/asset\/logos\/logo-ESP-pierre-BLANC.png","contentUrl":"https:\/\/www.pierregoursat.com\/asset\/logos\/logo-ESP-pierre-BLANC.png"},{"@type":"BreadcrumbList","@id":"https:\/\/www.pierregoursat.com\/es\/tema\/tema-corazon-de-jesus-y-maria\/algunas-palabras-de-pierre-sobre-el-corazon-de-jesus-y-maria\/#breadcrumb","itemListElement":[{"@type":"ListItem","position":1,"name":"Accueil","item":"https:\/\/www.pierregoursat.com\/"},{"@type":"ListItem","position":2,"name":"Tema","item":"https:\/\/www.pierregoursat.com\/es\/tema\/"},{"@type":"ListItem","position":3,"name":"Coraz\u00f3n de Jes\u00fas y Mar\u00eda","item":"https:\/\/www.pierregoursat.com\/es\/tema\/tema-corazon-de-jesus-y-maria\/"},{"@type":"ListItem","position":4,"name":"Palabras de Pierre"}]},{"@type":"WebSite","@id":"https:\/\/www.pierregoursat.com\/#website","url":"https:\/\/www.pierregoursat.com\/","name":"Pierre Goursat et Ses Fr\u00e8res et Soeurs","description":"Laissez vous transformer en plongeant au c\u0153ur de la gr\u00e2ce fondatrice de la communaut\u00e9 de l\u2019Emmanuel","publisher":{"@id":"https:\/\/www.pierregoursat.com\/#organization"},"potentialAction":[{"@type":"SearchAction","target":{"@type":"EntryPoint","urlTemplate":"https:\/\/www.pierregoursat.com\/?s={search_term_string}"},"query-input":{"@type":"PropertyValueSpecification","valueRequired":true,"valueName":"search_term_string"}}],"inLanguage":"es"},{"@type":"Organization","@id":"https:\/\/www.pierregoursat.com\/#organization","name":"Pierre Goursat, ses Fr\u00e8res et ses Soeurs","url":"https:\/\/www.pierregoursat.com\/","logo":{"@type":"ImageObject","inLanguage":"es","@id":"https:\/\/www.pierregoursat.com\/#\/schema\/logo\/image\/","url":"https:\/\/www.pierregoursat.com\/images-pierre-goursatmedias\/2022\/02\/1200x800-Compassion.jpg","contentUrl":"https:\/\/www.pierregoursat.com\/images-pierre-goursatmedias\/2022\/02\/1200x800-Compassion.jpg","width":1200,"height":800,"caption":"Pierre Goursat, ses Fr\u00e8res et ses Soeurs"},"image":{"@id":"https:\/\/www.pierregoursat.com\/#\/schema\/logo\/image\/"}}]}},"_links":{"self":[{"href":"https:\/\/www.pierregoursat.com\/es\/wp-json\/wp\/v2\/pages\/17287","targetHints":{"allow":["GET"]}}],"collection":[{"href":"https:\/\/www.pierregoursat.com\/es\/wp-json\/wp\/v2\/pages"}],"about":[{"href":"https:\/\/www.pierregoursat.com\/es\/wp-json\/wp\/v2\/types\/page"}],"author":[{"embeddable":true,"href":"https:\/\/www.pierregoursat.com\/es\/wp-json\/wp\/v2\/users\/1"}],"replies":[{"embeddable":true,"href":"https:\/\/www.pierregoursat.com\/es\/wp-json\/wp\/v2\/comments?post=17287"}],"version-history":[{"count":0,"href":"https:\/\/www.pierregoursat.com\/es\/wp-json\/wp\/v2\/pages\/17287\/revisions"}],"up":[{"embeddable":true,"href":"https:\/\/www.pierregoursat.com\/es\/wp-json\/wp\/v2\/pages\/4022"}],"wp:attachment":[{"href":"https:\/\/www.pierregoursat.com\/es\/wp-json\/wp\/v2\/media?parent=17287"}],"curies":[{"name":"wp","href":"https:\/\/api.w.org\/{rel}","templated":true}]}}